{"id":894,"date":"2018-01-13T21:12:19","date_gmt":"2018-01-13T21:12:19","guid":{"rendered":"http:\/\/hd.eu-mart.de\/?page_id=894"},"modified":"2021-10-08T18:47:49","modified_gmt":"2021-10-08T16:47:49","slug":"tiere","status":"publish","type":"page","link":"https:\/\/herzogtum-direkt.de\/index.php\/land-leute\/tiere\/","title":{"rendered":"Tiere"},"content":{"rendered":"<div class=\"wpb-content-wrapper\"><p>[vc_row][vc_column][vc_widget_sidebar sidebar_id=&#8220;herzogtum-lauenburg-top&#8220;][\/vc_column][\/vc_row][vc_row][vc_column]<div  class=\"jeg_postblock_12 jeg_postblock jeg_module_hook jeg_pagination_scrollload jeg_col_3o3 jnews_module__0_69f1b24956ba4   \" data-unique=\"jnews_module__0_69f1b24956ba4\">\n\t\t\t\t\t\n\t\t\t\t\t<div class=\"jeg_block_container\">\n                    \n                    <div class=\"jeg_posts jeg_load_more_flag\"><article class=\"jeg_post jeg_pl_lg_card format-standard\">\n                    <div class=\"jeg_inner_post\">\n                        <div class=\"jeg_thumb\">\n                            \n                            <a href=\"https:\/\/herzogtum-direkt.de\/index.php\/2026\/04\/29\/neun-neue-familienpatinnen-starten-ins-ehrenamt\/\" aria-label=\"Read article: Neun neue Familienpatinnen starten ins Ehrenamt\"><div class=\"thumbnail-container animate-lazy  size-500 \"><img fetchpriority=\"high\" decoding=\"async\" width=\"1000\" height=\"570\" src=\"https:\/\/herzogtum-direkt.de\/wp-content\/themes\/jnews\/assets\/img\/jeg-empty.png\" class=\"attachment-jnews-1140x570 size-jnews-1140x570 lazyload wp-post-image\" alt=\"Neun neue Familienpatinnen starten ins Ehrenamt\" data-full-width=\"1000\" data-full-height=\"690\" data-src=\"https:\/\/herzogtum-direkt.de\/wp-content\/uploads\/2026\/04\/Familienpatinnen-2026-Foto-hfr-1000x570.jpg\" data-srcset=\"\" data-sizes=\"auto\" data-expand=\"700\" \/><\/div><\/a>\n                        <\/div>\n                        <div class=\"jeg_postblock_content\">\n                            <div class=\"jeg_post_category\">\n                                <span>\n                                    <a href=\"https:\/\/herzogtum-direkt.de\/index.php\/category\/herzogtum-lauenburg\/\">Herzogtum Lauenburg<\/a>\n                                <\/span>\n                            <\/div>\n                            <h3 class=\"jeg_post_title\">\n                                <a href=\"https:\/\/herzogtum-direkt.de\/index.php\/2026\/04\/29\/neun-neue-familienpatinnen-starten-ins-ehrenamt\/\">Neun neue Familienpatinnen starten ins Ehrenamt<\/a>\n                            <\/h3>\n                            <div class=\"jeg_post_meta\"><div class=\"jeg_meta_author\"><span class=\"by\">von<\/span> <a href=\"https:\/\/herzogtum-direkt.de\/index.php\/author\/pressemitteilung\/\">Pressemitteilung<\/a><\/div><div class=\"jeg_meta_date\"><a href=\"https:\/\/herzogtum-direkt.de\/index.php\/2026\/04\/29\/neun-neue-familienpatinnen-starten-ins-ehrenamt\/\"><i class=\"fa fa-clock-o\"><\/i> April 29, 2026<\/a><\/div><div class=\"jeg_meta_comment\"><a href=\"https:\/\/herzogtum-direkt.de\/index.php\/2026\/04\/29\/neun-neue-familienpatinnen-starten-ins-ehrenamt\/#comments\" ><i class=\"fa fa-comment-o\"><\/i> 0 <\/a><\/div><div class=\"jeg_meta_views\"><a href=\"https:\/\/herzogtum-direkt.de\/index.php\/2026\/04\/29\/neun-neue-familienpatinnen-starten-ins-ehrenamt\/\" ><i class=\"fa fa-eye\"><\/i> 6 <\/a><\/div><\/div>\n                                <div class=\"jeg_post_excerpt\">\n                                    <p>Herzogtum Lauenburg (pm). Im Kreis Herzogtum Lauenburg stehen ab sofort neun neue Familienpatinnen bereit, um junge Familien im Alltag zu...<\/p>\n                                    <a href=\"https:\/\/herzogtum-direkt.de\/index.php\/2026\/04\/29\/neun-neue-familienpatinnen-starten-ins-ehrenamt\/\" class=\"jeg_readmore\">Mehr lesen<span class=\"screen-reader-text\">Details<\/span><\/a>\n                                <\/div>\n                        <\/div>\n                    <\/div>\n                <\/article><article class=\"jeg_post jeg_pl_lg_card format-standard\">\n                    <div class=\"jeg_inner_post\">\n                        <div class=\"jeg_thumb\">\n                            \n                            <a href=\"https:\/\/herzogtum-direkt.de\/index.php\/2026\/04\/29\/naturpark-tour-waldspaziergang-mit-dem-ranger-ins-reich-der-baeume-und-straeucher\/\" aria-label=\"Read article: Naturpark-Tour: Waldspaziergang mit dem Ranger ins Reich der B\u00e4ume und Str\u00e4ucher\"><div class=\"thumbnail-container animate-lazy  size-500 \"><img decoding=\"async\" width=\"1000\" height=\"570\" src=\"https:\/\/herzogtum-direkt.de\/wp-content\/themes\/jnews\/assets\/img\/jeg-empty.png\" class=\"attachment-jnews-1140x570 size-jnews-1140x570 lazyload wp-post-image\" alt=\"Entf\u00e4llt: Naturpark-Tour am K\u00fcchensee\" data-full-width=\"1000\" data-full-height=\"750\" data-src=\"https:\/\/herzogtum-direkt.de\/wp-content\/uploads\/2024\/07\/Ranger-Hut-\u00a9Naturpark-1000x570.jpg\" data-srcset=\"\" data-sizes=\"auto\" data-expand=\"700\" \/><\/div><\/a>\n                        <\/div>\n                        <div class=\"jeg_postblock_content\">\n                            <div class=\"jeg_post_category\">\n                                <span>\n                                    <a href=\"https:\/\/herzogtum-direkt.de\/index.php\/category\/herzogtum-lauenburg\/\">Herzogtum Lauenburg<\/a>\n                                <\/span>\n                            <\/div>\n                            <h3 class=\"jeg_post_title\">\n                                <a href=\"https:\/\/herzogtum-direkt.de\/index.php\/2026\/04\/29\/naturpark-tour-waldspaziergang-mit-dem-ranger-ins-reich-der-baeume-und-straeucher\/\">Naturpark-Tour: Waldspaziergang mit dem Ranger ins Reich der B\u00e4ume und Str\u00e4ucher<\/a>\n                            <\/h3>\n                            <div class=\"jeg_post_meta\"><div class=\"jeg_meta_author\"><span class=\"by\">von<\/span> <a href=\"https:\/\/herzogtum-direkt.de\/index.php\/author\/pressemitteilung\/\">Pressemitteilung<\/a><\/div><div class=\"jeg_meta_date\"><a href=\"https:\/\/herzogtum-direkt.de\/index.php\/2026\/04\/29\/naturpark-tour-waldspaziergang-mit-dem-ranger-ins-reich-der-baeume-und-straeucher\/\"><i class=\"fa fa-clock-o\"><\/i> April 29, 2026<\/a><\/div><div class=\"jeg_meta_comment\"><a href=\"https:\/\/herzogtum-direkt.de\/index.php\/2026\/04\/29\/naturpark-tour-waldspaziergang-mit-dem-ranger-ins-reich-der-baeume-und-straeucher\/#comments\" ><i class=\"fa fa-comment-o\"><\/i> 0 <\/a><\/div><div class=\"jeg_meta_views\"><a href=\"https:\/\/herzogtum-direkt.de\/index.php\/2026\/04\/29\/naturpark-tour-waldspaziergang-mit-dem-ranger-ins-reich-der-baeume-und-straeucher\/\" ><i class=\"fa fa-eye\"><\/i> 1 <\/a><\/div><\/div>\n                                <div class=\"jeg_post_excerpt\">\n                                    <p>Farchau (pm). Am Sonntag, 17. Mai geht es ab 14 Uhr ins Reich der B\u00e4ume und Str\u00e4ucher. Ranger Ulf Lemmrich...<\/p>\n                                    <a href=\"https:\/\/herzogtum-direkt.de\/index.php\/2026\/04\/29\/naturpark-tour-waldspaziergang-mit-dem-ranger-ins-reich-der-baeume-und-straeucher\/\" class=\"jeg_readmore\">Mehr lesen<span class=\"screen-reader-text\">Details<\/span><\/a>\n                                <\/div>\n                        <\/div>\n                    <\/div>\n                <\/article><article class=\"jeg_post jeg_pl_lg_card format-standard\">\n                    <div class=\"jeg_inner_post\">\n                        <div class=\"jeg_thumb\">\n                            \n                            <a href=\"https:\/\/herzogtum-direkt.de\/index.php\/2026\/04\/29\/schuldnerberatung-am-limit-jahresbericht-2025-deutlich-mehr-beratungsfaelle-im-herzogtum-lauenburg\/\" aria-label=\"Read article: Schuldnerberatung am Limit\u2028Jahresbericht 2025: Deutlich mehr Beratungsf\u00e4lle im Herzogtum Lauenburg\"><div class=\"thumbnail-container animate-lazy  size-500 \"><img decoding=\"async\" width=\"1000\" height=\"570\" src=\"https:\/\/herzogtum-direkt.de\/wp-content\/themes\/jnews\/assets\/img\/jeg-empty.png\" class=\"attachment-jnews-1140x570 size-jnews-1140x570 lazyload wp-post-image\" alt=\"Sorge um Migrationsberatung im Herzogtum\" data-full-width=\"1000\" data-full-height=\"667\" data-src=\"https:\/\/herzogtum-direkt.de\/wp-content\/uploads\/2023\/10\/Dr-Ulf_Kassebaum-KKLL-Ratzeburg-Diakonie-1000x570.jpg\" data-srcset=\"\" data-sizes=\"auto\" data-expand=\"700\" \/><\/div><\/a>\n                        <\/div>\n                        <div class=\"jeg_postblock_content\">\n                            <div class=\"jeg_post_category\">\n                                <span>\n                                    <a href=\"https:\/\/herzogtum-direkt.de\/index.php\/category\/herzogtum-lauenburg\/\">Herzogtum Lauenburg<\/a>\n                                <\/span>\n                            <\/div>\n                            <h3 class=\"jeg_post_title\">\n                                <a href=\"https:\/\/herzogtum-direkt.de\/index.php\/2026\/04\/29\/schuldnerberatung-am-limit-jahresbericht-2025-deutlich-mehr-beratungsfaelle-im-herzogtum-lauenburg\/\">Schuldnerberatung am Limit\u2028Jahresbericht 2025: Deutlich mehr Beratungsf\u00e4lle im Herzogtum Lauenburg<\/a>\n                            <\/h3>\n                            <div class=\"jeg_post_meta\"><div class=\"jeg_meta_author\"><span class=\"by\">von<\/span> <a href=\"https:\/\/herzogtum-direkt.de\/index.php\/author\/pressemitteilung\/\">Pressemitteilung<\/a><\/div><div class=\"jeg_meta_date\"><a href=\"https:\/\/herzogtum-direkt.de\/index.php\/2026\/04\/29\/schuldnerberatung-am-limit-jahresbericht-2025-deutlich-mehr-beratungsfaelle-im-herzogtum-lauenburg\/\"><i class=\"fa fa-clock-o\"><\/i> April 29, 2026<\/a><\/div><div class=\"jeg_meta_comment\"><a href=\"https:\/\/herzogtum-direkt.de\/index.php\/2026\/04\/29\/schuldnerberatung-am-limit-jahresbericht-2025-deutlich-mehr-beratungsfaelle-im-herzogtum-lauenburg\/#comments\" ><i class=\"fa fa-comment-o\"><\/i> 0 <\/a><\/div><div class=\"jeg_meta_views\"><a href=\"https:\/\/herzogtum-direkt.de\/index.php\/2026\/04\/29\/schuldnerberatung-am-limit-jahresbericht-2025-deutlich-mehr-beratungsfaelle-im-herzogtum-lauenburg\/\" ><i class=\"fa fa-eye\"><\/i> 7 <\/a><\/div><\/div>\n                                <div class=\"jeg_post_excerpt\">\n                                    <p>Ratzeburg (pm). Die Schuldnerberatung des Diakonischen Werks Herzogtum Lauenburg steht vor wachsenden Herausforderungen. Das zeigt der jetzt vorgestellte Jahresbericht 2025:...<\/p>\n                                    <a href=\"https:\/\/herzogtum-direkt.de\/index.php\/2026\/04\/29\/schuldnerberatung-am-limit-jahresbericht-2025-deutlich-mehr-beratungsfaelle-im-herzogtum-lauenburg\/\" class=\"jeg_readmore\">Mehr lesen<span class=\"screen-reader-text\">Details<\/span><\/a>\n                                <\/div>\n                        <\/div>\n                    <\/div>\n                <\/article><article class=\"jeg_post jeg_pl_lg_card format-standard\">\n                    <div class=\"jeg_inner_post\">\n                        <div class=\"jeg_thumb\">\n                            \n                            <a href=\"https:\/\/herzogtum-direkt.de\/index.php\/2026\/04\/29\/saisoneroeffnung-im-waldschwimmbad-buechen-2\/\" aria-label=\"Read article: Saisoner\u00f6ffnung im Waldschwimmbad B\u00fcchen\"><div class=\"thumbnail-container animate-lazy  size-500 \"><img loading=\"lazy\" decoding=\"async\" width=\"1000\" height=\"570\" src=\"https:\/\/herzogtum-direkt.de\/wp-content\/themes\/jnews\/assets\/img\/jeg-empty.png\" class=\"attachment-jnews-1140x570 size-jnews-1140x570 lazyload wp-post-image\" alt=\"Waldschwimmbad B\u00fcchen: Saison endet am 8. September\" data-full-width=\"1000\" data-full-height=\"750\" data-src=\"https:\/\/herzogtum-direkt.de\/wp-content\/uploads\/2023\/08\/Waldschwimmbad-Buechen-Foto-Gemeinde-Buechen-hfr-1000x570.jpg\" data-srcset=\"\" data-sizes=\"auto\" data-expand=\"700\" \/><\/div><\/a>\n                        <\/div>\n                        <div class=\"jeg_postblock_content\">\n                            <div class=\"jeg_post_category\">\n                                <span>\n                                    <a href=\"https:\/\/herzogtum-direkt.de\/index.php\/category\/herzogtum-lauenburg\/buechen\/\">B\u00fcchen<\/a>\n                                <\/span>\n                            <\/div>\n                            <h3 class=\"jeg_post_title\">\n                                <a href=\"https:\/\/herzogtum-direkt.de\/index.php\/2026\/04\/29\/saisoneroeffnung-im-waldschwimmbad-buechen-2\/\">Saisoner\u00f6ffnung im Waldschwimmbad B\u00fcchen<\/a>\n                            <\/h3>\n                            <div class=\"jeg_post_meta\"><div class=\"jeg_meta_author\"><span class=\"by\">von<\/span> <a href=\"https:\/\/herzogtum-direkt.de\/index.php\/author\/pressemitteilung\/\">Pressemitteilung<\/a><\/div><div class=\"jeg_meta_date\"><a href=\"https:\/\/herzogtum-direkt.de\/index.php\/2026\/04\/29\/saisoneroeffnung-im-waldschwimmbad-buechen-2\/\"><i class=\"fa fa-clock-o\"><\/i> April 29, 2026<\/a><\/div><div class=\"jeg_meta_comment\"><a href=\"https:\/\/herzogtum-direkt.de\/index.php\/2026\/04\/29\/saisoneroeffnung-im-waldschwimmbad-buechen-2\/#comments\" ><i class=\"fa fa-comment-o\"><\/i> 0 <\/a><\/div><div class=\"jeg_meta_views\"><a href=\"https:\/\/herzogtum-direkt.de\/index.php\/2026\/04\/29\/saisoneroeffnung-im-waldschwimmbad-buechen-2\/\" ><i class=\"fa fa-eye\"><\/i> 12 <\/a><\/div><\/div>\n                                <div class=\"jeg_post_excerpt\">\n                                    <p>B\u00fcchen (pm).\u00a0Das Waldschwimmbad B\u00fcchen \u00f6ffnet am Freitag, den 8. Mai 2026, um 14 Uhr offiziell seine Tore f\u00fcr Besucherinnen und...<\/p>\n                                    <a href=\"https:\/\/herzogtum-direkt.de\/index.php\/2026\/04\/29\/saisoneroeffnung-im-waldschwimmbad-buechen-2\/\" class=\"jeg_readmore\">Mehr lesen<span class=\"screen-reader-text\">Details<\/span><\/a>\n                                <\/div>\n                        <\/div>\n                    <\/div>\n                <\/article><article class=\"jeg_post jeg_pl_lg_card format-standard\">\n                    <div class=\"jeg_inner_post\">\n                        <div class=\"jeg_thumb\">\n                            \n                            <a href=\"https:\/\/herzogtum-direkt.de\/index.php\/2026\/04\/29\/neue-rettungswache-in-sarnekow-eingeweiht\/\" aria-label=\"Read article: Neue Rettungswache in Sarnekow eingeweiht\"><div class=\"thumbnail-container animate-lazy  size-500 \"><img loading=\"lazy\" decoding=\"async\" width=\"1080\" height=\"570\" src=\"https:\/\/herzogtum-direkt.de\/wp-content\/themes\/jnews\/assets\/img\/jeg-empty.png\" class=\"attachment-jnews-1140x570 size-jnews-1140x570 lazyload wp-post-image\" alt=\"Neue Rettungswache in Sarnekow eingeweiht\" data-full-width=\"1080\" data-full-height=\"1080\" data-src=\"https:\/\/herzogtum-direkt.de\/wp-content\/uploads\/2026\/04\/Rettungswache-Sarnekow-2026-hfr-1080x570.png\" data-srcset=\"\" data-sizes=\"auto\" data-expand=\"700\" \/><\/div><\/a>\n                        <\/div>\n                        <div class=\"jeg_postblock_content\">\n                            <div class=\"jeg_post_category\">\n                                <span>\n                                    <a href=\"https:\/\/herzogtum-direkt.de\/index.php\/category\/herzogtum-lauenburg\/buechen\/\">B\u00fcchen<\/a>\n                                <\/span>\n                            <\/div>\n                            <h3 class=\"jeg_post_title\">\n                                <a href=\"https:\/\/herzogtum-direkt.de\/index.php\/2026\/04\/29\/neue-rettungswache-in-sarnekow-eingeweiht\/\">Neue Rettungswache in Sarnekow eingeweiht<\/a>\n                            <\/h3>\n                            <div class=\"jeg_post_meta\"><div class=\"jeg_meta_author\"><span class=\"by\">von<\/span> <a href=\"https:\/\/herzogtum-direkt.de\/index.php\/author\/pressemitteilung\/\">Pressemitteilung<\/a><\/div><div class=\"jeg_meta_date\"><a href=\"https:\/\/herzogtum-direkt.de\/index.php\/2026\/04\/29\/neue-rettungswache-in-sarnekow-eingeweiht\/\"><i class=\"fa fa-clock-o\"><\/i> April 29, 2026<\/a><\/div><div class=\"jeg_meta_comment\"><a href=\"https:\/\/herzogtum-direkt.de\/index.php\/2026\/04\/29\/neue-rettungswache-in-sarnekow-eingeweiht\/#comments\" ><i class=\"fa fa-comment-o\"><\/i> 0 <\/a><\/div><div class=\"jeg_meta_views\"><a href=\"https:\/\/herzogtum-direkt.de\/index.php\/2026\/04\/29\/neue-rettungswache-in-sarnekow-eingeweiht\/\" ><i class=\"fa fa-eye\"><\/i> 8 <\/a><\/div><\/div>\n                                <div class=\"jeg_post_excerpt\">\n                                    <p>Sarnekow (pm).\u00a0Nach rund 1,5 Jahren Bauzeit konnte der Kreis Herzogtum Lauenburg am 21. April 2026 die neue Rettungswache in Sarnekow...<\/p>\n                                    <a href=\"https:\/\/herzogtum-direkt.de\/index.php\/2026\/04\/29\/neue-rettungswache-in-sarnekow-eingeweiht\/\" class=\"jeg_readmore\">Mehr lesen<span class=\"screen-reader-text\">Details<\/span><\/a>\n                                <\/div>\n                        <\/div>\n                    <\/div>\n                <\/article><article class=\"jeg_post jeg_pl_lg_card format-standard\">\n                    <div class=\"jeg_inner_post\">\n                        <div class=\"jeg_thumb\">\n                            \n                            <a href=\"https:\/\/herzogtum-direkt.de\/index.php\/2026\/04\/28\/geesthacht-blueht-auf-fachdienst-umwelt-ruft-zum-maehfreien-mai-auf\/\" aria-label=\"Read article: Geesthacht bl\u00fcht auf: Fachdienst Umwelt ruft zum \u201aM\u00e4hfreien Mai\u2018 auf\"><div class=\"thumbnail-container animate-lazy  size-500 \"><img loading=\"lazy\" decoding=\"async\" width=\"1000\" height=\"570\" src=\"https:\/\/herzogtum-direkt.de\/wp-content\/themes\/jnews\/assets\/img\/jeg-empty.png\" class=\"attachment-jnews-1140x570 size-jnews-1140x570 lazyload wp-post-image\" alt=\"Mobile Augenuntersuchungen in B\u00fcchen\" data-full-width=\"1000\" data-full-height=\"666\" data-src=\"https:\/\/herzogtum-direkt.de\/wp-content\/uploads\/2024\/03\/Brille-Kind-Wiese-Sehtest-Auge-Pixabay-Ausblick-1000x570.jpg\" data-srcset=\"\" data-sizes=\"auto\" data-expand=\"700\" \/><\/div><\/a>\n                        <\/div>\n                        <div class=\"jeg_postblock_content\">\n                            <div class=\"jeg_post_category\">\n                                <span>\n                                    <a href=\"https:\/\/herzogtum-direkt.de\/index.php\/category\/feature\/\">Feature<\/a>\n                                <\/span>\n                            <\/div>\n                            <h3 class=\"jeg_post_title\">\n                                <a href=\"https:\/\/herzogtum-direkt.de\/index.php\/2026\/04\/28\/geesthacht-blueht-auf-fachdienst-umwelt-ruft-zum-maehfreien-mai-auf\/\">Geesthacht bl\u00fcht auf: Fachdienst Umwelt ruft zum \u201aM\u00e4hfreien Mai\u2018 auf<\/a>\n                            <\/h3>\n                            <div class=\"jeg_post_meta\"><div class=\"jeg_meta_author\"><span class=\"by\">von<\/span> <a href=\"https:\/\/herzogtum-direkt.de\/index.php\/author\/pressemitteilung\/\">Pressemitteilung<\/a><\/div><div class=\"jeg_meta_date\"><a href=\"https:\/\/herzogtum-direkt.de\/index.php\/2026\/04\/28\/geesthacht-blueht-auf-fachdienst-umwelt-ruft-zum-maehfreien-mai-auf\/\"><i class=\"fa fa-clock-o\"><\/i> April 28, 2026<\/a><\/div><div class=\"jeg_meta_comment\"><a href=\"https:\/\/herzogtum-direkt.de\/index.php\/2026\/04\/28\/geesthacht-blueht-auf-fachdienst-umwelt-ruft-zum-maehfreien-mai-auf\/#comments\" ><i class=\"fa fa-comment-o\"><\/i> 0 <\/a><\/div><div class=\"jeg_meta_views\"><a href=\"https:\/\/herzogtum-direkt.de\/index.php\/2026\/04\/28\/geesthacht-blueht-auf-fachdienst-umwelt-ruft-zum-maehfreien-mai-auf\/\" ><i class=\"fa fa-eye\"><\/i> 59 <\/a><\/div><\/div>\n                                <div class=\"jeg_post_excerpt\">\n                                    <p>Geesthacht (pm). Im Mai bleiben die Rasenm\u00e4her in Geesthacht vielerorts im Schuppen \u2013 wenn es nach dem Fachdienst Umwelt der...<\/p>\n                                    <a href=\"https:\/\/herzogtum-direkt.de\/index.php\/2026\/04\/28\/geesthacht-blueht-auf-fachdienst-umwelt-ruft-zum-maehfreien-mai-auf\/\" class=\"jeg_readmore\">Mehr lesen<span class=\"screen-reader-text\">Details<\/span><\/a>\n                                <\/div>\n                        <\/div>\n                    <\/div>\n                <\/article><article class=\"jeg_post jeg_pl_lg_card format-standard\">\n                    <div class=\"jeg_inner_post\">\n                        <div class=\"jeg_thumb\">\n                            \n                            <a href=\"https:\/\/herzogtum-direkt.de\/index.php\/2026\/04\/28\/vogelkundliche-radtour-mit-reiner-schmahl-2\/\" aria-label=\"Read article: Vogelkundliche Radtour mit Reiner Schmahl\"><div class=\"thumbnail-container animate-lazy  size-500 \"><img loading=\"lazy\" decoding=\"async\" width=\"1000\" height=\"570\" src=\"https:\/\/herzogtum-direkt.de\/wp-content\/themes\/jnews\/assets\/img\/jeg-empty.png\" class=\"attachment-jnews-1140x570 size-jnews-1140x570 lazyload wp-post-image\" alt=\"Vogelkundliche Radtour mit Reiner Schmahl\" data-full-width=\"1000\" data-full-height=\"750\" data-src=\"https:\/\/herzogtum-direkt.de\/wp-content\/uploads\/2024\/04\/Ornitologie-Vogelkunde-Radtour-Zarrentin-2024vFuehrung_Radtour_Orni_S_Hoffmeister1-1000x570.jpg\" data-srcset=\"\" data-sizes=\"auto\" data-expand=\"700\" \/><\/div><\/a>\n                        <\/div>\n                        <div class=\"jeg_postblock_content\">\n                            <div class=\"jeg_post_category\">\n                                <span>\n                                    <a href=\"https:\/\/herzogtum-direkt.de\/index.php\/category\/ausflugstipp\/\">Ausflugstipp<\/a>\n                                <\/span>\n                            <\/div>\n                            <h3 class=\"jeg_post_title\">\n                                <a href=\"https:\/\/herzogtum-direkt.de\/index.php\/2026\/04\/28\/vogelkundliche-radtour-mit-reiner-schmahl-2\/\">Vogelkundliche Radtour mit Reiner Schmahl<\/a>\n                            <\/h3>\n                            <div class=\"jeg_post_meta\"><div class=\"jeg_meta_author\"><span class=\"by\">von<\/span> <a href=\"https:\/\/herzogtum-direkt.de\/index.php\/author\/pressemitteilung\/\">Pressemitteilung<\/a><\/div><div class=\"jeg_meta_date\"><a href=\"https:\/\/herzogtum-direkt.de\/index.php\/2026\/04\/28\/vogelkundliche-radtour-mit-reiner-schmahl-2\/\"><i class=\"fa fa-clock-o\"><\/i> April 28, 2026<\/a><\/div><div class=\"jeg_meta_comment\"><a href=\"https:\/\/herzogtum-direkt.de\/index.php\/2026\/04\/28\/vogelkundliche-radtour-mit-reiner-schmahl-2\/#comments\" ><i class=\"fa fa-comment-o\"><\/i> 0 <\/a><\/div><div class=\"jeg_meta_views\"><a href=\"https:\/\/herzogtum-direkt.de\/index.php\/2026\/04\/28\/vogelkundliche-radtour-mit-reiner-schmahl-2\/\" ><i class=\"fa fa-eye\"><\/i> 18 <\/a><\/div><\/div>\n                                <div class=\"jeg_post_excerpt\">\n                                    <p>Zarrentin (pm). Tausende von Zugv\u00f6geln wie G\u00e4nse und Kraniche rasten j\u00e4hrlich im UNESCO-Biosph\u00e4renreservat Schaalsee. 268 Vogelarten sind dort nachgewiesen, darunter...<\/p>\n                                    <a href=\"https:\/\/herzogtum-direkt.de\/index.php\/2026\/04\/28\/vogelkundliche-radtour-mit-reiner-schmahl-2\/\" class=\"jeg_readmore\">Mehr lesen<span class=\"screen-reader-text\">Details<\/span><\/a>\n                                <\/div>\n                        <\/div>\n                    <\/div>\n                <\/article><article class=\"jeg_post jeg_pl_lg_card format-standard\">\n                    <div class=\"jeg_inner_post\">\n                        <div class=\"jeg_thumb\">\n                            \n                            <a href=\"https:\/\/herzogtum-direkt.de\/index.php\/2026\/04\/28\/krankenstand-im-herzogtum-lauenburg-bleibt-auf-hohem-niveau\/\" aria-label=\"Read article: Krankenstand im Herzogtum Lauenburg bleibt auf hohem Niveau\"><div class=\"thumbnail-container animate-lazy  size-500 \"><img loading=\"lazy\" decoding=\"async\" width=\"1000\" height=\"570\" src=\"https:\/\/herzogtum-direkt.de\/wp-content\/themes\/jnews\/assets\/img\/jeg-empty.png\" class=\"attachment-jnews-1140x570 size-jnews-1140x570 lazyload wp-post-image\" alt=\"Krankenstand im Herzogtum Lauenburg bleibt auf hohem Niveau\" data-full-width=\"1000\" data-full-height=\"667\" data-src=\"https:\/\/herzogtum-direkt.de\/wp-content\/uploads\/2026\/04\/AOK-Gesundheitsbericht-2026-1000x570.jpg\" data-srcset=\"\" data-sizes=\"auto\" data-expand=\"700\" \/><\/div><\/a>\n                        <\/div>\n                        <div class=\"jeg_postblock_content\">\n                            <div class=\"jeg_post_category\">\n                                <span>\n                                    <a href=\"https:\/\/herzogtum-direkt.de\/index.php\/category\/gesundheit\/\">Gesundheit<\/a>\n                                <\/span>\n                            <\/div>\n                            <h3 class=\"jeg_post_title\">\n                                <a href=\"https:\/\/herzogtum-direkt.de\/index.php\/2026\/04\/28\/krankenstand-im-herzogtum-lauenburg-bleibt-auf-hohem-niveau\/\">Krankenstand im Herzogtum Lauenburg bleibt auf hohem Niveau<\/a>\n                            <\/h3>\n                            <div class=\"jeg_post_meta\"><div class=\"jeg_meta_author\"><span class=\"by\">von<\/span> <a href=\"https:\/\/herzogtum-direkt.de\/index.php\/author\/pressemitteilung\/\">Pressemitteilung<\/a><\/div><div class=\"jeg_meta_date\"><a href=\"https:\/\/herzogtum-direkt.de\/index.php\/2026\/04\/28\/krankenstand-im-herzogtum-lauenburg-bleibt-auf-hohem-niveau\/\"><i class=\"fa fa-clock-o\"><\/i> April 28, 2026<\/a><\/div><div class=\"jeg_meta_comment\"><a href=\"https:\/\/herzogtum-direkt.de\/index.php\/2026\/04\/28\/krankenstand-im-herzogtum-lauenburg-bleibt-auf-hohem-niveau\/#comments\" ><i class=\"fa fa-comment-o\"><\/i> 0 <\/a><\/div><div class=\"jeg_meta_views\"><a href=\"https:\/\/herzogtum-direkt.de\/index.php\/2026\/04\/28\/krankenstand-im-herzogtum-lauenburg-bleibt-auf-hohem-niveau\/\" ><i class=\"fa fa-eye\"><\/i> 144 <\/a><\/div><\/div>\n                                <div class=\"jeg_post_excerpt\">\n                                    <p>Herzogtum Lauenburg (pm).\u00a0Der Krankenstand ist im Herzogtum Lauenburg r\u00fcckl\u00e4ufig. Das geht aus dem aktuellen Gesundheitsbericht der AOK NordWest hervor. Danach...<\/p>\n                                    <a href=\"https:\/\/herzogtum-direkt.de\/index.php\/2026\/04\/28\/krankenstand-im-herzogtum-lauenburg-bleibt-auf-hohem-niveau\/\" class=\"jeg_readmore\">Mehr lesen<span class=\"screen-reader-text\">Details<\/span><\/a>\n                                <\/div>\n                        <\/div>\n                    <\/div>\n                <\/article><article class=\"jeg_post jeg_pl_lg_card format-standard\">\n                    <div class=\"jeg_inner_post\">\n                        <div class=\"jeg_thumb\">\n                            \n                            <a href=\"https:\/\/herzogtum-direkt.de\/index.php\/2026\/04\/28\/europaeischer-protesttag-zur-gleichstellung-von-menschen-mit-behinderung-moelln-zeigt-flagge-fuer-inklusion\/\" aria-label=\"Read article: Europ\u00e4ischer Protesttag zur Gleichstellung von Menschen mit Behinderung: M\u00f6lln zeigt Flagge f\u00fcr Inklusion\"><div class=\"thumbnail-container animate-lazy  size-500 \"><img loading=\"lazy\" decoding=\"async\" width=\"1000\" height=\"570\" src=\"https:\/\/herzogtum-direkt.de\/wp-content\/themes\/jnews\/assets\/img\/jeg-empty.png\" class=\"attachment-jnews-1140x570 size-jnews-1140x570 lazyload wp-post-image\" alt=\"Europ\u00e4ischer Protesttag zur Gleichstellung von Menschen mit Behinderung: M\u00f6lln zeigt Flagge f\u00fcr Inklusion\" data-full-width=\"1000\" data-full-height=\"724\" data-src=\"https:\/\/herzogtum-direkt.de\/wp-content\/uploads\/2026\/04\/Inklusion-Pixabay-1000x570.jpg\" data-srcset=\"\" data-sizes=\"auto\" data-expand=\"700\" \/><\/div><\/a>\n                        <\/div>\n                        <div class=\"jeg_postblock_content\">\n                            <div class=\"jeg_post_category\">\n                                <span>\n                                    <a href=\"https:\/\/herzogtum-direkt.de\/index.php\/category\/ausflugstipp\/\">Ausflugstipp<\/a>\n                                <\/span>\n                            <\/div>\n                            <h3 class=\"jeg_post_title\">\n                                <a href=\"https:\/\/herzogtum-direkt.de\/index.php\/2026\/04\/28\/europaeischer-protesttag-zur-gleichstellung-von-menschen-mit-behinderung-moelln-zeigt-flagge-fuer-inklusion\/\">Europ\u00e4ischer Protesttag zur Gleichstellung von Menschen mit Behinderung: M\u00f6lln zeigt Flagge f\u00fcr Inklusion<\/a>\n                            <\/h3>\n                            <div class=\"jeg_post_meta\"><div class=\"jeg_meta_author\"><span class=\"by\">von<\/span> <a href=\"https:\/\/herzogtum-direkt.de\/index.php\/author\/admin_gesine\/\">Gesine Biller<\/a><\/div><div class=\"jeg_meta_date\"><a href=\"https:\/\/herzogtum-direkt.de\/index.php\/2026\/04\/28\/europaeischer-protesttag-zur-gleichstellung-von-menschen-mit-behinderung-moelln-zeigt-flagge-fuer-inklusion\/\"><i class=\"fa fa-clock-o\"><\/i> April 28, 2026<\/a><\/div><div class=\"jeg_meta_comment\"><a href=\"https:\/\/herzogtum-direkt.de\/index.php\/2026\/04\/28\/europaeischer-protesttag-zur-gleichstellung-von-menschen-mit-behinderung-moelln-zeigt-flagge-fuer-inklusion\/#comments\" ><i class=\"fa fa-comment-o\"><\/i> 0 <\/a><\/div><div class=\"jeg_meta_views\"><a href=\"https:\/\/herzogtum-direkt.de\/index.php\/2026\/04\/28\/europaeischer-protesttag-zur-gleichstellung-von-menschen-mit-behinderung-moelln-zeigt-flagge-fuer-inklusion\/\" ><i class=\"fa fa-eye\"><\/i> 38 <\/a><\/div><\/div>\n                                <div class=\"jeg_post_excerpt\">\n                                    <p>M\u00f6lln (pm\/gb).\u00a0\u00a0F\u00fcnfzehn Prozent der M\u00f6llner B\u00fcrgerinnen und B\u00fcrger leben mit einer Schwerbehinderung. Aus diesem Grund steht die Stadt M\u00f6lln vom...<\/p>\n                                    <a href=\"https:\/\/herzogtum-direkt.de\/index.php\/2026\/04\/28\/europaeischer-protesttag-zur-gleichstellung-von-menschen-mit-behinderung-moelln-zeigt-flagge-fuer-inklusion\/\" class=\"jeg_readmore\">Mehr lesen<span class=\"screen-reader-text\">Details<\/span><\/a>\n                                <\/div>\n                        <\/div>\n                    <\/div>\n                <\/article><article class=\"jeg_post jeg_pl_lg_card format-standard\">\n                    <div class=\"jeg_inner_post\">\n                        <div class=\"jeg_thumb\">\n                            \n                            <a href=\"https:\/\/herzogtum-direkt.de\/index.php\/2026\/04\/28\/auftakt-in-das-jubilaeumsjahr-des-drk-kreisverband-herzogtum-lauenburg\/\" aria-label=\"Read article: Auftakt in das Jubil\u00e4umsjahr des DRK-Kreisverband Herzogtum Lauenburg\"><div class=\"thumbnail-container animate-lazy  size-500 \"><img loading=\"lazy\" decoding=\"async\" width=\"1000\" height=\"570\" src=\"https:\/\/herzogtum-direkt.de\/wp-content\/themes\/jnews\/assets\/img\/jeg-empty.png\" class=\"attachment-jnews-1140x570 size-jnews-1140x570 lazyload wp-post-image\" alt=\"Auftakt in das Jubil\u00e4umsjahr des DRK-Kreisverband Herzogtum Lauenburg\" data-full-width=\"1000\" data-full-height=\"665\" data-src=\"https:\/\/herzogtum-direkt.de\/wp-content\/uploads\/2026\/04\/Spiele-DRK-Guelzow-2026-hfr-1000x570.jpg\" data-srcset=\"\" data-sizes=\"auto\" data-expand=\"700\" \/><\/div><\/a>\n                        <\/div>\n                        <div class=\"jeg_postblock_content\">\n                            <div class=\"jeg_post_category\">\n                                <span>\n                                    <a href=\"https:\/\/herzogtum-direkt.de\/index.php\/category\/herzogtum-lauenburg\/\">Herzogtum Lauenburg<\/a>\n                                <\/span>\n                            <\/div>\n                            <h3 class=\"jeg_post_title\">\n                                <a href=\"https:\/\/herzogtum-direkt.de\/index.php\/2026\/04\/28\/auftakt-in-das-jubilaeumsjahr-des-drk-kreisverband-herzogtum-lauenburg\/\">Auftakt in das Jubil\u00e4umsjahr des DRK-Kreisverband Herzogtum Lauenburg<\/a>\n                            <\/h3>\n                            <div class=\"jeg_post_meta\"><div class=\"jeg_meta_author\"><span class=\"by\">von<\/span> <a href=\"https:\/\/herzogtum-direkt.de\/index.php\/author\/pressemitteilung\/\">Pressemitteilung<\/a><\/div><div class=\"jeg_meta_date\"><a href=\"https:\/\/herzogtum-direkt.de\/index.php\/2026\/04\/28\/auftakt-in-das-jubilaeumsjahr-des-drk-kreisverband-herzogtum-lauenburg\/\"><i class=\"fa fa-clock-o\"><\/i> April 28, 2026<\/a><\/div><div class=\"jeg_meta_comment\"><a href=\"https:\/\/herzogtum-direkt.de\/index.php\/2026\/04\/28\/auftakt-in-das-jubilaeumsjahr-des-drk-kreisverband-herzogtum-lauenburg\/#comments\" ><i class=\"fa fa-comment-o\"><\/i> 0 <\/a><\/div><div class=\"jeg_meta_views\"><a href=\"https:\/\/herzogtum-direkt.de\/index.php\/2026\/04\/28\/auftakt-in-das-jubilaeumsjahr-des-drk-kreisverband-herzogtum-lauenburg\/\" ><i class=\"fa fa-eye\"><\/i> 22 <\/a><\/div><\/div>\n                                <div class=\"jeg_post_excerpt\">\n                                    <p>G\u00fclzow (pm). \u00a0Der DRK-Kreisverband Herzogtum Lauenburg e.V. feiert in diesem Jahr sein 100-j\u00e4hriges Bestehen. F\u00fcr diesen Anlass wurde eine Veranstaltungsreihe...<\/p>\n                                    <a href=\"https:\/\/herzogtum-direkt.de\/index.php\/2026\/04\/28\/auftakt-in-das-jubilaeumsjahr-des-drk-kreisverband-herzogtum-lauenburg\/\" class=\"jeg_readmore\">Mehr lesen<span class=\"screen-reader-text\">Details<\/span><\/a>\n                                <\/div>\n                        <\/div>\n                    <\/div>\n                <\/article><article class=\"jeg_post jeg_pl_lg_card format-standard\">\n                    <div class=\"jeg_inner_post\">\n                        <div class=\"jeg_thumb\">\n                            \n                            <a href=\"https:\/\/herzogtum-direkt.de\/index.php\/2026\/04\/28\/ein-musikalisches-highlight-der-schwedische-jakobskoeren-zu-gast-in-mustin\/\" aria-label=\"Read article: Ein musikalisches Highlight: Der schwedische &#8218;Jakobsk\u00f6ren&#8216; zu Gast in Mustin\"><div class=\"thumbnail-container animate-lazy  size-500 \"><img loading=\"lazy\" decoding=\"async\" width=\"1000\" height=\"570\" src=\"https:\/\/herzogtum-direkt.de\/wp-content\/themes\/jnews\/assets\/img\/jeg-empty.png\" class=\"attachment-jnews-1140x570 size-jnews-1140x570 lazyload wp-post-image\" alt=\"Ein musikalisches Highlight: Der schwedische &#8218;Jakobsk\u00f6ren&#8216; zu Gast in Mustin\" data-full-width=\"1000\" data-full-height=\"741\" data-src=\"https:\/\/herzogtum-direkt.de\/wp-content\/uploads\/2026\/04\/Chorkonzert-Jakobskoeren-Mustin-2026-hfr-1000x570.jpg\" data-srcset=\"\" data-sizes=\"auto\" data-expand=\"700\" \/><\/div><\/a>\n                        <\/div>\n                        <div class=\"jeg_postblock_content\">\n                            <div class=\"jeg_post_category\">\n                                <span>\n                                    <a href=\"https:\/\/herzogtum-direkt.de\/index.php\/category\/herzogtum-lauenburg\/amt-lauenburgische-seen\/\">Amt Lauenburgische Seen<\/a>\n                                <\/span>\n                            <\/div>\n                            <h3 class=\"jeg_post_title\">\n                                <a href=\"https:\/\/herzogtum-direkt.de\/index.php\/2026\/04\/28\/ein-musikalisches-highlight-der-schwedische-jakobskoeren-zu-gast-in-mustin\/\">Ein musikalisches Highlight: Der schwedische &#8218;Jakobsk\u00f6ren&#8216; zu Gast in Mustin<\/a>\n                            <\/h3>\n                            <div class=\"jeg_post_meta\"><div class=\"jeg_meta_author\"><span class=\"by\">von<\/span> <a href=\"https:\/\/herzogtum-direkt.de\/index.php\/author\/admin_gesine\/\">Gesine Biller<\/a><\/div><div class=\"jeg_meta_date\"><a href=\"https:\/\/herzogtum-direkt.de\/index.php\/2026\/04\/28\/ein-musikalisches-highlight-der-schwedische-jakobskoeren-zu-gast-in-mustin\/\"><i class=\"fa fa-clock-o\"><\/i> April 28, 2026<\/a><\/div><div class=\"jeg_meta_comment\"><a href=\"https:\/\/herzogtum-direkt.de\/index.php\/2026\/04\/28\/ein-musikalisches-highlight-der-schwedische-jakobskoeren-zu-gast-in-mustin\/#comments\" ><i class=\"fa fa-comment-o\"><\/i> 0 <\/a><\/div><div class=\"jeg_meta_views\"><a href=\"https:\/\/herzogtum-direkt.de\/index.php\/2026\/04\/28\/ein-musikalisches-highlight-der-schwedische-jakobskoeren-zu-gast-in-mustin\/\" ><i class=\"fa fa-eye\"><\/i> 47 <\/a><\/div><\/div>\n                                <div class=\"jeg_post_excerpt\">\n                                    <p>Mustin (pm\/gb). Am Sonnabend, 2. Mai \u00a0erwartet die Mustiner Kirche in der Dorfstra\u00dfe 20 ein besonderes Konzert. Der renommierte vierstimmige...<\/p>\n                                    <a href=\"https:\/\/herzogtum-direkt.de\/index.php\/2026\/04\/28\/ein-musikalisches-highlight-der-schwedische-jakobskoeren-zu-gast-in-mustin\/\" class=\"jeg_readmore\">Mehr lesen<span class=\"screen-reader-text\">Details<\/span><\/a>\n                                <\/div>\n                        <\/div>\n                    <\/div>\n                <\/article><article class=\"jeg_post jeg_pl_lg_card format-standard\">\n                    <div class=\"jeg_inner_post\">\n                        <div class=\"jeg_thumb\">\n                            \n                            <a href=\"https:\/\/herzogtum-direkt.de\/index.php\/2026\/04\/28\/gratis-comic-tag-in-der-stadtbuecherei-geesthacht\/\" aria-label=\"Read article: Gratis Comic Tag in der Stadtb\u00fccherei Geesthacht\"><div class=\"thumbnail-container animate-lazy  size-500 \"><img loading=\"lazy\" decoding=\"async\" width=\"1000\" height=\"570\" src=\"https:\/\/herzogtum-direkt.de\/wp-content\/themes\/jnews\/assets\/img\/jeg-empty.png\" class=\"attachment-jnews-1140x570 size-jnews-1140x570 lazyload wp-post-image\" alt=\"Gratis Comic Tag in der Stadtb\u00fccherei Geesthacht\" data-full-width=\"1000\" data-full-height=\"900\" data-src=\"https:\/\/herzogtum-direkt.de\/wp-content\/uploads\/2026\/04\/GCT26_Logo-mit-Datum-rot-1000x570.jpg\" data-srcset=\"\" data-sizes=\"auto\" data-expand=\"700\" \/><\/div><\/a>\n                        <\/div>\n                        <div class=\"jeg_postblock_content\">\n                            <div class=\"jeg_post_category\">\n                                <span>\n                                    <a href=\"https:\/\/herzogtum-direkt.de\/index.php\/category\/herzogtum-lauenburg\/geesthacht\/\">Geesthacht<\/a>\n                                <\/span>\n                            <\/div>\n                            <h3 class=\"jeg_post_title\">\n                                <a href=\"https:\/\/herzogtum-direkt.de\/index.php\/2026\/04\/28\/gratis-comic-tag-in-der-stadtbuecherei-geesthacht\/\">Gratis Comic Tag in der Stadtb\u00fccherei Geesthacht<\/a>\n                            <\/h3>\n                            <div class=\"jeg_post_meta\"><div class=\"jeg_meta_author\"><span class=\"by\">von<\/span> <a href=\"https:\/\/herzogtum-direkt.de\/index.php\/author\/pressemitteilung\/\">Pressemitteilung<\/a><\/div><div class=\"jeg_meta_date\"><a href=\"https:\/\/herzogtum-direkt.de\/index.php\/2026\/04\/28\/gratis-comic-tag-in-der-stadtbuecherei-geesthacht\/\"><i class=\"fa fa-clock-o\"><\/i> April 28, 2026<\/a><\/div><div class=\"jeg_meta_comment\"><a href=\"https:\/\/herzogtum-direkt.de\/index.php\/2026\/04\/28\/gratis-comic-tag-in-der-stadtbuecherei-geesthacht\/#comments\" ><i class=\"fa fa-comment-o\"><\/i> 0 <\/a><\/div><div class=\"jeg_meta_views\"><a href=\"https:\/\/herzogtum-direkt.de\/index.php\/2026\/04\/28\/gratis-comic-tag-in-der-stadtbuecherei-geesthacht\/\" ><i class=\"fa fa-eye\"><\/i> 15 <\/a><\/div><\/div>\n                                <div class=\"jeg_post_excerpt\">\n                                    <p>Geesthacht (pm). Am Sonnabend, 9. Mai 2026 dreht sich in der Stadtb\u00fccherei Geesthacht in der Rathausstra\u00dfe 58 alles um das...<\/p>\n                                    <a href=\"https:\/\/herzogtum-direkt.de\/index.php\/2026\/04\/28\/gratis-comic-tag-in-der-stadtbuecherei-geesthacht\/\" class=\"jeg_readmore\">Mehr lesen<span class=\"screen-reader-text\">Details<\/span><\/a>\n                                <\/div>\n                        <\/div>\n                    <\/div>\n                <\/article><article class=\"jeg_post jeg_pl_lg_card format-standard\">\n                    <div class=\"jeg_inner_post\">\n                        <div class=\"jeg_thumb\">\n                            \n                            <a href=\"https:\/\/herzogtum-direkt.de\/index.php\/2026\/04\/28\/dialoge-am-klavier-meisterwerke-fuer-vier-haende\/\" aria-label=\"Read article: Dialoge am Klavier \u2013 Meisterwerke f\u00fcr vier H\u00e4nde\"><div class=\"thumbnail-container animate-lazy  size-500 \"><img loading=\"lazy\" decoding=\"async\" width=\"1000\" height=\"462\" src=\"https:\/\/herzogtum-direkt.de\/wp-content\/themes\/jnews\/assets\/img\/jeg-empty.png\" class=\"attachment-jnews-1140x570 size-jnews-1140x570 lazyload wp-post-image\" alt=\"Dialoge am Klavier \u2013 Meisterwerke f\u00fcr vier H\u00e4nde\" sizes=\"(max-width: 1000px) 100vw, 1000px\" data-full-width=\"1000\" data-full-height=\"462\" data-src=\"https:\/\/herzogtum-direkt.de\/wp-content\/uploads\/2026\/04\/Logos-Duo.-Foto-Fernando-Casado-hfr-1000x462.jpg\" data-srcset=\"https:\/\/herzogtum-direkt.de\/wp-content\/uploads\/2026\/04\/Logos-Duo.-Foto-Fernando-Casado-hfr.jpg 1000w, https:\/\/herzogtum-direkt.de\/wp-content\/uploads\/2026\/04\/Logos-Duo.-Foto-Fernando-Casado-hfr-600x277.jpg 600w, https:\/\/herzogtum-direkt.de\/wp-content\/uploads\/2026\/04\/Logos-Duo.-Foto-Fernando-Casado-hfr-768x355.jpg 768w\" data-sizes=\"auto\" data-expand=\"700\" \/><\/div><\/a>\n                        <\/div>\n                        <div class=\"jeg_postblock_content\">\n                            <div class=\"jeg_post_category\">\n                                <span>\n                                    <a href=\"https:\/\/herzogtum-direkt.de\/index.php\/category\/ausflugstipp\/\">Ausflugstipp<\/a>\n                                <\/span>\n                            <\/div>\n                            <h3 class=\"jeg_post_title\">\n                                <a href=\"https:\/\/herzogtum-direkt.de\/index.php\/2026\/04\/28\/dialoge-am-klavier-meisterwerke-fuer-vier-haende\/\">Dialoge am Klavier \u2013 Meisterwerke f\u00fcr vier H\u00e4nde<\/a>\n                            <\/h3>\n                            <div class=\"jeg_post_meta\"><div class=\"jeg_meta_author\"><span class=\"by\">von<\/span> <a href=\"https:\/\/herzogtum-direkt.de\/index.php\/author\/pressemitteilung\/\">Pressemitteilung<\/a><\/div><div class=\"jeg_meta_date\"><a href=\"https:\/\/herzogtum-direkt.de\/index.php\/2026\/04\/28\/dialoge-am-klavier-meisterwerke-fuer-vier-haende\/\"><i class=\"fa fa-clock-o\"><\/i> April 28, 2026<\/a><\/div><div class=\"jeg_meta_comment\"><a href=\"https:\/\/herzogtum-direkt.de\/index.php\/2026\/04\/28\/dialoge-am-klavier-meisterwerke-fuer-vier-haende\/#comments\" ><i class=\"fa fa-comment-o\"><\/i> 0 <\/a><\/div><div class=\"jeg_meta_views\"><a href=\"https:\/\/herzogtum-direkt.de\/index.php\/2026\/04\/28\/dialoge-am-klavier-meisterwerke-fuer-vier-haende\/\" ><i class=\"fa fa-eye\"><\/i> 12 <\/a><\/div><\/div>\n                                <div class=\"jeg_post_excerpt\">\n                                    <p>M\u00f6lln (pm). Am Donnerstag, 30. April 2026 findet im Theatersaal des Augustinum M\u00f6lln eine Veranstaltung statt. Das Konzert mit dem...<\/p>\n                                    <a href=\"https:\/\/herzogtum-direkt.de\/index.php\/2026\/04\/28\/dialoge-am-klavier-meisterwerke-fuer-vier-haende\/\" class=\"jeg_readmore\">Mehr lesen<span class=\"screen-reader-text\">Details<\/span><\/a>\n                                <\/div>\n                        <\/div>\n                    <\/div>\n                <\/article><article class=\"jeg_post jeg_pl_lg_card format-standard\">\n                    <div class=\"jeg_inner_post\">\n                        <div class=\"jeg_thumb\">\n                            \n                            <a href=\"https:\/\/herzogtum-direkt.de\/index.php\/2026\/04\/28\/buntenskamp-grundschule-eroeffnung-vom-neuen-mensa-container\/\" aria-label=\"Read article: Buntenskamp-Grundschule &#8211; Er\u00f6ffnung vom neuen Mensa-Container\"><div class=\"thumbnail-container animate-lazy  size-500 \"><img loading=\"lazy\" decoding=\"async\" width=\"1000\" height=\"570\" src=\"https:\/\/herzogtum-direkt.de\/wp-content\/themes\/jnews\/assets\/img\/jeg-empty.png\" class=\"attachment-jnews-1140x570 size-jnews-1140x570 lazyload wp-post-image\" alt=\"Buntenskamp-Grundschule &#8211; Er\u00f6ffnung vom neuen Mensa-Container\" data-full-width=\"1000\" data-full-height=\"789\" data-src=\"https:\/\/herzogtum-direkt.de\/wp-content\/uploads\/2026\/04\/Schluesseluebergabe-alle-Beteiligten-Geesthacht-2026-hfr-1000x570.jpg\" data-srcset=\"\" data-sizes=\"auto\" data-expand=\"700\" \/><\/div><\/a>\n                        <\/div>\n                        <div class=\"jeg_postblock_content\">\n                            <div class=\"jeg_post_category\">\n                                <span>\n                                    <a href=\"https:\/\/herzogtum-direkt.de\/index.php\/category\/herzogtum-lauenburg\/geesthacht\/\">Geesthacht<\/a>\n                                <\/span>\n                            <\/div>\n                            <h3 class=\"jeg_post_title\">\n                                <a href=\"https:\/\/herzogtum-direkt.de\/index.php\/2026\/04\/28\/buntenskamp-grundschule-eroeffnung-vom-neuen-mensa-container\/\">Buntenskamp-Grundschule &#8211; Er\u00f6ffnung vom neuen Mensa-Container<\/a>\n                            <\/h3>\n                            <div class=\"jeg_post_meta\"><div class=\"jeg_meta_author\"><span class=\"by\">von<\/span> <a href=\"https:\/\/herzogtum-direkt.de\/index.php\/author\/pressemitteilung\/\">Pressemitteilung<\/a><\/div><div class=\"jeg_meta_date\"><a href=\"https:\/\/herzogtum-direkt.de\/index.php\/2026\/04\/28\/buntenskamp-grundschule-eroeffnung-vom-neuen-mensa-container\/\"><i class=\"fa fa-clock-o\"><\/i> April 28, 2026<\/a><\/div><div class=\"jeg_meta_comment\"><a href=\"https:\/\/herzogtum-direkt.de\/index.php\/2026\/04\/28\/buntenskamp-grundschule-eroeffnung-vom-neuen-mensa-container\/#comments\" ><i class=\"fa fa-comment-o\"><\/i> 0 <\/a><\/div><div class=\"jeg_meta_views\"><a href=\"https:\/\/herzogtum-direkt.de\/index.php\/2026\/04\/28\/buntenskamp-grundschule-eroeffnung-vom-neuen-mensa-container\/\" ><i class=\"fa fa-eye\"><\/i> 56 <\/a><\/div><\/div>\n                                <div class=\"jeg_post_excerpt\">\n                                    <p>Geesthacht (pm).\u00a0Ein Platz extra f\u00fcrs gemeinsame Essen: Den gibt es jetzt an der Geesthachter Buntenskampschule. Grundsch\u00fclerinnen und Grundsch\u00fcler nehmen ihr...<\/p>\n                                    <a href=\"https:\/\/herzogtum-direkt.de\/index.php\/2026\/04\/28\/buntenskamp-grundschule-eroeffnung-vom-neuen-mensa-container\/\" class=\"jeg_readmore\">Mehr lesen<span class=\"screen-reader-text\">Details<\/span><\/a>\n                                <\/div>\n                        <\/div>\n                    <\/div>\n                <\/article><article class=\"jeg_post jeg_pl_lg_card format-standard\">\n                    <div class=\"jeg_inner_post\">\n                        <div class=\"jeg_thumb\">\n                            \n                            <a href=\"https:\/\/herzogtum-direkt.de\/index.php\/2026\/04\/28\/filmclub-kurzfilmabend-shorts-attack-die-tiere-sind-los\/\" aria-label=\"Read article: Filmclub Kurzfilmabend: &#8218;SHORTS ATTACK: Die Tiere sind los&#8216;\"><div class=\"thumbnail-container animate-lazy  size-500 \"><img loading=\"lazy\" decoding=\"async\" width=\"1000\" height=\"570\" src=\"https:\/\/herzogtum-direkt.de\/wp-content\/themes\/jnews\/assets\/img\/jeg-empty.png\" class=\"attachment-jnews-1140x570 size-jnews-1140x570 lazyload wp-post-image\" alt=\"Filmclub Kurzfilmabend: &#8218;SHORTS ATTACK: Die Tiere sind los&#8216;\" data-full-width=\"1000\" data-full-height=\"604\" data-src=\"https:\/\/herzogtum-direkt.de\/wp-content\/uploads\/2026\/04\/Image-Tiere-kinoo-filmclub-2026-hfr-1000x570.jpg\" data-srcset=\"\" data-sizes=\"auto\" data-expand=\"700\" \/><\/div><\/a>\n                        <\/div>\n                        <div class=\"jeg_postblock_content\">\n                            <div class=\"jeg_post_category\">\n                                <span>\n                                    <a href=\"https:\/\/herzogtum-direkt.de\/index.php\/category\/herzogtum-lauenburg\/ratzeburg\/\">Ratzeburg<\/a>\n                                <\/span>\n                            <\/div>\n                            <h3 class=\"jeg_post_title\">\n                                <a href=\"https:\/\/herzogtum-direkt.de\/index.php\/2026\/04\/28\/filmclub-kurzfilmabend-shorts-attack-die-tiere-sind-los\/\">Filmclub Kurzfilmabend: &#8218;SHORTS ATTACK: Die Tiere sind los&#8216;<\/a>\n                            <\/h3>\n                            <div class=\"jeg_post_meta\"><div class=\"jeg_meta_author\"><span class=\"by\">von<\/span> <a href=\"https:\/\/herzogtum-direkt.de\/index.php\/author\/pressemitteilung\/\">Pressemitteilung<\/a><\/div><div class=\"jeg_meta_date\"><a href=\"https:\/\/herzogtum-direkt.de\/index.php\/2026\/04\/28\/filmclub-kurzfilmabend-shorts-attack-die-tiere-sind-los\/\"><i class=\"fa fa-clock-o\"><\/i> April 28, 2026<\/a><\/div><div class=\"jeg_meta_comment\"><a href=\"https:\/\/herzogtum-direkt.de\/index.php\/2026\/04\/28\/filmclub-kurzfilmabend-shorts-attack-die-tiere-sind-los\/#comments\" ><i class=\"fa fa-comment-o\"><\/i> 0 <\/a><\/div><div class=\"jeg_meta_views\"><a href=\"https:\/\/herzogtum-direkt.de\/index.php\/2026\/04\/28\/filmclub-kurzfilmabend-shorts-attack-die-tiere-sind-los\/\" ><i class=\"fa fa-eye\"><\/i> 8 <\/a><\/div><\/div>\n                                <div class=\"jeg_post_excerpt\">\n                                    <p>Ratzeburg pm). Im Filmclub des Burgtheater Ratzeburg wird am Mittwoch, 29. April das Format Kurzfilmabend \u201eSHORTS ATTACK: Die Tiere sind...<\/p>\n                                    <a href=\"https:\/\/herzogtum-direkt.de\/index.php\/2026\/04\/28\/filmclub-kurzfilmabend-shorts-attack-die-tiere-sind-los\/\" class=\"jeg_readmore\">Mehr lesen<span class=\"screen-reader-text\">Details<\/span><\/a>\n                                <\/div>\n                        <\/div>\n                    <\/div>\n                <\/article><article class=\"jeg_post jeg_pl_lg_card format-standard\">\n                    <div class=\"jeg_inner_post\">\n                        <div class=\"jeg_thumb\">\n                            \n                            <a href=\"https:\/\/herzogtum-direkt.de\/index.php\/2026\/04\/27\/drei-verletzte-nach-unfall-in-breitenfelde\/\" aria-label=\"Read article: Drei Verletzte nach Unfall in Breitenfelde\"><div class=\"thumbnail-container animate-lazy  size-500 \"><img loading=\"lazy\" decoding=\"async\" width=\"1000\" height=\"544\" src=\"https:\/\/herzogtum-direkt.de\/wp-content\/themes\/jnews\/assets\/img\/jeg-empty.png\" class=\"attachment-jnews-1140x570 size-jnews-1140x570 lazyload wp-post-image\" alt=\"In die Zukunft gekocht: 30 Jahre Lauenburg\u2019scher Teller\" sizes=\"(max-width: 1000px) 100vw, 1000px\" data-full-width=\"1000\" data-full-height=\"544\" data-src=\"https:\/\/herzogtum-direkt.de\/wp-content\/uploads\/2024\/03\/Polizei24-1000x544.jpg\" data-srcset=\"https:\/\/herzogtum-direkt.de\/wp-content\/uploads\/2024\/03\/Polizei24.jpg 1000w, https:\/\/herzogtum-direkt.de\/wp-content\/uploads\/2024\/03\/Polizei24-300x163.jpg 300w, https:\/\/herzogtum-direkt.de\/wp-content\/uploads\/2024\/03\/Polizei24-768x418.jpg 768w, https:\/\/herzogtum-direkt.de\/wp-content\/uploads\/2024\/03\/Polizei24-750x408.jpg 750w\" data-sizes=\"auto\" data-expand=\"700\" \/><\/div><\/a>\n                        <\/div>\n                        <div class=\"jeg_postblock_content\">\n                            <div class=\"jeg_post_category\">\n                                <span>\n                                    <a href=\"https:\/\/herzogtum-direkt.de\/index.php\/category\/herzogtum-lauenburg\/amt-breitenfelde\/\">Amt Breitenfelde<\/a>\n                                <\/span>\n                            <\/div>\n                            <h3 class=\"jeg_post_title\">\n                                <a href=\"https:\/\/herzogtum-direkt.de\/index.php\/2026\/04\/27\/drei-verletzte-nach-unfall-in-breitenfelde\/\">Drei Verletzte nach Unfall in Breitenfelde<\/a>\n                            <\/h3>\n                            <div class=\"jeg_post_meta\"><div class=\"jeg_meta_author\"><span class=\"by\">von<\/span> <a href=\"https:\/\/herzogtum-direkt.de\/index.php\/author\/pressemitteilung\/\">Pressemitteilung<\/a><\/div><div class=\"jeg_meta_date\"><a href=\"https:\/\/herzogtum-direkt.de\/index.php\/2026\/04\/27\/drei-verletzte-nach-unfall-in-breitenfelde\/\"><i class=\"fa fa-clock-o\"><\/i> April 27, 2026<\/a><\/div><div class=\"jeg_meta_comment\"><a href=\"https:\/\/herzogtum-direkt.de\/index.php\/2026\/04\/27\/drei-verletzte-nach-unfall-in-breitenfelde\/#comments\" ><i class=\"fa fa-comment-o\"><\/i> 0 <\/a><\/div><div class=\"jeg_meta_views\"><a href=\"https:\/\/herzogtum-direkt.de\/index.php\/2026\/04\/27\/drei-verletzte-nach-unfall-in-breitenfelde\/\" ><i class=\"fa fa-eye\"><\/i> 188 <\/a><\/div><\/div>\n                                <div class=\"jeg_post_excerpt\">\n                                    <p>Breitenfelde (pm).\u00a0Freitagnachmittag ereignete sich ein Verkehrsunfall in Breitenfelde. Hierbei wurden drei Personen verletzt - zwei davon sogar schwer. Am 24....<\/p>\n                                    <a href=\"https:\/\/herzogtum-direkt.de\/index.php\/2026\/04\/27\/drei-verletzte-nach-unfall-in-breitenfelde\/\" class=\"jeg_readmore\">Mehr lesen<span class=\"screen-reader-text\">Details<\/span><\/a>\n                                <\/div>\n                        <\/div>\n                    <\/div>\n                <\/article><article class=\"jeg_post jeg_pl_lg_card format-standard\">\n                    <div class=\"jeg_inner_post\">\n                        <div class=\"jeg_thumb\">\n                            \n                            <a href=\"https:\/\/herzogtum-direkt.de\/index.php\/2026\/04\/27\/geesthacht-taschendiebe-schlugen-wieder-zu\/\" aria-label=\"Read article: Geesthacht: Taschendiebe schlugen wieder zu\"><div class=\"thumbnail-container animate-lazy  size-500 \"><img loading=\"lazy\" decoding=\"async\" width=\"1000\" height=\"570\" src=\"https:\/\/herzogtum-direkt.de\/wp-content\/themes\/jnews\/assets\/img\/jeg-empty.png\" class=\"attachment-jnews-1140x570 size-jnews-1140x570 lazyload wp-post-image\" alt=\"Einbrecher auf dem St. Georgsberg gefasst\" data-full-width=\"1000\" data-full-height=\"598\" data-src=\"https:\/\/herzogtum-direkt.de\/wp-content\/uploads\/2023\/08\/Polizei-Pixabay-1000x570.jpg\" data-srcset=\"\" data-sizes=\"auto\" data-expand=\"700\" \/><\/div><\/a>\n                        <\/div>\n                        <div class=\"jeg_postblock_content\">\n                            <div class=\"jeg_post_category\">\n                                <span>\n                                    <a href=\"https:\/\/herzogtum-direkt.de\/index.php\/category\/herzogtum-lauenburg\/geesthacht\/\">Geesthacht<\/a>\n                                <\/span>\n                            <\/div>\n                            <h3 class=\"jeg_post_title\">\n                                <a href=\"https:\/\/herzogtum-direkt.de\/index.php\/2026\/04\/27\/geesthacht-taschendiebe-schlugen-wieder-zu\/\">Geesthacht: Taschendiebe schlugen wieder zu<\/a>\n                            <\/h3>\n                            <div class=\"jeg_post_meta\"><div class=\"jeg_meta_author\"><span class=\"by\">von<\/span> <a href=\"https:\/\/herzogtum-direkt.de\/index.php\/author\/pressemitteilung\/\">Pressemitteilung<\/a><\/div><div class=\"jeg_meta_date\"><a href=\"https:\/\/herzogtum-direkt.de\/index.php\/2026\/04\/27\/geesthacht-taschendiebe-schlugen-wieder-zu\/\"><i class=\"fa fa-clock-o\"><\/i> April 27, 2026<\/a><\/div><div class=\"jeg_meta_comment\"><a href=\"https:\/\/herzogtum-direkt.de\/index.php\/2026\/04\/27\/geesthacht-taschendiebe-schlugen-wieder-zu\/#comments\" ><i class=\"fa fa-comment-o\"><\/i> 0 <\/a><\/div><div class=\"jeg_meta_views\"><a href=\"https:\/\/herzogtum-direkt.de\/index.php\/2026\/04\/27\/geesthacht-taschendiebe-schlugen-wieder-zu\/\" ><i class=\"fa fa-eye\"><\/i> 716 <\/a><\/div><\/div>\n                                <div class=\"jeg_post_excerpt\">\n                                    <p>Geesthacht (pm).\u00a0Bereits am Donnerstag (23.04.2026) wurden der Geesthachter Polizei gleich zwei Taschendiebst\u00e4hle gemeldet. Die beiden Gesch\u00e4digten seien w\u00e4hrend des Einkaufens...<\/p>\n                                    <a href=\"https:\/\/herzogtum-direkt.de\/index.php\/2026\/04\/27\/geesthacht-taschendiebe-schlugen-wieder-zu\/\" class=\"jeg_readmore\">Mehr lesen<span class=\"screen-reader-text\">Details<\/span><\/a>\n                                <\/div>\n                        <\/div>\n                    <\/div>\n                <\/article><article class=\"jeg_post jeg_pl_lg_card format-standard\">\n                    <div class=\"jeg_inner_post\">\n                        <div class=\"jeg_thumb\">\n                            \n                            <a href=\"https:\/\/herzogtum-direkt.de\/index.php\/2026\/04\/27\/bundesagentur-fuer-arbeit-hat-ba-secure-app-eingefuehrt\/\" aria-label=\"Read article: Bundesagentur f\u00fcr Arbeit hat &#8218;BA-Secure App&#8216; eingef\u00fchrt\"><div class=\"thumbnail-container animate-lazy  size-500 \"><img loading=\"lazy\" decoding=\"async\" width=\"1140\" height=\"570\" src=\"https:\/\/herzogtum-direkt.de\/wp-content\/themes\/jnews\/assets\/img\/jeg-empty.png\" class=\"attachment-jnews-1140x570 size-jnews-1140x570 lazyload wp-post-image\" alt=\"Themenwoche Digitalisierung startet am Montag mit interessanten Angeboten\" sizes=\"(max-width: 1140px) 100vw, 1140px\" data-full-width=\"1280\" data-full-height=\"801\" data-src=\"https:\/\/herzogtum-direkt.de\/wp-content\/uploads\/2018\/09\/digitalisierung02-1140x570.jpg\" data-srcset=\"https:\/\/herzogtum-direkt.de\/wp-content\/uploads\/2018\/09\/digitalisierung02-1140x570.jpg 1140w, https:\/\/herzogtum-direkt.de\/wp-content\/uploads\/2018\/09\/digitalisierung02-750x375.jpg 750w, https:\/\/herzogtum-direkt.de\/wp-content\/uploads\/2018\/09\/digitalisierung02-360x180.jpg 360w\" data-sizes=\"auto\" data-expand=\"700\" \/><\/div><\/a>\n                        <\/div>\n                        <div class=\"jeg_postblock_content\">\n                            <div class=\"jeg_post_category\">\n                                <span>\n                                    <a href=\"https:\/\/herzogtum-direkt.de\/index.php\/category\/herzogtum-lauenburg\/\">Herzogtum Lauenburg<\/a>\n                                <\/span>\n                            <\/div>\n                            <h3 class=\"jeg_post_title\">\n                                <a href=\"https:\/\/herzogtum-direkt.de\/index.php\/2026\/04\/27\/bundesagentur-fuer-arbeit-hat-ba-secure-app-eingefuehrt\/\">Bundesagentur f\u00fcr Arbeit hat &#8218;BA-Secure App&#8216; eingef\u00fchrt<\/a>\n                            <\/h3>\n                            <div class=\"jeg_post_meta\"><div class=\"jeg_meta_author\"><span class=\"by\">von<\/span> <a href=\"https:\/\/herzogtum-direkt.de\/index.php\/author\/pressemitteilung\/\">Pressemitteilung<\/a><\/div><div class=\"jeg_meta_date\"><a href=\"https:\/\/herzogtum-direkt.de\/index.php\/2026\/04\/27\/bundesagentur-fuer-arbeit-hat-ba-secure-app-eingefuehrt\/\"><i class=\"fa fa-clock-o\"><\/i> April 27, 2026<\/a><\/div><div class=\"jeg_meta_comment\"><a href=\"https:\/\/herzogtum-direkt.de\/index.php\/2026\/04\/27\/bundesagentur-fuer-arbeit-hat-ba-secure-app-eingefuehrt\/#comments\" ><i class=\"fa fa-comment-o\"><\/i> 0 <\/a><\/div><div class=\"jeg_meta_views\"><a href=\"https:\/\/herzogtum-direkt.de\/index.php\/2026\/04\/27\/bundesagentur-fuer-arbeit-hat-ba-secure-app-eingefuehrt\/\" ><i class=\"fa fa-eye\"><\/i> 37 <\/a><\/div><\/div>\n                                <div class=\"jeg_post_excerpt\">\n                                    <p>Herzogtum Lauenburg (pm). Um die bestehenden Anmeldeoptionen im Online-Portal um eine weitere nutzerfreundliche M\u00f6glichkeit zu erg\u00e4nzen, hat die Bundesagentur f\u00fcr...<\/p>\n                                    <a href=\"https:\/\/herzogtum-direkt.de\/index.php\/2026\/04\/27\/bundesagentur-fuer-arbeit-hat-ba-secure-app-eingefuehrt\/\" class=\"jeg_readmore\">Mehr lesen<span class=\"screen-reader-text\">Details<\/span><\/a>\n                                <\/div>\n                        <\/div>\n                    <\/div>\n                <\/article><article class=\"jeg_post jeg_pl_lg_card format-standard\">\n                    <div class=\"jeg_inner_post\">\n                        <div class=\"jeg_thumb\">\n                            \n                            <a href=\"https:\/\/herzogtum-direkt.de\/index.php\/2026\/04\/27\/gemeinsam-fuer-freiheit-gottesdienst-mit-buergermeister-und-gemeinde\/\" aria-label=\"Read article: Gemeinsam f\u00fcr Freiheit: Gottesdienst mit B\u00fcrgermeister und Gemeinde\"><div class=\"thumbnail-container animate-lazy  size-500 \"><img loading=\"lazy\" decoding=\"async\" width=\"1000\" height=\"570\" src=\"https:\/\/herzogtum-direkt.de\/wp-content\/themes\/jnews\/assets\/img\/jeg-empty.png\" class=\"attachment-jnews-1140x570 size-jnews-1140x570 lazyload wp-post-image\" alt=\"Gemeinsam f\u00fcr Freiheit: Gottesdienst mit B\u00fcrgermeister und Gemeinde\" data-full-width=\"1000\" data-full-height=\"719\" data-src=\"https:\/\/herzogtum-direkt.de\/wp-content\/uploads\/2026\/04\/Freiheit-Frei-Yoga-entspannung-Pixabay-1000x570.jpg\" data-srcset=\"\" data-sizes=\"auto\" data-expand=\"700\" \/><\/div><\/a>\n                        <\/div>\n                        <div class=\"jeg_postblock_content\">\n                            <div class=\"jeg_post_category\">\n                                <span>\n                                    <a href=\"https:\/\/herzogtum-direkt.de\/index.php\/category\/ausflugstipp\/\">Ausflugstipp<\/a>\n                                <\/span>\n                            <\/div>\n                            <h3 class=\"jeg_post_title\">\n                                <a href=\"https:\/\/herzogtum-direkt.de\/index.php\/2026\/04\/27\/gemeinsam-fuer-freiheit-gottesdienst-mit-buergermeister-und-gemeinde\/\">Gemeinsam f\u00fcr Freiheit: Gottesdienst mit B\u00fcrgermeister und Gemeinde<\/a>\n                            <\/h3>\n                            <div class=\"jeg_post_meta\"><div class=\"jeg_meta_author\"><span class=\"by\">von<\/span> <a href=\"https:\/\/herzogtum-direkt.de\/index.php\/author\/pressemitteilung\/\">Pressemitteilung<\/a><\/div><div class=\"jeg_meta_date\"><a href=\"https:\/\/herzogtum-direkt.de\/index.php\/2026\/04\/27\/gemeinsam-fuer-freiheit-gottesdienst-mit-buergermeister-und-gemeinde\/\"><i class=\"fa fa-clock-o\"><\/i> April 27, 2026<\/a><\/div><div class=\"jeg_meta_comment\"><a href=\"https:\/\/herzogtum-direkt.de\/index.php\/2026\/04\/27\/gemeinsam-fuer-freiheit-gottesdienst-mit-buergermeister-und-gemeinde\/#comments\" ><i class=\"fa fa-comment-o\"><\/i> 0 <\/a><\/div><div class=\"jeg_meta_views\"><a href=\"https:\/\/herzogtum-direkt.de\/index.php\/2026\/04\/27\/gemeinsam-fuer-freiheit-gottesdienst-mit-buergermeister-und-gemeinde\/\" ><i class=\"fa fa-eye\"><\/i> 36 <\/a><\/div><\/div>\n                                <div class=\"jeg_post_excerpt\">\n                                    <p>\u00a0M\u00f6lln (pm). Die Ev.-Luth. Kirchengemeinde M\u00f6lln l\u00e4dt am Freitag, 8. Mai um 18 Uhr zu einem besonderen Gottesdienst in die...<\/p>\n                                    <a href=\"https:\/\/herzogtum-direkt.de\/index.php\/2026\/04\/27\/gemeinsam-fuer-freiheit-gottesdienst-mit-buergermeister-und-gemeinde\/\" class=\"jeg_readmore\">Mehr lesen<span class=\"screen-reader-text\">Details<\/span><\/a>\n                                <\/div>\n                        <\/div>\n                    <\/div>\n                <\/article><article class=\"jeg_post jeg_pl_lg_card format-standard\">\n                    <div class=\"jeg_inner_post\">\n                        <div class=\"jeg_thumb\">\n                            \n                            <a href=\"https:\/\/herzogtum-direkt.de\/index.php\/2026\/04\/27\/anbringen-von-ueberwachungskameras-an-der-bertha-von-suttner-schule\/\" aria-label=\"Read article: Anbringen von \u00dcberwachungskameras an der Bertha-von-Suttner-Schule\"><div class=\"thumbnail-container animate-lazy  size-500 \"><img loading=\"lazy\" decoding=\"async\" width=\"1000\" height=\"570\" src=\"https:\/\/herzogtum-direkt.de\/wp-content\/themes\/jnews\/assets\/img\/jeg-empty.png\" class=\"attachment-jnews-1140x570 size-jnews-1140x570 lazyload wp-post-image\" alt=\"Anbringen von \u00dcberwachungskameras an der Bertha-von-Suttner-Schule\" data-full-width=\"1000\" data-full-height=\"750\" data-src=\"https:\/\/herzogtum-direkt.de\/wp-content\/uploads\/2026\/04\/Ueberwachung-Kamera-Vandalismus-Pixabay-1000x570.jpg\" data-srcset=\"\" data-sizes=\"auto\" data-expand=\"700\" \/><\/div><\/a>\n                        <\/div>\n                        <div class=\"jeg_postblock_content\">\n                            <div class=\"jeg_post_category\">\n                                <span>\n                                    <a href=\"https:\/\/herzogtum-direkt.de\/index.php\/category\/herzogtum-lauenburg\/geesthacht\/\">Geesthacht<\/a>\n                                <\/span>\n                            <\/div>\n                            <h3 class=\"jeg_post_title\">\n                                <a href=\"https:\/\/herzogtum-direkt.de\/index.php\/2026\/04\/27\/anbringen-von-ueberwachungskameras-an-der-bertha-von-suttner-schule\/\">Anbringen von \u00dcberwachungskameras an der Bertha-von-Suttner-Schule<\/a>\n                            <\/h3>\n                            <div class=\"jeg_post_meta\"><div class=\"jeg_meta_author\"><span class=\"by\">von<\/span> <a href=\"https:\/\/herzogtum-direkt.de\/index.php\/author\/pressemitteilung\/\">Pressemitteilung<\/a><\/div><div class=\"jeg_meta_date\"><a href=\"https:\/\/herzogtum-direkt.de\/index.php\/2026\/04\/27\/anbringen-von-ueberwachungskameras-an-der-bertha-von-suttner-schule\/\"><i class=\"fa fa-clock-o\"><\/i> April 27, 2026<\/a><\/div><div class=\"jeg_meta_comment\"><a href=\"https:\/\/herzogtum-direkt.de\/index.php\/2026\/04\/27\/anbringen-von-ueberwachungskameras-an-der-bertha-von-suttner-schule\/#comments\" ><i class=\"fa fa-comment-o\"><\/i> 0 <\/a><\/div><div class=\"jeg_meta_views\"><a href=\"https:\/\/herzogtum-direkt.de\/index.php\/2026\/04\/27\/anbringen-von-ueberwachungskameras-an-der-bertha-von-suttner-schule\/\" ><i class=\"fa fa-eye\"><\/i> 143 <\/a><\/div><\/div>\n                                <div class=\"jeg_post_excerpt\">\n                                    <p>Geesthacht (pm). An der Bertha-von-Suttner-Schule (BvS) in Geesthacht werden in K\u00fcrze Kameras installiert. Aufnahmen werden au\u00dferhalb der Schulzeiten von der...<\/p>\n                                    <a href=\"https:\/\/herzogtum-direkt.de\/index.php\/2026\/04\/27\/anbringen-von-ueberwachungskameras-an-der-bertha-von-suttner-schule\/\" class=\"jeg_readmore\">Mehr lesen<span class=\"screen-reader-text\">Details<\/span><\/a>\n                                <\/div>\n                        <\/div>\n                    <\/div>\n                <\/article><\/div>\n                    <div class='module-overlay'>\n\t\t\t\t    <div class='preloader_type preloader_dot'>\n\t\t\t\t        <div class=\"module-preloader jeg_preloader dot\">\n\t\t\t\t            <span><\/span><span><\/span><span><\/span>\n\t\t\t\t        <\/div>\n\t\t\t\t        <div class=\"module-preloader jeg_preloader circle\">\n\t\t\t\t            <div class=\"jnews_preloader_circle_outer\">\n\t\t\t\t                <div class=\"jnews_preloader_circle_inner\"><\/div>\n\t\t\t\t            <\/div>\n\t\t\t\t        <\/div>\n\t\t\t\t        <div class=\"module-preloader jeg_preloader square\">\n\t\t\t\t            <div class=\"jeg_square\">\n\t\t\t\t                <div class=\"jeg_square_inner\"><\/div>\n\t\t\t\t            <\/div>\n\t\t\t\t        <\/div>\n\t\t\t\t    <\/div>\n\t\t\t\t<\/div>\n                <\/div>\n                <div class=\"jeg_block_navigation\">\n                    <div class='navigation_overlay'><div class='module-preloader jeg_preloader'><span><\/span><span><\/span><span><\/span><\/div><\/div>\n                    <div class=\"jeg_block_loadmore \">\n                    <a href=\"#\" class='' data-load='Mehr' data-loading='L\u00e4dt...'> Mehr<\/a>\n                <\/div>\n                    \n                <\/div>\n\t\t\t\t\t\n\t\t\t\t\t<script>var jnews_module__0_69f1b24956ba4 = {\"header_icon\":\"\",\"first_title\":\"\",\"second_title\":\"\",\"url\":\"\",\"header_type\":\"heading_6\",\"header_background\":\"\",\"header_secondary_background\":\"\",\"header_text_color\":\"\",\"header_line_color\":\"\",\"header_accent_color\":\"\",\"header_filter_category\":\"\",\"header_filter_author\":\"\",\"header_filter_tag\":\"\",\"header_filter_text\":\"All\",\"sticky_post\":false,\"sticky_post_filter\":false,\"post_type\":\"post\",\"content_type\":\"all\",\"sponsor\":false,\"number_post\":\"20\",\"post_offset\":\"0\",\"unique_content\":\"disable\",\"include_post\":\"\",\"included_only\":false,\"exclude_post\":\"\",\"include_category\":\"\",\"exclude_category\":\"\",\"include_author\":\"\",\"include_tag\":\"\",\"exclude_tag\":\"\",\"exclude_visited_post\":false,\"sort_by\":\"latest\",\"date_format\":\"default\",\"date_format_custom\":\"Y\\\/m\\\/d\",\"excerpt_length\":\"20\",\"excerpt_ellipsis\":\"...\",\"force_normal_image_load\":\"\",\"main_custom_image_size\":\"default\",\"pagination_mode\":\"scrollload\",\"pagination_nextprev_showtext\":\"\",\"pagination_number_post\":\"4\",\"pagination_scroll_limit\":\"0\",\"ads_type\":\"disable\",\"ads_position\":1,\"ads_random\":\"\",\"ads_image\":\"\",\"ads_image_tablet\":\"\",\"ads_image_phone\":\"\",\"ads_image_link\":\"\",\"ads_image_alt\":\"\",\"ads_image_new_tab\":\"\",\"google_publisher_id\":\"\",\"google_slot_id\":\"\",\"google_desktop\":\"auto\",\"google_tab\":\"auto\",\"google_phone\":\"auto\",\"content\":\"\",\"ads_bottom_text\":\"\",\"el_id\":\"\",\"el_class\":\"\",\"scheme\":\"\",\"column_width\":\"auto\",\"title_color\":\"\",\"accent_color\":\"\",\"alt_color\":\"\",\"excerpt_color\":\"\",\"block_background\":\"\",\"css\":\"\",\"compatible_column_notice\":\"\",\"paged\":1,\"column_class\":\"jeg_col_3o3\",\"class\":\"jnews_block_12\"};<\/script>\n\t\t\t\t<\/div>[\/vc_column][\/vc_row]<\/p>\n<\/div>","protected":false},"excerpt":{"rendered":"<p>[vc_row][vc_column][vc_widget_sidebar sidebar_id=&#8220;herzogtum-lauenburg-top&#8220;][\/vc_column][\/vc_row][vc_row][vc_column][\/vc_column][\/vc_row]<\/p>\n","protected":false},"author":1,"featured_media":0,"parent":765,"menu_order":0,"comment_status":"closed","ping_status":"closed","template":"","meta":{"jnews_page_loop":{"enable_page_loop":"0","first_title":"Latest Post","second_title":"","header_type":"heading_6","header_background":"","header_text_color":"","layout":"right-sidebar","sidebar":"default-sidebar","second_sidebar":"default-sidebar","sticky_sidebar":"1","module":"3","boxed":"0","boxed_shadow":"0","box_shadow":"0","excerpt_length":"20","content_date":"default","date_custom":"Y\/m\/d","content_pagination":"nav_1","pagination_align":"center","show_navtext":"0","show_pageinfo":"0","post_offset":"0","posts_per_page":"5","include_post":"","exclude_post":"","include_category":"","exclude_category":"","include_author":"","include_tag":"","exclude_tag":"","sort_by":"latest"},"jnews_single_page":{"layout":"right-sidebar","sidebar":"herzogtum-lbg-seite","second_sidebar":"default-sidebar","sticky_sidebar":"1","show_post_featured":"1","show_post_meta":"0","share_position":"top","share_color":"share-monocrhome"},"jnews_social_meta":{"fb_title":"","fb_description":"","fb_image":"","twitter_title":"","twitter_description":"","twitter_image":""},"footnotes":""},"class_list":["post-894","page","type-page","status-publish","hentry"],"_links":{"self":[{"href":"https:\/\/herzogtum-direkt.de\/index.php\/wp-json\/wp\/v2\/pages\/894","targetHints":{"allow":["GET"]}}],"collection":[{"href":"https:\/\/herzogtum-direkt.de\/index.php\/wp-json\/wp\/v2\/pages"}],"about":[{"href":"https:\/\/herzogtum-direkt.de\/index.php\/wp-json\/wp\/v2\/types\/page"}],"author":[{"embeddable":true,"href":"https:\/\/herzogtum-direkt.de\/index.php\/wp-json\/wp\/v2\/users\/1"}],"replies":[{"embeddable":true,"href":"https:\/\/herzogtum-direkt.de\/index.php\/wp-json\/wp\/v2\/comments?post=894"}],"version-history":[{"count":4,"href":"https:\/\/herzogtum-direkt.de\/index.php\/wp-json\/wp\/v2\/pages\/894\/revisions"}],"predecessor-version":[{"id":32946,"href":"https:\/\/herzogtum-direkt.de\/index.php\/wp-json\/wp\/v2\/pages\/894\/revisions\/32946"}],"up":[{"embeddable":true,"href":"https:\/\/herzogtum-direkt.de\/index.php\/wp-json\/wp\/v2\/pages\/765"}],"wp:attachment":[{"href":"https:\/\/herzogtum-direkt.de\/index.php\/wp-json\/wp\/v2\/media?parent=894"}],"curies":[{"name":"wp","href":"https:\/\/api.w.org\/{rel}","templated":true}]}}