{"id":80132,"date":"2026-02-04T16:32:06","date_gmt":"2026-02-04T15:32:06","guid":{"rendered":"https:\/\/herzogtum-direkt.de\/?page_id=80132"},"modified":"2026-03-27T12:48:44","modified_gmt":"2026-03-27T11:48:44","slug":"buechen","status":"publish","type":"page","link":"https:\/\/herzogtum-direkt.de\/index.php\/herzogtum-lauenburg\/buechen\/","title":{"rendered":"B\u00fcchen"},"content":{"rendered":"<div class=\"wpb-content-wrapper\"><p>[vc_row][vc_column][vc_widget_sidebar sidebar_id=&#8220;moelln-top&#8220;][\/vc_column][\/vc_row][vc_row][vc_column offset=&#8220;vc_hidden-lg vc_hidden-md&#8220;][vc_widget_sidebar sidebar_id=&#8220;herzogtum-lauenburg-top&#8220;]<div  class=\"jeg_postblock_12 jeg_postblock jeg_module_hook jeg_pagination_nextprev jeg_col_3o3 jnews_module__0_69f304bc50aec   \" data-unique=\"jnews_module__0_69f304bc50aec\">\n\t\t\t\t\t\n\t\t\t\t\t<div class=\"jeg_block_container\">\n                    \n                    <div class=\"jeg_posts jeg_load_more_flag\"><article class=\"jeg_post jeg_pl_lg_card format-standard\">\n                    <div class=\"jeg_inner_post\">\n                        <div class=\"jeg_thumb\">\n                            \n                            <a href=\"https:\/\/herzogtum-direkt.de\/index.php\/2026\/04\/30\/seniorennachmittag-mit-bingo\/\" aria-label=\"Read article: Seniorennachmittag mit BINGO\u00a0\"><div class=\"thumbnail-container animate-lazy  size-500 \"><img fetchpriority=\"high\" decoding=\"async\" width=\"1000\" height=\"570\" src=\"https:\/\/herzogtum-direkt.de\/wp-content\/themes\/jnews\/assets\/img\/jeg-empty.png\" class=\"attachment-jnews-1140x570 size-jnews-1140x570 lazyload wp-post-image\" alt=\"Die mobile Spieliothek im Februar\" data-full-width=\"1000\" data-full-height=\"655\" data-src=\"https:\/\/herzogtum-direkt.de\/wp-content\/uploads\/2022\/01\/play-stone-g55707ed2f_1280-Spiele-foto-pixabay-1000x570.jpg\" data-srcset=\"\" data-sizes=\"auto\" data-expand=\"700\" \/><\/div><\/a>\n                        <\/div>\n                        <div class=\"jeg_postblock_content\">\n                            <div class=\"jeg_post_category\">\n                                <span>\n                                    <a href=\"https:\/\/herzogtum-direkt.de\/index.php\/category\/ausflugstipp\/\">Ausflugstipp<\/a>\n                                <\/span>\n                            <\/div>\n                            <h3 class=\"jeg_post_title\">\n                                <a href=\"https:\/\/herzogtum-direkt.de\/index.php\/2026\/04\/30\/seniorennachmittag-mit-bingo\/\">Seniorennachmittag mit BINGO\u00a0<\/a>\n                            <\/h3>\n                            <div class=\"jeg_post_meta\"><div class=\"jeg_meta_author\"><span class=\"by\">von<\/span> <a href=\"https:\/\/herzogtum-direkt.de\/index.php\/author\/pressemitteilung\/\">Pressemitteilung<\/a><\/div><div class=\"jeg_meta_date\"><a href=\"https:\/\/herzogtum-direkt.de\/index.php\/2026\/04\/30\/seniorennachmittag-mit-bingo\/\"><i class=\"fa fa-clock-o\"><\/i> April 30, 2026<\/a><\/div><div class=\"jeg_meta_comment\"><a href=\"https:\/\/herzogtum-direkt.de\/index.php\/2026\/04\/30\/seniorennachmittag-mit-bingo\/#comments\" ><i class=\"fa fa-comment-o\"><\/i> 0 <\/a><\/div><div class=\"jeg_meta_views\"><a href=\"https:\/\/herzogtum-direkt.de\/index.php\/2026\/04\/30\/seniorennachmittag-mit-bingo\/\" ><i class=\"fa fa-eye\"><\/i> 2 <\/a><\/div><\/div>\n                                <div class=\"jeg_post_excerpt\">\n                                    <p>Witzeeze (pm).\u00a0Der B\u00fcrgermeister der Gemeinde Witzeeze l\u00e4dt am Dienstag, 12. Mai 2026 wieder zum Seniorennachmittag ein. An diesem Nachmittag wollen...<\/p>\n                                    <a href=\"https:\/\/herzogtum-direkt.de\/index.php\/2026\/04\/30\/seniorennachmittag-mit-bingo\/\" class=\"jeg_readmore\">Mehr lesen<span class=\"screen-reader-text\">Details<\/span><\/a>\n                                <\/div>\n                        <\/div>\n                    <\/div>\n                <\/article><article class=\"jeg_post jeg_pl_lg_card format-standard\">\n                    <div class=\"jeg_inner_post\">\n                        <div class=\"jeg_thumb\">\n                            \n                            <a href=\"https:\/\/herzogtum-direkt.de\/index.php\/2026\/04\/29\/saisoneroeffnung-im-waldschwimmbad-buechen-2\/\" aria-label=\"Read article: Saisoner\u00f6ffnung im Waldschwimmbad B\u00fcchen\"><div class=\"thumbnail-container animate-lazy  size-500 \"><img decoding=\"async\" width=\"1000\" height=\"570\" src=\"https:\/\/herzogtum-direkt.de\/wp-content\/themes\/jnews\/assets\/img\/jeg-empty.png\" class=\"attachment-jnews-1140x570 size-jnews-1140x570 lazyload wp-post-image\" alt=\"Waldschwimmbad B\u00fcchen: Saison endet am 8. September\" data-full-width=\"1000\" data-full-height=\"750\" data-src=\"https:\/\/herzogtum-direkt.de\/wp-content\/uploads\/2023\/08\/Waldschwimmbad-Buechen-Foto-Gemeinde-Buechen-hfr-1000x570.jpg\" data-srcset=\"\" data-sizes=\"auto\" data-expand=\"700\" \/><\/div><\/a>\n                        <\/div>\n                        <div class=\"jeg_postblock_content\">\n                            <div class=\"jeg_post_category\">\n                                <span>\n                                    <a href=\"https:\/\/herzogtum-direkt.de\/index.php\/category\/herzogtum-lauenburg\/buechen\/\">B\u00fcchen<\/a>\n                                <\/span>\n                            <\/div>\n                            <h3 class=\"jeg_post_title\">\n                                <a href=\"https:\/\/herzogtum-direkt.de\/index.php\/2026\/04\/29\/saisoneroeffnung-im-waldschwimmbad-buechen-2\/\">Saisoner\u00f6ffnung im Waldschwimmbad B\u00fcchen<\/a>\n                            <\/h3>\n                            <div class=\"jeg_post_meta\"><div class=\"jeg_meta_author\"><span class=\"by\">von<\/span> <a href=\"https:\/\/herzogtum-direkt.de\/index.php\/author\/pressemitteilung\/\">Pressemitteilung<\/a><\/div><div class=\"jeg_meta_date\"><a href=\"https:\/\/herzogtum-direkt.de\/index.php\/2026\/04\/29\/saisoneroeffnung-im-waldschwimmbad-buechen-2\/\"><i class=\"fa fa-clock-o\"><\/i> April 29, 2026<\/a><\/div><div class=\"jeg_meta_comment\"><a href=\"https:\/\/herzogtum-direkt.de\/index.php\/2026\/04\/29\/saisoneroeffnung-im-waldschwimmbad-buechen-2\/#comments\" ><i class=\"fa fa-comment-o\"><\/i> 0 <\/a><\/div><div class=\"jeg_meta_views\"><a href=\"https:\/\/herzogtum-direkt.de\/index.php\/2026\/04\/29\/saisoneroeffnung-im-waldschwimmbad-buechen-2\/\" ><i class=\"fa fa-eye\"><\/i> 158 <\/a><\/div><\/div>\n                                <div class=\"jeg_post_excerpt\">\n                                    <p>B\u00fcchen (pm).\u00a0Das Waldschwimmbad B\u00fcchen \u00f6ffnet am Freitag, den 8. Mai 2026, um 14 Uhr offiziell seine Tore f\u00fcr Besucherinnen und...<\/p>\n                                    <a href=\"https:\/\/herzogtum-direkt.de\/index.php\/2026\/04\/29\/saisoneroeffnung-im-waldschwimmbad-buechen-2\/\" class=\"jeg_readmore\">Mehr lesen<span class=\"screen-reader-text\">Details<\/span><\/a>\n                                <\/div>\n                        <\/div>\n                    <\/div>\n                <\/article><article class=\"jeg_post jeg_pl_lg_card format-standard\">\n                    <div class=\"jeg_inner_post\">\n                        <div class=\"jeg_thumb\">\n                            \n                            <a href=\"https:\/\/herzogtum-direkt.de\/index.php\/2026\/04\/29\/neue-rettungswache-in-sarnekow-eingeweiht\/\" aria-label=\"Read article: Neue Rettungswache in Sarnekow eingeweiht\"><div class=\"thumbnail-container animate-lazy  size-500 \"><img decoding=\"async\" width=\"1080\" height=\"570\" src=\"https:\/\/herzogtum-direkt.de\/wp-content\/themes\/jnews\/assets\/img\/jeg-empty.png\" class=\"attachment-jnews-1140x570 size-jnews-1140x570 lazyload wp-post-image\" alt=\"Neue Rettungswache in Sarnekow eingeweiht\" data-full-width=\"1080\" data-full-height=\"1080\" data-src=\"https:\/\/herzogtum-direkt.de\/wp-content\/uploads\/2026\/04\/Rettungswache-Sarnekow-2026-hfr-1080x570.png\" data-srcset=\"\" data-sizes=\"auto\" data-expand=\"700\" \/><\/div><\/a>\n                        <\/div>\n                        <div class=\"jeg_postblock_content\">\n                            <div class=\"jeg_post_category\">\n                                <span>\n                                    <a href=\"https:\/\/herzogtum-direkt.de\/index.php\/category\/herzogtum-lauenburg\/buechen\/\">B\u00fcchen<\/a>\n                                <\/span>\n                            <\/div>\n                            <h3 class=\"jeg_post_title\">\n                                <a href=\"https:\/\/herzogtum-direkt.de\/index.php\/2026\/04\/29\/neue-rettungswache-in-sarnekow-eingeweiht\/\">Neue Rettungswache in Sarnekow eingeweiht<\/a>\n                            <\/h3>\n                            <div class=\"jeg_post_meta\"><div class=\"jeg_meta_author\"><span class=\"by\">von<\/span> <a href=\"https:\/\/herzogtum-direkt.de\/index.php\/author\/pressemitteilung\/\">Pressemitteilung<\/a><\/div><div class=\"jeg_meta_date\"><a href=\"https:\/\/herzogtum-direkt.de\/index.php\/2026\/04\/29\/neue-rettungswache-in-sarnekow-eingeweiht\/\"><i class=\"fa fa-clock-o\"><\/i> April 29, 2026<\/a><\/div><div class=\"jeg_meta_comment\"><a href=\"https:\/\/herzogtum-direkt.de\/index.php\/2026\/04\/29\/neue-rettungswache-in-sarnekow-eingeweiht\/#comments\" ><i class=\"fa fa-comment-o\"><\/i> 0 <\/a><\/div><div class=\"jeg_meta_views\"><a href=\"https:\/\/herzogtum-direkt.de\/index.php\/2026\/04\/29\/neue-rettungswache-in-sarnekow-eingeweiht\/\" ><i class=\"fa fa-eye\"><\/i> 22 <\/a><\/div><\/div>\n                                <div class=\"jeg_post_excerpt\">\n                                    <p>Sarnekow (pm).\u00a0Nach rund 1,5 Jahren Bauzeit konnte der Kreis Herzogtum Lauenburg am 21. April 2026 die neue Rettungswache in Sarnekow...<\/p>\n                                    <a href=\"https:\/\/herzogtum-direkt.de\/index.php\/2026\/04\/29\/neue-rettungswache-in-sarnekow-eingeweiht\/\" class=\"jeg_readmore\">Mehr lesen<span class=\"screen-reader-text\">Details<\/span><\/a>\n                                <\/div>\n                        <\/div>\n                    <\/div>\n                <\/article><article class=\"jeg_post jeg_pl_lg_card format-standard\">\n                    <div class=\"jeg_inner_post\">\n                        <div class=\"jeg_thumb\">\n                            \n                            <a href=\"https:\/\/herzogtum-direkt.de\/index.php\/2026\/04\/26\/kreatives-einblicke-und-grillwurst-dlrg-und-jugendzentrum-buechen-beim-tag-der-offenen-tuer\/\" aria-label=\"Read article: Kreatives, Einblicke und Grillwurst: DLRG und Jugendzentrum B\u00fcchen beim Tag der offenen T\u00fcr\"><div class=\"thumbnail-container animate-lazy  size-500 \"><img loading=\"lazy\" decoding=\"async\" width=\"1000\" height=\"570\" src=\"https:\/\/herzogtum-direkt.de\/wp-content\/themes\/jnews\/assets\/img\/jeg-empty.png\" class=\"attachment-jnews-1140x570 size-jnews-1140x570 lazyload wp-post-image\" alt=\"Ordentliche Mitgliederversammlung 2025 der DLRG Ratzeburg\" data-full-width=\"1000\" data-full-height=\"666\" data-src=\"https:\/\/herzogtum-direkt.de\/wp-content\/uploads\/2025\/04\/Rettungsring-DLRG-Pixabay-hfr-1000x570.jpg\" data-srcset=\"\" data-sizes=\"auto\" data-expand=\"700\" \/><\/div><\/a>\n                        <\/div>\n                        <div class=\"jeg_postblock_content\">\n                            <div class=\"jeg_post_category\">\n                                <span>\n                                    <a href=\"https:\/\/herzogtum-direkt.de\/index.php\/category\/ausflugstipp\/\">Ausflugstipp<\/a>\n                                <\/span>\n                            <\/div>\n                            <h3 class=\"jeg_post_title\">\n                                <a href=\"https:\/\/herzogtum-direkt.de\/index.php\/2026\/04\/26\/kreatives-einblicke-und-grillwurst-dlrg-und-jugendzentrum-buechen-beim-tag-der-offenen-tuer\/\">Kreatives, Einblicke und Grillwurst: DLRG und Jugendzentrum B\u00fcchen beim Tag der offenen T\u00fcr<\/a>\n                            <\/h3>\n                            <div class=\"jeg_post_meta\"><div class=\"jeg_meta_author\"><span class=\"by\">von<\/span> <a href=\"https:\/\/herzogtum-direkt.de\/index.php\/author\/pressemitteilung\/\">Pressemitteilung<\/a><\/div><div class=\"jeg_meta_date\"><a href=\"https:\/\/herzogtum-direkt.de\/index.php\/2026\/04\/26\/kreatives-einblicke-und-grillwurst-dlrg-und-jugendzentrum-buechen-beim-tag-der-offenen-tuer\/\"><i class=\"fa fa-clock-o\"><\/i> April 26, 2026<\/a><\/div><div class=\"jeg_meta_comment\"><a href=\"https:\/\/herzogtum-direkt.de\/index.php\/2026\/04\/26\/kreatives-einblicke-und-grillwurst-dlrg-und-jugendzentrum-buechen-beim-tag-der-offenen-tuer\/#comments\" ><i class=\"fa fa-comment-o\"><\/i> 0 <\/a><\/div><div class=\"jeg_meta_views\"><a href=\"https:\/\/herzogtum-direkt.de\/index.php\/2026\/04\/26\/kreatives-einblicke-und-grillwurst-dlrg-und-jugendzentrum-buechen-beim-tag-der-offenen-tuer\/\" ><i class=\"fa fa-eye\"><\/i> 30 <\/a><\/div><\/div>\n                                <div class=\"jeg_post_excerpt\">\n                                    <p>B\u00fcchen (pm). Am Sonnabend, 9. Mai, verwandelt sich das Gel\u00e4nde im Moorweg 16-18 in B\u00fcchen in eine bunte Erlebnismeile f\u00fcr...<\/p>\n                                    <a href=\"https:\/\/herzogtum-direkt.de\/index.php\/2026\/04\/26\/kreatives-einblicke-und-grillwurst-dlrg-und-jugendzentrum-buechen-beim-tag-der-offenen-tuer\/\" class=\"jeg_readmore\">Mehr lesen<span class=\"screen-reader-text\">Details<\/span><\/a>\n                                <\/div>\n                        <\/div>\n                    <\/div>\n                <\/article><article class=\"jeg_post jeg_pl_lg_card format-standard\">\n                    <div class=\"jeg_inner_post\">\n                        <div class=\"jeg_thumb\">\n                            \n                            <a href=\"https:\/\/herzogtum-direkt.de\/index.php\/2026\/04\/26\/firma-abel-spendiert-neues-insektenhotel\/\" aria-label=\"Read article: Firma ABEL spendiert neues Insektenhotel\"><div class=\"thumbnail-container animate-lazy  size-500 \"><img loading=\"lazy\" decoding=\"async\" width=\"1000\" height=\"570\" src=\"https:\/\/herzogtum-direkt.de\/wp-content\/themes\/jnews\/assets\/img\/jeg-empty.png\" class=\"attachment-jnews-1140x570 size-jnews-1140x570 lazyload wp-post-image\" alt=\"Firma ABEL spendiert neues Insektenhotel\" data-full-width=\"1000\" data-full-height=\"667\" data-src=\"https:\/\/herzogtum-direkt.de\/wp-content\/uploads\/2026\/04\/Buechen-Neues-Insektenhotel-2026-hfr-1000x570.jpg\" data-srcset=\"\" data-sizes=\"auto\" data-expand=\"700\" \/><\/div><\/a>\n                        <\/div>\n                        <div class=\"jeg_postblock_content\">\n                            <div class=\"jeg_post_category\">\n                                <span>\n                                    <a href=\"https:\/\/herzogtum-direkt.de\/index.php\/category\/wirtschaft\/aus-der-region\/\">Aus der Region<\/a>\n                                <\/span>\n                            <\/div>\n                            <h3 class=\"jeg_post_title\">\n                                <a href=\"https:\/\/herzogtum-direkt.de\/index.php\/2026\/04\/26\/firma-abel-spendiert-neues-insektenhotel\/\">Firma ABEL spendiert neues Insektenhotel<\/a>\n                            <\/h3>\n                            <div class=\"jeg_post_meta\"><div class=\"jeg_meta_author\"><span class=\"by\">von<\/span> <a href=\"https:\/\/herzogtum-direkt.de\/index.php\/author\/pressemitteilung\/\">Pressemitteilung<\/a><\/div><div class=\"jeg_meta_date\"><a href=\"https:\/\/herzogtum-direkt.de\/index.php\/2026\/04\/26\/firma-abel-spendiert-neues-insektenhotel\/\"><i class=\"fa fa-clock-o\"><\/i> April 26, 2026<\/a><\/div><div class=\"jeg_meta_comment\"><a href=\"https:\/\/herzogtum-direkt.de\/index.php\/2026\/04\/26\/firma-abel-spendiert-neues-insektenhotel\/#comments\" ><i class=\"fa fa-comment-o\"><\/i> 0 <\/a><\/div><div class=\"jeg_meta_views\"><a href=\"https:\/\/herzogtum-direkt.de\/index.php\/2026\/04\/26\/firma-abel-spendiert-neues-insektenhotel\/\" ><i class=\"fa fa-eye\"><\/i> 51 <\/a><\/div><\/div>\n                                <div class=\"jeg_post_excerpt\">\n                                    <p>B\u00fcchen (pm).\u00a0Die Firma ABEL Pump Technologie engagiert sich seit Jahren in Sachen Umwelt in B\u00fcchen und hat vor allem im...<\/p>\n                                    <a href=\"https:\/\/herzogtum-direkt.de\/index.php\/2026\/04\/26\/firma-abel-spendiert-neues-insektenhotel\/\" class=\"jeg_readmore\">Mehr lesen<span class=\"screen-reader-text\">Details<\/span><\/a>\n                                <\/div>\n                        <\/div>\n                    <\/div>\n                <\/article><article class=\"jeg_post jeg_pl_lg_card format-standard\">\n                    <div class=\"jeg_inner_post\">\n                        <div class=\"jeg_thumb\">\n                            \n                            <a href=\"https:\/\/herzogtum-direkt.de\/index.php\/2026\/04\/23\/treffen-der-ehrenbuergerinnen-und-buergerinnen-des-jahres-in-buechen\/\" aria-label=\"Read article: Treffen der Ehrenb\u00fcrgerinnen und B\u00fcrgerinnen des Jahres in B\u00fcchen\"><div class=\"thumbnail-container animate-lazy  size-500 \"><img loading=\"lazy\" decoding=\"async\" width=\"1000\" height=\"570\" src=\"https:\/\/herzogtum-direkt.de\/wp-content\/themes\/jnews\/assets\/img\/jeg-empty.png\" class=\"attachment-jnews-1140x570 size-jnews-1140x570 lazyload wp-post-image\" alt=\"Treffen der Ehrenb\u00fcrgerinnen und B\u00fcrgerinnen des Jahres in B\u00fcchen\" data-full-width=\"1000\" data-full-height=\"667\" data-src=\"https:\/\/herzogtum-direkt.de\/wp-content\/uploads\/2026\/04\/Treffen-der-Buechener-Ehrenbuergerinnen-und-Buergerinnen-des-Jahres-2026.-Foto-hfr-1000x570.jpg\" data-srcset=\"\" data-sizes=\"auto\" data-expand=\"700\" \/><\/div><\/a>\n                        <\/div>\n                        <div class=\"jeg_postblock_content\">\n                            <div class=\"jeg_post_category\">\n                                <span>\n                                    <a href=\"https:\/\/herzogtum-direkt.de\/index.php\/category\/herzogtum-lauenburg\/buechen\/\">B\u00fcchen<\/a>\n                                <\/span>\n                            <\/div>\n                            <h3 class=\"jeg_post_title\">\n                                <a href=\"https:\/\/herzogtum-direkt.de\/index.php\/2026\/04\/23\/treffen-der-ehrenbuergerinnen-und-buergerinnen-des-jahres-in-buechen\/\">Treffen der Ehrenb\u00fcrgerinnen und B\u00fcrgerinnen des Jahres in B\u00fcchen<\/a>\n                            <\/h3>\n                            <div class=\"jeg_post_meta\"><div class=\"jeg_meta_author\"><span class=\"by\">von<\/span> <a href=\"https:\/\/herzogtum-direkt.de\/index.php\/author\/pressemitteilung\/\">Pressemitteilung<\/a><\/div><div class=\"jeg_meta_date\"><a href=\"https:\/\/herzogtum-direkt.de\/index.php\/2026\/04\/23\/treffen-der-ehrenbuergerinnen-und-buergerinnen-des-jahres-in-buechen\/\"><i class=\"fa fa-clock-o\"><\/i> April 23, 2026<\/a><\/div><div class=\"jeg_meta_comment\"><a href=\"https:\/\/herzogtum-direkt.de\/index.php\/2026\/04\/23\/treffen-der-ehrenbuergerinnen-und-buergerinnen-des-jahres-in-buechen\/#comments\" ><i class=\"fa fa-comment-o\"><\/i> 0 <\/a><\/div><div class=\"jeg_meta_views\"><a href=\"https:\/\/herzogtum-direkt.de\/index.php\/2026\/04\/23\/treffen-der-ehrenbuergerinnen-und-buergerinnen-des-jahres-in-buechen\/\" ><i class=\"fa fa-eye\"><\/i> 106 <\/a><\/div><\/div>\n                                <div class=\"jeg_post_excerpt\">\n                                    <p>B\u00fcchen (pm). In angenehmer und herzlicher Atmosph\u00e4re fand k\u00fcrzlich das traditionelle Kaffeetrinken der Ehrenb\u00fcrger sowie der B\u00fcrgerinnen und B\u00fcrger des...<\/p>\n                                    <a href=\"https:\/\/herzogtum-direkt.de\/index.php\/2026\/04\/23\/treffen-der-ehrenbuergerinnen-und-buergerinnen-des-jahres-in-buechen\/\" class=\"jeg_readmore\">Mehr lesen<span class=\"screen-reader-text\">Details<\/span><\/a>\n                                <\/div>\n                        <\/div>\n                    <\/div>\n                <\/article><article class=\"jeg_post jeg_pl_lg_card format-standard\">\n                    <div class=\"jeg_inner_post\">\n                        <div class=\"jeg_thumb\">\n                            \n                            <a href=\"https:\/\/herzogtum-direkt.de\/index.php\/2026\/04\/23\/comedy-und-kabarett-mit-h-g-butzko-der-will-nicht-nur-spielen\/\" aria-label=\"Read article: Comedy und Kabarett mit H.G. Butzko &#8211; \u201aDer will nicht nur spielen\u2018\"><div class=\"thumbnail-container animate-lazy  size-500 \"><img loading=\"lazy\" decoding=\"async\" width=\"1000\" height=\"570\" src=\"https:\/\/herzogtum-direkt.de\/wp-content\/themes\/jnews\/assets\/img\/jeg-empty.png\" class=\"attachment-jnews-1140x570 size-jnews-1140x570 lazyload wp-post-image\" alt=\"Op Platt: De Welt beeter moken\" data-full-width=\"1000\" data-full-height=\"628\" data-src=\"https:\/\/herzogtum-direkt.de\/wp-content\/uploads\/2024\/05\/Senioren-Lachen-gemeinsam-Veranstaltung-Pixabay-1000x570.jpg\" data-srcset=\"\" data-sizes=\"auto\" data-expand=\"700\" \/><\/div><\/a>\n                        <\/div>\n                        <div class=\"jeg_postblock_content\">\n                            <div class=\"jeg_post_category\">\n                                <span>\n                                    <a href=\"https:\/\/herzogtum-direkt.de\/index.php\/category\/ausflugstipp\/\">Ausflugstipp<\/a>\n                                <\/span>\n                            <\/div>\n                            <h3 class=\"jeg_post_title\">\n                                <a href=\"https:\/\/herzogtum-direkt.de\/index.php\/2026\/04\/23\/comedy-und-kabarett-mit-h-g-butzko-der-will-nicht-nur-spielen\/\">Comedy und Kabarett mit H.G. Butzko &#8211; \u201aDer will nicht nur spielen\u2018<\/a>\n                            <\/h3>\n                            <div class=\"jeg_post_meta\"><div class=\"jeg_meta_author\"><span class=\"by\">von<\/span> <a href=\"https:\/\/herzogtum-direkt.de\/index.php\/author\/pressemitteilung\/\">Pressemitteilung<\/a><\/div><div class=\"jeg_meta_date\"><a href=\"https:\/\/herzogtum-direkt.de\/index.php\/2026\/04\/23\/comedy-und-kabarett-mit-h-g-butzko-der-will-nicht-nur-spielen\/\"><i class=\"fa fa-clock-o\"><\/i> April 23, 2026<\/a><\/div><div class=\"jeg_meta_comment\"><a href=\"https:\/\/herzogtum-direkt.de\/index.php\/2026\/04\/23\/comedy-und-kabarett-mit-h-g-butzko-der-will-nicht-nur-spielen\/#comments\" ><i class=\"fa fa-comment-o\"><\/i> 0 <\/a><\/div><div class=\"jeg_meta_views\"><a href=\"https:\/\/herzogtum-direkt.de\/index.php\/2026\/04\/23\/comedy-und-kabarett-mit-h-g-butzko-der-will-nicht-nur-spielen\/\" ><i class=\"fa fa-eye\"><\/i> 192 <\/a><\/div><\/div>\n                                <div class=\"jeg_post_excerpt\">\n                                    <p>B\u00fcchen (pm). Am Donnerstag, 7. Mai 2026 findet in der Priesterkarte in B\u00fcchen ein Comedy-Event statt. Der Beginn der Veranstaltung...<\/p>\n                                    <a href=\"https:\/\/herzogtum-direkt.de\/index.php\/2026\/04\/23\/comedy-und-kabarett-mit-h-g-butzko-der-will-nicht-nur-spielen\/\" class=\"jeg_readmore\">Mehr lesen<span class=\"screen-reader-text\">Details<\/span><\/a>\n                                <\/div>\n                        <\/div>\n                    <\/div>\n                <\/article><\/div>\n                    <div class='module-overlay'>\n\t\t\t\t    <div class='preloader_type preloader_dot'>\n\t\t\t\t        <div class=\"module-preloader jeg_preloader dot\">\n\t\t\t\t            <span><\/span><span><\/span><span><\/span>\n\t\t\t\t        <\/div>\n\t\t\t\t        <div class=\"module-preloader jeg_preloader circle\">\n\t\t\t\t            <div class=\"jnews_preloader_circle_outer\">\n\t\t\t\t                <div class=\"jnews_preloader_circle_inner\"><\/div>\n\t\t\t\t            <\/div>\n\t\t\t\t        <\/div>\n\t\t\t\t        <div class=\"module-preloader jeg_preloader square\">\n\t\t\t\t            <div class=\"jeg_square\">\n\t\t\t\t                <div class=\"jeg_square_inner\"><\/div>\n\t\t\t\t            <\/div>\n\t\t\t\t        <\/div>\n\t\t\t\t    <\/div>\n\t\t\t\t<\/div>\n                <\/div>\n                <div class=\"jeg_block_navigation\">\n                    <div class='navigation_overlay'><div class='module-preloader jeg_preloader'><span><\/span><span><\/span><span><\/span><\/div><\/div>\n                    <div class=\"jeg_block_nav \">\n                    <a href=\"#\" aria-label=\"View previous page posts\" class=\"prev disabled\" title=\"zur\u00fcck\"><i class=\"fa fa-angle-left\"><\/i><\/a>\n                    <a href=\"#\" aria-label=\"View next page posts\" class=\"next \" title=\"weiter\"><i class=\"fa fa-angle-right\"><\/i><\/a>\n                <\/div>\n                    \n                <\/div>\n\t\t\t\t\t\n\t\t\t\t\t<script>var jnews_module__0_69f304bc50aec = {\"header_icon\":\"\",\"first_title\":\"\",\"second_title\":\"\",\"url\":\"\",\"header_type\":\"heading_6\",\"header_background\":\"\",\"header_secondary_background\":\"\",\"header_text_color\":\"\",\"header_line_color\":\"\",\"header_accent_color\":\"\",\"header_filter_category\":\"\",\"header_filter_author\":\"\",\"header_filter_tag\":\"\",\"header_filter_text\":\"All\",\"sticky_post\":\"\",\"sticky_post_filter\":false,\"post_type\":\"post\",\"content_type\":\"all\",\"sponsor\":\"\",\"number_post\":\"7\",\"post_offset\":\"0\",\"unique_content\":\"unique1\",\"include_post\":\"\",\"included_only\":\"\",\"exclude_post\":\"\",\"include_category\":\"2650\",\"exclude_category\":\"\",\"include_author\":\"\",\"include_tag\":\"\",\"exclude_tag\":\"\",\"exclude_visited_post\":\"\",\"sort_by\":\"latest\",\"date_format\":\"default\",\"date_format_custom\":\"Y\\\/m\\\/d\",\"excerpt_length\":\"20\",\"excerpt_ellipsis\":\"...\",\"force_normal_image_load\":\"\",\"main_custom_image_size\":\"default\",\"pagination_mode\":\"nextprev\",\"pagination_nextprev_showtext\":\"\",\"pagination_number_post\":\"4\",\"pagination_scroll_limit\":0,\"ads_type\":\"disable\",\"ads_position\":1,\"ads_random\":\"\",\"ads_image\":\"\",\"ads_image_tablet\":\"\",\"ads_image_phone\":\"\",\"ads_image_link\":\"\",\"ads_image_alt\":\"\",\"ads_image_new_tab\":\"\",\"google_publisher_id\":\"\",\"google_slot_id\":\"\",\"google_desktop\":\"auto\",\"google_tab\":\"auto\",\"google_phone\":\"auto\",\"content\":\"\",\"ads_bottom_text\":\"\",\"el_id\":\"\",\"el_class\":\"\",\"scheme\":\"\",\"column_width\":\"auto\",\"title_color\":\"\",\"accent_color\":\"\",\"alt_color\":\"\",\"excerpt_color\":\"\",\"block_background\":\"\",\"css\":\"\",\"compatible_column_notice\":\"\",\"paged\":1,\"column_class\":\"jeg_col_3o3\",\"class\":\"jnews_block_12\"};<\/script>\n\t\t\t\t<\/div>[vc_widget_sidebar sidebar_id=&#8220;herzogtum-lbg-seite-mobil&#8220;]<div  class=\"jeg_postblock_12 jeg_postblock jeg_module_hook jeg_pagination_nextprev jeg_col_3o3 jnews_module__1_69f304bc63784   \" data-unique=\"jnews_module__1_69f304bc63784\">\n\t\t\t\t\t\n\t\t\t\t\t<div class=\"jeg_block_container\">\n                    \n                    <div class=\"jeg_posts jeg_load_more_flag\"><article class=\"jeg_post jeg_pl_lg_card format-standard\">\n                    <div class=\"jeg_inner_post\">\n                        <div class=\"jeg_thumb\">\n                            \n                            <a href=\"https:\/\/herzogtum-direkt.de\/index.php\/2026\/04\/23\/maifeuer-in-witzeeze\/\" aria-label=\"Read article: Maifeuer in Witzeeze\"><div class=\"thumbnail-container animate-lazy  size-500 \"><img loading=\"lazy\" decoding=\"async\" width=\"1000\" height=\"570\" src=\"https:\/\/herzogtum-direkt.de\/wp-content\/themes\/jnews\/assets\/img\/jeg-empty.png\" class=\"attachment-jnews-1140x570 size-jnews-1140x570 lazyload wp-post-image\" alt=\"Sternenzelt-Party des Gr\u00fcnen Kreisverbandes\" data-full-width=\"1000\" data-full-height=\"666\" data-src=\"https:\/\/herzogtum-direkt.de\/wp-content\/uploads\/2022\/10\/Lagerfeuer-Pixabay-1000x570.jpg\" data-srcset=\"\" data-sizes=\"auto\" data-expand=\"700\" \/><\/div><\/a>\n                        <\/div>\n                        <div class=\"jeg_postblock_content\">\n                            <div class=\"jeg_post_category\">\n                                <span>\n                                    <a href=\"https:\/\/herzogtum-direkt.de\/index.php\/category\/ausflugstipp\/\">Ausflugstipp<\/a>\n                                <\/span>\n                            <\/div>\n                            <h3 class=\"jeg_post_title\">\n                                <a href=\"https:\/\/herzogtum-direkt.de\/index.php\/2026\/04\/23\/maifeuer-in-witzeeze\/\">Maifeuer in Witzeeze<\/a>\n                            <\/h3>\n                            <div class=\"jeg_post_meta\"><div class=\"jeg_meta_author\"><span class=\"by\">von<\/span> <a href=\"https:\/\/herzogtum-direkt.de\/index.php\/author\/pressemitteilung\/\">Pressemitteilung<\/a><\/div><div class=\"jeg_meta_date\"><a href=\"https:\/\/herzogtum-direkt.de\/index.php\/2026\/04\/23\/maifeuer-in-witzeeze\/\"><i class=\"fa fa-clock-o\"><\/i> April 23, 2026<\/a><\/div><div class=\"jeg_meta_comment\"><a href=\"https:\/\/herzogtum-direkt.de\/index.php\/2026\/04\/23\/maifeuer-in-witzeeze\/#comments\" ><i class=\"fa fa-comment-o\"><\/i> 0 <\/a><\/div><div class=\"jeg_meta_views\"><a href=\"https:\/\/herzogtum-direkt.de\/index.php\/2026\/04\/23\/maifeuer-in-witzeeze\/\" ><i class=\"fa fa-eye\"><\/i> 62 <\/a><\/div><\/div>\n                                <div class=\"jeg_post_excerpt\">\n                                    <p>Witzeeze (pm). Am Donnerstag, 30. April 2025 ist es wieder so weit: Die Gemeinde Witzeeze l\u00e4dt herzlich zum Maifeuer auf...<\/p>\n                                    <a href=\"https:\/\/herzogtum-direkt.de\/index.php\/2026\/04\/23\/maifeuer-in-witzeeze\/\" class=\"jeg_readmore\">Mehr lesen<span class=\"screen-reader-text\">Details<\/span><\/a>\n                                <\/div>\n                        <\/div>\n                    <\/div>\n                <\/article><article class=\"jeg_post jeg_pl_lg_card format-standard\">\n                    <div class=\"jeg_inner_post\">\n                        <div class=\"jeg_thumb\">\n                            \n                            <a href=\"https:\/\/herzogtum-direkt.de\/index.php\/2026\/04\/22\/erasmus-fahrt-nach-liperi\/\" aria-label=\"Read article: Erasmus-Fahrt nach Liperi\"><div class=\"thumbnail-container animate-lazy  size-500 \"><img loading=\"lazy\" decoding=\"async\" width=\"1000\" height=\"570\" src=\"https:\/\/herzogtum-direkt.de\/wp-content\/themes\/jnews\/assets\/img\/jeg-empty.png\" class=\"attachment-jnews-1140x570 size-jnews-1140x570 lazyload wp-post-image\" alt=\"Erasmus-Fahrt nach Liperi\" data-full-width=\"1000\" data-full-height=\"750\" data-src=\"https:\/\/herzogtum-direkt.de\/wp-content\/uploads\/2026\/04\/Gruppenbild-im-Bau.-Foto-FBG-hfr-1000x570.jpg\" data-srcset=\"\" data-sizes=\"auto\" data-expand=\"700\" \/><\/div><\/a>\n                        <\/div>\n                        <div class=\"jeg_postblock_content\">\n                            <div class=\"jeg_post_category\">\n                                <span>\n                                    <a href=\"https:\/\/herzogtum-direkt.de\/index.php\/category\/herzogtum-lauenburg\/buechen\/\">B\u00fcchen<\/a>\n                                <\/span>\n                            <\/div>\n                            <h3 class=\"jeg_post_title\">\n                                <a href=\"https:\/\/herzogtum-direkt.de\/index.php\/2026\/04\/22\/erasmus-fahrt-nach-liperi\/\">Erasmus-Fahrt nach Liperi<\/a>\n                            <\/h3>\n                            <div class=\"jeg_post_meta\"><div class=\"jeg_meta_author\"><span class=\"by\">von<\/span> <a href=\"https:\/\/herzogtum-direkt.de\/index.php\/author\/pressemitteilung\/\">Pressemitteilung<\/a><\/div><div class=\"jeg_meta_date\"><a href=\"https:\/\/herzogtum-direkt.de\/index.php\/2026\/04\/22\/erasmus-fahrt-nach-liperi\/\"><i class=\"fa fa-clock-o\"><\/i> April 22, 2026<\/a><\/div><div class=\"jeg_meta_comment\"><a href=\"https:\/\/herzogtum-direkt.de\/index.php\/2026\/04\/22\/erasmus-fahrt-nach-liperi\/#comments\" ><i class=\"fa fa-comment-o\"><\/i> 0 <\/a><\/div><div class=\"jeg_meta_views\"><a href=\"https:\/\/herzogtum-direkt.de\/index.php\/2026\/04\/22\/erasmus-fahrt-nach-liperi\/\" ><i class=\"fa fa-eye\"><\/i> 63 <\/a><\/div><\/div>\n                                <div class=\"jeg_post_excerpt\">\n                                    <p>B\u00fcchen (pm). Im Rahmen des Erasmus+ Programms reiste vom 6. bis 11. April 2026 eine Gruppe von Lehrkr\u00e4ften der Friedegart-Belusa-Gemeinschaftsschule...<\/p>\n                                    <a href=\"https:\/\/herzogtum-direkt.de\/index.php\/2026\/04\/22\/erasmus-fahrt-nach-liperi\/\" class=\"jeg_readmore\">Mehr lesen<span class=\"screen-reader-text\">Details<\/span><\/a>\n                                <\/div>\n                        <\/div>\n                    <\/div>\n                <\/article><article class=\"jeg_post jeg_pl_lg_card format-standard\">\n                    <div class=\"jeg_inner_post\">\n                        <div class=\"jeg_thumb\">\n                            \n                            <a href=\"https:\/\/herzogtum-direkt.de\/index.php\/2026\/04\/21\/musik-am-maifeuer-mit-der-band-die-herren\/\" aria-label=\"Read article: Musik am Maifeuer mit der Band &#8218;Die Herren&#8216;\"><div class=\"thumbnail-container animate-lazy  size-500 \"><img loading=\"lazy\" decoding=\"async\" width=\"1000\" height=\"570\" src=\"https:\/\/herzogtum-direkt.de\/wp-content\/themes\/jnews\/assets\/img\/jeg-empty.png\" class=\"attachment-jnews-1140x570 size-jnews-1140x570 lazyload wp-post-image\" alt=\"Musik am Maifeuer mit der Band &#8218;Die Herren&#8216;\" data-full-width=\"1000\" data-full-height=\"667\" data-src=\"https:\/\/herzogtum-direkt.de\/wp-content\/uploads\/2026\/04\/Die-Herren-Foto-Silke-Roschewski-1000x570.jpg\" data-srcset=\"\" data-sizes=\"auto\" data-expand=\"700\" \/><\/div><\/a>\n                        <\/div>\n                        <div class=\"jeg_postblock_content\">\n                            <div class=\"jeg_post_category\">\n                                <span>\n                                    <a href=\"https:\/\/herzogtum-direkt.de\/index.php\/category\/ausflugstipp\/\">Ausflugstipp<\/a>\n                                <\/span>\n                            <\/div>\n                            <h3 class=\"jeg_post_title\">\n                                <a href=\"https:\/\/herzogtum-direkt.de\/index.php\/2026\/04\/21\/musik-am-maifeuer-mit-der-band-die-herren\/\">Musik am Maifeuer mit der Band &#8218;Die Herren&#8216;<\/a>\n                            <\/h3>\n                            <div class=\"jeg_post_meta\"><div class=\"jeg_meta_author\"><span class=\"by\">von<\/span> <a href=\"https:\/\/herzogtum-direkt.de\/index.php\/author\/pressemitteilung\/\">Pressemitteilung<\/a><\/div><div class=\"jeg_meta_date\"><a href=\"https:\/\/herzogtum-direkt.de\/index.php\/2026\/04\/21\/musik-am-maifeuer-mit-der-band-die-herren\/\"><i class=\"fa fa-clock-o\"><\/i> April 21, 2026<\/a><\/div><div class=\"jeg_meta_comment\"><a href=\"https:\/\/herzogtum-direkt.de\/index.php\/2026\/04\/21\/musik-am-maifeuer-mit-der-band-die-herren\/#comments\" ><i class=\"fa fa-comment-o\"><\/i> 0 <\/a><\/div><div class=\"jeg_meta_views\"><a href=\"https:\/\/herzogtum-direkt.de\/index.php\/2026\/04\/21\/musik-am-maifeuer-mit-der-band-die-herren\/\" ><i class=\"fa fa-eye\"><\/i> 171 <\/a><\/div><\/div>\n                                <div class=\"jeg_post_excerpt\">\n                                    <p>Witzeeze (pm). \u201eDie Herren\u201c erfreuen ihr Publikum am Donnerstag, 30. April 2026 um 20 Uhr im Zelt am Sportplatz in...<\/p>\n                                    <a href=\"https:\/\/herzogtum-direkt.de\/index.php\/2026\/04\/21\/musik-am-maifeuer-mit-der-band-die-herren\/\" class=\"jeg_readmore\">Mehr lesen<span class=\"screen-reader-text\">Details<\/span><\/a>\n                                <\/div>\n                        <\/div>\n                    <\/div>\n                <\/article><article class=\"jeg_post jeg_pl_lg_card format-standard\">\n                    <div class=\"jeg_inner_post\">\n                        <div class=\"jeg_thumb\">\n                            \n                            <a href=\"https:\/\/herzogtum-direkt.de\/index.php\/2026\/04\/20\/radtour-mit-der-adfc-ortsgruppe-buechen-2\/\" aria-label=\"Read article: Radtour mit der ADFC Ortsgruppe B\u00fcchen\"><div class=\"thumbnail-container animate-lazy  size-500 \"><img loading=\"lazy\" decoding=\"async\" width=\"1000\" height=\"570\" src=\"https:\/\/herzogtum-direkt.de\/wp-content\/themes\/jnews\/assets\/img\/jeg-empty.png\" class=\"attachment-jnews-1140x570 size-jnews-1140x570 lazyload wp-post-image\" alt=\"H\u00f6rgeschichten zum Radfahren\" data-full-width=\"1000\" data-full-height=\"667\" data-src=\"https:\/\/herzogtum-direkt.de\/wp-content\/uploads\/2022\/10\/Radfahren-Natur-Senioren-Pixabay-1000x570.jpg\" data-srcset=\"\" data-sizes=\"auto\" data-expand=\"700\" \/><\/div><\/a>\n                        <\/div>\n                        <div class=\"jeg_postblock_content\">\n                            <div class=\"jeg_post_category\">\n                                <span>\n                                    <a href=\"https:\/\/herzogtum-direkt.de\/index.php\/category\/ausflugstipp\/\">Ausflugstipp<\/a>\n                                <\/span>\n                            <\/div>\n                            <h3 class=\"jeg_post_title\">\n                                <a href=\"https:\/\/herzogtum-direkt.de\/index.php\/2026\/04\/20\/radtour-mit-der-adfc-ortsgruppe-buechen-2\/\">Radtour mit der ADFC Ortsgruppe B\u00fcchen<\/a>\n                            <\/h3>\n                            <div class=\"jeg_post_meta\"><div class=\"jeg_meta_author\"><span class=\"by\">von<\/span> <a href=\"https:\/\/herzogtum-direkt.de\/index.php\/author\/pressemitteilung\/\">Pressemitteilung<\/a><\/div><div class=\"jeg_meta_date\"><a href=\"https:\/\/herzogtum-direkt.de\/index.php\/2026\/04\/20\/radtour-mit-der-adfc-ortsgruppe-buechen-2\/\"><i class=\"fa fa-clock-o\"><\/i> April 20, 2026<\/a><\/div><div class=\"jeg_meta_comment\"><a href=\"https:\/\/herzogtum-direkt.de\/index.php\/2026\/04\/20\/radtour-mit-der-adfc-ortsgruppe-buechen-2\/#comments\" ><i class=\"fa fa-comment-o\"><\/i> 0 <\/a><\/div><div class=\"jeg_meta_views\"><a href=\"https:\/\/herzogtum-direkt.de\/index.php\/2026\/04\/20\/radtour-mit-der-adfc-ortsgruppe-buechen-2\/\" ><i class=\"fa fa-eye\"><\/i> 41 <\/a><\/div><\/div>\n                                <div class=\"jeg_post_excerpt\">\n                                    <p>B\u00fcchen (pm). Die RadlerInnen des ADFC B\u00fcchen werden am Sonntag, 3. Mai 2026 eine gemeinsame Radtour zum Naturschutzgebiet Hahnheide unternehmen...<\/p>\n                                    <a href=\"https:\/\/herzogtum-direkt.de\/index.php\/2026\/04\/20\/radtour-mit-der-adfc-ortsgruppe-buechen-2\/\" class=\"jeg_readmore\">Mehr lesen<span class=\"screen-reader-text\">Details<\/span><\/a>\n                                <\/div>\n                        <\/div>\n                    <\/div>\n                <\/article><article class=\"jeg_post jeg_pl_lg_card format-standard\">\n                    <div class=\"jeg_inner_post\">\n                        <div class=\"jeg_thumb\">\n                            \n                            <a href=\"https:\/\/herzogtum-direkt.de\/index.php\/2026\/04\/18\/einladung-zur-sitzung-der-gemeindevertretung-besenthal-gemeinsam-die-zukunft-gestalten\/\" aria-label=\"Read article: Einladung zur Sitzung der Gemeindevertretung Besenthal \u2013 Gemeinsam die Zukunft gestalten\"><div class=\"thumbnail-container animate-lazy  size-500 \"><img loading=\"lazy\" decoding=\"async\" width=\"1000\" height=\"570\" src=\"https:\/\/herzogtum-direkt.de\/wp-content\/themes\/jnews\/assets\/img\/jeg-empty.png\" class=\"attachment-jnews-1140x570 size-jnews-1140x570 lazyload wp-post-image\" alt=\"Einladung zur Sitzung der Gemeindevertretung Besenthal \u2013 Gemeinsam die Zukunft gestalten\" data-full-width=\"1000\" data-full-height=\"666\" data-src=\"https:\/\/herzogtum-direkt.de\/wp-content\/uploads\/2026\/04\/Abstimmung-Demo-Vortrag-Versammlung-Pixabay-2026-hfr-desktop-3207592_1280-1000x570.jpg\" data-srcset=\"\" data-sizes=\"auto\" data-expand=\"700\" \/><\/div><\/a>\n                        <\/div>\n                        <div class=\"jeg_postblock_content\">\n                            <div class=\"jeg_post_category\">\n                                <span>\n                                    <a href=\"https:\/\/herzogtum-direkt.de\/index.php\/category\/herzogtum-lauenburg\/buechen\/\">B\u00fcchen<\/a>\n                                <\/span>\n                            <\/div>\n                            <h3 class=\"jeg_post_title\">\n                                <a href=\"https:\/\/herzogtum-direkt.de\/index.php\/2026\/04\/18\/einladung-zur-sitzung-der-gemeindevertretung-besenthal-gemeinsam-die-zukunft-gestalten\/\">Einladung zur Sitzung der Gemeindevertretung Besenthal \u2013 Gemeinsam die Zukunft gestalten<\/a>\n                            <\/h3>\n                            <div class=\"jeg_post_meta\"><div class=\"jeg_meta_author\"><span class=\"by\">von<\/span> <a href=\"https:\/\/herzogtum-direkt.de\/index.php\/author\/admin_gesine\/\">Gesine Biller<\/a><\/div><div class=\"jeg_meta_date\"><a href=\"https:\/\/herzogtum-direkt.de\/index.php\/2026\/04\/18\/einladung-zur-sitzung-der-gemeindevertretung-besenthal-gemeinsam-die-zukunft-gestalten\/\"><i class=\"fa fa-clock-o\"><\/i> April 18, 2026<\/a><\/div><div class=\"jeg_meta_comment\"><a href=\"https:\/\/herzogtum-direkt.de\/index.php\/2026\/04\/18\/einladung-zur-sitzung-der-gemeindevertretung-besenthal-gemeinsam-die-zukunft-gestalten\/#comments\" ><i class=\"fa fa-comment-o\"><\/i> 0 <\/a><\/div><div class=\"jeg_meta_views\"><a href=\"https:\/\/herzogtum-direkt.de\/index.php\/2026\/04\/18\/einladung-zur-sitzung-der-gemeindevertretung-besenthal-gemeinsam-die-zukunft-gestalten\/\" ><i class=\"fa fa-eye\"><\/i> 44 <\/a><\/div><\/div>\n                                <div class=\"jeg_post_excerpt\">\n                                    <p>Besenthal (pm\/gb). Am Dienstag, dem 28. April 2026, \u00f6ffnet sich um 19.30 Uhr im D\u00f6rphuus, Am Brink 3, in\u00a0 Besenthal...<\/p>\n                                    <a href=\"https:\/\/herzogtum-direkt.de\/index.php\/2026\/04\/18\/einladung-zur-sitzung-der-gemeindevertretung-besenthal-gemeinsam-die-zukunft-gestalten\/\" class=\"jeg_readmore\">Mehr lesen<span class=\"screen-reader-text\">Details<\/span><\/a>\n                                <\/div>\n                        <\/div>\n                    <\/div>\n                <\/article><article class=\"jeg_post jeg_pl_lg_card format-standard\">\n                    <div class=\"jeg_inner_post\">\n                        <div class=\"jeg_thumb\">\n                            \n                            <a href=\"https:\/\/herzogtum-direkt.de\/index.php\/2026\/04\/17\/gudows-buergerinitiative-warnt-vor-windpark-plaenen-in-sensibler-region\/\" aria-label=\"Read article: Gudows B\u00fcrgerinitiative warnt vor Windpark-Pl\u00e4nen in sensibler Region\"><div class=\"thumbnail-container animate-lazy  size-500 \"><img loading=\"lazy\" decoding=\"async\" width=\"1000\" height=\"570\" src=\"https:\/\/herzogtum-direkt.de\/wp-content\/themes\/jnews\/assets\/img\/jeg-empty.png\" class=\"attachment-jnews-1140x570 size-jnews-1140x570 lazyload wp-post-image\" alt=\"Landesregierung legt aktuellen Zeitplan zur Windplanung fest\" data-full-width=\"1000\" data-full-height=\"653\" data-src=\"https:\/\/herzogtum-direkt.de\/wp-content\/uploads\/2018\/03\/Windkraftanlage-1000x570.jpg\" data-srcset=\"\" data-sizes=\"auto\" data-expand=\"700\" \/><\/div><\/a>\n                        <\/div>\n                        <div class=\"jeg_postblock_content\">\n                            <div class=\"jeg_post_category\">\n                                <span>\n                                    <a href=\"https:\/\/herzogtum-direkt.de\/index.php\/category\/herzogtum-lauenburg\/buechen\/\">B\u00fcchen<\/a>\n                                <\/span>\n                            <\/div>\n                            <h3 class=\"jeg_post_title\">\n                                <a href=\"https:\/\/herzogtum-direkt.de\/index.php\/2026\/04\/17\/gudows-buergerinitiative-warnt-vor-windpark-plaenen-in-sensibler-region\/\">Gudows B\u00fcrgerinitiative warnt vor Windpark-Pl\u00e4nen in sensibler Region<\/a>\n                            <\/h3>\n                            <div class=\"jeg_post_meta\"><div class=\"jeg_meta_author\"><span class=\"by\">von<\/span> <a href=\"https:\/\/herzogtum-direkt.de\/index.php\/author\/admin_ir2rtpca\/\">Andreas Anders<\/a><\/div><div class=\"jeg_meta_date\"><a href=\"https:\/\/herzogtum-direkt.de\/index.php\/2026\/04\/17\/gudows-buergerinitiative-warnt-vor-windpark-plaenen-in-sensibler-region\/\"><i class=\"fa fa-clock-o\"><\/i> April 17, 2026<\/a><\/div><div class=\"jeg_meta_comment\"><a href=\"https:\/\/herzogtum-direkt.de\/index.php\/2026\/04\/17\/gudows-buergerinitiative-warnt-vor-windpark-plaenen-in-sensibler-region\/#comments\" ><i class=\"fa fa-comment-o\"><\/i> 0 <\/a><\/div><div class=\"jeg_meta_views\"><a href=\"https:\/\/herzogtum-direkt.de\/index.php\/2026\/04\/17\/gudows-buergerinitiative-warnt-vor-windpark-plaenen-in-sensibler-region\/\" ><i class=\"fa fa-eye\"><\/i> 380 <\/a><\/div><\/div>\n                                <div class=\"jeg_post_excerpt\">\n                                    <p>Gudow (aa\/pm). In den kommenden Gemeinderatssitzungen in Gudow soll \u00fcber die Ausweisung zus\u00e4tzlicher Fl\u00e4chen f\u00fcr Windenergieanlagen entschieden werden. Neben den...<\/p>\n                                    <a href=\"https:\/\/herzogtum-direkt.de\/index.php\/2026\/04\/17\/gudows-buergerinitiative-warnt-vor-windpark-plaenen-in-sensibler-region\/\" class=\"jeg_readmore\">Mehr lesen<span class=\"screen-reader-text\">Details<\/span><\/a>\n                                <\/div>\n                        <\/div>\n                    <\/div>\n                <\/article><article class=\"jeg_post jeg_pl_lg_card format-standard\">\n                    <div class=\"jeg_inner_post\">\n                        <div class=\"jeg_thumb\">\n                            \n                            <a href=\"https:\/\/herzogtum-direkt.de\/index.php\/2026\/04\/16\/demokratie-erleben-und-mitgestalten-in-gudow\/\" aria-label=\"Read article: Demokratie erleben und mitgestalten in Gudow\"><div class=\"thumbnail-container animate-lazy  size-500 \"><img loading=\"lazy\" decoding=\"async\" width=\"1140\" height=\"570\" src=\"https:\/\/herzogtum-direkt.de\/wp-content\/themes\/jnews\/assets\/img\/jeg-empty.png\" class=\"attachment-jnews-1140x570 size-jnews-1140x570 lazyload wp-post-image\" alt=\"Stromnetz: Anstieg der Abregelungen durch Engp\u00e4sse in Schleswig-Holstein erwartet\" sizes=\"(max-width: 1140px) 100vw, 1140px\" data-full-width=\"2000\" data-full-height=\"1194\" data-src=\"https:\/\/herzogtum-direkt.de\/wp-content\/uploads\/2018\/06\/Windkraft04-1140x570.jpg\" data-srcset=\"https:\/\/herzogtum-direkt.de\/wp-content\/uploads\/2018\/06\/Windkraft04-1140x570.jpg 1140w, https:\/\/herzogtum-direkt.de\/wp-content\/uploads\/2018\/06\/Windkraft04-360x180.jpg 360w, https:\/\/herzogtum-direkt.de\/wp-content\/uploads\/2018\/06\/Windkraft04-750x375.jpg 750w\" data-sizes=\"auto\" data-expand=\"700\" \/><\/div><\/a>\n                        <\/div>\n                        <div class=\"jeg_postblock_content\">\n                            <div class=\"jeg_post_category\">\n                                <span>\n                                    <a href=\"https:\/\/herzogtum-direkt.de\/index.php\/category\/herzogtum-lauenburg\/buechen\/\">B\u00fcchen<\/a>\n                                <\/span>\n                            <\/div>\n                            <h3 class=\"jeg_post_title\">\n                                <a href=\"https:\/\/herzogtum-direkt.de\/index.php\/2026\/04\/16\/demokratie-erleben-und-mitgestalten-in-gudow\/\">Demokratie erleben und mitgestalten in Gudow<\/a>\n                            <\/h3>\n                            <div class=\"jeg_post_meta\"><div class=\"jeg_meta_author\"><span class=\"by\">von<\/span> <a href=\"https:\/\/herzogtum-direkt.de\/index.php\/author\/admin_gesine\/\">Gesine Biller<\/a><\/div><div class=\"jeg_meta_date\"><a href=\"https:\/\/herzogtum-direkt.de\/index.php\/2026\/04\/16\/demokratie-erleben-und-mitgestalten-in-gudow\/\"><i class=\"fa fa-clock-o\"><\/i> April 16, 2026<\/a><\/div><div class=\"jeg_meta_comment\"><a href=\"https:\/\/herzogtum-direkt.de\/index.php\/2026\/04\/16\/demokratie-erleben-und-mitgestalten-in-gudow\/#comments\" ><i class=\"fa fa-comment-o\"><\/i> 0 <\/a><\/div><div class=\"jeg_meta_views\"><a href=\"https:\/\/herzogtum-direkt.de\/index.php\/2026\/04\/16\/demokratie-erleben-und-mitgestalten-in-gudow\/\" ><i class=\"fa fa-eye\"><\/i> 75 <\/a><\/div><\/div>\n                                <div class=\"jeg_post_excerpt\">\n                                    <p>Gudow (pm\/gb). Demokratie entsteht durch aktive Teilhabe. Am Dienstag, 28. April 2026, um 19 Uhr, findet in der Alten Schule...<\/p>\n                                    <a href=\"https:\/\/herzogtum-direkt.de\/index.php\/2026\/04\/16\/demokratie-erleben-und-mitgestalten-in-gudow\/\" class=\"jeg_readmore\">Mehr lesen<span class=\"screen-reader-text\">Details<\/span><\/a>\n                                <\/div>\n                        <\/div>\n                    <\/div>\n                <\/article><\/div>\n                    <div class='module-overlay'>\n\t\t\t\t    <div class='preloader_type preloader_dot'>\n\t\t\t\t        <div class=\"module-preloader jeg_preloader dot\">\n\t\t\t\t            <span><\/span><span><\/span><span><\/span>\n\t\t\t\t        <\/div>\n\t\t\t\t        <div class=\"module-preloader jeg_preloader circle\">\n\t\t\t\t            <div class=\"jnews_preloader_circle_outer\">\n\t\t\t\t                <div class=\"jnews_preloader_circle_inner\"><\/div>\n\t\t\t\t            <\/div>\n\t\t\t\t        <\/div>\n\t\t\t\t        <div class=\"module-preloader jeg_preloader square\">\n\t\t\t\t            <div class=\"jeg_square\">\n\t\t\t\t                <div class=\"jeg_square_inner\"><\/div>\n\t\t\t\t            <\/div>\n\t\t\t\t        <\/div>\n\t\t\t\t    <\/div>\n\t\t\t\t<\/div>\n                <\/div>\n                <div class=\"jeg_block_navigation\">\n                    <div class='navigation_overlay'><div class='module-preloader jeg_preloader'><span><\/span><span><\/span><span><\/span><\/div><\/div>\n                    <div class=\"jeg_block_nav \">\n                    <a href=\"#\" aria-label=\"View previous page posts\" class=\"prev disabled\" title=\"zur\u00fcck\"><i class=\"fa fa-angle-left\"><\/i><\/a>\n                    <a href=\"#\" aria-label=\"View next page posts\" class=\"next \" title=\"weiter\"><i class=\"fa fa-angle-right\"><\/i><\/a>\n                <\/div>\n                    \n                <\/div>\n\t\t\t\t\t\n\t\t\t\t\t<script>var jnews_module__1_69f304bc63784 = {\"header_icon\":\"\",\"first_title\":\"\",\"second_title\":\"\",\"url\":\"\",\"header_type\":\"heading_6\",\"header_background\":\"\",\"header_secondary_background\":\"\",\"header_text_color\":\"\",\"header_line_color\":\"\",\"header_accent_color\":\"\",\"header_filter_category\":\"\",\"header_filter_author\":\"\",\"header_filter_tag\":\"\",\"header_filter_text\":\"All\",\"sticky_post\":\"\",\"sticky_post_filter\":false,\"post_type\":\"post\",\"content_type\":\"all\",\"sponsor\":\"\",\"number_post\":\"7\",\"post_offset\":\"0\",\"unique_content\":\"unique1\",\"include_post\":\"\",\"included_only\":\"\",\"exclude_post\":\"82762,82729,82726,82248,82578,82552,82548\",\"include_category\":\"2650\",\"exclude_category\":\"\",\"include_author\":\"\",\"include_tag\":\"\",\"exclude_tag\":\"\",\"exclude_visited_post\":\"\",\"sort_by\":\"latest\",\"date_format\":\"default\",\"date_format_custom\":\"Y\\\/m\\\/d\",\"excerpt_length\":\"20\",\"excerpt_ellipsis\":\"...\",\"force_normal_image_load\":\"\",\"main_custom_image_size\":\"default\",\"pagination_mode\":\"nextprev\",\"pagination_nextprev_showtext\":\"\",\"pagination_number_post\":\"4\",\"pagination_scroll_limit\":0,\"ads_type\":\"disable\",\"ads_position\":1,\"ads_random\":\"\",\"ads_image\":\"\",\"ads_image_tablet\":\"\",\"ads_image_phone\":\"\",\"ads_image_link\":\"\",\"ads_image_alt\":\"\",\"ads_image_new_tab\":\"\",\"google_publisher_id\":\"\",\"google_slot_id\":\"\",\"google_desktop\":\"auto\",\"google_tab\":\"auto\",\"google_phone\":\"auto\",\"content\":\"\",\"ads_bottom_text\":\"\",\"el_id\":\"\",\"el_class\":\"\",\"scheme\":\"\",\"column_width\":\"auto\",\"title_color\":\"\",\"accent_color\":\"\",\"alt_color\":\"\",\"excerpt_color\":\"\",\"block_background\":\"\",\"css\":\"\",\"compatible_column_notice\":\"\",\"paged\":1,\"column_class\":\"jeg_col_3o3\",\"class\":\"jnews_block_12\"};<\/script>\n\t\t\t\t<\/div>[vc_widget_sidebar sidebar_id=&#8220;herzogtum-lbg-seite-mobil&#8220;][\/vc_column][\/vc_row][vc_row][vc_column width=&#8220;2\/3&#8243; offset=&#8220;vc_hidden-xs&#8220;]<div  class=\"jeg_postblock_12 jeg_postblock jeg_module_hook jeg_pagination_nextprev jeg_col_3o3 jnews_module__2_69f304bc6bc7c   \" data-unique=\"jnews_module__2_69f304bc6bc7c\">\n\t\t\t\t\t\n\t\t\t\t\t<div class=\"jeg_block_container\">\n                    \n                    <div class=\"jeg_posts jeg_load_more_flag\"><article class=\"jeg_post jeg_pl_lg_card format-standard\">\n                    <div class=\"jeg_inner_post\">\n                        <div class=\"jeg_thumb\">\n                            \n                            <a href=\"https:\/\/herzogtum-direkt.de\/index.php\/2026\/04\/26\/kreatives-einblicke-und-grillwurst-dlrg-und-jugendzentrum-buechen-beim-tag-der-offenen-tuer\/\" aria-label=\"Read article: Kreatives, Einblicke und Grillwurst: DLRG und Jugendzentrum B\u00fcchen beim Tag der offenen T\u00fcr\"><div class=\"thumbnail-container animate-lazy  size-500 \"><img loading=\"lazy\" decoding=\"async\" width=\"1000\" height=\"570\" src=\"https:\/\/herzogtum-direkt.de\/wp-content\/themes\/jnews\/assets\/img\/jeg-empty.png\" class=\"attachment-jnews-1140x570 size-jnews-1140x570 lazyload wp-post-image\" alt=\"Ordentliche Mitgliederversammlung 2025 der DLRG Ratzeburg\" data-full-width=\"1000\" data-full-height=\"666\" data-src=\"https:\/\/herzogtum-direkt.de\/wp-content\/uploads\/2025\/04\/Rettungsring-DLRG-Pixabay-hfr-1000x570.jpg\" data-srcset=\"\" data-sizes=\"auto\" data-expand=\"700\" \/><\/div><\/a>\n                        <\/div>\n                        <div class=\"jeg_postblock_content\">\n                            <div class=\"jeg_post_category\">\n                                <span>\n                                    <a href=\"https:\/\/herzogtum-direkt.de\/index.php\/category\/ausflugstipp\/\">Ausflugstipp<\/a>\n                                <\/span>\n                            <\/div>\n                            <h3 class=\"jeg_post_title\">\n                                <a href=\"https:\/\/herzogtum-direkt.de\/index.php\/2026\/04\/26\/kreatives-einblicke-und-grillwurst-dlrg-und-jugendzentrum-buechen-beim-tag-der-offenen-tuer\/\">Kreatives, Einblicke und Grillwurst: DLRG und Jugendzentrum B\u00fcchen beim Tag der offenen T\u00fcr<\/a>\n                            <\/h3>\n                            <div class=\"jeg_post_meta\"><div class=\"jeg_meta_author\"><span class=\"by\">von<\/span> <a href=\"https:\/\/herzogtum-direkt.de\/index.php\/author\/pressemitteilung\/\">Pressemitteilung<\/a><\/div><div class=\"jeg_meta_date\"><a href=\"https:\/\/herzogtum-direkt.de\/index.php\/2026\/04\/26\/kreatives-einblicke-und-grillwurst-dlrg-und-jugendzentrum-buechen-beim-tag-der-offenen-tuer\/\"><i class=\"fa fa-clock-o\"><\/i> April 26, 2026<\/a><\/div><div class=\"jeg_meta_comment\"><a href=\"https:\/\/herzogtum-direkt.de\/index.php\/2026\/04\/26\/kreatives-einblicke-und-grillwurst-dlrg-und-jugendzentrum-buechen-beim-tag-der-offenen-tuer\/#comments\" ><i class=\"fa fa-comment-o\"><\/i> 0 <\/a><\/div><div class=\"jeg_meta_views\"><a href=\"https:\/\/herzogtum-direkt.de\/index.php\/2026\/04\/26\/kreatives-einblicke-und-grillwurst-dlrg-und-jugendzentrum-buechen-beim-tag-der-offenen-tuer\/\" ><i class=\"fa fa-eye\"><\/i> 30 <\/a><\/div><\/div>\n                                <div class=\"jeg_post_excerpt\">\n                                    <p>B\u00fcchen (pm). Am Sonnabend, 9. Mai, verwandelt sich das Gel\u00e4nde im Moorweg 16-18 in B\u00fcchen in eine bunte Erlebnismeile f\u00fcr...<\/p>\n                                    <a href=\"https:\/\/herzogtum-direkt.de\/index.php\/2026\/04\/26\/kreatives-einblicke-und-grillwurst-dlrg-und-jugendzentrum-buechen-beim-tag-der-offenen-tuer\/\" class=\"jeg_readmore\">Mehr lesen<span class=\"screen-reader-text\">Details<\/span><\/a>\n                                <\/div>\n                        <\/div>\n                    <\/div>\n                <\/article><article class=\"jeg_post jeg_pl_lg_card format-standard\">\n                    <div class=\"jeg_inner_post\">\n                        <div class=\"jeg_thumb\">\n                            \n                            <a href=\"https:\/\/herzogtum-direkt.de\/index.php\/2026\/04\/26\/firma-abel-spendiert-neues-insektenhotel\/\" aria-label=\"Read article: Firma ABEL spendiert neues Insektenhotel\"><div class=\"thumbnail-container animate-lazy  size-500 \"><img loading=\"lazy\" decoding=\"async\" width=\"1000\" height=\"570\" src=\"https:\/\/herzogtum-direkt.de\/wp-content\/themes\/jnews\/assets\/img\/jeg-empty.png\" class=\"attachment-jnews-1140x570 size-jnews-1140x570 lazyload wp-post-image\" alt=\"Firma ABEL spendiert neues Insektenhotel\" data-full-width=\"1000\" data-full-height=\"667\" data-src=\"https:\/\/herzogtum-direkt.de\/wp-content\/uploads\/2026\/04\/Buechen-Neues-Insektenhotel-2026-hfr-1000x570.jpg\" data-srcset=\"\" data-sizes=\"auto\" data-expand=\"700\" \/><\/div><\/a>\n                        <\/div>\n                        <div class=\"jeg_postblock_content\">\n                            <div class=\"jeg_post_category\">\n                                <span>\n                                    <a href=\"https:\/\/herzogtum-direkt.de\/index.php\/category\/wirtschaft\/aus-der-region\/\">Aus der Region<\/a>\n                                <\/span>\n                            <\/div>\n                            <h3 class=\"jeg_post_title\">\n                                <a href=\"https:\/\/herzogtum-direkt.de\/index.php\/2026\/04\/26\/firma-abel-spendiert-neues-insektenhotel\/\">Firma ABEL spendiert neues Insektenhotel<\/a>\n                            <\/h3>\n                            <div class=\"jeg_post_meta\"><div class=\"jeg_meta_author\"><span class=\"by\">von<\/span> <a href=\"https:\/\/herzogtum-direkt.de\/index.php\/author\/pressemitteilung\/\">Pressemitteilung<\/a><\/div><div class=\"jeg_meta_date\"><a href=\"https:\/\/herzogtum-direkt.de\/index.php\/2026\/04\/26\/firma-abel-spendiert-neues-insektenhotel\/\"><i class=\"fa fa-clock-o\"><\/i> April 26, 2026<\/a><\/div><div class=\"jeg_meta_comment\"><a href=\"https:\/\/herzogtum-direkt.de\/index.php\/2026\/04\/26\/firma-abel-spendiert-neues-insektenhotel\/#comments\" ><i class=\"fa fa-comment-o\"><\/i> 0 <\/a><\/div><div class=\"jeg_meta_views\"><a href=\"https:\/\/herzogtum-direkt.de\/index.php\/2026\/04\/26\/firma-abel-spendiert-neues-insektenhotel\/\" ><i class=\"fa fa-eye\"><\/i> 51 <\/a><\/div><\/div>\n                                <div class=\"jeg_post_excerpt\">\n                                    <p>B\u00fcchen (pm).\u00a0Die Firma ABEL Pump Technologie engagiert sich seit Jahren in Sachen Umwelt in B\u00fcchen und hat vor allem im...<\/p>\n                                    <a href=\"https:\/\/herzogtum-direkt.de\/index.php\/2026\/04\/26\/firma-abel-spendiert-neues-insektenhotel\/\" class=\"jeg_readmore\">Mehr lesen<span class=\"screen-reader-text\">Details<\/span><\/a>\n                                <\/div>\n                        <\/div>\n                    <\/div>\n                <\/article><article class=\"jeg_post jeg_pl_lg_card format-standard\">\n                    <div class=\"jeg_inner_post\">\n                        <div class=\"jeg_thumb\">\n                            \n                            <a href=\"https:\/\/herzogtum-direkt.de\/index.php\/2026\/04\/23\/treffen-der-ehrenbuergerinnen-und-buergerinnen-des-jahres-in-buechen\/\" aria-label=\"Read article: Treffen der Ehrenb\u00fcrgerinnen und B\u00fcrgerinnen des Jahres in B\u00fcchen\"><div class=\"thumbnail-container animate-lazy  size-500 \"><img loading=\"lazy\" decoding=\"async\" width=\"1000\" height=\"570\" src=\"https:\/\/herzogtum-direkt.de\/wp-content\/themes\/jnews\/assets\/img\/jeg-empty.png\" class=\"attachment-jnews-1140x570 size-jnews-1140x570 lazyload wp-post-image\" alt=\"Treffen der Ehrenb\u00fcrgerinnen und B\u00fcrgerinnen des Jahres in B\u00fcchen\" data-full-width=\"1000\" data-full-height=\"667\" data-src=\"https:\/\/herzogtum-direkt.de\/wp-content\/uploads\/2026\/04\/Treffen-der-Buechener-Ehrenbuergerinnen-und-Buergerinnen-des-Jahres-2026.-Foto-hfr-1000x570.jpg\" data-srcset=\"\" data-sizes=\"auto\" data-expand=\"700\" \/><\/div><\/a>\n                        <\/div>\n                        <div class=\"jeg_postblock_content\">\n                            <div class=\"jeg_post_category\">\n                                <span>\n                                    <a href=\"https:\/\/herzogtum-direkt.de\/index.php\/category\/herzogtum-lauenburg\/buechen\/\">B\u00fcchen<\/a>\n                                <\/span>\n                            <\/div>\n                            <h3 class=\"jeg_post_title\">\n                                <a href=\"https:\/\/herzogtum-direkt.de\/index.php\/2026\/04\/23\/treffen-der-ehrenbuergerinnen-und-buergerinnen-des-jahres-in-buechen\/\">Treffen der Ehrenb\u00fcrgerinnen und B\u00fcrgerinnen des Jahres in B\u00fcchen<\/a>\n                            <\/h3>\n                            <div class=\"jeg_post_meta\"><div class=\"jeg_meta_author\"><span class=\"by\">von<\/span> <a href=\"https:\/\/herzogtum-direkt.de\/index.php\/author\/pressemitteilung\/\">Pressemitteilung<\/a><\/div><div class=\"jeg_meta_date\"><a href=\"https:\/\/herzogtum-direkt.de\/index.php\/2026\/04\/23\/treffen-der-ehrenbuergerinnen-und-buergerinnen-des-jahres-in-buechen\/\"><i class=\"fa fa-clock-o\"><\/i> April 23, 2026<\/a><\/div><div class=\"jeg_meta_comment\"><a href=\"https:\/\/herzogtum-direkt.de\/index.php\/2026\/04\/23\/treffen-der-ehrenbuergerinnen-und-buergerinnen-des-jahres-in-buechen\/#comments\" ><i class=\"fa fa-comment-o\"><\/i> 0 <\/a><\/div><div class=\"jeg_meta_views\"><a href=\"https:\/\/herzogtum-direkt.de\/index.php\/2026\/04\/23\/treffen-der-ehrenbuergerinnen-und-buergerinnen-des-jahres-in-buechen\/\" ><i class=\"fa fa-eye\"><\/i> 106 <\/a><\/div><\/div>\n                                <div class=\"jeg_post_excerpt\">\n                                    <p>B\u00fcchen (pm). In angenehmer und herzlicher Atmosph\u00e4re fand k\u00fcrzlich das traditionelle Kaffeetrinken der Ehrenb\u00fcrger sowie der B\u00fcrgerinnen und B\u00fcrger des...<\/p>\n                                    <a href=\"https:\/\/herzogtum-direkt.de\/index.php\/2026\/04\/23\/treffen-der-ehrenbuergerinnen-und-buergerinnen-des-jahres-in-buechen\/\" class=\"jeg_readmore\">Mehr lesen<span class=\"screen-reader-text\">Details<\/span><\/a>\n                                <\/div>\n                        <\/div>\n                    <\/div>\n                <\/article><article class=\"jeg_post jeg_pl_lg_card format-standard\">\n                    <div class=\"jeg_inner_post\">\n                        <div class=\"jeg_thumb\">\n                            \n                            <a href=\"https:\/\/herzogtum-direkt.de\/index.php\/2026\/04\/22\/erasmus-fahrt-nach-liperi\/\" aria-label=\"Read article: Erasmus-Fahrt nach Liperi\"><div class=\"thumbnail-container animate-lazy  size-500 \"><img loading=\"lazy\" decoding=\"async\" width=\"1000\" height=\"570\" src=\"https:\/\/herzogtum-direkt.de\/wp-content\/themes\/jnews\/assets\/img\/jeg-empty.png\" class=\"attachment-jnews-1140x570 size-jnews-1140x570 lazyload wp-post-image\" alt=\"Erasmus-Fahrt nach Liperi\" data-full-width=\"1000\" data-full-height=\"750\" data-src=\"https:\/\/herzogtum-direkt.de\/wp-content\/uploads\/2026\/04\/Gruppenbild-im-Bau.-Foto-FBG-hfr-1000x570.jpg\" data-srcset=\"\" data-sizes=\"auto\" data-expand=\"700\" \/><\/div><\/a>\n                        <\/div>\n                        <div class=\"jeg_postblock_content\">\n                            <div class=\"jeg_post_category\">\n                                <span>\n                                    <a href=\"https:\/\/herzogtum-direkt.de\/index.php\/category\/herzogtum-lauenburg\/buechen\/\">B\u00fcchen<\/a>\n                                <\/span>\n                            <\/div>\n                            <h3 class=\"jeg_post_title\">\n                                <a href=\"https:\/\/herzogtum-direkt.de\/index.php\/2026\/04\/22\/erasmus-fahrt-nach-liperi\/\">Erasmus-Fahrt nach Liperi<\/a>\n                            <\/h3>\n                            <div class=\"jeg_post_meta\"><div class=\"jeg_meta_author\"><span class=\"by\">von<\/span> <a href=\"https:\/\/herzogtum-direkt.de\/index.php\/author\/pressemitteilung\/\">Pressemitteilung<\/a><\/div><div class=\"jeg_meta_date\"><a href=\"https:\/\/herzogtum-direkt.de\/index.php\/2026\/04\/22\/erasmus-fahrt-nach-liperi\/\"><i class=\"fa fa-clock-o\"><\/i> April 22, 2026<\/a><\/div><div class=\"jeg_meta_comment\"><a href=\"https:\/\/herzogtum-direkt.de\/index.php\/2026\/04\/22\/erasmus-fahrt-nach-liperi\/#comments\" ><i class=\"fa fa-comment-o\"><\/i> 0 <\/a><\/div><div class=\"jeg_meta_views\"><a href=\"https:\/\/herzogtum-direkt.de\/index.php\/2026\/04\/22\/erasmus-fahrt-nach-liperi\/\" ><i class=\"fa fa-eye\"><\/i> 63 <\/a><\/div><\/div>\n                                <div class=\"jeg_post_excerpt\">\n                                    <p>B\u00fcchen (pm). Im Rahmen des Erasmus+ Programms reiste vom 6. bis 11. April 2026 eine Gruppe von Lehrkr\u00e4ften der Friedegart-Belusa-Gemeinschaftsschule...<\/p>\n                                    <a href=\"https:\/\/herzogtum-direkt.de\/index.php\/2026\/04\/22\/erasmus-fahrt-nach-liperi\/\" class=\"jeg_readmore\">Mehr lesen<span class=\"screen-reader-text\">Details<\/span><\/a>\n                                <\/div>\n                        <\/div>\n                    <\/div>\n                <\/article><article class=\"jeg_post jeg_pl_lg_card format-standard\">\n                    <div class=\"jeg_inner_post\">\n                        <div class=\"jeg_thumb\">\n                            \n                            <a href=\"https:\/\/herzogtum-direkt.de\/index.php\/2026\/03\/29\/priesterkate-cafe-mit-naturaufnahmen-von-tanja-und-wolfgang-reichenbaecher\/\" aria-label=\"Read article: Priesterkate: Caf\u00e9 mit Naturaufnahmen von Tanja und Wolfgang Reichenb\u00e4cher\"><div class=\"thumbnail-container animate-lazy  size-500 \"><img loading=\"lazy\" decoding=\"async\" width=\"1000\" height=\"548\" src=\"https:\/\/herzogtum-direkt.de\/wp-content\/themes\/jnews\/assets\/img\/jeg-empty.png\" class=\"attachment-jnews-1140x570 size-jnews-1140x570 lazyload wp-post-image\" alt=\"Priesterkate zeigt Kunstwerke von Kerstin Reimers\" sizes=\"(max-width: 1000px) 100vw, 1000px\" data-full-width=\"1000\" data-full-height=\"548\" data-src=\"https:\/\/herzogtum-direkt.de\/wp-content\/uploads\/2025\/07\/Priesterkate-1000x548.jpg\" data-srcset=\"https:\/\/herzogtum-direkt.de\/wp-content\/uploads\/2025\/07\/Priesterkate.jpg 1000w, https:\/\/herzogtum-direkt.de\/wp-content\/uploads\/2025\/07\/Priesterkate-600x329.jpg 600w, https:\/\/herzogtum-direkt.de\/wp-content\/uploads\/2025\/07\/Priesterkate-768x421.jpg 768w\" data-sizes=\"auto\" data-expand=\"700\" \/><\/div><\/a>\n                        <\/div>\n                        <div class=\"jeg_postblock_content\">\n                            <div class=\"jeg_post_category\">\n                                <span>\n                                    <a href=\"https:\/\/herzogtum-direkt.de\/index.php\/category\/herzogtum-lauenburg\/buechen\/\">B\u00fcchen<\/a>\n                                <\/span>\n                            <\/div>\n                            <h3 class=\"jeg_post_title\">\n                                <a href=\"https:\/\/herzogtum-direkt.de\/index.php\/2026\/03\/29\/priesterkate-cafe-mit-naturaufnahmen-von-tanja-und-wolfgang-reichenbaecher\/\">Priesterkate: Caf\u00e9 mit Naturaufnahmen von Tanja und Wolfgang Reichenb\u00e4cher<\/a>\n                            <\/h3>\n                            <div class=\"jeg_post_meta\"><div class=\"jeg_meta_author\"><span class=\"by\">von<\/span> <a href=\"https:\/\/herzogtum-direkt.de\/index.php\/author\/pressemitteilung\/\">Pressemitteilung<\/a><\/div><div class=\"jeg_meta_date\"><a href=\"https:\/\/herzogtum-direkt.de\/index.php\/2026\/03\/29\/priesterkate-cafe-mit-naturaufnahmen-von-tanja-und-wolfgang-reichenbaecher\/\"><i class=\"fa fa-clock-o\"><\/i> M\u00e4rz 29, 2026<\/a><\/div><div class=\"jeg_meta_comment\"><a href=\"https:\/\/herzogtum-direkt.de\/index.php\/2026\/03\/29\/priesterkate-cafe-mit-naturaufnahmen-von-tanja-und-wolfgang-reichenbaecher\/#comments\" ><i class=\"fa fa-comment-o\"><\/i> 0 <\/a><\/div><div class=\"jeg_meta_views\"><a href=\"https:\/\/herzogtum-direkt.de\/index.php\/2026\/03\/29\/priesterkate-cafe-mit-naturaufnahmen-von-tanja-und-wolfgang-reichenbaecher\/\" ><i class=\"fa fa-eye\"><\/i> 45 <\/a><\/div><\/div>\n                                <div class=\"jeg_post_excerpt\">\n                                    <p>B\u00fcchen (pm). Das Caf\u00e9 in der Priesterkate hat im April an den Sonntagen 5. April (Ostersonntag) und 12. April jeweils...<\/p>\n                                    <a href=\"https:\/\/herzogtum-direkt.de\/index.php\/2026\/03\/29\/priesterkate-cafe-mit-naturaufnahmen-von-tanja-und-wolfgang-reichenbaecher\/\" class=\"jeg_readmore\">Mehr lesen<span class=\"screen-reader-text\">Details<\/span><\/a>\n                                <\/div>\n                        <\/div>\n                    <\/div>\n                <\/article><article class=\"jeg_post jeg_pl_lg_card format-standard\">\n                    <div class=\"jeg_inner_post\">\n                        <div class=\"jeg_thumb\">\n                            \n                            <a href=\"https:\/\/herzogtum-direkt.de\/index.php\/2026\/03\/27\/lesen-lernen-leben-lernen-rotary-clubs-uebergeben-buecher-an-ueber-1-700-grundschulkinder-im-kreis-herzogtum-lauenburg\/\" aria-label=\"Read article: Lesen lernen \u2013 Leben lernen\"><div class=\"thumbnail-container animate-lazy  size-500 \"><img loading=\"lazy\" decoding=\"async\" width=\"1000\" height=\"510\" src=\"https:\/\/herzogtum-direkt.de\/wp-content\/themes\/jnews\/assets\/img\/jeg-empty.png\" class=\"attachment-jnews-1140x570 size-jnews-1140x570 lazyload wp-post-image\" alt=\"Lesen lernen \u2013 Leben lernen\" sizes=\"(max-width: 1000px) 100vw, 1000px\" data-full-width=\"1000\" data-full-height=\"510\" data-src=\"https:\/\/herzogtum-direkt.de\/wp-content\/uploads\/2026\/03\/rotary_uebergabe_LLLL-1000x510.jpeg\" data-srcset=\"https:\/\/herzogtum-direkt.de\/wp-content\/uploads\/2026\/03\/rotary_uebergabe_LLLL.jpeg 1000w, https:\/\/herzogtum-direkt.de\/wp-content\/uploads\/2026\/03\/rotary_uebergabe_LLLL-600x306.jpeg 600w, https:\/\/herzogtum-direkt.de\/wp-content\/uploads\/2026\/03\/rotary_uebergabe_LLLL-768x392.jpeg 768w\" data-sizes=\"auto\" data-expand=\"700\" \/><\/div><\/a>\n                        <\/div>\n                        <div class=\"jeg_postblock_content\">\n                            <div class=\"jeg_post_category\">\n                                <span>\n                                    <a href=\"https:\/\/herzogtum-direkt.de\/index.php\/category\/herzogtum-lauenburg\/buechen\/\">B\u00fcchen<\/a>\n                                <\/span>\n                            <\/div>\n                            <h3 class=\"jeg_post_title\">\n                                <a href=\"https:\/\/herzogtum-direkt.de\/index.php\/2026\/03\/27\/lesen-lernen-leben-lernen-rotary-clubs-uebergeben-buecher-an-ueber-1-700-grundschulkinder-im-kreis-herzogtum-lauenburg\/\">Lesen lernen \u2013 Leben lernen<\/a>\n                            <\/h3>\n                            <div class=\"jeg_post_meta\"><div class=\"jeg_meta_author\"><span class=\"by\">von<\/span> <a href=\"https:\/\/herzogtum-direkt.de\/index.php\/author\/pressemitteilung\/\">Pressemitteilung<\/a><\/div><div class=\"jeg_meta_date\"><a href=\"https:\/\/herzogtum-direkt.de\/index.php\/2026\/03\/27\/lesen-lernen-leben-lernen-rotary-clubs-uebergeben-buecher-an-ueber-1-700-grundschulkinder-im-kreis-herzogtum-lauenburg\/\"><i class=\"fa fa-clock-o\"><\/i> M\u00e4rz 27, 2026<\/a><\/div><div class=\"jeg_meta_comment\"><a href=\"https:\/\/herzogtum-direkt.de\/index.php\/2026\/03\/27\/lesen-lernen-leben-lernen-rotary-clubs-uebergeben-buecher-an-ueber-1-700-grundschulkinder-im-kreis-herzogtum-lauenburg\/#comments\" ><i class=\"fa fa-comment-o\"><\/i> 0 <\/a><\/div><div class=\"jeg_meta_views\"><a href=\"https:\/\/herzogtum-direkt.de\/index.php\/2026\/03\/27\/lesen-lernen-leben-lernen-rotary-clubs-uebergeben-buecher-an-ueber-1-700-grundschulkinder-im-kreis-herzogtum-lauenburg\/\" ><i class=\"fa fa-eye\"><\/i> 90 <\/a><\/div><\/div>\n                                <div class=\"jeg_post_excerpt\">\n                                    <p>B\u00fcchen (pm). Im Rahmen einer kleinen Feierstunde in der Schule am Steinautal in B\u00fcchen haben der Rotary Club Herzogtum Lauenburg-M\u00f6lln,...<\/p>\n                                    <a href=\"https:\/\/herzogtum-direkt.de\/index.php\/2026\/03\/27\/lesen-lernen-leben-lernen-rotary-clubs-uebergeben-buecher-an-ueber-1-700-grundschulkinder-im-kreis-herzogtum-lauenburg\/\" class=\"jeg_readmore\">Mehr lesen<span class=\"screen-reader-text\">Details<\/span><\/a>\n                                <\/div>\n                        <\/div>\n                    <\/div>\n                <\/article><\/div>\n                    <div class='module-overlay'>\n\t\t\t\t    <div class='preloader_type preloader_dot'>\n\t\t\t\t        <div class=\"module-preloader jeg_preloader dot\">\n\t\t\t\t            <span><\/span><span><\/span><span><\/span>\n\t\t\t\t        <\/div>\n\t\t\t\t        <div class=\"module-preloader jeg_preloader circle\">\n\t\t\t\t            <div class=\"jnews_preloader_circle_outer\">\n\t\t\t\t                <div class=\"jnews_preloader_circle_inner\"><\/div>\n\t\t\t\t            <\/div>\n\t\t\t\t        <\/div>\n\t\t\t\t        <div class=\"module-preloader jeg_preloader square\">\n\t\t\t\t            <div class=\"jeg_square\">\n\t\t\t\t                <div class=\"jeg_square_inner\"><\/div>\n\t\t\t\t            <\/div>\n\t\t\t\t        <\/div>\n\t\t\t\t    <\/div>\n\t\t\t\t<\/div>\n                <\/div>\n                <div class=\"jeg_block_navigation\">\n                    <div class='navigation_overlay'><div class='module-preloader jeg_preloader'><span><\/span><span><\/span><span><\/span><\/div><\/div>\n                    <div class=\"jeg_block_nav \">\n                    <a href=\"#\" aria-label=\"View previous page posts\" class=\"prev disabled\" title=\"zur\u00fcck\"><i class=\"fa fa-angle-left\"><\/i><\/a>\n                    <a href=\"#\" aria-label=\"View next page posts\" class=\"next \" title=\"weiter\"><i class=\"fa fa-angle-right\"><\/i><\/a>\n                <\/div>\n                    \n                <\/div>\n\t\t\t\t\t\n\t\t\t\t\t<script>var jnews_module__2_69f304bc6bc7c = {\"header_icon\":\"\",\"first_title\":\"\",\"second_title\":\"\",\"url\":\"\",\"header_type\":\"heading_6\",\"header_background\":\"\",\"header_secondary_background\":\"\",\"header_text_color\":\"\",\"header_line_color\":\"\",\"header_accent_color\":\"\",\"header_filter_category\":\"\",\"header_filter_author\":\"\",\"header_filter_tag\":\"\",\"header_filter_text\":\"All\",\"sticky_post\":\"\",\"sticky_post_filter\":false,\"post_type\":\"post\",\"content_type\":\"all\",\"sponsor\":\"\",\"number_post\":\"6\",\"post_offset\":\"0\",\"unique_content\":\"unique2\",\"include_post\":\"\",\"included_only\":\"\",\"exclude_post\":\"\",\"include_category\":\"2650\",\"exclude_category\":\"\",\"include_author\":\"\",\"include_tag\":\"141\",\"exclude_tag\":\"\",\"exclude_visited_post\":\"\",\"sort_by\":\"latest\",\"date_format\":\"default\",\"date_format_custom\":\"Y\\\/m\\\/d\",\"excerpt_length\":\"20\",\"excerpt_ellipsis\":\"...\",\"force_normal_image_load\":\"\",\"main_custom_image_size\":\"default\",\"pagination_mode\":\"nextprev\",\"pagination_nextprev_showtext\":\"\",\"pagination_number_post\":\"7\",\"pagination_scroll_limit\":0,\"ads_type\":\"disable\",\"ads_position\":1,\"ads_random\":\"\",\"ads_image\":\"\",\"ads_image_tablet\":\"\",\"ads_image_phone\":\"\",\"ads_image_link\":\"\",\"ads_image_alt\":\"\",\"ads_image_new_tab\":\"\",\"google_publisher_id\":\"\",\"google_slot_id\":\"\",\"google_desktop\":\"auto\",\"google_tab\":\"auto\",\"google_phone\":\"auto\",\"content\":\"\",\"ads_bottom_text\":\"\",\"el_id\":\"\",\"el_class\":\"\",\"scheme\":\"\",\"column_width\":\"auto\",\"title_color\":\"\",\"accent_color\":\"\",\"alt_color\":\"\",\"excerpt_color\":\"\",\"block_background\":\"\",\"css\":\"\",\"compatible_column_notice\":\"\",\"paged\":1,\"column_class\":\"jeg_col_3o3\",\"class\":\"jnews_block_12\"};<\/script>\n\t\t\t\t<\/div>[\/vc_column][vc_column width=&#8220;1\/3&#8243; sticky_sidebar=&#8220;yes&#8220; offset=&#8220;vc_hidden-xs&#8220;][vc_widget_sidebar sidebar_id=&#8220;herzogtum-lbg-seite&#8220;][\/vc_column][\/vc_row][vc_row][vc_column][vc_raw_html css=&#8220;&#8220;]JTBBJTNDc2NyaXB0JTIwc3JjJTNEJTIyaHR0cHMlM0ElMkYlMkZyZWdpb25hbGUuZXZlbnRzJTJGd2lkZ2V0LmpzJTIyJTIwZGF0YS1jaXR5JTNEJTIyYiVDMyVCQ2NoZW4lMjIlMjBkYXRhLWxpbWl0JTNEJTIyNSUyMiUyMGRhdGEtY29sb3IlM0QlMjIlMjM3ZjBjMmQlMjIlM0UlM0MlMkZzY3JpcHQlM0UlMjA=[\/vc_raw_html][\/vc_column][\/vc_row][vc_row][vc_column width=&#8220;2\/3&#8243; offset=&#8220;vc_hidden-xs&#8220;]<div  class=\"jeg_postblock_12 jeg_postblock jeg_module_hook jeg_pagination_nextprev jeg_col_3o3 jnews_module__3_69f304bc73289   \" data-unique=\"jnews_module__3_69f304bc73289\">\n\t\t\t\t\t\n\t\t\t\t\t<div class=\"jeg_block_container\">\n                    \n                    <div class=\"jeg_posts jeg_load_more_flag\"><article class=\"jeg_post jeg_pl_lg_card format-standard\">\n                    <div class=\"jeg_inner_post\">\n                        <div class=\"jeg_thumb\">\n                            \n                            <a href=\"https:\/\/herzogtum-direkt.de\/index.php\/2026\/03\/26\/buechen-kita-strukturen-werden-an-sinkende-kinderzahlen-angepasst\/\" aria-label=\"Read article: B\u00fcchen: Kita-Strukturen werden an sinkende Kinderzahlen angepasst\"><div class=\"thumbnail-container animate-lazy  size-500 \"><img loading=\"lazy\" decoding=\"async\" width=\"1000\" height=\"526\" src=\"https:\/\/herzogtum-direkt.de\/wp-content\/themes\/jnews\/assets\/img\/jeg-empty.png\" class=\"attachment-jnews-1140x570 size-jnews-1140x570 lazyload wp-post-image\" alt=\"B\u00fcchen: Kita-Strukturen werden an sinkende Kinderzahlen angepasst\" sizes=\"(max-width: 1000px) 100vw, 1000px\" data-full-width=\"1000\" data-full-height=\"526\" data-src=\"https:\/\/herzogtum-direkt.de\/wp-content\/uploads\/2026\/03\/Spielplatz-1000x526.jpg\" data-srcset=\"https:\/\/herzogtum-direkt.de\/wp-content\/uploads\/2026\/03\/Spielplatz.jpg 1000w, https:\/\/herzogtum-direkt.de\/wp-content\/uploads\/2026\/03\/Spielplatz-600x316.jpg 600w, https:\/\/herzogtum-direkt.de\/wp-content\/uploads\/2026\/03\/Spielplatz-768x404.jpg 768w\" data-sizes=\"auto\" data-expand=\"700\" \/><\/div><\/a>\n                        <\/div>\n                        <div class=\"jeg_postblock_content\">\n                            <div class=\"jeg_post_category\">\n                                <span>\n                                    <a href=\"https:\/\/herzogtum-direkt.de\/index.php\/category\/herzogtum-lauenburg\/buechen\/\">B\u00fcchen<\/a>\n                                <\/span>\n                            <\/div>\n                            <h3 class=\"jeg_post_title\">\n                                <a href=\"https:\/\/herzogtum-direkt.de\/index.php\/2026\/03\/26\/buechen-kita-strukturen-werden-an-sinkende-kinderzahlen-angepasst\/\">B\u00fcchen: Kita-Strukturen werden an sinkende Kinderzahlen angepasst<\/a>\n                            <\/h3>\n                            <div class=\"jeg_post_meta\"><div class=\"jeg_meta_author\"><span class=\"by\">von<\/span> <a href=\"https:\/\/herzogtum-direkt.de\/index.php\/author\/pressemitteilung\/\">Pressemitteilung<\/a><\/div><div class=\"jeg_meta_date\"><a href=\"https:\/\/herzogtum-direkt.de\/index.php\/2026\/03\/26\/buechen-kita-strukturen-werden-an-sinkende-kinderzahlen-angepasst\/\"><i class=\"fa fa-clock-o\"><\/i> M\u00e4rz 26, 2026<\/a><\/div><div class=\"jeg_meta_comment\"><a href=\"https:\/\/herzogtum-direkt.de\/index.php\/2026\/03\/26\/buechen-kita-strukturen-werden-an-sinkende-kinderzahlen-angepasst\/#comments\" ><i class=\"fa fa-comment-o\"><\/i> 0 <\/a><\/div><div class=\"jeg_meta_views\"><a href=\"https:\/\/herzogtum-direkt.de\/index.php\/2026\/03\/26\/buechen-kita-strukturen-werden-an-sinkende-kinderzahlen-angepasst\/\" ><i class=\"fa fa-eye\"><\/i> 102 <\/a><\/div><\/div>\n                                <div class=\"jeg_post_excerpt\">\n                                    <p>B\u00fcchen (pm).\u00a0Der Amtsausschuss hat sich fr\u00fchzeitig mit der Weiterentwicklung der Kindertagesst\u00e4tten im Amtsbereich befasst. Anlass sind sinkende Geburten- und Kinderzahlen,...<\/p>\n                                    <a href=\"https:\/\/herzogtum-direkt.de\/index.php\/2026\/03\/26\/buechen-kita-strukturen-werden-an-sinkende-kinderzahlen-angepasst\/\" class=\"jeg_readmore\">Mehr lesen<span class=\"screen-reader-text\">Details<\/span><\/a>\n                                <\/div>\n                        <\/div>\n                    <\/div>\n                <\/article><article class=\"jeg_post jeg_pl_lg_card format-standard\">\n                    <div class=\"jeg_inner_post\">\n                        <div class=\"jeg_thumb\">\n                            \n                            <a href=\"https:\/\/herzogtum-direkt.de\/index.php\/2026\/03\/23\/achtung-betrugsmasche-beim-spendensammeln\/\" aria-label=\"Read article: Achtung: Betrugsmasche beim Spendensammeln\"><div class=\"thumbnail-container animate-lazy  size-500 \"><img loading=\"lazy\" decoding=\"async\" width=\"1000\" height=\"570\" src=\"https:\/\/herzogtum-direkt.de\/wp-content\/themes\/jnews\/assets\/img\/jeg-empty.png\" class=\"attachment-jnews-1140x570 size-jnews-1140x570 lazyload wp-post-image\" alt=\"Einbrecher auf dem St. Georgsberg gefasst\" data-full-width=\"1000\" data-full-height=\"598\" data-src=\"https:\/\/herzogtum-direkt.de\/wp-content\/uploads\/2023\/08\/Polizei-Pixabay-1000x570.jpg\" data-srcset=\"\" data-sizes=\"auto\" data-expand=\"700\" \/><\/div><\/a>\n                        <\/div>\n                        <div class=\"jeg_postblock_content\">\n                            <div class=\"jeg_post_category\">\n                                <span>\n                                    <a href=\"https:\/\/herzogtum-direkt.de\/index.php\/category\/herzogtum-lauenburg\/buechen\/\">B\u00fcchen<\/a>\n                                <\/span>\n                            <\/div>\n                            <h3 class=\"jeg_post_title\">\n                                <a href=\"https:\/\/herzogtum-direkt.de\/index.php\/2026\/03\/23\/achtung-betrugsmasche-beim-spendensammeln\/\">Achtung: Betrugsmasche beim Spendensammeln<\/a>\n                            <\/h3>\n                            <div class=\"jeg_post_meta\"><div class=\"jeg_meta_author\"><span class=\"by\">von<\/span> <a href=\"https:\/\/herzogtum-direkt.de\/index.php\/author\/pressemitteilung\/\">Pressemitteilung<\/a><\/div><div class=\"jeg_meta_date\"><a href=\"https:\/\/herzogtum-direkt.de\/index.php\/2026\/03\/23\/achtung-betrugsmasche-beim-spendensammeln\/\"><i class=\"fa fa-clock-o\"><\/i> M\u00e4rz 23, 2026<\/a><\/div><div class=\"jeg_meta_comment\"><a href=\"https:\/\/herzogtum-direkt.de\/index.php\/2026\/03\/23\/achtung-betrugsmasche-beim-spendensammeln\/#comments\" ><i class=\"fa fa-comment-o\"><\/i> 0 <\/a><\/div><div class=\"jeg_meta_views\"><a href=\"https:\/\/herzogtum-direkt.de\/index.php\/2026\/03\/23\/achtung-betrugsmasche-beim-spendensammeln\/\" ><i class=\"fa fa-eye\"><\/i> 49 <\/a><\/div><\/div>\n                                <div class=\"jeg_post_excerpt\">\n                                    <p>B\u00fcchen (pm). Letzte Woche am Donnerstag (19.03.2026) in B\u00fcchen sowie am Freitag (20.03.2026) in Elmenhorst (Stormarn) kam es jeweils zu...<\/p>\n                                    <a href=\"https:\/\/herzogtum-direkt.de\/index.php\/2026\/03\/23\/achtung-betrugsmasche-beim-spendensammeln\/\" class=\"jeg_readmore\">Mehr lesen<span class=\"screen-reader-text\">Details<\/span><\/a>\n                                <\/div>\n                        <\/div>\n                    <\/div>\n                <\/article><article class=\"jeg_post jeg_pl_lg_card format-standard\">\n                    <div class=\"jeg_inner_post\">\n                        <div class=\"jeg_thumb\">\n                            \n                            <a href=\"https:\/\/herzogtum-direkt.de\/index.php\/2026\/03\/22\/buendnis-90-die-gruenen-buechen-laden-zum-oeffentlichen-aktiventreffen-ein\/\" aria-label=\"Read article: B\u00dcNDNIS 90\/DIE GR\u00dcNEN B\u00fcchen laden zum \u00f6ffentlichen Aktiventreffen ein\"><div class=\"thumbnail-container animate-lazy  size-500 \"><img loading=\"lazy\" decoding=\"async\" width=\"923\" height=\"570\" src=\"https:\/\/herzogtum-direkt.de\/wp-content\/themes\/jnews\/assets\/img\/jeg-empty.png\" class=\"attachment-jnews-1140x570 size-jnews-1140x570 lazyload wp-post-image\" alt=\"Umfassende Beratungsangebote f\u00fcr Kulturschaffende\" data-full-width=\"923\" data-full-height=\"615\" data-src=\"https:\/\/herzogtum-direkt.de\/wp-content\/uploads\/2021\/11\/Aktuelles-20211022_132336-1-923x570.jpg\" data-srcset=\"\" data-sizes=\"auto\" data-expand=\"700\" \/><\/div><\/a>\n                        <\/div>\n                        <div class=\"jeg_postblock_content\">\n                            <div class=\"jeg_post_category\">\n                                <span>\n                                    <a href=\"https:\/\/herzogtum-direkt.de\/index.php\/category\/herzogtum-lauenburg\/buechen\/\">B\u00fcchen<\/a>\n                                <\/span>\n                            <\/div>\n                            <h3 class=\"jeg_post_title\">\n                                <a href=\"https:\/\/herzogtum-direkt.de\/index.php\/2026\/03\/22\/buendnis-90-die-gruenen-buechen-laden-zum-oeffentlichen-aktiventreffen-ein\/\">B\u00dcNDNIS 90\/DIE GR\u00dcNEN B\u00fcchen laden zum \u00f6ffentlichen Aktiventreffen ein<\/a>\n                            <\/h3>\n                            <div class=\"jeg_post_meta\"><div class=\"jeg_meta_author\"><span class=\"by\">von<\/span> <a href=\"https:\/\/herzogtum-direkt.de\/index.php\/author\/pressemitteilung\/\">Pressemitteilung<\/a><\/div><div class=\"jeg_meta_date\"><a href=\"https:\/\/herzogtum-direkt.de\/index.php\/2026\/03\/22\/buendnis-90-die-gruenen-buechen-laden-zum-oeffentlichen-aktiventreffen-ein\/\"><i class=\"fa fa-clock-o\"><\/i> M\u00e4rz 22, 2026<\/a><\/div><div class=\"jeg_meta_comment\"><a href=\"https:\/\/herzogtum-direkt.de\/index.php\/2026\/03\/22\/buendnis-90-die-gruenen-buechen-laden-zum-oeffentlichen-aktiventreffen-ein\/#comments\" ><i class=\"fa fa-comment-o\"><\/i> 0 <\/a><\/div><div class=\"jeg_meta_views\"><a href=\"https:\/\/herzogtum-direkt.de\/index.php\/2026\/03\/22\/buendnis-90-die-gruenen-buechen-laden-zum-oeffentlichen-aktiventreffen-ein\/\" ><i class=\"fa fa-eye\"><\/i> 42 <\/a><\/div><\/div>\n                                <div class=\"jeg_post_excerpt\">\n                                    <p>B\u00fcchen (pm). Am Mittwoch, den 25. M\u00e4rz 2026, findet um 19:30 Uhr in Pr\u00f6pper\u2019s Sportsbar, M\u00f6llner Str. 61, ein \u00f6ffentliches...<\/p>\n                                    <a href=\"https:\/\/herzogtum-direkt.de\/index.php\/2026\/03\/22\/buendnis-90-die-gruenen-buechen-laden-zum-oeffentlichen-aktiventreffen-ein\/\" class=\"jeg_readmore\">Mehr lesen<span class=\"screen-reader-text\">Details<\/span><\/a>\n                                <\/div>\n                        <\/div>\n                    <\/div>\n                <\/article><article class=\"jeg_post jeg_pl_lg_card format-standard\">\n                    <div class=\"jeg_inner_post\">\n                        <div class=\"jeg_thumb\">\n                            \n                            <a href=\"https:\/\/herzogtum-direkt.de\/index.php\/2026\/03\/10\/erweiterungsbau-der-feuerwehr-buechen\/\" aria-label=\"Read article: Erweiterungsbau der Feuerwehr B\u00fcchen\"><div class=\"thumbnail-container animate-lazy  size-500 \"><img loading=\"lazy\" decoding=\"async\" width=\"1000\" height=\"570\" src=\"https:\/\/herzogtum-direkt.de\/wp-content\/themes\/jnews\/assets\/img\/jeg-empty.png\" class=\"attachment-jnews-1140x570 size-jnews-1140x570 lazyload wp-post-image\" alt=\"Stadtvertreter Immo Braune bei der Feuerwehr\" data-full-width=\"1000\" data-full-height=\"666\" data-src=\"https:\/\/herzogtum-direkt.de\/wp-content\/uploads\/2024\/08\/Feuerwehr-Pixabay-1000x570.jpg\" data-srcset=\"\" data-sizes=\"auto\" data-expand=\"700\" \/><\/div><\/a>\n                        <\/div>\n                        <div class=\"jeg_postblock_content\">\n                            <div class=\"jeg_post_category\">\n                                <span>\n                                    <a href=\"https:\/\/herzogtum-direkt.de\/index.php\/category\/ausflugstipp\/\">Ausflugstipp<\/a>\n                                <\/span>\n                            <\/div>\n                            <h3 class=\"jeg_post_title\">\n                                <a href=\"https:\/\/herzogtum-direkt.de\/index.php\/2026\/03\/10\/erweiterungsbau-der-feuerwehr-buechen\/\">Erweiterungsbau der Feuerwehr B\u00fcchen<\/a>\n                            <\/h3>\n                            <div class=\"jeg_post_meta\"><div class=\"jeg_meta_author\"><span class=\"by\">von<\/span> <a href=\"https:\/\/herzogtum-direkt.de\/index.php\/author\/pressemitteilung\/\">Pressemitteilung<\/a><\/div><div class=\"jeg_meta_date\"><a href=\"https:\/\/herzogtum-direkt.de\/index.php\/2026\/03\/10\/erweiterungsbau-der-feuerwehr-buechen\/\"><i class=\"fa fa-clock-o\"><\/i> M\u00e4rz 10, 2026<\/a><\/div><div class=\"jeg_meta_comment\"><a href=\"https:\/\/herzogtum-direkt.de\/index.php\/2026\/03\/10\/erweiterungsbau-der-feuerwehr-buechen\/#comments\" ><i class=\"fa fa-comment-o\"><\/i> 0 <\/a><\/div><div class=\"jeg_meta_views\"><a href=\"https:\/\/herzogtum-direkt.de\/index.php\/2026\/03\/10\/erweiterungsbau-der-feuerwehr-buechen\/\" ><i class=\"fa fa-eye\"><\/i> 49 <\/a><\/div><\/div>\n                                <div class=\"jeg_post_excerpt\">\n                                    <p>B\u00fcchen (pm). Die Freiwillige Feuerwehr B\u00fcchen l\u00e4dt zur Einweihung des Erweiterungsbaus sowie zur Fahrzeug\u00fcbergabe ein. Am Sonnabend, 21. M\u00e4rz 2026...<\/p>\n                                    <a href=\"https:\/\/herzogtum-direkt.de\/index.php\/2026\/03\/10\/erweiterungsbau-der-feuerwehr-buechen\/\" class=\"jeg_readmore\">Mehr lesen<span class=\"screen-reader-text\">Details<\/span><\/a>\n                                <\/div>\n                        <\/div>\n                    <\/div>\n                <\/article><article class=\"jeg_post jeg_pl_lg_card format-standard\">\n                    <div class=\"jeg_inner_post\">\n                        <div class=\"jeg_thumb\">\n                            \n                            <a href=\"https:\/\/herzogtum-direkt.de\/index.php\/2026\/02\/28\/buechen-muellsammelaktion-unser-sauberes-schleswig-holstein\/\" aria-label=\"Read article: B\u00fcchen: M\u00fcllsammelaktion \u201aUnser sauberes Schleswig-Holstein\u2018\"><div class=\"thumbnail-container animate-lazy  size-500 \"><img loading=\"lazy\" decoding=\"async\" width=\"1000\" height=\"570\" src=\"https:\/\/herzogtum-direkt.de\/wp-content\/themes\/jnews\/assets\/img\/jeg-empty.png\" class=\"attachment-jnews-1140x570 size-jnews-1140x570 lazyload wp-post-image\" alt=\"Umweltschutz f\u00e4ngt vor der Haust\u00fcr an\" data-full-width=\"1000\" data-full-height=\"666\" data-src=\"https:\/\/herzogtum-direkt.de\/wp-content\/uploads\/2022\/02\/nature-g472340d3e_1280-1000x570.jpg\" data-srcset=\"\" data-sizes=\"auto\" data-expand=\"700\" \/><\/div><\/a>\n                        <\/div>\n                        <div class=\"jeg_postblock_content\">\n                            <div class=\"jeg_post_category\">\n                                <span>\n                                    <a href=\"https:\/\/herzogtum-direkt.de\/index.php\/category\/herzogtum-lauenburg\/buechen\/\">B\u00fcchen<\/a>\n                                <\/span>\n                            <\/div>\n                            <h3 class=\"jeg_post_title\">\n                                <a href=\"https:\/\/herzogtum-direkt.de\/index.php\/2026\/02\/28\/buechen-muellsammelaktion-unser-sauberes-schleswig-holstein\/\">B\u00fcchen: M\u00fcllsammelaktion \u201aUnser sauberes Schleswig-Holstein\u2018<\/a>\n                            <\/h3>\n                            <div class=\"jeg_post_meta\"><div class=\"jeg_meta_author\"><span class=\"by\">von<\/span> <a href=\"https:\/\/herzogtum-direkt.de\/index.php\/author\/pressemitteilung\/\">Pressemitteilung<\/a><\/div><div class=\"jeg_meta_date\"><a href=\"https:\/\/herzogtum-direkt.de\/index.php\/2026\/02\/28\/buechen-muellsammelaktion-unser-sauberes-schleswig-holstein\/\"><i class=\"fa fa-clock-o\"><\/i> Februar 28, 2026<\/a><\/div><div class=\"jeg_meta_comment\"><a href=\"https:\/\/herzogtum-direkt.de\/index.php\/2026\/02\/28\/buechen-muellsammelaktion-unser-sauberes-schleswig-holstein\/#comments\" ><i class=\"fa fa-comment-o\"><\/i> 0 <\/a><\/div><div class=\"jeg_meta_views\"><a href=\"https:\/\/herzogtum-direkt.de\/index.php\/2026\/02\/28\/buechen-muellsammelaktion-unser-sauberes-schleswig-holstein\/\" ><i class=\"fa fa-eye\"><\/i> 42 <\/a><\/div><\/div>\n                                <div class=\"jeg_post_excerpt\">\n                                    <p>B\u00fcchen (pm). Am Sonnabend, 7. M\u00e4rz, findet wieder die allj\u00e4hrliche M\u00fcllsammelaktion \u201eUnser sauberes Schleswig-Holstein\u201c statt. Die Gemeinde B\u00fcchen bittet dazu...<\/p>\n                                    <a href=\"https:\/\/herzogtum-direkt.de\/index.php\/2026\/02\/28\/buechen-muellsammelaktion-unser-sauberes-schleswig-holstein\/\" class=\"jeg_readmore\">Mehr lesen<span class=\"screen-reader-text\">Details<\/span><\/a>\n                                <\/div>\n                        <\/div>\n                    <\/div>\n                <\/article><article class=\"jeg_post jeg_pl_lg_card format-standard\">\n                    <div class=\"jeg_inner_post\">\n                        <div class=\"jeg_thumb\">\n                            \n                            <a href=\"https:\/\/herzogtum-direkt.de\/index.php\/2026\/02\/27\/priesterkate-actionsingen-das-mit-mach-sing-ding\/\" aria-label=\"Read article: Priesterkate: \u201eACTIONSINGEN \u2013 Das \u201eMit Mach Sing Ding\u201c\"><div class=\"thumbnail-container animate-lazy  size-500 \"><img loading=\"lazy\" decoding=\"async\" width=\"1000\" height=\"570\" src=\"https:\/\/herzogtum-direkt.de\/wp-content\/themes\/jnews\/assets\/img\/jeg-empty.png\" class=\"attachment-jnews-1140x570 size-jnews-1140x570 lazyload wp-post-image\" alt=\"Priesterkate: \u201eACTIONSINGEN \u2013 Das \u201eMit Mach Sing Ding\u201c\" data-full-width=\"1000\" data-full-height=\"639\" data-src=\"https:\/\/herzogtum-direkt.de\/wp-content\/uploads\/2026\/02\/Actionsingen-PR-Foto-4-Logo-1000x570.jpg\" data-srcset=\"\" data-sizes=\"auto\" data-expand=\"700\" \/><\/div><\/a>\n                        <\/div>\n                        <div class=\"jeg_postblock_content\">\n                            <div class=\"jeg_post_category\">\n                                <span>\n                                    <a href=\"https:\/\/herzogtum-direkt.de\/index.php\/category\/herzogtum-lauenburg\/buechen\/\">B\u00fcchen<\/a>\n                                <\/span>\n                            <\/div>\n                            <h3 class=\"jeg_post_title\">\n                                <a href=\"https:\/\/herzogtum-direkt.de\/index.php\/2026\/02\/27\/priesterkate-actionsingen-das-mit-mach-sing-ding\/\">Priesterkate: \u201eACTIONSINGEN \u2013 Das \u201eMit Mach Sing Ding\u201c<\/a>\n                            <\/h3>\n                            <div class=\"jeg_post_meta\"><div class=\"jeg_meta_author\"><span class=\"by\">von<\/span> <a href=\"https:\/\/herzogtum-direkt.de\/index.php\/author\/pressemitteilung\/\">Pressemitteilung<\/a><\/div><div class=\"jeg_meta_date\"><a href=\"https:\/\/herzogtum-direkt.de\/index.php\/2026\/02\/27\/priesterkate-actionsingen-das-mit-mach-sing-ding\/\"><i class=\"fa fa-clock-o\"><\/i> Februar 27, 2026<\/a><\/div><div class=\"jeg_meta_comment\"><a href=\"https:\/\/herzogtum-direkt.de\/index.php\/2026\/02\/27\/priesterkate-actionsingen-das-mit-mach-sing-ding\/#comments\" ><i class=\"fa fa-comment-o\"><\/i> 0 <\/a><\/div><div class=\"jeg_meta_views\"><a href=\"https:\/\/herzogtum-direkt.de\/index.php\/2026\/02\/27\/priesterkate-actionsingen-das-mit-mach-sing-ding\/\" ><i class=\"fa fa-eye\"><\/i> 25 <\/a><\/div><\/div>\n                                <div class=\"jeg_post_excerpt\">\n                                    <p>B\u00fcchen (pm). Zu einem Mitmach-Konzert mit Georgie Carbutler und Stefan Wolter l\u00e4dt die Gemeinde B\u00fcchen am Dienstag, 10. M\u00e4rz, um...<\/p>\n                                    <a href=\"https:\/\/herzogtum-direkt.de\/index.php\/2026\/02\/27\/priesterkate-actionsingen-das-mit-mach-sing-ding\/\" class=\"jeg_readmore\">Mehr lesen<span class=\"screen-reader-text\">Details<\/span><\/a>\n                                <\/div>\n                        <\/div>\n                    <\/div>\n                <\/article><\/div>\n                    <div class='module-overlay'>\n\t\t\t\t    <div class='preloader_type preloader_dot'>\n\t\t\t\t        <div class=\"module-preloader jeg_preloader dot\">\n\t\t\t\t            <span><\/span><span><\/span><span><\/span>\n\t\t\t\t        <\/div>\n\t\t\t\t        <div class=\"module-preloader jeg_preloader circle\">\n\t\t\t\t            <div class=\"jnews_preloader_circle_outer\">\n\t\t\t\t                <div class=\"jnews_preloader_circle_inner\"><\/div>\n\t\t\t\t            <\/div>\n\t\t\t\t        <\/div>\n\t\t\t\t        <div class=\"module-preloader jeg_preloader square\">\n\t\t\t\t            <div class=\"jeg_square\">\n\t\t\t\t                <div class=\"jeg_square_inner\"><\/div>\n\t\t\t\t            <\/div>\n\t\t\t\t        <\/div>\n\t\t\t\t    <\/div>\n\t\t\t\t<\/div>\n                <\/div>\n                <div class=\"jeg_block_navigation\">\n                    <div class='navigation_overlay'><div class='module-preloader jeg_preloader'><span><\/span><span><\/span><span><\/span><\/div><\/div>\n                    <div class=\"jeg_block_nav \">\n                    <a href=\"#\" aria-label=\"View previous page posts\" class=\"prev disabled\" title=\"zur\u00fcck\"><i class=\"fa fa-angle-left\"><\/i><\/a>\n                    <a href=\"#\" aria-label=\"View next page posts\" class=\"next \" title=\"weiter\"><i class=\"fa fa-angle-right\"><\/i><\/a>\n                <\/div>\n                    \n                <\/div>\n\t\t\t\t\t\n\t\t\t\t\t<script>var jnews_module__3_69f304bc73289 = {\"header_icon\":\"\",\"first_title\":\"\",\"second_title\":\"\",\"url\":\"\",\"header_type\":\"heading_6\",\"header_background\":\"\",\"header_secondary_background\":\"\",\"header_text_color\":\"\",\"header_line_color\":\"\",\"header_accent_color\":\"\",\"header_filter_category\":\"\",\"header_filter_author\":\"\",\"header_filter_tag\":\"\",\"header_filter_text\":\"All\",\"sticky_post\":\"\",\"sticky_post_filter\":false,\"post_type\":\"post\",\"content_type\":\"all\",\"sponsor\":\"\",\"number_post\":\"6\",\"post_offset\":\"0\",\"unique_content\":\"unique2\",\"include_post\":\"\",\"included_only\":\"\",\"exclude_post\":\"82248,82578,82552,82507,81857,81824\",\"include_category\":\"2650\",\"exclude_category\":\"\",\"include_author\":\"\",\"include_tag\":\"141\",\"exclude_tag\":\"\",\"exclude_visited_post\":\"\",\"sort_by\":\"latest\",\"date_format\":\"default\",\"date_format_custom\":\"Y\\\/m\\\/d\",\"excerpt_length\":\"20\",\"excerpt_ellipsis\":\"...\",\"force_normal_image_load\":\"\",\"main_custom_image_size\":\"default\",\"pagination_mode\":\"nextprev\",\"pagination_nextprev_showtext\":\"\",\"pagination_number_post\":\"7\",\"pagination_scroll_limit\":0,\"ads_type\":\"disable\",\"ads_position\":1,\"ads_random\":\"\",\"ads_image\":\"\",\"ads_image_tablet\":\"\",\"ads_image_phone\":\"\",\"ads_image_link\":\"\",\"ads_image_alt\":\"\",\"ads_image_new_tab\":\"\",\"google_publisher_id\":\"\",\"google_slot_id\":\"\",\"google_desktop\":\"auto\",\"google_tab\":\"auto\",\"google_phone\":\"auto\",\"content\":\"\",\"ads_bottom_text\":\"\",\"el_id\":\"\",\"el_class\":\"\",\"scheme\":\"\",\"column_width\":\"auto\",\"title_color\":\"\",\"accent_color\":\"\",\"alt_color\":\"\",\"excerpt_color\":\"\",\"block_background\":\"\",\"css\":\"\",\"compatible_column_notice\":\"\",\"paged\":1,\"column_class\":\"jeg_col_3o3\",\"class\":\"jnews_block_12\"};<\/script>\n\t\t\t\t<\/div>[\/vc_column][vc_column width=&#8220;1\/3&#8243; sticky_sidebar=&#8220;yes&#8220; offset=&#8220;vc_hidden-xs&#8220;][vc_widget_sidebar sidebar_id=&#8220;herzogtum-lbg-seite&#8220;][\/vc_column][\/vc_row][vc_row][vc_column][vc_widget_sidebar sidebar_id=&#8220;herzogtum-lbg-seite-mobil&#8220;][vc_gallery interval=&#8220;3&#8243; images=&#8220;77309,77187,77171,64157,59446,55642,53207,45396,44880,43629,40319&#8243; img_size=&#8220;2000&#215;1000&#8243; css=&#8220;&#8220;][\/vc_column][\/vc_row][vc_row][vc_column offset=&#8220;vc_hidden-xs&#8220;][\/vc_column][\/vc_row]<\/p>\n<\/div>","protected":false},"excerpt":{"rendered":"<p>[vc_row][vc_column][vc_widget_sidebar sidebar_id=&#8220;moelln-top&#8220;][\/vc_column][\/vc_row][vc_row][vc_column offset=&#8220;vc_hidden-lg vc_hidden-md&#8220;][vc_widget_sidebar sidebar_id=&#8220;herzogtum-lauenburg-top&#8220;][vc_widget_sidebar sidebar_id=&#8220;herzogtum-lbg-seite-mobil&#8220;][vc_widget_sidebar sidebar_id=&#8220;herzogtum-lbg-seite-mobil&#8220;][\/vc_column][\/vc_row][vc_row][vc_column width=&#8220;2\/3&#8243; offset=&#8220;vc_hidden-xs&#8220;][\/vc_column][vc_column width=&#8220;1\/3&#8243; sticky_sidebar=&#8220;yes&#8220; offset=&#8220;vc_hidden-xs&#8220;][vc_widget_sidebar sidebar_id=&#8220;herzogtum-lbg-seite&#8220;][\/vc_column][\/vc_row][vc_row][vc_column][vc_raw_html css=&#8220;&#8220;]JTBBJTNDc2NyaXB0JTIwc3JjJTNEJTIyaHR0cHMlM0ElMkYlMkZyZWdpb25hbGUuZXZlbnRzJTJGd2lkZ2V0LmpzJTIyJTIwZGF0YS1jaXR5JTNEJTIyYiVDMyVCQ2NoZW4lMjIlMjBkYXRhLWxpbWl0JTNEJTIyNSUyMiUyMGRhdGEtY29sb3IlM0QlMjIlMjM3ZjBjMmQlMjIlM0UlM0MlMkZzY3JpcHQlM0UlMjA=[\/vc_raw_html][\/vc_column][\/vc_row][vc_row][vc_column width=&#8220;2\/3&#8243; offset=&#8220;vc_hidden-xs&#8220;][\/vc_column][vc_column width=&#8220;1\/3&#8243; sticky_sidebar=&#8220;yes&#8220; offset=&#8220;vc_hidden-xs&#8220;][vc_widget_sidebar sidebar_id=&#8220;herzogtum-lbg-seite&#8220;][\/vc_column][\/vc_row][vc_row][vc_column][vc_widget_sidebar sidebar_id=&#8220;herzogtum-lbg-seite-mobil&#8220;][vc_gallery interval=&#8220;3&#8243; images=&#8220;77309,77187,77171,64157,59446,55642,53207,45396,44880,43629,40319&#8243; img_size=&#8220;2000&#215;1000&#8243; css=&#8220;&#8220;][\/vc_column][\/vc_row][vc_row][vc_column offset=&#8220;vc_hidden-xs&#8220;][\/vc_column][\/vc_row]<\/p>\n","protected":false},"author":1,"featured_media":0,"parent":700,"menu_order":0,"comment_status":"closed","ping_status":"closed","template":"","meta":{"jnews_page_loop":{"first_title":"Latest Post","header_type":"heading_6","layout":"right-sidebar","sidebar":"default-sidebar","second_sidebar":"default-sidebar","sticky_sidebar":"1","module":"3","main_custom_image_size":"default","second_custom_image_size":"default","excerpt_length":"20","content_date":"default","date_custom":"Y\/m\/d","content_pagination":"nav_1","pagination_align":"center","post_sticky":"0","post_offset":"0","posts_per_page":"5","sort_by":"latest"},"jnews_single_page":{"layout":"no-sidebar","sidebar":"default-sidebar","second_sidebar":"default-sidebar","sticky_sidebar":"1","show_post_title":"1","show_post_breadcrumbs":"1","show_post_featured":"1","share_position":"top","share_color":"share-monocrhome"},"jnews_social_meta":[],"footnotes":""},"class_list":["post-80132","page","type-page","status-publish","hentry"],"_links":{"self":[{"href":"https:\/\/herzogtum-direkt.de\/index.php\/wp-json\/wp\/v2\/pages\/80132","targetHints":{"allow":["GET"]}}],"collection":[{"href":"https:\/\/herzogtum-direkt.de\/index.php\/wp-json\/wp\/v2\/pages"}],"about":[{"href":"https:\/\/herzogtum-direkt.de\/index.php\/wp-json\/wp\/v2\/types\/page"}],"author":[{"embeddable":true,"href":"https:\/\/herzogtum-direkt.de\/index.php\/wp-json\/wp\/v2\/users\/1"}],"replies":[{"embeddable":true,"href":"https:\/\/herzogtum-direkt.de\/index.php\/wp-json\/wp\/v2\/comments?post=80132"}],"version-history":[{"count":7,"href":"https:\/\/herzogtum-direkt.de\/index.php\/wp-json\/wp\/v2\/pages\/80132\/revisions"}],"predecessor-version":[{"id":81851,"href":"https:\/\/herzogtum-direkt.de\/index.php\/wp-json\/wp\/v2\/pages\/80132\/revisions\/81851"}],"up":[{"embeddable":true,"href":"https:\/\/herzogtum-direkt.de\/index.php\/wp-json\/wp\/v2\/pages\/700"}],"wp:attachment":[{"href":"https:\/\/herzogtum-direkt.de\/index.php\/wp-json\/wp\/v2\/media?parent=80132"}],"curies":[{"name":"wp","href":"https:\/\/api.w.org\/{rel}","templated":true}]}}