{"id":771,"date":"2017-12-29T17:05:33","date_gmt":"2017-12-29T17:05:33","guid":{"rendered":"http:\/\/hd.eu-mart.de\/?page_id=771"},"modified":"2021-10-08T18:50:28","modified_gmt":"2021-10-08T16:50:28","slug":"kultur","status":"publish","type":"page","link":"https:\/\/herzogtum-direkt.de\/index.php\/kultur\/","title":{"rendered":"Kultur"},"content":{"rendered":"<div class=\"wpb-content-wrapper\"><p>[vc_row][vc_column][vc_widget_sidebar sidebar_id=&#8220;herzogtum-lauenburg-top&#8220;][\/vc_column][\/vc_row][vc_row][vc_column]<div  class=\"jeg_postblock_12 jeg_postblock jeg_module_hook jeg_pagination_nextprev jeg_col_3o3 jnews_module__0_69f1b249c2db6   \" data-unique=\"jnews_module__0_69f1b249c2db6\">\n\t\t\t\t\t\n\t\t\t\t\t<div class=\"jeg_block_container\">\n                    \n                    <div class=\"jeg_posts jeg_load_more_flag\"><article class=\"jeg_post jeg_pl_lg_card format-standard\">\n                    <div class=\"jeg_inner_post\">\n                        <div class=\"jeg_thumb\">\n                            \n                            <a href=\"https:\/\/herzogtum-direkt.de\/index.php\/2026\/04\/28\/ein-musikalisches-highlight-der-schwedische-jakobskoeren-zu-gast-in-mustin\/\" aria-label=\"Read article: Ein musikalisches Highlight: Der schwedische &#8218;Jakobsk\u00f6ren&#8216; zu Gast in Mustin\"><div class=\"thumbnail-container animate-lazy  size-500 \"><img fetchpriority=\"high\" decoding=\"async\" width=\"1000\" height=\"570\" src=\"https:\/\/herzogtum-direkt.de\/wp-content\/themes\/jnews\/assets\/img\/jeg-empty.png\" class=\"attachment-jnews-1140x570 size-jnews-1140x570 lazyload wp-post-image\" alt=\"Ein musikalisches Highlight: Der schwedische &#8218;Jakobsk\u00f6ren&#8216; zu Gast in Mustin\" data-full-width=\"1000\" data-full-height=\"741\" data-src=\"https:\/\/herzogtum-direkt.de\/wp-content\/uploads\/2026\/04\/Chorkonzert-Jakobskoeren-Mustin-2026-hfr-1000x570.jpg\" data-srcset=\"\" data-sizes=\"auto\" data-expand=\"700\" \/><\/div><\/a>\n                        <\/div>\n                        <div class=\"jeg_postblock_content\">\n                            <div class=\"jeg_post_category\">\n                                <span>\n                                    <a href=\"https:\/\/herzogtum-direkt.de\/index.php\/category\/herzogtum-lauenburg\/amt-lauenburgische-seen\/\">Amt Lauenburgische Seen<\/a>\n                                <\/span>\n                            <\/div>\n                            <h3 class=\"jeg_post_title\">\n                                <a href=\"https:\/\/herzogtum-direkt.de\/index.php\/2026\/04\/28\/ein-musikalisches-highlight-der-schwedische-jakobskoeren-zu-gast-in-mustin\/\">Ein musikalisches Highlight: Der schwedische &#8218;Jakobsk\u00f6ren&#8216; zu Gast in Mustin<\/a>\n                            <\/h3>\n                            <div class=\"jeg_post_meta\"><div class=\"jeg_meta_author\"><span class=\"by\">von<\/span> <a href=\"https:\/\/herzogtum-direkt.de\/index.php\/author\/admin_gesine\/\">Gesine Biller<\/a><\/div><div class=\"jeg_meta_date\"><a href=\"https:\/\/herzogtum-direkt.de\/index.php\/2026\/04\/28\/ein-musikalisches-highlight-der-schwedische-jakobskoeren-zu-gast-in-mustin\/\"><i class=\"fa fa-clock-o\"><\/i> April 28, 2026<\/a><\/div><div class=\"jeg_meta_comment\"><a href=\"https:\/\/herzogtum-direkt.de\/index.php\/2026\/04\/28\/ein-musikalisches-highlight-der-schwedische-jakobskoeren-zu-gast-in-mustin\/#comments\" ><i class=\"fa fa-comment-o\"><\/i> 0 <\/a><\/div><div class=\"jeg_meta_views\"><a href=\"https:\/\/herzogtum-direkt.de\/index.php\/2026\/04\/28\/ein-musikalisches-highlight-der-schwedische-jakobskoeren-zu-gast-in-mustin\/\" ><i class=\"fa fa-eye\"><\/i> 47 <\/a><\/div><\/div>\n                                <div class=\"jeg_post_excerpt\">\n                                    <p>Mustin (pm\/gb). Am Sonnabend, 2. Mai \u00a0erwartet die Mustiner Kirche in der Dorfstra\u00dfe 20 ein besonderes Konzert. Der renommierte vierstimmige...<\/p>\n                                    <a href=\"https:\/\/herzogtum-direkt.de\/index.php\/2026\/04\/28\/ein-musikalisches-highlight-der-schwedische-jakobskoeren-zu-gast-in-mustin\/\" class=\"jeg_readmore\">Mehr lesen<span class=\"screen-reader-text\">Details<\/span><\/a>\n                                <\/div>\n                        <\/div>\n                    <\/div>\n                <\/article><article class=\"jeg_post jeg_pl_lg_card format-standard\">\n                    <div class=\"jeg_inner_post\">\n                        <div class=\"jeg_thumb\">\n                            \n                            <a href=\"https:\/\/herzogtum-direkt.de\/index.php\/2026\/04\/28\/dialoge-am-klavier-meisterwerke-fuer-vier-haende\/\" aria-label=\"Read article: Dialoge am Klavier \u2013 Meisterwerke f\u00fcr vier H\u00e4nde\"><div class=\"thumbnail-container animate-lazy  size-500 \"><img decoding=\"async\" width=\"1000\" height=\"462\" src=\"https:\/\/herzogtum-direkt.de\/wp-content\/themes\/jnews\/assets\/img\/jeg-empty.png\" class=\"attachment-jnews-1140x570 size-jnews-1140x570 lazyload wp-post-image\" alt=\"Dialoge am Klavier \u2013 Meisterwerke f\u00fcr vier H\u00e4nde\" sizes=\"(max-width: 1000px) 100vw, 1000px\" data-full-width=\"1000\" data-full-height=\"462\" data-src=\"https:\/\/herzogtum-direkt.de\/wp-content\/uploads\/2026\/04\/Logos-Duo.-Foto-Fernando-Casado-hfr-1000x462.jpg\" data-srcset=\"https:\/\/herzogtum-direkt.de\/wp-content\/uploads\/2026\/04\/Logos-Duo.-Foto-Fernando-Casado-hfr.jpg 1000w, https:\/\/herzogtum-direkt.de\/wp-content\/uploads\/2026\/04\/Logos-Duo.-Foto-Fernando-Casado-hfr-600x277.jpg 600w, https:\/\/herzogtum-direkt.de\/wp-content\/uploads\/2026\/04\/Logos-Duo.-Foto-Fernando-Casado-hfr-768x355.jpg 768w\" data-sizes=\"auto\" data-expand=\"700\" \/><\/div><\/a>\n                        <\/div>\n                        <div class=\"jeg_postblock_content\">\n                            <div class=\"jeg_post_category\">\n                                <span>\n                                    <a href=\"https:\/\/herzogtum-direkt.de\/index.php\/category\/ausflugstipp\/\">Ausflugstipp<\/a>\n                                <\/span>\n                            <\/div>\n                            <h3 class=\"jeg_post_title\">\n                                <a href=\"https:\/\/herzogtum-direkt.de\/index.php\/2026\/04\/28\/dialoge-am-klavier-meisterwerke-fuer-vier-haende\/\">Dialoge am Klavier \u2013 Meisterwerke f\u00fcr vier H\u00e4nde<\/a>\n                            <\/h3>\n                            <div class=\"jeg_post_meta\"><div class=\"jeg_meta_author\"><span class=\"by\">von<\/span> <a href=\"https:\/\/herzogtum-direkt.de\/index.php\/author\/pressemitteilung\/\">Pressemitteilung<\/a><\/div><div class=\"jeg_meta_date\"><a href=\"https:\/\/herzogtum-direkt.de\/index.php\/2026\/04\/28\/dialoge-am-klavier-meisterwerke-fuer-vier-haende\/\"><i class=\"fa fa-clock-o\"><\/i> April 28, 2026<\/a><\/div><div class=\"jeg_meta_comment\"><a href=\"https:\/\/herzogtum-direkt.de\/index.php\/2026\/04\/28\/dialoge-am-klavier-meisterwerke-fuer-vier-haende\/#comments\" ><i class=\"fa fa-comment-o\"><\/i> 0 <\/a><\/div><div class=\"jeg_meta_views\"><a href=\"https:\/\/herzogtum-direkt.de\/index.php\/2026\/04\/28\/dialoge-am-klavier-meisterwerke-fuer-vier-haende\/\" ><i class=\"fa fa-eye\"><\/i> 12 <\/a><\/div><\/div>\n                                <div class=\"jeg_post_excerpt\">\n                                    <p>M\u00f6lln (pm). Am Donnerstag, 30. April 2026 findet im Theatersaal des Augustinum M\u00f6lln eine Veranstaltung statt. Das Konzert mit dem...<\/p>\n                                    <a href=\"https:\/\/herzogtum-direkt.de\/index.php\/2026\/04\/28\/dialoge-am-klavier-meisterwerke-fuer-vier-haende\/\" class=\"jeg_readmore\">Mehr lesen<span class=\"screen-reader-text\">Details<\/span><\/a>\n                                <\/div>\n                        <\/div>\n                    <\/div>\n                <\/article><article class=\"jeg_post jeg_pl_lg_card format-standard\">\n                    <div class=\"jeg_inner_post\">\n                        <div class=\"jeg_thumb\">\n                            \n                            <a href=\"https:\/\/herzogtum-direkt.de\/index.php\/2026\/04\/27\/gemeinsam-fuer-freiheit-gottesdienst-mit-buergermeister-und-gemeinde\/\" aria-label=\"Read article: Gemeinsam f\u00fcr Freiheit: Gottesdienst mit B\u00fcrgermeister und Gemeinde\"><div class=\"thumbnail-container animate-lazy  size-500 \"><img decoding=\"async\" width=\"1000\" height=\"570\" src=\"https:\/\/herzogtum-direkt.de\/wp-content\/themes\/jnews\/assets\/img\/jeg-empty.png\" class=\"attachment-jnews-1140x570 size-jnews-1140x570 lazyload wp-post-image\" alt=\"Gemeinsam f\u00fcr Freiheit: Gottesdienst mit B\u00fcrgermeister und Gemeinde\" data-full-width=\"1000\" data-full-height=\"719\" data-src=\"https:\/\/herzogtum-direkt.de\/wp-content\/uploads\/2026\/04\/Freiheit-Frei-Yoga-entspannung-Pixabay-1000x570.jpg\" data-srcset=\"\" data-sizes=\"auto\" data-expand=\"700\" \/><\/div><\/a>\n                        <\/div>\n                        <div class=\"jeg_postblock_content\">\n                            <div class=\"jeg_post_category\">\n                                <span>\n                                    <a href=\"https:\/\/herzogtum-direkt.de\/index.php\/category\/ausflugstipp\/\">Ausflugstipp<\/a>\n                                <\/span>\n                            <\/div>\n                            <h3 class=\"jeg_post_title\">\n                                <a href=\"https:\/\/herzogtum-direkt.de\/index.php\/2026\/04\/27\/gemeinsam-fuer-freiheit-gottesdienst-mit-buergermeister-und-gemeinde\/\">Gemeinsam f\u00fcr Freiheit: Gottesdienst mit B\u00fcrgermeister und Gemeinde<\/a>\n                            <\/h3>\n                            <div class=\"jeg_post_meta\"><div class=\"jeg_meta_author\"><span class=\"by\">von<\/span> <a href=\"https:\/\/herzogtum-direkt.de\/index.php\/author\/pressemitteilung\/\">Pressemitteilung<\/a><\/div><div class=\"jeg_meta_date\"><a href=\"https:\/\/herzogtum-direkt.de\/index.php\/2026\/04\/27\/gemeinsam-fuer-freiheit-gottesdienst-mit-buergermeister-und-gemeinde\/\"><i class=\"fa fa-clock-o\"><\/i> April 27, 2026<\/a><\/div><div class=\"jeg_meta_comment\"><a href=\"https:\/\/herzogtum-direkt.de\/index.php\/2026\/04\/27\/gemeinsam-fuer-freiheit-gottesdienst-mit-buergermeister-und-gemeinde\/#comments\" ><i class=\"fa fa-comment-o\"><\/i> 0 <\/a><\/div><div class=\"jeg_meta_views\"><a href=\"https:\/\/herzogtum-direkt.de\/index.php\/2026\/04\/27\/gemeinsam-fuer-freiheit-gottesdienst-mit-buergermeister-und-gemeinde\/\" ><i class=\"fa fa-eye\"><\/i> 36 <\/a><\/div><\/div>\n                                <div class=\"jeg_post_excerpt\">\n                                    <p>\u00a0M\u00f6lln (pm). Die Ev.-Luth. Kirchengemeinde M\u00f6lln l\u00e4dt am Freitag, 8. Mai um 18 Uhr zu einem besonderen Gottesdienst in die...<\/p>\n                                    <a href=\"https:\/\/herzogtum-direkt.de\/index.php\/2026\/04\/27\/gemeinsam-fuer-freiheit-gottesdienst-mit-buergermeister-und-gemeinde\/\" class=\"jeg_readmore\">Mehr lesen<span class=\"screen-reader-text\">Details<\/span><\/a>\n                                <\/div>\n                        <\/div>\n                    <\/div>\n                <\/article><article class=\"jeg_post jeg_pl_lg_card format-standard\">\n                    <div class=\"jeg_inner_post\">\n                        <div class=\"jeg_thumb\">\n                            \n                            <a href=\"https:\/\/herzogtum-direkt.de\/index.php\/2026\/04\/27\/dokumentation-siri-hustvedt-dance-around-the-self\/\" aria-label=\"Read article: \u00a0Dokumentation: &#8218;Siri Hustvedt &#8211; Dance Around The Self&#8216;\"><div class=\"thumbnail-container animate-lazy  size-500 \"><img loading=\"lazy\" decoding=\"async\" width=\"1000\" height=\"563\" src=\"https:\/\/herzogtum-direkt.de\/wp-content\/themes\/jnews\/assets\/img\/jeg-empty.png\" class=\"attachment-jnews-1140x570 size-jnews-1140x570 lazyload wp-post-image\" alt=\"\u00a0Dokumentation: &#8218;Siri Hustvedt &#8211; Dance Around The Self&#8216;\" sizes=\"(max-width: 1000px) 100vw, 1000px\" data-full-width=\"1000\" data-full-height=\"563\" data-src=\"https:\/\/herzogtum-direkt.de\/wp-content\/uploads\/2026\/04\/Filmclub-Siri-Husvedt-Kino-hfr-1000x563.jpg\" data-srcset=\"https:\/\/herzogtum-direkt.de\/wp-content\/uploads\/2026\/04\/Filmclub-Siri-Husvedt-Kino-hfr.jpg 1000w, https:\/\/herzogtum-direkt.de\/wp-content\/uploads\/2026\/04\/Filmclub-Siri-Husvedt-Kino-hfr-600x338.jpg 600w, https:\/\/herzogtum-direkt.de\/wp-content\/uploads\/2026\/04\/Filmclub-Siri-Husvedt-Kino-hfr-768x432.jpg 768w\" data-sizes=\"auto\" data-expand=\"700\" \/><\/div><\/a>\n                        <\/div>\n                        <div class=\"jeg_postblock_content\">\n                            <div class=\"jeg_post_category\">\n                                <span>\n                                    <a href=\"https:\/\/herzogtum-direkt.de\/index.php\/category\/kultur\/\">Kultur<\/a>\n                                <\/span>\n                            <\/div>\n                            <h3 class=\"jeg_post_title\">\n                                <a href=\"https:\/\/herzogtum-direkt.de\/index.php\/2026\/04\/27\/dokumentation-siri-hustvedt-dance-around-the-self\/\">\u00a0Dokumentation: &#8218;Siri Hustvedt &#8211; Dance Around The Self&#8216;<\/a>\n                            <\/h3>\n                            <div class=\"jeg_post_meta\"><div class=\"jeg_meta_author\"><span class=\"by\">von<\/span> <a href=\"https:\/\/herzogtum-direkt.de\/index.php\/author\/pressemitteilung\/\">Pressemitteilung<\/a><\/div><div class=\"jeg_meta_date\"><a href=\"https:\/\/herzogtum-direkt.de\/index.php\/2026\/04\/27\/dokumentation-siri-hustvedt-dance-around-the-self\/\"><i class=\"fa fa-clock-o\"><\/i> April 27, 2026<\/a><\/div><div class=\"jeg_meta_comment\"><a href=\"https:\/\/herzogtum-direkt.de\/index.php\/2026\/04\/27\/dokumentation-siri-hustvedt-dance-around-the-self\/#comments\" ><i class=\"fa fa-comment-o\"><\/i> 0 <\/a><\/div><div class=\"jeg_meta_views\"><a href=\"https:\/\/herzogtum-direkt.de\/index.php\/2026\/04\/27\/dokumentation-siri-hustvedt-dance-around-the-self\/\" ><i class=\"fa fa-eye\"><\/i> 27 <\/a><\/div><\/div>\n                                <div class=\"jeg_post_excerpt\">\n                                    <p>Ratzeburg (pm). Im Filmclub des Burgtheater Ratzeburg wird am Dienstag, 28. April, um 18.30 Uhr, der Dokumentarfilm \u201eSiri Hustvedt -...<\/p>\n                                    <a href=\"https:\/\/herzogtum-direkt.de\/index.php\/2026\/04\/27\/dokumentation-siri-hustvedt-dance-around-the-self\/\" class=\"jeg_readmore\">Mehr lesen<span class=\"screen-reader-text\">Details<\/span><\/a>\n                                <\/div>\n                        <\/div>\n                    <\/div>\n                <\/article><article class=\"jeg_post jeg_pl_lg_card format-standard\">\n                    <div class=\"jeg_inner_post\">\n                        <div class=\"jeg_thumb\">\n                            \n                            <a href=\"https:\/\/herzogtum-direkt.de\/index.php\/2026\/04\/27\/kuestenkonturen-bjoern-engholm-besucht-ausstellung-im-geesthachtmuseum\/\" aria-label=\"Read article: &#8218;K\u00fcstenkonturen&#8216;: Bj\u00f6rn Engholm besucht Ausstellung im GeesthachtMuseum\"><div class=\"thumbnail-container animate-lazy  size-500 \"><img loading=\"lazy\" decoding=\"async\" width=\"1000\" height=\"570\" src=\"https:\/\/herzogtum-direkt.de\/wp-content\/themes\/jnews\/assets\/img\/jeg-empty.png\" class=\"attachment-jnews-1140x570 size-jnews-1140x570 lazyload wp-post-image\" alt=\"Erneuter Blumenklau aus Geesthachter Bepflanzungen\" data-full-width=\"1000\" data-full-height=\"635\" data-src=\"https:\/\/herzogtum-direkt.de\/wp-content\/uploads\/2025\/07\/Bepflanzung-Museum3-1000x570.jpg\" data-srcset=\"\" data-sizes=\"auto\" data-expand=\"700\" \/><\/div><\/a>\n                        <\/div>\n                        <div class=\"jeg_postblock_content\">\n                            <div class=\"jeg_post_category\">\n                                <span>\n                                    <a href=\"https:\/\/herzogtum-direkt.de\/index.php\/category\/ausflugstipp\/\">Ausflugstipp<\/a>\n                                <\/span>\n                            <\/div>\n                            <h3 class=\"jeg_post_title\">\n                                <a href=\"https:\/\/herzogtum-direkt.de\/index.php\/2026\/04\/27\/kuestenkonturen-bjoern-engholm-besucht-ausstellung-im-geesthachtmuseum\/\">&#8218;K\u00fcstenkonturen&#8216;: Bj\u00f6rn Engholm besucht Ausstellung im GeesthachtMuseum<\/a>\n                            <\/h3>\n                            <div class=\"jeg_post_meta\"><div class=\"jeg_meta_author\"><span class=\"by\">von<\/span> <a href=\"https:\/\/herzogtum-direkt.de\/index.php\/author\/admin_gesine\/\">Gesine Biller<\/a><\/div><div class=\"jeg_meta_date\"><a href=\"https:\/\/herzogtum-direkt.de\/index.php\/2026\/04\/27\/kuestenkonturen-bjoern-engholm-besucht-ausstellung-im-geesthachtmuseum\/\"><i class=\"fa fa-clock-o\"><\/i> April 27, 2026<\/a><\/div><div class=\"jeg_meta_comment\"><a href=\"https:\/\/herzogtum-direkt.de\/index.php\/2026\/04\/27\/kuestenkonturen-bjoern-engholm-besucht-ausstellung-im-geesthachtmuseum\/#comments\" ><i class=\"fa fa-comment-o\"><\/i> 0 <\/a><\/div><div class=\"jeg_meta_views\"><a href=\"https:\/\/herzogtum-direkt.de\/index.php\/2026\/04\/27\/kuestenkonturen-bjoern-engholm-besucht-ausstellung-im-geesthachtmuseum\/\" ><i class=\"fa fa-eye\"><\/i> 58 <\/a><\/div><\/div>\n                                <div class=\"jeg_post_excerpt\">\n                                    <p>Geesthacht (pm). Die Ausstellung \"K\u00fcstenkonturen\" ist ab Freitag, 8. Mai 2026 im GeesthachtMuseum! zu sehen. Die Ausstellung ist ein Langzeit-Projekt...<\/p>\n                                    <a href=\"https:\/\/herzogtum-direkt.de\/index.php\/2026\/04\/27\/kuestenkonturen-bjoern-engholm-besucht-ausstellung-im-geesthachtmuseum\/\" class=\"jeg_readmore\">Mehr lesen<span class=\"screen-reader-text\">Details<\/span><\/a>\n                                <\/div>\n                        <\/div>\n                    <\/div>\n                <\/article><article class=\"jeg_post jeg_pl_lg_card format-standard\">\n                    <div class=\"jeg_inner_post\">\n                        <div class=\"jeg_thumb\">\n                            \n                            <a href=\"https:\/\/herzogtum-direkt.de\/index.php\/2026\/04\/26\/der-nachtwaechter-startet-in-die-saison-2026\/\" aria-label=\"Read article: Der Nachtw\u00e4chter startet in die Saison 2026\"><div class=\"thumbnail-container animate-lazy  size-500 \"><img loading=\"lazy\" decoding=\"async\" width=\"1000\" height=\"562\" src=\"https:\/\/herzogtum-direkt.de\/wp-content\/themes\/jnews\/assets\/img\/jeg-empty.png\" class=\"attachment-jnews-1140x570 size-jnews-1140x570 lazyload wp-post-image\" alt=\"Der Nachtw\u00e4chter startet in die Saison 2026\" sizes=\"(max-width: 1000px) 100vw, 1000px\" data-full-width=\"1000\" data-full-height=\"562\" data-src=\"https:\/\/herzogtum-direkt.de\/wp-content\/uploads\/2026\/04\/Sonnenuntergang-ueber-Ratzeburg.-Foto-Oliver-Essing-hfr-1000x562.jpg\" data-srcset=\"https:\/\/herzogtum-direkt.de\/wp-content\/uploads\/2026\/04\/Sonnenuntergang-ueber-Ratzeburg.-Foto-Oliver-Essing-hfr.jpg 1000w, https:\/\/herzogtum-direkt.de\/wp-content\/uploads\/2026\/04\/Sonnenuntergang-ueber-Ratzeburg.-Foto-Oliver-Essing-hfr-600x337.jpg 600w, https:\/\/herzogtum-direkt.de\/wp-content\/uploads\/2026\/04\/Sonnenuntergang-ueber-Ratzeburg.-Foto-Oliver-Essing-hfr-768x432.jpg 768w\" data-sizes=\"auto\" data-expand=\"700\" \/><\/div><\/a>\n                        <\/div>\n                        <div class=\"jeg_postblock_content\">\n                            <div class=\"jeg_post_category\">\n                                <span>\n                                    <a href=\"https:\/\/herzogtum-direkt.de\/index.php\/category\/kultur\/\">Kultur<\/a>\n                                <\/span>\n                            <\/div>\n                            <h3 class=\"jeg_post_title\">\n                                <a href=\"https:\/\/herzogtum-direkt.de\/index.php\/2026\/04\/26\/der-nachtwaechter-startet-in-die-saison-2026\/\">Der Nachtw\u00e4chter startet in die Saison 2026<\/a>\n                            <\/h3>\n                            <div class=\"jeg_post_meta\"><div class=\"jeg_meta_author\"><span class=\"by\">von<\/span> <a href=\"https:\/\/herzogtum-direkt.de\/index.php\/author\/pressemitteilung\/\">Pressemitteilung<\/a><\/div><div class=\"jeg_meta_date\"><a href=\"https:\/\/herzogtum-direkt.de\/index.php\/2026\/04\/26\/der-nachtwaechter-startet-in-die-saison-2026\/\"><i class=\"fa fa-clock-o\"><\/i> April 26, 2026<\/a><\/div><div class=\"jeg_meta_comment\"><a href=\"https:\/\/herzogtum-direkt.de\/index.php\/2026\/04\/26\/der-nachtwaechter-startet-in-die-saison-2026\/#comments\" ><i class=\"fa fa-comment-o\"><\/i> 0 <\/a><\/div><div class=\"jeg_meta_views\"><a href=\"https:\/\/herzogtum-direkt.de\/index.php\/2026\/04\/26\/der-nachtwaechter-startet-in-die-saison-2026\/\" ><i class=\"fa fa-eye\"><\/i> 69 <\/a><\/div><\/div>\n                                <div class=\"jeg_post_excerpt\">\n                                    <p>Ratzeburg (pm). Am Freitag, 8. Mai 2026 startet der neue Nachtw\u00e4chter Norbert Hauschild um 20 Uhr mit seinem ersten \u00f6ffentlichen...<\/p>\n                                    <a href=\"https:\/\/herzogtum-direkt.de\/index.php\/2026\/04\/26\/der-nachtwaechter-startet-in-die-saison-2026\/\" class=\"jeg_readmore\">Mehr lesen<span class=\"screen-reader-text\">Details<\/span><\/a>\n                                <\/div>\n                        <\/div>\n                    <\/div>\n                <\/article><article class=\"jeg_post jeg_pl_lg_card format-standard\">\n                    <div class=\"jeg_inner_post\">\n                        <div class=\"jeg_thumb\">\n                            \n                            <a href=\"https:\/\/herzogtum-direkt.de\/index.php\/2026\/04\/26\/engagement-vor-ort-staerken-cornelia-thorhauer-ist-die-neue-ehrenamtskoordinatorin\/\" aria-label=\"Read article: Engagement vor Ort st\u00e4rken: Cornelia Thorhauer ist die neue Ehrenamtskoordinatorin\"><div class=\"thumbnail-container animate-lazy  size-500 \"><img loading=\"lazy\" decoding=\"async\" width=\"1000\" height=\"570\" src=\"https:\/\/herzogtum-direkt.de\/wp-content\/themes\/jnews\/assets\/img\/jeg-empty.png\" class=\"attachment-jnews-1140x570 size-jnews-1140x570 lazyload wp-post-image\" alt=\"Engagement vor Ort st\u00e4rken: Cornelia Thorhauer ist die neue Ehrenamtskoordinatorin\" data-full-width=\"1000\" data-full-height=\"750\" data-src=\"https:\/\/herzogtum-direkt.de\/wp-content\/uploads\/2026\/04\/Moelln-Ehrenamt-Cornelia-Thorhauer-Foto-Katrin-Jester--1000x570.jpg\" data-srcset=\"\" data-sizes=\"auto\" data-expand=\"700\" \/><\/div><\/a>\n                        <\/div>\n                        <div class=\"jeg_postblock_content\">\n                            <div class=\"jeg_post_category\">\n                                <span>\n                                    <a href=\"https:\/\/herzogtum-direkt.de\/index.php\/category\/kultur\/\">Kultur<\/a>\n                                <\/span>\n                            <\/div>\n                            <h3 class=\"jeg_post_title\">\n                                <a href=\"https:\/\/herzogtum-direkt.de\/index.php\/2026\/04\/26\/engagement-vor-ort-staerken-cornelia-thorhauer-ist-die-neue-ehrenamtskoordinatorin\/\">Engagement vor Ort st\u00e4rken: Cornelia Thorhauer ist die neue Ehrenamtskoordinatorin<\/a>\n                            <\/h3>\n                            <div class=\"jeg_post_meta\"><div class=\"jeg_meta_author\"><span class=\"by\">von<\/span> <a href=\"https:\/\/herzogtum-direkt.de\/index.php\/author\/pressemitteilung\/\">Pressemitteilung<\/a><\/div><div class=\"jeg_meta_date\"><a href=\"https:\/\/herzogtum-direkt.de\/index.php\/2026\/04\/26\/engagement-vor-ort-staerken-cornelia-thorhauer-ist-die-neue-ehrenamtskoordinatorin\/\"><i class=\"fa fa-clock-o\"><\/i> April 26, 2026<\/a><\/div><div class=\"jeg_meta_comment\"><a href=\"https:\/\/herzogtum-direkt.de\/index.php\/2026\/04\/26\/engagement-vor-ort-staerken-cornelia-thorhauer-ist-die-neue-ehrenamtskoordinatorin\/#comments\" ><i class=\"fa fa-comment-o\"><\/i> 0 <\/a><\/div><div class=\"jeg_meta_views\"><a href=\"https:\/\/herzogtum-direkt.de\/index.php\/2026\/04\/26\/engagement-vor-ort-staerken-cornelia-thorhauer-ist-die-neue-ehrenamtskoordinatorin\/\" ><i class=\"fa fa-eye\"><\/i> 325 <\/a><\/div><\/div>\n                                <div class=\"jeg_post_excerpt\">\n                                    <p>M\u00f6lln (pm).\u00a0Seit dem 1. Januar 2026 ist Cornelia Thorhauer Ehrenamtskoordinatorin der Stadt M\u00f6lln und zentrale Ansprechpartnerin f\u00fcr alle Fragen rund...<\/p>\n                                    <a href=\"https:\/\/herzogtum-direkt.de\/index.php\/2026\/04\/26\/engagement-vor-ort-staerken-cornelia-thorhauer-ist-die-neue-ehrenamtskoordinatorin\/\" class=\"jeg_readmore\">Mehr lesen<span class=\"screen-reader-text\">Details<\/span><\/a>\n                                <\/div>\n                        <\/div>\n                    <\/div>\n                <\/article><article class=\"jeg_post jeg_pl_lg_card format-standard\">\n                    <div class=\"jeg_inner_post\">\n                        <div class=\"jeg_thumb\">\n                            \n                            <a href=\"https:\/\/herzogtum-direkt.de\/index.php\/2026\/04\/25\/filmclub-montagskino-nouvelle-vague\/\" aria-label=\"Read article: Filmclub-Montagskino: &#8218;Nouvelle Vague&#8216;\"><div class=\"thumbnail-container animate-lazy  size-500 \"><img loading=\"lazy\" decoding=\"async\" width=\"1000\" height=\"570\" src=\"https:\/\/herzogtum-direkt.de\/wp-content\/themes\/jnews\/assets\/img\/jeg-empty.png\" class=\"attachment-jnews-1140x570 size-jnews-1140x570 lazyload wp-post-image\" alt=\"Filmclub-Montagskino: &#8218;Nouvelle Vague&#8216;\" data-full-width=\"1000\" data-full-height=\"667\" data-src=\"https:\/\/herzogtum-direkt.de\/wp-content\/uploads\/2026\/04\/Kino-Filmclub-NouvelleVague-JeanLouisFernandez-hfr-1000x570.jpg\" data-srcset=\"\" data-sizes=\"auto\" data-expand=\"700\" \/><\/div><\/a>\n                        <\/div>\n                        <div class=\"jeg_postblock_content\">\n                            <div class=\"jeg_post_category\">\n                                <span>\n                                    <a href=\"https:\/\/herzogtum-direkt.de\/index.php\/category\/kultur\/\">Kultur<\/a>\n                                <\/span>\n                            <\/div>\n                            <h3 class=\"jeg_post_title\">\n                                <a href=\"https:\/\/herzogtum-direkt.de\/index.php\/2026\/04\/25\/filmclub-montagskino-nouvelle-vague\/\">Filmclub-Montagskino: &#8218;Nouvelle Vague&#8216;<\/a>\n                            <\/h3>\n                            <div class=\"jeg_post_meta\"><div class=\"jeg_meta_author\"><span class=\"by\">von<\/span> <a href=\"https:\/\/herzogtum-direkt.de\/index.php\/author\/pressemitteilung\/\">Pressemitteilung<\/a><\/div><div class=\"jeg_meta_date\"><a href=\"https:\/\/herzogtum-direkt.de\/index.php\/2026\/04\/25\/filmclub-montagskino-nouvelle-vague\/\"><i class=\"fa fa-clock-o\"><\/i> April 25, 2026<\/a><\/div><div class=\"jeg_meta_comment\"><a href=\"https:\/\/herzogtum-direkt.de\/index.php\/2026\/04\/25\/filmclub-montagskino-nouvelle-vague\/#comments\" ><i class=\"fa fa-comment-o\"><\/i> 0 <\/a><\/div><div class=\"jeg_meta_views\"><a href=\"https:\/\/herzogtum-direkt.de\/index.php\/2026\/04\/25\/filmclub-montagskino-nouvelle-vague\/\" ><i class=\"fa fa-eye\"><\/i> 15 <\/a><\/div><\/div>\n                                <div class=\"jeg_post_excerpt\">\n                                    <p>Ratzeburg (pm). Im Filmclub des Burgtheater Ratzeburg wird am Montag, 27. April vom Kult-Regisseur Richard Linklater \"Nouvelle Vague\" gezeigt, der...<\/p>\n                                    <a href=\"https:\/\/herzogtum-direkt.de\/index.php\/2026\/04\/25\/filmclub-montagskino-nouvelle-vague\/\" class=\"jeg_readmore\">Mehr lesen<span class=\"screen-reader-text\">Details<\/span><\/a>\n                                <\/div>\n                        <\/div>\n                    <\/div>\n                <\/article><article class=\"jeg_post jeg_pl_lg_card format-standard\">\n                    <div class=\"jeg_inner_post\">\n                        <div class=\"jeg_thumb\">\n                            \n                            <a href=\"https:\/\/herzogtum-direkt.de\/index.php\/2026\/04\/24\/fuehrung-im-kreismuseum-herzogtum-lauenburg\/\" aria-label=\"Read article: F\u00fchrung im Kreismuseum Herzogtum Lauenburg\"><div class=\"thumbnail-container animate-lazy  size-500 \"><img loading=\"lazy\" decoding=\"async\" width=\"1000\" height=\"570\" src=\"https:\/\/herzogtum-direkt.de\/wp-content\/themes\/jnews\/assets\/img\/jeg-empty.png\" class=\"attachment-jnews-1140x570 size-jnews-1140x570 lazyload wp-post-image\" alt=\"F\u00fchrung im Kreismuseum Herzogtum Lauenburg\" data-full-width=\"1000\" data-full-height=\"594\" data-src=\"https:\/\/herzogtum-direkt.de\/wp-content\/uploads\/2026\/04\/02-KM_50er_Jahre-1000x570.jpg\" data-srcset=\"\" data-sizes=\"auto\" data-expand=\"700\" \/><\/div><\/a>\n                        <\/div>\n                        <div class=\"jeg_postblock_content\">\n                            <div class=\"jeg_post_category\">\n                                <span>\n                                    <a href=\"https:\/\/herzogtum-direkt.de\/index.php\/category\/kultur\/\">Kultur<\/a>\n                                <\/span>\n                            <\/div>\n                            <h3 class=\"jeg_post_title\">\n                                <a href=\"https:\/\/herzogtum-direkt.de\/index.php\/2026\/04\/24\/fuehrung-im-kreismuseum-herzogtum-lauenburg\/\">F\u00fchrung im Kreismuseum Herzogtum Lauenburg<\/a>\n                            <\/h3>\n                            <div class=\"jeg_post_meta\"><div class=\"jeg_meta_author\"><span class=\"by\">von<\/span> <a href=\"https:\/\/herzogtum-direkt.de\/index.php\/author\/pressemitteilung\/\">Pressemitteilung<\/a><\/div><div class=\"jeg_meta_date\"><a href=\"https:\/\/herzogtum-direkt.de\/index.php\/2026\/04\/24\/fuehrung-im-kreismuseum-herzogtum-lauenburg\/\"><i class=\"fa fa-clock-o\"><\/i> April 24, 2026<\/a><\/div><div class=\"jeg_meta_comment\"><a href=\"https:\/\/herzogtum-direkt.de\/index.php\/2026\/04\/24\/fuehrung-im-kreismuseum-herzogtum-lauenburg\/#comments\" ><i class=\"fa fa-comment-o\"><\/i> 0 <\/a><\/div><div class=\"jeg_meta_views\"><a href=\"https:\/\/herzogtum-direkt.de\/index.php\/2026\/04\/24\/fuehrung-im-kreismuseum-herzogtum-lauenburg\/\" ><i class=\"fa fa-eye\"><\/i> 22 <\/a><\/div><\/div>\n                                <div class=\"jeg_post_excerpt\">\n                                    <p>Ratzeburg (pm).\u00a0Auch in diesem Jahr bietet der Kreis Herzogtum Lauenburg unter dem Titel \u201eAuf in die Kreismuseen\u201c im Wechsel monatlich...<\/p>\n                                    <a href=\"https:\/\/herzogtum-direkt.de\/index.php\/2026\/04\/24\/fuehrung-im-kreismuseum-herzogtum-lauenburg\/\" class=\"jeg_readmore\">Mehr lesen<span class=\"screen-reader-text\">Details<\/span><\/a>\n                                <\/div>\n                        <\/div>\n                    <\/div>\n                <\/article><article class=\"jeg_post jeg_pl_lg_card format-standard\">\n                    <div class=\"jeg_inner_post\">\n                        <div class=\"jeg_thumb\">\n                            \n                            <a href=\"https:\/\/herzogtum-direkt.de\/index.php\/2026\/04\/24\/kuchen-kino-der-buchspazierer\/\" aria-label=\"Read article: \u00a0Kuchen-Kino:\u00a0&#8218;Der Buchspazierer&#8216;\"><div class=\"thumbnail-container animate-lazy  size-500 \"><img loading=\"lazy\" decoding=\"async\" width=\"1000\" height=\"570\" src=\"https:\/\/herzogtum-direkt.de\/wp-content\/themes\/jnews\/assets\/img\/jeg-empty.png\" class=\"attachment-jnews-1140x570 size-jnews-1140x570 lazyload wp-post-image\" alt=\"\u00a0Kuchen-Kino:\u00a0&#8218;Der Buchspazierer&#8216;\" data-full-width=\"1000\" data-full-height=\"667\" data-src=\"https:\/\/herzogtum-direkt.de\/wp-content\/uploads\/2026\/04\/Kuchen-pixabay-1000x570.jpg\" data-srcset=\"\" data-sizes=\"auto\" data-expand=\"700\" \/><\/div><\/a>\n                        <\/div>\n                        <div class=\"jeg_postblock_content\">\n                            <div class=\"jeg_post_category\">\n                                <span>\n                                    <a href=\"https:\/\/herzogtum-direkt.de\/index.php\/category\/kultur\/\">Kultur<\/a>\n                                <\/span>\n                            <\/div>\n                            <h3 class=\"jeg_post_title\">\n                                <a href=\"https:\/\/herzogtum-direkt.de\/index.php\/2026\/04\/24\/kuchen-kino-der-buchspazierer\/\">\u00a0Kuchen-Kino:\u00a0&#8218;Der Buchspazierer&#8216;<\/a>\n                            <\/h3>\n                            <div class=\"jeg_post_meta\"><div class=\"jeg_meta_author\"><span class=\"by\">von<\/span> <a href=\"https:\/\/herzogtum-direkt.de\/index.php\/author\/pressemitteilung\/\">Pressemitteilung<\/a><\/div><div class=\"jeg_meta_date\"><a href=\"https:\/\/herzogtum-direkt.de\/index.php\/2026\/04\/24\/kuchen-kino-der-buchspazierer\/\"><i class=\"fa fa-clock-o\"><\/i> April 24, 2026<\/a><\/div><div class=\"jeg_meta_comment\"><a href=\"https:\/\/herzogtum-direkt.de\/index.php\/2026\/04\/24\/kuchen-kino-der-buchspazierer\/#comments\" ><i class=\"fa fa-comment-o\"><\/i> 0 <\/a><\/div><div class=\"jeg_meta_views\"><a href=\"https:\/\/herzogtum-direkt.de\/index.php\/2026\/04\/24\/kuchen-kino-der-buchspazierer\/\" ><i class=\"fa fa-eye\"><\/i> 49 <\/a><\/div><\/div>\n                                <div class=\"jeg_post_excerpt\">\n                                    <p>Ratzeburg (pm). Im Filmclub des Burgtheater Ratzeburg wird in Kooperation mit dem Sozialverband Deutschland (SoVD) am Sonntag, 26. April, um...<\/p>\n                                    <a href=\"https:\/\/herzogtum-direkt.de\/index.php\/2026\/04\/24\/kuchen-kino-der-buchspazierer\/\" class=\"jeg_readmore\">Mehr lesen<span class=\"screen-reader-text\">Details<\/span><\/a>\n                                <\/div>\n                        <\/div>\n                    <\/div>\n                <\/article><article class=\"jeg_post jeg_pl_lg_card format-standard\">\n                    <div class=\"jeg_inner_post\">\n                        <div class=\"jeg_thumb\">\n                            \n                            <a href=\"https:\/\/herzogtum-direkt.de\/index.php\/2026\/04\/24\/filmclub-festival-extrawurst\/\" aria-label=\"Read article: Filmclub-Festival: &#8218;Extrawurst&#8216;\"><div class=\"thumbnail-container animate-lazy  size-500 \"><img loading=\"lazy\" decoding=\"async\" width=\"1000\" height=\"419\" src=\"https:\/\/herzogtum-direkt.de\/wp-content\/themes\/jnews\/assets\/img\/jeg-empty.png\" class=\"attachment-jnews-1140x570 size-jnews-1140x570 lazyload wp-post-image\" alt=\"Eulenspiegelkino im Augustinum: &#8218;Extrawurst&#8216; und &#8218;Hamnet&#8216;\" sizes=\"(max-width: 1000px) 100vw, 1000px\" data-full-width=\"1000\" data-full-height=\"419\" data-src=\"https:\/\/herzogtum-direkt.de\/wp-content\/uploads\/2026\/04\/Extrawurst-Kino-Moelln-hfr-1000x419.jpg\" data-srcset=\"https:\/\/herzogtum-direkt.de\/wp-content\/uploads\/2026\/04\/Extrawurst-Kino-Moelln-hfr.jpg 1000w, https:\/\/herzogtum-direkt.de\/wp-content\/uploads\/2026\/04\/Extrawurst-Kino-Moelln-hfr-600x251.jpg 600w, https:\/\/herzogtum-direkt.de\/wp-content\/uploads\/2026\/04\/Extrawurst-Kino-Moelln-hfr-768x322.jpg 768w\" data-sizes=\"auto\" data-expand=\"700\" \/><\/div><\/a>\n                        <\/div>\n                        <div class=\"jeg_postblock_content\">\n                            <div class=\"jeg_post_category\">\n                                <span>\n                                    <a href=\"https:\/\/herzogtum-direkt.de\/index.php\/category\/kultur\/\">Kultur<\/a>\n                                <\/span>\n                            <\/div>\n                            <h3 class=\"jeg_post_title\">\n                                <a href=\"https:\/\/herzogtum-direkt.de\/index.php\/2026\/04\/24\/filmclub-festival-extrawurst\/\">Filmclub-Festival: &#8218;Extrawurst&#8216;<\/a>\n                            <\/h3>\n                            <div class=\"jeg_post_meta\"><div class=\"jeg_meta_author\"><span class=\"by\">von<\/span> <a href=\"https:\/\/herzogtum-direkt.de\/index.php\/author\/pressemitteilung\/\">Pressemitteilung<\/a><\/div><div class=\"jeg_meta_date\"><a href=\"https:\/\/herzogtum-direkt.de\/index.php\/2026\/04\/24\/filmclub-festival-extrawurst\/\"><i class=\"fa fa-clock-o\"><\/i> April 24, 2026<\/a><\/div><div class=\"jeg_meta_comment\"><a href=\"https:\/\/herzogtum-direkt.de\/index.php\/2026\/04\/24\/filmclub-festival-extrawurst\/#comments\" ><i class=\"fa fa-comment-o\"><\/i> 0 <\/a><\/div><div class=\"jeg_meta_views\"><a href=\"https:\/\/herzogtum-direkt.de\/index.php\/2026\/04\/24\/filmclub-festival-extrawurst\/\" ><i class=\"fa fa-eye\"><\/i> 24 <\/a><\/div><\/div>\n                                <div class=\"jeg_post_excerpt\">\n                                    <p>Ratzeburg (pm). Im Filmclub des Burgtheater Ratzeburg wird am Sonntag, 26. April die Verfilmung des Theaterst\u00fccks \u201eExtrawurst\u201c \u00fcber verborgene Animosit\u00e4ten,...<\/p>\n                                    <a href=\"https:\/\/herzogtum-direkt.de\/index.php\/2026\/04\/24\/filmclub-festival-extrawurst\/\" class=\"jeg_readmore\">Mehr lesen<span class=\"screen-reader-text\">Details<\/span><\/a>\n                                <\/div>\n                        <\/div>\n                    <\/div>\n                <\/article><article class=\"jeg_post jeg_pl_lg_card format-standard\">\n                    <div class=\"jeg_inner_post\">\n                        <div class=\"jeg_thumb\">\n                            \n                            <a href=\"https:\/\/herzogtum-direkt.de\/index.php\/2026\/04\/23\/maifeuer-in-witzeeze\/\" aria-label=\"Read article: Maifeuer in Witzeeze\"><div class=\"thumbnail-container animate-lazy  size-500 \"><img loading=\"lazy\" decoding=\"async\" width=\"1000\" height=\"570\" src=\"https:\/\/herzogtum-direkt.de\/wp-content\/themes\/jnews\/assets\/img\/jeg-empty.png\" class=\"attachment-jnews-1140x570 size-jnews-1140x570 lazyload wp-post-image\" alt=\"Sternenzelt-Party des Gr\u00fcnen Kreisverbandes\" data-full-width=\"1000\" data-full-height=\"666\" data-src=\"https:\/\/herzogtum-direkt.de\/wp-content\/uploads\/2022\/10\/Lagerfeuer-Pixabay-1000x570.jpg\" data-srcset=\"\" data-sizes=\"auto\" data-expand=\"700\" \/><\/div><\/a>\n                        <\/div>\n                        <div class=\"jeg_postblock_content\">\n                            <div class=\"jeg_post_category\">\n                                <span>\n                                    <a href=\"https:\/\/herzogtum-direkt.de\/index.php\/category\/ausflugstipp\/\">Ausflugstipp<\/a>\n                                <\/span>\n                            <\/div>\n                            <h3 class=\"jeg_post_title\">\n                                <a href=\"https:\/\/herzogtum-direkt.de\/index.php\/2026\/04\/23\/maifeuer-in-witzeeze\/\">Maifeuer in Witzeeze<\/a>\n                            <\/h3>\n                            <div class=\"jeg_post_meta\"><div class=\"jeg_meta_author\"><span class=\"by\">von<\/span> <a href=\"https:\/\/herzogtum-direkt.de\/index.php\/author\/pressemitteilung\/\">Pressemitteilung<\/a><\/div><div class=\"jeg_meta_date\"><a href=\"https:\/\/herzogtum-direkt.de\/index.php\/2026\/04\/23\/maifeuer-in-witzeeze\/\"><i class=\"fa fa-clock-o\"><\/i> April 23, 2026<\/a><\/div><div class=\"jeg_meta_comment\"><a href=\"https:\/\/herzogtum-direkt.de\/index.php\/2026\/04\/23\/maifeuer-in-witzeeze\/#comments\" ><i class=\"fa fa-comment-o\"><\/i> 0 <\/a><\/div><div class=\"jeg_meta_views\"><a href=\"https:\/\/herzogtum-direkt.de\/index.php\/2026\/04\/23\/maifeuer-in-witzeeze\/\" ><i class=\"fa fa-eye\"><\/i> 52 <\/a><\/div><\/div>\n                                <div class=\"jeg_post_excerpt\">\n                                    <p>Witzeeze (pm). Am Donnerstag, 30. April 2025 ist es wieder so weit: Die Gemeinde Witzeeze l\u00e4dt herzlich zum Maifeuer auf...<\/p>\n                                    <a href=\"https:\/\/herzogtum-direkt.de\/index.php\/2026\/04\/23\/maifeuer-in-witzeeze\/\" class=\"jeg_readmore\">Mehr lesen<span class=\"screen-reader-text\">Details<\/span><\/a>\n                                <\/div>\n                        <\/div>\n                    <\/div>\n                <\/article><article class=\"jeg_post jeg_pl_lg_card format-standard\">\n                    <div class=\"jeg_inner_post\">\n                        <div class=\"jeg_thumb\">\n                            \n                            <a href=\"https:\/\/herzogtum-direkt.de\/index.php\/2026\/04\/22\/viel-neues-bei-den-moellner-orgelkonzerten-2026\/\" aria-label=\"Read article: Viel Neues bei den M\u00f6llner Orgelkonzerten 2026\"><div class=\"thumbnail-container animate-lazy  size-500 \"><img loading=\"lazy\" decoding=\"async\" width=\"1000\" height=\"570\" src=\"https:\/\/herzogtum-direkt.de\/wp-content\/themes\/jnews\/assets\/img\/jeg-empty.png\" class=\"attachment-jnews-1140x570 size-jnews-1140x570 lazyload wp-post-image\" alt=\"Viel Neues bei den M\u00f6llner Orgelkonzerten 2026\" data-full-width=\"1000\" data-full-height=\"667\" data-src=\"https:\/\/herzogtum-direkt.de\/wp-content\/uploads\/2026\/04\/maurits_bunt_Orgelreihe_Moelln-1000x570.jpg\" data-srcset=\"\" data-sizes=\"auto\" data-expand=\"700\" \/><\/div><\/a>\n                        <\/div>\n                        <div class=\"jeg_postblock_content\">\n                            <div class=\"jeg_post_category\">\n                                <span>\n                                    <a href=\"https:\/\/herzogtum-direkt.de\/index.php\/category\/kultur\/\">Kultur<\/a>\n                                <\/span>\n                            <\/div>\n                            <h3 class=\"jeg_post_title\">\n                                <a href=\"https:\/\/herzogtum-direkt.de\/index.php\/2026\/04\/22\/viel-neues-bei-den-moellner-orgelkonzerten-2026\/\">Viel Neues bei den M\u00f6llner Orgelkonzerten 2026<\/a>\n                            <\/h3>\n                            <div class=\"jeg_post_meta\"><div class=\"jeg_meta_author\"><span class=\"by\">von<\/span> <a href=\"https:\/\/herzogtum-direkt.de\/index.php\/author\/admin_gesine\/\">Gesine Biller<\/a><\/div><div class=\"jeg_meta_date\"><a href=\"https:\/\/herzogtum-direkt.de\/index.php\/2026\/04\/22\/viel-neues-bei-den-moellner-orgelkonzerten-2026\/\"><i class=\"fa fa-clock-o\"><\/i> April 22, 2026<\/a><\/div><div class=\"jeg_meta_comment\"><a href=\"https:\/\/herzogtum-direkt.de\/index.php\/2026\/04\/22\/viel-neues-bei-den-moellner-orgelkonzerten-2026\/#comments\" ><i class=\"fa fa-comment-o\"><\/i> 0 <\/a><\/div><div class=\"jeg_meta_views\"><a href=\"https:\/\/herzogtum-direkt.de\/index.php\/2026\/04\/22\/viel-neues-bei-den-moellner-orgelkonzerten-2026\/\" ><i class=\"fa fa-eye\"><\/i> 49 <\/a><\/div><\/div>\n                                <div class=\"jeg_post_excerpt\">\n                                    <p>M\u00f6lln (pm). Die beliebte Konzertreihe an der Scherer-B\u00fcnting-Flentrop-Orgel in der M\u00f6llner Kirche St. Nicolai geht 2026 mit spannenden Neuerungen an...<\/p>\n                                    <a href=\"https:\/\/herzogtum-direkt.de\/index.php\/2026\/04\/22\/viel-neues-bei-den-moellner-orgelkonzerten-2026\/\" class=\"jeg_readmore\">Mehr lesen<span class=\"screen-reader-text\">Details<\/span><\/a>\n                                <\/div>\n                        <\/div>\n                    <\/div>\n                <\/article><article class=\"jeg_post jeg_pl_lg_card format-standard\">\n                    <div class=\"jeg_inner_post\">\n                        <div class=\"jeg_thumb\">\n                            \n                            <a href=\"https:\/\/herzogtum-direkt.de\/index.php\/2026\/04\/22\/geesthachtmuseum-zeigt-die-gemeinschaftsausstellung-kuestenkonturen\/\" aria-label=\"Read article: GeesthachtMuseum zeigt die Gemeinschaftsausstellung &#8218;K\u00fcstenkonturen&#8216;\"><div class=\"thumbnail-container animate-lazy  size-500 \"><img loading=\"lazy\" decoding=\"async\" width=\"1000\" height=\"570\" src=\"https:\/\/herzogtum-direkt.de\/wp-content\/themes\/jnews\/assets\/img\/jeg-empty.png\" class=\"attachment-jnews-1140x570 size-jnews-1140x570 lazyload wp-post-image\" alt=\"GeesthachtMuseum zeigt die Gemeinschaftsausstellung &#8218;K\u00fcstenkonturen&#8216;\" data-full-width=\"1000\" data-full-height=\"645\" data-src=\"https:\/\/herzogtum-direkt.de\/wp-content\/uploads\/2026\/04\/Ausschnitt-Plakat-Kuestenturen-GeesthachtMuseum-2026-Sven-Zimmermann-hfr-1000x570.jpg\" data-srcset=\"\" data-sizes=\"auto\" data-expand=\"700\" \/><\/div><\/a>\n                        <\/div>\n                        <div class=\"jeg_postblock_content\">\n                            <div class=\"jeg_post_category\">\n                                <span>\n                                    <a href=\"https:\/\/herzogtum-direkt.de\/index.php\/category\/herzogtum-lauenburg\/geesthacht\/\">Geesthacht<\/a>\n                                <\/span>\n                            <\/div>\n                            <h3 class=\"jeg_post_title\">\n                                <a href=\"https:\/\/herzogtum-direkt.de\/index.php\/2026\/04\/22\/geesthachtmuseum-zeigt-die-gemeinschaftsausstellung-kuestenkonturen\/\">GeesthachtMuseum zeigt die Gemeinschaftsausstellung &#8218;K\u00fcstenkonturen&#8216;<\/a>\n                            <\/h3>\n                            <div class=\"jeg_post_meta\"><div class=\"jeg_meta_author\"><span class=\"by\">von<\/span> <a href=\"https:\/\/herzogtum-direkt.de\/index.php\/author\/pressemitteilung\/\">Pressemitteilung<\/a><\/div><div class=\"jeg_meta_date\"><a href=\"https:\/\/herzogtum-direkt.de\/index.php\/2026\/04\/22\/geesthachtmuseum-zeigt-die-gemeinschaftsausstellung-kuestenkonturen\/\"><i class=\"fa fa-clock-o\"><\/i> April 22, 2026<\/a><\/div><div class=\"jeg_meta_comment\"><a href=\"https:\/\/herzogtum-direkt.de\/index.php\/2026\/04\/22\/geesthachtmuseum-zeigt-die-gemeinschaftsausstellung-kuestenkonturen\/#comments\" ><i class=\"fa fa-comment-o\"><\/i> 0 <\/a><\/div><div class=\"jeg_meta_views\"><a href=\"https:\/\/herzogtum-direkt.de\/index.php\/2026\/04\/22\/geesthachtmuseum-zeigt-die-gemeinschaftsausstellung-kuestenkonturen\/\" ><i class=\"fa fa-eye\"><\/i> 43 <\/a><\/div><\/div>\n                                <div class=\"jeg_post_excerpt\">\n                                    <p>Geesthacht (pm). \"K\u00fcstenkonturen\" sind vom 8. Mai bis zum 7. Juni im GeesthachtMuseum! zu sehen.\u00a0 Dabei handelt es sich um...<\/p>\n                                    <a href=\"https:\/\/herzogtum-direkt.de\/index.php\/2026\/04\/22\/geesthachtmuseum-zeigt-die-gemeinschaftsausstellung-kuestenkonturen\/\" class=\"jeg_readmore\">Mehr lesen<span class=\"screen-reader-text\">Details<\/span><\/a>\n                                <\/div>\n                        <\/div>\n                    <\/div>\n                <\/article><article class=\"jeg_post jeg_pl_lg_card format-standard\">\n                    <div class=\"jeg_inner_post\">\n                        <div class=\"jeg_thumb\">\n                            \n                            <a href=\"https:\/\/herzogtum-direkt.de\/index.php\/2026\/04\/21\/musik-am-maifeuer-mit-der-band-die-herren\/\" aria-label=\"Read article: Musik am Maifeuer mit der Band &#8218;Die Herren&#8216;\"><div class=\"thumbnail-container animate-lazy  size-500 \"><img loading=\"lazy\" decoding=\"async\" width=\"1000\" height=\"570\" src=\"https:\/\/herzogtum-direkt.de\/wp-content\/themes\/jnews\/assets\/img\/jeg-empty.png\" class=\"attachment-jnews-1140x570 size-jnews-1140x570 lazyload wp-post-image\" alt=\"Musik am Maifeuer mit der Band &#8218;Die Herren&#8216;\" data-full-width=\"1000\" data-full-height=\"667\" data-src=\"https:\/\/herzogtum-direkt.de\/wp-content\/uploads\/2026\/04\/Die-Herren-Foto-Silke-Roschewski-1000x570.jpg\" data-srcset=\"\" data-sizes=\"auto\" data-expand=\"700\" \/><\/div><\/a>\n                        <\/div>\n                        <div class=\"jeg_postblock_content\">\n                            <div class=\"jeg_post_category\">\n                                <span>\n                                    <a href=\"https:\/\/herzogtum-direkt.de\/index.php\/category\/ausflugstipp\/\">Ausflugstipp<\/a>\n                                <\/span>\n                            <\/div>\n                            <h3 class=\"jeg_post_title\">\n                                <a href=\"https:\/\/herzogtum-direkt.de\/index.php\/2026\/04\/21\/musik-am-maifeuer-mit-der-band-die-herren\/\">Musik am Maifeuer mit der Band &#8218;Die Herren&#8216;<\/a>\n                            <\/h3>\n                            <div class=\"jeg_post_meta\"><div class=\"jeg_meta_author\"><span class=\"by\">von<\/span> <a href=\"https:\/\/herzogtum-direkt.de\/index.php\/author\/pressemitteilung\/\">Pressemitteilung<\/a><\/div><div class=\"jeg_meta_date\"><a href=\"https:\/\/herzogtum-direkt.de\/index.php\/2026\/04\/21\/musik-am-maifeuer-mit-der-band-die-herren\/\"><i class=\"fa fa-clock-o\"><\/i> April 21, 2026<\/a><\/div><div class=\"jeg_meta_comment\"><a href=\"https:\/\/herzogtum-direkt.de\/index.php\/2026\/04\/21\/musik-am-maifeuer-mit-der-band-die-herren\/#comments\" ><i class=\"fa fa-comment-o\"><\/i> 0 <\/a><\/div><div class=\"jeg_meta_views\"><a href=\"https:\/\/herzogtum-direkt.de\/index.php\/2026\/04\/21\/musik-am-maifeuer-mit-der-band-die-herren\/\" ><i class=\"fa fa-eye\"><\/i> 162 <\/a><\/div><\/div>\n                                <div class=\"jeg_post_excerpt\">\n                                    <p>Witzeeze (pm). \u201eDie Herren\u201c erfreuen ihr Publikum am Donnerstag, 30. April 2026 um 20 Uhr im Zelt am Sportplatz in...<\/p>\n                                    <a href=\"https:\/\/herzogtum-direkt.de\/index.php\/2026\/04\/21\/musik-am-maifeuer-mit-der-band-die-herren\/\" class=\"jeg_readmore\">Mehr lesen<span class=\"screen-reader-text\">Details<\/span><\/a>\n                                <\/div>\n                        <\/div>\n                    <\/div>\n                <\/article><article class=\"jeg_post jeg_pl_lg_card format-standard\">\n                    <div class=\"jeg_inner_post\">\n                        <div class=\"jeg_thumb\">\n                            \n                            <a href=\"https:\/\/herzogtum-direkt.de\/index.php\/2026\/04\/21\/eulenspiegelkino-im-augustinum-die-aeltern-und-fuer-immer-ein-teil-von-dir\/\" aria-label=\"Read article: Eulenspiegelkino im Augustinum: &#8218;Die \u00c4ltern&#8216; und &#8218;F\u00fcr immer ein Teil von Dir&#8216;\"><div class=\"thumbnail-container animate-lazy  size-500 \"><img loading=\"lazy\" decoding=\"async\" width=\"1000\" height=\"570\" src=\"https:\/\/herzogtum-direkt.de\/wp-content\/themes\/jnews\/assets\/img\/jeg-empty.png\" class=\"attachment-jnews-1140x570 size-jnews-1140x570 lazyload wp-post-image\" alt=\"Eulenspiegelkino im Augustinum: &#8218;Die \u00c4ltern&#8216; und &#8218;F\u00fcr immer ein Teil von Dir&#8216;\" data-full-width=\"1000\" data-full-height=\"668\" data-src=\"https:\/\/herzogtum-direkt.de\/wp-content\/uploads\/2026\/04\/fuer-immer-ein-teil-von-dir-Kino-Moelln-1000x570.jpg\" data-srcset=\"\" data-sizes=\"auto\" data-expand=\"700\" \/><\/div><\/a>\n                        <\/div>\n                        <div class=\"jeg_postblock_content\">\n                            <div class=\"jeg_post_category\">\n                                <span>\n                                    <a href=\"https:\/\/herzogtum-direkt.de\/index.php\/category\/kultur\/\">Kultur<\/a>\n                                <\/span>\n                            <\/div>\n                            <h3 class=\"jeg_post_title\">\n                                <a href=\"https:\/\/herzogtum-direkt.de\/index.php\/2026\/04\/21\/eulenspiegelkino-im-augustinum-die-aeltern-und-fuer-immer-ein-teil-von-dir\/\">Eulenspiegelkino im Augustinum: &#8218;Die \u00c4ltern&#8216; und &#8218;F\u00fcr immer ein Teil von Dir&#8216;<\/a>\n                            <\/h3>\n                            <div class=\"jeg_post_meta\"><div class=\"jeg_meta_author\"><span class=\"by\">von<\/span> <a href=\"https:\/\/herzogtum-direkt.de\/index.php\/author\/pressemitteilung\/\">Pressemitteilung<\/a><\/div><div class=\"jeg_meta_date\"><a href=\"https:\/\/herzogtum-direkt.de\/index.php\/2026\/04\/21\/eulenspiegelkino-im-augustinum-die-aeltern-und-fuer-immer-ein-teil-von-dir\/\"><i class=\"fa fa-clock-o\"><\/i> April 21, 2026<\/a><\/div><div class=\"jeg_meta_comment\"><a href=\"https:\/\/herzogtum-direkt.de\/index.php\/2026\/04\/21\/eulenspiegelkino-im-augustinum-die-aeltern-und-fuer-immer-ein-teil-von-dir\/#comments\" ><i class=\"fa fa-comment-o\"><\/i> 0 <\/a><\/div><div class=\"jeg_meta_views\"><a href=\"https:\/\/herzogtum-direkt.de\/index.php\/2026\/04\/21\/eulenspiegelkino-im-augustinum-die-aeltern-und-fuer-immer-ein-teil-von-dir\/\" ><i class=\"fa fa-eye\"><\/i> 42 <\/a><\/div><\/div>\n                                <div class=\"jeg_post_excerpt\">\n                                    <p>M\u00f6lln (pm).\u00a0Das Eulenspiegelkino beim Augustinum M\u00f6lln zeigt am Freitag, 24. April, um 19.30 Uhr, die deutsche Kom\u00f6die von S\u00f6nke Wortmann...<\/p>\n                                    <a href=\"https:\/\/herzogtum-direkt.de\/index.php\/2026\/04\/21\/eulenspiegelkino-im-augustinum-die-aeltern-und-fuer-immer-ein-teil-von-dir\/\" class=\"jeg_readmore\">Mehr lesen<span class=\"screen-reader-text\">Details<\/span><\/a>\n                                <\/div>\n                        <\/div>\n                    <\/div>\n                <\/article><article class=\"jeg_post jeg_pl_lg_card format-standard\">\n                    <div class=\"jeg_inner_post\">\n                        <div class=\"jeg_thumb\">\n                            \n                            <a href=\"https:\/\/herzogtum-direkt.de\/index.php\/2026\/04\/20\/singen-verbindet-ein-musikalisches-erlebnis-in-der-seedorfer-kirche\/\" aria-label=\"Read article: Singen verbindet \u2013 ein musikalisches Erlebnis in der Seedorfer Kirche\"><div class=\"thumbnail-container animate-lazy  size-500 \"><img loading=\"lazy\" decoding=\"async\" width=\"1000\" height=\"570\" src=\"https:\/\/herzogtum-direkt.de\/wp-content\/themes\/jnews\/assets\/img\/jeg-empty.png\" class=\"attachment-jnews-1140x570 size-jnews-1140x570 lazyload wp-post-image\" alt=\"Singen verbindet \u2013 ein musikalisches Erlebnis in der Seedorfer Kirche\" data-full-width=\"1000\" data-full-height=\"664\" data-src=\"https:\/\/herzogtum-direkt.de\/wp-content\/uploads\/2026\/04\/Chorkonzert-Seedorf-2026-hfr-1000x570.jpg\" data-srcset=\"\" data-sizes=\"auto\" data-expand=\"700\" \/><\/div><\/a>\n                        <\/div>\n                        <div class=\"jeg_postblock_content\">\n                            <div class=\"jeg_post_category\">\n                                <span>\n                                    <a href=\"https:\/\/herzogtum-direkt.de\/index.php\/category\/herzogtum-lauenburg\/amt-lauenburgische-seen\/\">Amt Lauenburgische Seen<\/a>\n                                <\/span>\n                            <\/div>\n                            <h3 class=\"jeg_post_title\">\n                                <a href=\"https:\/\/herzogtum-direkt.de\/index.php\/2026\/04\/20\/singen-verbindet-ein-musikalisches-erlebnis-in-der-seedorfer-kirche\/\">Singen verbindet \u2013 ein musikalisches Erlebnis in der Seedorfer Kirche<\/a>\n                            <\/h3>\n                            <div class=\"jeg_post_meta\"><div class=\"jeg_meta_author\"><span class=\"by\">von<\/span> <a href=\"https:\/\/herzogtum-direkt.de\/index.php\/author\/admin_gesine\/\">Gesine Biller<\/a><\/div><div class=\"jeg_meta_date\"><a href=\"https:\/\/herzogtum-direkt.de\/index.php\/2026\/04\/20\/singen-verbindet-ein-musikalisches-erlebnis-in-der-seedorfer-kirche\/\"><i class=\"fa fa-clock-o\"><\/i> April 20, 2026<\/a><\/div><div class=\"jeg_meta_comment\"><a href=\"https:\/\/herzogtum-direkt.de\/index.php\/2026\/04\/20\/singen-verbindet-ein-musikalisches-erlebnis-in-der-seedorfer-kirche\/#comments\" ><i class=\"fa fa-comment-o\"><\/i> 0 <\/a><\/div><div class=\"jeg_meta_views\"><a href=\"https:\/\/herzogtum-direkt.de\/index.php\/2026\/04\/20\/singen-verbindet-ein-musikalisches-erlebnis-in-der-seedorfer-kirche\/\" ><i class=\"fa fa-eye\"><\/i> 84 <\/a><\/div><\/div>\n                                <div class=\"jeg_post_excerpt\">\n                                    <p>Seedorf (pm\/gb). Am 26. April um 11 Uhr verwandelt sich die Seedorfer Kirche in einen Ort der Freude und des...<\/p>\n                                    <a href=\"https:\/\/herzogtum-direkt.de\/index.php\/2026\/04\/20\/singen-verbindet-ein-musikalisches-erlebnis-in-der-seedorfer-kirche\/\" class=\"jeg_readmore\">Mehr lesen<span class=\"screen-reader-text\">Details<\/span><\/a>\n                                <\/div>\n                        <\/div>\n                    <\/div>\n                <\/article><article class=\"jeg_post jeg_pl_lg_card format-standard\">\n                    <div class=\"jeg_inner_post\">\n                        <div class=\"jeg_thumb\">\n                            \n                            <a href=\"https:\/\/herzogtum-direkt.de\/index.php\/2026\/04\/19\/dokumentation-m-kino-segeljungs\/\" aria-label=\"Read article: Dokumentation m Kino: &#8218;Segeljungs&#8216;\"><div class=\"thumbnail-container animate-lazy  size-500 \"><img loading=\"lazy\" decoding=\"async\" width=\"1000\" height=\"563\" src=\"https:\/\/herzogtum-direkt.de\/wp-content\/themes\/jnews\/assets\/img\/jeg-empty.png\" class=\"attachment-jnews-1140x570 size-jnews-1140x570 lazyload wp-post-image\" alt=\"Filmclub-Special: &#8218;Segeljungs&#8216; mit Besuch Regisseur und Hauptdarsteller\" sizes=\"(max-width: 1000px) 100vw, 1000px\" data-full-width=\"1000\" data-full-height=\"563\" data-src=\"https:\/\/herzogtum-direkt.de\/wp-content\/uploads\/2026\/04\/Segeljungs-Kino-Filmclub-hfr-1000x563.jpg\" data-srcset=\"https:\/\/herzogtum-direkt.de\/wp-content\/uploads\/2026\/04\/Segeljungs-Kino-Filmclub-hfr.jpg 1000w, https:\/\/herzogtum-direkt.de\/wp-content\/uploads\/2026\/04\/Segeljungs-Kino-Filmclub-hfr-600x338.jpg 600w, https:\/\/herzogtum-direkt.de\/wp-content\/uploads\/2026\/04\/Segeljungs-Kino-Filmclub-hfr-768x432.jpg 768w\" data-sizes=\"auto\" data-expand=\"700\" \/><\/div><\/a>\n                        <\/div>\n                        <div class=\"jeg_postblock_content\">\n                            <div class=\"jeg_post_category\">\n                                <span>\n                                    <a href=\"https:\/\/herzogtum-direkt.de\/index.php\/category\/kultur\/\">Kultur<\/a>\n                                <\/span>\n                            <\/div>\n                            <h3 class=\"jeg_post_title\">\n                                <a href=\"https:\/\/herzogtum-direkt.de\/index.php\/2026\/04\/19\/dokumentation-m-kino-segeljungs\/\">Dokumentation m Kino: &#8218;Segeljungs&#8216;<\/a>\n                            <\/h3>\n                            <div class=\"jeg_post_meta\"><div class=\"jeg_meta_author\"><span class=\"by\">von<\/span> <a href=\"https:\/\/herzogtum-direkt.de\/index.php\/author\/pressemitteilung\/\">Pressemitteilung<\/a><\/div><div class=\"jeg_meta_date\"><a href=\"https:\/\/herzogtum-direkt.de\/index.php\/2026\/04\/19\/dokumentation-m-kino-segeljungs\/\"><i class=\"fa fa-clock-o\"><\/i> April 19, 2026<\/a><\/div><div class=\"jeg_meta_comment\"><a href=\"https:\/\/herzogtum-direkt.de\/index.php\/2026\/04\/19\/dokumentation-m-kino-segeljungs\/#comments\" ><i class=\"fa fa-comment-o\"><\/i> 0 <\/a><\/div><div class=\"jeg_meta_views\"><a href=\"https:\/\/herzogtum-direkt.de\/index.php\/2026\/04\/19\/dokumentation-m-kino-segeljungs\/\" ><i class=\"fa fa-eye\"><\/i> 37 <\/a><\/div><\/div>\n                                <div class=\"jeg_post_excerpt\">\n                                    <p>Ratzeburg (pm). Im Filmclub des Burgtheater Ratzeburg wird am Dienstag, 21. April der Dokumentarfilm \u201eSegeljungs \u2013 Mit null Ahnung um...<\/p>\n                                    <a href=\"https:\/\/herzogtum-direkt.de\/index.php\/2026\/04\/19\/dokumentation-m-kino-segeljungs\/\" class=\"jeg_readmore\">Mehr lesen<span class=\"screen-reader-text\">Details<\/span><\/a>\n                                <\/div>\n                        <\/div>\n                    <\/div>\n                <\/article><article class=\"jeg_post jeg_pl_lg_card format-standard\">\n                    <div class=\"jeg_inner_post\">\n                        <div class=\"jeg_thumb\">\n                            \n                            <a href=\"https:\/\/herzogtum-direkt.de\/index.php\/2026\/04\/18\/filmclub-montagskino-marty-supreme\/\" aria-label=\"Read article: Filmclub-Montagskino: &#8218;Marty Supreme&#8216;\"><div class=\"thumbnail-container animate-lazy  size-500 \"><img loading=\"lazy\" decoding=\"async\" width=\"1000\" height=\"562\" src=\"https:\/\/herzogtum-direkt.de\/wp-content\/themes\/jnews\/assets\/img\/jeg-empty.png\" class=\"attachment-jnews-1140x570 size-jnews-1140x570 lazyload wp-post-image\" alt=\"Filmclub-Montagskino: &#8218;Marty Supreme&#8216;\" sizes=\"(max-width: 1000px) 100vw, 1000px\" data-full-width=\"1000\" data-full-height=\"562\" data-src=\"https:\/\/herzogtum-direkt.de\/wp-content\/uploads\/2026\/04\/Kino-Filmclub-MARTY-SUPREME_c-Tobis-Film-1000x562.jpg\" data-srcset=\"https:\/\/herzogtum-direkt.de\/wp-content\/uploads\/2026\/04\/Kino-Filmclub-MARTY-SUPREME_c-Tobis-Film.jpg 1000w, https:\/\/herzogtum-direkt.de\/wp-content\/uploads\/2026\/04\/Kino-Filmclub-MARTY-SUPREME_c-Tobis-Film-600x337.jpg 600w, https:\/\/herzogtum-direkt.de\/wp-content\/uploads\/2026\/04\/Kino-Filmclub-MARTY-SUPREME_c-Tobis-Film-768x432.jpg 768w\" data-sizes=\"auto\" data-expand=\"700\" \/><\/div><\/a>\n                        <\/div>\n                        <div class=\"jeg_postblock_content\">\n                            <div class=\"jeg_post_category\">\n                                <span>\n                                    <a href=\"https:\/\/herzogtum-direkt.de\/index.php\/category\/kultur\/\">Kultur<\/a>\n                                <\/span>\n                            <\/div>\n                            <h3 class=\"jeg_post_title\">\n                                <a href=\"https:\/\/herzogtum-direkt.de\/index.php\/2026\/04\/18\/filmclub-montagskino-marty-supreme\/\">Filmclub-Montagskino: &#8218;Marty Supreme&#8216;<\/a>\n                            <\/h3>\n                            <div class=\"jeg_post_meta\"><div class=\"jeg_meta_author\"><span class=\"by\">von<\/span> <a href=\"https:\/\/herzogtum-direkt.de\/index.php\/author\/pressemitteilung\/\">Pressemitteilung<\/a><\/div><div class=\"jeg_meta_date\"><a href=\"https:\/\/herzogtum-direkt.de\/index.php\/2026\/04\/18\/filmclub-montagskino-marty-supreme\/\"><i class=\"fa fa-clock-o\"><\/i> April 18, 2026<\/a><\/div><div class=\"jeg_meta_comment\"><a href=\"https:\/\/herzogtum-direkt.de\/index.php\/2026\/04\/18\/filmclub-montagskino-marty-supreme\/#comments\" ><i class=\"fa fa-comment-o\"><\/i> 0 <\/a><\/div><div class=\"jeg_meta_views\"><a href=\"https:\/\/herzogtum-direkt.de\/index.php\/2026\/04\/18\/filmclub-montagskino-marty-supreme\/\" ><i class=\"fa fa-eye\"><\/i> 16 <\/a><\/div><\/div>\n                                <div class=\"jeg_post_excerpt\">\n                                    <p>Ratzeburg (pm). Im Filmclub des Burgtheater Ratzeburg wird am Montag, 20. April die unglaubliche Geschichte eines exzentrischen New Yorker Tischtennisprofis...<\/p>\n                                    <a href=\"https:\/\/herzogtum-direkt.de\/index.php\/2026\/04\/18\/filmclub-montagskino-marty-supreme\/\" class=\"jeg_readmore\">Mehr lesen<span class=\"screen-reader-text\">Details<\/span><\/a>\n                                <\/div>\n                        <\/div>\n                    <\/div>\n                <\/article><\/div>\n                    <div class='module-overlay'>\n\t\t\t\t    <div class='preloader_type preloader_dot'>\n\t\t\t\t        <div class=\"module-preloader jeg_preloader dot\">\n\t\t\t\t            <span><\/span><span><\/span><span><\/span>\n\t\t\t\t        <\/div>\n\t\t\t\t        <div class=\"module-preloader jeg_preloader circle\">\n\t\t\t\t            <div class=\"jnews_preloader_circle_outer\">\n\t\t\t\t                <div class=\"jnews_preloader_circle_inner\"><\/div>\n\t\t\t\t            <\/div>\n\t\t\t\t        <\/div>\n\t\t\t\t        <div class=\"module-preloader jeg_preloader square\">\n\t\t\t\t            <div class=\"jeg_square\">\n\t\t\t\t                <div class=\"jeg_square_inner\"><\/div>\n\t\t\t\t            <\/div>\n\t\t\t\t        <\/div>\n\t\t\t\t    <\/div>\n\t\t\t\t<\/div>\n                <\/div>\n                <div class=\"jeg_block_navigation\">\n                    <div class='navigation_overlay'><div class='module-preloader jeg_preloader'><span><\/span><span><\/span><span><\/span><\/div><\/div>\n                    <div class=\"jeg_block_nav \">\n                    <a href=\"#\" aria-label=\"View previous page posts\" class=\"prev disabled\" title=\"zur\u00fcck\"><i class=\"fa fa-angle-left\"><\/i><\/a>\n                    <a href=\"#\" aria-label=\"View next page posts\" class=\"next \" title=\"weiter\"><i class=\"fa fa-angle-right\"><\/i><\/a>\n                <\/div>\n                    \n                <\/div>\n\t\t\t\t\t\n\t\t\t\t\t<script>var jnews_module__0_69f1b249c2db6 = {\"header_icon\":\"\",\"first_title\":\"\",\"second_title\":\"\",\"url\":\"\",\"header_type\":\"heading_6\",\"header_background\":\"\",\"header_secondary_background\":\"\",\"header_text_color\":\"\",\"header_line_color\":\"\",\"header_accent_color\":\"\",\"header_filter_category\":\"\",\"header_filter_author\":\"\",\"header_filter_tag\":\"\",\"header_filter_text\":\"All\",\"sticky_post\":false,\"sticky_post_filter\":false,\"post_type\":\"post\",\"content_type\":\"all\",\"sponsor\":false,\"number_post\":\"19\",\"post_offset\":\"0\",\"unique_content\":\"disable\",\"include_post\":\"\",\"included_only\":false,\"exclude_post\":\"\",\"include_category\":\"70\",\"exclude_category\":\"\",\"include_author\":\"\",\"include_tag\":\"\",\"exclude_tag\":\"\",\"exclude_visited_post\":false,\"sort_by\":\"latest\",\"date_format\":\"default\",\"date_format_custom\":\"Y\\\/m\\\/d\",\"excerpt_length\":\"20\",\"excerpt_ellipsis\":\"...\",\"force_normal_image_load\":\"\",\"main_custom_image_size\":\"default\",\"pagination_mode\":\"nextprev\",\"pagination_nextprev_showtext\":\"\",\"pagination_number_post\":\"4\",\"pagination_scroll_limit\":0,\"ads_type\":\"disable\",\"ads_position\":1,\"ads_random\":\"\",\"ads_image\":\"\",\"ads_image_tablet\":\"\",\"ads_image_phone\":\"\",\"ads_image_link\":\"\",\"ads_image_alt\":\"\",\"ads_image_new_tab\":\"\",\"google_publisher_id\":\"\",\"google_slot_id\":\"\",\"google_desktop\":\"auto\",\"google_tab\":\"auto\",\"google_phone\":\"auto\",\"content\":\"\",\"ads_bottom_text\":\"\",\"el_id\":\"\",\"el_class\":\"\",\"scheme\":\"\",\"column_width\":\"auto\",\"title_color\":\"\",\"accent_color\":\"\",\"alt_color\":\"\",\"excerpt_color\":\"\",\"block_background\":\"\",\"css\":\"\",\"compatible_column_notice\":\"\",\"paged\":1,\"column_class\":\"jeg_col_3o3\",\"class\":\"jnews_block_12\"};<\/script>\n\t\t\t\t<\/div>[\/vc_column][\/vc_row]<\/p>\n<\/div>","protected":false},"excerpt":{"rendered":"<p>[vc_row][vc_column][vc_widget_sidebar sidebar_id=&#8220;herzogtum-lauenburg-top&#8220;][\/vc_column][\/vc_row][vc_row][vc_column][\/vc_column][\/vc_row]<\/p>\n","protected":false},"author":1,"featured_media":0,"parent":0,"menu_order":0,"comment_status":"closed","ping_status":"closed","template":"","meta":{"jnews_page_loop":{"enable_page_loop":"0","first_title":"Latest Post","second_title":"","header_type":"heading_6","header_background":"","header_text_color":"","layout":"right-sidebar","sidebar":"default-sidebar","second_sidebar":"default-sidebar","sticky_sidebar":"1","module":"3","boxed":"0","boxed_shadow":"0","box_shadow":"0","excerpt_length":"20","content_date":"default","date_custom":"Y\/m\/d","content_pagination":"nav_1","pagination_align":"center","show_navtext":"0","show_pageinfo":"0","post_offset":"0","posts_per_page":"5","include_post":"","exclude_post":"","include_category":"","exclude_category":"","include_author":"","include_tag":"","exclude_tag":"","sort_by":"latest"},"jnews_single_page":{"layout":"right-sidebar","sidebar":"herzogtum-lbg-seite","second_sidebar":"default-sidebar","sticky_sidebar":"1","show_post_featured":"1","show_post_meta":"0","share_position":"top","share_color":"share-monocrhome"},"jnews_social_meta":{"fb_title":"","fb_description":"","fb_image":"","twitter_title":"","twitter_description":"","twitter_image":""},"footnotes":""},"class_list":["post-771","page","type-page","status-publish","hentry"],"_links":{"self":[{"href":"https:\/\/herzogtum-direkt.de\/index.php\/wp-json\/wp\/v2\/pages\/771","targetHints":{"allow":["GET"]}}],"collection":[{"href":"https:\/\/herzogtum-direkt.de\/index.php\/wp-json\/wp\/v2\/pages"}],"about":[{"href":"https:\/\/herzogtum-direkt.de\/index.php\/wp-json\/wp\/v2\/types\/page"}],"author":[{"embeddable":true,"href":"https:\/\/herzogtum-direkt.de\/index.php\/wp-json\/wp\/v2\/users\/1"}],"replies":[{"embeddable":true,"href":"https:\/\/herzogtum-direkt.de\/index.php\/wp-json\/wp\/v2\/comments?post=771"}],"version-history":[{"count":6,"href":"https:\/\/herzogtum-direkt.de\/index.php\/wp-json\/wp\/v2\/pages\/771\/revisions"}],"predecessor-version":[{"id":32947,"href":"https:\/\/herzogtum-direkt.de\/index.php\/wp-json\/wp\/v2\/pages\/771\/revisions\/32947"}],"wp:attachment":[{"href":"https:\/\/herzogtum-direkt.de\/index.php\/wp-json\/wp\/v2\/media?parent=771"}],"curies":[{"name":"wp","href":"https:\/\/api.w.org\/{rel}","templated":true}]}}