{"id":771,"date":"2017-12-29T17:05:33","date_gmt":"2017-12-29T17:05:33","guid":{"rendered":"http:\/\/hd.eu-mart.de\/?page_id=771"},"modified":"2021-10-08T18:50:28","modified_gmt":"2021-10-08T16:50:28","slug":"kultur","status":"publish","type":"page","link":"https:\/\/herzogtum-direkt.de\/index.php\/kultur\/","title":{"rendered":"Kultur"},"content":{"rendered":"<div class=\"wpb-content-wrapper\"><p>[vc_row][vc_column][vc_widget_sidebar sidebar_id=&#8220;herzogtum-lauenburg-top&#8220;][\/vc_column][\/vc_row][vc_row][vc_column]<div  class=\"jeg_postblock_12 jeg_postblock jeg_module_hook jeg_pagination_nextprev jeg_col_3o3 jnews_module__0_6a9c0b392a196   \" data-unique=\"jnews_module__0_6a9c0b392a196\">\n\t\t\t\t\t\n\t\t\t\t\t<div class=\"jeg_block_container\">\n                    \n                    <div class=\"jeg_posts jeg_load_more_flag\"><article class=\"jeg_post jeg_pl_lg_card format-standard\">\n                    <div class=\"jeg_inner_post\">\n                        <div class=\"jeg_thumb\">\n                            \n                            <a href=\"https:\/\/herzogtum-direkt.de\/index.php\/2026\/09\/05\/montagskino-fruehstueck-bei-audrey\/\" aria-label=\"Read article: Montagskino: &#8218;Fr\u00fchst\u00fcck bei Audrey&#8216;\"><div class=\"thumbnail-container animate-lazy  size-500 \"><img loading=\"lazy\" decoding=\"async\" width=\"1000\" height=\"570\" src=\"https:\/\/herzogtum-direkt.de\/wp-content\/themes\/jnews\/assets\/img\/jeg-empty.png\" class=\"attachment-jnews-1140x570 size-jnews-1140x570 lazyload wp-post-image\" alt=\"Montagskino: &#8218;Fr\u00fchst\u00fcck bei Audrey&#8216;\" data-full-width=\"1000\" data-full-height=\"667\" data-src=\"https:\/\/herzogtum-direkt.de\/wp-content\/uploads\/2026\/09\/Fruehstueck-bei-Audrey-Kino-Filmclub-hfr-1000x570.jpg\" data-srcset=\"\" data-sizes=\"auto\" data-expand=\"700\" \/><\/div><\/a>\n                        <\/div>\n                        <div class=\"jeg_postblock_content\">\n                            <div class=\"jeg_post_category\">\n                                <span>\n                                    <a href=\"https:\/\/herzogtum-direkt.de\/index.php\/category\/kultur\/\">Kultur<\/a>\n                                <\/span>\n                            <\/div>\n                            <h3 class=\"jeg_post_title\">\n                                <a href=\"https:\/\/herzogtum-direkt.de\/index.php\/2026\/09\/05\/montagskino-fruehstueck-bei-audrey\/\">Montagskino: &#8218;Fr\u00fchst\u00fcck bei Audrey&#8216;<\/a>\n                            <\/h3>\n                            <div class=\"jeg_post_meta\"><div class=\"jeg_meta_author\"><span class=\"by\">von<\/span> <a href=\"https:\/\/herzogtum-direkt.de\/index.php\/author\/pressemitteilung\/\">Pressemitteilung<\/a><\/div><div class=\"jeg_meta_date\"><a href=\"https:\/\/herzogtum-direkt.de\/index.php\/2026\/09\/05\/montagskino-fruehstueck-bei-audrey\/\"><i class=\"fa fa-clock-o\"><\/i> September 5, 2026<\/a><\/div><div class=\"jeg_meta_comment\"><a href=\"https:\/\/herzogtum-direkt.de\/index.php\/2026\/09\/05\/montagskino-fruehstueck-bei-audrey\/#comments\" ><i class=\"fa fa-comment-o\"><\/i> 0 <\/a><\/div><div class=\"jeg_meta_views\"><a href=\"https:\/\/herzogtum-direkt.de\/index.php\/2026\/09\/05\/montagskino-fruehstueck-bei-audrey\/\" ><i class=\"fa fa-eye\"><\/i> 8 <\/a><\/div><\/div>\n                                <div class=\"jeg_post_excerpt\">\n                                    <p>Ratzeburg (pm). Im Filmclub des Burgtheater Ratzeburg wird am Montag, 7.\u00a0September die Vorpremiere von \u201eFr\u00fchst\u00fcck bei Audrey\u201c gezeigt, eine geistreiche...<\/p>\n                                    <a href=\"https:\/\/herzogtum-direkt.de\/index.php\/2026\/09\/05\/montagskino-fruehstueck-bei-audrey\/\" class=\"jeg_readmore\">Mehr lesen<span class=\"screen-reader-text\">Details<\/span><\/a>\n                                <\/div>\n                        <\/div>\n                    <\/div>\n                <\/article><article class=\"jeg_post jeg_pl_lg_card format-standard\">\n                    <div class=\"jeg_inner_post\">\n                        <div class=\"jeg_thumb\">\n                            \n                            <a href=\"https:\/\/herzogtum-direkt.de\/index.php\/2026\/09\/04\/schleswig-holstein-ein-land-geht-ins-kino-adams-acht\/\" aria-label=\"Read article: Schleswig-Holstein &#8211; Ein Land geht ins Kino: &#8218;Adams Acht&#8216;\"><div class=\"thumbnail-container animate-lazy  size-500 \"><img loading=\"lazy\" decoding=\"async\" width=\"1000\" height=\"570\" src=\"https:\/\/herzogtum-direkt.de\/wp-content\/themes\/jnews\/assets\/img\/jeg-empty.png\" class=\"attachment-jnews-1140x570 size-jnews-1140x570 lazyload wp-post-image\" alt=\"Norddeutsches Freiluftkino \u2013 Weltpremieren-Wochenende\" data-full-width=\"1000\" data-full-height=\"665\" data-src=\"https:\/\/herzogtum-direkt.de\/wp-content\/uploads\/2026\/08\/Adams-Acht-Kino-Majestic-TomSalt-1000x570.jpg\" data-srcset=\"\" data-sizes=\"auto\" data-expand=\"700\" \/><\/div><\/a>\n                        <\/div>\n                        <div class=\"jeg_postblock_content\">\n                            <div class=\"jeg_post_category\">\n                                <span>\n                                    <a href=\"https:\/\/herzogtum-direkt.de\/index.php\/category\/herzogtum-lauenburg\/\">Herzogtum Lauenburg<\/a>\n                                <\/span>\n                            <\/div>\n                            <h3 class=\"jeg_post_title\">\n                                <a href=\"https:\/\/herzogtum-direkt.de\/index.php\/2026\/09\/04\/schleswig-holstein-ein-land-geht-ins-kino-adams-acht\/\">Schleswig-Holstein &#8211; Ein Land geht ins Kino: &#8218;Adams Acht&#8216;<\/a>\n                            <\/h3>\n                            <div class=\"jeg_post_meta\"><div class=\"jeg_meta_author\"><span class=\"by\">von<\/span> <a href=\"https:\/\/herzogtum-direkt.de\/index.php\/author\/pressemitteilung\/\">Pressemitteilung<\/a><\/div><div class=\"jeg_meta_date\"><a href=\"https:\/\/herzogtum-direkt.de\/index.php\/2026\/09\/04\/schleswig-holstein-ein-land-geht-ins-kino-adams-acht\/\"><i class=\"fa fa-clock-o\"><\/i> September 4, 2026<\/a><\/div><div class=\"jeg_meta_comment\"><a href=\"https:\/\/herzogtum-direkt.de\/index.php\/2026\/09\/04\/schleswig-holstein-ein-land-geht-ins-kino-adams-acht\/#comments\" ><i class=\"fa fa-comment-o\"><\/i> 0 <\/a><\/div><div class=\"jeg_meta_views\"><a href=\"https:\/\/herzogtum-direkt.de\/index.php\/2026\/09\/04\/schleswig-holstein-ein-land-geht-ins-kino-adams-acht\/\" ><i class=\"fa fa-eye\"><\/i> 78 <\/a><\/div><\/div>\n                                <div class=\"jeg_post_excerpt\">\n                                    <p>Ratzeburg (pm). Im Filmclub des Burgtheater Ratzeburg wird am Sonntag, 6. September, im Rahmen der Aktion \u201eSchleswig-Holstein. Ein Land geht...<\/p>\n                                    <a href=\"https:\/\/herzogtum-direkt.de\/index.php\/2026\/09\/04\/schleswig-holstein-ein-land-geht-ins-kino-adams-acht\/\" class=\"jeg_readmore\">Mehr lesen<span class=\"screen-reader-text\">Details<\/span><\/a>\n                                <\/div>\n                        <\/div>\n                    <\/div>\n                <\/article><article class=\"jeg_post jeg_pl_lg_card format-standard\">\n                    <div class=\"jeg_inner_post\">\n                        <div class=\"jeg_thumb\">\n                            \n                            <a href=\"https:\/\/herzogtum-direkt.de\/index.php\/2026\/09\/04\/courage-beendet-sommerpause-vielfaeltiges-herbstprogramm-startet\/\" aria-label=\"Read article: COURAGE beendet Sommerpause: Vielf\u00e4ltiges Herbstprogramm startet\"><div class=\"thumbnail-container animate-lazy  size-500 \"><img loading=\"lazy\" decoding=\"async\" width=\"1100\" height=\"570\" src=\"https:\/\/herzogtum-direkt.de\/wp-content\/themes\/jnews\/assets\/img\/jeg-empty.png\" class=\"attachment-jnews-1140x570 size-jnews-1140x570 lazyload wp-post-image\" alt=\"COURAGE beendet Sommerpause: Vielf\u00e4ltiges Herbstprogramm startet\" data-full-width=\"1100\" data-full-height=\"696\" data-src=\"https:\/\/herzogtum-direkt.de\/wp-content\/uploads\/2026\/09\/Courage-Putztag-1100x570.jpg\" data-srcset=\"\" data-sizes=\"auto\" data-expand=\"700\" \/><\/div><\/a>\n                        <\/div>\n                        <div class=\"jeg_postblock_content\">\n                            <div class=\"jeg_post_category\">\n                                <span>\n                                    <a href=\"https:\/\/herzogtum-direkt.de\/index.php\/category\/kultur\/\">Kultur<\/a>\n                                <\/span>\n                            <\/div>\n                            <h3 class=\"jeg_post_title\">\n                                <a href=\"https:\/\/herzogtum-direkt.de\/index.php\/2026\/09\/04\/courage-beendet-sommerpause-vielfaeltiges-herbstprogramm-startet\/\">COURAGE beendet Sommerpause: Vielf\u00e4ltiges Herbstprogramm startet<\/a>\n                            <\/h3>\n                            <div class=\"jeg_post_meta\"><div class=\"jeg_meta_author\"><span class=\"by\">von<\/span> <a href=\"https:\/\/herzogtum-direkt.de\/index.php\/author\/admin_ir2rtpca\/\">Andreas Anders<\/a><\/div><div class=\"jeg_meta_date\"><a href=\"https:\/\/herzogtum-direkt.de\/index.php\/2026\/09\/04\/courage-beendet-sommerpause-vielfaeltiges-herbstprogramm-startet\/\"><i class=\"fa fa-clock-o\"><\/i> September 4, 2026<\/a><\/div><div class=\"jeg_meta_comment\"><a href=\"https:\/\/herzogtum-direkt.de\/index.php\/2026\/09\/04\/courage-beendet-sommerpause-vielfaeltiges-herbstprogramm-startet\/#comments\" ><i class=\"fa fa-comment-o\"><\/i> 0 <\/a><\/div><div class=\"jeg_meta_views\"><a href=\"https:\/\/herzogtum-direkt.de\/index.php\/2026\/09\/04\/courage-beendet-sommerpause-vielfaeltiges-herbstprogramm-startet\/\" ><i class=\"fa fa-eye\"><\/i> 121 <\/a><\/div><\/div>\n                                <div class=\"jeg_post_excerpt\">\n                                    <p>M\u00f6lln (aa\/pm). Die Sommerpause des COURAGE in der Seestra\u00dfe 1B neigt sich dem Ende zu, und das Kulturzentrum startet mit...<\/p>\n                                    <a href=\"https:\/\/herzogtum-direkt.de\/index.php\/2026\/09\/04\/courage-beendet-sommerpause-vielfaeltiges-herbstprogramm-startet\/\" class=\"jeg_readmore\">Mehr lesen<span class=\"screen-reader-text\">Details<\/span><\/a>\n                                <\/div>\n                        <\/div>\n                    <\/div>\n                <\/article><article class=\"jeg_post jeg_pl_lg_card format-standard\">\n                    <div class=\"jeg_inner_post\">\n                        <div class=\"jeg_thumb\">\n                            \n                            <a href=\"https:\/\/herzogtum-direkt.de\/index.php\/2026\/09\/04\/auftakt-mit-cornelia-funke-herbstprogramm-in-der-lindenlounge\/\" aria-label=\"Read article: Auftakt mit Cornelia Funke &#8211; Herbstprogramm in der LindenLounge\"><div class=\"thumbnail-container animate-lazy  size-500 \"><img loading=\"lazy\" decoding=\"async\" width=\"1000\" height=\"570\" src=\"https:\/\/herzogtum-direkt.de\/wp-content\/themes\/jnews\/assets\/img\/jeg-empty.png\" class=\"attachment-jnews-1140x570 size-jnews-1140x570 lazyload wp-post-image\" alt=\"Auftakt mit Cornelia Funke &#8211; Herbstprogramm in der LindenLounge\" data-full-width=\"1000\" data-full-height=\"781\" data-src=\"https:\/\/herzogtum-direkt.de\/wp-content\/uploads\/2026\/09\/FunkecEmanueleCamerini_IV-1000x570.jpg\" data-srcset=\"\" data-sizes=\"auto\" data-expand=\"700\" \/><\/div><\/a>\n                        <\/div>\n                        <div class=\"jeg_postblock_content\">\n                            <div class=\"jeg_post_category\">\n                                <span>\n                                    <a href=\"https:\/\/herzogtum-direkt.de\/index.php\/category\/kultur\/\">Kultur<\/a>\n                                <\/span>\n                            <\/div>\n                            <h3 class=\"jeg_post_title\">\n                                <a href=\"https:\/\/herzogtum-direkt.de\/index.php\/2026\/09\/04\/auftakt-mit-cornelia-funke-herbstprogramm-in-der-lindenlounge\/\">Auftakt mit Cornelia Funke &#8211; Herbstprogramm in der LindenLounge<\/a>\n                            <\/h3>\n                            <div class=\"jeg_post_meta\"><div class=\"jeg_meta_author\"><span class=\"by\">von<\/span> <a href=\"https:\/\/herzogtum-direkt.de\/index.php\/author\/pressemitteilung\/\">Pressemitteilung<\/a><\/div><div class=\"jeg_meta_date\"><a href=\"https:\/\/herzogtum-direkt.de\/index.php\/2026\/09\/04\/auftakt-mit-cornelia-funke-herbstprogramm-in-der-lindenlounge\/\"><i class=\"fa fa-clock-o\"><\/i> September 4, 2026<\/a><\/div><div class=\"jeg_meta_comment\"><a href=\"https:\/\/herzogtum-direkt.de\/index.php\/2026\/09\/04\/auftakt-mit-cornelia-funke-herbstprogramm-in-der-lindenlounge\/#comments\" ><i class=\"fa fa-comment-o\"><\/i> 0 <\/a><\/div><div class=\"jeg_meta_views\"><a href=\"https:\/\/herzogtum-direkt.de\/index.php\/2026\/09\/04\/auftakt-mit-cornelia-funke-herbstprogramm-in-der-lindenlounge\/\" ><i class=\"fa fa-eye\"><\/i> 28 <\/a><\/div><\/div>\n                                <div class=\"jeg_post_excerpt\">\n                                    <p>Linau (pm).\u00a0Die LindenLounge in Linau startet in die zweite Jahresh\u00e4lfte mit einem abwechslungsreichen Programm aus Lesungen, Gespr\u00e4chen, Konzerten, Veranstaltungen f\u00fcr...<\/p>\n                                    <a href=\"https:\/\/herzogtum-direkt.de\/index.php\/2026\/09\/04\/auftakt-mit-cornelia-funke-herbstprogramm-in-der-lindenlounge\/\" class=\"jeg_readmore\">Mehr lesen<span class=\"screen-reader-text\">Details<\/span><\/a>\n                                <\/div>\n                        <\/div>\n                    <\/div>\n                <\/article><article class=\"jeg_post jeg_pl_lg_card format-standard\">\n                    <div class=\"jeg_inner_post\">\n                        <div class=\"jeg_thumb\">\n                            \n                            <a href=\"https:\/\/herzogtum-direkt.de\/index.php\/2026\/09\/03\/86464\/\" aria-label=\"Read article: Geesthacht feiert Kulturnacht\"><div class=\"thumbnail-container animate-lazy  size-500 \"><img loading=\"lazy\" decoding=\"async\" width=\"1000\" height=\"570\" src=\"https:\/\/herzogtum-direkt.de\/wp-content\/themes\/jnews\/assets\/img\/jeg-empty.png\" class=\"attachment-jnews-1140x570 size-jnews-1140x570 lazyload wp-post-image\" alt=\"Geesthacht feiert Kulturnacht\" data-full-width=\"1000\" data-full-height=\"597\" data-src=\"https:\/\/herzogtum-direkt.de\/wp-content\/uploads\/2026\/09\/Circus-Salvini-Geesthacht--1000x570.jpg\" data-srcset=\"\" data-sizes=\"auto\" data-expand=\"700\" \/><\/div><\/a>\n                        <\/div>\n                        <div class=\"jeg_postblock_content\">\n                            <div class=\"jeg_post_category\">\n                                <span>\n                                    <a href=\"https:\/\/herzogtum-direkt.de\/index.php\/category\/herzogtum-lauenburg\/geesthacht\/\">Geesthacht<\/a>\n                                <\/span>\n                            <\/div>\n                            <h3 class=\"jeg_post_title\">\n                                <a href=\"https:\/\/herzogtum-direkt.de\/index.php\/2026\/09\/03\/86464\/\">Geesthacht feiert Kulturnacht<\/a>\n                            <\/h3>\n                            <div class=\"jeg_post_meta\"><div class=\"jeg_meta_author\"><span class=\"by\">von<\/span> <a href=\"https:\/\/herzogtum-direkt.de\/index.php\/author\/pressemitteilung\/\">Pressemitteilung<\/a><\/div><div class=\"jeg_meta_date\"><a href=\"https:\/\/herzogtum-direkt.de\/index.php\/2026\/09\/03\/86464\/\"><i class=\"fa fa-clock-o\"><\/i> September 3, 2026<\/a><\/div><div class=\"jeg_meta_comment\"><a href=\"https:\/\/herzogtum-direkt.de\/index.php\/2026\/09\/03\/86464\/#comments\" ><i class=\"fa fa-comment-o\"><\/i> 0 <\/a><\/div><div class=\"jeg_meta_views\"><a href=\"https:\/\/herzogtum-direkt.de\/index.php\/2026\/09\/03\/86464\/\" ><i class=\"fa fa-eye\"><\/i> 170 <\/a><\/div><\/div>\n                                <div class=\"jeg_post_excerpt\">\n                                    <p>Geesthacht (pm). Mehrere Tausend Besucherinnen und Besucher feierten am Sonnabend, 29. August 2026, die Vielfalt Geesthachts: Anl\u00e4sslich der achten Kulturnacht...<\/p>\n                                    <a href=\"https:\/\/herzogtum-direkt.de\/index.php\/2026\/09\/03\/86464\/\" class=\"jeg_readmore\">Mehr lesen<span class=\"screen-reader-text\">Details<\/span><\/a>\n                                <\/div>\n                        <\/div>\n                    <\/div>\n                <\/article><article class=\"jeg_post jeg_pl_lg_card format-standard\">\n                    <div class=\"jeg_inner_post\">\n                        <div class=\"jeg_thumb\">\n                            \n                            <a href=\"https:\/\/herzogtum-direkt.de\/index.php\/2026\/09\/03\/evensong-in-st-petri-2\/\" aria-label=\"Read article: Evensong in St. Petri\"><div class=\"thumbnail-container animate-lazy  size-500 \"><img loading=\"lazy\" decoding=\"async\" width=\"1000\" height=\"570\" src=\"https:\/\/herzogtum-direkt.de\/wp-content\/themes\/jnews\/assets\/img\/jeg-empty.png\" class=\"attachment-jnews-1140x570 size-jnews-1140x570 lazyload wp-post-image\" alt=\"Licht aus f\u00fcr einen lebendigen Planeten\" data-full-width=\"1000\" data-full-height=\"816\" data-src=\"https:\/\/herzogtum-direkt.de\/wp-content\/uploads\/2022\/03\/Ratzeburg-Petrikirche-und-Barlachhaus-bei-Nacht_Martin_Vahlbruch-1000x570.jpg\" data-srcset=\"\" data-sizes=\"auto\" data-expand=\"700\" \/><\/div><\/a>\n                        <\/div>\n                        <div class=\"jeg_postblock_content\">\n                            <div class=\"jeg_post_category\">\n                                <span>\n                                    <a href=\"https:\/\/herzogtum-direkt.de\/index.php\/category\/ausflugstipp\/\">Ausflugstipp<\/a>\n                                <\/span>\n                            <\/div>\n                            <h3 class=\"jeg_post_title\">\n                                <a href=\"https:\/\/herzogtum-direkt.de\/index.php\/2026\/09\/03\/evensong-in-st-petri-2\/\">Evensong in St. Petri<\/a>\n                            <\/h3>\n                            <div class=\"jeg_post_meta\"><div class=\"jeg_meta_author\"><span class=\"by\">von<\/span> <a href=\"https:\/\/herzogtum-direkt.de\/index.php\/author\/pressemitteilung\/\">Pressemitteilung<\/a><\/div><div class=\"jeg_meta_date\"><a href=\"https:\/\/herzogtum-direkt.de\/index.php\/2026\/09\/03\/evensong-in-st-petri-2\/\"><i class=\"fa fa-clock-o\"><\/i> September 3, 2026<\/a><\/div><div class=\"jeg_meta_comment\"><a href=\"https:\/\/herzogtum-direkt.de\/index.php\/2026\/09\/03\/evensong-in-st-petri-2\/#comments\" ><i class=\"fa fa-comment-o\"><\/i> 0 <\/a><\/div><div class=\"jeg_meta_views\"><a href=\"https:\/\/herzogtum-direkt.de\/index.php\/2026\/09\/03\/evensong-in-st-petri-2\/\" ><i class=\"fa fa-eye\"><\/i> 43 <\/a><\/div><\/div>\n                                <div class=\"jeg_post_excerpt\">\n                                    <p>Ratzeburg (pm). Am Sonnabend, 5. September 2026 um findet der Evensong der Ratzeburger Kirchench\u00f6re in der St. Petrikirche zu Ratzeburg...<\/p>\n                                    <a href=\"https:\/\/herzogtum-direkt.de\/index.php\/2026\/09\/03\/evensong-in-st-petri-2\/\" class=\"jeg_readmore\">Mehr lesen<span class=\"screen-reader-text\">Details<\/span><\/a>\n                                <\/div>\n                        <\/div>\n                    <\/div>\n                <\/article><article class=\"jeg_post jeg_pl_lg_card format-standard\">\n                    <div class=\"jeg_inner_post\">\n                        <div class=\"jeg_thumb\">\n                            \n                            <a href=\"https:\/\/herzogtum-direkt.de\/index.php\/2026\/09\/03\/die-buehne-in-klein-pampau-ist-wieder-offen\/\" aria-label=\"Read article: Die B\u00fchne in Klein Pampau ist wieder offen\"><div class=\"thumbnail-container animate-lazy  size-500 \"><img loading=\"lazy\" decoding=\"async\" width=\"1000\" height=\"570\" src=\"https:\/\/herzogtum-direkt.de\/wp-content\/themes\/jnews\/assets\/img\/jeg-empty.png\" class=\"attachment-jnews-1140x570 size-jnews-1140x570 lazyload wp-post-image\" alt=\"\u201eEin Mann und seine Gitarre\u201c am Schaalsee: Michi Jessen live in Gro\u00df Zecher\" data-full-width=\"1000\" data-full-height=\"634\" data-src=\"https:\/\/herzogtum-direkt.de\/wp-content\/uploads\/2025\/07\/Musik-Konzert-Gitarre-1000x570.jpg\" data-srcset=\"\" data-sizes=\"auto\" data-expand=\"700\" \/><\/div><\/a>\n                        <\/div>\n                        <div class=\"jeg_postblock_content\">\n                            <div class=\"jeg_post_category\">\n                                <span>\n                                    <a href=\"https:\/\/herzogtum-direkt.de\/index.php\/category\/ausflugstipp\/\">Ausflugstipp<\/a>\n                                <\/span>\n                            <\/div>\n                            <h3 class=\"jeg_post_title\">\n                                <a href=\"https:\/\/herzogtum-direkt.de\/index.php\/2026\/09\/03\/die-buehne-in-klein-pampau-ist-wieder-offen\/\">Die B\u00fchne in Klein Pampau ist wieder offen<\/a>\n                            <\/h3>\n                            <div class=\"jeg_post_meta\"><div class=\"jeg_meta_author\"><span class=\"by\">von<\/span> <a href=\"https:\/\/herzogtum-direkt.de\/index.php\/author\/pressemitteilung\/\">Pressemitteilung<\/a><\/div><div class=\"jeg_meta_date\"><a href=\"https:\/\/herzogtum-direkt.de\/index.php\/2026\/09\/03\/die-buehne-in-klein-pampau-ist-wieder-offen\/\"><i class=\"fa fa-clock-o\"><\/i> September 3, 2026<\/a><\/div><div class=\"jeg_meta_comment\"><a href=\"https:\/\/herzogtum-direkt.de\/index.php\/2026\/09\/03\/die-buehne-in-klein-pampau-ist-wieder-offen\/#comments\" ><i class=\"fa fa-comment-o\"><\/i> 0 <\/a><\/div><div class=\"jeg_meta_views\"><a href=\"https:\/\/herzogtum-direkt.de\/index.php\/2026\/09\/03\/die-buehne-in-klein-pampau-ist-wieder-offen\/\" ><i class=\"fa fa-eye\"><\/i> 35 <\/a><\/div><\/div>\n                                <div class=\"jeg_post_excerpt\">\n                                    <p>Klein Pampau (pm). Schluss mit Hitze, H\u00e4ngematte und \u201eDas mache ich dann nach den Ferien\". Am Freitag, 18. September 2026,...<\/p>\n                                    <a href=\"https:\/\/herzogtum-direkt.de\/index.php\/2026\/09\/03\/die-buehne-in-klein-pampau-ist-wieder-offen\/\" class=\"jeg_readmore\">Mehr lesen<span class=\"screen-reader-text\">Details<\/span><\/a>\n                                <\/div>\n                        <\/div>\n                    <\/div>\n                <\/article><article class=\"jeg_post jeg_pl_lg_card format-standard\">\n                    <div class=\"jeg_inner_post\">\n                        <div class=\"jeg_thumb\">\n                            \n                            <a href=\"https:\/\/herzogtum-direkt.de\/index.php\/2026\/09\/02\/bestsellerautorin-lena-johannson-zu-gast-in-der-stadtbuecherei-moelln\/\" aria-label=\"Read article: Bestsellerautorin Lena Johannson zu Gast in der Stadtb\u00fccherei M\u00f6lln\"><div class=\"thumbnail-container animate-lazy  size-500 \"><img loading=\"lazy\" decoding=\"async\" width=\"1000\" height=\"570\" src=\"https:\/\/herzogtum-direkt.de\/wp-content\/themes\/jnews\/assets\/img\/jeg-empty.png\" class=\"attachment-jnews-1140x570 size-jnews-1140x570 lazyload wp-post-image\" alt=\"Ausflugstipps f\u00fcr die L\u00fcneburger Heide mit Krimih\u00e4ppchen\" data-full-width=\"1000\" data-full-height=\"750\" data-src=\"https:\/\/herzogtum-direkt.de\/wp-content\/uploads\/2025\/09\/Die-Stadtbuecherei-Moelln-Foto-Katrin-Jester-Stadt-Moelln-1000x570.jpg\" data-srcset=\"\" data-sizes=\"auto\" data-expand=\"700\" \/><\/div><\/a>\n                        <\/div>\n                        <div class=\"jeg_postblock_content\">\n                            <div class=\"jeg_post_category\">\n                                <span>\n                                    <a href=\"https:\/\/herzogtum-direkt.de\/index.php\/category\/ausflugstipp\/\">Ausflugstipp<\/a>\n                                <\/span>\n                            <\/div>\n                            <h3 class=\"jeg_post_title\">\n                                <a href=\"https:\/\/herzogtum-direkt.de\/index.php\/2026\/09\/02\/bestsellerautorin-lena-johannson-zu-gast-in-der-stadtbuecherei-moelln\/\">Bestsellerautorin Lena Johannson zu Gast in der Stadtb\u00fccherei M\u00f6lln<\/a>\n                            <\/h3>\n                            <div class=\"jeg_post_meta\"><div class=\"jeg_meta_author\"><span class=\"by\">von<\/span> <a href=\"https:\/\/herzogtum-direkt.de\/index.php\/author\/pressemitteilung\/\">Pressemitteilung<\/a><\/div><div class=\"jeg_meta_date\"><a href=\"https:\/\/herzogtum-direkt.de\/index.php\/2026\/09\/02\/bestsellerautorin-lena-johannson-zu-gast-in-der-stadtbuecherei-moelln\/\"><i class=\"fa fa-clock-o\"><\/i> September 2, 2026<\/a><\/div><div class=\"jeg_meta_comment\"><a href=\"https:\/\/herzogtum-direkt.de\/index.php\/2026\/09\/02\/bestsellerautorin-lena-johannson-zu-gast-in-der-stadtbuecherei-moelln\/#comments\" ><i class=\"fa fa-comment-o\"><\/i> 0 <\/a><\/div><div class=\"jeg_meta_views\"><a href=\"https:\/\/herzogtum-direkt.de\/index.php\/2026\/09\/02\/bestsellerautorin-lena-johannson-zu-gast-in-der-stadtbuecherei-moelln\/\" ><i class=\"fa fa-eye\"><\/i> 82 <\/a><\/div><\/div>\n                                <div class=\"jeg_post_excerpt\">\n                                    <p>M\u00f6lln (pm).\u00a0Die Bestsellerautorin Lena Johannson kommt am Sonnabend, 19. September 2026, f\u00fcr eine Lesung aus ihrem neuen Roman \u201eAufgeben k\u00f6nnen...<\/p>\n                                    <a href=\"https:\/\/herzogtum-direkt.de\/index.php\/2026\/09\/02\/bestsellerautorin-lena-johannson-zu-gast-in-der-stadtbuecherei-moelln\/\" class=\"jeg_readmore\">Mehr lesen<span class=\"screen-reader-text\">Details<\/span><\/a>\n                                <\/div>\n                        <\/div>\n                    <\/div>\n                <\/article><article class=\"jeg_post jeg_pl_lg_card format-standard\">\n                    <div class=\"jeg_inner_post\">\n                        <div class=\"jeg_thumb\">\n                            \n                            <a href=\"https:\/\/herzogtum-direkt.de\/index.php\/2026\/09\/01\/moellner-live-musik-treff-in-bogarts-bar\/\" aria-label=\"Read article: M\u00f6llner Live-Musik-Treff in Bogarts Bar\"><div class=\"thumbnail-container animate-lazy  size-500 \"><img loading=\"lazy\" decoding=\"async\" width=\"1000\" height=\"570\" src=\"https:\/\/herzogtum-direkt.de\/wp-content\/themes\/jnews\/assets\/img\/jeg-empty.png\" class=\"attachment-jnews-1140x570 size-jnews-1140x570 lazyload wp-post-image\" alt=\"M\u00f6llner Live-Musik-Treff in Bogarts Bar\" data-full-width=\"1000\" data-full-height=\"666\" data-src=\"https:\/\/herzogtum-direkt.de\/wp-content\/uploads\/2026\/09\/Live-Musik-Treff-Moelln-Folkclub-KI-Peter-Hansen-hfr-1000x570.jpg\" data-srcset=\"\" data-sizes=\"auto\" data-expand=\"700\" \/><\/div><\/a>\n                        <\/div>\n                        <div class=\"jeg_postblock_content\">\n                            <div class=\"jeg_post_category\">\n                                <span>\n                                    <a href=\"https:\/\/herzogtum-direkt.de\/index.php\/category\/herzogtum-lauenburg\/\">Herzogtum Lauenburg<\/a>\n                                <\/span>\n                            <\/div>\n                            <h3 class=\"jeg_post_title\">\n                                <a href=\"https:\/\/herzogtum-direkt.de\/index.php\/2026\/09\/01\/moellner-live-musik-treff-in-bogarts-bar\/\">M\u00f6llner Live-Musik-Treff in Bogarts Bar<\/a>\n                            <\/h3>\n                            <div class=\"jeg_post_meta\"><div class=\"jeg_meta_author\"><span class=\"by\">von<\/span> <a href=\"https:\/\/herzogtum-direkt.de\/index.php\/author\/pressemitteilung\/\">Pressemitteilung<\/a><\/div><div class=\"jeg_meta_date\"><a href=\"https:\/\/herzogtum-direkt.de\/index.php\/2026\/09\/01\/moellner-live-musik-treff-in-bogarts-bar\/\"><i class=\"fa fa-clock-o\"><\/i> September 1, 2026<\/a><\/div><div class=\"jeg_meta_comment\"><a href=\"https:\/\/herzogtum-direkt.de\/index.php\/2026\/09\/01\/moellner-live-musik-treff-in-bogarts-bar\/#comments\" ><i class=\"fa fa-comment-o\"><\/i> 0 <\/a><\/div><div class=\"jeg_meta_views\"><a href=\"https:\/\/herzogtum-direkt.de\/index.php\/2026\/09\/01\/moellner-live-musik-treff-in-bogarts-bar\/\" ><i class=\"fa fa-eye\"><\/i> 357 <\/a><\/div><\/div>\n                                <div class=\"jeg_post_excerpt\">\n                                    <p>M\u00f6lln (pm). Der M\u00f6llner Live-Musik-Treff ist eine Veranstaltung des Folkclub M\u00f6lln. Sie l\u00e4uft seit November 2025 und bekommt jetzt ein...<\/p>\n                                    <a href=\"https:\/\/herzogtum-direkt.de\/index.php\/2026\/09\/01\/moellner-live-musik-treff-in-bogarts-bar\/\" class=\"jeg_readmore\">Mehr lesen<span class=\"screen-reader-text\">Details<\/span><\/a>\n                                <\/div>\n                        <\/div>\n                    <\/div>\n                <\/article><article class=\"jeg_post jeg_pl_lg_card format-standard\">\n                    <div class=\"jeg_inner_post\">\n                        <div class=\"jeg_thumb\">\n                            \n                            <a href=\"https:\/\/herzogtum-direkt.de\/index.php\/2026\/08\/31\/vorlesen-spielen-und-mehr-regelmaessige-angebote-der-stadtbuecherei-starten-wieder\/\" aria-label=\"Read article: Vorlesen, Spielen und mehr: Regelm\u00e4\u00dfige Angebote der Stadtb\u00fccherei starten wieder\"><div class=\"thumbnail-container animate-lazy  size-500 \"><img loading=\"lazy\" decoding=\"async\" width=\"1000\" height=\"570\" src=\"https:\/\/herzogtum-direkt.de\/wp-content\/themes\/jnews\/assets\/img\/jeg-empty.png\" class=\"attachment-jnews-1140x570 size-jnews-1140x570 lazyload wp-post-image\" alt=\"Neues in der \u201eBibliothek der Dinge\u201c der Geesthachter Stadtb\u00fccherei\" data-full-width=\"1000\" data-full-height=\"797\" data-src=\"https:\/\/herzogtum-direkt.de\/wp-content\/uploads\/2025\/04\/Stadtbuecherei.-Foto-Stadt-Geesthacht-hfr-1000x570.jpg\" data-srcset=\"\" data-sizes=\"auto\" data-expand=\"700\" \/><\/div><\/a>\n                        <\/div>\n                        <div class=\"jeg_postblock_content\">\n                            <div class=\"jeg_post_category\">\n                                <span>\n                                    <a href=\"https:\/\/herzogtum-direkt.de\/index.php\/category\/herzogtum-lauenburg\/geesthacht\/\">Geesthacht<\/a>\n                                <\/span>\n                            <\/div>\n                            <h3 class=\"jeg_post_title\">\n                                <a href=\"https:\/\/herzogtum-direkt.de\/index.php\/2026\/08\/31\/vorlesen-spielen-und-mehr-regelmaessige-angebote-der-stadtbuecherei-starten-wieder\/\">Vorlesen, Spielen und mehr: Regelm\u00e4\u00dfige Angebote der Stadtb\u00fccherei starten wieder<\/a>\n                            <\/h3>\n                            <div class=\"jeg_post_meta\"><div class=\"jeg_meta_author\"><span class=\"by\">von<\/span> <a href=\"https:\/\/herzogtum-direkt.de\/index.php\/author\/pressemitteilung\/\">Pressemitteilung<\/a><\/div><div class=\"jeg_meta_date\"><a href=\"https:\/\/herzogtum-direkt.de\/index.php\/2026\/08\/31\/vorlesen-spielen-und-mehr-regelmaessige-angebote-der-stadtbuecherei-starten-wieder\/\"><i class=\"fa fa-clock-o\"><\/i> August 31, 2026<\/a><\/div><div class=\"jeg_meta_comment\"><a href=\"https:\/\/herzogtum-direkt.de\/index.php\/2026\/08\/31\/vorlesen-spielen-und-mehr-regelmaessige-angebote-der-stadtbuecherei-starten-wieder\/#comments\" ><i class=\"fa fa-comment-o\"><\/i> 0 <\/a><\/div><div class=\"jeg_meta_views\"><a href=\"https:\/\/herzogtum-direkt.de\/index.php\/2026\/08\/31\/vorlesen-spielen-und-mehr-regelmaessige-angebote-der-stadtbuecherei-starten-wieder\/\" ><i class=\"fa fa-eye\"><\/i> 64 <\/a><\/div><\/div>\n                                <div class=\"jeg_post_excerpt\">\n                                    <p>Geesthacht (pm).\u00a0Nach dem Ende der Sommerferien starten endlich wieder die regelm\u00e4\u00dfigen Angebote in der Stadtb\u00fccherei Geesthacht (Rathausstra\u00dfe 58). \u201eDies ist...<\/p>\n                                    <a href=\"https:\/\/herzogtum-direkt.de\/index.php\/2026\/08\/31\/vorlesen-spielen-und-mehr-regelmaessige-angebote-der-stadtbuecherei-starten-wieder\/\" class=\"jeg_readmore\">Mehr lesen<span class=\"screen-reader-text\">Details<\/span><\/a>\n                                <\/div>\n                        <\/div>\n                    <\/div>\n                <\/article><article class=\"jeg_post jeg_pl_lg_card format-standard\">\n                    <div class=\"jeg_inner_post\">\n                        <div class=\"jeg_thumb\">\n                            \n                            <a href=\"https:\/\/herzogtum-direkt.de\/index.php\/2026\/08\/30\/dokumentation-salz-und-wasser\/\" aria-label=\"Read article: \u00a0Dokumentation: &#8218;Salz und Wasser&#8216;\"><div class=\"thumbnail-container animate-lazy  size-500 \"><img loading=\"lazy\" decoding=\"async\" width=\"1000\" height=\"563\" src=\"https:\/\/herzogtum-direkt.de\/wp-content\/themes\/jnews\/assets\/img\/jeg-empty.png\" class=\"attachment-jnews-1140x570 size-jnews-1140x570 lazyload wp-post-image\" alt=\"\u00a0Dokumentation: &#8218;Salz und Wasser&#8216;\" sizes=\"auto, (max-width: 1000px) 100vw, 1000px\" data-full-width=\"1000\" data-full-height=\"563\" data-src=\"https:\/\/herzogtum-direkt.de\/wp-content\/uploads\/2026\/08\/Filmclub-Kino-LANDTEAM_c-ThurnFilm-GmbH_Fotografin-Ines-Reinisch-1000x563.jpg\" data-srcset=\"https:\/\/herzogtum-direkt.de\/wp-content\/uploads\/2026\/08\/Filmclub-Kino-LANDTEAM_c-ThurnFilm-GmbH_Fotografin-Ines-Reinisch.jpg 1000w, https:\/\/herzogtum-direkt.de\/wp-content\/uploads\/2026\/08\/Filmclub-Kino-LANDTEAM_c-ThurnFilm-GmbH_Fotografin-Ines-Reinisch-600x338.jpg 600w, https:\/\/herzogtum-direkt.de\/wp-content\/uploads\/2026\/08\/Filmclub-Kino-LANDTEAM_c-ThurnFilm-GmbH_Fotografin-Ines-Reinisch-768x432.jpg 768w\" data-sizes=\"auto\" data-expand=\"700\" \/><\/div><\/a>\n                        <\/div>\n                        <div class=\"jeg_postblock_content\">\n                            <div class=\"jeg_post_category\">\n                                <span>\n                                    <a href=\"https:\/\/herzogtum-direkt.de\/index.php\/category\/herzogtum-lauenburg\/\">Herzogtum Lauenburg<\/a>\n                                <\/span>\n                            <\/div>\n                            <h3 class=\"jeg_post_title\">\n                                <a href=\"https:\/\/herzogtum-direkt.de\/index.php\/2026\/08\/30\/dokumentation-salz-und-wasser\/\">\u00a0Dokumentation: &#8218;Salz und Wasser&#8216;<\/a>\n                            <\/h3>\n                            <div class=\"jeg_post_meta\"><div class=\"jeg_meta_author\"><span class=\"by\">von<\/span> <a href=\"https:\/\/herzogtum-direkt.de\/index.php\/author\/pressemitteilung\/\">Pressemitteilung<\/a><\/div><div class=\"jeg_meta_date\"><a href=\"https:\/\/herzogtum-direkt.de\/index.php\/2026\/08\/30\/dokumentation-salz-und-wasser\/\"><i class=\"fa fa-clock-o\"><\/i> August 30, 2026<\/a><\/div><div class=\"jeg_meta_comment\"><a href=\"https:\/\/herzogtum-direkt.de\/index.php\/2026\/08\/30\/dokumentation-salz-und-wasser\/#comments\" ><i class=\"fa fa-comment-o\"><\/i> 0 <\/a><\/div><div class=\"jeg_meta_views\"><a href=\"https:\/\/herzogtum-direkt.de\/index.php\/2026\/08\/30\/dokumentation-salz-und-wasser\/\" ><i class=\"fa fa-eye\"><\/i> 51 <\/a><\/div><\/div>\n                                <div class=\"jeg_post_excerpt\">\n                                    <p>Ratzeburg (pm). Im Filmclub des Burgtheater Ratzeburg wird am Dienstag, 1. September, der Dokumentarfilm \u201eSalz und Wasser - Mit der...<\/p>\n                                    <a href=\"https:\/\/herzogtum-direkt.de\/index.php\/2026\/08\/30\/dokumentation-salz-und-wasser\/\" class=\"jeg_readmore\">Mehr lesen<span class=\"screen-reader-text\">Details<\/span><\/a>\n                                <\/div>\n                        <\/div>\n                    <\/div>\n                <\/article><article class=\"jeg_post jeg_pl_lg_card format-standard\">\n                    <div class=\"jeg_inner_post\">\n                        <div class=\"jeg_thumb\">\n                            \n                            <a href=\"https:\/\/herzogtum-direkt.de\/index.php\/2026\/08\/30\/erstes-kleinstadt-open-air-in-moelln\/\" aria-label=\"Read article: Erstes Kleinstadt-Open-Air in M\u00f6lln\"><div class=\"thumbnail-container animate-lazy  size-500 \"><img loading=\"lazy\" decoding=\"async\" width=\"1100\" height=\"459\" src=\"https:\/\/herzogtum-direkt.de\/wp-content\/themes\/jnews\/assets\/img\/jeg-empty.png\" class=\"attachment-jnews-1140x570 size-jnews-1140x570 lazyload wp-post-image\" alt=\"Erstes Kleinstadt-Open-Air in M\u00f6lln\" sizes=\"auto, (max-width: 1100px) 100vw, 1100px\" data-full-width=\"1100\" data-full-height=\"459\" data-src=\"https:\/\/herzogtum-direkt.de\/wp-content\/uploads\/2026\/08\/OEXL_2-1100x459.jpg\" data-srcset=\"https:\/\/herzogtum-direkt.de\/wp-content\/uploads\/2026\/08\/OEXL_2.jpg 1100w, https:\/\/herzogtum-direkt.de\/wp-content\/uploads\/2026\/08\/OEXL_2-600x250.jpg 600w, https:\/\/herzogtum-direkt.de\/wp-content\/uploads\/2026\/08\/OEXL_2-1024x427.jpg 1024w, https:\/\/herzogtum-direkt.de\/wp-content\/uploads\/2026\/08\/OEXL_2-768x320.jpg 768w\" data-sizes=\"auto\" data-expand=\"700\" \/><\/div><\/a>\n                        <\/div>\n                        <div class=\"jeg_postblock_content\">\n                            <div class=\"jeg_post_category\">\n                                <span>\n                                    <a href=\"https:\/\/herzogtum-direkt.de\/index.php\/category\/kultur\/\">Kultur<\/a>\n                                <\/span>\n                            <\/div>\n                            <h3 class=\"jeg_post_title\">\n                                <a href=\"https:\/\/herzogtum-direkt.de\/index.php\/2026\/08\/30\/erstes-kleinstadt-open-air-in-moelln\/\">Erstes Kleinstadt-Open-Air in M\u00f6lln<\/a>\n                            <\/h3>\n                            <div class=\"jeg_post_meta\"><div class=\"jeg_meta_author\"><span class=\"by\">von<\/span> <a href=\"https:\/\/herzogtum-direkt.de\/index.php\/author\/pressemitteilung\/\">Pressemitteilung<\/a><\/div><div class=\"jeg_meta_date\"><a href=\"https:\/\/herzogtum-direkt.de\/index.php\/2026\/08\/30\/erstes-kleinstadt-open-air-in-moelln\/\"><i class=\"fa fa-clock-o\"><\/i> August 30, 2026<\/a><\/div><div class=\"jeg_meta_comment\"><a href=\"https:\/\/herzogtum-direkt.de\/index.php\/2026\/08\/30\/erstes-kleinstadt-open-air-in-moelln\/#comments\" ><i class=\"fa fa-comment-o\"><\/i> 0 <\/a><\/div><div class=\"jeg_meta_views\"><a href=\"https:\/\/herzogtum-direkt.de\/index.php\/2026\/08\/30\/erstes-kleinstadt-open-air-in-moelln\/\" ><i class=\"fa fa-eye\"><\/i> 1.7k <\/a><\/div><\/div>\n                                <div class=\"jeg_post_excerpt\">\n                                    <p>M\u00f6lln (pm). Es wird laut, lecker und vor allem richtig gem\u00fctlich: Vom 4. bis 6. September 2026 feiert M\u00f6lln Premiere...<\/p>\n                                    <a href=\"https:\/\/herzogtum-direkt.de\/index.php\/2026\/08\/30\/erstes-kleinstadt-open-air-in-moelln\/\" class=\"jeg_readmore\">Mehr lesen<span class=\"screen-reader-text\">Details<\/span><\/a>\n                                <\/div>\n                        <\/div>\n                    <\/div>\n                <\/article><article class=\"jeg_post jeg_pl_lg_card format-standard\">\n                    <div class=\"jeg_inner_post\">\n                        <div class=\"jeg_thumb\">\n                            \n                            <a href=\"https:\/\/herzogtum-direkt.de\/index.php\/2026\/08\/29\/filmclub-montagskino-the-piano-tuner\/\" aria-label=\"Read article: Filmclub-Montagskino: &#8218;The Piano Tuner&#8216;\"><div class=\"thumbnail-container animate-lazy  size-500 \"><img loading=\"lazy\" decoding=\"async\" width=\"1000\" height=\"563\" src=\"https:\/\/herzogtum-direkt.de\/wp-content\/themes\/jnews\/assets\/img\/jeg-empty.png\" class=\"attachment-jnews-1140x570 size-jnews-1140x570 lazyload wp-post-image\" alt=\"Filmclub-Montagskino: &#8218;The Piano Tuner&#8216;\" sizes=\"auto, (max-width: 1000px) 100vw, 1000px\" data-full-width=\"1000\" data-full-height=\"563\" data-src=\"https:\/\/herzogtum-direkt.de\/wp-content\/uploads\/2026\/08\/Filmclub-Kino-Dustin_Hoffmann_und_Leo_Woodall_c_BlackBear-1000x563.jpg\" data-srcset=\"https:\/\/herzogtum-direkt.de\/wp-content\/uploads\/2026\/08\/Filmclub-Kino-Dustin_Hoffmann_und_Leo_Woodall_c_BlackBear.jpg 1000w, https:\/\/herzogtum-direkt.de\/wp-content\/uploads\/2026\/08\/Filmclub-Kino-Dustin_Hoffmann_und_Leo_Woodall_c_BlackBear-600x338.jpg 600w, https:\/\/herzogtum-direkt.de\/wp-content\/uploads\/2026\/08\/Filmclub-Kino-Dustin_Hoffmann_und_Leo_Woodall_c_BlackBear-768x432.jpg 768w\" data-sizes=\"auto\" data-expand=\"700\" \/><\/div><\/a>\n                        <\/div>\n                        <div class=\"jeg_postblock_content\">\n                            <div class=\"jeg_post_category\">\n                                <span>\n                                    <a href=\"https:\/\/herzogtum-direkt.de\/index.php\/category\/herzogtum-lauenburg\/\">Herzogtum Lauenburg<\/a>\n                                <\/span>\n                            <\/div>\n                            <h3 class=\"jeg_post_title\">\n                                <a href=\"https:\/\/herzogtum-direkt.de\/index.php\/2026\/08\/29\/filmclub-montagskino-the-piano-tuner\/\">Filmclub-Montagskino: &#8218;The Piano Tuner&#8216;<\/a>\n                            <\/h3>\n                            <div class=\"jeg_post_meta\"><div class=\"jeg_meta_author\"><span class=\"by\">von<\/span> <a href=\"https:\/\/herzogtum-direkt.de\/index.php\/author\/pressemitteilung\/\">Pressemitteilung<\/a><\/div><div class=\"jeg_meta_date\"><a href=\"https:\/\/herzogtum-direkt.de\/index.php\/2026\/08\/29\/filmclub-montagskino-the-piano-tuner\/\"><i class=\"fa fa-clock-o\"><\/i> August 29, 2026<\/a><\/div><div class=\"jeg_meta_comment\"><a href=\"https:\/\/herzogtum-direkt.de\/index.php\/2026\/08\/29\/filmclub-montagskino-the-piano-tuner\/#comments\" ><i class=\"fa fa-comment-o\"><\/i> 0 <\/a><\/div><div class=\"jeg_meta_views\"><a href=\"https:\/\/herzogtum-direkt.de\/index.php\/2026\/08\/29\/filmclub-montagskino-the-piano-tuner\/\" ><i class=\"fa fa-eye\"><\/i> 44 <\/a><\/div><\/div>\n                                <div class=\"jeg_post_excerpt\">\n                                    <p>Ratzeburg (pm). Im Filmclub des Burgtheater Ratzeburg wird am Montag, 31. August der US-Theiller \u201eThe Piano Tuner\u201c \u00fcber die \u00fcberaus...<\/p>\n                                    <a href=\"https:\/\/herzogtum-direkt.de\/index.php\/2026\/08\/29\/filmclub-montagskino-the-piano-tuner\/\" class=\"jeg_readmore\">Mehr lesen<span class=\"screen-reader-text\">Details<\/span><\/a>\n                                <\/div>\n                        <\/div>\n                    <\/div>\n                <\/article><article class=\"jeg_post jeg_pl_lg_card format-standard\">\n                    <div class=\"jeg_inner_post\">\n                        <div class=\"jeg_thumb\">\n                            \n                            <a href=\"https:\/\/herzogtum-direkt.de\/index.php\/2026\/08\/29\/bachkonzert-in-der-nusser-kirche\/\" aria-label=\"Read article: Bachkonzert in der Nusser Kirche\"><div class=\"thumbnail-container animate-lazy  size-500 \"><img loading=\"lazy\" decoding=\"async\" width=\"1000\" height=\"570\" src=\"https:\/\/herzogtum-direkt.de\/wp-content\/themes\/jnews\/assets\/img\/jeg-empty.png\" class=\"attachment-jnews-1140x570 size-jnews-1140x570 lazyload wp-post-image\" alt=\"Bachkonzert in der Nusser Kirche\" data-full-width=\"1000\" data-full-height=\"702\" data-src=\"https:\/\/herzogtum-direkt.de\/wp-content\/uploads\/2026\/08\/Konzert-Kirche-Nusse-Foto-hfr-1000x570.jpg\" data-srcset=\"\" data-sizes=\"auto\" data-expand=\"700\" \/><\/div><\/a>\n                        <\/div>\n                        <div class=\"jeg_postblock_content\">\n                            <div class=\"jeg_post_category\">\n                                <span>\n                                    <a href=\"https:\/\/herzogtum-direkt.de\/index.php\/category\/herzogtum-lauenburg\/amt-sandesneben-nusse\/\">Amt Sandesneben-Nusse<\/a>\n                                <\/span>\n                            <\/div>\n                            <h3 class=\"jeg_post_title\">\n                                <a href=\"https:\/\/herzogtum-direkt.de\/index.php\/2026\/08\/29\/bachkonzert-in-der-nusser-kirche\/\">Bachkonzert in der Nusser Kirche<\/a>\n                            <\/h3>\n                            <div class=\"jeg_post_meta\"><div class=\"jeg_meta_author\"><span class=\"by\">von<\/span> <a href=\"https:\/\/herzogtum-direkt.de\/index.php\/author\/pressemitteilung\/\">Pressemitteilung<\/a><\/div><div class=\"jeg_meta_date\"><a href=\"https:\/\/herzogtum-direkt.de\/index.php\/2026\/08\/29\/bachkonzert-in-der-nusser-kirche\/\"><i class=\"fa fa-clock-o\"><\/i> August 29, 2026<\/a><\/div><div class=\"jeg_meta_comment\"><a href=\"https:\/\/herzogtum-direkt.de\/index.php\/2026\/08\/29\/bachkonzert-in-der-nusser-kirche\/#comments\" ><i class=\"fa fa-comment-o\"><\/i> 0 <\/a><\/div><div class=\"jeg_meta_views\"><a href=\"https:\/\/herzogtum-direkt.de\/index.php\/2026\/08\/29\/bachkonzert-in-der-nusser-kirche\/\" ><i class=\"fa fa-eye\"><\/i> 41 <\/a><\/div><\/div>\n                                <div class=\"jeg_post_excerpt\">\n                                    <p>Nusse (pm). Am Freitag, 11. September 2026, um 19 Uhr verwandelt sich die Kirche in Nusse in einen Ort musikalischer...<\/p>\n                                    <a href=\"https:\/\/herzogtum-direkt.de\/index.php\/2026\/08\/29\/bachkonzert-in-der-nusser-kirche\/\" class=\"jeg_readmore\">Mehr lesen<span class=\"screen-reader-text\">Details<\/span><\/a>\n                                <\/div>\n                        <\/div>\n                    <\/div>\n                <\/article><article class=\"jeg_post jeg_pl_lg_card format-standard\">\n                    <div class=\"jeg_inner_post\">\n                        <div class=\"jeg_thumb\">\n                            \n                            <a href=\"https:\/\/herzogtum-direkt.de\/index.php\/2026\/08\/28\/im-kino-so-klingt-das-leben\/\" aria-label=\"Read article: Im Kino: &#8218;So klingt das Leben&#8216;\"><div class=\"thumbnail-container animate-lazy  size-500 \"><img loading=\"lazy\" decoding=\"async\" width=\"1000\" height=\"563\" src=\"https:\/\/herzogtum-direkt.de\/wp-content\/themes\/jnews\/assets\/img\/jeg-empty.png\" class=\"attachment-jnews-1140x570 size-jnews-1140x570 lazyload wp-post-image\" alt=\"Im Kino: &#8218;So klingt das Leben&#8216;\" sizes=\"auto, (max-width: 1000px) 100vw, 1000px\" data-full-width=\"1000\" data-full-height=\"563\" data-src=\"https:\/\/herzogtum-direkt.de\/wp-content\/uploads\/2026\/08\/Kino-Film-Club-so-klingt-das-Leben-Hfr-1000x563.jpg\" data-srcset=\"https:\/\/herzogtum-direkt.de\/wp-content\/uploads\/2026\/08\/Kino-Film-Club-so-klingt-das-Leben-Hfr.jpg 1000w, https:\/\/herzogtum-direkt.de\/wp-content\/uploads\/2026\/08\/Kino-Film-Club-so-klingt-das-Leben-Hfr-600x338.jpg 600w, https:\/\/herzogtum-direkt.de\/wp-content\/uploads\/2026\/08\/Kino-Film-Club-so-klingt-das-Leben-Hfr-768x432.jpg 768w\" data-sizes=\"auto\" data-expand=\"700\" \/><\/div><\/a>\n                        <\/div>\n                        <div class=\"jeg_postblock_content\">\n                            <div class=\"jeg_post_category\">\n                                <span>\n                                    <a href=\"https:\/\/herzogtum-direkt.de\/index.php\/category\/herzogtum-lauenburg\/\">Herzogtum Lauenburg<\/a>\n                                <\/span>\n                            <\/div>\n                            <h3 class=\"jeg_post_title\">\n                                <a href=\"https:\/\/herzogtum-direkt.de\/index.php\/2026\/08\/28\/im-kino-so-klingt-das-leben\/\">Im Kino: &#8218;So klingt das Leben&#8216;<\/a>\n                            <\/h3>\n                            <div class=\"jeg_post_meta\"><div class=\"jeg_meta_author\"><span class=\"by\">von<\/span> <a href=\"https:\/\/herzogtum-direkt.de\/index.php\/author\/pressemitteilung\/\">Pressemitteilung<\/a><\/div><div class=\"jeg_meta_date\"><a href=\"https:\/\/herzogtum-direkt.de\/index.php\/2026\/08\/28\/im-kino-so-klingt-das-leben\/\"><i class=\"fa fa-clock-o\"><\/i> August 28, 2026<\/a><\/div><div class=\"jeg_meta_comment\"><a href=\"https:\/\/herzogtum-direkt.de\/index.php\/2026\/08\/28\/im-kino-so-klingt-das-leben\/#comments\" ><i class=\"fa fa-comment-o\"><\/i> 0 <\/a><\/div><div class=\"jeg_meta_views\"><a href=\"https:\/\/herzogtum-direkt.de\/index.php\/2026\/08\/28\/im-kino-so-klingt-das-leben\/\" ><i class=\"fa fa-eye\"><\/i> 23 <\/a><\/div><\/div>\n                                <div class=\"jeg_post_excerpt\">\n                                    <p>Ratzeburg (pm). Im Filmclub des Burgtheater Ratzeburg wird am Sonntag, 30. August die spanische Dram\u00f6die \u201eSo klingt das Leben\u201c gezeigt,...<\/p>\n                                    <a href=\"https:\/\/herzogtum-direkt.de\/index.php\/2026\/08\/28\/im-kino-so-klingt-das-leben\/\" class=\"jeg_readmore\">Mehr lesen<span class=\"screen-reader-text\">Details<\/span><\/a>\n                                <\/div>\n                        <\/div>\n                    <\/div>\n                <\/article><article class=\"jeg_post jeg_pl_lg_card format-standard\">\n                    <div class=\"jeg_inner_post\">\n                        <div class=\"jeg_thumb\">\n                            \n                            <a href=\"https:\/\/herzogtum-direkt.de\/index.php\/2026\/08\/27\/kunst-in-bewegung-inbetriebnahme-der-kugelbahn-in-ratzeburg\/\" aria-label=\"Read article: Kunst in Bewegung: Inbetriebnahme der Kugelbahn in Ratzeburg\"><div class=\"thumbnail-container animate-lazy  size-500 \"><img loading=\"lazy\" decoding=\"async\" width=\"1000\" height=\"570\" src=\"https:\/\/herzogtum-direkt.de\/wp-content\/themes\/jnews\/assets\/img\/jeg-empty.png\" class=\"attachment-jnews-1140x570 size-jnews-1140x570 lazyload wp-post-image\" alt=\"Kunst in Bewegung: Inbetriebnahme der Kugelbahn in Ratzeburg\" data-full-width=\"1000\" data-full-height=\"1000\" data-src=\"https:\/\/herzogtum-direkt.de\/wp-content\/uploads\/2026\/08\/Inbetriebnahme-der-Kugelbahn-in-Ratzeburg-hfr-1000x570.jpg\" data-srcset=\"\" data-sizes=\"auto\" data-expand=\"700\" \/><\/div><\/a>\n                        <\/div>\n                        <div class=\"jeg_postblock_content\">\n                            <div class=\"jeg_post_category\">\n                                <span>\n                                    <a href=\"https:\/\/herzogtum-direkt.de\/index.php\/category\/kultur\/\">Kultur<\/a>\n                                <\/span>\n                            <\/div>\n                            <h3 class=\"jeg_post_title\">\n                                <a href=\"https:\/\/herzogtum-direkt.de\/index.php\/2026\/08\/27\/kunst-in-bewegung-inbetriebnahme-der-kugelbahn-in-ratzeburg\/\">Kunst in Bewegung: Inbetriebnahme der Kugelbahn in Ratzeburg<\/a>\n                            <\/h3>\n                            <div class=\"jeg_post_meta\"><div class=\"jeg_meta_author\"><span class=\"by\">von<\/span> <a href=\"https:\/\/herzogtum-direkt.de\/index.php\/author\/admin_gesine\/\">Gesine Biller<\/a><\/div><div class=\"jeg_meta_date\"><a href=\"https:\/\/herzogtum-direkt.de\/index.php\/2026\/08\/27\/kunst-in-bewegung-inbetriebnahme-der-kugelbahn-in-ratzeburg\/\"><i class=\"fa fa-clock-o\"><\/i> August 27, 2026<\/a><\/div><div class=\"jeg_meta_comment\"><a href=\"https:\/\/herzogtum-direkt.de\/index.php\/2026\/08\/27\/kunst-in-bewegung-inbetriebnahme-der-kugelbahn-in-ratzeburg\/#comments\" ><i class=\"fa fa-comment-o\"><\/i> 0 <\/a><\/div><div class=\"jeg_meta_views\"><a href=\"https:\/\/herzogtum-direkt.de\/index.php\/2026\/08\/27\/kunst-in-bewegung-inbetriebnahme-der-kugelbahn-in-ratzeburg\/\" ><i class=\"fa fa-eye\"><\/i> 318 <\/a><\/div><\/div>\n                                <div class=\"jeg_post_excerpt\">\n                                    <p>Ratzeburg (pm\/gb). Am Sonntag, 30. August 2026, um 15 Uhr erfolgt die feierliche Inbetriebnahme der Kugelbahn in Ratzeburg. Die Installation...<\/p>\n                                    <a href=\"https:\/\/herzogtum-direkt.de\/index.php\/2026\/08\/27\/kunst-in-bewegung-inbetriebnahme-der-kugelbahn-in-ratzeburg\/\" class=\"jeg_readmore\">Mehr lesen<span class=\"screen-reader-text\">Details<\/span><\/a>\n                                <\/div>\n                        <\/div>\n                    <\/div>\n                <\/article><article class=\"jeg_post jeg_pl_lg_card format-standard\">\n                    <div class=\"jeg_inner_post\">\n                        <div class=\"jeg_thumb\">\n                            \n                            <a href=\"https:\/\/herzogtum-direkt.de\/index.php\/2026\/08\/27\/tag-des-offenen-denkmals-5\/\" aria-label=\"Read article: Tag des offenen Denkmals\"><div class=\"thumbnail-container animate-lazy  size-500 \"><img loading=\"lazy\" decoding=\"async\" width=\"1000\" height=\"570\" src=\"https:\/\/herzogtum-direkt.de\/wp-content\/themes\/jnews\/assets\/img\/jeg-empty.png\" class=\"attachment-jnews-1140x570 size-jnews-1140x570 lazyload wp-post-image\" alt=\"Tag des offenen Denkmals\" data-full-width=\"1000\" data-full-height=\"668\" data-src=\"https:\/\/herzogtum-direkt.de\/wp-content\/uploads\/2026\/08\/02-Gartensaal-APWM-1000x570.jpg\" data-srcset=\"\" data-sizes=\"auto\" data-expand=\"700\" \/><\/div><\/a>\n                        <\/div>\n                        <div class=\"jeg_postblock_content\">\n                            <div class=\"jeg_post_category\">\n                                <span>\n                                    <a href=\"https:\/\/herzogtum-direkt.de\/index.php\/category\/ausflugstipp\/\">Ausflugstipp<\/a>\n                                <\/span>\n                            <\/div>\n                            <h3 class=\"jeg_post_title\">\n                                <a href=\"https:\/\/herzogtum-direkt.de\/index.php\/2026\/08\/27\/tag-des-offenen-denkmals-5\/\">Tag des offenen Denkmals<\/a>\n                            <\/h3>\n                            <div class=\"jeg_post_meta\"><div class=\"jeg_meta_author\"><span class=\"by\">von<\/span> <a href=\"https:\/\/herzogtum-direkt.de\/index.php\/author\/pressemitteilung\/\">Pressemitteilung<\/a><\/div><div class=\"jeg_meta_date\"><a href=\"https:\/\/herzogtum-direkt.de\/index.php\/2026\/08\/27\/tag-des-offenen-denkmals-5\/\"><i class=\"fa fa-clock-o\"><\/i> August 27, 2026<\/a><\/div><div class=\"jeg_meta_comment\"><a href=\"https:\/\/herzogtum-direkt.de\/index.php\/2026\/08\/27\/tag-des-offenen-denkmals-5\/#comments\" ><i class=\"fa fa-comment-o\"><\/i> 0 <\/a><\/div><div class=\"jeg_meta_views\"><a href=\"https:\/\/herzogtum-direkt.de\/index.php\/2026\/08\/27\/tag-des-offenen-denkmals-5\/\" ><i class=\"fa fa-eye\"><\/i> 80 <\/a><\/div><\/div>\n                                <div class=\"jeg_post_excerpt\">\n                                    <p>Ratzeburg (pm). Anl\u00e4sslich des bundesweiten Tags des offenen Denkmals am Sonntag, 13.\u00a0September, bieten die Kreismuseen und das Kreisarchiv ein umfangreiches...<\/p>\n                                    <a href=\"https:\/\/herzogtum-direkt.de\/index.php\/2026\/08\/27\/tag-des-offenen-denkmals-5\/\" class=\"jeg_readmore\">Mehr lesen<span class=\"screen-reader-text\">Details<\/span><\/a>\n                                <\/div>\n                        <\/div>\n                    <\/div>\n                <\/article><article class=\"jeg_post jeg_pl_lg_card format-standard\">\n                    <div class=\"jeg_inner_post\">\n                        <div class=\"jeg_thumb\">\n                            \n                            <a href=\"https:\/\/herzogtum-direkt.de\/index.php\/2026\/08\/26\/lions-benefizkonzert-im-ratzeburger-dom-3\/\" aria-label=\"Read article: Lions-Benefizkonzert im Ratzeburger Dom\"><div class=\"thumbnail-container animate-lazy  size-500 \"><img loading=\"lazy\" decoding=\"async\" width=\"1000\" height=\"570\" src=\"https:\/\/herzogtum-direkt.de\/wp-content\/themes\/jnews\/assets\/img\/jeg-empty.png\" class=\"attachment-jnews-1140x570 size-jnews-1140x570 lazyload wp-post-image\" alt=\"Lions-Benefizkonzert im Ratzeburger Dom\" data-full-width=\"1000\" data-full-height=\"667\" data-src=\"https:\/\/herzogtum-direkt.de\/wp-content\/uploads\/2026\/08\/Ahrensburger-Orchester.-Foto-hfr-1000x570.jpg\" data-srcset=\"\" data-sizes=\"auto\" data-expand=\"700\" \/><\/div><\/a>\n                        <\/div>\n                        <div class=\"jeg_postblock_content\">\n                            <div class=\"jeg_post_category\">\n                                <span>\n                                    <a href=\"https:\/\/herzogtum-direkt.de\/index.php\/category\/herzogtum-lauenburg\/\">Herzogtum Lauenburg<\/a>\n                                <\/span>\n                            <\/div>\n                            <h3 class=\"jeg_post_title\">\n                                <a href=\"https:\/\/herzogtum-direkt.de\/index.php\/2026\/08\/26\/lions-benefizkonzert-im-ratzeburger-dom-3\/\">Lions-Benefizkonzert im Ratzeburger Dom<\/a>\n                            <\/h3>\n                            <div class=\"jeg_post_meta\"><div class=\"jeg_meta_author\"><span class=\"by\">von<\/span> <a href=\"https:\/\/herzogtum-direkt.de\/index.php\/author\/pressemitteilung\/\">Pressemitteilung<\/a><\/div><div class=\"jeg_meta_date\"><a href=\"https:\/\/herzogtum-direkt.de\/index.php\/2026\/08\/26\/lions-benefizkonzert-im-ratzeburger-dom-3\/\"><i class=\"fa fa-clock-o\"><\/i> August 26, 2026<\/a><\/div><div class=\"jeg_meta_comment\"><a href=\"https:\/\/herzogtum-direkt.de\/index.php\/2026\/08\/26\/lions-benefizkonzert-im-ratzeburger-dom-3\/#comments\" ><i class=\"fa fa-comment-o\"><\/i> 0 <\/a><\/div><div class=\"jeg_meta_views\"><a href=\"https:\/\/herzogtum-direkt.de\/index.php\/2026\/08\/26\/lions-benefizkonzert-im-ratzeburger-dom-3\/\" ><i class=\"fa fa-eye\"><\/i> 174 <\/a><\/div><\/div>\n                                <div class=\"jeg_post_excerpt\">\n                                    <p>Ratzeburg (pm). Der F\u00f6rderverein des Lionsclub Ahrensburg veranstaltet mit Unterst\u00fctzung der F\u00f6rdervereine der Lions Clubs Bargteheide, Hahnheide, Herzogtum Lauenburg und...<\/p>\n                                    <a href=\"https:\/\/herzogtum-direkt.de\/index.php\/2026\/08\/26\/lions-benefizkonzert-im-ratzeburger-dom-3\/\" class=\"jeg_readmore\">Mehr lesen<span class=\"screen-reader-text\">Details<\/span><\/a>\n                                <\/div>\n                        <\/div>\n                    <\/div>\n                <\/article><article class=\"jeg_post jeg_pl_lg_card format-standard\">\n                    <div class=\"jeg_inner_post\">\n                        <div class=\"jeg_thumb\">\n                            \n                            <a href=\"https:\/\/herzogtum-direkt.de\/index.php\/2026\/08\/25\/norddeutsches-freiluftkino-finales-wochenende\/\" aria-label=\"Read article: Norddeutsches Freiluftkino \u2013 finales Wochenende\"><div class=\"thumbnail-container animate-lazy  size-500 \"><img loading=\"lazy\" decoding=\"async\" width=\"1000\" height=\"570\" src=\"https:\/\/herzogtum-direkt.de\/wp-content\/themes\/jnews\/assets\/img\/jeg-empty.png\" class=\"attachment-jnews-1140x570 size-jnews-1140x570 lazyload wp-post-image\" alt=\"Abschlussbericht \u201eNorddeutsches Freiluftkino 2024\u201c\" data-full-width=\"1000\" data-full-height=\"749\" data-src=\"https:\/\/herzogtum-direkt.de\/wp-content\/uploads\/2024\/10\/Kino-Kurpark-Ratzeburg-2024-1000x570.jpg\" data-srcset=\"\" data-sizes=\"auto\" data-expand=\"700\" \/><\/div><\/a>\n                        <\/div>\n                        <div class=\"jeg_postblock_content\">\n                            <div class=\"jeg_post_category\">\n                                <span>\n                                    <a href=\"https:\/\/herzogtum-direkt.de\/index.php\/category\/ausflugstipp\/\">Ausflugstipp<\/a>\n                                <\/span>\n                            <\/div>\n                            <h3 class=\"jeg_post_title\">\n                                <a href=\"https:\/\/herzogtum-direkt.de\/index.php\/2026\/08\/25\/norddeutsches-freiluftkino-finales-wochenende\/\">Norddeutsches Freiluftkino \u2013 finales Wochenende<\/a>\n                            <\/h3>\n                            <div class=\"jeg_post_meta\"><div class=\"jeg_meta_author\"><span class=\"by\">von<\/span> <a href=\"https:\/\/herzogtum-direkt.de\/index.php\/author\/pressemitteilung\/\">Pressemitteilung<\/a><\/div><div class=\"jeg_meta_date\"><a href=\"https:\/\/herzogtum-direkt.de\/index.php\/2026\/08\/25\/norddeutsches-freiluftkino-finales-wochenende\/\"><i class=\"fa fa-clock-o\"><\/i> August 25, 2026<\/a><\/div><div class=\"jeg_meta_comment\"><a href=\"https:\/\/herzogtum-direkt.de\/index.php\/2026\/08\/25\/norddeutsches-freiluftkino-finales-wochenende\/#comments\" ><i class=\"fa fa-comment-o\"><\/i> 0 <\/a><\/div><div class=\"jeg_meta_views\"><a href=\"https:\/\/herzogtum-direkt.de\/index.php\/2026\/08\/25\/norddeutsches-freiluftkino-finales-wochenende\/\" ><i class=\"fa fa-eye\"><\/i> 219 <\/a><\/div><\/div>\n                                <div class=\"jeg_post_excerpt\">\n                                    <p>Ratzeburg (pm). Am Freitag, 28. August pr\u00e4sentiert das Norddeutsche Freiluftkino im Kurpark Ratzeburg die Weltpremiere von \u201eNord bei Nordwest \u2013...<\/p>\n                                    <a href=\"https:\/\/herzogtum-direkt.de\/index.php\/2026\/08\/25\/norddeutsches-freiluftkino-finales-wochenende\/\" class=\"jeg_readmore\">Mehr lesen<span class=\"screen-reader-text\">Details<\/span><\/a>\n                                <\/div>\n                        <\/div>\n                    <\/div>\n                <\/article><\/div>\n                    <div class='module-overlay'>\n\t\t\t\t    <div class='preloader_type preloader_dot'>\n\t\t\t\t        <div class=\"module-preloader jeg_preloader dot\">\n\t\t\t\t            <span><\/span><span><\/span><span><\/span>\n\t\t\t\t        <\/div>\n\t\t\t\t        <div class=\"module-preloader jeg_preloader circle\">\n\t\t\t\t            <div class=\"jnews_preloader_circle_outer\">\n\t\t\t\t                <div class=\"jnews_preloader_circle_inner\"><\/div>\n\t\t\t\t            <\/div>\n\t\t\t\t        <\/div>\n\t\t\t\t        <div class=\"module-preloader jeg_preloader square\">\n\t\t\t\t            <div class=\"jeg_square\">\n\t\t\t\t                <div class=\"jeg_square_inner\"><\/div>\n\t\t\t\t            <\/div>\n\t\t\t\t        <\/div>\n\t\t\t\t    <\/div>\n\t\t\t\t<\/div>\n                <\/div>\n                <div class=\"jeg_block_navigation\">\n                    <div class='navigation_overlay'><div class='module-preloader jeg_preloader'><span><\/span><span><\/span><span><\/span><\/div><\/div>\n                    <div class=\"jeg_block_nav \">\n                    <a href=\"#\" aria-label=\"View previous page posts\" class=\"prev disabled\" title=\"zur\u00fcck\"><i class=\"fa fa-angle-left\"><\/i><\/a>\n                    <a href=\"#\" aria-label=\"View next page posts\" class=\"next \" title=\"weiter\"><i class=\"fa fa-angle-right\"><\/i><\/a>\n                <\/div>\n                    \n                <\/div>\n\t\t\t\t\t\n\t\t\t\t\t<script>var jnews_module__0_6a9c0b392a196 = {\"header_icon\":\"\",\"first_title\":\"\",\"second_title\":\"\",\"url\":\"\",\"header_type\":\"heading_6\",\"header_background\":\"\",\"header_secondary_background\":\"\",\"header_text_color\":\"\",\"header_line_color\":\"\",\"header_accent_color\":\"\",\"header_filter_category\":\"\",\"header_filter_author\":\"\",\"header_filter_tag\":\"\",\"header_filter_text\":\"All\",\"sticky_post\":false,\"sticky_post_filter\":false,\"post_type\":\"post\",\"content_type\":\"all\",\"sponsor\":false,\"number_post\":\"19\",\"post_offset\":\"0\",\"unique_content\":\"disable\",\"include_post\":\"\",\"included_only\":false,\"exclude_post\":\"\",\"include_category\":\"70\",\"exclude_category\":\"\",\"include_author\":\"\",\"include_tag\":\"\",\"exclude_tag\":\"\",\"exclude_visited_post\":false,\"sort_by\":\"latest\",\"date_format\":\"default\",\"date_format_custom\":\"Y\\\/m\\\/d\",\"excerpt_length\":\"20\",\"excerpt_ellipsis\":\"...\",\"force_normal_image_load\":\"\",\"main_custom_image_size\":\"default\",\"pagination_mode\":\"nextprev\",\"pagination_nextprev_showtext\":\"\",\"pagination_number_post\":\"4\",\"pagination_scroll_limit\":0,\"ads_type\":\"disable\",\"ads_position\":1,\"ads_random\":\"\",\"ads_image\":\"\",\"ads_image_tablet\":\"\",\"ads_image_phone\":\"\",\"ads_image_link\":\"\",\"ads_image_alt\":\"\",\"ads_image_new_tab\":\"\",\"google_publisher_id\":\"\",\"google_slot_id\":\"\",\"google_desktop\":\"auto\",\"google_tab\":\"auto\",\"google_phone\":\"auto\",\"content\":\"\",\"ads_bottom_text\":\"\",\"el_id\":\"\",\"el_class\":\"\",\"scheme\":\"\",\"column_width\":\"auto\",\"title_color\":\"\",\"accent_color\":\"\",\"alt_color\":\"\",\"excerpt_color\":\"\",\"block_background\":\"\",\"css\":\"\",\"compatible_column_notice\":\"\",\"paged\":1,\"column_class\":\"jeg_col_3o3\",\"class\":\"jnews_block_12\"};<\/script>\n\t\t\t\t<\/div>[\/vc_column][\/vc_row]<\/p>\n<\/div>","protected":false},"excerpt":{"rendered":"<p>[vc_row][vc_column][vc_widget_sidebar sidebar_id=&#8220;herzogtum-lauenburg-top&#8220;][\/vc_column][\/vc_row][vc_row][vc_column][\/vc_column][\/vc_row]<\/p>\n","protected":false},"author":1,"featured_media":0,"parent":0,"menu_order":0,"comment_status":"closed","ping_status":"closed","template":"","meta":{"jnews_page_loop":{"enable_page_loop":"0","first_title":"Latest Post","second_title":"","header_type":"heading_6","header_background":"","header_text_color":"","layout":"right-sidebar","sidebar":"default-sidebar","second_sidebar":"default-sidebar","sticky_sidebar":"1","module":"3","boxed":"0","boxed_shadow":"0","box_shadow":"0","excerpt_length":"20","content_date":"default","date_custom":"Y\/m\/d","content_pagination":"nav_1","pagination_align":"center","show_navtext":"0","show_pageinfo":"0","post_offset":"0","posts_per_page":"5","include_post":"","exclude_post":"","include_category":"","exclude_category":"","include_author":"","include_tag":"","exclude_tag":"","sort_by":"latest"},"jnews_single_page":{"layout":"right-sidebar","sidebar":"herzogtum-lbg-seite","second_sidebar":"default-sidebar","sticky_sidebar":"1","show_post_featured":"1","show_post_meta":"0","share_position":"top","share_color":"share-monocrhome"},"jnews_social_meta":{"fb_title":"","fb_description":"","fb_image":"","twitter_title":"","twitter_description":"","twitter_image":""},"footnotes":""},"class_list":["post-771","page","type-page","status-publish","hentry"],"_links":{"self":[{"href":"https:\/\/herzogtum-direkt.de\/index.php\/wp-json\/wp\/v2\/pages\/771","targetHints":{"allow":["GET"]}}],"collection":[{"href":"https:\/\/herzogtum-direkt.de\/index.php\/wp-json\/wp\/v2\/pages"}],"about":[{"href":"https:\/\/herzogtum-direkt.de\/index.php\/wp-json\/wp\/v2\/types\/page"}],"author":[{"embeddable":true,"href":"https:\/\/herzogtum-direkt.de\/index.php\/wp-json\/wp\/v2\/users\/1"}],"replies":[{"embeddable":true,"href":"https:\/\/herzogtum-direkt.de\/index.php\/wp-json\/wp\/v2\/comments?post=771"}],"version-history":[{"count":6,"href":"https:\/\/herzogtum-direkt.de\/index.php\/wp-json\/wp\/v2\/pages\/771\/revisions"}],"predecessor-version":[{"id":32947,"href":"https:\/\/herzogtum-direkt.de\/index.php\/wp-json\/wp\/v2\/pages\/771\/revisions\/32947"}],"wp:attachment":[{"href":"https:\/\/herzogtum-direkt.de\/index.php\/wp-json\/wp\/v2\/media?parent=771"}],"curies":[{"name":"wp","href":"https:\/\/api.w.org\/{rel}","templated":true}]}}