{"id":759,"date":"2017-12-29T13:12:39","date_gmt":"2017-12-29T13:12:39","guid":{"rendered":"http:\/\/hd.eu-mart.de\/?page_id=759"},"modified":"2021-10-08T18:22:18","modified_gmt":"2021-10-08T16:22:18","slug":"wirtschaft","status":"publish","type":"page","link":"https:\/\/herzogtum-direkt.de\/index.php\/wirtschaft\/","title":{"rendered":"Wirtschaft"},"content":{"rendered":"<div class=\"wpb-content-wrapper\"><p>[vc_row][vc_column width=&#8220;2\/3&#8243;][vc_widget_sidebar sidebar_id=&#8220;herzogtum-lauenburg-top&#8220;]<div  class=\"jeg_postblock_12 jeg_postblock jeg_module_hook jeg_pagination_scrollload jeg_col_3o3 jnews_module__0_69f313c418318   \" data-unique=\"jnews_module__0_69f313c418318\">\n\t\t\t\t\t\n\t\t\t\t\t<div class=\"jeg_block_container\">\n                    \n                    <div class=\"jeg_posts jeg_load_more_flag\"><article class=\"jeg_post jeg_pl_lg_card format-standard\">\n                    <div class=\"jeg_inner_post\">\n                        <div class=\"jeg_thumb\">\n                            \n                            <a href=\"https:\/\/herzogtum-direkt.de\/index.php\/2026\/04\/27\/bundesagentur-fuer-arbeit-hat-ba-secure-app-eingefuehrt\/\" aria-label=\"Read article: Bundesagentur f\u00fcr Arbeit hat &#8218;BA-Secure App&#8216; eingef\u00fchrt\"><div class=\"thumbnail-container animate-lazy  size-500 \"><img fetchpriority=\"high\" decoding=\"async\" width=\"1140\" height=\"570\" src=\"https:\/\/herzogtum-direkt.de\/wp-content\/themes\/jnews\/assets\/img\/jeg-empty.png\" class=\"attachment-jnews-1140x570 size-jnews-1140x570 lazyload wp-post-image\" alt=\"Themenwoche Digitalisierung startet am Montag mit interessanten Angeboten\" sizes=\"(max-width: 1140px) 100vw, 1140px\" data-full-width=\"1280\" data-full-height=\"801\" data-src=\"https:\/\/herzogtum-direkt.de\/wp-content\/uploads\/2018\/09\/digitalisierung02-1140x570.jpg\" data-srcset=\"https:\/\/herzogtum-direkt.de\/wp-content\/uploads\/2018\/09\/digitalisierung02-1140x570.jpg 1140w, https:\/\/herzogtum-direkt.de\/wp-content\/uploads\/2018\/09\/digitalisierung02-750x375.jpg 750w, https:\/\/herzogtum-direkt.de\/wp-content\/uploads\/2018\/09\/digitalisierung02-360x180.jpg 360w\" data-sizes=\"auto\" data-expand=\"700\" \/><\/div><\/a>\n                        <\/div>\n                        <div class=\"jeg_postblock_content\">\n                            <div class=\"jeg_post_category\">\n                                <span>\n                                    <a href=\"https:\/\/herzogtum-direkt.de\/index.php\/category\/herzogtum-lauenburg\/\">Herzogtum Lauenburg<\/a>\n                                <\/span>\n                            <\/div>\n                            <h3 class=\"jeg_post_title\">\n                                <a href=\"https:\/\/herzogtum-direkt.de\/index.php\/2026\/04\/27\/bundesagentur-fuer-arbeit-hat-ba-secure-app-eingefuehrt\/\">Bundesagentur f\u00fcr Arbeit hat &#8218;BA-Secure App&#8216; eingef\u00fchrt<\/a>\n                            <\/h3>\n                            <div class=\"jeg_post_meta\"><div class=\"jeg_meta_author\"><span class=\"by\">von<\/span> <a href=\"https:\/\/herzogtum-direkt.de\/index.php\/author\/pressemitteilung\/\">Pressemitteilung<\/a><\/div><div class=\"jeg_meta_date\"><a href=\"https:\/\/herzogtum-direkt.de\/index.php\/2026\/04\/27\/bundesagentur-fuer-arbeit-hat-ba-secure-app-eingefuehrt\/\"><i class=\"fa fa-clock-o\"><\/i> April 27, 2026<\/a><\/div><div class=\"jeg_meta_comment\"><a href=\"https:\/\/herzogtum-direkt.de\/index.php\/2026\/04\/27\/bundesagentur-fuer-arbeit-hat-ba-secure-app-eingefuehrt\/#comments\" ><i class=\"fa fa-comment-o\"><\/i> 0 <\/a><\/div><div class=\"jeg_meta_views\"><a href=\"https:\/\/herzogtum-direkt.de\/index.php\/2026\/04\/27\/bundesagentur-fuer-arbeit-hat-ba-secure-app-eingefuehrt\/\" ><i class=\"fa fa-eye\"><\/i> 43 <\/a><\/div><\/div>\n                                <div class=\"jeg_post_excerpt\">\n                                    <p>Herzogtum Lauenburg (pm). Um die bestehenden Anmeldeoptionen im Online-Portal um eine weitere nutzerfreundliche M\u00f6glichkeit zu erg\u00e4nzen, hat die Bundesagentur f\u00fcr...<\/p>\n                                    <a href=\"https:\/\/herzogtum-direkt.de\/index.php\/2026\/04\/27\/bundesagentur-fuer-arbeit-hat-ba-secure-app-eingefuehrt\/\" class=\"jeg_readmore\">Mehr lesen<span class=\"screen-reader-text\">Details<\/span><\/a>\n                                <\/div>\n                        <\/div>\n                    <\/div>\n                <\/article><article class=\"jeg_post jeg_pl_lg_card format-standard\">\n                    <div class=\"jeg_inner_post\">\n                        <div class=\"jeg_thumb\">\n                            \n                            <a href=\"https:\/\/herzogtum-direkt.de\/index.php\/2026\/04\/27\/obst-und-gemuese-aus-schleswig-holstein-kosten-explodieren-hoefe-am-limit\/\" aria-label=\"Read article: Obst und Gem\u00fcse aus Schleswig-Holstein &#8211; Kosten explodieren \u2013 H\u00f6fe am Limit\"><div class=\"thumbnail-container animate-lazy  size-500 \"><img decoding=\"async\" width=\"1000\" height=\"570\" src=\"https:\/\/herzogtum-direkt.de\/wp-content\/themes\/jnews\/assets\/img\/jeg-empty.png\" class=\"attachment-jnews-1140x570 size-jnews-1140x570 lazyload wp-post-image\" alt=\"Obst und Gem\u00fcse aus Schleswig-Holstein &#8211; Kosten explodieren \u2013 H\u00f6fe am Limit\" data-full-width=\"1000\" data-full-height=\"662\" data-src=\"https:\/\/herzogtum-direkt.de\/wp-content\/uploads\/2026\/04\/Erdbeere-Ernte-Pixabay-1000x570.jpg\" data-srcset=\"\" data-sizes=\"auto\" data-expand=\"700\" \/><\/div><\/a>\n                        <\/div>\n                        <div class=\"jeg_postblock_content\">\n                            <div class=\"jeg_post_category\">\n                                <span>\n                                    <a href=\"https:\/\/herzogtum-direkt.de\/index.php\/category\/wirtschaft\/aus-der-region\/\">Aus der Region<\/a>\n                                <\/span>\n                            <\/div>\n                            <h3 class=\"jeg_post_title\">\n                                <a href=\"https:\/\/herzogtum-direkt.de\/index.php\/2026\/04\/27\/obst-und-gemuese-aus-schleswig-holstein-kosten-explodieren-hoefe-am-limit\/\">Obst und Gem\u00fcse aus Schleswig-Holstein &#8211; Kosten explodieren \u2013 H\u00f6fe am Limit<\/a>\n                            <\/h3>\n                            <div class=\"jeg_post_meta\"><div class=\"jeg_meta_author\"><span class=\"by\">von<\/span> <a href=\"https:\/\/herzogtum-direkt.de\/index.php\/author\/pressemitteilung\/\">Pressemitteilung<\/a><\/div><div class=\"jeg_meta_date\"><a href=\"https:\/\/herzogtum-direkt.de\/index.php\/2026\/04\/27\/obst-und-gemuese-aus-schleswig-holstein-kosten-explodieren-hoefe-am-limit\/\"><i class=\"fa fa-clock-o\"><\/i> April 27, 2026<\/a><\/div><div class=\"jeg_meta_comment\"><a href=\"https:\/\/herzogtum-direkt.de\/index.php\/2026\/04\/27\/obst-und-gemuese-aus-schleswig-holstein-kosten-explodieren-hoefe-am-limit\/#comments\" ><i class=\"fa fa-comment-o\"><\/i> 0 <\/a><\/div><div class=\"jeg_meta_views\"><a href=\"https:\/\/herzogtum-direkt.de\/index.php\/2026\/04\/27\/obst-und-gemuese-aus-schleswig-holstein-kosten-explodieren-hoefe-am-limit\/\" ><i class=\"fa fa-eye\"><\/i> 336 <\/a><\/div><\/div>\n                                <div class=\"jeg_post_excerpt\">\n                                    <p>Herzogtum Lauenburg (pm). Die landwirtschaftlichen Betriebe in Schleswig-Holstein geraten zunehmend unter wirtschaftlichen Druck. Doch die landwirtschaftlichen Betriebe wissen genau: ohne...<\/p>\n                                    <a href=\"https:\/\/herzogtum-direkt.de\/index.php\/2026\/04\/27\/obst-und-gemuese-aus-schleswig-holstein-kosten-explodieren-hoefe-am-limit\/\" class=\"jeg_readmore\">Mehr lesen<span class=\"screen-reader-text\">Details<\/span><\/a>\n                                <\/div>\n                        <\/div>\n                    <\/div>\n                <\/article><article class=\"jeg_post jeg_pl_lg_card format-standard\">\n                    <div class=\"jeg_inner_post\">\n                        <div class=\"jeg_thumb\">\n                            \n                            <a href=\"https:\/\/herzogtum-direkt.de\/index.php\/2026\/04\/26\/firma-abel-spendiert-neues-insektenhotel\/\" aria-label=\"Read article: Firma ABEL spendiert neues Insektenhotel\"><div class=\"thumbnail-container animate-lazy  size-500 \"><img decoding=\"async\" width=\"1000\" height=\"570\" src=\"https:\/\/herzogtum-direkt.de\/wp-content\/themes\/jnews\/assets\/img\/jeg-empty.png\" class=\"attachment-jnews-1140x570 size-jnews-1140x570 lazyload wp-post-image\" alt=\"Firma ABEL spendiert neues Insektenhotel\" data-full-width=\"1000\" data-full-height=\"667\" data-src=\"https:\/\/herzogtum-direkt.de\/wp-content\/uploads\/2026\/04\/Buechen-Neues-Insektenhotel-2026-hfr-1000x570.jpg\" data-srcset=\"\" data-sizes=\"auto\" data-expand=\"700\" \/><\/div><\/a>\n                        <\/div>\n                        <div class=\"jeg_postblock_content\">\n                            <div class=\"jeg_post_category\">\n                                <span>\n                                    <a href=\"https:\/\/herzogtum-direkt.de\/index.php\/category\/wirtschaft\/aus-der-region\/\">Aus der Region<\/a>\n                                <\/span>\n                            <\/div>\n                            <h3 class=\"jeg_post_title\">\n                                <a href=\"https:\/\/herzogtum-direkt.de\/index.php\/2026\/04\/26\/firma-abel-spendiert-neues-insektenhotel\/\">Firma ABEL spendiert neues Insektenhotel<\/a>\n                            <\/h3>\n                            <div class=\"jeg_post_meta\"><div class=\"jeg_meta_author\"><span class=\"by\">von<\/span> <a href=\"https:\/\/herzogtum-direkt.de\/index.php\/author\/pressemitteilung\/\">Pressemitteilung<\/a><\/div><div class=\"jeg_meta_date\"><a href=\"https:\/\/herzogtum-direkt.de\/index.php\/2026\/04\/26\/firma-abel-spendiert-neues-insektenhotel\/\"><i class=\"fa fa-clock-o\"><\/i> April 26, 2026<\/a><\/div><div class=\"jeg_meta_comment\"><a href=\"https:\/\/herzogtum-direkt.de\/index.php\/2026\/04\/26\/firma-abel-spendiert-neues-insektenhotel\/#comments\" ><i class=\"fa fa-comment-o\"><\/i> 0 <\/a><\/div><div class=\"jeg_meta_views\"><a href=\"https:\/\/herzogtum-direkt.de\/index.php\/2026\/04\/26\/firma-abel-spendiert-neues-insektenhotel\/\" ><i class=\"fa fa-eye\"><\/i> 51 <\/a><\/div><\/div>\n                                <div class=\"jeg_post_excerpt\">\n                                    <p>B\u00fcchen (pm).\u00a0Die Firma ABEL Pump Technologie engagiert sich seit Jahren in Sachen Umwelt in B\u00fcchen und hat vor allem im...<\/p>\n                                    <a href=\"https:\/\/herzogtum-direkt.de\/index.php\/2026\/04\/26\/firma-abel-spendiert-neues-insektenhotel\/\" class=\"jeg_readmore\">Mehr lesen<span class=\"screen-reader-text\">Details<\/span><\/a>\n                                <\/div>\n                        <\/div>\n                    <\/div>\n                <\/article><article class=\"jeg_post jeg_pl_lg_card format-standard\">\n                    <div class=\"jeg_inner_post\">\n                        <div class=\"jeg_thumb\">\n                            \n                            <a href=\"https:\/\/herzogtum-direkt.de\/index.php\/2026\/04\/26\/spuernase-fuer-die-versorgungssicherheit\/\" aria-label=\"Read article: Sp\u00fcrnase f\u00fcr die Versorgungssicherheit\"><div class=\"thumbnail-container animate-lazy  size-500 \"><img loading=\"lazy\" decoding=\"async\" width=\"1000\" height=\"527\" src=\"https:\/\/herzogtum-direkt.de\/wp-content\/themes\/jnews\/assets\/img\/jeg-empty.png\" class=\"attachment-jnews-1140x570 size-jnews-1140x570 lazyload wp-post-image\" alt=\"Sp\u00fcrnase f\u00fcr die Versorgungssicherheit\" sizes=\"(max-width: 1000px) 100vw, 1000px\" data-full-width=\"1000\" data-full-height=\"527\" data-src=\"https:\/\/herzogtum-direkt.de\/wp-content\/uploads\/2026\/04\/SH-NEtz-Gasspuerer-Gas-2026-hfr-1000x527.jpg\" data-srcset=\"https:\/\/herzogtum-direkt.de\/wp-content\/uploads\/2026\/04\/SH-NEtz-Gasspuerer-Gas-2026-hfr.jpg 1000w, https:\/\/herzogtum-direkt.de\/wp-content\/uploads\/2026\/04\/SH-NEtz-Gasspuerer-Gas-2026-hfr-600x316.jpg 600w, https:\/\/herzogtum-direkt.de\/wp-content\/uploads\/2026\/04\/SH-NEtz-Gasspuerer-Gas-2026-hfr-768x405.jpg 768w\" data-sizes=\"auto\" data-expand=\"700\" \/><\/div><\/a>\n                        <\/div>\n                        <div class=\"jeg_postblock_content\">\n                            <div class=\"jeg_post_category\">\n                                <span>\n                                    <a href=\"https:\/\/herzogtum-direkt.de\/index.php\/category\/wirtschaft\/aus-der-region\/\">Aus der Region<\/a>\n                                <\/span>\n                            <\/div>\n                            <h3 class=\"jeg_post_title\">\n                                <a href=\"https:\/\/herzogtum-direkt.de\/index.php\/2026\/04\/26\/spuernase-fuer-die-versorgungssicherheit\/\">Sp\u00fcrnase f\u00fcr die Versorgungssicherheit<\/a>\n                            <\/h3>\n                            <div class=\"jeg_post_meta\"><div class=\"jeg_meta_author\"><span class=\"by\">von<\/span> <a href=\"https:\/\/herzogtum-direkt.de\/index.php\/author\/pressemitteilung\/\">Pressemitteilung<\/a><\/div><div class=\"jeg_meta_date\"><a href=\"https:\/\/herzogtum-direkt.de\/index.php\/2026\/04\/26\/spuernase-fuer-die-versorgungssicherheit\/\"><i class=\"fa fa-clock-o\"><\/i> April 26, 2026<\/a><\/div><div class=\"jeg_meta_comment\"><a href=\"https:\/\/herzogtum-direkt.de\/index.php\/2026\/04\/26\/spuernase-fuer-die-versorgungssicherheit\/#comments\" ><i class=\"fa fa-comment-o\"><\/i> 0 <\/a><\/div><div class=\"jeg_meta_views\"><a href=\"https:\/\/herzogtum-direkt.de\/index.php\/2026\/04\/26\/spuernase-fuer-die-versorgungssicherheit\/\" ><i class=\"fa fa-eye\"><\/i> 45 <\/a><\/div><\/div>\n                                <div class=\"jeg_post_excerpt\">\n                                    <p>Herzogtum Lauenburg (pm). Mit Hightech f\u00fcr die Versorgungssicherheit im Einsatz: Experten \u00fcberpr\u00fcfen fu\u00dfl\u00e4ufig unterirdisch verlegte Leitungen. Mit modernster Technik auf...<\/p>\n                                    <a href=\"https:\/\/herzogtum-direkt.de\/index.php\/2026\/04\/26\/spuernase-fuer-die-versorgungssicherheit\/\" class=\"jeg_readmore\">Mehr lesen<span class=\"screen-reader-text\">Details<\/span><\/a>\n                                <\/div>\n                        <\/div>\n                    <\/div>\n                <\/article><article class=\"jeg_post jeg_pl_lg_card format-standard\">\n                    <div class=\"jeg_inner_post\">\n                        <div class=\"jeg_thumb\">\n                            \n                            <a href=\"https:\/\/herzogtum-direkt.de\/index.php\/2026\/04\/24\/kreissparkasse-herzogtum-lauenburg-stellt-vorstand-neu-auf\/\" aria-label=\"Read article: Kreissparkasse Herzogtum Lauenburg stellt Vorstand neu auf\"><div class=\"thumbnail-container animate-lazy  size-500 \"><img loading=\"lazy\" decoding=\"async\" width=\"1000\" height=\"475\" src=\"https:\/\/herzogtum-direkt.de\/wp-content\/themes\/jnews\/assets\/img\/jeg-empty.png\" class=\"attachment-jnews-1140x570 size-jnews-1140x570 lazyload wp-post-image\" alt=\"Kreissparkasse Herzogtum Lauenburg stellt Vorstand neu auf\" sizes=\"(max-width: 1000px) 100vw, 1000px\" data-full-width=\"1000\" data-full-height=\"475\" data-src=\"https:\/\/herzogtum-direkt.de\/wp-content\/uploads\/2026\/04\/KSK_Vorstand-1000x475.jpg\" data-srcset=\"https:\/\/herzogtum-direkt.de\/wp-content\/uploads\/2026\/04\/KSK_Vorstand.jpg 1000w, https:\/\/herzogtum-direkt.de\/wp-content\/uploads\/2026\/04\/KSK_Vorstand-600x285.jpg 600w, https:\/\/herzogtum-direkt.de\/wp-content\/uploads\/2026\/04\/KSK_Vorstand-768x365.jpg 768w\" data-sizes=\"auto\" data-expand=\"700\" \/><\/div><\/a>\n                        <\/div>\n                        <div class=\"jeg_postblock_content\">\n                            <div class=\"jeg_post_category\">\n                                <span>\n                                    <a href=\"https:\/\/herzogtum-direkt.de\/index.php\/category\/wirtschaft\/aus-der-region\/\">Aus der Region<\/a>\n                                <\/span>\n                            <\/div>\n                            <h3 class=\"jeg_post_title\">\n                                <a href=\"https:\/\/herzogtum-direkt.de\/index.php\/2026\/04\/24\/kreissparkasse-herzogtum-lauenburg-stellt-vorstand-neu-auf\/\">Kreissparkasse Herzogtum Lauenburg stellt Vorstand neu auf<\/a>\n                            <\/h3>\n                            <div class=\"jeg_post_meta\"><div class=\"jeg_meta_author\"><span class=\"by\">von<\/span> <a href=\"https:\/\/herzogtum-direkt.de\/index.php\/author\/pressemitteilung\/\">Pressemitteilung<\/a><\/div><div class=\"jeg_meta_date\"><a href=\"https:\/\/herzogtum-direkt.de\/index.php\/2026\/04\/24\/kreissparkasse-herzogtum-lauenburg-stellt-vorstand-neu-auf\/\"><i class=\"fa fa-clock-o\"><\/i> April 24, 2026<\/a><\/div><div class=\"jeg_meta_comment\"><a href=\"https:\/\/herzogtum-direkt.de\/index.php\/2026\/04\/24\/kreissparkasse-herzogtum-lauenburg-stellt-vorstand-neu-auf\/#comments\" ><i class=\"fa fa-comment-o\"><\/i> 0 <\/a><\/div><div class=\"jeg_meta_views\"><a href=\"https:\/\/herzogtum-direkt.de\/index.php\/2026\/04\/24\/kreissparkasse-herzogtum-lauenburg-stellt-vorstand-neu-auf\/\" ><i class=\"fa fa-eye\"><\/i> 1.5k <\/a><\/div><\/div>\n                                <div class=\"jeg_post_excerpt\">\n                                    <p>Herzogtum Lauenburg (pm).\u00a0Die Kreissparkasse Herzogtum Lauenburg stellt ihren Vorstand neu auf. Udo Schl\u00fcnsen (60) \u00fcbernimmt vorbehaltlich der Zustimmung der Gremien...<\/p>\n                                    <a href=\"https:\/\/herzogtum-direkt.de\/index.php\/2026\/04\/24\/kreissparkasse-herzogtum-lauenburg-stellt-vorstand-neu-auf\/\" class=\"jeg_readmore\">Mehr lesen<span class=\"screen-reader-text\">Details<\/span><\/a>\n                                <\/div>\n                        <\/div>\n                    <\/div>\n                <\/article><article class=\"jeg_post jeg_pl_lg_card format-standard\">\n                    <div class=\"jeg_inner_post\">\n                        <div class=\"jeg_thumb\">\n                            \n                            <a href=\"https:\/\/herzogtum-direkt.de\/index.php\/2026\/04\/24\/digitale-nomaden-freiheit-zwischen-traum-und-realitaet\/\" aria-label=\"Read article: Digitale Nomaden: Freiheit zwischen Traum und Realit\u00e4t\"><div class=\"thumbnail-container animate-lazy  size-500 \"><img loading=\"lazy\" decoding=\"async\" width=\"1000\" height=\"525\" src=\"https:\/\/herzogtum-direkt.de\/wp-content\/themes\/jnews\/assets\/img\/jeg-empty.png\" class=\"attachment-jnews-1140x570 size-jnews-1140x570 lazyload wp-post-image\" alt=\"Digitale Nomaden: Freiheit zwischen Traum und Realit\u00e4t\" sizes=\"(max-width: 1000px) 100vw, 1000px\" data-full-width=\"1000\" data-full-height=\"525\" data-src=\"https:\/\/herzogtum-direkt.de\/wp-content\/uploads\/2026\/04\/surface-8HPLpr3hebU-unsplash-1000x525.jpg\" data-srcset=\"https:\/\/herzogtum-direkt.de\/wp-content\/uploads\/2026\/04\/surface-8HPLpr3hebU-unsplash.jpg 1000w, https:\/\/herzogtum-direkt.de\/wp-content\/uploads\/2026\/04\/surface-8HPLpr3hebU-unsplash-600x315.jpg 600w, https:\/\/herzogtum-direkt.de\/wp-content\/uploads\/2026\/04\/surface-8HPLpr3hebU-unsplash-768x403.jpg 768w\" data-sizes=\"auto\" data-expand=\"700\" \/><\/div><\/a>\n                        <\/div>\n                        <div class=\"jeg_postblock_content\">\n                            <div class=\"jeg_post_category\">\n                                <span>\n                                    <a href=\"https:\/\/herzogtum-direkt.de\/index.php\/category\/anzeige\/\">Anzeige<\/a>\n                                <\/span>\n                            <\/div>\n                            <h3 class=\"jeg_post_title\">\n                                <a href=\"https:\/\/herzogtum-direkt.de\/index.php\/2026\/04\/24\/digitale-nomaden-freiheit-zwischen-traum-und-realitaet\/\">Digitale Nomaden: Freiheit zwischen Traum und Realit\u00e4t<\/a>\n                            <\/h3>\n                            <div class=\"jeg_post_meta\"><div class=\"jeg_meta_author\"><span class=\"by\">von<\/span> <a href=\"https:\/\/herzogtum-direkt.de\/index.php\/author\/anzeige\/\">Anzeige<\/a><\/div><div class=\"jeg_meta_date\"><a href=\"https:\/\/herzogtum-direkt.de\/index.php\/2026\/04\/24\/digitale-nomaden-freiheit-zwischen-traum-und-realitaet\/\"><i class=\"fa fa-clock-o\"><\/i> April 24, 2026<\/a><\/div><div class=\"jeg_meta_comment\"><a href=\"https:\/\/herzogtum-direkt.de\/index.php\/2026\/04\/24\/digitale-nomaden-freiheit-zwischen-traum-und-realitaet\/#comments\" ><i class=\"fa fa-comment-o\"><\/i> 0 <\/a><\/div><div class=\"jeg_meta_views\"><a href=\"https:\/\/herzogtum-direkt.de\/index.php\/2026\/04\/24\/digitale-nomaden-freiheit-zwischen-traum-und-realitaet\/\" ><i class=\"fa fa-eye\"><\/i> 10 <\/a><\/div><\/div>\n                                <div class=\"jeg_post_excerpt\">\n                                    <p>Das Konzept des ortsunabh\u00e4ngigen Arbeitens hat in den letzten Jahren enorm an Dynamik gewonnen und die moderne Arbeitswelt nachhaltig ver\u00e4ndert\u2024...<\/p>\n                                    <a href=\"https:\/\/herzogtum-direkt.de\/index.php\/2026\/04\/24\/digitale-nomaden-freiheit-zwischen-traum-und-realitaet\/\" class=\"jeg_readmore\">Mehr lesen<span class=\"screen-reader-text\">Details<\/span><\/a>\n                                <\/div>\n                        <\/div>\n                    <\/div>\n                <\/article><article class=\"jeg_post jeg_pl_lg_card format-standard\">\n                    <div class=\"jeg_inner_post\">\n                        <div class=\"jeg_thumb\">\n                            \n                            <a href=\"https:\/\/herzogtum-direkt.de\/index.php\/2026\/04\/21\/gedenktag-fuer-unfaelle-am-arbeitsplatz-workers-memorial-day\/\" aria-label=\"Read article: Gedenktag f\u00fcr Unf\u00e4lle am Arbeitsplatz: \u201aWorkers\u2018 Memorial Day\u2018\"><div class=\"thumbnail-container animate-lazy  size-500 \"><img loading=\"lazy\" decoding=\"async\" width=\"1000\" height=\"570\" src=\"https:\/\/herzogtum-direkt.de\/wp-content\/themes\/jnews\/assets\/img\/jeg-empty.png\" class=\"attachment-jnews-1140x570 size-jnews-1140x570 lazyload wp-post-image\" alt=\"Gedenktag f\u00fcr Unf\u00e4lle am Arbeitsplatz: \u201aWorkers\u2018 Memorial Day\u2018\" data-full-width=\"1000\" data-full-height=\"667\" data-src=\"https:\/\/herzogtum-direkt.de\/wp-content\/uploads\/2026\/04\/Sicherheit-auf-dem-Bau-IG-BAU-2026-hfr-1000x570.jpg\" data-srcset=\"\" data-sizes=\"auto\" data-expand=\"700\" \/><\/div><\/a>\n                        <\/div>\n                        <div class=\"jeg_postblock_content\">\n                            <div class=\"jeg_post_category\">\n                                <span>\n                                    <a href=\"https:\/\/herzogtum-direkt.de\/index.php\/category\/gesundheit\/\">Gesundheit<\/a>\n                                <\/span>\n                            <\/div>\n                            <h3 class=\"jeg_post_title\">\n                                <a href=\"https:\/\/herzogtum-direkt.de\/index.php\/2026\/04\/21\/gedenktag-fuer-unfaelle-am-arbeitsplatz-workers-memorial-day\/\">Gedenktag f\u00fcr Unf\u00e4lle am Arbeitsplatz: \u201aWorkers\u2018 Memorial Day\u2018<\/a>\n                            <\/h3>\n                            <div class=\"jeg_post_meta\"><div class=\"jeg_meta_author\"><span class=\"by\">von<\/span> <a href=\"https:\/\/herzogtum-direkt.de\/index.php\/author\/pressemitteilung\/\">Pressemitteilung<\/a><\/div><div class=\"jeg_meta_date\"><a href=\"https:\/\/herzogtum-direkt.de\/index.php\/2026\/04\/21\/gedenktag-fuer-unfaelle-am-arbeitsplatz-workers-memorial-day\/\"><i class=\"fa fa-clock-o\"><\/i> April 21, 2026<\/a><\/div><div class=\"jeg_meta_comment\"><a href=\"https:\/\/herzogtum-direkt.de\/index.php\/2026\/04\/21\/gedenktag-fuer-unfaelle-am-arbeitsplatz-workers-memorial-day\/#comments\" ><i class=\"fa fa-comment-o\"><\/i> 0 <\/a><\/div><div class=\"jeg_meta_views\"><a href=\"https:\/\/herzogtum-direkt.de\/index.php\/2026\/04\/21\/gedenktag-fuer-unfaelle-am-arbeitsplatz-workers-memorial-day\/\" ><i class=\"fa fa-eye\"><\/i> 34 <\/a><\/div><\/div>\n                                <div class=\"jeg_post_excerpt\">\n                                    <p>Herzogtum Lauenburg (pm). Ein Zeichen f\u00fcr mehr Arbeitsschutz setzen: Egal, ob auf der Baustelle, am Flie\u00dfband oder im B\u00fcro. Am...<\/p>\n                                    <a href=\"https:\/\/herzogtum-direkt.de\/index.php\/2026\/04\/21\/gedenktag-fuer-unfaelle-am-arbeitsplatz-workers-memorial-day\/\" class=\"jeg_readmore\">Mehr lesen<span class=\"screen-reader-text\">Details<\/span><\/a>\n                                <\/div>\n                        <\/div>\n                    <\/div>\n                <\/article><article class=\"jeg_post jeg_pl_lg_card format-standard\">\n                    <div class=\"jeg_inner_post\">\n                        <div class=\"jeg_thumb\">\n                            \n                            <a href=\"https:\/\/herzogtum-direkt.de\/index.php\/2026\/04\/21\/jobcenter-schwarzenbek-aufgrund-von-sanierungsarbeiten-geschlossen\/\" aria-label=\"Read article: Jobcenter Schwarzenbek aufgrund von Sanierungsarbeiten geschlossen\"><div class=\"thumbnail-container animate-lazy  size-500 \"><img loading=\"lazy\" decoding=\"async\" width=\"1000\" height=\"534\" src=\"https:\/\/herzogtum-direkt.de\/wp-content\/themes\/jnews\/assets\/img\/jeg-empty.png\" class=\"attachment-jnews-1140x570 size-jnews-1140x570 lazyload wp-post-image\" alt=\"Fr\u00fchjahrsbelebung am Arbeitsmarkt hat eingesetzt\" sizes=\"(max-width: 1000px) 100vw, 1000px\" data-full-width=\"1000\" data-full-height=\"534\" data-src=\"https:\/\/herzogtum-direkt.de\/wp-content\/uploads\/2018\/03\/jobcenter-1000x534.jpg\" data-srcset=\"https:\/\/herzogtum-direkt.de\/wp-content\/uploads\/2018\/03\/jobcenter.jpg 1000w, https:\/\/herzogtum-direkt.de\/wp-content\/uploads\/2018\/03\/jobcenter-300x160.jpg 300w, https:\/\/herzogtum-direkt.de\/wp-content\/uploads\/2018\/03\/jobcenter-768x410.jpg 768w, https:\/\/herzogtum-direkt.de\/wp-content\/uploads\/2018\/03\/jobcenter-696x372.jpg 696w, https:\/\/herzogtum-direkt.de\/wp-content\/uploads\/2018\/03\/jobcenter-787x420.jpg 787w\" data-sizes=\"auto\" data-expand=\"700\" \/><\/div><\/a>\n                        <\/div>\n                        <div class=\"jeg_postblock_content\">\n                            <div class=\"jeg_post_category\">\n                                <span>\n                                    <a href=\"https:\/\/herzogtum-direkt.de\/index.php\/category\/herzogtum-lauenburg\/schwarzenbek\/\">Schwarzenbek<\/a>\n                                <\/span>\n                            <\/div>\n                            <h3 class=\"jeg_post_title\">\n                                <a href=\"https:\/\/herzogtum-direkt.de\/index.php\/2026\/04\/21\/jobcenter-schwarzenbek-aufgrund-von-sanierungsarbeiten-geschlossen\/\">Jobcenter Schwarzenbek aufgrund von Sanierungsarbeiten geschlossen<\/a>\n                            <\/h3>\n                            <div class=\"jeg_post_meta\"><div class=\"jeg_meta_author\"><span class=\"by\">von<\/span> <a href=\"https:\/\/herzogtum-direkt.de\/index.php\/author\/pressemitteilung\/\">Pressemitteilung<\/a><\/div><div class=\"jeg_meta_date\"><a href=\"https:\/\/herzogtum-direkt.de\/index.php\/2026\/04\/21\/jobcenter-schwarzenbek-aufgrund-von-sanierungsarbeiten-geschlossen\/\"><i class=\"fa fa-clock-o\"><\/i> April 21, 2026<\/a><\/div><div class=\"jeg_meta_comment\"><a href=\"https:\/\/herzogtum-direkt.de\/index.php\/2026\/04\/21\/jobcenter-schwarzenbek-aufgrund-von-sanierungsarbeiten-geschlossen\/#comments\" ><i class=\"fa fa-comment-o\"><\/i> 0 <\/a><\/div><div class=\"jeg_meta_views\"><a href=\"https:\/\/herzogtum-direkt.de\/index.php\/2026\/04\/21\/jobcenter-schwarzenbek-aufgrund-von-sanierungsarbeiten-geschlossen\/\" ><i class=\"fa fa-eye\"><\/i> 161 <\/a><\/div><\/div>\n                                <div class=\"jeg_post_excerpt\">\n                                    <p>Schwarzenbek (pm). Der Standort des Jobcenters Herzogtum Lauenburg in Schwarzenbek ist f\u00fcr die Zeit von Montag, 4. Mai 2026 bis...<\/p>\n                                    <a href=\"https:\/\/herzogtum-direkt.de\/index.php\/2026\/04\/21\/jobcenter-schwarzenbek-aufgrund-von-sanierungsarbeiten-geschlossen\/\" class=\"jeg_readmore\">Mehr lesen<span class=\"screen-reader-text\">Details<\/span><\/a>\n                                <\/div>\n                        <\/div>\n                    <\/div>\n                <\/article><article class=\"jeg_post jeg_pl_lg_card format-standard\">\n                    <div class=\"jeg_inner_post\">\n                        <div class=\"jeg_thumb\">\n                            \n                            <a href=\"https:\/\/herzogtum-direkt.de\/index.php\/2026\/04\/20\/kontinuitaet-und-frischer-wind-im-vorstand\/\" aria-label=\"Read article: Kontinuit\u00e4t und frischer Wind im Vorstand\"><div class=\"thumbnail-container animate-lazy  size-500 \"><img loading=\"lazy\" decoding=\"async\" width=\"1000\" height=\"570\" src=\"https:\/\/herzogtum-direkt.de\/wp-content\/themes\/jnews\/assets\/img\/jeg-empty.png\" class=\"attachment-jnews-1140x570 size-jnews-1140x570 lazyload wp-post-image\" alt=\"Kontinuit\u00e4t und frischer Wind im Vorstand\" data-full-width=\"1000\" data-full-height=\"750\" data-src=\"https:\/\/herzogtum-direkt.de\/wp-content\/uploads\/2026\/04\/Vorstand-ab-2026-Elektro-1000x570.jpg\" data-srcset=\"\" data-sizes=\"auto\" data-expand=\"700\" \/><\/div><\/a>\n                        <\/div>\n                        <div class=\"jeg_postblock_content\">\n                            <div class=\"jeg_post_category\">\n                                <span>\n                                    <a href=\"https:\/\/herzogtum-direkt.de\/index.php\/category\/wirtschaft\/aus-der-region\/\">Aus der Region<\/a>\n                                <\/span>\n                            <\/div>\n                            <h3 class=\"jeg_post_title\">\n                                <a href=\"https:\/\/herzogtum-direkt.de\/index.php\/2026\/04\/20\/kontinuitaet-und-frischer-wind-im-vorstand\/\">Kontinuit\u00e4t und frischer Wind im Vorstand<\/a>\n                            <\/h3>\n                            <div class=\"jeg_post_meta\"><div class=\"jeg_meta_author\"><span class=\"by\">von<\/span> <a href=\"https:\/\/herzogtum-direkt.de\/index.php\/author\/admin_gesine\/\">Gesine Biller<\/a><\/div><div class=\"jeg_meta_date\"><a href=\"https:\/\/herzogtum-direkt.de\/index.php\/2026\/04\/20\/kontinuitaet-und-frischer-wind-im-vorstand\/\"><i class=\"fa fa-clock-o\"><\/i> April 20, 2026<\/a><\/div><div class=\"jeg_meta_comment\"><a href=\"https:\/\/herzogtum-direkt.de\/index.php\/2026\/04\/20\/kontinuitaet-und-frischer-wind-im-vorstand\/#comments\" ><i class=\"fa fa-comment-o\"><\/i> 0 <\/a><\/div><div class=\"jeg_meta_views\"><a href=\"https:\/\/herzogtum-direkt.de\/index.php\/2026\/04\/20\/kontinuitaet-und-frischer-wind-im-vorstand\/\" ><i class=\"fa fa-eye\"><\/i> 310 <\/a><\/div><\/div>\n                                <div class=\"jeg_post_excerpt\">\n                                    <p>M\u00f6lln (pm\/gb). Im Rahmen der turnusm\u00e4\u00dfigen Mitgliederversammlung der Elektro-Innung Herzogtum Lauenburg fanden in M\u00f6lln die Neuwahlen des Vorstandes statt. Stefan...<\/p>\n                                    <a href=\"https:\/\/herzogtum-direkt.de\/index.php\/2026\/04\/20\/kontinuitaet-und-frischer-wind-im-vorstand\/\" class=\"jeg_readmore\">Mehr lesen<span class=\"screen-reader-text\">Details<\/span><\/a>\n                                <\/div>\n                        <\/div>\n                    <\/div>\n                <\/article><article class=\"jeg_post jeg_pl_lg_card format-standard\">\n                    <div class=\"jeg_inner_post\">\n                        <div class=\"jeg_thumb\">\n                            \n                            <a href=\"https:\/\/herzogtum-direkt.de\/index.php\/2026\/04\/19\/neuer-vorstand-auf-der-innungsversammlung-der-dachdecker-innung-herzogtum-lauenburg-und-stormarn-gewaehlt\/\" aria-label=\"Read article: Neuer Vorstand auf der Innungsversammlung der Dachdecker-Innung Herzogtum Lauenburg und Stormarn gew\u00e4hlt\"><div class=\"thumbnail-container animate-lazy  size-500 \"><img loading=\"lazy\" decoding=\"async\" width=\"1000\" height=\"570\" src=\"https:\/\/herzogtum-direkt.de\/wp-content\/themes\/jnews\/assets\/img\/jeg-empty.png\" class=\"attachment-jnews-1140x570 size-jnews-1140x570 lazyload wp-post-image\" alt=\"Neuer Vorstand auf der Innungsversammlung der Dachdecker-Innung Herzogtum Lauenburg und Stormarn gew\u00e4hlt\" data-full-width=\"1000\" data-full-height=\"750\" data-src=\"https:\/\/herzogtum-direkt.de\/wp-content\/uploads\/2026\/04\/Innung-Vorstand-Dachdecker-2026-hfr-1000x570.jpg\" data-srcset=\"\" data-sizes=\"auto\" data-expand=\"700\" \/><\/div><\/a>\n                        <\/div>\n                        <div class=\"jeg_postblock_content\">\n                            <div class=\"jeg_post_category\">\n                                <span>\n                                    <a href=\"https:\/\/herzogtum-direkt.de\/index.php\/category\/herzogtum-lauenburg\/\">Herzogtum Lauenburg<\/a>\n                                <\/span>\n                            <\/div>\n                            <h3 class=\"jeg_post_title\">\n                                <a href=\"https:\/\/herzogtum-direkt.de\/index.php\/2026\/04\/19\/neuer-vorstand-auf-der-innungsversammlung-der-dachdecker-innung-herzogtum-lauenburg-und-stormarn-gewaehlt\/\">Neuer Vorstand auf der Innungsversammlung der Dachdecker-Innung Herzogtum Lauenburg und Stormarn gew\u00e4hlt<\/a>\n                            <\/h3>\n                            <div class=\"jeg_post_meta\"><div class=\"jeg_meta_author\"><span class=\"by\">von<\/span> <a href=\"https:\/\/herzogtum-direkt.de\/index.php\/author\/admin_gesine\/\">Gesine Biller<\/a><\/div><div class=\"jeg_meta_date\"><a href=\"https:\/\/herzogtum-direkt.de\/index.php\/2026\/04\/19\/neuer-vorstand-auf-der-innungsversammlung-der-dachdecker-innung-herzogtum-lauenburg-und-stormarn-gewaehlt\/\"><i class=\"fa fa-clock-o\"><\/i> April 19, 2026<\/a><\/div><div class=\"jeg_meta_comment\"><a href=\"https:\/\/herzogtum-direkt.de\/index.php\/2026\/04\/19\/neuer-vorstand-auf-der-innungsversammlung-der-dachdecker-innung-herzogtum-lauenburg-und-stormarn-gewaehlt\/#comments\" ><i class=\"fa fa-comment-o\"><\/i> 0 <\/a><\/div><div class=\"jeg_meta_views\"><a href=\"https:\/\/herzogtum-direkt.de\/index.php\/2026\/04\/19\/neuer-vorstand-auf-der-innungsversammlung-der-dachdecker-innung-herzogtum-lauenburg-und-stormarn-gewaehlt\/\" ><i class=\"fa fa-eye\"><\/i> 136 <\/a><\/div><\/div>\n                                <div class=\"jeg_post_excerpt\">\n                                    <p>Herzogtum Lauenburg (pm).\u00a0Auf der diesj\u00e4hrigen Innungsversammlung der Dachdecker-Innung f\u00fcr die Kreise Herzogtum Lauenburg und Stormarn am Dienstag, 14. April 2026...<\/p>\n                                    <a href=\"https:\/\/herzogtum-direkt.de\/index.php\/2026\/04\/19\/neuer-vorstand-auf-der-innungsversammlung-der-dachdecker-innung-herzogtum-lauenburg-und-stormarn-gewaehlt\/\" class=\"jeg_readmore\">Mehr lesen<span class=\"screen-reader-text\">Details<\/span><\/a>\n                                <\/div>\n                        <\/div>\n                    <\/div>\n                <\/article><article class=\"jeg_post jeg_pl_lg_card format-standard\">\n                    <div class=\"jeg_inner_post\">\n                        <div class=\"jeg_thumb\">\n                            \n                            <a href=\"https:\/\/herzogtum-direkt.de\/index.php\/2026\/04\/17\/wirwunder-die-neue-foerderplattform-der-ksk-geht-an-den-start-2\/\" aria-label=\"Read article: WirWunder \u2013 die neue F\u00f6rderplattform der KSK geht an den Start\"><div class=\"thumbnail-container animate-lazy  size-500 \"><img loading=\"lazy\" decoding=\"async\" width=\"1000\" height=\"545\" src=\"https:\/\/herzogtum-direkt.de\/wp-content\/themes\/jnews\/assets\/img\/jeg-empty.png\" class=\"attachment-jnews-1140x570 size-jnews-1140x570 lazyload wp-post-image\" alt=\"WirWunder \u2013 die neue F\u00f6rderplattform der KSK geht an den Start\" sizes=\"(max-width: 1000px) 100vw, 1000px\" data-full-width=\"1000\" data-full-height=\"545\" data-src=\"https:\/\/herzogtum-direkt.de\/wp-content\/uploads\/2026\/04\/WirWunder-1000x545.jpg\" data-srcset=\"https:\/\/herzogtum-direkt.de\/wp-content\/uploads\/2026\/04\/WirWunder.jpg 1000w, https:\/\/herzogtum-direkt.de\/wp-content\/uploads\/2026\/04\/WirWunder-600x327.jpg 600w, https:\/\/herzogtum-direkt.de\/wp-content\/uploads\/2026\/04\/WirWunder-768x419.jpg 768w\" data-sizes=\"auto\" data-expand=\"700\" \/><\/div><\/a>\n                        <\/div>\n                        <div class=\"jeg_postblock_content\">\n                            <div class=\"jeg_post_category\">\n                                <span>\n                                    <a href=\"https:\/\/herzogtum-direkt.de\/index.php\/category\/wirtschaft\/aus-der-region\/\">Aus der Region<\/a>\n                                <\/span>\n                            <\/div>\n                            <h3 class=\"jeg_post_title\">\n                                <a href=\"https:\/\/herzogtum-direkt.de\/index.php\/2026\/04\/17\/wirwunder-die-neue-foerderplattform-der-ksk-geht-an-den-start-2\/\">WirWunder \u2013 die neue F\u00f6rderplattform der KSK geht an den Start<\/a>\n                            <\/h3>\n                            <div class=\"jeg_post_meta\"><div class=\"jeg_meta_author\"><span class=\"by\">von<\/span> <a href=\"https:\/\/herzogtum-direkt.de\/index.php\/author\/pressemitteilung\/\">Pressemitteilung<\/a><\/div><div class=\"jeg_meta_date\"><a href=\"https:\/\/herzogtum-direkt.de\/index.php\/2026\/04\/17\/wirwunder-die-neue-foerderplattform-der-ksk-geht-an-den-start-2\/\"><i class=\"fa fa-clock-o\"><\/i> April 17, 2026<\/a><\/div><div class=\"jeg_meta_comment\"><a href=\"https:\/\/herzogtum-direkt.de\/index.php\/2026\/04\/17\/wirwunder-die-neue-foerderplattform-der-ksk-geht-an-den-start-2\/#comments\" ><i class=\"fa fa-comment-o\"><\/i> 0 <\/a><\/div><div class=\"jeg_meta_views\"><a href=\"https:\/\/herzogtum-direkt.de\/index.php\/2026\/04\/17\/wirwunder-die-neue-foerderplattform-der-ksk-geht-an-den-start-2\/\" ><i class=\"fa fa-eye\"><\/i> 86 <\/a><\/div><\/div>\n                                <div class=\"jeg_post_excerpt\">\n                                    <p>Herzogtum Lauenburg (pm). Ab sofort k\u00f6nnen gemeinn\u00fctzige Vereine und Organisationen im Kreis Herzogtum Lauenburg unter www.wirwunder.de\/ksk-ratzeburg noch einfacher Spenden sammeln...<\/p>\n                                    <a href=\"https:\/\/herzogtum-direkt.de\/index.php\/2026\/04\/17\/wirwunder-die-neue-foerderplattform-der-ksk-geht-an-den-start-2\/\" class=\"jeg_readmore\">Mehr lesen<span class=\"screen-reader-text\">Details<\/span><\/a>\n                                <\/div>\n                        <\/div>\n                    <\/div>\n                <\/article><article class=\"jeg_post jeg_pl_lg_card format-standard\">\n                    <div class=\"jeg_inner_post\">\n                        <div class=\"jeg_thumb\">\n                            \n                            <a href=\"https:\/\/herzogtum-direkt.de\/index.php\/2026\/04\/16\/wirwunder-die-neue-foerderplattform-der-ksk-geht-an-den-start\/\" aria-label=\"Read article: WirWunder \u2013 die neue F\u00f6rderplattform der KSK geht an den Start\"><div class=\"thumbnail-container animate-lazy  size-500 \"><img loading=\"lazy\" decoding=\"async\" width=\"1000\" height=\"570\" src=\"https:\/\/herzogtum-direkt.de\/wp-content\/themes\/jnews\/assets\/img\/jeg-empty.png\" class=\"attachment-jnews-1140x570 size-jnews-1140x570 lazyload wp-post-image\" alt=\"Spontane Segnungen zum Christopher-Street-Day\" data-full-width=\"1000\" data-full-height=\"666\" data-src=\"https:\/\/herzogtum-direkt.de\/wp-content\/uploads\/2022\/08\/Liebe-Herzen-CSD-Miteinander-hands-g0fd6113cf_1280-1000x570.jpg\" data-srcset=\"\" data-sizes=\"auto\" data-expand=\"700\" \/><\/div><\/a>\n                        <\/div>\n                        <div class=\"jeg_postblock_content\">\n                            <div class=\"jeg_post_category\">\n                                <span>\n                                    <a href=\"https:\/\/herzogtum-direkt.de\/index.php\/category\/herzogtum-lauenburg\/\">Herzogtum Lauenburg<\/a>\n                                <\/span>\n                            <\/div>\n                            <h3 class=\"jeg_post_title\">\n                                <a href=\"https:\/\/herzogtum-direkt.de\/index.php\/2026\/04\/16\/wirwunder-die-neue-foerderplattform-der-ksk-geht-an-den-start\/\">WirWunder \u2013 die neue F\u00f6rderplattform der KSK geht an den Start<\/a>\n                            <\/h3>\n                            <div class=\"jeg_post_meta\"><div class=\"jeg_meta_author\"><span class=\"by\">von<\/span> <a href=\"https:\/\/herzogtum-direkt.de\/index.php\/author\/pressemitteilung\/\">Pressemitteilung<\/a><\/div><div class=\"jeg_meta_date\"><a href=\"https:\/\/herzogtum-direkt.de\/index.php\/2026\/04\/16\/wirwunder-die-neue-foerderplattform-der-ksk-geht-an-den-start\/\"><i class=\"fa fa-clock-o\"><\/i> April 16, 2026<\/a><\/div><div class=\"jeg_meta_comment\"><a href=\"https:\/\/herzogtum-direkt.de\/index.php\/2026\/04\/16\/wirwunder-die-neue-foerderplattform-der-ksk-geht-an-den-start\/#comments\" ><i class=\"fa fa-comment-o\"><\/i> 0 <\/a><\/div><div class=\"jeg_meta_views\"><a href=\"https:\/\/herzogtum-direkt.de\/index.php\/2026\/04\/16\/wirwunder-die-neue-foerderplattform-der-ksk-geht-an-den-start\/\" ><i class=\"fa fa-eye\"><\/i> 27 <\/a><\/div><\/div>\n                                <div class=\"jeg_post_excerpt\">\n                                    <p>M\u00f6lln (pm). Ab sofort k\u00f6nnen gemeinn\u00fctzige Vereine und Organisationen im Kreis Herzogtum Lauenburg unter\u00a0www.wirwunder.de\/ksk-ratzeburg noch einfacher Spenden sammeln und Projekte...<\/p>\n                                    <a href=\"https:\/\/herzogtum-direkt.de\/index.php\/2026\/04\/16\/wirwunder-die-neue-foerderplattform-der-ksk-geht-an-den-start\/\" class=\"jeg_readmore\">Mehr lesen<span class=\"screen-reader-text\">Details<\/span><\/a>\n                                <\/div>\n                        <\/div>\n                    <\/div>\n                <\/article><article class=\"jeg_post jeg_pl_lg_card format-standard\">\n                    <div class=\"jeg_inner_post\">\n                        <div class=\"jeg_thumb\">\n                            \n                            <a href=\"https:\/\/herzogtum-direkt.de\/index.php\/2026\/04\/13\/arbeitszeitbetrug-im-homeoffice-schon-wenige-minuten-koennen-zur-kuendigung-fuehren\/\" aria-label=\"Read article: Arbeitszeitbetrug im Homeoffice: Schon wenige Minuten k\u00f6nnen zur K\u00fcndigung f\u00fchren\"><div class=\"thumbnail-container animate-lazy  size-500 \"><img loading=\"lazy\" decoding=\"async\" width=\"1140\" height=\"570\" src=\"https:\/\/herzogtum-direkt.de\/wp-content\/themes\/jnews\/assets\/img\/jeg-empty.png\" class=\"attachment-jnews-1140x570 size-jnews-1140x570 lazyload wp-post-image\" alt=\"Arbeitsunfall im Homeoffice\" sizes=\"(max-width: 1140px) 100vw, 1140px\" data-full-width=\"1280\" data-full-height=\"853\" data-src=\"https:\/\/herzogtum-direkt.de\/wp-content\/uploads\/2023\/07\/Homeoffice-Laptop-Internet-Pixabay-1140x570.jpg\" data-srcset=\"https:\/\/herzogtum-direkt.de\/wp-content\/uploads\/2023\/07\/Homeoffice-Laptop-Internet-Pixabay-1140x570.jpg 1140w, https:\/\/herzogtum-direkt.de\/wp-content\/uploads\/2023\/07\/Homeoffice-Laptop-Internet-Pixabay-360x180.jpg 360w, https:\/\/herzogtum-direkt.de\/wp-content\/uploads\/2023\/07\/Homeoffice-Laptop-Internet-Pixabay-750x375.jpg 750w\" data-sizes=\"auto\" data-expand=\"700\" \/><\/div><\/a>\n                        <\/div>\n                        <div class=\"jeg_postblock_content\">\n                            <div class=\"jeg_post_category\">\n                                <span>\n                                    <a href=\"https:\/\/herzogtum-direkt.de\/index.php\/category\/herzogtum-lauenburg\/\">Herzogtum Lauenburg<\/a>\n                                <\/span>\n                            <\/div>\n                            <h3 class=\"jeg_post_title\">\n                                <a href=\"https:\/\/herzogtum-direkt.de\/index.php\/2026\/04\/13\/arbeitszeitbetrug-im-homeoffice-schon-wenige-minuten-koennen-zur-kuendigung-fuehren\/\">Arbeitszeitbetrug im Homeoffice: Schon wenige Minuten k\u00f6nnen zur K\u00fcndigung f\u00fchren<\/a>\n                            <\/h3>\n                            <div class=\"jeg_post_meta\"><div class=\"jeg_meta_author\"><span class=\"by\">von<\/span> <a href=\"https:\/\/herzogtum-direkt.de\/index.php\/author\/admin_gesine\/\">Gesine Biller<\/a><\/div><div class=\"jeg_meta_date\"><a href=\"https:\/\/herzogtum-direkt.de\/index.php\/2026\/04\/13\/arbeitszeitbetrug-im-homeoffice-schon-wenige-minuten-koennen-zur-kuendigung-fuehren\/\"><i class=\"fa fa-clock-o\"><\/i> April 13, 2026<\/a><\/div><div class=\"jeg_meta_comment\"><a href=\"https:\/\/herzogtum-direkt.de\/index.php\/2026\/04\/13\/arbeitszeitbetrug-im-homeoffice-schon-wenige-minuten-koennen-zur-kuendigung-fuehren\/#comments\" ><i class=\"fa fa-comment-o\"><\/i> 0 <\/a><\/div><div class=\"jeg_meta_views\"><a href=\"https:\/\/herzogtum-direkt.de\/index.php\/2026\/04\/13\/arbeitszeitbetrug-im-homeoffice-schon-wenige-minuten-koennen-zur-kuendigung-fuehren\/\" ><i class=\"fa fa-eye\"><\/i> 64 <\/a><\/div><\/div>\n                                <div class=\"jeg_post_excerpt\">\n                                    <p>Herzogtum Lauenburg (pm).\u00a0Nur kurz privat telefonieren, Essen kochen oder einkaufen \u2013 wer diese Dinge bewusst w\u00e4hrend der Arbeitszeit und ohne...<\/p>\n                                    <a href=\"https:\/\/herzogtum-direkt.de\/index.php\/2026\/04\/13\/arbeitszeitbetrug-im-homeoffice-schon-wenige-minuten-koennen-zur-kuendigung-fuehren\/\" class=\"jeg_readmore\">Mehr lesen<span class=\"screen-reader-text\">Details<\/span><\/a>\n                                <\/div>\n                        <\/div>\n                    <\/div>\n                <\/article><article class=\"jeg_post jeg_pl_lg_card format-standard\">\n                    <div class=\"jeg_inner_post\">\n                        <div class=\"jeg_thumb\">\n                            \n                            <a href=\"https:\/\/herzogtum-direkt.de\/index.php\/2026\/04\/13\/der-energiekrise-wirksam-begegnen-worauf-es-nun-ankommt\/\" aria-label=\"Read article: Der Energiekrise wirksam begegnen \u2014 worauf es nun ankommt\"><div class=\"thumbnail-container animate-lazy  size-500 \"><img loading=\"lazy\" decoding=\"async\" width=\"1000\" height=\"570\" src=\"https:\/\/herzogtum-direkt.de\/wp-content\/themes\/jnews\/assets\/img\/jeg-empty.png\" class=\"attachment-jnews-1140x570 size-jnews-1140x570 lazyload wp-post-image\" alt=\"Energiewende nicht durch pauschalen Denkmalschutz blockieren\" data-full-width=\"1000\" data-full-height=\"665\" data-src=\"https:\/\/herzogtum-direkt.de\/wp-content\/uploads\/2023\/05\/Energie-Erneuerbare-Energie-Klima-Pixabay-1000x570.jpg\" data-srcset=\"\" data-sizes=\"auto\" data-expand=\"700\" \/><\/div><\/a>\n                        <\/div>\n                        <div class=\"jeg_postblock_content\">\n                            <div class=\"jeg_post_category\">\n                                <span>\n                                    <a href=\"https:\/\/herzogtum-direkt.de\/index.php\/category\/weltweit\/deutschland\/\">Deutschland<\/a>\n                                <\/span>\n                            <\/div>\n                            <h3 class=\"jeg_post_title\">\n                                <a href=\"https:\/\/herzogtum-direkt.de\/index.php\/2026\/04\/13\/der-energiekrise-wirksam-begegnen-worauf-es-nun-ankommt\/\">Der Energiekrise wirksam begegnen \u2014 worauf es nun ankommt<\/a>\n                            <\/h3>\n                            <div class=\"jeg_post_meta\"><div class=\"jeg_meta_author\"><span class=\"by\">von<\/span> <a href=\"https:\/\/herzogtum-direkt.de\/index.php\/author\/admin_gesine\/\">Gesine Biller<\/a><\/div><div class=\"jeg_meta_date\"><a href=\"https:\/\/herzogtum-direkt.de\/index.php\/2026\/04\/13\/der-energiekrise-wirksam-begegnen-worauf-es-nun-ankommt\/\"><i class=\"fa fa-clock-o\"><\/i> April 13, 2026<\/a><\/div><div class=\"jeg_meta_comment\"><a href=\"https:\/\/herzogtum-direkt.de\/index.php\/2026\/04\/13\/der-energiekrise-wirksam-begegnen-worauf-es-nun-ankommt\/#comments\" ><i class=\"fa fa-comment-o\"><\/i> 0 <\/a><\/div><div class=\"jeg_meta_views\"><a href=\"https:\/\/herzogtum-direkt.de\/index.php\/2026\/04\/13\/der-energiekrise-wirksam-begegnen-worauf-es-nun-ankommt\/\" ><i class=\"fa fa-eye\"><\/i> 51 <\/a><\/div><\/div>\n                                <div class=\"jeg_post_excerpt\">\n                                    <p>Herzogtum Lauenburg (pm). Dr. Nina Scheer l\u00e4sst die Leserinnen und Leser von Herzogtum direkt an ihrer Einsch\u00e4tzung zur Energiekrise teilhaben....<\/p>\n                                    <a href=\"https:\/\/herzogtum-direkt.de\/index.php\/2026\/04\/13\/der-energiekrise-wirksam-begegnen-worauf-es-nun-ankommt\/\" class=\"jeg_readmore\">Mehr lesen<span class=\"screen-reader-text\">Details<\/span><\/a>\n                                <\/div>\n                        <\/div>\n                    <\/div>\n                <\/article><article class=\"jeg_post jeg_pl_lg_card format-standard\">\n                    <div class=\"jeg_inner_post\">\n                        <div class=\"jeg_thumb\">\n                            \n                            <a href=\"https:\/\/herzogtum-direkt.de\/index.php\/2026\/04\/12\/deutscher-arbeitsschutzpreis-2027-unternehmen-und-einzelpersonen-aus-schleswig-holstein-koennen-sich-ab-sofort-bewerben\/\" aria-label=\"Read article: Deutscher Arbeitsschutzpreis 2027: Unternehmen und Einzelpersonen aus Schleswig-Holstein k\u00f6nnen sich ab sofort bewerben\"><div class=\"thumbnail-container animate-lazy  size-500 \"><img loading=\"lazy\" decoding=\"async\" width=\"1000\" height=\"570\" src=\"https:\/\/herzogtum-direkt.de\/wp-content\/themes\/jnews\/assets\/img\/jeg-empty.png\" class=\"attachment-jnews-1140x570 size-jnews-1140x570 lazyload wp-post-image\" alt=\"Deutscher Arbeitsschutzpreis 2027: Unternehmen und Einzelpersonen aus Schleswig-Holstein k\u00f6nnen sich ab sofort bewerben\" data-full-width=\"1000\" data-full-height=\"658\" data-src=\"https:\/\/herzogtum-direkt.de\/wp-content\/uploads\/2026\/04\/Sicherheit-Helm-Arbeit-Bau-Pixabay-1000x570.jpg\" data-srcset=\"\" data-sizes=\"auto\" data-expand=\"700\" \/><\/div><\/a>\n                        <\/div>\n                        <div class=\"jeg_postblock_content\">\n                            <div class=\"jeg_post_category\">\n                                <span>\n                                    <a href=\"https:\/\/herzogtum-direkt.de\/index.php\/category\/wirtschaft\/aus-der-region\/\">Aus der Region<\/a>\n                                <\/span>\n                            <\/div>\n                            <h3 class=\"jeg_post_title\">\n                                <a href=\"https:\/\/herzogtum-direkt.de\/index.php\/2026\/04\/12\/deutscher-arbeitsschutzpreis-2027-unternehmen-und-einzelpersonen-aus-schleswig-holstein-koennen-sich-ab-sofort-bewerben\/\">Deutscher Arbeitsschutzpreis 2027: Unternehmen und Einzelpersonen aus Schleswig-Holstein k\u00f6nnen sich ab sofort bewerben<\/a>\n                            <\/h3>\n                            <div class=\"jeg_post_meta\"><div class=\"jeg_meta_author\"><span class=\"by\">von<\/span> <a href=\"https:\/\/herzogtum-direkt.de\/index.php\/author\/pressemitteilung\/\">Pressemitteilung<\/a><\/div><div class=\"jeg_meta_date\"><a href=\"https:\/\/herzogtum-direkt.de\/index.php\/2026\/04\/12\/deutscher-arbeitsschutzpreis-2027-unternehmen-und-einzelpersonen-aus-schleswig-holstein-koennen-sich-ab-sofort-bewerben\/\"><i class=\"fa fa-clock-o\"><\/i> April 12, 2026<\/a><\/div><div class=\"jeg_meta_comment\"><a href=\"https:\/\/herzogtum-direkt.de\/index.php\/2026\/04\/12\/deutscher-arbeitsschutzpreis-2027-unternehmen-und-einzelpersonen-aus-schleswig-holstein-koennen-sich-ab-sofort-bewerben\/#comments\" ><i class=\"fa fa-comment-o\"><\/i> 0 <\/a><\/div><div class=\"jeg_meta_views\"><a href=\"https:\/\/herzogtum-direkt.de\/index.php\/2026\/04\/12\/deutscher-arbeitsschutzpreis-2027-unternehmen-und-einzelpersonen-aus-schleswig-holstein-koennen-sich-ab-sofort-bewerben\/\" ><i class=\"fa fa-eye\"><\/i> 33 <\/a><\/div><\/div>\n                                <div class=\"jeg_post_excerpt\">\n                                    <p>Kiel (pm). Der Bewerbungscountdown f\u00fcr den Deutschen Arbeitsschutzpreis 2027 l\u00e4uft: Seit dem 1. April 2026 k\u00f6nnen sich Unternehmen aller Gr\u00f6\u00dfen...<\/p>\n                                    <a href=\"https:\/\/herzogtum-direkt.de\/index.php\/2026\/04\/12\/deutscher-arbeitsschutzpreis-2027-unternehmen-und-einzelpersonen-aus-schleswig-holstein-koennen-sich-ab-sofort-bewerben\/\" class=\"jeg_readmore\">Mehr lesen<span class=\"screen-reader-text\">Details<\/span><\/a>\n                                <\/div>\n                        <\/div>\n                    <\/div>\n                <\/article><article class=\"jeg_post jeg_pl_lg_card format-standard\">\n                    <div class=\"jeg_inner_post\">\n                        <div class=\"jeg_thumb\">\n                            \n                            <a href=\"https:\/\/herzogtum-direkt.de\/index.php\/2026\/04\/11\/mehr-heimisches-saatgut-fuer-schleswig-holstein-erste-samenplantage-fuer-gebietseigene-straeucher-eroeffnet\/\" aria-label=\"Read article: Mehr heimisches Saatgut f\u00fcr Schleswig-Holstein: Erste Samenplantage f\u00fcr gebietseigene Str\u00e4ucher er\u00f6ffnet\"><div class=\"thumbnail-container animate-lazy  size-500 \"><img loading=\"lazy\" decoding=\"async\" width=\"1000\" height=\"570\" src=\"https:\/\/herzogtum-direkt.de\/wp-content\/themes\/jnews\/assets\/img\/jeg-empty.png\" class=\"attachment-jnews-1140x570 size-jnews-1140x570 lazyload wp-post-image\" alt=\"Mehr heimisches Saatgut f\u00fcr Schleswig-Holstein: Erste Samenplantage f\u00fcr gebietseigene Str\u00e4ucher er\u00f6ffnet\" data-full-width=\"1000\" data-full-height=\"667\" data-src=\"https:\/\/herzogtum-direkt.de\/wp-content\/uploads\/2026\/04\/MLLEV_Pressetermin-Samenplantage-HFR-1000x570.jpg\" data-srcset=\"\" data-sizes=\"auto\" data-expand=\"700\" \/><\/div><\/a>\n                        <\/div>\n                        <div class=\"jeg_postblock_content\">\n                            <div class=\"jeg_post_category\">\n                                <span>\n                                    <a href=\"https:\/\/herzogtum-direkt.de\/index.php\/category\/wirtschaft\/aus-der-region\/\">Aus der Region<\/a>\n                                <\/span>\n                            <\/div>\n                            <h3 class=\"jeg_post_title\">\n                                <a href=\"https:\/\/herzogtum-direkt.de\/index.php\/2026\/04\/11\/mehr-heimisches-saatgut-fuer-schleswig-holstein-erste-samenplantage-fuer-gebietseigene-straeucher-eroeffnet\/\">Mehr heimisches Saatgut f\u00fcr Schleswig-Holstein: Erste Samenplantage f\u00fcr gebietseigene Str\u00e4ucher er\u00f6ffnet<\/a>\n                            <\/h3>\n                            <div class=\"jeg_post_meta\"><div class=\"jeg_meta_author\"><span class=\"by\">von<\/span> <a href=\"https:\/\/herzogtum-direkt.de\/index.php\/author\/pressemitteilung\/\">Pressemitteilung<\/a><\/div><div class=\"jeg_meta_date\"><a href=\"https:\/\/herzogtum-direkt.de\/index.php\/2026\/04\/11\/mehr-heimisches-saatgut-fuer-schleswig-holstein-erste-samenplantage-fuer-gebietseigene-straeucher-eroeffnet\/\"><i class=\"fa fa-clock-o\"><\/i> April 11, 2026<\/a><\/div><div class=\"jeg_meta_comment\"><a href=\"https:\/\/herzogtum-direkt.de\/index.php\/2026\/04\/11\/mehr-heimisches-saatgut-fuer-schleswig-holstein-erste-samenplantage-fuer-gebietseigene-straeucher-eroeffnet\/#comments\" ><i class=\"fa fa-comment-o\"><\/i> 0 <\/a><\/div><div class=\"jeg_meta_views\"><a href=\"https:\/\/herzogtum-direkt.de\/index.php\/2026\/04\/11\/mehr-heimisches-saatgut-fuer-schleswig-holstein-erste-samenplantage-fuer-gebietseigene-straeucher-eroeffnet\/\" ><i class=\"fa fa-eye\"><\/i> 96 <\/a><\/div><\/div>\n                                <div class=\"jeg_post_excerpt\">\n                                    <p>Schleswig-Holstein (pm).\u00a0 Schleswig-Holstein st\u00e4rkt die Versorgung mit heimischem Saatgut f\u00fcr Baumschulen, den Waldumbau, Ausgleichsfl\u00e4chen und Renaturierungsprojekte. Heute er\u00f6ffnete Forstministerin Cornelia...<\/p>\n                                    <a href=\"https:\/\/herzogtum-direkt.de\/index.php\/2026\/04\/11\/mehr-heimisches-saatgut-fuer-schleswig-holstein-erste-samenplantage-fuer-gebietseigene-straeucher-eroeffnet\/\" class=\"jeg_readmore\">Mehr lesen<span class=\"screen-reader-text\">Details<\/span><\/a>\n                                <\/div>\n                        <\/div>\n                    <\/div>\n                <\/article><article class=\"jeg_post jeg_pl_lg_card format-standard\">\n                    <div class=\"jeg_inner_post\">\n                        <div class=\"jeg_thumb\">\n                            \n                            <a href=\"https:\/\/herzogtum-direkt.de\/index.php\/2026\/04\/11\/recht-im-blick-pastiche-und-sampling-klare-regeln-fuer-die-musik-freiheit\/\" aria-label=\"Read article: Recht im Blick: Pastiche und Sampling: Klare Regeln f\u00fcr die Musik-Freiheit\"><div class=\"thumbnail-container animate-lazy  size-500 \"><img loading=\"lazy\" decoding=\"async\" width=\"1000\" height=\"570\" src=\"https:\/\/herzogtum-direkt.de\/wp-content\/themes\/jnews\/assets\/img\/jeg-empty.png\" class=\"attachment-jnews-1140x570 size-jnews-1140x570 lazyload wp-post-image\" alt=\"Recht im Blick: Pastiche und Sampling: Klare Regeln f\u00fcr die Musik-Freiheit\" data-full-width=\"1000\" data-full-height=\"587\" data-src=\"https:\/\/herzogtum-direkt.de\/wp-content\/uploads\/2026\/02\/Musik-Studio-1000x570.jpg\" data-srcset=\"\" data-sizes=\"auto\" data-expand=\"700\" \/><\/div><\/a>\n                        <\/div>\n                        <div class=\"jeg_postblock_content\">\n                            <div class=\"jeg_post_category\">\n                                <span>\n                                    <a href=\"https:\/\/herzogtum-direkt.de\/index.php\/category\/wirtschaft\/aus-der-region\/\">Aus der Region<\/a>\n                                <\/span>\n                            <\/div>\n                            <h3 class=\"jeg_post_title\">\n                                <a href=\"https:\/\/herzogtum-direkt.de\/index.php\/2026\/04\/11\/recht-im-blick-pastiche-und-sampling-klare-regeln-fuer-die-musik-freiheit\/\">Recht im Blick: Pastiche und Sampling: Klare Regeln f\u00fcr die Musik-Freiheit<\/a>\n                            <\/h3>\n                            <div class=\"jeg_post_meta\"><div class=\"jeg_meta_author\"><span class=\"by\">von<\/span> <a href=\"https:\/\/herzogtum-direkt.de\/index.php\/author\/wolf-bartsch\/\">Wolf-Dietrich Bartsch<\/a><\/div><div class=\"jeg_meta_date\"><a href=\"https:\/\/herzogtum-direkt.de\/index.php\/2026\/04\/11\/recht-im-blick-pastiche-und-sampling-klare-regeln-fuer-die-musik-freiheit\/\"><i class=\"fa fa-clock-o\"><\/i> April 11, 2026<\/a><\/div><div class=\"jeg_meta_comment\"><a href=\"https:\/\/herzogtum-direkt.de\/index.php\/2026\/04\/11\/recht-im-blick-pastiche-und-sampling-klare-regeln-fuer-die-musik-freiheit\/#comments\" ><i class=\"fa fa-comment-o\"><\/i> 0 <\/a><\/div><div class=\"jeg_meta_views\"><a href=\"https:\/\/herzogtum-direkt.de\/index.php\/2026\/04\/11\/recht-im-blick-pastiche-und-sampling-klare-regeln-fuer-die-musik-freiheit\/\" ><i class=\"fa fa-eye\"><\/i> 42 <\/a><\/div><\/div>\n                                <div class=\"jeg_post_excerpt\">\n                                    <p>Von Wolf-Dietrich Bartsch Kann Sampling als ein \u201ePastiche\u201c erlaubt sein? Seit fast 30 Jahren streiten die Gruppe \u201eKraftwerk\u201c und der...<\/p>\n                                    <a href=\"https:\/\/herzogtum-direkt.de\/index.php\/2026\/04\/11\/recht-im-blick-pastiche-und-sampling-klare-regeln-fuer-die-musik-freiheit\/\" class=\"jeg_readmore\">Mehr lesen<span class=\"screen-reader-text\">Details<\/span><\/a>\n                                <\/div>\n                        <\/div>\n                    <\/div>\n                <\/article><article class=\"jeg_post jeg_pl_lg_card format-standard\">\n                    <div class=\"jeg_inner_post\">\n                        <div class=\"jeg_thumb\">\n                            \n                            <a href=\"https:\/\/herzogtum-direkt.de\/index.php\/2026\/04\/07\/noch-bis-ende-mai-kreuze-machen-ig-bau-hamburg-startet-appell-zu-betriebsratswahlen\/\" aria-label=\"Read article: \u201aNoch bis Ende Mai Kreuze machen\u2018 \u2013 IG BAU Hamburg startet Appell zu Betriebsratswahlen\"><div class=\"thumbnail-container animate-lazy  size-500 \"><img loading=\"lazy\" decoding=\"async\" width=\"1000\" height=\"570\" src=\"https:\/\/herzogtum-direkt.de\/wp-content\/themes\/jnews\/assets\/img\/jeg-empty.png\" class=\"attachment-jnews-1140x570 size-jnews-1140x570 lazyload wp-post-image\" alt=\"Minutenprotokoll: CDU bleibt st\u00e4rkste Kraft im Kreis\" data-full-width=\"1000\" data-full-height=\"666\" data-src=\"https:\/\/herzogtum-direkt.de\/wp-content\/uploads\/2023\/05\/Wahl02-1000x570.jpg\" data-srcset=\"\" data-sizes=\"auto\" data-expand=\"700\" \/><\/div><\/a>\n                        <\/div>\n                        <div class=\"jeg_postblock_content\">\n                            <div class=\"jeg_post_category\">\n                                <span>\n                                    <a href=\"https:\/\/herzogtum-direkt.de\/index.php\/category\/herzogtum-lauenburg\/\">Herzogtum Lauenburg<\/a>\n                                <\/span>\n                            <\/div>\n                            <h3 class=\"jeg_post_title\">\n                                <a href=\"https:\/\/herzogtum-direkt.de\/index.php\/2026\/04\/07\/noch-bis-ende-mai-kreuze-machen-ig-bau-hamburg-startet-appell-zu-betriebsratswahlen\/\">\u201aNoch bis Ende Mai Kreuze machen\u2018 \u2013 IG BAU Hamburg startet Appell zu Betriebsratswahlen<\/a>\n                            <\/h3>\n                            <div class=\"jeg_post_meta\"><div class=\"jeg_meta_author\"><span class=\"by\">von<\/span> <a href=\"https:\/\/herzogtum-direkt.de\/index.php\/author\/pressemitteilung\/\">Pressemitteilung<\/a><\/div><div class=\"jeg_meta_date\"><a href=\"https:\/\/herzogtum-direkt.de\/index.php\/2026\/04\/07\/noch-bis-ende-mai-kreuze-machen-ig-bau-hamburg-startet-appell-zu-betriebsratswahlen\/\"><i class=\"fa fa-clock-o\"><\/i> April 7, 2026<\/a><\/div><div class=\"jeg_meta_comment\"><a href=\"https:\/\/herzogtum-direkt.de\/index.php\/2026\/04\/07\/noch-bis-ende-mai-kreuze-machen-ig-bau-hamburg-startet-appell-zu-betriebsratswahlen\/#comments\" ><i class=\"fa fa-comment-o\"><\/i> 0 <\/a><\/div><div class=\"jeg_meta_views\"><a href=\"https:\/\/herzogtum-direkt.de\/index.php\/2026\/04\/07\/noch-bis-ende-mai-kreuze-machen-ig-bau-hamburg-startet-appell-zu-betriebsratswahlen\/\" ><i class=\"fa fa-eye\"><\/i> 18 <\/a><\/div><\/div>\n                                <div class=\"jeg_post_excerpt\">\n                                    <p>Herzogtum Lauenburg (pm). Stift, Zettel, Kreuz \u2013 wirklich kompliziert ist es nicht, im Betrieb ein W\u00f6rtchen mitzureden: Noch bis Ende...<\/p>\n                                    <a href=\"https:\/\/herzogtum-direkt.de\/index.php\/2026\/04\/07\/noch-bis-ende-mai-kreuze-machen-ig-bau-hamburg-startet-appell-zu-betriebsratswahlen\/\" class=\"jeg_readmore\">Mehr lesen<span class=\"screen-reader-text\">Details<\/span><\/a>\n                                <\/div>\n                        <\/div>\n                    <\/div>\n                <\/article><article class=\"jeg_post jeg_pl_lg_card format-standard\">\n                    <div class=\"jeg_inner_post\">\n                        <div class=\"jeg_thumb\">\n                            \n                            <a href=\"https:\/\/herzogtum-direkt.de\/index.php\/2026\/04\/06\/rekord-durch-erneuerbare-energien-in-2025-2\/\" aria-label=\"Read article: Rekord durch Erneuerbare Energien in 2025\"><div class=\"thumbnail-container animate-lazy  size-500 \"><img loading=\"lazy\" decoding=\"async\" width=\"960\" height=\"540\" src=\"https:\/\/herzogtum-direkt.de\/wp-content\/themes\/jnews\/assets\/img\/jeg-empty.png\" class=\"attachment-jnews-1140x570 size-jnews-1140x570 lazyload wp-post-image\" alt=\"Rekord durch Erneuerbare Energien in 2025\" sizes=\"(max-width: 960px) 100vw, 960px\" data-full-width=\"960\" data-full-height=\"540\" data-src=\"https:\/\/herzogtum-direkt.de\/wp-content\/uploads\/2026\/04\/Solar-Windnergie-960x540.jpg\" data-srcset=\"https:\/\/herzogtum-direkt.de\/wp-content\/uploads\/2026\/04\/Solar-Windnergie.jpg 960w, https:\/\/herzogtum-direkt.de\/wp-content\/uploads\/2026\/04\/Solar-Windnergie-600x338.jpg 600w, https:\/\/herzogtum-direkt.de\/wp-content\/uploads\/2026\/04\/Solar-Windnergie-768x432.jpg 768w\" data-sizes=\"auto\" data-expand=\"700\" \/><\/div><\/a>\n                        <\/div>\n                        <div class=\"jeg_postblock_content\">\n                            <div class=\"jeg_post_category\">\n                                <span>\n                                    <a href=\"https:\/\/herzogtum-direkt.de\/index.php\/category\/wirtschaft\/aus-der-region\/\">Aus der Region<\/a>\n                                <\/span>\n                            <\/div>\n                            <h3 class=\"jeg_post_title\">\n                                <a href=\"https:\/\/herzogtum-direkt.de\/index.php\/2026\/04\/06\/rekord-durch-erneuerbare-energien-in-2025-2\/\">Rekord durch Erneuerbare Energien in 2025<\/a>\n                            <\/h3>\n                            <div class=\"jeg_post_meta\"><div class=\"jeg_meta_author\"><span class=\"by\">von<\/span> <a href=\"https:\/\/herzogtum-direkt.de\/index.php\/author\/pressemitteilung\/\">Pressemitteilung<\/a><\/div><div class=\"jeg_meta_date\"><a href=\"https:\/\/herzogtum-direkt.de\/index.php\/2026\/04\/06\/rekord-durch-erneuerbare-energien-in-2025-2\/\"><i class=\"fa fa-clock-o\"><\/i> April 6, 2026<\/a><\/div><div class=\"jeg_meta_comment\"><a href=\"https:\/\/herzogtum-direkt.de\/index.php\/2026\/04\/06\/rekord-durch-erneuerbare-energien-in-2025-2\/#comments\" ><i class=\"fa fa-comment-o\"><\/i> 0 <\/a><\/div><div class=\"jeg_meta_views\"><a href=\"https:\/\/herzogtum-direkt.de\/index.php\/2026\/04\/06\/rekord-durch-erneuerbare-energien-in-2025-2\/\" ><i class=\"fa fa-eye\"><\/i> 77 <\/a><\/div><\/div>\n                                <div class=\"jeg_post_excerpt\">\n                                    <p>Herzogtum Lauenburg (pm). Strom\u00fcberschuss f\u00fcr fast 3,6 Millionen Haushalte. Bilanzielle Selbstversorgung* liegt in Schleswig-Holstein bei 223 Prozent. Zu 76 Prozent...<\/p>\n                                    <a href=\"https:\/\/herzogtum-direkt.de\/index.php\/2026\/04\/06\/rekord-durch-erneuerbare-energien-in-2025-2\/\" class=\"jeg_readmore\">Mehr lesen<span class=\"screen-reader-text\">Details<\/span><\/a>\n                                <\/div>\n                        <\/div>\n                    <\/div>\n                <\/article><article class=\"jeg_post jeg_pl_lg_card format-standard\">\n                    <div class=\"jeg_inner_post\">\n                        <div class=\"jeg_thumb\">\n                            \n                            <a href=\"https:\/\/herzogtum-direkt.de\/index.php\/2026\/04\/05\/bewerbungscheck-fuer-frauen-2\/\" aria-label=\"Read article: Bewerbungscheck f\u00fcr Frauen\"><div class=\"thumbnail-container animate-lazy  size-500 \"><img loading=\"lazy\" decoding=\"async\" width=\"1000\" height=\"570\" src=\"https:\/\/herzogtum-direkt.de\/wp-content\/themes\/jnews\/assets\/img\/jeg-empty.png\" class=\"attachment-jnews-1140x570 size-jnews-1140x570 lazyload wp-post-image\" alt=\"Zeit f\u00fcr eine berufliche Ver\u00e4nderung?\" data-full-width=\"1000\" data-full-height=\"799\" data-src=\"https:\/\/herzogtum-direkt.de\/wp-content\/uploads\/2024\/08\/Herzogtum-Lauenburg-Felicia-Steding-Gleichstellungsbeauftragte-2024-hfr-1000x570.png\" data-srcset=\"\" data-sizes=\"auto\" data-expand=\"700\" \/><\/div><\/a>\n                        <\/div>\n                        <div class=\"jeg_postblock_content\">\n                            <div class=\"jeg_post_category\">\n                                <span>\n                                    <a href=\"https:\/\/herzogtum-direkt.de\/index.php\/category\/herzogtum-lauenburg\/moelln\/\">M\u00f6lln<\/a>\n                                <\/span>\n                            <\/div>\n                            <h3 class=\"jeg_post_title\">\n                                <a href=\"https:\/\/herzogtum-direkt.de\/index.php\/2026\/04\/05\/bewerbungscheck-fuer-frauen-2\/\">Bewerbungscheck f\u00fcr Frauen<\/a>\n                            <\/h3>\n                            <div class=\"jeg_post_meta\"><div class=\"jeg_meta_author\"><span class=\"by\">von<\/span> <a href=\"https:\/\/herzogtum-direkt.de\/index.php\/author\/pressemitteilung\/\">Pressemitteilung<\/a><\/div><div class=\"jeg_meta_date\"><a href=\"https:\/\/herzogtum-direkt.de\/index.php\/2026\/04\/05\/bewerbungscheck-fuer-frauen-2\/\"><i class=\"fa fa-clock-o\"><\/i> April 5, 2026<\/a><\/div><div class=\"jeg_meta_comment\"><a href=\"https:\/\/herzogtum-direkt.de\/index.php\/2026\/04\/05\/bewerbungscheck-fuer-frauen-2\/#comments\" ><i class=\"fa fa-comment-o\"><\/i> 0 <\/a><\/div><div class=\"jeg_meta_views\"><a href=\"https:\/\/herzogtum-direkt.de\/index.php\/2026\/04\/05\/bewerbungscheck-fuer-frauen-2\/\" ><i class=\"fa fa-eye\"><\/i> 53 <\/a><\/div><\/div>\n                                <div class=\"jeg_post_excerpt\">\n                                    <p>M\u00f6lln (pm).\u00a0Ob Wiedereinstieg nach Familien- oder Pflegezeit, berufliche Neuorientierung oder der Wunsch nach einer neuen Herausforderung: Ein professioneller Bewerbungsauftritt ist...<\/p>\n                                    <a href=\"https:\/\/herzogtum-direkt.de\/index.php\/2026\/04\/05\/bewerbungscheck-fuer-frauen-2\/\" class=\"jeg_readmore\">Mehr lesen<span class=\"screen-reader-text\">Details<\/span><\/a>\n                                <\/div>\n                        <\/div>\n                    <\/div>\n                <\/article><\/div>\n                    <div class='module-overlay'>\n\t\t\t\t    <div class='preloader_type preloader_dot'>\n\t\t\t\t        <div class=\"module-preloader jeg_preloader dot\">\n\t\t\t\t            <span><\/span><span><\/span><span><\/span>\n\t\t\t\t        <\/div>\n\t\t\t\t        <div class=\"module-preloader jeg_preloader circle\">\n\t\t\t\t            <div class=\"jnews_preloader_circle_outer\">\n\t\t\t\t                <div class=\"jnews_preloader_circle_inner\"><\/div>\n\t\t\t\t            <\/div>\n\t\t\t\t        <\/div>\n\t\t\t\t        <div class=\"module-preloader jeg_preloader square\">\n\t\t\t\t            <div class=\"jeg_square\">\n\t\t\t\t                <div class=\"jeg_square_inner\"><\/div>\n\t\t\t\t            <\/div>\n\t\t\t\t        <\/div>\n\t\t\t\t    <\/div>\n\t\t\t\t<\/div>\n                <\/div>\n                <div class=\"jeg_block_navigation\">\n                    <div class='navigation_overlay'><div class='module-preloader jeg_preloader'><span><\/span><span><\/span><span><\/span><\/div><\/div>\n                    <div class=\"jeg_block_loadmore \">\n                    <a href=\"#\" class='' data-load='Mehr' data-loading='L\u00e4dt...'> Mehr<\/a>\n                <\/div>\n                    \n                <\/div>\n\t\t\t\t\t\n\t\t\t\t\t<script>var jnews_module__0_69f313c418318 = {\"header_icon\":\"\",\"first_title\":\"\",\"second_title\":\"\",\"url\":\"\",\"header_type\":\"heading_6\",\"header_background\":\"\",\"header_secondary_background\":\"\",\"header_text_color\":\"\",\"header_line_color\":\"\",\"header_accent_color\":\"\",\"header_filter_category\":\"\",\"header_filter_author\":\"\",\"header_filter_tag\":\"\",\"header_filter_text\":\"All\",\"sticky_post\":false,\"sticky_post_filter\":false,\"post_type\":\"post\",\"content_type\":\"all\",\"sponsor\":false,\"number_post\":\"20\",\"post_offset\":\"0\",\"unique_content\":\"disable\",\"include_post\":\"\",\"included_only\":false,\"exclude_post\":\"\",\"include_category\":\"72\",\"exclude_category\":\"\",\"include_author\":\"\",\"include_tag\":\"\",\"exclude_tag\":\"\",\"exclude_visited_post\":false,\"sort_by\":\"latest\",\"date_format\":\"default\",\"date_format_custom\":\"Y\\\/m\\\/d\",\"excerpt_length\":\"20\",\"excerpt_ellipsis\":\"...\",\"force_normal_image_load\":\"\",\"main_custom_image_size\":\"default\",\"pagination_mode\":\"scrollload\",\"pagination_nextprev_showtext\":\"\",\"pagination_number_post\":\"4\",\"pagination_scroll_limit\":\"0\",\"ads_type\":\"disable\",\"ads_position\":1,\"ads_random\":\"\",\"ads_image\":\"\",\"ads_image_tablet\":\"\",\"ads_image_phone\":\"\",\"ads_image_link\":\"\",\"ads_image_alt\":\"\",\"ads_image_new_tab\":\"\",\"google_publisher_id\":\"\",\"google_slot_id\":\"\",\"google_desktop\":\"auto\",\"google_tab\":\"auto\",\"google_phone\":\"auto\",\"content\":\"\",\"ads_bottom_text\":\"\",\"el_id\":\"\",\"el_class\":\"\",\"scheme\":\"\",\"column_width\":\"auto\",\"title_color\":\"\",\"accent_color\":\"\",\"alt_color\":\"\",\"excerpt_color\":\"\",\"block_background\":\"\",\"css\":\"\",\"compatible_column_notice\":\"\",\"paged\":1,\"column_class\":\"jeg_col_3o3\",\"class\":\"jnews_block_12\"};<\/script>\n\t\t\t\t<\/div>[\/vc_column][vc_column width=&#8220;1\/3&#8243;][vc_widget_sidebar sidebar_id=&#8220;herzogtum-lbg-seite&#8220;][\/vc_column][\/vc_row]<\/p>\n<\/div>","protected":false},"excerpt":{"rendered":"<p>[vc_row][vc_column width=&#8220;2\/3&#8243;][vc_widget_sidebar sidebar_id=&#8220;herzogtum-lauenburg-top&#8220;][\/vc_column][vc_column width=&#8220;1\/3&#8243;][vc_widget_sidebar sidebar_id=&#8220;herzogtum-lbg-seite&#8220;][\/vc_column][\/vc_row]<\/p>\n","protected":false},"author":1,"featured_media":0,"parent":0,"menu_order":0,"comment_status":"closed","ping_status":"closed","template":"","meta":{"jnews_page_loop":{"enable_page_loop":"0","first_title":"Latest Post","second_title":"","header_type":"heading_6","header_background":"","header_text_color":"","layout":"right-sidebar","sidebar":"default-sidebar","second_sidebar":"default-sidebar","sticky_sidebar":"1","module":"3","boxed":"0","boxed_shadow":"0","box_shadow":"0","excerpt_length":"20","content_date":"default","date_custom":"Y\/m\/d","content_pagination":"nav_1","pagination_align":"center","show_navtext":"0","show_pageinfo":"0","post_offset":"0","posts_per_page":"5","include_post":"","exclude_post":"","include_category":"","exclude_category":"","include_author":"","include_tag":"","exclude_tag":"","sort_by":"latest"},"jnews_single_page":{"layout":"no-sidebar","sidebar":"default-sidebar","second_sidebar":"default-sidebar","sticky_sidebar":"1","show_post_featured":"1","show_post_meta":"0","share_position":"top","share_color":"share-monocrhome"},"jnews_social_meta":{"fb_title":"","fb_description":"","fb_image":"","twitter_title":"","twitter_description":"","twitter_image":""},"footnotes":""},"class_list":["post-759","page","type-page","status-publish","hentry"],"_links":{"self":[{"href":"https:\/\/herzogtum-direkt.de\/index.php\/wp-json\/wp\/v2\/pages\/759","targetHints":{"allow":["GET"]}}],"collection":[{"href":"https:\/\/herzogtum-direkt.de\/index.php\/wp-json\/wp\/v2\/pages"}],"about":[{"href":"https:\/\/herzogtum-direkt.de\/index.php\/wp-json\/wp\/v2\/types\/page"}],"author":[{"embeddable":true,"href":"https:\/\/herzogtum-direkt.de\/index.php\/wp-json\/wp\/v2\/users\/1"}],"replies":[{"embeddable":true,"href":"https:\/\/herzogtum-direkt.de\/index.php\/wp-json\/wp\/v2\/comments?post=759"}],"version-history":[{"count":5,"href":"https:\/\/herzogtum-direkt.de\/index.php\/wp-json\/wp\/v2\/pages\/759\/revisions"}],"predecessor-version":[{"id":32933,"href":"https:\/\/herzogtum-direkt.de\/index.php\/wp-json\/wp\/v2\/pages\/759\/revisions\/32933"}],"wp:attachment":[{"href":"https:\/\/herzogtum-direkt.de\/index.php\/wp-json\/wp\/v2\/media?parent=759"}],"curies":[{"name":"wp","href":"https:\/\/api.w.org\/{rel}","templated":true}]}}