{"id":747,"date":"2017-12-29T13:05:08","date_gmt":"2017-12-29T13:05:08","guid":{"rendered":"http:\/\/hd.eu-mart.de\/?page_id=747"},"modified":"2021-10-08T18:06:02","modified_gmt":"2021-10-08T16:06:02","slug":"amt-lauenburgische-seen","status":"publish","type":"page","link":"https:\/\/herzogtum-direkt.de\/index.php\/herzogtum-lauenburg\/amt-lauenburgische-seen\/","title":{"rendered":"Amt Lauenburgische Seen"},"content":{"rendered":"<div class=\"wpb-content-wrapper\"><p>[vc_row][vc_column][vc_widget_sidebar sidebar_id=&#8220;herzogtum-lauenburg-top&#8220;][\/vc_column][\/vc_row][vc_row][vc_column width=&#8220;2\/3&#8243;]<div  class=\"jeg_postblock_12 jeg_postblock jeg_module_hook jeg_pagination_nextprev jeg_col_3o3 jnews_module__0_69f2be912d294   \" data-unique=\"jnews_module__0_69f2be912d294\">\n\t\t\t\t\t\n\t\t\t\t\t<div class=\"jeg_block_container\">\n                    \n                    <div class=\"jeg_posts jeg_load_more_flag\"><article class=\"jeg_post jeg_pl_lg_card format-standard\">\n                    <div class=\"jeg_inner_post\">\n                        <div class=\"jeg_thumb\">\n                            \n                            <a href=\"https:\/\/herzogtum-direkt.de\/index.php\/2026\/04\/28\/ein-musikalisches-highlight-der-schwedische-jakobskoeren-zu-gast-in-mustin\/\" aria-label=\"Read article: Ein musikalisches Highlight: Der schwedische &#8218;Jakobsk\u00f6ren&#8216; zu Gast in Mustin\"><div class=\"thumbnail-container animate-lazy  size-500 \"><img fetchpriority=\"high\" decoding=\"async\" width=\"1000\" height=\"570\" src=\"https:\/\/herzogtum-direkt.de\/wp-content\/themes\/jnews\/assets\/img\/jeg-empty.png\" class=\"attachment-jnews-1140x570 size-jnews-1140x570 lazyload wp-post-image\" alt=\"Ein musikalisches Highlight: Der schwedische &#8218;Jakobsk\u00f6ren&#8216; zu Gast in Mustin\" data-full-width=\"1000\" data-full-height=\"741\" data-src=\"https:\/\/herzogtum-direkt.de\/wp-content\/uploads\/2026\/04\/Chorkonzert-Jakobskoeren-Mustin-2026-hfr-1000x570.jpg\" data-srcset=\"\" data-sizes=\"auto\" data-expand=\"700\" \/><\/div><\/a>\n                        <\/div>\n                        <div class=\"jeg_postblock_content\">\n                            <div class=\"jeg_post_category\">\n                                <span>\n                                    <a href=\"https:\/\/herzogtum-direkt.de\/index.php\/category\/herzogtum-lauenburg\/amt-lauenburgische-seen\/\">Amt Lauenburgische Seen<\/a>\n                                <\/span>\n                            <\/div>\n                            <h3 class=\"jeg_post_title\">\n                                <a href=\"https:\/\/herzogtum-direkt.de\/index.php\/2026\/04\/28\/ein-musikalisches-highlight-der-schwedische-jakobskoeren-zu-gast-in-mustin\/\">Ein musikalisches Highlight: Der schwedische &#8218;Jakobsk\u00f6ren&#8216; zu Gast in Mustin<\/a>\n                            <\/h3>\n                            <div class=\"jeg_post_meta\"><div class=\"jeg_meta_author\"><span class=\"by\">von<\/span> <a href=\"https:\/\/herzogtum-direkt.de\/index.php\/author\/admin_gesine\/\">Gesine Biller<\/a><\/div><div class=\"jeg_meta_date\"><a href=\"https:\/\/herzogtum-direkt.de\/index.php\/2026\/04\/28\/ein-musikalisches-highlight-der-schwedische-jakobskoeren-zu-gast-in-mustin\/\"><i class=\"fa fa-clock-o\"><\/i> April 28, 2026<\/a><\/div><div class=\"jeg_meta_comment\"><a href=\"https:\/\/herzogtum-direkt.de\/index.php\/2026\/04\/28\/ein-musikalisches-highlight-der-schwedische-jakobskoeren-zu-gast-in-mustin\/#comments\" ><i class=\"fa fa-comment-o\"><\/i> 0 <\/a><\/div><div class=\"jeg_meta_views\"><a href=\"https:\/\/herzogtum-direkt.de\/index.php\/2026\/04\/28\/ein-musikalisches-highlight-der-schwedische-jakobskoeren-zu-gast-in-mustin\/\" ><i class=\"fa fa-eye\"><\/i> 49 <\/a><\/div><\/div>\n                                <div class=\"jeg_post_excerpt\">\n                                    <p>Mustin (pm\/gb). Am Sonnabend, 2. Mai \u00a0erwartet die Mustiner Kirche in der Dorfstra\u00dfe 20 ein besonderes Konzert. Der renommierte vierstimmige...<\/p>\n                                    <a href=\"https:\/\/herzogtum-direkt.de\/index.php\/2026\/04\/28\/ein-musikalisches-highlight-der-schwedische-jakobskoeren-zu-gast-in-mustin\/\" class=\"jeg_readmore\">Mehr lesen<span class=\"screen-reader-text\">Details<\/span><\/a>\n                                <\/div>\n                        <\/div>\n                    <\/div>\n                <\/article><article class=\"jeg_post jeg_pl_lg_card format-standard\">\n                    <div class=\"jeg_inner_post\">\n                        <div class=\"jeg_thumb\">\n                            \n                            <a href=\"https:\/\/herzogtum-direkt.de\/index.php\/2026\/04\/25\/gemeindeversammlung-roemnitz-kommt-am-5-mai-2026-zusammen\/\" aria-label=\"Read article: Gemeindeversammlung R\u00f6mnitz kommt am 5. Mai 2026 zusammen\"><div class=\"thumbnail-container animate-lazy  size-500 \"><img decoding=\"async\" width=\"1000\" height=\"570\" src=\"https:\/\/herzogtum-direkt.de\/wp-content\/themes\/jnews\/assets\/img\/jeg-empty.png\" class=\"attachment-jnews-1140x570 size-jnews-1140x570 lazyload wp-post-image\" alt=\"Einladung zur Sitzung der Gemeindevertretung Besenthal \u2013 Gemeinsam die Zukunft gestalten\" data-full-width=\"1000\" data-full-height=\"666\" data-src=\"https:\/\/herzogtum-direkt.de\/wp-content\/uploads\/2026\/04\/Abstimmung-Demo-Vortrag-Versammlung-Pixabay-2026-hfr-desktop-3207592_1280-1000x570.jpg\" data-srcset=\"\" data-sizes=\"auto\" data-expand=\"700\" \/><\/div><\/a>\n                        <\/div>\n                        <div class=\"jeg_postblock_content\">\n                            <div class=\"jeg_post_category\">\n                                <span>\n                                    <a href=\"https:\/\/herzogtum-direkt.de\/index.php\/category\/herzogtum-lauenburg\/amt-lauenburgische-seen\/\">Amt Lauenburgische Seen<\/a>\n                                <\/span>\n                            <\/div>\n                            <h3 class=\"jeg_post_title\">\n                                <a href=\"https:\/\/herzogtum-direkt.de\/index.php\/2026\/04\/25\/gemeindeversammlung-roemnitz-kommt-am-5-mai-2026-zusammen\/\">Gemeindeversammlung R\u00f6mnitz kommt am 5. Mai 2026 zusammen<\/a>\n                            <\/h3>\n                            <div class=\"jeg_post_meta\"><div class=\"jeg_meta_author\"><span class=\"by\">von<\/span> <a href=\"https:\/\/herzogtum-direkt.de\/index.php\/author\/admin_ir2rtpca\/\">Andreas Anders<\/a><\/div><div class=\"jeg_meta_date\"><a href=\"https:\/\/herzogtum-direkt.de\/index.php\/2026\/04\/25\/gemeindeversammlung-roemnitz-kommt-am-5-mai-2026-zusammen\/\"><i class=\"fa fa-clock-o\"><\/i> April 25, 2026<\/a><\/div><div class=\"jeg_meta_comment\"><a href=\"https:\/\/herzogtum-direkt.de\/index.php\/2026\/04\/25\/gemeindeversammlung-roemnitz-kommt-am-5-mai-2026-zusammen\/#comments\" ><i class=\"fa fa-comment-o\"><\/i> 0 <\/a><\/div><div class=\"jeg_meta_views\"><a href=\"https:\/\/herzogtum-direkt.de\/index.php\/2026\/04\/25\/gemeindeversammlung-roemnitz-kommt-am-5-mai-2026-zusammen\/\" ><i class=\"fa fa-eye\"><\/i> 31 <\/a><\/div><\/div>\n                                <div class=\"jeg_post_excerpt\">\n                                    <p>R\u00f6mnitz (aa). Am Dienstag, 5. Mai 2026, um 19 Uhr, trifft sich die Gemeindeversammlung R\u00f6mnitz in den B\u00fcror\u00e4umen des B\u00fcrgermeisters...<\/p>\n                                    <a href=\"https:\/\/herzogtum-direkt.de\/index.php\/2026\/04\/25\/gemeindeversammlung-roemnitz-kommt-am-5-mai-2026-zusammen\/\" class=\"jeg_readmore\">Mehr lesen<span class=\"screen-reader-text\">Details<\/span><\/a>\n                                <\/div>\n                        <\/div>\n                    <\/div>\n                <\/article><article class=\"jeg_post jeg_pl_lg_card format-standard\">\n                    <div class=\"jeg_inner_post\">\n                        <div class=\"jeg_thumb\">\n                            \n                            <a href=\"https:\/\/herzogtum-direkt.de\/index.php\/2026\/04\/25\/ferienhaeuser-in-roemnitz-ein-langjaehriger-streit-um-natur-wirtschaft-und-recht\/\" aria-label=\"Read article: Ferienh\u00e4user in R\u00f6mnitz: Ein langj\u00e4hriger Streit um Natur, Wirtschaft und Recht\"><div class=\"thumbnail-container animate-lazy  size-500 \"><img decoding=\"async\" width=\"1000\" height=\"570\" src=\"https:\/\/herzogtum-direkt.de\/wp-content\/themes\/jnews\/assets\/img\/jeg-empty.png\" class=\"attachment-jnews-1140x570 size-jnews-1140x570 lazyload wp-post-image\" alt=\"R\u00f6mnitzer Gemeinderatssitzung trotz Corona sinnvoll?\" data-full-width=\"1000\" data-full-height=\"667\" data-src=\"https:\/\/herzogtum-direkt.de\/wp-content\/uploads\/2020\/11\/Roemnitz-Luft-1000x570.jpg\" data-srcset=\"\" data-sizes=\"auto\" data-expand=\"700\" \/><\/div><\/a>\n                        <\/div>\n                        <div class=\"jeg_postblock_content\">\n                            <div class=\"jeg_post_category\">\n                                <span>\n                                    <a href=\"https:\/\/herzogtum-direkt.de\/index.php\/category\/herzogtum-lauenburg\/amt-lauenburgische-seen\/\">Amt Lauenburgische Seen<\/a>\n                                <\/span>\n                            <\/div>\n                            <h3 class=\"jeg_post_title\">\n                                <a href=\"https:\/\/herzogtum-direkt.de\/index.php\/2026\/04\/25\/ferienhaeuser-in-roemnitz-ein-langjaehriger-streit-um-natur-wirtschaft-und-recht\/\">Ferienh\u00e4user in R\u00f6mnitz: Ein langj\u00e4hriger Streit um Natur, Wirtschaft und Recht<\/a>\n                            <\/h3>\n                            <div class=\"jeg_post_meta\"><div class=\"jeg_meta_author\"><span class=\"by\">von<\/span> <a href=\"https:\/\/herzogtum-direkt.de\/index.php\/author\/admin_ir2rtpca\/\">Andreas Anders<\/a><\/div><div class=\"jeg_meta_date\"><a href=\"https:\/\/herzogtum-direkt.de\/index.php\/2026\/04\/25\/ferienhaeuser-in-roemnitz-ein-langjaehriger-streit-um-natur-wirtschaft-und-recht\/\"><i class=\"fa fa-clock-o\"><\/i> April 25, 2026<\/a><\/div><div class=\"jeg_meta_comment\"><a href=\"https:\/\/herzogtum-direkt.de\/index.php\/2026\/04\/25\/ferienhaeuser-in-roemnitz-ein-langjaehriger-streit-um-natur-wirtschaft-und-recht\/#comments\" ><i class=\"fa fa-comment-o\"><\/i> 0 <\/a><\/div><div class=\"jeg_meta_views\"><a href=\"https:\/\/herzogtum-direkt.de\/index.php\/2026\/04\/25\/ferienhaeuser-in-roemnitz-ein-langjaehriger-streit-um-natur-wirtschaft-und-recht\/\" ><i class=\"fa fa-eye\"><\/i> 129 <\/a><\/div><\/div>\n                                <div class=\"jeg_post_excerpt\">\n                                    <p>R\u00f6mnitz (aa).\u00a0Seit \u00fcber einem Jahrzehnt diskutiert die Gemeinde R\u00f6mnitz \u00fcber den Bau von Ferienwohnungen am Ratzeburger See. Was als wirtschaftliche...<\/p>\n                                    <a href=\"https:\/\/herzogtum-direkt.de\/index.php\/2026\/04\/25\/ferienhaeuser-in-roemnitz-ein-langjaehriger-streit-um-natur-wirtschaft-und-recht\/\" class=\"jeg_readmore\">Mehr lesen<span class=\"screen-reader-text\">Details<\/span><\/a>\n                                <\/div>\n                        <\/div>\n                    <\/div>\n                <\/article><article class=\"jeg_post jeg_pl_lg_card format-standard\">\n                    <div class=\"jeg_inner_post\">\n                        <div class=\"jeg_thumb\">\n                            \n                            <a href=\"https:\/\/herzogtum-direkt.de\/index.php\/2026\/04\/25\/wir-sind-eine-direkte-demokratie-roemnitz-buergermeister-ueber-zusammenhalt-streitkultur-und-den-kampf-um-den-steg\/\" aria-label=\"Read article: \u201eWir sind eine direkte Demokratie\u201c \u2013 R\u00f6mnitz\u2019 B\u00fcrgermeister \u00fcber Zusammenhalt, Streitkultur und den Kampf um den Steg\"><div class=\"thumbnail-container animate-lazy  size-500 \"><img loading=\"lazy\" decoding=\"async\" width=\"1000\" height=\"547\" src=\"https:\/\/herzogtum-direkt.de\/wp-content\/themes\/jnews\/assets\/img\/jeg-empty.png\" class=\"attachment-jnews-1140x570 size-jnews-1140x570 lazyload wp-post-image\" alt=\"\u201eWir sind eine direkte Demokratie\u201c \u2013 R\u00f6mnitz\u2019 B\u00fcrgermeister \u00fcber Zusammenhalt, Streitkultur und den Kampf um den Steg\" sizes=\"(max-width: 1000px) 100vw, 1000px\" data-full-width=\"1000\" data-full-height=\"547\" data-src=\"https:\/\/herzogtum-direkt.de\/wp-content\/uploads\/2026\/04\/Roemnitz-BM-Neubarth-Berckemeyer-1000x547.jpg\" data-srcset=\"https:\/\/herzogtum-direkt.de\/wp-content\/uploads\/2026\/04\/Roemnitz-BM-Neubarth-Berckemeyer.jpg 1000w, https:\/\/herzogtum-direkt.de\/wp-content\/uploads\/2026\/04\/Roemnitz-BM-Neubarth-Berckemeyer-600x328.jpg 600w, https:\/\/herzogtum-direkt.de\/wp-content\/uploads\/2026\/04\/Roemnitz-BM-Neubarth-Berckemeyer-768x420.jpg 768w\" data-sizes=\"auto\" data-expand=\"700\" \/><\/div><\/a>\n                        <\/div>\n                        <div class=\"jeg_postblock_content\">\n                            <div class=\"jeg_post_category\">\n                                <span>\n                                    <a href=\"https:\/\/herzogtum-direkt.de\/index.php\/category\/herzogtum-lauenburg\/amt-lauenburgische-seen\/\">Amt Lauenburgische Seen<\/a>\n                                <\/span>\n                            <\/div>\n                            <h3 class=\"jeg_post_title\">\n                                <a href=\"https:\/\/herzogtum-direkt.de\/index.php\/2026\/04\/25\/wir-sind-eine-direkte-demokratie-roemnitz-buergermeister-ueber-zusammenhalt-streitkultur-und-den-kampf-um-den-steg\/\">\u201eWir sind eine direkte Demokratie\u201c \u2013 R\u00f6mnitz\u2019 B\u00fcrgermeister \u00fcber Zusammenhalt, Streitkultur und den Kampf um den Steg<\/a>\n                            <\/h3>\n                            <div class=\"jeg_post_meta\"><div class=\"jeg_meta_author\"><span class=\"by\">von<\/span> <a href=\"https:\/\/herzogtum-direkt.de\/index.php\/author\/admin_ir2rtpca\/\">Andreas Anders<\/a><\/div><div class=\"jeg_meta_date\"><a href=\"https:\/\/herzogtum-direkt.de\/index.php\/2026\/04\/25\/wir-sind-eine-direkte-demokratie-roemnitz-buergermeister-ueber-zusammenhalt-streitkultur-und-den-kampf-um-den-steg\/\"><i class=\"fa fa-clock-o\"><\/i> April 25, 2026<\/a><\/div><div class=\"jeg_meta_comment\"><a href=\"https:\/\/herzogtum-direkt.de\/index.php\/2026\/04\/25\/wir-sind-eine-direkte-demokratie-roemnitz-buergermeister-ueber-zusammenhalt-streitkultur-und-den-kampf-um-den-steg\/#comments\" ><i class=\"fa fa-comment-o\"><\/i> 0 <\/a><\/div><div class=\"jeg_meta_views\"><a href=\"https:\/\/herzogtum-direkt.de\/index.php\/2026\/04\/25\/wir-sind-eine-direkte-demokratie-roemnitz-buergermeister-ueber-zusammenhalt-streitkultur-und-den-kampf-um-den-steg\/\" ><i class=\"fa fa-eye\"><\/i> 127 <\/a><\/div><\/div>\n                                <div class=\"jeg_post_excerpt\">\n                                    <p>R\u00f6mnitz (aa). Seit Juli 2023 steht Trutz Neubarth-Berckemeyer an der Spitze der kleinen Gemeinde am Ratzeburger See. In dem Ort...<\/p>\n                                    <a href=\"https:\/\/herzogtum-direkt.de\/index.php\/2026\/04\/25\/wir-sind-eine-direkte-demokratie-roemnitz-buergermeister-ueber-zusammenhalt-streitkultur-und-den-kampf-um-den-steg\/\" class=\"jeg_readmore\">Mehr lesen<span class=\"screen-reader-text\">Details<\/span><\/a>\n                                <\/div>\n                        <\/div>\n                    <\/div>\n                <\/article><article class=\"jeg_post jeg_pl_lg_card format-standard\">\n                    <div class=\"jeg_inner_post\">\n                        <div class=\"jeg_thumb\">\n                            \n                            <a href=\"https:\/\/herzogtum-direkt.de\/index.php\/2026\/04\/20\/singen-verbindet-ein-musikalisches-erlebnis-in-der-seedorfer-kirche\/\" aria-label=\"Read article: Singen verbindet \u2013 ein musikalisches Erlebnis in der Seedorfer Kirche\"><div class=\"thumbnail-container animate-lazy  size-500 \"><img loading=\"lazy\" decoding=\"async\" width=\"1000\" height=\"570\" src=\"https:\/\/herzogtum-direkt.de\/wp-content\/themes\/jnews\/assets\/img\/jeg-empty.png\" class=\"attachment-jnews-1140x570 size-jnews-1140x570 lazyload wp-post-image\" alt=\"Singen verbindet \u2013 ein musikalisches Erlebnis in der Seedorfer Kirche\" data-full-width=\"1000\" data-full-height=\"664\" data-src=\"https:\/\/herzogtum-direkt.de\/wp-content\/uploads\/2026\/04\/Chorkonzert-Seedorf-2026-hfr-1000x570.jpg\" data-srcset=\"\" data-sizes=\"auto\" data-expand=\"700\" \/><\/div><\/a>\n                        <\/div>\n                        <div class=\"jeg_postblock_content\">\n                            <div class=\"jeg_post_category\">\n                                <span>\n                                    <a href=\"https:\/\/herzogtum-direkt.de\/index.php\/category\/herzogtum-lauenburg\/amt-lauenburgische-seen\/\">Amt Lauenburgische Seen<\/a>\n                                <\/span>\n                            <\/div>\n                            <h3 class=\"jeg_post_title\">\n                                <a href=\"https:\/\/herzogtum-direkt.de\/index.php\/2026\/04\/20\/singen-verbindet-ein-musikalisches-erlebnis-in-der-seedorfer-kirche\/\">Singen verbindet \u2013 ein musikalisches Erlebnis in der Seedorfer Kirche<\/a>\n                            <\/h3>\n                            <div class=\"jeg_post_meta\"><div class=\"jeg_meta_author\"><span class=\"by\">von<\/span> <a href=\"https:\/\/herzogtum-direkt.de\/index.php\/author\/admin_gesine\/\">Gesine Biller<\/a><\/div><div class=\"jeg_meta_date\"><a href=\"https:\/\/herzogtum-direkt.de\/index.php\/2026\/04\/20\/singen-verbindet-ein-musikalisches-erlebnis-in-der-seedorfer-kirche\/\"><i class=\"fa fa-clock-o\"><\/i> April 20, 2026<\/a><\/div><div class=\"jeg_meta_comment\"><a href=\"https:\/\/herzogtum-direkt.de\/index.php\/2026\/04\/20\/singen-verbindet-ein-musikalisches-erlebnis-in-der-seedorfer-kirche\/#comments\" ><i class=\"fa fa-comment-o\"><\/i> 0 <\/a><\/div><div class=\"jeg_meta_views\"><a href=\"https:\/\/herzogtum-direkt.de\/index.php\/2026\/04\/20\/singen-verbindet-ein-musikalisches-erlebnis-in-der-seedorfer-kirche\/\" ><i class=\"fa fa-eye\"><\/i> 85 <\/a><\/div><\/div>\n                                <div class=\"jeg_post_excerpt\">\n                                    <p>Seedorf (pm\/gb). Am 26. April um 11 Uhr verwandelt sich die Seedorfer Kirche in einen Ort der Freude und des...<\/p>\n                                    <a href=\"https:\/\/herzogtum-direkt.de\/index.php\/2026\/04\/20\/singen-verbindet-ein-musikalisches-erlebnis-in-der-seedorfer-kirche\/\" class=\"jeg_readmore\">Mehr lesen<span class=\"screen-reader-text\">Details<\/span><\/a>\n                                <\/div>\n                        <\/div>\n                    <\/div>\n                <\/article><article class=\"jeg_post jeg_pl_lg_card format-standard\">\n                    <div class=\"jeg_inner_post\">\n                        <div class=\"jeg_thumb\">\n                            \n                            <a href=\"https:\/\/herzogtum-direkt.de\/index.php\/2026\/04\/18\/zeugen-gesucht-unbekannte-entsorgen-baustellenabfaelle-bei-harmsdorf\/\" aria-label=\"Read article: Zeugen gesucht: Unbekannte entsorgen Baustellenabf\u00e4lle bei Harmsdorf\"><div class=\"thumbnail-container animate-lazy  size-500 \"><img loading=\"lazy\" decoding=\"async\" width=\"1000\" height=\"570\" src=\"https:\/\/herzogtum-direkt.de\/wp-content\/themes\/jnews\/assets\/img\/jeg-empty.png\" class=\"attachment-jnews-1140x570 size-jnews-1140x570 lazyload wp-post-image\" alt=\"Zeugen gesucht: Unbekannte entsorgen Baustellenabf\u00e4lle bei Harmsdorf\" data-full-width=\"1000\" data-full-height=\"619\" data-src=\"https:\/\/herzogtum-direkt.de\/wp-content\/uploads\/2026\/04\/260417-Abfallentsorgung-1-1000x570.jpg\" data-srcset=\"\" data-sizes=\"auto\" data-expand=\"700\" \/><\/div><\/a>\n                        <\/div>\n                        <div class=\"jeg_postblock_content\">\n                            <div class=\"jeg_post_category\">\n                                <span>\n                                    <a href=\"https:\/\/herzogtum-direkt.de\/index.php\/category\/herzogtum-lauenburg\/amt-lauenburgische-seen\/\">Amt Lauenburgische Seen<\/a>\n                                <\/span>\n                            <\/div>\n                            <h3 class=\"jeg_post_title\">\n                                <a href=\"https:\/\/herzogtum-direkt.de\/index.php\/2026\/04\/18\/zeugen-gesucht-unbekannte-entsorgen-baustellenabfaelle-bei-harmsdorf\/\">Zeugen gesucht: Unbekannte entsorgen Baustellenabf\u00e4lle bei Harmsdorf<\/a>\n                            <\/h3>\n                            <div class=\"jeg_post_meta\"><div class=\"jeg_meta_author\"><span class=\"by\">von<\/span> <a href=\"https:\/\/herzogtum-direkt.de\/index.php\/author\/pressemitteilung\/\">Pressemitteilung<\/a><\/div><div class=\"jeg_meta_date\"><a href=\"https:\/\/herzogtum-direkt.de\/index.php\/2026\/04\/18\/zeugen-gesucht-unbekannte-entsorgen-baustellenabfaelle-bei-harmsdorf\/\"><i class=\"fa fa-clock-o\"><\/i> April 18, 2026<\/a><\/div><div class=\"jeg_meta_comment\"><a href=\"https:\/\/herzogtum-direkt.de\/index.php\/2026\/04\/18\/zeugen-gesucht-unbekannte-entsorgen-baustellenabfaelle-bei-harmsdorf\/#comments\" ><i class=\"fa fa-comment-o\"><\/i> 0 <\/a><\/div><div class=\"jeg_meta_views\"><a href=\"https:\/\/herzogtum-direkt.de\/index.php\/2026\/04\/18\/zeugen-gesucht-unbekannte-entsorgen-baustellenabfaelle-bei-harmsdorf\/\" ><i class=\"fa fa-eye\"><\/i> 261 <\/a><\/div><\/div>\n                                <div class=\"jeg_post_excerpt\">\n                                    <p>Harmsdorf (pm).\u00a0Vergangenen Freitag sollen Unbekannte diverse Baustellenabf\u00e4lle an einem Feldweg nahe der B208 bei Harmsdorf entsorgt haben. Die Polizei sucht...<\/p>\n                                    <a href=\"https:\/\/herzogtum-direkt.de\/index.php\/2026\/04\/18\/zeugen-gesucht-unbekannte-entsorgen-baustellenabfaelle-bei-harmsdorf\/\" class=\"jeg_readmore\">Mehr lesen<span class=\"screen-reader-text\">Details<\/span><\/a>\n                                <\/div>\n                        <\/div>\n                    <\/div>\n                <\/article><article class=\"jeg_post jeg_pl_lg_card format-standard\">\n                    <div class=\"jeg_inner_post\">\n                        <div class=\"jeg_thumb\">\n                            \n                            <a href=\"https:\/\/herzogtum-direkt.de\/index.php\/2026\/04\/18\/die-lesende-kehrt-zurueck-gerettete-skulptur-findet-ihren-platz\/\" aria-label=\"Read article: Die \u201aLesende\u2018 kehrt zur\u00fcck: Gerettete Skulptur findet ihren Platz\"><div class=\"thumbnail-container animate-lazy  size-500 \"><img loading=\"lazy\" decoding=\"async\" width=\"1000\" height=\"476\" src=\"https:\/\/herzogtum-direkt.de\/wp-content\/themes\/jnews\/assets\/img\/jeg-empty.png\" class=\"attachment-jnews-1140x570 size-jnews-1140x570 lazyload wp-post-image\" alt=\"Die \u201aLesende\u2018 kehrt zur\u00fcck: Gerettete Skulptur findet ihren Platz\" sizes=\"(max-width: 1000px) 100vw, 1000px\" data-full-width=\"1000\" data-full-height=\"476\" data-src=\"https:\/\/herzogtum-direkt.de\/wp-content\/uploads\/2026\/04\/Goedtke-Skulptur-1000x476.jpg\" data-srcset=\"https:\/\/herzogtum-direkt.de\/wp-content\/uploads\/2026\/04\/Goedtke-Skulptur.jpg 1000w, https:\/\/herzogtum-direkt.de\/wp-content\/uploads\/2026\/04\/Goedtke-Skulptur-600x286.jpg 600w, https:\/\/herzogtum-direkt.de\/wp-content\/uploads\/2026\/04\/Goedtke-Skulptur-768x366.jpg 768w\" data-sizes=\"auto\" data-expand=\"700\" \/><\/div><\/a>\n                        <\/div>\n                        <div class=\"jeg_postblock_content\">\n                            <div class=\"jeg_post_category\">\n                                <span>\n                                    <a href=\"https:\/\/herzogtum-direkt.de\/index.php\/category\/herzogtum-lauenburg\/amt-lauenburgische-seen\/\">Amt Lauenburgische Seen<\/a>\n                                <\/span>\n                            <\/div>\n                            <h3 class=\"jeg_post_title\">\n                                <a href=\"https:\/\/herzogtum-direkt.de\/index.php\/2026\/04\/18\/die-lesende-kehrt-zurueck-gerettete-skulptur-findet-ihren-platz\/\">Die \u201aLesende\u2018 kehrt zur\u00fcck: Gerettete Skulptur findet ihren Platz<\/a>\n                            <\/h3>\n                            <div class=\"jeg_post_meta\"><div class=\"jeg_meta_author\"><span class=\"by\">von<\/span> <a href=\"https:\/\/herzogtum-direkt.de\/index.php\/author\/admin_ir2rtpca\/\">Andreas Anders<\/a><\/div><div class=\"jeg_meta_date\"><a href=\"https:\/\/herzogtum-direkt.de\/index.php\/2026\/04\/18\/die-lesende-kehrt-zurueck-gerettete-skulptur-findet-ihren-platz\/\"><i class=\"fa fa-clock-o\"><\/i> April 18, 2026<\/a><\/div><div class=\"jeg_meta_comment\"><a href=\"https:\/\/herzogtum-direkt.de\/index.php\/2026\/04\/18\/die-lesende-kehrt-zurueck-gerettete-skulptur-findet-ihren-platz\/#comments\" ><i class=\"fa fa-comment-o\"><\/i> 0 <\/a><\/div><div class=\"jeg_meta_views\"><a href=\"https:\/\/herzogtum-direkt.de\/index.php\/2026\/04\/18\/die-lesende-kehrt-zurueck-gerettete-skulptur-findet-ihren-platz\/\" ><i class=\"fa fa-eye\"><\/i> 77 <\/a><\/div><\/div>\n                                <div class=\"jeg_post_excerpt\">\n                                    <p>Schmilau (aa\/pm). Nach monatelanger Abwesenheit ist die Skulptur Die Lesende des Bildhauers Karl-Heinz Goedke wieder an ihrem angestammten Ort: dem...<\/p>\n                                    <a href=\"https:\/\/herzogtum-direkt.de\/index.php\/2026\/04\/18\/die-lesende-kehrt-zurueck-gerettete-skulptur-findet-ihren-platz\/\" class=\"jeg_readmore\">Mehr lesen<span class=\"screen-reader-text\">Details<\/span><\/a>\n                                <\/div>\n                        <\/div>\n                    <\/div>\n                <\/article><article class=\"jeg_post jeg_pl_lg_card format-standard\">\n                    <div class=\"jeg_inner_post\">\n                        <div class=\"jeg_thumb\">\n                            \n                            <a href=\"https:\/\/herzogtum-direkt.de\/index.php\/2026\/04\/17\/dorfflohmarkt-in-harmsdorf-3\/\" aria-label=\"Read article: Dorfflohmarkt in Harmsdorf\"><div class=\"thumbnail-container animate-lazy  size-500 \"><img loading=\"lazy\" decoding=\"async\" width=\"1000\" height=\"551\" src=\"https:\/\/herzogtum-direkt.de\/wp-content\/themes\/jnews\/assets\/img\/jeg-empty.png\" class=\"attachment-jnews-1140x570 size-jnews-1140x570 lazyload wp-post-image\" alt=\"Zahn\u00e4rztliche Fr\u00fcherkennung bei Kindern jetzt auch im U-Heft\" sizes=\"(max-width: 1000px) 100vw, 1000px\" data-full-width=\"1000\" data-full-height=\"551\" data-src=\"https:\/\/herzogtum-direkt.de\/wp-content\/uploads\/2026\/02\/Ortsschild-Harmsdorf-1000x551.jpg\" data-srcset=\"https:\/\/herzogtum-direkt.de\/wp-content\/uploads\/2026\/02\/Ortsschild-Harmsdorf.jpg 1000w, https:\/\/herzogtum-direkt.de\/wp-content\/uploads\/2026\/02\/Ortsschild-Harmsdorf-600x331.jpg 600w, https:\/\/herzogtum-direkt.de\/wp-content\/uploads\/2026\/02\/Ortsschild-Harmsdorf-768x423.jpg 768w\" data-sizes=\"auto\" data-expand=\"700\" \/><\/div><\/a>\n                        <\/div>\n                        <div class=\"jeg_postblock_content\">\n                            <div class=\"jeg_post_category\">\n                                <span>\n                                    <a href=\"https:\/\/herzogtum-direkt.de\/index.php\/category\/herzogtum-lauenburg\/amt-lauenburgische-seen\/\">Amt Lauenburgische Seen<\/a>\n                                <\/span>\n                            <\/div>\n                            <h3 class=\"jeg_post_title\">\n                                <a href=\"https:\/\/herzogtum-direkt.de\/index.php\/2026\/04\/17\/dorfflohmarkt-in-harmsdorf-3\/\">Dorfflohmarkt in Harmsdorf<\/a>\n                            <\/h3>\n                            <div class=\"jeg_post_meta\"><div class=\"jeg_meta_author\"><span class=\"by\">von<\/span> <a href=\"https:\/\/herzogtum-direkt.de\/index.php\/author\/pressemitteilung\/\">Pressemitteilung<\/a><\/div><div class=\"jeg_meta_date\"><a href=\"https:\/\/herzogtum-direkt.de\/index.php\/2026\/04\/17\/dorfflohmarkt-in-harmsdorf-3\/\"><i class=\"fa fa-clock-o\"><\/i> April 17, 2026<\/a><\/div><div class=\"jeg_meta_comment\"><a href=\"https:\/\/herzogtum-direkt.de\/index.php\/2026\/04\/17\/dorfflohmarkt-in-harmsdorf-3\/#comments\" ><i class=\"fa fa-comment-o\"><\/i> 0 <\/a><\/div><div class=\"jeg_meta_views\"><a href=\"https:\/\/herzogtum-direkt.de\/index.php\/2026\/04\/17\/dorfflohmarkt-in-harmsdorf-3\/\" ><i class=\"fa fa-eye\"><\/i> 125 <\/a><\/div><\/div>\n                                <div class=\"jeg_post_excerpt\">\n                                    <p>Harmsdorf (pm\/aa). Am Sonntag, 3. Mai 2026, findet in der Gemeinde Harmsdorf der traditionelle Dorfflohmarkt statt. Von 9 bis 14...<\/p>\n                                    <a href=\"https:\/\/herzogtum-direkt.de\/index.php\/2026\/04\/17\/dorfflohmarkt-in-harmsdorf-3\/\" class=\"jeg_readmore\">Mehr lesen<span class=\"screen-reader-text\">Details<\/span><\/a>\n                                <\/div>\n                        <\/div>\n                    <\/div>\n                <\/article><article class=\"jeg_post jeg_pl_lg_card format-standard\">\n                    <div class=\"jeg_inner_post\">\n                        <div class=\"jeg_thumb\">\n                            \n                            <a href=\"https:\/\/herzogtum-direkt.de\/index.php\/2026\/04\/12\/grosszuegige-spende-fuer-den-kindergarten-buchholz\/\" aria-label=\"Read article: Gro\u00dfz\u00fcgige Spende f\u00fcr den Kindergarten Buchholz\"><div class=\"thumbnail-container animate-lazy  size-500 \"><img loading=\"lazy\" decoding=\"async\" width=\"750\" height=\"388\" src=\"https:\/\/herzogtum-direkt.de\/wp-content\/themes\/jnews\/assets\/img\/jeg-empty.png\" class=\"attachment-jnews-1140x570 size-jnews-1140x570 lazyload wp-post-image\" alt=\"Gro\u00dfz\u00fcgige Spende f\u00fcr den Kindergarten Buchholz\" sizes=\"(max-width: 750px) 100vw, 750px\" data-full-width=\"750\" data-full-height=\"388\" data-src=\"https:\/\/herzogtum-direkt.de\/wp-content\/uploads\/2026\/04\/Welling-1-750x388.jpg\" data-srcset=\"https:\/\/herzogtum-direkt.de\/wp-content\/uploads\/2026\/04\/Welling-1.jpg 750w, https:\/\/herzogtum-direkt.de\/wp-content\/uploads\/2026\/04\/Welling-1-600x310.jpg 600w\" data-sizes=\"auto\" data-expand=\"700\" \/><\/div><\/a>\n                        <\/div>\n                        <div class=\"jeg_postblock_content\">\n                            <div class=\"jeg_post_category\">\n                                <span>\n                                    <a href=\"https:\/\/herzogtum-direkt.de\/index.php\/category\/herzogtum-lauenburg\/amt-lauenburgische-seen\/\">Amt Lauenburgische Seen<\/a>\n                                <\/span>\n                            <\/div>\n                            <h3 class=\"jeg_post_title\">\n                                <a href=\"https:\/\/herzogtum-direkt.de\/index.php\/2026\/04\/12\/grosszuegige-spende-fuer-den-kindergarten-buchholz\/\">Gro\u00dfz\u00fcgige Spende f\u00fcr den Kindergarten Buchholz<\/a>\n                            <\/h3>\n                            <div class=\"jeg_post_meta\"><div class=\"jeg_meta_author\"><span class=\"by\">von<\/span> <a href=\"https:\/\/herzogtum-direkt.de\/index.php\/author\/pressemitteilung\/\">Pressemitteilung<\/a><\/div><div class=\"jeg_meta_date\"><a href=\"https:\/\/herzogtum-direkt.de\/index.php\/2026\/04\/12\/grosszuegige-spende-fuer-den-kindergarten-buchholz\/\"><i class=\"fa fa-clock-o\"><\/i> April 12, 2026<\/a><\/div><div class=\"jeg_meta_comment\"><a href=\"https:\/\/herzogtum-direkt.de\/index.php\/2026\/04\/12\/grosszuegige-spende-fuer-den-kindergarten-buchholz\/#comments\" ><i class=\"fa fa-comment-o\"><\/i> 0 <\/a><\/div><div class=\"jeg_meta_views\"><a href=\"https:\/\/herzogtum-direkt.de\/index.php\/2026\/04\/12\/grosszuegige-spende-fuer-den-kindergarten-buchholz\/\" ><i class=\"fa fa-eye\"><\/i> 216 <\/a><\/div><\/div>\n                                <div class=\"jeg_post_excerpt\">\n                                    <p>Buchholz (pm). Eine besondere Freude bereitete Ingo Welling dem F\u00f6rderverein des Kindergartens Buchholz mit einer gro\u00dfz\u00fcgigen Spende in H\u00f6he von...<\/p>\n                                    <a href=\"https:\/\/herzogtum-direkt.de\/index.php\/2026\/04\/12\/grosszuegige-spende-fuer-den-kindergarten-buchholz\/\" class=\"jeg_readmore\">Mehr lesen<span class=\"screen-reader-text\">Details<\/span><\/a>\n                                <\/div>\n                        <\/div>\n                    <\/div>\n                <\/article><article class=\"jeg_post jeg_pl_lg_card format-standard\">\n                    <div class=\"jeg_inner_post\">\n                        <div class=\"jeg_thumb\">\n                            \n                            <a href=\"https:\/\/herzogtum-direkt.de\/index.php\/2026\/04\/10\/land-investiert-fast-130-millionen-euro-in-die-infrastruktur-in-schleswig-holsteins-suedosten\/\" aria-label=\"Read article: Land investiert fast 130 Millionen Euro in die Infrastruktur in Schleswig-Holsteins S\u00fcdosten\"><div class=\"thumbnail-container animate-lazy  size-500 \"><img loading=\"lazy\" decoding=\"async\" width=\"1000\" height=\"563\" src=\"https:\/\/herzogtum-direkt.de\/wp-content\/themes\/jnews\/assets\/img\/jeg-empty.png\" class=\"attachment-jnews-1140x570 size-jnews-1140x570 lazyload wp-post-image\" alt=\"Land investiert fast 130 Millionen Euro in die Infrastruktur in Schleswig-Holsteins S\u00fcdosten\" sizes=\"(max-width: 1000px) 100vw, 1000px\" data-full-width=\"1000\" data-full-height=\"563\" data-src=\"https:\/\/herzogtum-direkt.de\/wp-content\/uploads\/2026\/04\/Baukarte-1000x563.jpg\" data-srcset=\"https:\/\/herzogtum-direkt.de\/wp-content\/uploads\/2026\/04\/Baukarte.jpg 1000w, https:\/\/herzogtum-direkt.de\/wp-content\/uploads\/2026\/04\/Baukarte-600x338.jpg 600w, https:\/\/herzogtum-direkt.de\/wp-content\/uploads\/2026\/04\/Baukarte-768x432.jpg 768w\" data-sizes=\"auto\" data-expand=\"700\" \/><\/div><\/a>\n                        <\/div>\n                        <div class=\"jeg_postblock_content\">\n                            <div class=\"jeg_post_category\">\n                                <span>\n                                    <a href=\"https:\/\/herzogtum-direkt.de\/index.php\/category\/herzogtum-lauenburg\/amt-lauenburgische-seen\/\">Amt Lauenburgische Seen<\/a>\n                                <\/span>\n                            <\/div>\n                            <h3 class=\"jeg_post_title\">\n                                <a href=\"https:\/\/herzogtum-direkt.de\/index.php\/2026\/04\/10\/land-investiert-fast-130-millionen-euro-in-die-infrastruktur-in-schleswig-holsteins-suedosten\/\">Land investiert fast 130 Millionen Euro in die Infrastruktur in Schleswig-Holsteins S\u00fcdosten<\/a>\n                            <\/h3>\n                            <div class=\"jeg_post_meta\"><div class=\"jeg_meta_author\"><span class=\"by\">von<\/span> <a href=\"https:\/\/herzogtum-direkt.de\/index.php\/author\/pressemitteilung\/\">Pressemitteilung<\/a><\/div><div class=\"jeg_meta_date\"><a href=\"https:\/\/herzogtum-direkt.de\/index.php\/2026\/04\/10\/land-investiert-fast-130-millionen-euro-in-die-infrastruktur-in-schleswig-holsteins-suedosten\/\"><i class=\"fa fa-clock-o\"><\/i> April 10, 2026<\/a><\/div><div class=\"jeg_meta_comment\"><a href=\"https:\/\/herzogtum-direkt.de\/index.php\/2026\/04\/10\/land-investiert-fast-130-millionen-euro-in-die-infrastruktur-in-schleswig-holsteins-suedosten\/#comments\" ><i class=\"fa fa-comment-o\"><\/i> 0 <\/a><\/div><div class=\"jeg_meta_views\"><a href=\"https:\/\/herzogtum-direkt.de\/index.php\/2026\/04\/10\/land-investiert-fast-130-millionen-euro-in-die-infrastruktur-in-schleswig-holsteins-suedosten\/\" ><i class=\"fa fa-eye\"><\/i> 171 <\/a><\/div><\/div>\n                                <div class=\"jeg_post_excerpt\">\n                                    <p>Herzogtum Lauenburg (pm\/aa). In den Kreisen Ostholstein, Stormarn, Herzogtum-Lauenburg sowie in L\u00fcbeck werden 2026 allein vom Landesbetrieb Stra\u00dfenbau und Verkehr...<\/p>\n                                    <a href=\"https:\/\/herzogtum-direkt.de\/index.php\/2026\/04\/10\/land-investiert-fast-130-millionen-euro-in-die-infrastruktur-in-schleswig-holsteins-suedosten\/\" class=\"jeg_readmore\">Mehr lesen<span class=\"screen-reader-text\">Details<\/span><\/a>\n                                <\/div>\n                        <\/div>\n                    <\/div>\n                <\/article><article class=\"jeg_post jeg_pl_lg_card format-standard\">\n                    <div class=\"jeg_inner_post\">\n                        <div class=\"jeg_thumb\">\n                            \n                            <a href=\"https:\/\/herzogtum-direkt.de\/index.php\/2026\/04\/08\/buergerinitiative-naturpark-statt-windpark-wehrt-sich-gegen-windkraftanlagen-im-naturpark-lauenburgische-seen\/\" aria-label=\"Read article: B\u00fcrgerinitiative \u201eNaturpark statt Windpark\u201c wehrt sich gegen Windkraftanlagen im Naturpark Lauenburgische Seen\"><div class=\"thumbnail-container animate-lazy  size-500 \"><img loading=\"lazy\" decoding=\"async\" width=\"1140\" height=\"570\" src=\"https:\/\/herzogtum-direkt.de\/wp-content\/themes\/jnews\/assets\/img\/jeg-empty.png\" class=\"attachment-jnews-1140x570 size-jnews-1140x570 lazyload wp-post-image\" alt=\"Windenergieplanung: Landesregierung schl\u00e4gt Fahrplan f\u00fcr 3. Planentwurf vor\" sizes=\"(max-width: 1140px) 100vw, 1140px\" data-full-width=\"1280\" data-full-height=\"647\" data-src=\"https:\/\/herzogtum-direkt.de\/wp-content\/uploads\/2019\/01\/Windrad-1140x570.jpg\" data-srcset=\"https:\/\/herzogtum-direkt.de\/wp-content\/uploads\/2019\/01\/Windrad-1140x570.jpg 1140w, https:\/\/herzogtum-direkt.de\/wp-content\/uploads\/2019\/01\/Windrad-360x180.jpg 360w, https:\/\/herzogtum-direkt.de\/wp-content\/uploads\/2019\/01\/Windrad-750x375.jpg 750w\" data-sizes=\"auto\" data-expand=\"700\" \/><\/div><\/a>\n                        <\/div>\n                        <div class=\"jeg_postblock_content\">\n                            <div class=\"jeg_post_category\">\n                                <span>\n                                    <a href=\"https:\/\/herzogtum-direkt.de\/index.php\/category\/herzogtum-lauenburg\/amt-lauenburgische-seen\/\">Amt Lauenburgische Seen<\/a>\n                                <\/span>\n                            <\/div>\n                            <h3 class=\"jeg_post_title\">\n                                <a href=\"https:\/\/herzogtum-direkt.de\/index.php\/2026\/04\/08\/buergerinitiative-naturpark-statt-windpark-wehrt-sich-gegen-windkraftanlagen-im-naturpark-lauenburgische-seen\/\">B\u00fcrgerinitiative \u201eNaturpark statt Windpark\u201c wehrt sich gegen Windkraftanlagen im Naturpark Lauenburgische Seen<\/a>\n                            <\/h3>\n                            <div class=\"jeg_post_meta\"><div class=\"jeg_meta_author\"><span class=\"by\">von<\/span> <a href=\"https:\/\/herzogtum-direkt.de\/index.php\/author\/admin_ir2rtpca\/\">Andreas Anders<\/a><\/div><div class=\"jeg_meta_date\"><a href=\"https:\/\/herzogtum-direkt.de\/index.php\/2026\/04\/08\/buergerinitiative-naturpark-statt-windpark-wehrt-sich-gegen-windkraftanlagen-im-naturpark-lauenburgische-seen\/\"><i class=\"fa fa-clock-o\"><\/i> April 8, 2026<\/a><\/div><div class=\"jeg_meta_comment\"><a href=\"https:\/\/herzogtum-direkt.de\/index.php\/2026\/04\/08\/buergerinitiative-naturpark-statt-windpark-wehrt-sich-gegen-windkraftanlagen-im-naturpark-lauenburgische-seen\/#comments\" ><i class=\"fa fa-comment-o\"><\/i> 0 <\/a><\/div><div class=\"jeg_meta_views\"><a href=\"https:\/\/herzogtum-direkt.de\/index.php\/2026\/04\/08\/buergerinitiative-naturpark-statt-windpark-wehrt-sich-gegen-windkraftanlagen-im-naturpark-lauenburgische-seen\/\" ><i class=\"fa fa-eye\"><\/i> 748 <\/a><\/div><\/div>\n                                <div class=\"jeg_post_excerpt\">\n                                    <p>Herzogtum Lauenburg (aa). Die B\u00fcrgerinitiative \u201eNaturpark statt Windpark\u201c wendet sich gegen Pl\u00e4ne der Landesregierung, im Naturpark Lauenburgische Seen gro\u00dfe Vorrangfl\u00e4chen...<\/p>\n                                    <a href=\"https:\/\/herzogtum-direkt.de\/index.php\/2026\/04\/08\/buergerinitiative-naturpark-statt-windpark-wehrt-sich-gegen-windkraftanlagen-im-naturpark-lauenburgische-seen\/\" class=\"jeg_readmore\">Mehr lesen<span class=\"screen-reader-text\">Details<\/span><\/a>\n                                <\/div>\n                        <\/div>\n                    <\/div>\n                <\/article><article class=\"jeg_post jeg_pl_lg_card format-standard\">\n                    <div class=\"jeg_inner_post\">\n                        <div class=\"jeg_thumb\">\n                            \n                            <a href=\"https:\/\/herzogtum-direkt.de\/index.php\/2026\/04\/05\/drk-im-herzogtum-lauenburg-wirbt-um-neue-mitglieder\/\" aria-label=\"Read article: DRK im Herzogtum Lauenburg wirbt um neue Mitglieder\"><div class=\"thumbnail-container animate-lazy  size-500 \"><img loading=\"lazy\" decoding=\"async\" width=\"923\" height=\"570\" src=\"https:\/\/herzogtum-direkt.de\/wp-content\/themes\/jnews\/assets\/img\/jeg-empty.png\" class=\"attachment-jnews-1140x570 size-jnews-1140x570 lazyload wp-post-image\" alt=\"Umfassende Beratungsangebote f\u00fcr Kulturschaffende\" data-full-width=\"923\" data-full-height=\"615\" data-src=\"https:\/\/herzogtum-direkt.de\/wp-content\/uploads\/2021\/11\/Aktuelles-20211022_132336-1-923x570.jpg\" data-srcset=\"\" data-sizes=\"auto\" data-expand=\"700\" \/><\/div><\/a>\n                        <\/div>\n                        <div class=\"jeg_postblock_content\">\n                            <div class=\"jeg_post_category\">\n                                <span>\n                                    <a href=\"https:\/\/herzogtum-direkt.de\/index.php\/category\/herzogtum-lauenburg\/amt-berkenthin\/\">Amt Berkenthin<\/a>\n                                <\/span>\n                            <\/div>\n                            <h3 class=\"jeg_post_title\">\n                                <a href=\"https:\/\/herzogtum-direkt.de\/index.php\/2026\/04\/05\/drk-im-herzogtum-lauenburg-wirbt-um-neue-mitglieder\/\">DRK im Herzogtum Lauenburg wirbt um neue Mitglieder<\/a>\n                            <\/h3>\n                            <div class=\"jeg_post_meta\"><div class=\"jeg_meta_author\"><span class=\"by\">von<\/span> <a href=\"https:\/\/herzogtum-direkt.de\/index.php\/author\/pressemitteilung\/\">Pressemitteilung<\/a><\/div><div class=\"jeg_meta_date\"><a href=\"https:\/\/herzogtum-direkt.de\/index.php\/2026\/04\/05\/drk-im-herzogtum-lauenburg-wirbt-um-neue-mitglieder\/\"><i class=\"fa fa-clock-o\"><\/i> April 5, 2026<\/a><\/div><div class=\"jeg_meta_comment\"><a href=\"https:\/\/herzogtum-direkt.de\/index.php\/2026\/04\/05\/drk-im-herzogtum-lauenburg-wirbt-um-neue-mitglieder\/#comments\" ><i class=\"fa fa-comment-o\"><\/i> 0 <\/a><\/div><div class=\"jeg_meta_views\"><a href=\"https:\/\/herzogtum-direkt.de\/index.php\/2026\/04\/05\/drk-im-herzogtum-lauenburg-wirbt-um-neue-mitglieder\/\" ><i class=\"fa fa-eye\"><\/i> 123 <\/a><\/div><\/div>\n                                <div class=\"jeg_post_excerpt\">\n                                    <p>Herzogtum Lauenburg (pm). Vom 13. April bis zum 10. Mai 2026 geht das Deutsche Rote Kreuz (DRK) im Kreis Herzogtum...<\/p>\n                                    <a href=\"https:\/\/herzogtum-direkt.de\/index.php\/2026\/04\/05\/drk-im-herzogtum-lauenburg-wirbt-um-neue-mitglieder\/\" class=\"jeg_readmore\">Mehr lesen<span class=\"screen-reader-text\">Details<\/span><\/a>\n                                <\/div>\n                        <\/div>\n                    <\/div>\n                <\/article><article class=\"jeg_post jeg_pl_lg_card format-standard\">\n                    <div class=\"jeg_inner_post\">\n                        <div class=\"jeg_thumb\">\n                            \n                            <a href=\"https:\/\/herzogtum-direkt.de\/index.php\/2026\/03\/31\/sterley-festnahme-nach-betrug\/\" aria-label=\"Read article: Sterley: Festnahme nach Betrug\"><div class=\"thumbnail-container animate-lazy  size-500 \"><img loading=\"lazy\" decoding=\"async\" width=\"1000\" height=\"563\" src=\"https:\/\/herzogtum-direkt.de\/wp-content\/themes\/jnews\/assets\/img\/jeg-empty.png\" class=\"attachment-jnews-1140x570 size-jnews-1140x570 lazyload wp-post-image\" alt=\"Zeugen nach Verkehrsunfallflucht gesucht\" sizes=\"(max-width: 1000px) 100vw, 1000px\" data-full-width=\"1000\" data-full-height=\"563\" data-src=\"https:\/\/herzogtum-direkt.de\/wp-content\/uploads\/2023\/03\/Polizei-Unfall-Blaulicht-Pixabay-1000x563.jpg\" data-srcset=\"https:\/\/herzogtum-direkt.de\/wp-content\/uploads\/2023\/03\/Polizei-Unfall-Blaulicht-Pixabay.jpg 1000w, https:\/\/herzogtum-direkt.de\/wp-content\/uploads\/2023\/03\/Polizei-Unfall-Blaulicht-Pixabay-300x169.jpg 300w, https:\/\/herzogtum-direkt.de\/wp-content\/uploads\/2023\/03\/Polizei-Unfall-Blaulicht-Pixabay-768x432.jpg 768w, https:\/\/herzogtum-direkt.de\/wp-content\/uploads\/2023\/03\/Polizei-Unfall-Blaulicht-Pixabay-750x422.jpg 750w\" data-sizes=\"auto\" data-expand=\"700\" \/><\/div><\/a>\n                        <\/div>\n                        <div class=\"jeg_postblock_content\">\n                            <div class=\"jeg_post_category\">\n                                <span>\n                                    <a href=\"https:\/\/herzogtum-direkt.de\/index.php\/category\/herzogtum-lauenburg\/amt-lauenburgische-seen\/\">Amt Lauenburgische Seen<\/a>\n                                <\/span>\n                            <\/div>\n                            <h3 class=\"jeg_post_title\">\n                                <a href=\"https:\/\/herzogtum-direkt.de\/index.php\/2026\/03\/31\/sterley-festnahme-nach-betrug\/\">Sterley: Festnahme nach Betrug<\/a>\n                            <\/h3>\n                            <div class=\"jeg_post_meta\"><div class=\"jeg_meta_author\"><span class=\"by\">von<\/span> <a href=\"https:\/\/herzogtum-direkt.de\/index.php\/author\/pressemitteilung\/\">Pressemitteilung<\/a><\/div><div class=\"jeg_meta_date\"><a href=\"https:\/\/herzogtum-direkt.de\/index.php\/2026\/03\/31\/sterley-festnahme-nach-betrug\/\"><i class=\"fa fa-clock-o\"><\/i> M\u00e4rz 31, 2026<\/a><\/div><div class=\"jeg_meta_comment\"><a href=\"https:\/\/herzogtum-direkt.de\/index.php\/2026\/03\/31\/sterley-festnahme-nach-betrug\/#comments\" ><i class=\"fa fa-comment-o\"><\/i> 0 <\/a><\/div><div class=\"jeg_meta_views\"><a href=\"https:\/\/herzogtum-direkt.de\/index.php\/2026\/03\/31\/sterley-festnahme-nach-betrug\/\" ><i class=\"fa fa-eye\"><\/i> 113 <\/a><\/div><\/div>\n                                <div class=\"jeg_post_excerpt\">\n                                    <p>Sterley (pm).\u00a0Am 27. M\u00e4rz 2026 meldete sich eine \u00fcber 70-j\u00e4hrige Frau bei der Polizei und gab an, dass sie offenbar...<\/p>\n                                    <a href=\"https:\/\/herzogtum-direkt.de\/index.php\/2026\/03\/31\/sterley-festnahme-nach-betrug\/\" class=\"jeg_readmore\">Mehr lesen<span class=\"screen-reader-text\">Details<\/span><\/a>\n                                <\/div>\n                        <\/div>\n                    <\/div>\n                <\/article><article class=\"jeg_post jeg_pl_lg_card format-standard\">\n                    <div class=\"jeg_inner_post\">\n                        <div class=\"jeg_thumb\">\n                            \n                            <a href=\"https:\/\/herzogtum-direkt.de\/index.php\/2026\/03\/28\/traditionelles-osterfeuer-der-freiwilligen-feuerwehr-schmilau\/\" aria-label=\"Read article: Traditionelles Osterfeuer der Freiwilligen Feuerwehr Schmilau\"><div class=\"thumbnail-container animate-lazy  size-500 \"><img loading=\"lazy\" decoding=\"async\" width=\"1000\" height=\"568\" src=\"https:\/\/herzogtum-direkt.de\/wp-content\/themes\/jnews\/assets\/img\/jeg-empty.png\" class=\"attachment-jnews-1140x570 size-jnews-1140x570 lazyload wp-post-image\" alt=\"Traditionelles Osterfeuer der Freiwilligen Feuerwehr Schmilau\" sizes=\"(max-width: 1000px) 100vw, 1000px\" data-full-width=\"1000\" data-full-height=\"568\" data-src=\"https:\/\/herzogtum-direkt.de\/wp-content\/uploads\/2026\/03\/Osterfeuer-1000x568.jpg\" data-srcset=\"https:\/\/herzogtum-direkt.de\/wp-content\/uploads\/2026\/03\/Osterfeuer.jpg 1000w, https:\/\/herzogtum-direkt.de\/wp-content\/uploads\/2026\/03\/Osterfeuer-600x341.jpg 600w, https:\/\/herzogtum-direkt.de\/wp-content\/uploads\/2026\/03\/Osterfeuer-768x436.jpg 768w\" data-sizes=\"auto\" data-expand=\"700\" \/><\/div><\/a>\n                        <\/div>\n                        <div class=\"jeg_postblock_content\">\n                            <div class=\"jeg_post_category\">\n                                <span>\n                                    <a href=\"https:\/\/herzogtum-direkt.de\/index.php\/category\/herzogtum-lauenburg\/amt-lauenburgische-seen\/\">Amt Lauenburgische Seen<\/a>\n                                <\/span>\n                            <\/div>\n                            <h3 class=\"jeg_post_title\">\n                                <a href=\"https:\/\/herzogtum-direkt.de\/index.php\/2026\/03\/28\/traditionelles-osterfeuer-der-freiwilligen-feuerwehr-schmilau\/\">Traditionelles Osterfeuer der Freiwilligen Feuerwehr Schmilau<\/a>\n                            <\/h3>\n                            <div class=\"jeg_post_meta\"><div class=\"jeg_meta_author\"><span class=\"by\">von<\/span> <a href=\"https:\/\/herzogtum-direkt.de\/index.php\/author\/admin_ir2rtpca\/\">Andreas Anders<\/a><\/div><div class=\"jeg_meta_date\"><a href=\"https:\/\/herzogtum-direkt.de\/index.php\/2026\/03\/28\/traditionelles-osterfeuer-der-freiwilligen-feuerwehr-schmilau\/\"><i class=\"fa fa-clock-o\"><\/i> M\u00e4rz 28, 2026<\/a><\/div><div class=\"jeg_meta_comment\"><a href=\"https:\/\/herzogtum-direkt.de\/index.php\/2026\/03\/28\/traditionelles-osterfeuer-der-freiwilligen-feuerwehr-schmilau\/#comments\" ><i class=\"fa fa-comment-o\"><\/i> 0 <\/a><\/div><div class=\"jeg_meta_views\"><a href=\"https:\/\/herzogtum-direkt.de\/index.php\/2026\/03\/28\/traditionelles-osterfeuer-der-freiwilligen-feuerwehr-schmilau\/\" ><i class=\"fa fa-eye\"><\/i> 180 <\/a><\/div><\/div>\n                                <div class=\"jeg_post_excerpt\">\n                                    <p>Schmilau (aa). Am Gr\u00fcndonnerstag, 2. April 2026, l\u00e4dt die Freiwillige Feuerwehr Schmilau ab 19 Uhr zum traditionellen Osterfeuer ein. Das...<\/p>\n                                    <a href=\"https:\/\/herzogtum-direkt.de\/index.php\/2026\/03\/28\/traditionelles-osterfeuer-der-freiwilligen-feuerwehr-schmilau\/\" class=\"jeg_readmore\">Mehr lesen<span class=\"screen-reader-text\">Details<\/span><\/a>\n                                <\/div>\n                        <\/div>\n                    <\/div>\n                <\/article><article class=\"jeg_post jeg_pl_lg_card format-standard\">\n                    <div class=\"jeg_inner_post\">\n                        <div class=\"jeg_thumb\">\n                            \n                            <a href=\"https:\/\/herzogtum-direkt.de\/index.php\/2026\/03\/24\/spd-herzogtum-lauenburg-und-fraktion-lehnen-elternbeitraege-bei-schuelerbefoerderung-weiterhin-ab\/\" aria-label=\"Read article: SPD-Herzogtum Lauenburg und Fraktion lehnen Elternbeitr\u00e4ge bei Sch\u00fclerbef\u00f6rderung weiterhin ab!\"><div class=\"thumbnail-container animate-lazy  size-500 \"><img loading=\"lazy\" decoding=\"async\" width=\"1000\" height=\"562\" src=\"https:\/\/herzogtum-direkt.de\/wp-content\/themes\/jnews\/assets\/img\/jeg-empty.png\" class=\"attachment-jnews-1140x570 size-jnews-1140x570 lazyload wp-post-image\" alt=\"M\u00f6lln setzt ein starkes Zeichen f\u00fcr Inklusion\" sizes=\"(max-width: 1000px) 100vw, 1000px\" data-full-width=\"1000\" data-full-height=\"562\" data-src=\"https:\/\/herzogtum-direkt.de\/wp-content\/uploads\/2026\/03\/David-Welsch_Cira-Ahmad-1000x562.jpg\" data-srcset=\"https:\/\/herzogtum-direkt.de\/wp-content\/uploads\/2026\/03\/David-Welsch_Cira-Ahmad.jpg 1000w, https:\/\/herzogtum-direkt.de\/wp-content\/uploads\/2026\/03\/David-Welsch_Cira-Ahmad-600x337.jpg 600w, https:\/\/herzogtum-direkt.de\/wp-content\/uploads\/2026\/03\/David-Welsch_Cira-Ahmad-768x432.jpg 768w\" data-sizes=\"auto\" data-expand=\"700\" \/><\/div><\/a>\n                        <\/div>\n                        <div class=\"jeg_postblock_content\">\n                            <div class=\"jeg_post_category\">\n                                <span>\n                                    <a href=\"https:\/\/herzogtum-direkt.de\/index.php\/category\/herzogtum-lauenburg\/amt-berkenthin\/\">Amt Berkenthin<\/a>\n                                <\/span>\n                            <\/div>\n                            <h3 class=\"jeg_post_title\">\n                                <a href=\"https:\/\/herzogtum-direkt.de\/index.php\/2026\/03\/24\/spd-herzogtum-lauenburg-und-fraktion-lehnen-elternbeitraege-bei-schuelerbefoerderung-weiterhin-ab\/\">SPD-Herzogtum Lauenburg und Fraktion lehnen Elternbeitr\u00e4ge bei Sch\u00fclerbef\u00f6rderung weiterhin ab!<\/a>\n                            <\/h3>\n                            <div class=\"jeg_post_meta\"><div class=\"jeg_meta_author\"><span class=\"by\">von<\/span> <a href=\"https:\/\/herzogtum-direkt.de\/index.php\/author\/pressemitteilung\/\">Pressemitteilung<\/a><\/div><div class=\"jeg_meta_date\"><a href=\"https:\/\/herzogtum-direkt.de\/index.php\/2026\/03\/24\/spd-herzogtum-lauenburg-und-fraktion-lehnen-elternbeitraege-bei-schuelerbefoerderung-weiterhin-ab\/\"><i class=\"fa fa-clock-o\"><\/i> M\u00e4rz 24, 2026<\/a><\/div><div class=\"jeg_meta_comment\"><a href=\"https:\/\/herzogtum-direkt.de\/index.php\/2026\/03\/24\/spd-herzogtum-lauenburg-und-fraktion-lehnen-elternbeitraege-bei-schuelerbefoerderung-weiterhin-ab\/#comments\" ><i class=\"fa fa-comment-o\"><\/i> 0 <\/a><\/div><div class=\"jeg_meta_views\"><a href=\"https:\/\/herzogtum-direkt.de\/index.php\/2026\/03\/24\/spd-herzogtum-lauenburg-und-fraktion-lehnen-elternbeitraege-bei-schuelerbefoerderung-weiterhin-ab\/\" ><i class=\"fa fa-eye\"><\/i> 318 <\/a><\/div><\/div>\n                                <div class=\"jeg_post_excerpt\">\n                                    <p>Herzogtum Lauenburg (pm).\u00a0Der SPD-Kreisverband und die SPD-Kreistagsfraktion bekr\u00e4ftigen ihr Nein zur Einf\u00fchrung einer Elternbeteiligung an den Sch\u00fclerbef\u00f6rderungskosten. Zum Hintergrund: Der...<\/p>\n                                    <a href=\"https:\/\/herzogtum-direkt.de\/index.php\/2026\/03\/24\/spd-herzogtum-lauenburg-und-fraktion-lehnen-elternbeitraege-bei-schuelerbefoerderung-weiterhin-ab\/\" class=\"jeg_readmore\">Mehr lesen<span class=\"screen-reader-text\">Details<\/span><\/a>\n                                <\/div>\n                        <\/div>\n                    <\/div>\n                <\/article><article class=\"jeg_post jeg_pl_lg_card format-standard\">\n                    <div class=\"jeg_inner_post\">\n                        <div class=\"jeg_thumb\">\n                            \n                            <a href=\"https:\/\/herzogtum-direkt.de\/index.php\/2026\/03\/14\/events-vor-der-haustuer-jetzt-auch-auf-herzogtum-direkt\/\" aria-label=\"Read article: Events vor der Haust\u00fcr \u2013 jetzt auch auf Herzogtum direkt\"><div class=\"thumbnail-container animate-lazy  size-500 \"><img loading=\"lazy\" decoding=\"async\" width=\"1000\" height=\"570\" src=\"https:\/\/herzogtum-direkt.de\/wp-content\/themes\/jnews\/assets\/img\/jeg-empty.png\" class=\"attachment-jnews-1140x570 size-jnews-1140x570 lazyload wp-post-image\" alt=\"Events vor der Haust\u00fcr \u2013 jetzt auch auf Herzogtum direkt\" data-full-width=\"1000\" data-full-height=\"661\" data-src=\"https:\/\/herzogtum-direkt.de\/wp-content\/uploads\/2026\/03\/team-tine-manu-1-1000x570.jpg\" data-srcset=\"\" data-sizes=\"auto\" data-expand=\"700\" \/><\/div><\/a>\n                        <\/div>\n                        <div class=\"jeg_postblock_content\">\n                            <div class=\"jeg_post_category\">\n                                <span>\n                                    <a href=\"https:\/\/herzogtum-direkt.de\/index.php\/category\/herzogtum-lauenburg\/amt-berkenthin\/\">Amt Berkenthin<\/a>\n                                <\/span>\n                            <\/div>\n                            <h3 class=\"jeg_post_title\">\n                                <a href=\"https:\/\/herzogtum-direkt.de\/index.php\/2026\/03\/14\/events-vor-der-haustuer-jetzt-auch-auf-herzogtum-direkt\/\">Events vor der Haust\u00fcr \u2013 jetzt auch auf Herzogtum direkt<\/a>\n                            <\/h3>\n                            <div class=\"jeg_post_meta\"><div class=\"jeg_meta_author\"><span class=\"by\">von<\/span> <a href=\"https:\/\/herzogtum-direkt.de\/index.php\/author\/pressemitteilung\/\">Pressemitteilung<\/a><\/div><div class=\"jeg_meta_date\"><a href=\"https:\/\/herzogtum-direkt.de\/index.php\/2026\/03\/14\/events-vor-der-haustuer-jetzt-auch-auf-herzogtum-direkt\/\"><i class=\"fa fa-clock-o\"><\/i> M\u00e4rz 14, 2026<\/a><\/div><div class=\"jeg_meta_comment\"><a href=\"https:\/\/herzogtum-direkt.de\/index.php\/2026\/03\/14\/events-vor-der-haustuer-jetzt-auch-auf-herzogtum-direkt\/#comments\" ><i class=\"fa fa-comment-o\"><\/i> 0 <\/a><\/div><div class=\"jeg_meta_views\"><a href=\"https:\/\/herzogtum-direkt.de\/index.php\/2026\/03\/14\/events-vor-der-haustuer-jetzt-auch-auf-herzogtum-direkt\/\" ><i class=\"fa fa-eye\"><\/i> 292 <\/a><\/div><\/div>\n                                <div class=\"jeg_post_excerpt\">\n                                    <p>Geesthacht (pm). Wer bisher wissen wollte, was am Wochenende vor der eigenen Haust\u00fcr passiert, musste oft erst einmal suchen: Instagram-Profile...<\/p>\n                                    <a href=\"https:\/\/herzogtum-direkt.de\/index.php\/2026\/03\/14\/events-vor-der-haustuer-jetzt-auch-auf-herzogtum-direkt\/\" class=\"jeg_readmore\">Mehr lesen<span class=\"screen-reader-text\">Details<\/span><\/a>\n                                <\/div>\n                        <\/div>\n                    <\/div>\n                <\/article><article class=\"jeg_post jeg_pl_lg_card format-standard\">\n                    <div class=\"jeg_inner_post\">\n                        <div class=\"jeg_thumb\">\n                            \n                            <a href=\"https:\/\/herzogtum-direkt.de\/index.php\/2026\/03\/13\/gemeindevertretung-mustin-beraet-ueber-neubaugebiet-feuerwehrgeraetehaus-und-maibaum\/\" aria-label=\"Read article: Gemeindevertretung Mustin ber\u00e4t \u00fcber Neubaugebiet, Feuerwehrger\u00e4tehaus und Maibaum\"><div class=\"thumbnail-container animate-lazy  size-500 \"><img loading=\"lazy\" decoding=\"async\" width=\"923\" height=\"570\" src=\"https:\/\/herzogtum-direkt.de\/wp-content\/themes\/jnews\/assets\/img\/jeg-empty.png\" class=\"attachment-jnews-1140x570 size-jnews-1140x570 lazyload wp-post-image\" alt=\"Umfassende Beratungsangebote f\u00fcr Kulturschaffende\" data-full-width=\"923\" data-full-height=\"615\" data-src=\"https:\/\/herzogtum-direkt.de\/wp-content\/uploads\/2021\/11\/Aktuelles-20211022_132336-1-923x570.jpg\" data-srcset=\"\" data-sizes=\"auto\" data-expand=\"700\" \/><\/div><\/a>\n                        <\/div>\n                        <div class=\"jeg_postblock_content\">\n                            <div class=\"jeg_post_category\">\n                                <span>\n                                    <a href=\"https:\/\/herzogtum-direkt.de\/index.php\/category\/herzogtum-lauenburg\/amt-lauenburgische-seen\/\">Amt Lauenburgische Seen<\/a>\n                                <\/span>\n                            <\/div>\n                            <h3 class=\"jeg_post_title\">\n                                <a href=\"https:\/\/herzogtum-direkt.de\/index.php\/2026\/03\/13\/gemeindevertretung-mustin-beraet-ueber-neubaugebiet-feuerwehrgeraetehaus-und-maibaum\/\">Gemeindevertretung Mustin ber\u00e4t \u00fcber Neubaugebiet, Feuerwehrger\u00e4tehaus und Maibaum<\/a>\n                            <\/h3>\n                            <div class=\"jeg_post_meta\"><div class=\"jeg_meta_author\"><span class=\"by\">von<\/span> <a href=\"https:\/\/herzogtum-direkt.de\/index.php\/author\/admin_ir2rtpca\/\">Andreas Anders<\/a><\/div><div class=\"jeg_meta_date\"><a href=\"https:\/\/herzogtum-direkt.de\/index.php\/2026\/03\/13\/gemeindevertretung-mustin-beraet-ueber-neubaugebiet-feuerwehrgeraetehaus-und-maibaum\/\"><i class=\"fa fa-clock-o\"><\/i> M\u00e4rz 13, 2026<\/a><\/div><div class=\"jeg_meta_comment\"><a href=\"https:\/\/herzogtum-direkt.de\/index.php\/2026\/03\/13\/gemeindevertretung-mustin-beraet-ueber-neubaugebiet-feuerwehrgeraetehaus-und-maibaum\/#comments\" ><i class=\"fa fa-comment-o\"><\/i> 0 <\/a><\/div><div class=\"jeg_meta_views\"><a href=\"https:\/\/herzogtum-direkt.de\/index.php\/2026\/03\/13\/gemeindevertretung-mustin-beraet-ueber-neubaugebiet-feuerwehrgeraetehaus-und-maibaum\/\" ><i class=\"fa fa-eye\"><\/i> 65 <\/a><\/div><\/div>\n                                <div class=\"jeg_post_excerpt\">\n                                    <p>Mustin (aa). Die Gemeindevertretung Mustin trifft sich am Mittwoch, 25. M\u00e4rz 2026, um 19.30 Uhr im \u201eUns D\u00f6rphuus\u201c (Dorfstra\u00dfe 57a)...<\/p>\n                                    <a href=\"https:\/\/herzogtum-direkt.de\/index.php\/2026\/03\/13\/gemeindevertretung-mustin-beraet-ueber-neubaugebiet-feuerwehrgeraetehaus-und-maibaum\/\" class=\"jeg_readmore\">Mehr lesen<span class=\"screen-reader-text\">Details<\/span><\/a>\n                                <\/div>\n                        <\/div>\n                    <\/div>\n                <\/article><article class=\"jeg_post jeg_pl_lg_card format-standard\">\n                    <div class=\"jeg_inner_post\">\n                        <div class=\"jeg_thumb\">\n                            \n                            <a href=\"https:\/\/herzogtum-direkt.de\/index.php\/2026\/03\/13\/gemeindevertretung-brunsmark-waehlt-neuen-buergermeister-und-besetzt-gremien\/\" aria-label=\"Read article: Gemeindevertretung Brunsmark w\u00e4hlt neuen B\u00fcrgermeister und besetzt Gremien\"><div class=\"thumbnail-container animate-lazy  size-500 \"><img loading=\"lazy\" decoding=\"async\" width=\"1000\" height=\"568\" src=\"https:\/\/herzogtum-direkt.de\/wp-content\/themes\/jnews\/assets\/img\/jeg-empty.png\" class=\"attachment-jnews-1140x570 size-jnews-1140x570 lazyload wp-post-image\" alt=\"Gemeindevertretung Brunsmark w\u00e4hlt neuen B\u00fcrgermeister und besetzt Gremien\" sizes=\"(max-width: 1000px) 100vw, 1000px\" data-full-width=\"1000\" data-full-height=\"568\" data-src=\"https:\/\/herzogtum-direkt.de\/wp-content\/uploads\/2026\/03\/Abstimmung-1000x568.jpg\" data-srcset=\"https:\/\/herzogtum-direkt.de\/wp-content\/uploads\/2026\/03\/Abstimmung.jpg 1000w, https:\/\/herzogtum-direkt.de\/wp-content\/uploads\/2026\/03\/Abstimmung-600x341.jpg 600w, https:\/\/herzogtum-direkt.de\/wp-content\/uploads\/2026\/03\/Abstimmung-768x436.jpg 768w\" data-sizes=\"auto\" data-expand=\"700\" \/><\/div><\/a>\n                        <\/div>\n                        <div class=\"jeg_postblock_content\">\n                            <div class=\"jeg_post_category\">\n                                <span>\n                                    <a href=\"https:\/\/herzogtum-direkt.de\/index.php\/category\/herzogtum-lauenburg\/amt-lauenburgische-seen\/\">Amt Lauenburgische Seen<\/a>\n                                <\/span>\n                            <\/div>\n                            <h3 class=\"jeg_post_title\">\n                                <a href=\"https:\/\/herzogtum-direkt.de\/index.php\/2026\/03\/13\/gemeindevertretung-brunsmark-waehlt-neuen-buergermeister-und-besetzt-gremien\/\">Gemeindevertretung Brunsmark w\u00e4hlt neuen B\u00fcrgermeister und besetzt Gremien<\/a>\n                            <\/h3>\n                            <div class=\"jeg_post_meta\"><div class=\"jeg_meta_author\"><span class=\"by\">von<\/span> <a href=\"https:\/\/herzogtum-direkt.de\/index.php\/author\/admin_ir2rtpca\/\">Andreas Anders<\/a><\/div><div class=\"jeg_meta_date\"><a href=\"https:\/\/herzogtum-direkt.de\/index.php\/2026\/03\/13\/gemeindevertretung-brunsmark-waehlt-neuen-buergermeister-und-besetzt-gremien\/\"><i class=\"fa fa-clock-o\"><\/i> M\u00e4rz 13, 2026<\/a><\/div><div class=\"jeg_meta_comment\"><a href=\"https:\/\/herzogtum-direkt.de\/index.php\/2026\/03\/13\/gemeindevertretung-brunsmark-waehlt-neuen-buergermeister-und-besetzt-gremien\/#comments\" ><i class=\"fa fa-comment-o\"><\/i> 0 <\/a><\/div><div class=\"jeg_meta_views\"><a href=\"https:\/\/herzogtum-direkt.de\/index.php\/2026\/03\/13\/gemeindevertretung-brunsmark-waehlt-neuen-buergermeister-und-besetzt-gremien\/\" ><i class=\"fa fa-eye\"><\/i> 80 <\/a><\/div><\/div>\n                                <div class=\"jeg_post_excerpt\">\n                                    <p>Brunsmark (pm). Die Gemeindevertretung Brunsmark kommt am Mittwoch, 18. M\u00e4rz 2026, um 18.30 Uhr im Feuerwehrger\u00e4tehaus zu einer konstituierenden Sitzung...<\/p>\n                                    <a href=\"https:\/\/herzogtum-direkt.de\/index.php\/2026\/03\/13\/gemeindevertretung-brunsmark-waehlt-neuen-buergermeister-und-besetzt-gremien\/\" class=\"jeg_readmore\">Mehr lesen<span class=\"screen-reader-text\">Details<\/span><\/a>\n                                <\/div>\n                        <\/div>\n                    <\/div>\n                <\/article><article class=\"jeg_post jeg_pl_lg_card format-standard\">\n                    <div class=\"jeg_inner_post\">\n                        <div class=\"jeg_thumb\">\n                            \n                            <a href=\"https:\/\/herzogtum-direkt.de\/index.php\/2026\/03\/06\/gemeindevertretung-harmsdorf-beraet-ueber-strassenbeleuchtung-und-winterdienst\/\" aria-label=\"Read article: Gemeindevertretung Harmsdorf ber\u00e4t \u00fcber Stra\u00dfenbeleuchtung und Winterdienst\"><div class=\"thumbnail-container animate-lazy  size-500 \"><img loading=\"lazy\" decoding=\"async\" width=\"1000\" height=\"551\" src=\"https:\/\/herzogtum-direkt.de\/wp-content\/themes\/jnews\/assets\/img\/jeg-empty.png\" class=\"attachment-jnews-1140x570 size-jnews-1140x570 lazyload wp-post-image\" alt=\"Zahn\u00e4rztliche Fr\u00fcherkennung bei Kindern jetzt auch im U-Heft\" sizes=\"(max-width: 1000px) 100vw, 1000px\" data-full-width=\"1000\" data-full-height=\"551\" data-src=\"https:\/\/herzogtum-direkt.de\/wp-content\/uploads\/2026\/02\/Ortsschild-Harmsdorf-1000x551.jpg\" data-srcset=\"https:\/\/herzogtum-direkt.de\/wp-content\/uploads\/2026\/02\/Ortsschild-Harmsdorf.jpg 1000w, https:\/\/herzogtum-direkt.de\/wp-content\/uploads\/2026\/02\/Ortsschild-Harmsdorf-600x331.jpg 600w, https:\/\/herzogtum-direkt.de\/wp-content\/uploads\/2026\/02\/Ortsschild-Harmsdorf-768x423.jpg 768w\" data-sizes=\"auto\" data-expand=\"700\" \/><\/div><\/a>\n                        <\/div>\n                        <div class=\"jeg_postblock_content\">\n                            <div class=\"jeg_post_category\">\n                                <span>\n                                    <a href=\"https:\/\/herzogtum-direkt.de\/index.php\/category\/herzogtum-lauenburg\/amt-lauenburgische-seen\/\">Amt Lauenburgische Seen<\/a>\n                                <\/span>\n                            <\/div>\n                            <h3 class=\"jeg_post_title\">\n                                <a href=\"https:\/\/herzogtum-direkt.de\/index.php\/2026\/03\/06\/gemeindevertretung-harmsdorf-beraet-ueber-strassenbeleuchtung-und-winterdienst\/\">Gemeindevertretung Harmsdorf ber\u00e4t \u00fcber Stra\u00dfenbeleuchtung und Winterdienst<\/a>\n                            <\/h3>\n                            <div class=\"jeg_post_meta\"><div class=\"jeg_meta_author\"><span class=\"by\">von<\/span> <a href=\"https:\/\/herzogtum-direkt.de\/index.php\/author\/admin_andreas\/\">Andreas Anders<\/a><\/div><div class=\"jeg_meta_date\"><a href=\"https:\/\/herzogtum-direkt.de\/index.php\/2026\/03\/06\/gemeindevertretung-harmsdorf-beraet-ueber-strassenbeleuchtung-und-winterdienst\/\"><i class=\"fa fa-clock-o\"><\/i> M\u00e4rz 6, 2026<\/a><\/div><div class=\"jeg_meta_comment\"><a href=\"https:\/\/herzogtum-direkt.de\/index.php\/2026\/03\/06\/gemeindevertretung-harmsdorf-beraet-ueber-strassenbeleuchtung-und-winterdienst\/#comments\" ><i class=\"fa fa-comment-o\"><\/i> 0 <\/a><\/div><div class=\"jeg_meta_views\"><a href=\"https:\/\/herzogtum-direkt.de\/index.php\/2026\/03\/06\/gemeindevertretung-harmsdorf-beraet-ueber-strassenbeleuchtung-und-winterdienst\/\" ><i class=\"fa fa-eye\"><\/i> 46 <\/a><\/div><\/div>\n                                <div class=\"jeg_post_excerpt\">\n                                    <p>Harmsdorf (aa). Die Gemeindevertretung Harmsdorf tritt am Donnerstag, 12. M\u00e4rz 2026, um 19.30 Uhr im Dorfzentrum (Dorfstra\u00dfe 4a) zu ihrer...<\/p>\n                                    <a href=\"https:\/\/herzogtum-direkt.de\/index.php\/2026\/03\/06\/gemeindevertretung-harmsdorf-beraet-ueber-strassenbeleuchtung-und-winterdienst\/\" class=\"jeg_readmore\">Mehr lesen<span class=\"screen-reader-text\">Details<\/span><\/a>\n                                <\/div>\n                        <\/div>\n                    <\/div>\n                <\/article><article class=\"jeg_post jeg_pl_lg_card format-standard\">\n                    <div class=\"jeg_inner_post\">\n                        <div class=\"jeg_thumb\">\n                            \n                            <a href=\"https:\/\/herzogtum-direkt.de\/index.php\/2026\/03\/03\/schwerverletzte-frau-nach-unfall-bei-fredeburg\/\" aria-label=\"Read article: Schwerverletzte Frau nach Unfall bei Fredeburg\"><div class=\"thumbnail-container animate-lazy  size-500 \"><img loading=\"lazy\" decoding=\"async\" width=\"1000\" height=\"563\" src=\"https:\/\/herzogtum-direkt.de\/wp-content\/themes\/jnews\/assets\/img\/jeg-empty.png\" class=\"attachment-jnews-1140x570 size-jnews-1140x570 lazyload wp-post-image\" alt=\"Zeugen nach Verkehrsunfallflucht gesucht\" sizes=\"(max-width: 1000px) 100vw, 1000px\" data-full-width=\"1000\" data-full-height=\"563\" data-src=\"https:\/\/herzogtum-direkt.de\/wp-content\/uploads\/2023\/03\/Polizei-Unfall-Blaulicht-Pixabay-1000x563.jpg\" data-srcset=\"https:\/\/herzogtum-direkt.de\/wp-content\/uploads\/2023\/03\/Polizei-Unfall-Blaulicht-Pixabay.jpg 1000w, https:\/\/herzogtum-direkt.de\/wp-content\/uploads\/2023\/03\/Polizei-Unfall-Blaulicht-Pixabay-300x169.jpg 300w, https:\/\/herzogtum-direkt.de\/wp-content\/uploads\/2023\/03\/Polizei-Unfall-Blaulicht-Pixabay-768x432.jpg 768w, https:\/\/herzogtum-direkt.de\/wp-content\/uploads\/2023\/03\/Polizei-Unfall-Blaulicht-Pixabay-750x422.jpg 750w\" data-sizes=\"auto\" data-expand=\"700\" \/><\/div><\/a>\n                        <\/div>\n                        <div class=\"jeg_postblock_content\">\n                            <div class=\"jeg_post_category\">\n                                <span>\n                                    <a href=\"https:\/\/herzogtum-direkt.de\/index.php\/category\/herzogtum-lauenburg\/amt-lauenburgische-seen\/\">Amt Lauenburgische Seen<\/a>\n                                <\/span>\n                            <\/div>\n                            <h3 class=\"jeg_post_title\">\n                                <a href=\"https:\/\/herzogtum-direkt.de\/index.php\/2026\/03\/03\/schwerverletzte-frau-nach-unfall-bei-fredeburg\/\">Schwerverletzte Frau nach Unfall bei Fredeburg<\/a>\n                            <\/h3>\n                            <div class=\"jeg_post_meta\"><div class=\"jeg_meta_author\"><span class=\"by\">von<\/span> <a href=\"https:\/\/herzogtum-direkt.de\/index.php\/author\/pressemitteilung\/\">Pressemitteilung<\/a><\/div><div class=\"jeg_meta_date\"><a href=\"https:\/\/herzogtum-direkt.de\/index.php\/2026\/03\/03\/schwerverletzte-frau-nach-unfall-bei-fredeburg\/\"><i class=\"fa fa-clock-o\"><\/i> M\u00e4rz 3, 2026<\/a><\/div><div class=\"jeg_meta_comment\"><a href=\"https:\/\/herzogtum-direkt.de\/index.php\/2026\/03\/03\/schwerverletzte-frau-nach-unfall-bei-fredeburg\/#comments\" ><i class=\"fa fa-comment-o\"><\/i> 0 <\/a><\/div><div class=\"jeg_meta_views\"><a href=\"https:\/\/herzogtum-direkt.de\/index.php\/2026\/03\/03\/schwerverletzte-frau-nach-unfall-bei-fredeburg\/\" ><i class=\"fa fa-eye\"><\/i> 201 <\/a><\/div><\/div>\n                                <div class=\"jeg_post_excerpt\">\n                                    <p>Fredeburg (pm). Samstagmittag ereignete sich auf der B 207 bei Fredeburg ein Verkehrsunfall zwischen zwei PKW-Fahrerinnen. Eine der beiden erlitt...<\/p>\n                                    <a href=\"https:\/\/herzogtum-direkt.de\/index.php\/2026\/03\/03\/schwerverletzte-frau-nach-unfall-bei-fredeburg\/\" class=\"jeg_readmore\">Mehr lesen<span class=\"screen-reader-text\">Details<\/span><\/a>\n                                <\/div>\n                        <\/div>\n                    <\/div>\n                <\/article><\/div>\n                    <div class='module-overlay'>\n\t\t\t\t    <div class='preloader_type preloader_dot'>\n\t\t\t\t        <div class=\"module-preloader jeg_preloader dot\">\n\t\t\t\t            <span><\/span><span><\/span><span><\/span>\n\t\t\t\t        <\/div>\n\t\t\t\t        <div class=\"module-preloader jeg_preloader circle\">\n\t\t\t\t            <div class=\"jnews_preloader_circle_outer\">\n\t\t\t\t                <div class=\"jnews_preloader_circle_inner\"><\/div>\n\t\t\t\t            <\/div>\n\t\t\t\t        <\/div>\n\t\t\t\t        <div class=\"module-preloader jeg_preloader square\">\n\t\t\t\t            <div class=\"jeg_square\">\n\t\t\t\t                <div class=\"jeg_square_inner\"><\/div>\n\t\t\t\t            <\/div>\n\t\t\t\t        <\/div>\n\t\t\t\t    <\/div>\n\t\t\t\t<\/div>\n                <\/div>\n                <div class=\"jeg_block_navigation\">\n                    <div class='navigation_overlay'><div class='module-preloader jeg_preloader'><span><\/span><span><\/span><span><\/span><\/div><\/div>\n                    <div class=\"jeg_block_nav \">\n                    <a href=\"#\" aria-label=\"View previous page posts\" class=\"prev disabled\" title=\"zur\u00fcck\"><i class=\"fa fa-angle-left\"><\/i><\/a>\n                    <a href=\"#\" aria-label=\"View next page posts\" class=\"next \" title=\"weiter\"><i class=\"fa fa-angle-right\"><\/i><\/a>\n                <\/div>\n                    \n                <\/div>\n\t\t\t\t\t\n\t\t\t\t\t<script>var jnews_module__0_69f2be912d294 = {\"header_icon\":\"\",\"first_title\":\"\",\"second_title\":\"\",\"url\":\"\",\"header_type\":\"heading_6\",\"header_background\":\"\",\"header_secondary_background\":\"\",\"header_text_color\":\"\",\"header_line_color\":\"\",\"header_accent_color\":\"\",\"header_filter_category\":\"\",\"header_filter_author\":\"\",\"header_filter_tag\":\"\",\"header_filter_text\":\"All\",\"sticky_post\":false,\"sticky_post_filter\":false,\"post_type\":\"post\",\"content_type\":\"all\",\"sponsor\":false,\"number_post\":\"20\",\"post_offset\":\"0\",\"unique_content\":\"disable\",\"include_post\":\"\",\"included_only\":false,\"exclude_post\":\"\",\"include_category\":\"69\",\"exclude_category\":\"\",\"include_author\":\"\",\"include_tag\":\"\",\"exclude_tag\":\"\",\"exclude_visited_post\":false,\"sort_by\":\"latest\",\"date_format\":\"default\",\"date_format_custom\":\"Y\\\/m\\\/d\",\"excerpt_length\":\"20\",\"excerpt_ellipsis\":\"...\",\"force_normal_image_load\":\"\",\"main_custom_image_size\":\"default\",\"pagination_mode\":\"nextprev\",\"pagination_nextprev_showtext\":\"\",\"pagination_number_post\":\"4\",\"pagination_scroll_limit\":0,\"ads_type\":\"disable\",\"ads_position\":1,\"ads_random\":\"\",\"ads_image\":\"\",\"ads_image_tablet\":\"\",\"ads_image_phone\":\"\",\"ads_image_link\":\"\",\"ads_image_alt\":\"\",\"ads_image_new_tab\":\"\",\"google_publisher_id\":\"\",\"google_slot_id\":\"\",\"google_desktop\":\"auto\",\"google_tab\":\"auto\",\"google_phone\":\"auto\",\"content\":\"\",\"ads_bottom_text\":\"\",\"el_id\":\"\",\"el_class\":\"\",\"scheme\":\"\",\"column_width\":\"auto\",\"title_color\":\"\",\"accent_color\":\"\",\"alt_color\":\"\",\"excerpt_color\":\"\",\"block_background\":\"\",\"css\":\"\",\"compatible_column_notice\":\"\",\"paged\":1,\"column_class\":\"jeg_col_3o3\",\"class\":\"jnews_block_12\"};<\/script>\n\t\t\t\t<\/div>[\/vc_column][vc_column width=&#8220;1\/3&#8243; offset=&#8220;vc_hidden-sm vc_hidden-xs&#8220;][vc_widget_sidebar sidebar_id=&#8220;herzogtum-lbg-seite&#8220;][\/vc_column][\/vc_row][vc_row][vc_column offset=&#8220;vc_hidden-lg vc_hidden-md&#8220;][vc_widget_sidebar sidebar_id=&#8220;td-amtlbseenmobil&#8220;][\/vc_column][\/vc_row][vc_row][vc_column offset=&#8220;vc_col-xs-1&#8243;][vc_gallery interval=&#8220;3&#8243; images=&#8220;1101,1102,1103&#8243; img_size=&#8220;large&#8220;][\/vc_column][\/vc_row][vc_row][vc_column offset=&#8220;vc_hidden-lg vc_hidden-md&#8220;][vc_widget_sidebar sidebar_id=&#8220;td-amtlbseenmobil&#8220;][\/vc_column][\/vc_row][vc_row][vc_column offset=&#8220;vc_col-xs-1&#8243;][vc_gmaps link=&#8220;#E-8_JTNDaWZyYW1lJTIwc3JjJTNEJTIyaHR0cHMlM0ElMkYlMkZ3d3cuZ29vZ2xlLmNvbSUyRm1hcHMlMkZlbWJlZCUzRnBiJTNEJTIxMW0xOCUyMTFtMTIlMjExbTMlMjExZDE1MTA3OS44MjM3ODM2Njk5NCUyMTJkMTAuNjg0NTQzNTcyNjU2MDUyJTIxM2Q1My43MjQ5OTE1NDY3NTU5OCUyMTJtMyUyMTFmMCUyMTJmMCUyMTNmMCUyMTNtMiUyMTFpMTAyNCUyMTJpNzY4JTIxNGYxMy4xJTIxM20zJTIxMW0yJTIxMXMweDQ3YWRmOGQwNzdlMzUzMDElMjUzQTB4YmFmZjhjM2UxZmNlN2RkMyUyMTJzMjM5MDklMkJSYXR6ZWJ1cmclMjE1ZTAlMjEzbTIlMjExc2RlJTIxMnNkZSUyMTR2MTUxOTA1NzM5NTA4MCUyMiUyMHdpZHRoJTNEJTIyNjAwJTIyJTIwaGVpZ2h0JTNEJTIyNDUwJTIyJTIwZnJhbWVib3JkZXIlM0QlMjIwJTIyJTIwc3R5bGUlM0QlMjJib3JkZXIlM0EwJTIyJTIwYWxsb3dmdWxsc2NyZWVuJTNFJTNDJTJGaWZyYW1lJTNF&#8220;][\/vc_column][\/vc_row]<\/p>\n<\/div>","protected":false},"excerpt":{"rendered":"<p>[vc_row][vc_column][vc_widget_sidebar sidebar_id=&#8220;herzogtum-lauenburg-top&#8220;][\/vc_column][\/vc_row][vc_row][vc_column width=&#8220;2\/3&#8243;][\/vc_column][vc_column width=&#8220;1\/3&#8243; offset=&#8220;vc_hidden-sm vc_hidden-xs&#8220;][vc_widget_sidebar sidebar_id=&#8220;herzogtum-lbg-seite&#8220;][\/vc_column][\/vc_row][vc_row][vc_column offset=&#8220;vc_hidden-lg vc_hidden-md&#8220;][vc_widget_sidebar sidebar_id=&#8220;td-amtlbseenmobil&#8220;][\/vc_column][\/vc_row][vc_row][vc_column offset=&#8220;vc_col-xs-1&#8243;][vc_gallery interval=&#8220;3&#8243; images=&#8220;1101,1102,1103&#8243; img_size=&#8220;large&#8220;][\/vc_column][\/vc_row][vc_row][vc_column offset=&#8220;vc_hidden-lg vc_hidden-md&#8220;][vc_widget_sidebar sidebar_id=&#8220;td-amtlbseenmobil&#8220;][\/vc_column][\/vc_row][vc_row][vc_column offset=&#8220;vc_col-xs-1&#8243;][vc_gmaps link=&#8220;#E-8_JTNDaWZyYW1lJTIwc3JjJTNEJTIyaHR0cHMlM0ElMkYlMkZ3d3cuZ29vZ2xlLmNvbSUyRm1hcHMlMkZlbWJlZCUzRnBiJTNEJTIxMW0xOCUyMTFtMTIlMjExbTMlMjExZDE1MTA3OS44MjM3ODM2Njk5NCUyMTJkMTAuNjg0NTQzNTcyNjU2MDUyJTIxM2Q1My43MjQ5OTE1NDY3NTU5OCUyMTJtMyUyMTFmMCUyMTJmMCUyMTNmMCUyMTNtMiUyMTFpMTAyNCUyMTJpNzY4JTIxNGYxMy4xJTIxM20zJTIxMW0yJTIxMXMweDQ3YWRmOGQwNzdlMzUzMDElMjUzQTB4YmFmZjhjM2UxZmNlN2RkMyUyMTJzMjM5MDklMkJSYXR6ZWJ1cmclMjE1ZTAlMjEzbTIlMjExc2RlJTIxMnNkZSUyMTR2MTUxOTA1NzM5NTA4MCUyMiUyMHdpZHRoJTNEJTIyNjAwJTIyJTIwaGVpZ2h0JTNEJTIyNDUwJTIyJTIwZnJhbWVib3JkZXIlM0QlMjIwJTIyJTIwc3R5bGUlM0QlMjJib3JkZXIlM0EwJTIyJTIwYWxsb3dmdWxsc2NyZWVuJTNFJTNDJTJGaWZyYW1lJTNF&#8220;][\/vc_column][\/vc_row]<\/p>\n","protected":false},"author":1,"featured_media":0,"parent":700,"menu_order":0,"comment_status":"closed","ping_status":"closed","template":"","meta":{"jnews_page_loop":{"enable_page_loop":"0","first_title":"Latest Post","second_title":"","header_type":"heading_6","header_background":"","header_text_color":"","layout":"right-sidebar","sidebar":"default-sidebar","second_sidebar":"default-sidebar","sticky_sidebar":"1","module":"3","boxed":"0","boxed_shadow":"0","box_shadow":"0","excerpt_length":"20","content_date":"default","date_custom":"Y\/m\/d","content_pagination":"nav_1","pagination_align":"center","show_navtext":"0","show_pageinfo":"0","post_offset":"0","posts_per_page":"5","include_post":"","exclude_post":"","include_category":"","exclude_category":"","include_author":"","include_tag":"","exclude_tag":"","sort_by":"latest","post_sticky":"0"},"jnews_single_page":{"layout":"no-sidebar","sidebar":"default-sidebar","second_sidebar":"default-sidebar","sticky_sidebar":"1","show_post_featured":"1","show_post_meta":"0","share_position":"top","share_color":"share-monocrhome","show_post_title":"1","show_post_breadcrumbs":"1"},"jnews_social_meta":{"fb_title":"","fb_description":"","fb_image":"","twitter_title":"","twitter_description":"","twitter_image":""},"footnotes":""},"class_list":["post-747","page","type-page","status-publish","hentry"],"_links":{"self":[{"href":"https:\/\/herzogtum-direkt.de\/index.php\/wp-json\/wp\/v2\/pages\/747","targetHints":{"allow":["GET"]}}],"collection":[{"href":"https:\/\/herzogtum-direkt.de\/index.php\/wp-json\/wp\/v2\/pages"}],"about":[{"href":"https:\/\/herzogtum-direkt.de\/index.php\/wp-json\/wp\/v2\/types\/page"}],"author":[{"embeddable":true,"href":"https:\/\/herzogtum-direkt.de\/index.php\/wp-json\/wp\/v2\/users\/1"}],"replies":[{"embeddable":true,"href":"https:\/\/herzogtum-direkt.de\/index.php\/wp-json\/wp\/v2\/comments?post=747"}],"version-history":[{"count":6,"href":"https:\/\/herzogtum-direkt.de\/index.php\/wp-json\/wp\/v2\/pages\/747\/revisions"}],"predecessor-version":[{"id":32925,"href":"https:\/\/herzogtum-direkt.de\/index.php\/wp-json\/wp\/v2\/pages\/747\/revisions\/32925"}],"up":[{"embeddable":true,"href":"https:\/\/herzogtum-direkt.de\/index.php\/wp-json\/wp\/v2\/pages\/700"}],"wp:attachment":[{"href":"https:\/\/herzogtum-direkt.de\/index.php\/wp-json\/wp\/v2\/media?parent=747"}],"curies":[{"name":"wp","href":"https:\/\/api.w.org\/{rel}","templated":true}]}}