{"id":740,"date":"2017-12-29T12:54:23","date_gmt":"2017-12-29T12:54:23","guid":{"rendered":"http:\/\/hd.eu-mart.de\/?page_id=740"},"modified":"2026-02-05T09:23:41","modified_gmt":"2026-02-05T08:23:41","slug":"moelln","status":"publish","type":"page","link":"https:\/\/herzogtum-direkt.de\/index.php\/herzogtum-lauenburg\/moelln\/","title":{"rendered":"M\u00f6lln"},"content":{"rendered":"<div class=\"wpb-content-wrapper\"><p>[vc_row][vc_column offset=&#8220;vc_hidden-xs&#8220;][vc_widget_sidebar sidebar_id=&#8220;moelln-top&#8220;][\/vc_column][\/vc_row][vc_row][vc_column offset=&#8220;vc_hidden-lg vc_hidden-md&#8220;][vc_widget_sidebar sidebar_id=&#8220;herzogtum-lauenburg-top&#8220;]<div  class=\"jeg_postblock_12 jeg_postblock jeg_module_hook jeg_pagination_nextprev jeg_col_3o3 jnews_module__0_6a9c0b8f78ae7   \" data-unique=\"jnews_module__0_6a9c0b8f78ae7\">\n\t\t\t\t\t\n\t\t\t\t\t<div class=\"jeg_block_container\">\n                    \n                    <div class=\"jeg_posts jeg_load_more_flag\"><article class=\"jeg_post jeg_pl_lg_card format-standard\">\n                    <div class=\"jeg_inner_post\">\n                        <div class=\"jeg_thumb\">\n                            \n                            <a href=\"https:\/\/herzogtum-direkt.de\/index.php\/2026\/09\/05\/buergersprechstunde-mit-katharina-fiedermann\/\" aria-label=\"Read article: B\u00fcrgersprechstunde mit Katharina Fiedermann\"><div class=\"thumbnail-container animate-lazy  size-500 \"><img loading=\"lazy\" decoding=\"async\" width=\"1000\" height=\"570\" src=\"https:\/\/herzogtum-direkt.de\/wp-content\/themes\/jnews\/assets\/img\/jeg-empty.png\" class=\"attachment-jnews-1140x570 size-jnews-1140x570 lazyload wp-post-image\" alt=\"Stadtverwaltung M\u00f6lln geschlossen\" data-full-width=\"1000\" data-full-height=\"750\" data-src=\"https:\/\/herzogtum-direkt.de\/wp-content\/uploads\/2024\/08\/Das-Stadthaus-in-Moelln_Foto-Katrin-Jester-Stadt-Moelln-1000x570.jpg\" data-srcset=\"\" data-sizes=\"auto\" data-expand=\"700\" \/><\/div><\/a>\n                        <\/div>\n                        <div class=\"jeg_postblock_content\">\n                            <div class=\"jeg_post_category\">\n                                <span>\n                                    <a href=\"https:\/\/herzogtum-direkt.de\/index.php\/category\/landleute\/\">Land&amp;Leute<\/a>\n                                <\/span>\n                            <\/div>\n                            <h3 class=\"jeg_post_title\">\n                                <a href=\"https:\/\/herzogtum-direkt.de\/index.php\/2026\/09\/05\/buergersprechstunde-mit-katharina-fiedermann\/\">B\u00fcrgersprechstunde mit Katharina Fiedermann<\/a>\n                            <\/h3>\n                            <div class=\"jeg_post_meta\"><div class=\"jeg_meta_author\"><span class=\"by\">von<\/span> <a href=\"https:\/\/herzogtum-direkt.de\/index.php\/author\/pressemitteilung\/\">Pressemitteilung<\/a><\/div><div class=\"jeg_meta_date\"><a href=\"https:\/\/herzogtum-direkt.de\/index.php\/2026\/09\/05\/buergersprechstunde-mit-katharina-fiedermann\/\"><i class=\"fa fa-clock-o\"><\/i> September 5, 2026<\/a><\/div><div class=\"jeg_meta_comment\"><a href=\"https:\/\/herzogtum-direkt.de\/index.php\/2026\/09\/05\/buergersprechstunde-mit-katharina-fiedermann\/#comments\" ><i class=\"fa fa-comment-o\"><\/i> 0 <\/a><\/div><div class=\"jeg_meta_views\"><a href=\"https:\/\/herzogtum-direkt.de\/index.php\/2026\/09\/05\/buergersprechstunde-mit-katharina-fiedermann\/\" ><i class=\"fa fa-eye\"><\/i> 25 <\/a><\/div><\/div>\n                                <div class=\"jeg_post_excerpt\">\n                                    <p>M\u00f6lln (pm). Die n\u00e4chste B\u00fcrgersprechstunde bietet die B\u00fcrgervorsteherin Katharina Fiedermann am Donnerstag, 10. September 2026\u00a0im Stadthaus Raum 114 an. In...<\/p>\n                                    <a href=\"https:\/\/herzogtum-direkt.de\/index.php\/2026\/09\/05\/buergersprechstunde-mit-katharina-fiedermann\/\" class=\"jeg_readmore\">Mehr lesen<span class=\"screen-reader-text\">Details<\/span><\/a>\n                                <\/div>\n                        <\/div>\n                    <\/div>\n                <\/article><article class=\"jeg_post jeg_pl_lg_card format-standard\">\n                    <div class=\"jeg_inner_post\">\n                        <div class=\"jeg_thumb\">\n                            \n                            <a href=\"https:\/\/herzogtum-direkt.de\/index.php\/2026\/09\/05\/tag-des-handwerks\/\" aria-label=\"Read article: Tag des Handwerks\"><div class=\"thumbnail-container animate-lazy  size-500 \"><img loading=\"lazy\" decoding=\"async\" width=\"1000\" height=\"570\" src=\"https:\/\/herzogtum-direkt.de\/wp-content\/themes\/jnews\/assets\/img\/jeg-empty.png\" class=\"attachment-jnews-1140x570 size-jnews-1140x570 lazyload wp-post-image\" alt=\"Tag des Handwerks\" data-full-width=\"1000\" data-full-height=\"773\" data-src=\"https:\/\/herzogtum-direkt.de\/wp-content\/uploads\/2026\/09\/Tag-des-Handwerks-2026-Teilnehmer-hfr-1000x570.jpg\" data-srcset=\"\" data-sizes=\"auto\" data-expand=\"700\" \/><\/div><\/a>\n                        <\/div>\n                        <div class=\"jeg_postblock_content\">\n                            <div class=\"jeg_post_category\">\n                                <span>\n                                    <a href=\"https:\/\/herzogtum-direkt.de\/index.php\/category\/ausflugstipp\/\">Ausflugstipp<\/a>\n                                <\/span>\n                            <\/div>\n                            <h3 class=\"jeg_post_title\">\n                                <a href=\"https:\/\/herzogtum-direkt.de\/index.php\/2026\/09\/05\/tag-des-handwerks\/\">Tag des Handwerks<\/a>\n                            <\/h3>\n                            <div class=\"jeg_post_meta\"><div class=\"jeg_meta_author\"><span class=\"by\">von<\/span> <a href=\"https:\/\/herzogtum-direkt.de\/index.php\/author\/pressemitteilung\/\">Pressemitteilung<\/a><\/div><div class=\"jeg_meta_date\"><a href=\"https:\/\/herzogtum-direkt.de\/index.php\/2026\/09\/05\/tag-des-handwerks\/\"><i class=\"fa fa-clock-o\"><\/i> September 5, 2026<\/a><\/div><div class=\"jeg_meta_comment\"><a href=\"https:\/\/herzogtum-direkt.de\/index.php\/2026\/09\/05\/tag-des-handwerks\/#comments\" ><i class=\"fa fa-comment-o\"><\/i> 0 <\/a><\/div><div class=\"jeg_meta_views\"><a href=\"https:\/\/herzogtum-direkt.de\/index.php\/2026\/09\/05\/tag-des-handwerks\/\" ><i class=\"fa fa-eye\"><\/i> 94 <\/a><\/div><\/div>\n                                <div class=\"jeg_post_excerpt\">\n                                    <p>M\u00f6lln (pm). Am Sonnabend,19. September 2026, steht M\u00f6lln ganz im Zeichen des Handwerks. Unter dem Motto \u201eKarriere mit Gef\u00fchl\u201c l\u00e4dt...<\/p>\n                                    <a href=\"https:\/\/herzogtum-direkt.de\/index.php\/2026\/09\/05\/tag-des-handwerks\/\" class=\"jeg_readmore\">Mehr lesen<span class=\"screen-reader-text\">Details<\/span><\/a>\n                                <\/div>\n                        <\/div>\n                    <\/div>\n                <\/article><article class=\"jeg_post jeg_pl_lg_card format-standard\">\n                    <div class=\"jeg_inner_post\">\n                        <div class=\"jeg_thumb\">\n                            \n                            <a href=\"https:\/\/herzogtum-direkt.de\/index.php\/2026\/09\/04\/courage-beendet-sommerpause-vielfaeltiges-herbstprogramm-startet\/\" aria-label=\"Read article: COURAGE beendet Sommerpause: Vielf\u00e4ltiges Herbstprogramm startet\"><div class=\"thumbnail-container animate-lazy  size-500 \"><img loading=\"lazy\" decoding=\"async\" width=\"1100\" height=\"570\" src=\"https:\/\/herzogtum-direkt.de\/wp-content\/themes\/jnews\/assets\/img\/jeg-empty.png\" class=\"attachment-jnews-1140x570 size-jnews-1140x570 lazyload wp-post-image\" alt=\"COURAGE beendet Sommerpause: Vielf\u00e4ltiges Herbstprogramm startet\" data-full-width=\"1100\" data-full-height=\"696\" data-src=\"https:\/\/herzogtum-direkt.de\/wp-content\/uploads\/2026\/09\/Courage-Putztag-1100x570.jpg\" data-srcset=\"\" data-sizes=\"auto\" data-expand=\"700\" \/><\/div><\/a>\n                        <\/div>\n                        <div class=\"jeg_postblock_content\">\n                            <div class=\"jeg_post_category\">\n                                <span>\n                                    <a href=\"https:\/\/herzogtum-direkt.de\/index.php\/category\/kultur\/\">Kultur<\/a>\n                                <\/span>\n                            <\/div>\n                            <h3 class=\"jeg_post_title\">\n                                <a href=\"https:\/\/herzogtum-direkt.de\/index.php\/2026\/09\/04\/courage-beendet-sommerpause-vielfaeltiges-herbstprogramm-startet\/\">COURAGE beendet Sommerpause: Vielf\u00e4ltiges Herbstprogramm startet<\/a>\n                            <\/h3>\n                            <div class=\"jeg_post_meta\"><div class=\"jeg_meta_author\"><span class=\"by\">von<\/span> <a href=\"https:\/\/herzogtum-direkt.de\/index.php\/author\/admin_ir2rtpca\/\">Andreas Anders<\/a><\/div><div class=\"jeg_meta_date\"><a href=\"https:\/\/herzogtum-direkt.de\/index.php\/2026\/09\/04\/courage-beendet-sommerpause-vielfaeltiges-herbstprogramm-startet\/\"><i class=\"fa fa-clock-o\"><\/i> September 4, 2026<\/a><\/div><div class=\"jeg_meta_comment\"><a href=\"https:\/\/herzogtum-direkt.de\/index.php\/2026\/09\/04\/courage-beendet-sommerpause-vielfaeltiges-herbstprogramm-startet\/#comments\" ><i class=\"fa fa-comment-o\"><\/i> 0 <\/a><\/div><div class=\"jeg_meta_views\"><a href=\"https:\/\/herzogtum-direkt.de\/index.php\/2026\/09\/04\/courage-beendet-sommerpause-vielfaeltiges-herbstprogramm-startet\/\" ><i class=\"fa fa-eye\"><\/i> 121 <\/a><\/div><\/div>\n                                <div class=\"jeg_post_excerpt\">\n                                    <p>M\u00f6lln (aa\/pm). Die Sommerpause des COURAGE in der Seestra\u00dfe 1B neigt sich dem Ende zu, und das Kulturzentrum startet mit...<\/p>\n                                    <a href=\"https:\/\/herzogtum-direkt.de\/index.php\/2026\/09\/04\/courage-beendet-sommerpause-vielfaeltiges-herbstprogramm-startet\/\" class=\"jeg_readmore\">Mehr lesen<span class=\"screen-reader-text\">Details<\/span><\/a>\n                                <\/div>\n                        <\/div>\n                    <\/div>\n                <\/article><article class=\"jeg_post jeg_pl_lg_card format-standard\">\n                    <div class=\"jeg_inner_post\">\n                        <div class=\"jeg_thumb\">\n                            \n                            <a href=\"https:\/\/herzogtum-direkt.de\/index.php\/2026\/09\/04\/herzlich-willkommen-vier-neue-auszubildende-starten-bei-der-stadt-moelln\/\" aria-label=\"Read article: Herzlich willkommen: Vier neue Auszubildende starten bei der Stadt M\u00f6lln\"><div class=\"thumbnail-container animate-lazy  size-500 \"><img loading=\"lazy\" decoding=\"async\" width=\"1000\" height=\"495\" src=\"https:\/\/herzogtum-direkt.de\/wp-content\/themes\/jnews\/assets\/img\/jeg-empty.png\" class=\"attachment-jnews-1140x570 size-jnews-1140x570 lazyload wp-post-image\" alt=\"Herzlich willkommen: Vier neue Auszubildende starten bei der Stadt M\u00f6lln\" sizes=\"auto, (max-width: 1000px) 100vw, 1000px\" data-full-width=\"1000\" data-full-height=\"495\" data-src=\"https:\/\/herzogtum-direkt.de\/wp-content\/uploads\/2026\/09\/Neue-Azubis-1000x495.jpg\" data-srcset=\"https:\/\/herzogtum-direkt.de\/wp-content\/uploads\/2026\/09\/Neue-Azubis.jpg 1000w, https:\/\/herzogtum-direkt.de\/wp-content\/uploads\/2026\/09\/Neue-Azubis-600x297.jpg 600w, https:\/\/herzogtum-direkt.de\/wp-content\/uploads\/2026\/09\/Neue-Azubis-768x380.jpg 768w\" data-sizes=\"auto\" data-expand=\"700\" \/><\/div><\/a>\n                        <\/div>\n                        <div class=\"jeg_postblock_content\">\n                            <div class=\"jeg_post_category\">\n                                <span>\n                                    <a href=\"https:\/\/herzogtum-direkt.de\/index.php\/category\/herzogtum-lauenburg\/\">Herzogtum Lauenburg<\/a>\n                                <\/span>\n                            <\/div>\n                            <h3 class=\"jeg_post_title\">\n                                <a href=\"https:\/\/herzogtum-direkt.de\/index.php\/2026\/09\/04\/herzlich-willkommen-vier-neue-auszubildende-starten-bei-der-stadt-moelln\/\">Herzlich willkommen: Vier neue Auszubildende starten bei der Stadt M\u00f6lln<\/a>\n                            <\/h3>\n                            <div class=\"jeg_post_meta\"><div class=\"jeg_meta_author\"><span class=\"by\">von<\/span> <a href=\"https:\/\/herzogtum-direkt.de\/index.php\/author\/pressemitteilung\/\">Pressemitteilung<\/a><\/div><div class=\"jeg_meta_date\"><a href=\"https:\/\/herzogtum-direkt.de\/index.php\/2026\/09\/04\/herzlich-willkommen-vier-neue-auszubildende-starten-bei-der-stadt-moelln\/\"><i class=\"fa fa-clock-o\"><\/i> September 4, 2026<\/a><\/div><div class=\"jeg_meta_comment\"><a href=\"https:\/\/herzogtum-direkt.de\/index.php\/2026\/09\/04\/herzlich-willkommen-vier-neue-auszubildende-starten-bei-der-stadt-moelln\/#comments\" ><i class=\"fa fa-comment-o\"><\/i> 0 <\/a><\/div><div class=\"jeg_meta_views\"><a href=\"https:\/\/herzogtum-direkt.de\/index.php\/2026\/09\/04\/herzlich-willkommen-vier-neue-auszubildende-starten-bei-der-stadt-moelln\/\" ><i class=\"fa fa-eye\"><\/i> 1.7k <\/a><\/div><\/div>\n                                <div class=\"jeg_post_excerpt\">\n                                    <p>M\u00f6lln (pm).\u00a0Die Stadtverwaltung M\u00f6lln freut sich \u00fcber gleich vier neue Gesichter im Team. Zum sp\u00e4ten Sommer haben vier Nachwuchskr\u00e4fte ihre...<\/p>\n                                    <a href=\"https:\/\/herzogtum-direkt.de\/index.php\/2026\/09\/04\/herzlich-willkommen-vier-neue-auszubildende-starten-bei-der-stadt-moelln\/\" class=\"jeg_readmore\">Mehr lesen<span class=\"screen-reader-text\">Details<\/span><\/a>\n                                <\/div>\n                        <\/div>\n                    <\/div>\n                <\/article><article class=\"jeg_post jeg_pl_lg_card format-standard\">\n                    <div class=\"jeg_inner_post\">\n                        <div class=\"jeg_thumb\">\n                            \n                            <a href=\"https:\/\/herzogtum-direkt.de\/index.php\/2026\/09\/03\/petition-fuer-den-erhalt-der-hauptstrasse-als-leistungsfaehige-durchfahrts-und-erschliessungsstrasse\/\" aria-label=\"Read article: Petition f\u00fcr den Erhalt der Hauptstra\u00dfe als leistungsf\u00e4hige Durchfahrts- und Erschlie\u00dfungsstra\u00dfe\"><div class=\"thumbnail-container animate-lazy  size-500 \"><img loading=\"lazy\" decoding=\"async\" width=\"923\" height=\"570\" src=\"https:\/\/herzogtum-direkt.de\/wp-content\/themes\/jnews\/assets\/img\/jeg-empty.png\" class=\"attachment-jnews-1140x570 size-jnews-1140x570 lazyload wp-post-image\" alt=\"Umfassende Beratungsangebote f\u00fcr Kulturschaffende\" data-full-width=\"923\" data-full-height=\"615\" data-src=\"https:\/\/herzogtum-direkt.de\/wp-content\/uploads\/2021\/11\/Aktuelles-20211022_132336-1-923x570.jpg\" data-srcset=\"\" data-sizes=\"auto\" data-expand=\"700\" \/><\/div><\/a>\n                        <\/div>\n                        <div class=\"jeg_postblock_content\">\n                            <div class=\"jeg_post_category\">\n                                <span>\n                                    <a href=\"https:\/\/herzogtum-direkt.de\/index.php\/category\/herzogtum-lauenburg\/\">Herzogtum Lauenburg<\/a>\n                                <\/span>\n                            <\/div>\n                            <h3 class=\"jeg_post_title\">\n                                <a href=\"https:\/\/herzogtum-direkt.de\/index.php\/2026\/09\/03\/petition-fuer-den-erhalt-der-hauptstrasse-als-leistungsfaehige-durchfahrts-und-erschliessungsstrasse\/\">Petition f\u00fcr den Erhalt der Hauptstra\u00dfe als leistungsf\u00e4hige Durchfahrts- und Erschlie\u00dfungsstra\u00dfe<\/a>\n                            <\/h3>\n                            <div class=\"jeg_post_meta\"><div class=\"jeg_meta_author\"><span class=\"by\">von<\/span> <a href=\"https:\/\/herzogtum-direkt.de\/index.php\/author\/admin_ir2rtpca\/\">Andreas Anders<\/a><\/div><div class=\"jeg_meta_date\"><a href=\"https:\/\/herzogtum-direkt.de\/index.php\/2026\/09\/03\/petition-fuer-den-erhalt-der-hauptstrasse-als-leistungsfaehige-durchfahrts-und-erschliessungsstrasse\/\"><i class=\"fa fa-clock-o\"><\/i> September 3, 2026<\/a><\/div><div class=\"jeg_meta_comment\"><a href=\"https:\/\/herzogtum-direkt.de\/index.php\/2026\/09\/03\/petition-fuer-den-erhalt-der-hauptstrasse-als-leistungsfaehige-durchfahrts-und-erschliessungsstrasse\/#comments\" ><i class=\"fa fa-comment-o\"><\/i> 0 <\/a><\/div><div class=\"jeg_meta_views\"><a href=\"https:\/\/herzogtum-direkt.de\/index.php\/2026\/09\/03\/petition-fuer-den-erhalt-der-hauptstrasse-als-leistungsfaehige-durchfahrts-und-erschliessungsstrasse\/\" ><i class=\"fa fa-eye\"><\/i> 521 <\/a><\/div><\/div>\n                                <div class=\"jeg_post_excerpt\">\n                                    <p>M\u00f6lln (aa).\u00a0Auf der Plattform openPetition wurde eine neue Petition gestartet. Diese setzt sich f\u00fcr den Erhalt der Hauptstra\u00dfe als leistungsf\u00e4hige...<\/p>\n                                    <a href=\"https:\/\/herzogtum-direkt.de\/index.php\/2026\/09\/03\/petition-fuer-den-erhalt-der-hauptstrasse-als-leistungsfaehige-durchfahrts-und-erschliessungsstrasse\/\" class=\"jeg_readmore\">Mehr lesen<span class=\"screen-reader-text\">Details<\/span><\/a>\n                                <\/div>\n                        <\/div>\n                    <\/div>\n                <\/article><article class=\"jeg_post jeg_pl_lg_card format-standard\">\n                    <div class=\"jeg_inner_post\">\n                        <div class=\"jeg_thumb\">\n                            \n                            <a href=\"https:\/\/herzogtum-direkt.de\/index.php\/2026\/09\/03\/wahl-watching-in-moelln\/\" aria-label=\"Read article: Wahl-Watching in M\u00f6lln\"><div class=\"thumbnail-container animate-lazy  size-500 \"><img loading=\"lazy\" decoding=\"async\" width=\"1140\" height=\"570\" src=\"https:\/\/herzogtum-direkt.de\/wp-content\/themes\/jnews\/assets\/img\/jeg-empty.png\" class=\"attachment-jnews-1140x570 size-jnews-1140x570 lazyload wp-post-image\" alt=\"Wahl-Watching in M\u00f6lln\" sizes=\"auto, (max-width: 1140px) 100vw, 1140px\" data-full-width=\"1177\" data-full-height=\"722\" data-src=\"https:\/\/herzogtum-direkt.de\/wp-content\/uploads\/2026\/09\/Wahlwatching-1140x570.jpeg\" data-srcset=\"https:\/\/herzogtum-direkt.de\/wp-content\/uploads\/2026\/09\/Wahlwatching-1140x570.jpeg 1140w, https:\/\/herzogtum-direkt.de\/wp-content\/uploads\/2026\/09\/Wahlwatching-360x180.jpeg 360w, https:\/\/herzogtum-direkt.de\/wp-content\/uploads\/2026\/09\/Wahlwatching-750x375.jpeg 750w\" data-sizes=\"auto\" data-expand=\"700\" \/><\/div><\/a>\n                        <\/div>\n                        <div class=\"jeg_postblock_content\">\n                            <div class=\"jeg_post_category\">\n                                <span>\n                                    <a href=\"https:\/\/herzogtum-direkt.de\/index.php\/category\/herzogtum-lauenburg\/\">Herzogtum Lauenburg<\/a>\n                                <\/span>\n                            <\/div>\n                            <h3 class=\"jeg_post_title\">\n                                <a href=\"https:\/\/herzogtum-direkt.de\/index.php\/2026\/09\/03\/wahl-watching-in-moelln\/\">Wahl-Watching in M\u00f6lln<\/a>\n                            <\/h3>\n                            <div class=\"jeg_post_meta\"><div class=\"jeg_meta_author\"><span class=\"by\">von<\/span> <a href=\"https:\/\/herzogtum-direkt.de\/index.php\/author\/admin_ir2rtpca\/\">Andreas Anders<\/a><\/div><div class=\"jeg_meta_date\"><a href=\"https:\/\/herzogtum-direkt.de\/index.php\/2026\/09\/03\/wahl-watching-in-moelln\/\"><i class=\"fa fa-clock-o\"><\/i> September 3, 2026<\/a><\/div><div class=\"jeg_meta_comment\"><a href=\"https:\/\/herzogtum-direkt.de\/index.php\/2026\/09\/03\/wahl-watching-in-moelln\/#comments\" ><i class=\"fa fa-comment-o\"><\/i> 0 <\/a><\/div><div class=\"jeg_meta_views\"><a href=\"https:\/\/herzogtum-direkt.de\/index.php\/2026\/09\/03\/wahl-watching-in-moelln\/\" ><i class=\"fa fa-eye\"><\/i> 125 <\/a><\/div><\/div>\n                                <div class=\"jeg_post_excerpt\">\n                                    <p>M\u00f6lln (aa).\u00a0Am 6. September 2026 findet in Sachsen-Anhalt die Landtagswahl statt. Aktuelle Umfragen und Prognosen sehen die AfD (Alternative f\u00fcr...<\/p>\n                                    <a href=\"https:\/\/herzogtum-direkt.de\/index.php\/2026\/09\/03\/wahl-watching-in-moelln\/\" class=\"jeg_readmore\">Mehr lesen<span class=\"screen-reader-text\">Details<\/span><\/a>\n                                <\/div>\n                        <\/div>\n                    <\/div>\n                <\/article><article class=\"jeg_post jeg_pl_lg_card format-standard\">\n                    <div class=\"jeg_inner_post\">\n                        <div class=\"jeg_thumb\">\n                            \n                            <a href=\"https:\/\/herzogtum-direkt.de\/index.php\/2026\/09\/02\/bestsellerautorin-lena-johannson-zu-gast-in-der-stadtbuecherei-moelln\/\" aria-label=\"Read article: Bestsellerautorin Lena Johannson zu Gast in der Stadtb\u00fccherei M\u00f6lln\"><div class=\"thumbnail-container animate-lazy  size-500 \"><img loading=\"lazy\" decoding=\"async\" width=\"1000\" height=\"570\" src=\"https:\/\/herzogtum-direkt.de\/wp-content\/themes\/jnews\/assets\/img\/jeg-empty.png\" class=\"attachment-jnews-1140x570 size-jnews-1140x570 lazyload wp-post-image\" alt=\"Ausflugstipps f\u00fcr die L\u00fcneburger Heide mit Krimih\u00e4ppchen\" data-full-width=\"1000\" data-full-height=\"750\" data-src=\"https:\/\/herzogtum-direkt.de\/wp-content\/uploads\/2025\/09\/Die-Stadtbuecherei-Moelln-Foto-Katrin-Jester-Stadt-Moelln-1000x570.jpg\" data-srcset=\"\" data-sizes=\"auto\" data-expand=\"700\" \/><\/div><\/a>\n                        <\/div>\n                        <div class=\"jeg_postblock_content\">\n                            <div class=\"jeg_post_category\">\n                                <span>\n                                    <a href=\"https:\/\/herzogtum-direkt.de\/index.php\/category\/ausflugstipp\/\">Ausflugstipp<\/a>\n                                <\/span>\n                            <\/div>\n                            <h3 class=\"jeg_post_title\">\n                                <a href=\"https:\/\/herzogtum-direkt.de\/index.php\/2026\/09\/02\/bestsellerautorin-lena-johannson-zu-gast-in-der-stadtbuecherei-moelln\/\">Bestsellerautorin Lena Johannson zu Gast in der Stadtb\u00fccherei M\u00f6lln<\/a>\n                            <\/h3>\n                            <div class=\"jeg_post_meta\"><div class=\"jeg_meta_author\"><span class=\"by\">von<\/span> <a href=\"https:\/\/herzogtum-direkt.de\/index.php\/author\/pressemitteilung\/\">Pressemitteilung<\/a><\/div><div class=\"jeg_meta_date\"><a href=\"https:\/\/herzogtum-direkt.de\/index.php\/2026\/09\/02\/bestsellerautorin-lena-johannson-zu-gast-in-der-stadtbuecherei-moelln\/\"><i class=\"fa fa-clock-o\"><\/i> September 2, 2026<\/a><\/div><div class=\"jeg_meta_comment\"><a href=\"https:\/\/herzogtum-direkt.de\/index.php\/2026\/09\/02\/bestsellerautorin-lena-johannson-zu-gast-in-der-stadtbuecherei-moelln\/#comments\" ><i class=\"fa fa-comment-o\"><\/i> 0 <\/a><\/div><div class=\"jeg_meta_views\"><a href=\"https:\/\/herzogtum-direkt.de\/index.php\/2026\/09\/02\/bestsellerautorin-lena-johannson-zu-gast-in-der-stadtbuecherei-moelln\/\" ><i class=\"fa fa-eye\"><\/i> 82 <\/a><\/div><\/div>\n                                <div class=\"jeg_post_excerpt\">\n                                    <p>M\u00f6lln (pm).\u00a0Die Bestsellerautorin Lena Johannson kommt am Sonnabend, 19. September 2026, f\u00fcr eine Lesung aus ihrem neuen Roman \u201eAufgeben k\u00f6nnen...<\/p>\n                                    <a href=\"https:\/\/herzogtum-direkt.de\/index.php\/2026\/09\/02\/bestsellerautorin-lena-johannson-zu-gast-in-der-stadtbuecherei-moelln\/\" class=\"jeg_readmore\">Mehr lesen<span class=\"screen-reader-text\">Details<\/span><\/a>\n                                <\/div>\n                        <\/div>\n                    <\/div>\n                <\/article><\/div>\n                    <div class='module-overlay'>\n\t\t\t\t    <div class='preloader_type preloader_dot'>\n\t\t\t\t        <div class=\"module-preloader jeg_preloader dot\">\n\t\t\t\t            <span><\/span><span><\/span><span><\/span>\n\t\t\t\t        <\/div>\n\t\t\t\t        <div class=\"module-preloader jeg_preloader circle\">\n\t\t\t\t            <div class=\"jnews_preloader_circle_outer\">\n\t\t\t\t                <div class=\"jnews_preloader_circle_inner\"><\/div>\n\t\t\t\t            <\/div>\n\t\t\t\t        <\/div>\n\t\t\t\t        <div class=\"module-preloader jeg_preloader square\">\n\t\t\t\t            <div class=\"jeg_square\">\n\t\t\t\t                <div class=\"jeg_square_inner\"><\/div>\n\t\t\t\t            <\/div>\n\t\t\t\t        <\/div>\n\t\t\t\t    <\/div>\n\t\t\t\t<\/div>\n                <\/div>\n                <div class=\"jeg_block_navigation\">\n                    <div class='navigation_overlay'><div class='module-preloader jeg_preloader'><span><\/span><span><\/span><span><\/span><\/div><\/div>\n                    <div class=\"jeg_block_nav \">\n                    <a href=\"#\" aria-label=\"View previous page posts\" class=\"prev disabled\" title=\"zur\u00fcck\"><i class=\"fa fa-angle-left\"><\/i><\/a>\n                    <a href=\"#\" aria-label=\"View next page posts\" class=\"next \" title=\"weiter\"><i class=\"fa fa-angle-right\"><\/i><\/a>\n                <\/div>\n                    \n                <\/div>\n\t\t\t\t\t\n\t\t\t\t\t<script>var jnews_module__0_6a9c0b8f78ae7 = {\"header_icon\":\"\",\"first_title\":\"\",\"second_title\":\"\",\"url\":\"\",\"header_type\":\"heading_6\",\"header_background\":\"\",\"header_secondary_background\":\"\",\"header_text_color\":\"\",\"header_line_color\":\"\",\"header_accent_color\":\"\",\"header_filter_category\":\"\",\"header_filter_author\":\"\",\"header_filter_tag\":\"\",\"header_filter_text\":\"All\",\"sticky_post\":false,\"sticky_post_filter\":false,\"post_type\":\"post\",\"content_type\":\"all\",\"sponsor\":false,\"number_post\":\"7\",\"post_offset\":\"0\",\"unique_content\":\"unique1\",\"include_post\":\"\",\"included_only\":false,\"exclude_post\":\"\",\"include_category\":\"66\",\"exclude_category\":\"\",\"include_author\":\"\",\"include_tag\":\"\",\"exclude_tag\":\"\",\"exclude_visited_post\":false,\"sort_by\":\"latest\",\"date_format\":\"default\",\"date_format_custom\":\"Y\\\/m\\\/d\",\"excerpt_length\":\"20\",\"excerpt_ellipsis\":\"...\",\"force_normal_image_load\":\"\",\"main_custom_image_size\":\"default\",\"pagination_mode\":\"nextprev\",\"pagination_nextprev_showtext\":\"\",\"pagination_number_post\":\"4\",\"pagination_scroll_limit\":0,\"ads_type\":\"disable\",\"ads_position\":1,\"ads_random\":\"\",\"ads_image\":\"\",\"ads_image_tablet\":\"\",\"ads_image_phone\":\"\",\"ads_image_link\":\"\",\"ads_image_alt\":\"\",\"ads_image_new_tab\":\"\",\"google_publisher_id\":\"\",\"google_slot_id\":\"\",\"google_desktop\":\"auto\",\"google_tab\":\"auto\",\"google_phone\":\"auto\",\"content\":\"\",\"ads_bottom_text\":\"\",\"el_id\":\"\",\"el_class\":\"\",\"scheme\":\"\",\"column_width\":\"auto\",\"title_color\":\"\",\"accent_color\":\"\",\"alt_color\":\"\",\"excerpt_color\":\"\",\"block_background\":\"\",\"css\":\"\",\"compatible_column_notice\":\"\",\"paged\":1,\"column_class\":\"jeg_col_3o3\",\"class\":\"jnews_block_12\"};<\/script>\n\t\t\t\t<\/div>[vc_widget_sidebar sidebar_id=&#8220;herzogtum-lbg-seite-mobil&#8220;]<div  class=\"jeg_postblock_12 jeg_postblock jeg_module_hook jeg_pagination_nextprev jeg_col_3o3 jnews_module__1_6a9c0b8f80d26   \" data-unique=\"jnews_module__1_6a9c0b8f80d26\">\n\t\t\t\t\t\n\t\t\t\t\t<div class=\"jeg_block_container\">\n                    \n                    <div class=\"jeg_posts jeg_load_more_flag\"><article class=\"jeg_post jeg_pl_lg_card format-standard\">\n                    <div class=\"jeg_inner_post\">\n                        <div class=\"jeg_thumb\">\n                            \n                            <a href=\"https:\/\/herzogtum-direkt.de\/index.php\/2026\/09\/02\/nicolai-kirche-beim-tag-des-offenen-denkmals\/\" aria-label=\"Read article: Nicolai-Kirche beim Tag des offenen Denkmals\"><div class=\"thumbnail-container animate-lazy  size-500 \"><img loading=\"lazy\" decoding=\"async\" width=\"1140\" height=\"570\" src=\"https:\/\/herzogtum-direkt.de\/wp-content\/themes\/jnews\/assets\/img\/jeg-empty.png\" class=\"attachment-jnews-1140x570 size-jnews-1140x570 lazyload wp-post-image\" alt=\"Einblicke in Geschichte und Kultur der Stadt M\u00f6lln\" sizes=\"auto, (max-width: 1140px) 100vw, 1140px\" data-full-width=\"3000\" data-full-height=\"1882\" data-src=\"https:\/\/herzogtum-direkt.de\/wp-content\/uploads\/2018\/08\/Nicolai-Kirche-historisches-Foto-1140x570.jpg\" data-srcset=\"https:\/\/herzogtum-direkt.de\/wp-content\/uploads\/2018\/08\/Nicolai-Kirche-historisches-Foto-1140x570.jpg 1140w, https:\/\/herzogtum-direkt.de\/wp-content\/uploads\/2018\/08\/Nicolai-Kirche-historisches-Foto-750x375.jpg 750w, https:\/\/herzogtum-direkt.de\/wp-content\/uploads\/2018\/08\/Nicolai-Kirche-historisches-Foto-360x180.jpg 360w\" data-sizes=\"auto\" data-expand=\"700\" \/><\/div><\/a>\n                        <\/div>\n                        <div class=\"jeg_postblock_content\">\n                            <div class=\"jeg_post_category\">\n                                <span>\n                                    <a href=\"https:\/\/herzogtum-direkt.de\/index.php\/category\/ausflugstipp\/\">Ausflugstipp<\/a>\n                                <\/span>\n                            <\/div>\n                            <h3 class=\"jeg_post_title\">\n                                <a href=\"https:\/\/herzogtum-direkt.de\/index.php\/2026\/09\/02\/nicolai-kirche-beim-tag-des-offenen-denkmals\/\">Nicolai-Kirche beim Tag des offenen Denkmals<\/a>\n                            <\/h3>\n                            <div class=\"jeg_post_meta\"><div class=\"jeg_meta_author\"><span class=\"by\">von<\/span> <a href=\"https:\/\/herzogtum-direkt.de\/index.php\/author\/pressemitteilung\/\">Pressemitteilung<\/a><\/div><div class=\"jeg_meta_date\"><a href=\"https:\/\/herzogtum-direkt.de\/index.php\/2026\/09\/02\/nicolai-kirche-beim-tag-des-offenen-denkmals\/\"><i class=\"fa fa-clock-o\"><\/i> September 2, 2026<\/a><\/div><div class=\"jeg_meta_comment\"><a href=\"https:\/\/herzogtum-direkt.de\/index.php\/2026\/09\/02\/nicolai-kirche-beim-tag-des-offenen-denkmals\/#comments\" ><i class=\"fa fa-comment-o\"><\/i> 0 <\/a><\/div><div class=\"jeg_meta_views\"><a href=\"https:\/\/herzogtum-direkt.de\/index.php\/2026\/09\/02\/nicolai-kirche-beim-tag-des-offenen-denkmals\/\" ><i class=\"fa fa-eye\"><\/i> 73 <\/a><\/div><\/div>\n                                <div class=\"jeg_post_excerpt\">\n                                    <p>M\u00f6lln (pm). Am Sonntag, 13. September 2026 findet der Tag des offenen Denkmals statt. Das bundesweite Motto in diesem Jahr...<\/p>\n                                    <a href=\"https:\/\/herzogtum-direkt.de\/index.php\/2026\/09\/02\/nicolai-kirche-beim-tag-des-offenen-denkmals\/\" class=\"jeg_readmore\">Mehr lesen<span class=\"screen-reader-text\">Details<\/span><\/a>\n                                <\/div>\n                        <\/div>\n                    <\/div>\n                <\/article><article class=\"jeg_post jeg_pl_lg_card format-standard\">\n                    <div class=\"jeg_inner_post\">\n                        <div class=\"jeg_thumb\">\n                            \n                            <a href=\"https:\/\/herzogtum-direkt.de\/index.php\/2026\/09\/01\/i-have-a-dream-was-bedeutet-zivilcourage\/\" aria-label=\"Read article: I have a Dream &#8211; Was bedeutet Zivilcourage?\"><div class=\"thumbnail-container animate-lazy  size-500 \"><img loading=\"lazy\" decoding=\"async\" width=\"1000\" height=\"570\" src=\"https:\/\/herzogtum-direkt.de\/wp-content\/themes\/jnews\/assets\/img\/jeg-empty.png\" class=\"attachment-jnews-1140x570 size-jnews-1140x570 lazyload wp-post-image\" alt=\"50 Jahre Augustinum &#8211; Tag der offenen T\u00fcr\" data-full-width=\"1000\" data-full-height=\"660\" data-src=\"https:\/\/herzogtum-direkt.de\/wp-content\/uploads\/2024\/08\/Augustinum-Eingang-2024-Foto-Augustinum-hfr-1000x570.png\" data-srcset=\"\" data-sizes=\"auto\" data-expand=\"700\" \/><\/div><\/a>\n                        <\/div>\n                        <div class=\"jeg_postblock_content\">\n                            <div class=\"jeg_post_category\">\n                                <span>\n                                    <a href=\"https:\/\/herzogtum-direkt.de\/index.php\/category\/herzogtum-lauenburg\/\">Herzogtum Lauenburg<\/a>\n                                <\/span>\n                            <\/div>\n                            <h3 class=\"jeg_post_title\">\n                                <a href=\"https:\/\/herzogtum-direkt.de\/index.php\/2026\/09\/01\/i-have-a-dream-was-bedeutet-zivilcourage\/\">I have a Dream &#8211; Was bedeutet Zivilcourage?<\/a>\n                            <\/h3>\n                            <div class=\"jeg_post_meta\"><div class=\"jeg_meta_author\"><span class=\"by\">von<\/span> <a href=\"https:\/\/herzogtum-direkt.de\/index.php\/author\/pressemitteilung\/\">Pressemitteilung<\/a><\/div><div class=\"jeg_meta_date\"><a href=\"https:\/\/herzogtum-direkt.de\/index.php\/2026\/09\/01\/i-have-a-dream-was-bedeutet-zivilcourage\/\"><i class=\"fa fa-clock-o\"><\/i> September 1, 2026<\/a><\/div><div class=\"jeg_meta_comment\"><a href=\"https:\/\/herzogtum-direkt.de\/index.php\/2026\/09\/01\/i-have-a-dream-was-bedeutet-zivilcourage\/#comments\" ><i class=\"fa fa-comment-o\"><\/i> 0 <\/a><\/div><div class=\"jeg_meta_views\"><a href=\"https:\/\/herzogtum-direkt.de\/index.php\/2026\/09\/01\/i-have-a-dream-was-bedeutet-zivilcourage\/\" ><i class=\"fa fa-eye\"><\/i> 115 <\/a><\/div><\/div>\n                                <div class=\"jeg_post_excerpt\">\n                                    <p>M\u00f6lln (pm). Am Mittwoch, 9. September 2026 h\u00e4lt Professor Dr. Hans-Joachim Pieper im Theater des Augustinum M\u00f6lln einen Vortrag \u00fcber...<\/p>\n                                    <a href=\"https:\/\/herzogtum-direkt.de\/index.php\/2026\/09\/01\/i-have-a-dream-was-bedeutet-zivilcourage\/\" class=\"jeg_readmore\">Mehr lesen<span class=\"screen-reader-text\">Details<\/span><\/a>\n                                <\/div>\n                        <\/div>\n                    <\/div>\n                <\/article><article class=\"jeg_post jeg_pl_lg_card format-standard\">\n                    <div class=\"jeg_inner_post\">\n                        <div class=\"jeg_thumb\">\n                            \n                            <a href=\"https:\/\/herzogtum-direkt.de\/index.php\/2026\/09\/01\/moellner-live-musik-treff-in-bogarts-bar\/\" aria-label=\"Read article: M\u00f6llner Live-Musik-Treff in Bogarts Bar\"><div class=\"thumbnail-container animate-lazy  size-500 \"><img loading=\"lazy\" decoding=\"async\" width=\"1000\" height=\"570\" src=\"https:\/\/herzogtum-direkt.de\/wp-content\/themes\/jnews\/assets\/img\/jeg-empty.png\" class=\"attachment-jnews-1140x570 size-jnews-1140x570 lazyload wp-post-image\" alt=\"M\u00f6llner Live-Musik-Treff in Bogarts Bar\" data-full-width=\"1000\" data-full-height=\"666\" data-src=\"https:\/\/herzogtum-direkt.de\/wp-content\/uploads\/2026\/09\/Live-Musik-Treff-Moelln-Folkclub-KI-Peter-Hansen-hfr-1000x570.jpg\" data-srcset=\"\" data-sizes=\"auto\" data-expand=\"700\" \/><\/div><\/a>\n                        <\/div>\n                        <div class=\"jeg_postblock_content\">\n                            <div class=\"jeg_post_category\">\n                                <span>\n                                    <a href=\"https:\/\/herzogtum-direkt.de\/index.php\/category\/herzogtum-lauenburg\/\">Herzogtum Lauenburg<\/a>\n                                <\/span>\n                            <\/div>\n                            <h3 class=\"jeg_post_title\">\n                                <a href=\"https:\/\/herzogtum-direkt.de\/index.php\/2026\/09\/01\/moellner-live-musik-treff-in-bogarts-bar\/\">M\u00f6llner Live-Musik-Treff in Bogarts Bar<\/a>\n                            <\/h3>\n                            <div class=\"jeg_post_meta\"><div class=\"jeg_meta_author\"><span class=\"by\">von<\/span> <a href=\"https:\/\/herzogtum-direkt.de\/index.php\/author\/pressemitteilung\/\">Pressemitteilung<\/a><\/div><div class=\"jeg_meta_date\"><a href=\"https:\/\/herzogtum-direkt.de\/index.php\/2026\/09\/01\/moellner-live-musik-treff-in-bogarts-bar\/\"><i class=\"fa fa-clock-o\"><\/i> September 1, 2026<\/a><\/div><div class=\"jeg_meta_comment\"><a href=\"https:\/\/herzogtum-direkt.de\/index.php\/2026\/09\/01\/moellner-live-musik-treff-in-bogarts-bar\/#comments\" ><i class=\"fa fa-comment-o\"><\/i> 0 <\/a><\/div><div class=\"jeg_meta_views\"><a href=\"https:\/\/herzogtum-direkt.de\/index.php\/2026\/09\/01\/moellner-live-musik-treff-in-bogarts-bar\/\" ><i class=\"fa fa-eye\"><\/i> 357 <\/a><\/div><\/div>\n                                <div class=\"jeg_post_excerpt\">\n                                    <p>M\u00f6lln (pm). Der M\u00f6llner Live-Musik-Treff ist eine Veranstaltung des Folkclub M\u00f6lln. Sie l\u00e4uft seit November 2025 und bekommt jetzt ein...<\/p>\n                                    <a href=\"https:\/\/herzogtum-direkt.de\/index.php\/2026\/09\/01\/moellner-live-musik-treff-in-bogarts-bar\/\" class=\"jeg_readmore\">Mehr lesen<span class=\"screen-reader-text\">Details<\/span><\/a>\n                                <\/div>\n                        <\/div>\n                    <\/div>\n                <\/article><article class=\"jeg_post jeg_pl_lg_card format-standard\">\n                    <div class=\"jeg_inner_post\">\n                        <div class=\"jeg_thumb\">\n                            \n                            <a href=\"https:\/\/herzogtum-direkt.de\/index.php\/2026\/08\/30\/erstes-kleinstadt-open-air-in-moelln\/\" aria-label=\"Read article: Erstes Kleinstadt-Open-Air in M\u00f6lln\"><div class=\"thumbnail-container animate-lazy  size-500 \"><img loading=\"lazy\" decoding=\"async\" width=\"1100\" height=\"459\" src=\"https:\/\/herzogtum-direkt.de\/wp-content\/themes\/jnews\/assets\/img\/jeg-empty.png\" class=\"attachment-jnews-1140x570 size-jnews-1140x570 lazyload wp-post-image\" alt=\"Erstes Kleinstadt-Open-Air in M\u00f6lln\" sizes=\"auto, (max-width: 1100px) 100vw, 1100px\" data-full-width=\"1100\" data-full-height=\"459\" data-src=\"https:\/\/herzogtum-direkt.de\/wp-content\/uploads\/2026\/08\/OEXL_2-1100x459.jpg\" data-srcset=\"https:\/\/herzogtum-direkt.de\/wp-content\/uploads\/2026\/08\/OEXL_2.jpg 1100w, https:\/\/herzogtum-direkt.de\/wp-content\/uploads\/2026\/08\/OEXL_2-600x250.jpg 600w, https:\/\/herzogtum-direkt.de\/wp-content\/uploads\/2026\/08\/OEXL_2-1024x427.jpg 1024w, https:\/\/herzogtum-direkt.de\/wp-content\/uploads\/2026\/08\/OEXL_2-768x320.jpg 768w\" data-sizes=\"auto\" data-expand=\"700\" \/><\/div><\/a>\n                        <\/div>\n                        <div class=\"jeg_postblock_content\">\n                            <div class=\"jeg_post_category\">\n                                <span>\n                                    <a href=\"https:\/\/herzogtum-direkt.de\/index.php\/category\/kultur\/\">Kultur<\/a>\n                                <\/span>\n                            <\/div>\n                            <h3 class=\"jeg_post_title\">\n                                <a href=\"https:\/\/herzogtum-direkt.de\/index.php\/2026\/08\/30\/erstes-kleinstadt-open-air-in-moelln\/\">Erstes Kleinstadt-Open-Air in M\u00f6lln<\/a>\n                            <\/h3>\n                            <div class=\"jeg_post_meta\"><div class=\"jeg_meta_author\"><span class=\"by\">von<\/span> <a href=\"https:\/\/herzogtum-direkt.de\/index.php\/author\/pressemitteilung\/\">Pressemitteilung<\/a><\/div><div class=\"jeg_meta_date\"><a href=\"https:\/\/herzogtum-direkt.de\/index.php\/2026\/08\/30\/erstes-kleinstadt-open-air-in-moelln\/\"><i class=\"fa fa-clock-o\"><\/i> August 30, 2026<\/a><\/div><div class=\"jeg_meta_comment\"><a href=\"https:\/\/herzogtum-direkt.de\/index.php\/2026\/08\/30\/erstes-kleinstadt-open-air-in-moelln\/#comments\" ><i class=\"fa fa-comment-o\"><\/i> 0 <\/a><\/div><div class=\"jeg_meta_views\"><a href=\"https:\/\/herzogtum-direkt.de\/index.php\/2026\/08\/30\/erstes-kleinstadt-open-air-in-moelln\/\" ><i class=\"fa fa-eye\"><\/i> 1.7k <\/a><\/div><\/div>\n                                <div class=\"jeg_post_excerpt\">\n                                    <p>M\u00f6lln (pm). Es wird laut, lecker und vor allem richtig gem\u00fctlich: Vom 4. bis 6. September 2026 feiert M\u00f6lln Premiere...<\/p>\n                                    <a href=\"https:\/\/herzogtum-direkt.de\/index.php\/2026\/08\/30\/erstes-kleinstadt-open-air-in-moelln\/\" class=\"jeg_readmore\">Mehr lesen<span class=\"screen-reader-text\">Details<\/span><\/a>\n                                <\/div>\n                        <\/div>\n                    <\/div>\n                <\/article><article class=\"jeg_post jeg_pl_lg_card format-standard\">\n                    <div class=\"jeg_inner_post\">\n                        <div class=\"jeg_thumb\">\n                            \n                            <a href=\"https:\/\/herzogtum-direkt.de\/index.php\/2026\/08\/29\/deutsch-als-zweitsprache-in-der-kita\/\" aria-label=\"Read article: Deutsch als Zweitsprache in der Kita\"><div class=\"thumbnail-container animate-lazy  size-500 \"><img loading=\"lazy\" decoding=\"async\" width=\"1000\" height=\"570\" src=\"https:\/\/herzogtum-direkt.de\/wp-content\/themes\/jnews\/assets\/img\/jeg-empty.png\" class=\"attachment-jnews-1140x570 size-jnews-1140x570 lazyload wp-post-image\" alt=\"Deutsch als Zweitsprache in der Kita\" data-full-width=\"1000\" data-full-height=\"975\" data-src=\"https:\/\/herzogtum-direkt.de\/wp-content\/uploads\/2026\/08\/Sophia-Schiebe.-Foto-Jan-Konitzki-1000x570.jpg\" data-srcset=\"\" data-sizes=\"auto\" data-expand=\"700\" \/><\/div><\/a>\n                        <\/div>\n                        <div class=\"jeg_postblock_content\">\n                            <div class=\"jeg_post_category\">\n                                <span>\n                                    <a href=\"https:\/\/herzogtum-direkt.de\/index.php\/category\/jugend-direkt\/\">Jugend direkt<\/a>\n                                <\/span>\n                            <\/div>\n                            <h3 class=\"jeg_post_title\">\n                                <a href=\"https:\/\/herzogtum-direkt.de\/index.php\/2026\/08\/29\/deutsch-als-zweitsprache-in-der-kita\/\">Deutsch als Zweitsprache in der Kita<\/a>\n                            <\/h3>\n                            <div class=\"jeg_post_meta\"><div class=\"jeg_meta_author\"><span class=\"by\">von<\/span> <a href=\"https:\/\/herzogtum-direkt.de\/index.php\/author\/pressemitteilung\/\">Pressemitteilung<\/a><\/div><div class=\"jeg_meta_date\"><a href=\"https:\/\/herzogtum-direkt.de\/index.php\/2026\/08\/29\/deutsch-als-zweitsprache-in-der-kita\/\"><i class=\"fa fa-clock-o\"><\/i> August 29, 2026<\/a><\/div><div class=\"jeg_meta_comment\"><a href=\"https:\/\/herzogtum-direkt.de\/index.php\/2026\/08\/29\/deutsch-als-zweitsprache-in-der-kita\/#comments\" ><i class=\"fa fa-comment-o\"><\/i> 0 <\/a><\/div><div class=\"jeg_meta_views\"><a href=\"https:\/\/herzogtum-direkt.de\/index.php\/2026\/08\/29\/deutsch-als-zweitsprache-in-der-kita\/\" ><i class=\"fa fa-eye\"><\/i> 379 <\/a><\/div><\/div>\n                                <div class=\"jeg_post_excerpt\">\n                                    <p>M\u00f6lln (pm).\u00a0Die fr\u00fchkindliche Sprachf\u00f6rderung steht im Mittelpunkt einer \u00f6ffentlichen Diskussionsveranstaltung, zu der die Arbeitsgemeinschaft f\u00fcr Bildung (AfB) der SPD Herzogtum...<\/p>\n                                    <a href=\"https:\/\/herzogtum-direkt.de\/index.php\/2026\/08\/29\/deutsch-als-zweitsprache-in-der-kita\/\" class=\"jeg_readmore\">Mehr lesen<span class=\"screen-reader-text\">Details<\/span><\/a>\n                                <\/div>\n                        <\/div>\n                    <\/div>\n                <\/article><article class=\"jeg_post jeg_pl_lg_card format-standard\">\n                    <div class=\"jeg_inner_post\">\n                        <div class=\"jeg_thumb\">\n                            \n                            <a href=\"https:\/\/herzogtum-direkt.de\/index.php\/2026\/08\/27\/mein-dorf-und-seine-geschichte-buchvorstellung-vor-vollem-haus\/\" aria-label=\"Read article: \u201aMein Dorf und seine Geschichte\u2019 \u2013 Buchvorstellung vor vollem Haus\"><div class=\"thumbnail-container animate-lazy  size-500 \"><img loading=\"lazy\" decoding=\"async\" width=\"1000\" height=\"570\" src=\"https:\/\/herzogtum-direkt.de\/wp-content\/themes\/jnews\/assets\/img\/jeg-empty.png\" class=\"attachment-jnews-1140x570 size-jnews-1140x570 lazyload wp-post-image\" alt=\"\u201aMein Dorf und seine Geschichte\u2019 \u2013 Buchvorstellung vor vollem Haus\" data-full-width=\"1000\" data-full-height=\"664\" data-src=\"https:\/\/herzogtum-direkt.de\/wp-content\/uploads\/2026\/08\/Buchveranstaltung-FKJ-Projekt-Foto-Sabine-Riege--1000x570.jpg\" data-srcset=\"\" data-sizes=\"auto\" data-expand=\"700\" \/><\/div><\/a>\n                        <\/div>\n                        <div class=\"jeg_postblock_content\">\n                            <div class=\"jeg_post_category\">\n                                <span>\n                                    <a href=\"https:\/\/herzogtum-direkt.de\/index.php\/category\/herzogtum-lauenburg\/\">Herzogtum Lauenburg<\/a>\n                                <\/span>\n                            <\/div>\n                            <h3 class=\"jeg_post_title\">\n                                <a href=\"https:\/\/herzogtum-direkt.de\/index.php\/2026\/08\/27\/mein-dorf-und-seine-geschichte-buchvorstellung-vor-vollem-haus\/\">\u201aMein Dorf und seine Geschichte\u2019 \u2013 Buchvorstellung vor vollem Haus<\/a>\n                            <\/h3>\n                            <div class=\"jeg_post_meta\"><div class=\"jeg_meta_author\"><span class=\"by\">von<\/span> <a href=\"https:\/\/herzogtum-direkt.de\/index.php\/author\/pressemitteilung\/\">Pressemitteilung<\/a><\/div><div class=\"jeg_meta_date\"><a href=\"https:\/\/herzogtum-direkt.de\/index.php\/2026\/08\/27\/mein-dorf-und-seine-geschichte-buchvorstellung-vor-vollem-haus\/\"><i class=\"fa fa-clock-o\"><\/i> August 27, 2026<\/a><\/div><div class=\"jeg_meta_comment\"><a href=\"https:\/\/herzogtum-direkt.de\/index.php\/2026\/08\/27\/mein-dorf-und-seine-geschichte-buchvorstellung-vor-vollem-haus\/#comments\" ><i class=\"fa fa-comment-o\"><\/i> 0 <\/a><\/div><div class=\"jeg_meta_views\"><a href=\"https:\/\/herzogtum-direkt.de\/index.php\/2026\/08\/27\/mein-dorf-und-seine-geschichte-buchvorstellung-vor-vollem-haus\/\" ><i class=\"fa fa-eye\"><\/i> 222 <\/a><\/div><\/div>\n                                <div class=\"jeg_post_excerpt\">\n                                    <p>M\u00f6lln (pm). Marie Nehls absolvierte bis Ende August ihr \u201eFreiwilliges Kulturelles Jahr\u201c (kurz FKJ) in der in M\u00f6lln ans\u00e4ssigen Stiftung...<\/p>\n                                    <a href=\"https:\/\/herzogtum-direkt.de\/index.php\/2026\/08\/27\/mein-dorf-und-seine-geschichte-buchvorstellung-vor-vollem-haus\/\" class=\"jeg_readmore\">Mehr lesen<span class=\"screen-reader-text\">Details<\/span><\/a>\n                                <\/div>\n                        <\/div>\n                    <\/div>\n                <\/article><article class=\"jeg_post jeg_pl_lg_card format-standard\">\n                    <div class=\"jeg_inner_post\">\n                        <div class=\"jeg_thumb\">\n                            \n                            <a href=\"https:\/\/herzogtum-direkt.de\/index.php\/2026\/08\/27\/der-moellner-citylauf-startet-am-sonnabend\/\" aria-label=\"Read article: Der M\u00f6llner Citylauf startet am Sonnabend\"><div class=\"thumbnail-container animate-lazy  size-500 \"><img loading=\"lazy\" decoding=\"async\" width=\"1000\" height=\"570\" src=\"https:\/\/herzogtum-direkt.de\/wp-content\/themes\/jnews\/assets\/img\/jeg-empty.png\" class=\"attachment-jnews-1140x570 size-jnews-1140x570 lazyload wp-post-image\" alt=\"Der M\u00f6llner Citylauf startet am Sonnabend\" data-full-width=\"1000\" data-full-height=\"587\" data-src=\"https:\/\/herzogtum-direkt.de\/wp-content\/uploads\/2026\/08\/Moellner-Citylauf-1000x570.jpg\" data-srcset=\"\" data-sizes=\"auto\" data-expand=\"700\" \/><\/div><\/a>\n                        <\/div>\n                        <div class=\"jeg_postblock_content\">\n                            <div class=\"jeg_post_category\">\n                                <span>\n                                    <a href=\"https:\/\/herzogtum-direkt.de\/index.php\/category\/herzogtum-lauenburg\/\">Herzogtum Lauenburg<\/a>\n                                <\/span>\n                            <\/div>\n                            <h3 class=\"jeg_post_title\">\n                                <a href=\"https:\/\/herzogtum-direkt.de\/index.php\/2026\/08\/27\/der-moellner-citylauf-startet-am-sonnabend\/\">Der M\u00f6llner Citylauf startet am Sonnabend<\/a>\n                            <\/h3>\n                            <div class=\"jeg_post_meta\"><div class=\"jeg_meta_author\"><span class=\"by\">von<\/span> <a href=\"https:\/\/herzogtum-direkt.de\/index.php\/author\/pressemitteilung\/\">Pressemitteilung<\/a><\/div><div class=\"jeg_meta_date\"><a href=\"https:\/\/herzogtum-direkt.de\/index.php\/2026\/08\/27\/der-moellner-citylauf-startet-am-sonnabend\/\"><i class=\"fa fa-clock-o\"><\/i> August 27, 2026<\/a><\/div><div class=\"jeg_meta_comment\"><a href=\"https:\/\/herzogtum-direkt.de\/index.php\/2026\/08\/27\/der-moellner-citylauf-startet-am-sonnabend\/#comments\" ><i class=\"fa fa-comment-o\"><\/i> 0 <\/a><\/div><div class=\"jeg_meta_views\"><a href=\"https:\/\/herzogtum-direkt.de\/index.php\/2026\/08\/27\/der-moellner-citylauf-startet-am-sonnabend\/\" ><i class=\"fa fa-eye\"><\/i> 1.2k <\/a><\/div><\/div>\n                                <div class=\"jeg_post_excerpt\">\n                                    <p>M\u00f6lln (pm). Am kommenden Sonnabend, 29. August 2026, startet wieder der Citylauf in M\u00f6lln. Jetzt schon zum 30ten Mal. Start...<\/p>\n                                    <a href=\"https:\/\/herzogtum-direkt.de\/index.php\/2026\/08\/27\/der-moellner-citylauf-startet-am-sonnabend\/\" class=\"jeg_readmore\">Mehr lesen<span class=\"screen-reader-text\">Details<\/span><\/a>\n                                <\/div>\n                        <\/div>\n                    <\/div>\n                <\/article><\/div>\n                    <div class='module-overlay'>\n\t\t\t\t    <div class='preloader_type preloader_dot'>\n\t\t\t\t        <div class=\"module-preloader jeg_preloader dot\">\n\t\t\t\t            <span><\/span><span><\/span><span><\/span>\n\t\t\t\t        <\/div>\n\t\t\t\t        <div class=\"module-preloader jeg_preloader circle\">\n\t\t\t\t            <div class=\"jnews_preloader_circle_outer\">\n\t\t\t\t                <div class=\"jnews_preloader_circle_inner\"><\/div>\n\t\t\t\t            <\/div>\n\t\t\t\t        <\/div>\n\t\t\t\t        <div class=\"module-preloader jeg_preloader square\">\n\t\t\t\t            <div class=\"jeg_square\">\n\t\t\t\t                <div class=\"jeg_square_inner\"><\/div>\n\t\t\t\t            <\/div>\n\t\t\t\t        <\/div>\n\t\t\t\t    <\/div>\n\t\t\t\t<\/div>\n                <\/div>\n                <div class=\"jeg_block_navigation\">\n                    <div class='navigation_overlay'><div class='module-preloader jeg_preloader'><span><\/span><span><\/span><span><\/span><\/div><\/div>\n                    <div class=\"jeg_block_nav \">\n                    <a href=\"#\" aria-label=\"View previous page posts\" class=\"prev disabled\" title=\"zur\u00fcck\"><i class=\"fa fa-angle-left\"><\/i><\/a>\n                    <a href=\"#\" aria-label=\"View next page posts\" class=\"next \" title=\"weiter\"><i class=\"fa fa-angle-right\"><\/i><\/a>\n                <\/div>\n                    \n                <\/div>\n\t\t\t\t\t\n\t\t\t\t\t<script>var jnews_module__1_6a9c0b8f80d26 = {\"header_icon\":\"\",\"first_title\":\"\",\"second_title\":\"\",\"url\":\"\",\"header_type\":\"heading_6\",\"header_background\":\"\",\"header_secondary_background\":\"\",\"header_text_color\":\"\",\"header_line_color\":\"\",\"header_accent_color\":\"\",\"header_filter_category\":\"\",\"header_filter_author\":\"\",\"header_filter_tag\":\"\",\"header_filter_text\":\"All\",\"sticky_post\":false,\"sticky_post_filter\":false,\"post_type\":\"post\",\"content_type\":\"all\",\"sponsor\":false,\"number_post\":\"7\",\"post_offset\":\"0\",\"unique_content\":\"unique1\",\"include_post\":\"\",\"included_only\":false,\"exclude_post\":\"86511,86506,86493,86517,86453,86450,86407\",\"include_category\":\"66\",\"exclude_category\":\"\",\"include_author\":\"\",\"include_tag\":\"\",\"exclude_tag\":\"\",\"exclude_visited_post\":false,\"sort_by\":\"latest\",\"date_format\":\"default\",\"date_format_custom\":\"Y\\\/m\\\/d\",\"excerpt_length\":\"20\",\"excerpt_ellipsis\":\"...\",\"force_normal_image_load\":\"\",\"main_custom_image_size\":\"default\",\"pagination_mode\":\"nextprev\",\"pagination_nextprev_showtext\":\"\",\"pagination_number_post\":\"4\",\"pagination_scroll_limit\":0,\"ads_type\":\"disable\",\"ads_position\":1,\"ads_random\":\"\",\"ads_image\":\"\",\"ads_image_tablet\":\"\",\"ads_image_phone\":\"\",\"ads_image_link\":\"\",\"ads_image_alt\":\"\",\"ads_image_new_tab\":\"\",\"google_publisher_id\":\"\",\"google_slot_id\":\"\",\"google_desktop\":\"auto\",\"google_tab\":\"auto\",\"google_phone\":\"auto\",\"content\":\"\",\"ads_bottom_text\":\"\",\"el_id\":\"\",\"el_class\":\"\",\"scheme\":\"\",\"column_width\":\"auto\",\"title_color\":\"\",\"accent_color\":\"\",\"alt_color\":\"\",\"excerpt_color\":\"\",\"block_background\":\"\",\"css\":\"\",\"compatible_column_notice\":\"\",\"paged\":1,\"column_class\":\"jeg_col_3o3\",\"class\":\"jnews_block_12\"};<\/script>\n\t\t\t\t<\/div>[vc_widget_sidebar sidebar_id=&#8220;herzogtum-lbg-seite-mobil&#8220;][\/vc_column][\/vc_row][vc_row][vc_column width=&#8220;2\/3&#8243; offset=&#8220;vc_hidden-xs&#8220;]<div  class=\"jeg_postblock_12 jeg_postblock jeg_module_hook jeg_pagination_nextprev jeg_col_3o3 jnews_module__2_6a9c0b8f8fe90   \" data-unique=\"jnews_module__2_6a9c0b8f8fe90\">\n\t\t\t\t\t\n\t\t\t\t\t<div class=\"jeg_block_container\">\n                    \n                    <div class=\"jeg_posts jeg_load_more_flag\"><article class=\"jeg_post jeg_pl_lg_card format-standard\">\n                    <div class=\"jeg_inner_post\">\n                        <div class=\"jeg_thumb\">\n                            \n                            <a href=\"https:\/\/herzogtum-direkt.de\/index.php\/2026\/09\/05\/buergersprechstunde-mit-katharina-fiedermann\/\" aria-label=\"Read article: B\u00fcrgersprechstunde mit Katharina Fiedermann\"><div class=\"thumbnail-container animate-lazy  size-500 \"><img loading=\"lazy\" decoding=\"async\" width=\"1000\" height=\"570\" src=\"https:\/\/herzogtum-direkt.de\/wp-content\/themes\/jnews\/assets\/img\/jeg-empty.png\" class=\"attachment-jnews-1140x570 size-jnews-1140x570 lazyload wp-post-image\" alt=\"Stadtverwaltung M\u00f6lln geschlossen\" data-full-width=\"1000\" data-full-height=\"750\" data-src=\"https:\/\/herzogtum-direkt.de\/wp-content\/uploads\/2024\/08\/Das-Stadthaus-in-Moelln_Foto-Katrin-Jester-Stadt-Moelln-1000x570.jpg\" data-srcset=\"\" data-sizes=\"auto\" data-expand=\"700\" \/><\/div><\/a>\n                        <\/div>\n                        <div class=\"jeg_postblock_content\">\n                            <div class=\"jeg_post_category\">\n                                <span>\n                                    <a href=\"https:\/\/herzogtum-direkt.de\/index.php\/category\/landleute\/\">Land&amp;Leute<\/a>\n                                <\/span>\n                            <\/div>\n                            <h3 class=\"jeg_post_title\">\n                                <a href=\"https:\/\/herzogtum-direkt.de\/index.php\/2026\/09\/05\/buergersprechstunde-mit-katharina-fiedermann\/\">B\u00fcrgersprechstunde mit Katharina Fiedermann<\/a>\n                            <\/h3>\n                            <div class=\"jeg_post_meta\"><div class=\"jeg_meta_author\"><span class=\"by\">von<\/span> <a href=\"https:\/\/herzogtum-direkt.de\/index.php\/author\/pressemitteilung\/\">Pressemitteilung<\/a><\/div><div class=\"jeg_meta_date\"><a href=\"https:\/\/herzogtum-direkt.de\/index.php\/2026\/09\/05\/buergersprechstunde-mit-katharina-fiedermann\/\"><i class=\"fa fa-clock-o\"><\/i> September 5, 2026<\/a><\/div><div class=\"jeg_meta_comment\"><a href=\"https:\/\/herzogtum-direkt.de\/index.php\/2026\/09\/05\/buergersprechstunde-mit-katharina-fiedermann\/#comments\" ><i class=\"fa fa-comment-o\"><\/i> 0 <\/a><\/div><div class=\"jeg_meta_views\"><a href=\"https:\/\/herzogtum-direkt.de\/index.php\/2026\/09\/05\/buergersprechstunde-mit-katharina-fiedermann\/\" ><i class=\"fa fa-eye\"><\/i> 25 <\/a><\/div><\/div>\n                                <div class=\"jeg_post_excerpt\">\n                                    <p>M\u00f6lln (pm). Die n\u00e4chste B\u00fcrgersprechstunde bietet die B\u00fcrgervorsteherin Katharina Fiedermann am Donnerstag, 10. September 2026\u00a0im Stadthaus Raum 114 an. In...<\/p>\n                                    <a href=\"https:\/\/herzogtum-direkt.de\/index.php\/2026\/09\/05\/buergersprechstunde-mit-katharina-fiedermann\/\" class=\"jeg_readmore\">Mehr lesen<span class=\"screen-reader-text\">Details<\/span><\/a>\n                                <\/div>\n                        <\/div>\n                    <\/div>\n                <\/article><article class=\"jeg_post jeg_pl_lg_card format-standard\">\n                    <div class=\"jeg_inner_post\">\n                        <div class=\"jeg_thumb\">\n                            \n                            <a href=\"https:\/\/herzogtum-direkt.de\/index.php\/2026\/09\/05\/tag-des-handwerks\/\" aria-label=\"Read article: Tag des Handwerks\"><div class=\"thumbnail-container animate-lazy  size-500 \"><img loading=\"lazy\" decoding=\"async\" width=\"1000\" height=\"570\" src=\"https:\/\/herzogtum-direkt.de\/wp-content\/themes\/jnews\/assets\/img\/jeg-empty.png\" class=\"attachment-jnews-1140x570 size-jnews-1140x570 lazyload wp-post-image\" alt=\"Tag des Handwerks\" data-full-width=\"1000\" data-full-height=\"773\" data-src=\"https:\/\/herzogtum-direkt.de\/wp-content\/uploads\/2026\/09\/Tag-des-Handwerks-2026-Teilnehmer-hfr-1000x570.jpg\" data-srcset=\"\" data-sizes=\"auto\" data-expand=\"700\" \/><\/div><\/a>\n                        <\/div>\n                        <div class=\"jeg_postblock_content\">\n                            <div class=\"jeg_post_category\">\n                                <span>\n                                    <a href=\"https:\/\/herzogtum-direkt.de\/index.php\/category\/ausflugstipp\/\">Ausflugstipp<\/a>\n                                <\/span>\n                            <\/div>\n                            <h3 class=\"jeg_post_title\">\n                                <a href=\"https:\/\/herzogtum-direkt.de\/index.php\/2026\/09\/05\/tag-des-handwerks\/\">Tag des Handwerks<\/a>\n                            <\/h3>\n                            <div class=\"jeg_post_meta\"><div class=\"jeg_meta_author\"><span class=\"by\">von<\/span> <a href=\"https:\/\/herzogtum-direkt.de\/index.php\/author\/pressemitteilung\/\">Pressemitteilung<\/a><\/div><div class=\"jeg_meta_date\"><a href=\"https:\/\/herzogtum-direkt.de\/index.php\/2026\/09\/05\/tag-des-handwerks\/\"><i class=\"fa fa-clock-o\"><\/i> September 5, 2026<\/a><\/div><div class=\"jeg_meta_comment\"><a href=\"https:\/\/herzogtum-direkt.de\/index.php\/2026\/09\/05\/tag-des-handwerks\/#comments\" ><i class=\"fa fa-comment-o\"><\/i> 0 <\/a><\/div><div class=\"jeg_meta_views\"><a href=\"https:\/\/herzogtum-direkt.de\/index.php\/2026\/09\/05\/tag-des-handwerks\/\" ><i class=\"fa fa-eye\"><\/i> 94 <\/a><\/div><\/div>\n                                <div class=\"jeg_post_excerpt\">\n                                    <p>M\u00f6lln (pm). Am Sonnabend,19. September 2026, steht M\u00f6lln ganz im Zeichen des Handwerks. Unter dem Motto \u201eKarriere mit Gef\u00fchl\u201c l\u00e4dt...<\/p>\n                                    <a href=\"https:\/\/herzogtum-direkt.de\/index.php\/2026\/09\/05\/tag-des-handwerks\/\" class=\"jeg_readmore\">Mehr lesen<span class=\"screen-reader-text\">Details<\/span><\/a>\n                                <\/div>\n                        <\/div>\n                    <\/div>\n                <\/article><article class=\"jeg_post jeg_pl_lg_card format-standard\">\n                    <div class=\"jeg_inner_post\">\n                        <div class=\"jeg_thumb\">\n                            \n                            <a href=\"https:\/\/herzogtum-direkt.de\/index.php\/2026\/09\/04\/courage-beendet-sommerpause-vielfaeltiges-herbstprogramm-startet\/\" aria-label=\"Read article: COURAGE beendet Sommerpause: Vielf\u00e4ltiges Herbstprogramm startet\"><div class=\"thumbnail-container animate-lazy  size-500 \"><img loading=\"lazy\" decoding=\"async\" width=\"1100\" height=\"570\" src=\"https:\/\/herzogtum-direkt.de\/wp-content\/themes\/jnews\/assets\/img\/jeg-empty.png\" class=\"attachment-jnews-1140x570 size-jnews-1140x570 lazyload wp-post-image\" alt=\"COURAGE beendet Sommerpause: Vielf\u00e4ltiges Herbstprogramm startet\" data-full-width=\"1100\" data-full-height=\"696\" data-src=\"https:\/\/herzogtum-direkt.de\/wp-content\/uploads\/2026\/09\/Courage-Putztag-1100x570.jpg\" data-srcset=\"\" data-sizes=\"auto\" data-expand=\"700\" \/><\/div><\/a>\n                        <\/div>\n                        <div class=\"jeg_postblock_content\">\n                            <div class=\"jeg_post_category\">\n                                <span>\n                                    <a href=\"https:\/\/herzogtum-direkt.de\/index.php\/category\/kultur\/\">Kultur<\/a>\n                                <\/span>\n                            <\/div>\n                            <h3 class=\"jeg_post_title\">\n                                <a href=\"https:\/\/herzogtum-direkt.de\/index.php\/2026\/09\/04\/courage-beendet-sommerpause-vielfaeltiges-herbstprogramm-startet\/\">COURAGE beendet Sommerpause: Vielf\u00e4ltiges Herbstprogramm startet<\/a>\n                            <\/h3>\n                            <div class=\"jeg_post_meta\"><div class=\"jeg_meta_author\"><span class=\"by\">von<\/span> <a href=\"https:\/\/herzogtum-direkt.de\/index.php\/author\/admin_ir2rtpca\/\">Andreas Anders<\/a><\/div><div class=\"jeg_meta_date\"><a href=\"https:\/\/herzogtum-direkt.de\/index.php\/2026\/09\/04\/courage-beendet-sommerpause-vielfaeltiges-herbstprogramm-startet\/\"><i class=\"fa fa-clock-o\"><\/i> September 4, 2026<\/a><\/div><div class=\"jeg_meta_comment\"><a href=\"https:\/\/herzogtum-direkt.de\/index.php\/2026\/09\/04\/courage-beendet-sommerpause-vielfaeltiges-herbstprogramm-startet\/#comments\" ><i class=\"fa fa-comment-o\"><\/i> 0 <\/a><\/div><div class=\"jeg_meta_views\"><a href=\"https:\/\/herzogtum-direkt.de\/index.php\/2026\/09\/04\/courage-beendet-sommerpause-vielfaeltiges-herbstprogramm-startet\/\" ><i class=\"fa fa-eye\"><\/i> 121 <\/a><\/div><\/div>\n                                <div class=\"jeg_post_excerpt\">\n                                    <p>M\u00f6lln (aa\/pm). Die Sommerpause des COURAGE in der Seestra\u00dfe 1B neigt sich dem Ende zu, und das Kulturzentrum startet mit...<\/p>\n                                    <a href=\"https:\/\/herzogtum-direkt.de\/index.php\/2026\/09\/04\/courage-beendet-sommerpause-vielfaeltiges-herbstprogramm-startet\/\" class=\"jeg_readmore\">Mehr lesen<span class=\"screen-reader-text\">Details<\/span><\/a>\n                                <\/div>\n                        <\/div>\n                    <\/div>\n                <\/article><article class=\"jeg_post jeg_pl_lg_card format-standard\">\n                    <div class=\"jeg_inner_post\">\n                        <div class=\"jeg_thumb\">\n                            \n                            <a href=\"https:\/\/herzogtum-direkt.de\/index.php\/2026\/09\/04\/herzlich-willkommen-vier-neue-auszubildende-starten-bei-der-stadt-moelln\/\" aria-label=\"Read article: Herzlich willkommen: Vier neue Auszubildende starten bei der Stadt M\u00f6lln\"><div class=\"thumbnail-container animate-lazy  size-500 \"><img loading=\"lazy\" decoding=\"async\" width=\"1000\" height=\"495\" src=\"https:\/\/herzogtum-direkt.de\/wp-content\/themes\/jnews\/assets\/img\/jeg-empty.png\" class=\"attachment-jnews-1140x570 size-jnews-1140x570 lazyload wp-post-image\" alt=\"Herzlich willkommen: Vier neue Auszubildende starten bei der Stadt M\u00f6lln\" sizes=\"auto, (max-width: 1000px) 100vw, 1000px\" data-full-width=\"1000\" data-full-height=\"495\" data-src=\"https:\/\/herzogtum-direkt.de\/wp-content\/uploads\/2026\/09\/Neue-Azubis-1000x495.jpg\" data-srcset=\"https:\/\/herzogtum-direkt.de\/wp-content\/uploads\/2026\/09\/Neue-Azubis.jpg 1000w, https:\/\/herzogtum-direkt.de\/wp-content\/uploads\/2026\/09\/Neue-Azubis-600x297.jpg 600w, https:\/\/herzogtum-direkt.de\/wp-content\/uploads\/2026\/09\/Neue-Azubis-768x380.jpg 768w\" data-sizes=\"auto\" data-expand=\"700\" \/><\/div><\/a>\n                        <\/div>\n                        <div class=\"jeg_postblock_content\">\n                            <div class=\"jeg_post_category\">\n                                <span>\n                                    <a href=\"https:\/\/herzogtum-direkt.de\/index.php\/category\/herzogtum-lauenburg\/\">Herzogtum Lauenburg<\/a>\n                                <\/span>\n                            <\/div>\n                            <h3 class=\"jeg_post_title\">\n                                <a href=\"https:\/\/herzogtum-direkt.de\/index.php\/2026\/09\/04\/herzlich-willkommen-vier-neue-auszubildende-starten-bei-der-stadt-moelln\/\">Herzlich willkommen: Vier neue Auszubildende starten bei der Stadt M\u00f6lln<\/a>\n                            <\/h3>\n                            <div class=\"jeg_post_meta\"><div class=\"jeg_meta_author\"><span class=\"by\">von<\/span> <a href=\"https:\/\/herzogtum-direkt.de\/index.php\/author\/pressemitteilung\/\">Pressemitteilung<\/a><\/div><div class=\"jeg_meta_date\"><a href=\"https:\/\/herzogtum-direkt.de\/index.php\/2026\/09\/04\/herzlich-willkommen-vier-neue-auszubildende-starten-bei-der-stadt-moelln\/\"><i class=\"fa fa-clock-o\"><\/i> September 4, 2026<\/a><\/div><div class=\"jeg_meta_comment\"><a href=\"https:\/\/herzogtum-direkt.de\/index.php\/2026\/09\/04\/herzlich-willkommen-vier-neue-auszubildende-starten-bei-der-stadt-moelln\/#comments\" ><i class=\"fa fa-comment-o\"><\/i> 0 <\/a><\/div><div class=\"jeg_meta_views\"><a href=\"https:\/\/herzogtum-direkt.de\/index.php\/2026\/09\/04\/herzlich-willkommen-vier-neue-auszubildende-starten-bei-der-stadt-moelln\/\" ><i class=\"fa fa-eye\"><\/i> 1.7k <\/a><\/div><\/div>\n                                <div class=\"jeg_post_excerpt\">\n                                    <p>M\u00f6lln (pm).\u00a0Die Stadtverwaltung M\u00f6lln freut sich \u00fcber gleich vier neue Gesichter im Team. Zum sp\u00e4ten Sommer haben vier Nachwuchskr\u00e4fte ihre...<\/p>\n                                    <a href=\"https:\/\/herzogtum-direkt.de\/index.php\/2026\/09\/04\/herzlich-willkommen-vier-neue-auszubildende-starten-bei-der-stadt-moelln\/\" class=\"jeg_readmore\">Mehr lesen<span class=\"screen-reader-text\">Details<\/span><\/a>\n                                <\/div>\n                        <\/div>\n                    <\/div>\n                <\/article><article class=\"jeg_post jeg_pl_lg_card format-standard\">\n                    <div class=\"jeg_inner_post\">\n                        <div class=\"jeg_thumb\">\n                            \n                            <a href=\"https:\/\/herzogtum-direkt.de\/index.php\/2026\/09\/03\/petition-fuer-den-erhalt-der-hauptstrasse-als-leistungsfaehige-durchfahrts-und-erschliessungsstrasse\/\" aria-label=\"Read article: Petition f\u00fcr den Erhalt der Hauptstra\u00dfe als leistungsf\u00e4hige Durchfahrts- und Erschlie\u00dfungsstra\u00dfe\"><div class=\"thumbnail-container animate-lazy  size-500 \"><img loading=\"lazy\" decoding=\"async\" width=\"923\" height=\"570\" src=\"https:\/\/herzogtum-direkt.de\/wp-content\/themes\/jnews\/assets\/img\/jeg-empty.png\" class=\"attachment-jnews-1140x570 size-jnews-1140x570 lazyload wp-post-image\" alt=\"Umfassende Beratungsangebote f\u00fcr Kulturschaffende\" data-full-width=\"923\" data-full-height=\"615\" data-src=\"https:\/\/herzogtum-direkt.de\/wp-content\/uploads\/2021\/11\/Aktuelles-20211022_132336-1-923x570.jpg\" data-srcset=\"\" data-sizes=\"auto\" data-expand=\"700\" \/><\/div><\/a>\n                        <\/div>\n                        <div class=\"jeg_postblock_content\">\n                            <div class=\"jeg_post_category\">\n                                <span>\n                                    <a href=\"https:\/\/herzogtum-direkt.de\/index.php\/category\/herzogtum-lauenburg\/\">Herzogtum Lauenburg<\/a>\n                                <\/span>\n                            <\/div>\n                            <h3 class=\"jeg_post_title\">\n                                <a href=\"https:\/\/herzogtum-direkt.de\/index.php\/2026\/09\/03\/petition-fuer-den-erhalt-der-hauptstrasse-als-leistungsfaehige-durchfahrts-und-erschliessungsstrasse\/\">Petition f\u00fcr den Erhalt der Hauptstra\u00dfe als leistungsf\u00e4hige Durchfahrts- und Erschlie\u00dfungsstra\u00dfe<\/a>\n                            <\/h3>\n                            <div class=\"jeg_post_meta\"><div class=\"jeg_meta_author\"><span class=\"by\">von<\/span> <a href=\"https:\/\/herzogtum-direkt.de\/index.php\/author\/admin_ir2rtpca\/\">Andreas Anders<\/a><\/div><div class=\"jeg_meta_date\"><a href=\"https:\/\/herzogtum-direkt.de\/index.php\/2026\/09\/03\/petition-fuer-den-erhalt-der-hauptstrasse-als-leistungsfaehige-durchfahrts-und-erschliessungsstrasse\/\"><i class=\"fa fa-clock-o\"><\/i> September 3, 2026<\/a><\/div><div class=\"jeg_meta_comment\"><a href=\"https:\/\/herzogtum-direkt.de\/index.php\/2026\/09\/03\/petition-fuer-den-erhalt-der-hauptstrasse-als-leistungsfaehige-durchfahrts-und-erschliessungsstrasse\/#comments\" ><i class=\"fa fa-comment-o\"><\/i> 0 <\/a><\/div><div class=\"jeg_meta_views\"><a href=\"https:\/\/herzogtum-direkt.de\/index.php\/2026\/09\/03\/petition-fuer-den-erhalt-der-hauptstrasse-als-leistungsfaehige-durchfahrts-und-erschliessungsstrasse\/\" ><i class=\"fa fa-eye\"><\/i> 521 <\/a><\/div><\/div>\n                                <div class=\"jeg_post_excerpt\">\n                                    <p>M\u00f6lln (aa).\u00a0Auf der Plattform openPetition wurde eine neue Petition gestartet. Diese setzt sich f\u00fcr den Erhalt der Hauptstra\u00dfe als leistungsf\u00e4hige...<\/p>\n                                    <a href=\"https:\/\/herzogtum-direkt.de\/index.php\/2026\/09\/03\/petition-fuer-den-erhalt-der-hauptstrasse-als-leistungsfaehige-durchfahrts-und-erschliessungsstrasse\/\" class=\"jeg_readmore\">Mehr lesen<span class=\"screen-reader-text\">Details<\/span><\/a>\n                                <\/div>\n                        <\/div>\n                    <\/div>\n                <\/article><article class=\"jeg_post jeg_pl_lg_card format-standard\">\n                    <div class=\"jeg_inner_post\">\n                        <div class=\"jeg_thumb\">\n                            \n                            <a href=\"https:\/\/herzogtum-direkt.de\/index.php\/2026\/09\/03\/wahl-watching-in-moelln\/\" aria-label=\"Read article: Wahl-Watching in M\u00f6lln\"><div class=\"thumbnail-container animate-lazy  size-500 \"><img loading=\"lazy\" decoding=\"async\" width=\"1140\" height=\"570\" src=\"https:\/\/herzogtum-direkt.de\/wp-content\/themes\/jnews\/assets\/img\/jeg-empty.png\" class=\"attachment-jnews-1140x570 size-jnews-1140x570 lazyload wp-post-image\" alt=\"Wahl-Watching in M\u00f6lln\" sizes=\"auto, (max-width: 1140px) 100vw, 1140px\" data-full-width=\"1177\" data-full-height=\"722\" data-src=\"https:\/\/herzogtum-direkt.de\/wp-content\/uploads\/2026\/09\/Wahlwatching-1140x570.jpeg\" data-srcset=\"https:\/\/herzogtum-direkt.de\/wp-content\/uploads\/2026\/09\/Wahlwatching-1140x570.jpeg 1140w, https:\/\/herzogtum-direkt.de\/wp-content\/uploads\/2026\/09\/Wahlwatching-360x180.jpeg 360w, https:\/\/herzogtum-direkt.de\/wp-content\/uploads\/2026\/09\/Wahlwatching-750x375.jpeg 750w\" data-sizes=\"auto\" data-expand=\"700\" \/><\/div><\/a>\n                        <\/div>\n                        <div class=\"jeg_postblock_content\">\n                            <div class=\"jeg_post_category\">\n                                <span>\n                                    <a href=\"https:\/\/herzogtum-direkt.de\/index.php\/category\/herzogtum-lauenburg\/\">Herzogtum Lauenburg<\/a>\n                                <\/span>\n                            <\/div>\n                            <h3 class=\"jeg_post_title\">\n                                <a href=\"https:\/\/herzogtum-direkt.de\/index.php\/2026\/09\/03\/wahl-watching-in-moelln\/\">Wahl-Watching in M\u00f6lln<\/a>\n                            <\/h3>\n                            <div class=\"jeg_post_meta\"><div class=\"jeg_meta_author\"><span class=\"by\">von<\/span> <a href=\"https:\/\/herzogtum-direkt.de\/index.php\/author\/admin_ir2rtpca\/\">Andreas Anders<\/a><\/div><div class=\"jeg_meta_date\"><a href=\"https:\/\/herzogtum-direkt.de\/index.php\/2026\/09\/03\/wahl-watching-in-moelln\/\"><i class=\"fa fa-clock-o\"><\/i> September 3, 2026<\/a><\/div><div class=\"jeg_meta_comment\"><a href=\"https:\/\/herzogtum-direkt.de\/index.php\/2026\/09\/03\/wahl-watching-in-moelln\/#comments\" ><i class=\"fa fa-comment-o\"><\/i> 0 <\/a><\/div><div class=\"jeg_meta_views\"><a href=\"https:\/\/herzogtum-direkt.de\/index.php\/2026\/09\/03\/wahl-watching-in-moelln\/\" ><i class=\"fa fa-eye\"><\/i> 125 <\/a><\/div><\/div>\n                                <div class=\"jeg_post_excerpt\">\n                                    <p>M\u00f6lln (aa).\u00a0Am 6. September 2026 findet in Sachsen-Anhalt die Landtagswahl statt. Aktuelle Umfragen und Prognosen sehen die AfD (Alternative f\u00fcr...<\/p>\n                                    <a href=\"https:\/\/herzogtum-direkt.de\/index.php\/2026\/09\/03\/wahl-watching-in-moelln\/\" class=\"jeg_readmore\">Mehr lesen<span class=\"screen-reader-text\">Details<\/span><\/a>\n                                <\/div>\n                        <\/div>\n                    <\/div>\n                <\/article><article class=\"jeg_post jeg_pl_lg_card format-standard\">\n                    <div class=\"jeg_inner_post\">\n                        <div class=\"jeg_thumb\">\n                            \n                            <a href=\"https:\/\/herzogtum-direkt.de\/index.php\/2026\/09\/02\/bestsellerautorin-lena-johannson-zu-gast-in-der-stadtbuecherei-moelln\/\" aria-label=\"Read article: Bestsellerautorin Lena Johannson zu Gast in der Stadtb\u00fccherei M\u00f6lln\"><div class=\"thumbnail-container animate-lazy  size-500 \"><img loading=\"lazy\" decoding=\"async\" width=\"1000\" height=\"570\" src=\"https:\/\/herzogtum-direkt.de\/wp-content\/themes\/jnews\/assets\/img\/jeg-empty.png\" class=\"attachment-jnews-1140x570 size-jnews-1140x570 lazyload wp-post-image\" alt=\"Ausflugstipps f\u00fcr die L\u00fcneburger Heide mit Krimih\u00e4ppchen\" data-full-width=\"1000\" data-full-height=\"750\" data-src=\"https:\/\/herzogtum-direkt.de\/wp-content\/uploads\/2025\/09\/Die-Stadtbuecherei-Moelln-Foto-Katrin-Jester-Stadt-Moelln-1000x570.jpg\" data-srcset=\"\" data-sizes=\"auto\" data-expand=\"700\" \/><\/div><\/a>\n                        <\/div>\n                        <div class=\"jeg_postblock_content\">\n                            <div class=\"jeg_post_category\">\n                                <span>\n                                    <a href=\"https:\/\/herzogtum-direkt.de\/index.php\/category\/ausflugstipp\/\">Ausflugstipp<\/a>\n                                <\/span>\n                            <\/div>\n                            <h3 class=\"jeg_post_title\">\n                                <a href=\"https:\/\/herzogtum-direkt.de\/index.php\/2026\/09\/02\/bestsellerautorin-lena-johannson-zu-gast-in-der-stadtbuecherei-moelln\/\">Bestsellerautorin Lena Johannson zu Gast in der Stadtb\u00fccherei M\u00f6lln<\/a>\n                            <\/h3>\n                            <div class=\"jeg_post_meta\"><div class=\"jeg_meta_author\"><span class=\"by\">von<\/span> <a href=\"https:\/\/herzogtum-direkt.de\/index.php\/author\/pressemitteilung\/\">Pressemitteilung<\/a><\/div><div class=\"jeg_meta_date\"><a href=\"https:\/\/herzogtum-direkt.de\/index.php\/2026\/09\/02\/bestsellerautorin-lena-johannson-zu-gast-in-der-stadtbuecherei-moelln\/\"><i class=\"fa fa-clock-o\"><\/i> September 2, 2026<\/a><\/div><div class=\"jeg_meta_comment\"><a href=\"https:\/\/herzogtum-direkt.de\/index.php\/2026\/09\/02\/bestsellerautorin-lena-johannson-zu-gast-in-der-stadtbuecherei-moelln\/#comments\" ><i class=\"fa fa-comment-o\"><\/i> 0 <\/a><\/div><div class=\"jeg_meta_views\"><a href=\"https:\/\/herzogtum-direkt.de\/index.php\/2026\/09\/02\/bestsellerautorin-lena-johannson-zu-gast-in-der-stadtbuecherei-moelln\/\" ><i class=\"fa fa-eye\"><\/i> 82 <\/a><\/div><\/div>\n                                <div class=\"jeg_post_excerpt\">\n                                    <p>M\u00f6lln (pm).\u00a0Die Bestsellerautorin Lena Johannson kommt am Sonnabend, 19. September 2026, f\u00fcr eine Lesung aus ihrem neuen Roman \u201eAufgeben k\u00f6nnen...<\/p>\n                                    <a href=\"https:\/\/herzogtum-direkt.de\/index.php\/2026\/09\/02\/bestsellerautorin-lena-johannson-zu-gast-in-der-stadtbuecherei-moelln\/\" class=\"jeg_readmore\">Mehr lesen<span class=\"screen-reader-text\">Details<\/span><\/a>\n                                <\/div>\n                        <\/div>\n                    <\/div>\n                <\/article><article class=\"jeg_post jeg_pl_lg_card format-standard\">\n                    <div class=\"jeg_inner_post\">\n                        <div class=\"jeg_thumb\">\n                            \n                            <a href=\"https:\/\/herzogtum-direkt.de\/index.php\/2026\/09\/02\/nicolai-kirche-beim-tag-des-offenen-denkmals\/\" aria-label=\"Read article: Nicolai-Kirche beim Tag des offenen Denkmals\"><div class=\"thumbnail-container animate-lazy  size-500 \"><img loading=\"lazy\" decoding=\"async\" width=\"1140\" height=\"570\" src=\"https:\/\/herzogtum-direkt.de\/wp-content\/themes\/jnews\/assets\/img\/jeg-empty.png\" class=\"attachment-jnews-1140x570 size-jnews-1140x570 lazyload wp-post-image\" alt=\"Einblicke in Geschichte und Kultur der Stadt M\u00f6lln\" sizes=\"auto, (max-width: 1140px) 100vw, 1140px\" data-full-width=\"3000\" data-full-height=\"1882\" data-src=\"https:\/\/herzogtum-direkt.de\/wp-content\/uploads\/2018\/08\/Nicolai-Kirche-historisches-Foto-1140x570.jpg\" data-srcset=\"https:\/\/herzogtum-direkt.de\/wp-content\/uploads\/2018\/08\/Nicolai-Kirche-historisches-Foto-1140x570.jpg 1140w, https:\/\/herzogtum-direkt.de\/wp-content\/uploads\/2018\/08\/Nicolai-Kirche-historisches-Foto-750x375.jpg 750w, https:\/\/herzogtum-direkt.de\/wp-content\/uploads\/2018\/08\/Nicolai-Kirche-historisches-Foto-360x180.jpg 360w\" data-sizes=\"auto\" data-expand=\"700\" \/><\/div><\/a>\n                        <\/div>\n                        <div class=\"jeg_postblock_content\">\n                            <div class=\"jeg_post_category\">\n                                <span>\n                                    <a href=\"https:\/\/herzogtum-direkt.de\/index.php\/category\/ausflugstipp\/\">Ausflugstipp<\/a>\n                                <\/span>\n                            <\/div>\n                            <h3 class=\"jeg_post_title\">\n                                <a href=\"https:\/\/herzogtum-direkt.de\/index.php\/2026\/09\/02\/nicolai-kirche-beim-tag-des-offenen-denkmals\/\">Nicolai-Kirche beim Tag des offenen Denkmals<\/a>\n                            <\/h3>\n                            <div class=\"jeg_post_meta\"><div class=\"jeg_meta_author\"><span class=\"by\">von<\/span> <a href=\"https:\/\/herzogtum-direkt.de\/index.php\/author\/pressemitteilung\/\">Pressemitteilung<\/a><\/div><div class=\"jeg_meta_date\"><a href=\"https:\/\/herzogtum-direkt.de\/index.php\/2026\/09\/02\/nicolai-kirche-beim-tag-des-offenen-denkmals\/\"><i class=\"fa fa-clock-o\"><\/i> September 2, 2026<\/a><\/div><div class=\"jeg_meta_comment\"><a href=\"https:\/\/herzogtum-direkt.de\/index.php\/2026\/09\/02\/nicolai-kirche-beim-tag-des-offenen-denkmals\/#comments\" ><i class=\"fa fa-comment-o\"><\/i> 0 <\/a><\/div><div class=\"jeg_meta_views\"><a href=\"https:\/\/herzogtum-direkt.de\/index.php\/2026\/09\/02\/nicolai-kirche-beim-tag-des-offenen-denkmals\/\" ><i class=\"fa fa-eye\"><\/i> 73 <\/a><\/div><\/div>\n                                <div class=\"jeg_post_excerpt\">\n                                    <p>M\u00f6lln (pm). Am Sonntag, 13. September 2026 findet der Tag des offenen Denkmals statt. Das bundesweite Motto in diesem Jahr...<\/p>\n                                    <a href=\"https:\/\/herzogtum-direkt.de\/index.php\/2026\/09\/02\/nicolai-kirche-beim-tag-des-offenen-denkmals\/\" class=\"jeg_readmore\">Mehr lesen<span class=\"screen-reader-text\">Details<\/span><\/a>\n                                <\/div>\n                        <\/div>\n                    <\/div>\n                <\/article><article class=\"jeg_post jeg_pl_lg_card format-standard\">\n                    <div class=\"jeg_inner_post\">\n                        <div class=\"jeg_thumb\">\n                            \n                            <a href=\"https:\/\/herzogtum-direkt.de\/index.php\/2026\/09\/01\/i-have-a-dream-was-bedeutet-zivilcourage\/\" aria-label=\"Read article: I have a Dream &#8211; Was bedeutet Zivilcourage?\"><div class=\"thumbnail-container animate-lazy  size-500 \"><img loading=\"lazy\" decoding=\"async\" width=\"1000\" height=\"570\" src=\"https:\/\/herzogtum-direkt.de\/wp-content\/themes\/jnews\/assets\/img\/jeg-empty.png\" class=\"attachment-jnews-1140x570 size-jnews-1140x570 lazyload wp-post-image\" alt=\"50 Jahre Augustinum &#8211; Tag der offenen T\u00fcr\" data-full-width=\"1000\" data-full-height=\"660\" data-src=\"https:\/\/herzogtum-direkt.de\/wp-content\/uploads\/2024\/08\/Augustinum-Eingang-2024-Foto-Augustinum-hfr-1000x570.png\" data-srcset=\"\" data-sizes=\"auto\" data-expand=\"700\" \/><\/div><\/a>\n                        <\/div>\n                        <div class=\"jeg_postblock_content\">\n                            <div class=\"jeg_post_category\">\n                                <span>\n                                    <a href=\"https:\/\/herzogtum-direkt.de\/index.php\/category\/herzogtum-lauenburg\/\">Herzogtum Lauenburg<\/a>\n                                <\/span>\n                            <\/div>\n                            <h3 class=\"jeg_post_title\">\n                                <a href=\"https:\/\/herzogtum-direkt.de\/index.php\/2026\/09\/01\/i-have-a-dream-was-bedeutet-zivilcourage\/\">I have a Dream &#8211; Was bedeutet Zivilcourage?<\/a>\n                            <\/h3>\n                            <div class=\"jeg_post_meta\"><div class=\"jeg_meta_author\"><span class=\"by\">von<\/span> <a href=\"https:\/\/herzogtum-direkt.de\/index.php\/author\/pressemitteilung\/\">Pressemitteilung<\/a><\/div><div class=\"jeg_meta_date\"><a href=\"https:\/\/herzogtum-direkt.de\/index.php\/2026\/09\/01\/i-have-a-dream-was-bedeutet-zivilcourage\/\"><i class=\"fa fa-clock-o\"><\/i> September 1, 2026<\/a><\/div><div class=\"jeg_meta_comment\"><a href=\"https:\/\/herzogtum-direkt.de\/index.php\/2026\/09\/01\/i-have-a-dream-was-bedeutet-zivilcourage\/#comments\" ><i class=\"fa fa-comment-o\"><\/i> 0 <\/a><\/div><div class=\"jeg_meta_views\"><a href=\"https:\/\/herzogtum-direkt.de\/index.php\/2026\/09\/01\/i-have-a-dream-was-bedeutet-zivilcourage\/\" ><i class=\"fa fa-eye\"><\/i> 115 <\/a><\/div><\/div>\n                                <div class=\"jeg_post_excerpt\">\n                                    <p>M\u00f6lln (pm). Am Mittwoch, 9. September 2026 h\u00e4lt Professor Dr. Hans-Joachim Pieper im Theater des Augustinum M\u00f6lln einen Vortrag \u00fcber...<\/p>\n                                    <a href=\"https:\/\/herzogtum-direkt.de\/index.php\/2026\/09\/01\/i-have-a-dream-was-bedeutet-zivilcourage\/\" class=\"jeg_readmore\">Mehr lesen<span class=\"screen-reader-text\">Details<\/span><\/a>\n                                <\/div>\n                        <\/div>\n                    <\/div>\n                <\/article><article class=\"jeg_post jeg_pl_lg_card format-standard\">\n                    <div class=\"jeg_inner_post\">\n                        <div class=\"jeg_thumb\">\n                            \n                            <a href=\"https:\/\/herzogtum-direkt.de\/index.php\/2026\/09\/01\/moellner-live-musik-treff-in-bogarts-bar\/\" aria-label=\"Read article: M\u00f6llner Live-Musik-Treff in Bogarts Bar\"><div class=\"thumbnail-container animate-lazy  size-500 \"><img loading=\"lazy\" decoding=\"async\" width=\"1000\" height=\"570\" src=\"https:\/\/herzogtum-direkt.de\/wp-content\/themes\/jnews\/assets\/img\/jeg-empty.png\" class=\"attachment-jnews-1140x570 size-jnews-1140x570 lazyload wp-post-image\" alt=\"M\u00f6llner Live-Musik-Treff in Bogarts Bar\" data-full-width=\"1000\" data-full-height=\"666\" data-src=\"https:\/\/herzogtum-direkt.de\/wp-content\/uploads\/2026\/09\/Live-Musik-Treff-Moelln-Folkclub-KI-Peter-Hansen-hfr-1000x570.jpg\" data-srcset=\"\" data-sizes=\"auto\" data-expand=\"700\" \/><\/div><\/a>\n                        <\/div>\n                        <div class=\"jeg_postblock_content\">\n                            <div class=\"jeg_post_category\">\n                                <span>\n                                    <a href=\"https:\/\/herzogtum-direkt.de\/index.php\/category\/herzogtum-lauenburg\/\">Herzogtum Lauenburg<\/a>\n                                <\/span>\n                            <\/div>\n                            <h3 class=\"jeg_post_title\">\n                                <a href=\"https:\/\/herzogtum-direkt.de\/index.php\/2026\/09\/01\/moellner-live-musik-treff-in-bogarts-bar\/\">M\u00f6llner Live-Musik-Treff in Bogarts Bar<\/a>\n                            <\/h3>\n                            <div class=\"jeg_post_meta\"><div class=\"jeg_meta_author\"><span class=\"by\">von<\/span> <a href=\"https:\/\/herzogtum-direkt.de\/index.php\/author\/pressemitteilung\/\">Pressemitteilung<\/a><\/div><div class=\"jeg_meta_date\"><a href=\"https:\/\/herzogtum-direkt.de\/index.php\/2026\/09\/01\/moellner-live-musik-treff-in-bogarts-bar\/\"><i class=\"fa fa-clock-o\"><\/i> September 1, 2026<\/a><\/div><div class=\"jeg_meta_comment\"><a href=\"https:\/\/herzogtum-direkt.de\/index.php\/2026\/09\/01\/moellner-live-musik-treff-in-bogarts-bar\/#comments\" ><i class=\"fa fa-comment-o\"><\/i> 0 <\/a><\/div><div class=\"jeg_meta_views\"><a href=\"https:\/\/herzogtum-direkt.de\/index.php\/2026\/09\/01\/moellner-live-musik-treff-in-bogarts-bar\/\" ><i class=\"fa fa-eye\"><\/i> 357 <\/a><\/div><\/div>\n                                <div class=\"jeg_post_excerpt\">\n                                    <p>M\u00f6lln (pm). Der M\u00f6llner Live-Musik-Treff ist eine Veranstaltung des Folkclub M\u00f6lln. Sie l\u00e4uft seit November 2025 und bekommt jetzt ein...<\/p>\n                                    <a href=\"https:\/\/herzogtum-direkt.de\/index.php\/2026\/09\/01\/moellner-live-musik-treff-in-bogarts-bar\/\" class=\"jeg_readmore\">Mehr lesen<span class=\"screen-reader-text\">Details<\/span><\/a>\n                                <\/div>\n                        <\/div>\n                    <\/div>\n                <\/article><article class=\"jeg_post jeg_pl_lg_card format-standard\">\n                    <div class=\"jeg_inner_post\">\n                        <div class=\"jeg_thumb\">\n                            \n                            <a href=\"https:\/\/herzogtum-direkt.de\/index.php\/2026\/08\/30\/erstes-kleinstadt-open-air-in-moelln\/\" aria-label=\"Read article: Erstes Kleinstadt-Open-Air in M\u00f6lln\"><div class=\"thumbnail-container animate-lazy  size-500 \"><img loading=\"lazy\" decoding=\"async\" width=\"1100\" height=\"459\" src=\"https:\/\/herzogtum-direkt.de\/wp-content\/themes\/jnews\/assets\/img\/jeg-empty.png\" class=\"attachment-jnews-1140x570 size-jnews-1140x570 lazyload wp-post-image\" alt=\"Erstes Kleinstadt-Open-Air in M\u00f6lln\" sizes=\"auto, (max-width: 1100px) 100vw, 1100px\" data-full-width=\"1100\" data-full-height=\"459\" data-src=\"https:\/\/herzogtum-direkt.de\/wp-content\/uploads\/2026\/08\/OEXL_2-1100x459.jpg\" data-srcset=\"https:\/\/herzogtum-direkt.de\/wp-content\/uploads\/2026\/08\/OEXL_2.jpg 1100w, https:\/\/herzogtum-direkt.de\/wp-content\/uploads\/2026\/08\/OEXL_2-600x250.jpg 600w, https:\/\/herzogtum-direkt.de\/wp-content\/uploads\/2026\/08\/OEXL_2-1024x427.jpg 1024w, https:\/\/herzogtum-direkt.de\/wp-content\/uploads\/2026\/08\/OEXL_2-768x320.jpg 768w\" data-sizes=\"auto\" data-expand=\"700\" \/><\/div><\/a>\n                        <\/div>\n                        <div class=\"jeg_postblock_content\">\n                            <div class=\"jeg_post_category\">\n                                <span>\n                                    <a href=\"https:\/\/herzogtum-direkt.de\/index.php\/category\/kultur\/\">Kultur<\/a>\n                                <\/span>\n                            <\/div>\n                            <h3 class=\"jeg_post_title\">\n                                <a href=\"https:\/\/herzogtum-direkt.de\/index.php\/2026\/08\/30\/erstes-kleinstadt-open-air-in-moelln\/\">Erstes Kleinstadt-Open-Air in M\u00f6lln<\/a>\n                            <\/h3>\n                            <div class=\"jeg_post_meta\"><div class=\"jeg_meta_author\"><span class=\"by\">von<\/span> <a href=\"https:\/\/herzogtum-direkt.de\/index.php\/author\/pressemitteilung\/\">Pressemitteilung<\/a><\/div><div class=\"jeg_meta_date\"><a href=\"https:\/\/herzogtum-direkt.de\/index.php\/2026\/08\/30\/erstes-kleinstadt-open-air-in-moelln\/\"><i class=\"fa fa-clock-o\"><\/i> August 30, 2026<\/a><\/div><div class=\"jeg_meta_comment\"><a href=\"https:\/\/herzogtum-direkt.de\/index.php\/2026\/08\/30\/erstes-kleinstadt-open-air-in-moelln\/#comments\" ><i class=\"fa fa-comment-o\"><\/i> 0 <\/a><\/div><div class=\"jeg_meta_views\"><a href=\"https:\/\/herzogtum-direkt.de\/index.php\/2026\/08\/30\/erstes-kleinstadt-open-air-in-moelln\/\" ><i class=\"fa fa-eye\"><\/i> 1.7k <\/a><\/div><\/div>\n                                <div class=\"jeg_post_excerpt\">\n                                    <p>M\u00f6lln (pm). Es wird laut, lecker und vor allem richtig gem\u00fctlich: Vom 4. bis 6. September 2026 feiert M\u00f6lln Premiere...<\/p>\n                                    <a href=\"https:\/\/herzogtum-direkt.de\/index.php\/2026\/08\/30\/erstes-kleinstadt-open-air-in-moelln\/\" class=\"jeg_readmore\">Mehr lesen<span class=\"screen-reader-text\">Details<\/span><\/a>\n                                <\/div>\n                        <\/div>\n                    <\/div>\n                <\/article><article class=\"jeg_post jeg_pl_lg_card format-standard\">\n                    <div class=\"jeg_inner_post\">\n                        <div class=\"jeg_thumb\">\n                            \n                            <a href=\"https:\/\/herzogtum-direkt.de\/index.php\/2026\/08\/29\/deutsch-als-zweitsprache-in-der-kita\/\" aria-label=\"Read article: Deutsch als Zweitsprache in der Kita\"><div class=\"thumbnail-container animate-lazy  size-500 \"><img loading=\"lazy\" decoding=\"async\" width=\"1000\" height=\"570\" src=\"https:\/\/herzogtum-direkt.de\/wp-content\/themes\/jnews\/assets\/img\/jeg-empty.png\" class=\"attachment-jnews-1140x570 size-jnews-1140x570 lazyload wp-post-image\" alt=\"Deutsch als Zweitsprache in der Kita\" data-full-width=\"1000\" data-full-height=\"975\" data-src=\"https:\/\/herzogtum-direkt.de\/wp-content\/uploads\/2026\/08\/Sophia-Schiebe.-Foto-Jan-Konitzki-1000x570.jpg\" data-srcset=\"\" data-sizes=\"auto\" data-expand=\"700\" \/><\/div><\/a>\n                        <\/div>\n                        <div class=\"jeg_postblock_content\">\n                            <div class=\"jeg_post_category\">\n                                <span>\n                                    <a href=\"https:\/\/herzogtum-direkt.de\/index.php\/category\/jugend-direkt\/\">Jugend direkt<\/a>\n                                <\/span>\n                            <\/div>\n                            <h3 class=\"jeg_post_title\">\n                                <a href=\"https:\/\/herzogtum-direkt.de\/index.php\/2026\/08\/29\/deutsch-als-zweitsprache-in-der-kita\/\">Deutsch als Zweitsprache in der Kita<\/a>\n                            <\/h3>\n                            <div class=\"jeg_post_meta\"><div class=\"jeg_meta_author\"><span class=\"by\">von<\/span> <a href=\"https:\/\/herzogtum-direkt.de\/index.php\/author\/pressemitteilung\/\">Pressemitteilung<\/a><\/div><div class=\"jeg_meta_date\"><a href=\"https:\/\/herzogtum-direkt.de\/index.php\/2026\/08\/29\/deutsch-als-zweitsprache-in-der-kita\/\"><i class=\"fa fa-clock-o\"><\/i> August 29, 2026<\/a><\/div><div class=\"jeg_meta_comment\"><a href=\"https:\/\/herzogtum-direkt.de\/index.php\/2026\/08\/29\/deutsch-als-zweitsprache-in-der-kita\/#comments\" ><i class=\"fa fa-comment-o\"><\/i> 0 <\/a><\/div><div class=\"jeg_meta_views\"><a href=\"https:\/\/herzogtum-direkt.de\/index.php\/2026\/08\/29\/deutsch-als-zweitsprache-in-der-kita\/\" ><i class=\"fa fa-eye\"><\/i> 379 <\/a><\/div><\/div>\n                                <div class=\"jeg_post_excerpt\">\n                                    <p>M\u00f6lln (pm).\u00a0Die fr\u00fchkindliche Sprachf\u00f6rderung steht im Mittelpunkt einer \u00f6ffentlichen Diskussionsveranstaltung, zu der die Arbeitsgemeinschaft f\u00fcr Bildung (AfB) der SPD Herzogtum...<\/p>\n                                    <a href=\"https:\/\/herzogtum-direkt.de\/index.php\/2026\/08\/29\/deutsch-als-zweitsprache-in-der-kita\/\" class=\"jeg_readmore\">Mehr lesen<span class=\"screen-reader-text\">Details<\/span><\/a>\n                                <\/div>\n                        <\/div>\n                    <\/div>\n                <\/article><article class=\"jeg_post jeg_pl_lg_card format-standard\">\n                    <div class=\"jeg_inner_post\">\n                        <div class=\"jeg_thumb\">\n                            \n                            <a href=\"https:\/\/herzogtum-direkt.de\/index.php\/2026\/08\/27\/mein-dorf-und-seine-geschichte-buchvorstellung-vor-vollem-haus\/\" aria-label=\"Read article: \u201aMein Dorf und seine Geschichte\u2019 \u2013 Buchvorstellung vor vollem Haus\"><div class=\"thumbnail-container animate-lazy  size-500 \"><img loading=\"lazy\" decoding=\"async\" width=\"1000\" height=\"570\" src=\"https:\/\/herzogtum-direkt.de\/wp-content\/themes\/jnews\/assets\/img\/jeg-empty.png\" class=\"attachment-jnews-1140x570 size-jnews-1140x570 lazyload wp-post-image\" alt=\"\u201aMein Dorf und seine Geschichte\u2019 \u2013 Buchvorstellung vor vollem Haus\" data-full-width=\"1000\" data-full-height=\"664\" data-src=\"https:\/\/herzogtum-direkt.de\/wp-content\/uploads\/2026\/08\/Buchveranstaltung-FKJ-Projekt-Foto-Sabine-Riege--1000x570.jpg\" data-srcset=\"\" data-sizes=\"auto\" data-expand=\"700\" \/><\/div><\/a>\n                        <\/div>\n                        <div class=\"jeg_postblock_content\">\n                            <div class=\"jeg_post_category\">\n                                <span>\n                                    <a href=\"https:\/\/herzogtum-direkt.de\/index.php\/category\/herzogtum-lauenburg\/\">Herzogtum Lauenburg<\/a>\n                                <\/span>\n                            <\/div>\n                            <h3 class=\"jeg_post_title\">\n                                <a href=\"https:\/\/herzogtum-direkt.de\/index.php\/2026\/08\/27\/mein-dorf-und-seine-geschichte-buchvorstellung-vor-vollem-haus\/\">\u201aMein Dorf und seine Geschichte\u2019 \u2013 Buchvorstellung vor vollem Haus<\/a>\n                            <\/h3>\n                            <div class=\"jeg_post_meta\"><div class=\"jeg_meta_author\"><span class=\"by\">von<\/span> <a href=\"https:\/\/herzogtum-direkt.de\/index.php\/author\/pressemitteilung\/\">Pressemitteilung<\/a><\/div><div class=\"jeg_meta_date\"><a href=\"https:\/\/herzogtum-direkt.de\/index.php\/2026\/08\/27\/mein-dorf-und-seine-geschichte-buchvorstellung-vor-vollem-haus\/\"><i class=\"fa fa-clock-o\"><\/i> August 27, 2026<\/a><\/div><div class=\"jeg_meta_comment\"><a href=\"https:\/\/herzogtum-direkt.de\/index.php\/2026\/08\/27\/mein-dorf-und-seine-geschichte-buchvorstellung-vor-vollem-haus\/#comments\" ><i class=\"fa fa-comment-o\"><\/i> 0 <\/a><\/div><div class=\"jeg_meta_views\"><a href=\"https:\/\/herzogtum-direkt.de\/index.php\/2026\/08\/27\/mein-dorf-und-seine-geschichte-buchvorstellung-vor-vollem-haus\/\" ><i class=\"fa fa-eye\"><\/i> 222 <\/a><\/div><\/div>\n                                <div class=\"jeg_post_excerpt\">\n                                    <p>M\u00f6lln (pm). Marie Nehls absolvierte bis Ende August ihr \u201eFreiwilliges Kulturelles Jahr\u201c (kurz FKJ) in der in M\u00f6lln ans\u00e4ssigen Stiftung...<\/p>\n                                    <a href=\"https:\/\/herzogtum-direkt.de\/index.php\/2026\/08\/27\/mein-dorf-und-seine-geschichte-buchvorstellung-vor-vollem-haus\/\" class=\"jeg_readmore\">Mehr lesen<span class=\"screen-reader-text\">Details<\/span><\/a>\n                                <\/div>\n                        <\/div>\n                    <\/div>\n                <\/article><article class=\"jeg_post jeg_pl_lg_card format-standard\">\n                    <div class=\"jeg_inner_post\">\n                        <div class=\"jeg_thumb\">\n                            \n                            <a href=\"https:\/\/herzogtum-direkt.de\/index.php\/2026\/08\/27\/der-moellner-citylauf-startet-am-sonnabend\/\" aria-label=\"Read article: Der M\u00f6llner Citylauf startet am Sonnabend\"><div class=\"thumbnail-container animate-lazy  size-500 \"><img loading=\"lazy\" decoding=\"async\" width=\"1000\" height=\"570\" src=\"https:\/\/herzogtum-direkt.de\/wp-content\/themes\/jnews\/assets\/img\/jeg-empty.png\" class=\"attachment-jnews-1140x570 size-jnews-1140x570 lazyload wp-post-image\" alt=\"Der M\u00f6llner Citylauf startet am Sonnabend\" data-full-width=\"1000\" data-full-height=\"587\" data-src=\"https:\/\/herzogtum-direkt.de\/wp-content\/uploads\/2026\/08\/Moellner-Citylauf-1000x570.jpg\" data-srcset=\"\" data-sizes=\"auto\" data-expand=\"700\" \/><\/div><\/a>\n                        <\/div>\n                        <div class=\"jeg_postblock_content\">\n                            <div class=\"jeg_post_category\">\n                                <span>\n                                    <a href=\"https:\/\/herzogtum-direkt.de\/index.php\/category\/herzogtum-lauenburg\/\">Herzogtum Lauenburg<\/a>\n                                <\/span>\n                            <\/div>\n                            <h3 class=\"jeg_post_title\">\n                                <a href=\"https:\/\/herzogtum-direkt.de\/index.php\/2026\/08\/27\/der-moellner-citylauf-startet-am-sonnabend\/\">Der M\u00f6llner Citylauf startet am Sonnabend<\/a>\n                            <\/h3>\n                            <div class=\"jeg_post_meta\"><div class=\"jeg_meta_author\"><span class=\"by\">von<\/span> <a href=\"https:\/\/herzogtum-direkt.de\/index.php\/author\/pressemitteilung\/\">Pressemitteilung<\/a><\/div><div class=\"jeg_meta_date\"><a href=\"https:\/\/herzogtum-direkt.de\/index.php\/2026\/08\/27\/der-moellner-citylauf-startet-am-sonnabend\/\"><i class=\"fa fa-clock-o\"><\/i> August 27, 2026<\/a><\/div><div class=\"jeg_meta_comment\"><a href=\"https:\/\/herzogtum-direkt.de\/index.php\/2026\/08\/27\/der-moellner-citylauf-startet-am-sonnabend\/#comments\" ><i class=\"fa fa-comment-o\"><\/i> 0 <\/a><\/div><div class=\"jeg_meta_views\"><a href=\"https:\/\/herzogtum-direkt.de\/index.php\/2026\/08\/27\/der-moellner-citylauf-startet-am-sonnabend\/\" ><i class=\"fa fa-eye\"><\/i> 1.2k <\/a><\/div><\/div>\n                                <div class=\"jeg_post_excerpt\">\n                                    <p>M\u00f6lln (pm). Am kommenden Sonnabend, 29. August 2026, startet wieder der Citylauf in M\u00f6lln. Jetzt schon zum 30ten Mal. Start...<\/p>\n                                    <a href=\"https:\/\/herzogtum-direkt.de\/index.php\/2026\/08\/27\/der-moellner-citylauf-startet-am-sonnabend\/\" class=\"jeg_readmore\">Mehr lesen<span class=\"screen-reader-text\">Details<\/span><\/a>\n                                <\/div>\n                        <\/div>\n                    <\/div>\n                <\/article><article class=\"jeg_post jeg_pl_lg_card format-standard\">\n                    <div class=\"jeg_inner_post\">\n                        <div class=\"jeg_thumb\">\n                            \n                            <a href=\"https:\/\/herzogtum-direkt.de\/index.php\/2026\/08\/26\/tandera-theater-fuer-kinder-in-der-stadtbuecherei-moelln\/\" aria-label=\"Read article: Tandera-Theater f\u00fcr Kinder in der Stadtb\u00fccherei M\u00f6lln\"><div class=\"thumbnail-container animate-lazy  size-500 \"><img loading=\"lazy\" decoding=\"async\" width=\"1000\" height=\"570\" src=\"https:\/\/herzogtum-direkt.de\/wp-content\/themes\/jnews\/assets\/img\/jeg-empty.png\" class=\"attachment-jnews-1140x570 size-jnews-1140x570 lazyload wp-post-image\" alt=\"Tandera-Theater f\u00fcr Kinder in der Stadtb\u00fccherei M\u00f6lln\" data-full-width=\"1000\" data-full-height=\"750\" data-src=\"https:\/\/herzogtum-direkt.de\/wp-content\/uploads\/2026\/08\/Tandera-Plakat-2026-Foto-hfr-1000x570.jpg\" data-srcset=\"\" data-sizes=\"auto\" data-expand=\"700\" \/><\/div><\/a>\n                        <\/div>\n                        <div class=\"jeg_postblock_content\">\n                            <div class=\"jeg_post_category\">\n                                <span>\n                                    <a href=\"https:\/\/herzogtum-direkt.de\/index.php\/category\/herzogtum-lauenburg\/\">Herzogtum Lauenburg<\/a>\n                                <\/span>\n                            <\/div>\n                            <h3 class=\"jeg_post_title\">\n                                <a href=\"https:\/\/herzogtum-direkt.de\/index.php\/2026\/08\/26\/tandera-theater-fuer-kinder-in-der-stadtbuecherei-moelln\/\">Tandera-Theater f\u00fcr Kinder in der Stadtb\u00fccherei M\u00f6lln<\/a>\n                            <\/h3>\n                            <div class=\"jeg_post_meta\"><div class=\"jeg_meta_author\"><span class=\"by\">von<\/span> <a href=\"https:\/\/herzogtum-direkt.de\/index.php\/author\/pressemitteilung\/\">Pressemitteilung<\/a><\/div><div class=\"jeg_meta_date\"><a href=\"https:\/\/herzogtum-direkt.de\/index.php\/2026\/08\/26\/tandera-theater-fuer-kinder-in-der-stadtbuecherei-moelln\/\"><i class=\"fa fa-clock-o\"><\/i> August 26, 2026<\/a><\/div><div class=\"jeg_meta_comment\"><a href=\"https:\/\/herzogtum-direkt.de\/index.php\/2026\/08\/26\/tandera-theater-fuer-kinder-in-der-stadtbuecherei-moelln\/#comments\" ><i class=\"fa fa-comment-o\"><\/i> 0 <\/a><\/div><div class=\"jeg_meta_views\"><a href=\"https:\/\/herzogtum-direkt.de\/index.php\/2026\/08\/26\/tandera-theater-fuer-kinder-in-der-stadtbuecherei-moelln\/\" ><i class=\"fa fa-eye\"><\/i> 87 <\/a><\/div><\/div>\n                                <div class=\"jeg_post_excerpt\">\n                                    <p>M\u00f6lln (pm). Am Dienstag, 8. September 2026, bietet die Stadtb\u00fccherei M\u00f6lln f\u00fcr Kinder ab 4 Jahren einen zauberhaften Nachmittag mit...<\/p>\n                                    <a href=\"https:\/\/herzogtum-direkt.de\/index.php\/2026\/08\/26\/tandera-theater-fuer-kinder-in-der-stadtbuecherei-moelln\/\" class=\"jeg_readmore\">Mehr lesen<span class=\"screen-reader-text\">Details<\/span><\/a>\n                                <\/div>\n                        <\/div>\n                    <\/div>\n                <\/article><\/div>\n                    <div class='module-overlay'>\n\t\t\t\t    <div class='preloader_type preloader_dot'>\n\t\t\t\t        <div class=\"module-preloader jeg_preloader dot\">\n\t\t\t\t            <span><\/span><span><\/span><span><\/span>\n\t\t\t\t        <\/div>\n\t\t\t\t        <div class=\"module-preloader jeg_preloader circle\">\n\t\t\t\t            <div class=\"jnews_preloader_circle_outer\">\n\t\t\t\t                <div class=\"jnews_preloader_circle_inner\"><\/div>\n\t\t\t\t            <\/div>\n\t\t\t\t        <\/div>\n\t\t\t\t        <div class=\"module-preloader jeg_preloader square\">\n\t\t\t\t            <div class=\"jeg_square\">\n\t\t\t\t                <div class=\"jeg_square_inner\"><\/div>\n\t\t\t\t            <\/div>\n\t\t\t\t        <\/div>\n\t\t\t\t    <\/div>\n\t\t\t\t<\/div>\n                <\/div>\n                <div class=\"jeg_block_navigation\">\n                    <div class='navigation_overlay'><div class='module-preloader jeg_preloader'><span><\/span><span><\/span><span><\/span><\/div><\/div>\n                    <div class=\"jeg_block_nav \">\n                    <a href=\"#\" aria-label=\"View previous page posts\" class=\"prev disabled\" title=\"zur\u00fcck\"><i class=\"fa fa-angle-left\"><\/i><\/a>\n                    <a href=\"#\" aria-label=\"View next page posts\" class=\"next \" title=\"weiter\"><i class=\"fa fa-angle-right\"><\/i><\/a>\n                <\/div>\n                    \n                <\/div>\n\t\t\t\t\t\n\t\t\t\t\t<script>var jnews_module__2_6a9c0b8f8fe90 = {\"header_icon\":\"\",\"first_title\":\"\",\"second_title\":\"\",\"url\":\"\",\"header_type\":\"heading_6\",\"header_background\":\"\",\"header_secondary_background\":\"\",\"header_text_color\":\"\",\"header_line_color\":\"\",\"header_accent_color\":\"\",\"header_filter_category\":\"\",\"header_filter_author\":\"\",\"header_filter_tag\":\"\",\"header_filter_text\":\"All\",\"sticky_post\":false,\"sticky_post_filter\":false,\"post_type\":\"post\",\"content_type\":\"all\",\"sponsor\":\"\",\"number_post\":\"15\",\"post_offset\":\"0\",\"unique_content\":\"disable\",\"include_post\":\"\",\"included_only\":\"\",\"exclude_post\":\"\",\"include_category\":\"66\",\"exclude_category\":\"\",\"include_author\":\"\",\"include_tag\":\"\",\"exclude_tag\":\"\",\"exclude_visited_post\":false,\"sort_by\":\"latest\",\"date_format\":\"default\",\"date_format_custom\":\"Y\\\/m\\\/d\",\"excerpt_length\":\"20\",\"excerpt_ellipsis\":\"...\",\"force_normal_image_load\":\"\",\"main_custom_image_size\":\"default\",\"pagination_mode\":\"nextprev\",\"pagination_nextprev_showtext\":\"\",\"pagination_number_post\":\"7\",\"pagination_scroll_limit\":0,\"ads_type\":\"disable\",\"ads_position\":1,\"ads_random\":\"\",\"ads_image\":\"\",\"ads_image_tablet\":\"\",\"ads_image_phone\":\"\",\"ads_image_link\":\"\",\"ads_image_alt\":\"\",\"ads_image_new_tab\":\"\",\"google_publisher_id\":\"\",\"google_slot_id\":\"\",\"google_desktop\":\"auto\",\"google_tab\":\"auto\",\"google_phone\":\"auto\",\"content\":\"\",\"ads_bottom_text\":\"\",\"el_id\":\"\",\"el_class\":\"\",\"scheme\":\"\",\"column_width\":\"auto\",\"title_color\":\"\",\"accent_color\":\"\",\"alt_color\":\"\",\"excerpt_color\":\"\",\"block_background\":\"\",\"css\":\"\",\"compatible_column_notice\":\"\",\"paged\":1,\"column_class\":\"jeg_col_3o3\",\"class\":\"jnews_block_12\"};<\/script>\n\t\t\t\t<\/div>[\/vc_column][vc_column width=&#8220;1\/3&#8243; sticky_sidebar=&#8220;yes&#8220; offset=&#8220;vc_hidden-xs&#8220;][vc_widget_sidebar sidebar_id=&#8220;herzogtum-lbg-seite&#8220;][\/vc_column][\/vc_row][vc_row][vc_column][vc_widget_sidebar sidebar_id=&#8220;herzogtum-lbg-seite-mobil&#8220;][vc_gallery interval=&#8220;3&#8243; images=&#8220;69438,75821,75819,75767,70619,68731,6076,38886,25088,66964&#8243; img_size=&#8220;2000&#215;1000&#8243; css=&#8220;&#8220;][\/vc_column][\/vc_row][vc_row][vc_column offset=&#8220;vc_col-xs-1&#8243;][vc_gmaps link=&#8220;#E-8_JTNDaWZyYW1lJTIwc3JjJTNEJTIyaHR0cHMlM0ElMkYlMkZ3d3cuZ29vZ2xlLmNvbSUyRm1hcHMlMkZlbWJlZCUzRnBiJTNEJTIxMW0xOCUyMTFtMTIlMjExbTMlMjExZDUzNTQ5LjE1Mzk3NTE2NTM5JTIxMmQxMC42NDE4NTQ5ODY4OTA4OTYlMjEzZDUzLjYxOTE0MDI0MjI5NDkyJTIxMm0zJTIxMWYwJTIxMmYwJTIxM2YwJTIxM20yJTIxMWkxMDI0JTIxMmk3NjglMjE0ZjEzLjElMjEzbTMlMjExbTIlMjExczB4NDdhZGZmZmEyZTIxZGVhOSUyNTNBMHg0MjQ4OTYzYzY1ODFhYjAlMjEyczIzODc5JTJCTSUyNUMzJTI1QjZsbG4lMjE1ZTAlMjEzbTIlMjExc2RlJTIxMnNkZSUyMTR2MTUxOTA1MzkyMDkwMSUyMiUyMHdpZHRoJTNEJTIyNjAwJTIyJTIwaGVpZ2h0JTNEJTIyNDUwJTIyJTIwZnJhbWVib3JkZXIlM0QlMjIwJTIyJTIwc3R5bGUlM0QlMjJib3JkZXIlM0EwJTIyJTIwYWxsb3dmdWxsc2NyZWVuJTNFJTNDJTJGaWZyYW1lJTNF&#8220;][\/vc_column][\/vc_row]<\/p>\n<\/div>","protected":false},"excerpt":{"rendered":"<p>[vc_row][vc_column offset=&#8220;vc_hidden-xs&#8220;][vc_widget_sidebar sidebar_id=&#8220;moelln-top&#8220;][\/vc_column][\/vc_row][vc_row][vc_column offset=&#8220;vc_hidden-lg vc_hidden-md&#8220;][vc_widget_sidebar sidebar_id=&#8220;herzogtum-lauenburg-top&#8220;][vc_widget_sidebar sidebar_id=&#8220;herzogtum-lbg-seite-mobil&#8220;][vc_widget_sidebar sidebar_id=&#8220;herzogtum-lbg-seite-mobil&#8220;][\/vc_column][\/vc_row][vc_row][vc_column width=&#8220;2\/3&#8243; offset=&#8220;vc_hidden-xs&#8220;][\/vc_column][vc_column width=&#8220;1\/3&#8243; sticky_sidebar=&#8220;yes&#8220; offset=&#8220;vc_hidden-xs&#8220;][vc_widget_sidebar sidebar_id=&#8220;herzogtum-lbg-seite&#8220;][\/vc_column][\/vc_row][vc_row][vc_column][vc_widget_sidebar sidebar_id=&#8220;herzogtum-lbg-seite-mobil&#8220;][vc_gallery interval=&#8220;3&#8243; images=&#8220;69438,75821,75819,75767,70619,68731,6076,38886,25088,66964&#8243; img_size=&#8220;2000&#215;1000&#8243; css=&#8220;&#8220;][\/vc_column][\/vc_row][vc_row][vc_column offset=&#8220;vc_col-xs-1&#8243;][vc_gmaps link=&#8220;#E-8_JTNDaWZyYW1lJTIwc3JjJTNEJTIyaHR0cHMlM0ElMkYlMkZ3d3cuZ29vZ2xlLmNvbSUyRm1hcHMlMkZlbWJlZCUzRnBiJTNEJTIxMW0xOCUyMTFtMTIlMjExbTMlMjExZDUzNTQ5LjE1Mzk3NTE2NTM5JTIxMmQxMC42NDE4NTQ5ODY4OTA4OTYlMjEzZDUzLjYxOTE0MDI0MjI5NDkyJTIxMm0zJTIxMWYwJTIxMmYwJTIxM2YwJTIxM20yJTIxMWkxMDI0JTIxMmk3NjglMjE0ZjEzLjElMjEzbTMlMjExbTIlMjExczB4NDdhZGZmZmEyZTIxZGVhOSUyNTNBMHg0MjQ4OTYzYzY1ODFhYjAlMjEyczIzODc5JTJCTSUyNUMzJTI1QjZsbG4lMjE1ZTAlMjEzbTIlMjExc2RlJTIxMnNkZSUyMTR2MTUxOTA1MzkyMDkwMSUyMiUyMHdpZHRoJTNEJTIyNjAwJTIyJTIwaGVpZ2h0JTNEJTIyNDUwJTIyJTIwZnJhbWVib3JkZXIlM0QlMjIwJTIyJTIwc3R5bGUlM0QlMjJib3JkZXIlM0EwJTIyJTIwYWxsb3dmdWxsc2NyZWVuJTNFJTNDJTJGaWZyYW1lJTNF&#8220;][\/vc_column][\/vc_row]<\/p>\n","protected":false},"author":1,"featured_media":0,"parent":700,"menu_order":0,"comment_status":"closed","ping_status":"closed","template":"","meta":{"jnews_page_loop":{"enable_page_loop":"0","first_title":"Latest Post","second_title":"","header_type":"heading_6","header_background":"","header_text_color":"","layout":"right-sidebar","sidebar":"default-sidebar","second_sidebar":"default-sidebar","sticky_sidebar":"1","module":"3","boxed":"0","boxed_shadow":"0","box_shadow":"0","excerpt_length":"20","content_date":"default","date_custom":"Y\/m\/d","content_pagination":"nav_1","pagination_align":"center","show_navtext":"0","show_pageinfo":"0","post_offset":"0","posts_per_page":"5","include_post":"","exclude_post":"","include_category":"","exclude_category":"","include_author":"","include_tag":"","exclude_tag":"","sort_by":"latest","post_sticky":"0","main_custom_image_size":"default","second_custom_image_size":"default"},"jnews_single_page":{"layout":"no-sidebar","sidebar":"moelln","second_sidebar":"default-sidebar","sticky_sidebar":"1","show_post_featured":"1","show_post_meta":"0","share_position":"top","share_color":"share-monocrhome","show_post_title":"1","show_post_breadcrumbs":"1"},"jnews_social_meta":{"fb_title":"","fb_description":"","fb_image":"","twitter_title":"","twitter_description":"","twitter_image":""},"footnotes":""},"class_list":["post-740","page","type-page","status-publish","hentry"],"_links":{"self":[{"href":"https:\/\/herzogtum-direkt.de\/index.php\/wp-json\/wp\/v2\/pages\/740","targetHints":{"allow":["GET"]}}],"collection":[{"href":"https:\/\/herzogtum-direkt.de\/index.php\/wp-json\/wp\/v2\/pages"}],"about":[{"href":"https:\/\/herzogtum-direkt.de\/index.php\/wp-json\/wp\/v2\/types\/page"}],"author":[{"embeddable":true,"href":"https:\/\/herzogtum-direkt.de\/index.php\/wp-json\/wp\/v2\/users\/1"}],"replies":[{"embeddable":true,"href":"https:\/\/herzogtum-direkt.de\/index.php\/wp-json\/wp\/v2\/comments?post=740"}],"version-history":[{"count":28,"href":"https:\/\/herzogtum-direkt.de\/index.php\/wp-json\/wp\/v2\/pages\/740\/revisions"}],"predecessor-version":[{"id":80138,"href":"https:\/\/herzogtum-direkt.de\/index.php\/wp-json\/wp\/v2\/pages\/740\/revisions\/80138"}],"up":[{"embeddable":true,"href":"https:\/\/herzogtum-direkt.de\/index.php\/wp-json\/wp\/v2\/pages\/700"}],"wp:attachment":[{"href":"https:\/\/herzogtum-direkt.de\/index.php\/wp-json\/wp\/v2\/media?parent=740"}],"curies":[{"name":"wp","href":"https:\/\/api.w.org\/{rel}","templated":true}]}}