{"id":737,"date":"2017-12-29T12:41:50","date_gmt":"2017-12-29T12:41:50","guid":{"rendered":"http:\/\/hd.eu-mart.de\/?page_id=737"},"modified":"2022-05-27T12:00:37","modified_gmt":"2022-05-27T10:00:37","slug":"ratzeburg","status":"publish","type":"page","link":"https:\/\/herzogtum-direkt.de\/index.php\/herzogtum-lauenburg\/ratzeburg\/","title":{"rendered":"Ratzeburg"},"content":{"rendered":"<div class=\"wpb-content-wrapper\"><p>[vc_row][vc_column offset=&#8220;vc_hidden-lg vc_hidden-md&#8220;][vc_widget_sidebar sidebar_id=&#8220;herzogtum-lauenburg-top&#8220;]<div  class=\"jeg_postblock_12 jeg_postblock jeg_module_hook jeg_pagination_disable jeg_col_3o3 jnews_module__0_6a9c0b6f6b5c3   \" data-unique=\"jnews_module__0_6a9c0b6f6b5c3\">\n\t\t\t\t\t\n\t\t\t\t\t<div class=\"jeg_block_container\">\n                    \n                    <div class=\"jeg_posts jeg_load_more_flag\"><article class=\"jeg_post jeg_pl_lg_card format-standard\">\n                    <div class=\"jeg_inner_post\">\n                        <div class=\"jeg_thumb\">\n                            \n                            <a href=\"https:\/\/herzogtum-direkt.de\/index.php\/2026\/09\/05\/montagskino-fruehstueck-bei-audrey\/\" aria-label=\"Read article: Montagskino: &#8218;Fr\u00fchst\u00fcck bei Audrey&#8216;\"><div class=\"thumbnail-container animate-lazy  size-500 \"><img loading=\"lazy\" decoding=\"async\" width=\"1000\" height=\"570\" src=\"https:\/\/herzogtum-direkt.de\/wp-content\/themes\/jnews\/assets\/img\/jeg-empty.png\" class=\"attachment-jnews-1140x570 size-jnews-1140x570 lazyload wp-post-image\" alt=\"Montagskino: &#8218;Fr\u00fchst\u00fcck bei Audrey&#8216;\" data-full-width=\"1000\" data-full-height=\"667\" data-src=\"https:\/\/herzogtum-direkt.de\/wp-content\/uploads\/2026\/09\/Fruehstueck-bei-Audrey-Kino-Filmclub-hfr-1000x570.jpg\" data-srcset=\"\" data-sizes=\"auto\" data-expand=\"700\" \/><\/div><\/a>\n                        <\/div>\n                        <div class=\"jeg_postblock_content\">\n                            <div class=\"jeg_post_category\">\n                                <span>\n                                    <a href=\"https:\/\/herzogtum-direkt.de\/index.php\/category\/kultur\/\">Kultur<\/a>\n                                <\/span>\n                            <\/div>\n                            <h3 class=\"jeg_post_title\">\n                                <a href=\"https:\/\/herzogtum-direkt.de\/index.php\/2026\/09\/05\/montagskino-fruehstueck-bei-audrey\/\">Montagskino: &#8218;Fr\u00fchst\u00fcck bei Audrey&#8216;<\/a>\n                            <\/h3>\n                            <div class=\"jeg_post_meta\"><div class=\"jeg_meta_author\"><span class=\"by\">von<\/span> <a href=\"https:\/\/herzogtum-direkt.de\/index.php\/author\/pressemitteilung\/\">Pressemitteilung<\/a><\/div><div class=\"jeg_meta_date\"><a href=\"https:\/\/herzogtum-direkt.de\/index.php\/2026\/09\/05\/montagskino-fruehstueck-bei-audrey\/\"><i class=\"fa fa-clock-o\"><\/i> September 5, 2026<\/a><\/div><div class=\"jeg_meta_comment\"><a href=\"https:\/\/herzogtum-direkt.de\/index.php\/2026\/09\/05\/montagskino-fruehstueck-bei-audrey\/#comments\" ><i class=\"fa fa-comment-o\"><\/i> 0 <\/a><\/div><div class=\"jeg_meta_views\"><a href=\"https:\/\/herzogtum-direkt.de\/index.php\/2026\/09\/05\/montagskino-fruehstueck-bei-audrey\/\" ><i class=\"fa fa-eye\"><\/i> 8 <\/a><\/div><\/div>\n                                <div class=\"jeg_post_excerpt\">\n                                    <p>Ratzeburg (pm). Im Filmclub des Burgtheater Ratzeburg wird am Montag, 7.\u00a0September die Vorpremiere von \u201eFr\u00fchst\u00fcck bei Audrey\u201c gezeigt, eine geistreiche...<\/p>\n                                    <a href=\"https:\/\/herzogtum-direkt.de\/index.php\/2026\/09\/05\/montagskino-fruehstueck-bei-audrey\/\" class=\"jeg_readmore\">Mehr lesen<span class=\"screen-reader-text\">Details<\/span><\/a>\n                                <\/div>\n                        <\/div>\n                    <\/div>\n                <\/article><article class=\"jeg_post jeg_pl_lg_card format-standard\">\n                    <div class=\"jeg_inner_post\">\n                        <div class=\"jeg_thumb\">\n                            \n                            <a href=\"https:\/\/herzogtum-direkt.de\/index.php\/2026\/09\/05\/apfeltag-auf-der-streuobstwiese-ratzeburg\/\" aria-label=\"Read article: Apfeltag auf der Streuobstwiese Ratzeburg\"><div class=\"thumbnail-container animate-lazy  size-500 \"><img loading=\"lazy\" decoding=\"async\" width=\"1000\" height=\"570\" src=\"https:\/\/herzogtum-direkt.de\/wp-content\/themes\/jnews\/assets\/img\/jeg-empty.png\" class=\"attachment-jnews-1140x570 size-jnews-1140x570 lazyload wp-post-image\" alt=\"Apfeltag auf der Streuobstwiese Ratzeburg\" data-full-width=\"1000\" data-full-height=\"664\" data-src=\"https:\/\/herzogtum-direkt.de\/wp-content\/uploads\/2026\/09\/Apfeltag-2025-Foto-Sabine-Riege--1000x570.jpg\" data-srcset=\"\" data-sizes=\"auto\" data-expand=\"700\" \/><\/div><\/a>\n                        <\/div>\n                        <div class=\"jeg_postblock_content\">\n                            <div class=\"jeg_post_category\">\n                                <span>\n                                    <a href=\"https:\/\/herzogtum-direkt.de\/index.php\/category\/ausflugstipp\/\">Ausflugstipp<\/a>\n                                <\/span>\n                            <\/div>\n                            <h3 class=\"jeg_post_title\">\n                                <a href=\"https:\/\/herzogtum-direkt.de\/index.php\/2026\/09\/05\/apfeltag-auf-der-streuobstwiese-ratzeburg\/\">Apfeltag auf der Streuobstwiese Ratzeburg<\/a>\n                            <\/h3>\n                            <div class=\"jeg_post_meta\"><div class=\"jeg_meta_author\"><span class=\"by\">von<\/span> <a href=\"https:\/\/herzogtum-direkt.de\/index.php\/author\/pressemitteilung\/\">Pressemitteilung<\/a><\/div><div class=\"jeg_meta_date\"><a href=\"https:\/\/herzogtum-direkt.de\/index.php\/2026\/09\/05\/apfeltag-auf-der-streuobstwiese-ratzeburg\/\"><i class=\"fa fa-clock-o\"><\/i> September 5, 2026<\/a><\/div><div class=\"jeg_meta_comment\"><a href=\"https:\/\/herzogtum-direkt.de\/index.php\/2026\/09\/05\/apfeltag-auf-der-streuobstwiese-ratzeburg\/#comments\" ><i class=\"fa fa-comment-o\"><\/i> 0 <\/a><\/div><div class=\"jeg_meta_views\"><a href=\"https:\/\/herzogtum-direkt.de\/index.php\/2026\/09\/05\/apfeltag-auf-der-streuobstwiese-ratzeburg\/\" ><i class=\"fa fa-eye\"><\/i> 35 <\/a><\/div><\/div>\n                                <div class=\"jeg_post_excerpt\">\n                                    <p>Ratzeburg\/Einhaus (pm). Die Stiftung Herzogtum Lauenburg und ihre Kooperationspartner \u2013 die Stadt Ratzeburg, die Gemeinde Einhaus und die vielen Baumpatinnen...<\/p>\n                                    <a href=\"https:\/\/herzogtum-direkt.de\/index.php\/2026\/09\/05\/apfeltag-auf-der-streuobstwiese-ratzeburg\/\" class=\"jeg_readmore\">Mehr lesen<span class=\"screen-reader-text\">Details<\/span><\/a>\n                                <\/div>\n                        <\/div>\n                    <\/div>\n                <\/article><article class=\"jeg_post jeg_pl_lg_card format-standard\">\n                    <div class=\"jeg_inner_post\">\n                        <div class=\"jeg_thumb\">\n                            \n                            <a href=\"https:\/\/herzogtum-direkt.de\/index.php\/2026\/09\/04\/schleswig-holstein-ein-land-geht-ins-kino-adams-acht\/\" aria-label=\"Read article: Schleswig-Holstein &#8211; Ein Land geht ins Kino: &#8218;Adams Acht&#8216;\"><div class=\"thumbnail-container animate-lazy  size-500 \"><img loading=\"lazy\" decoding=\"async\" width=\"1000\" height=\"570\" src=\"https:\/\/herzogtum-direkt.de\/wp-content\/themes\/jnews\/assets\/img\/jeg-empty.png\" class=\"attachment-jnews-1140x570 size-jnews-1140x570 lazyload wp-post-image\" alt=\"Norddeutsches Freiluftkino \u2013 Weltpremieren-Wochenende\" data-full-width=\"1000\" data-full-height=\"665\" data-src=\"https:\/\/herzogtum-direkt.de\/wp-content\/uploads\/2026\/08\/Adams-Acht-Kino-Majestic-TomSalt-1000x570.jpg\" data-srcset=\"\" data-sizes=\"auto\" data-expand=\"700\" \/><\/div><\/a>\n                        <\/div>\n                        <div class=\"jeg_postblock_content\">\n                            <div class=\"jeg_post_category\">\n                                <span>\n                                    <a href=\"https:\/\/herzogtum-direkt.de\/index.php\/category\/herzogtum-lauenburg\/\">Herzogtum Lauenburg<\/a>\n                                <\/span>\n                            <\/div>\n                            <h3 class=\"jeg_post_title\">\n                                <a href=\"https:\/\/herzogtum-direkt.de\/index.php\/2026\/09\/04\/schleswig-holstein-ein-land-geht-ins-kino-adams-acht\/\">Schleswig-Holstein &#8211; Ein Land geht ins Kino: &#8218;Adams Acht&#8216;<\/a>\n                            <\/h3>\n                            <div class=\"jeg_post_meta\"><div class=\"jeg_meta_author\"><span class=\"by\">von<\/span> <a href=\"https:\/\/herzogtum-direkt.de\/index.php\/author\/pressemitteilung\/\">Pressemitteilung<\/a><\/div><div class=\"jeg_meta_date\"><a href=\"https:\/\/herzogtum-direkt.de\/index.php\/2026\/09\/04\/schleswig-holstein-ein-land-geht-ins-kino-adams-acht\/\"><i class=\"fa fa-clock-o\"><\/i> September 4, 2026<\/a><\/div><div class=\"jeg_meta_comment\"><a href=\"https:\/\/herzogtum-direkt.de\/index.php\/2026\/09\/04\/schleswig-holstein-ein-land-geht-ins-kino-adams-acht\/#comments\" ><i class=\"fa fa-comment-o\"><\/i> 0 <\/a><\/div><div class=\"jeg_meta_views\"><a href=\"https:\/\/herzogtum-direkt.de\/index.php\/2026\/09\/04\/schleswig-holstein-ein-land-geht-ins-kino-adams-acht\/\" ><i class=\"fa fa-eye\"><\/i> 78 <\/a><\/div><\/div>\n                                <div class=\"jeg_post_excerpt\">\n                                    <p>Ratzeburg (pm). Im Filmclub des Burgtheater Ratzeburg wird am Sonntag, 6. September, im Rahmen der Aktion \u201eSchleswig-Holstein. Ein Land geht...<\/p>\n                                    <a href=\"https:\/\/herzogtum-direkt.de\/index.php\/2026\/09\/04\/schleswig-holstein-ein-land-geht-ins-kino-adams-acht\/\" class=\"jeg_readmore\">Mehr lesen<span class=\"screen-reader-text\">Details<\/span><\/a>\n                                <\/div>\n                        <\/div>\n                    <\/div>\n                <\/article><article class=\"jeg_post jeg_pl_lg_card format-standard\">\n                    <div class=\"jeg_inner_post\">\n                        <div class=\"jeg_thumb\">\n                            \n                            <a href=\"https:\/\/herzogtum-direkt.de\/index.php\/2026\/09\/04\/rund-8-000-besucher-feiern-75-jahre-bundespolizei-in-ratzeburg\/\" aria-label=\"Read article: Rund 8.000 Besucher feiern 75 Jahre Bundespolizei in Ratzeburg\"><div class=\"thumbnail-container animate-lazy  size-500 \"><img loading=\"lazy\" decoding=\"async\" width=\"1100\" height=\"570\" src=\"https:\/\/herzogtum-direkt.de\/wp-content\/themes\/jnews\/assets\/img\/jeg-empty.png\" class=\"attachment-jnews-1140x570 size-jnews-1140x570 lazyload wp-post-image\" alt=\"Rund 8.000 Besucher feiern 75 Jahre Bundespolizei in Ratzeburg\" data-full-width=\"1100\" data-full-height=\"733\" data-src=\"https:\/\/herzogtum-direkt.de\/wp-content\/uploads\/2026\/09\/TdoT-BuPo-02-1100x570.jpg\" data-srcset=\"\" data-sizes=\"auto\" data-expand=\"700\" \/><\/div><\/a>\n                        <\/div>\n                        <div class=\"jeg_postblock_content\">\n                            <div class=\"jeg_post_category\">\n                                <span>\n                                    <a href=\"https:\/\/herzogtum-direkt.de\/index.php\/category\/feature\/\">Feature<\/a>\n                                <\/span>\n                            <\/div>\n                            <h3 class=\"jeg_post_title\">\n                                <a href=\"https:\/\/herzogtum-direkt.de\/index.php\/2026\/09\/04\/rund-8-000-besucher-feiern-75-jahre-bundespolizei-in-ratzeburg\/\">Rund 8.000 Besucher feiern 75 Jahre Bundespolizei in Ratzeburg<\/a>\n                            <\/h3>\n                            <div class=\"jeg_post_meta\"><div class=\"jeg_meta_author\"><span class=\"by\">von<\/span> <a href=\"https:\/\/herzogtum-direkt.de\/index.php\/author\/pressemitteilung\/\">Pressemitteilung<\/a><\/div><div class=\"jeg_meta_date\"><a href=\"https:\/\/herzogtum-direkt.de\/index.php\/2026\/09\/04\/rund-8-000-besucher-feiern-75-jahre-bundespolizei-in-ratzeburg\/\"><i class=\"fa fa-clock-o\"><\/i> September 4, 2026<\/a><\/div><div class=\"jeg_meta_comment\"><a href=\"https:\/\/herzogtum-direkt.de\/index.php\/2026\/09\/04\/rund-8-000-besucher-feiern-75-jahre-bundespolizei-in-ratzeburg\/#comments\" ><i class=\"fa fa-comment-o\"><\/i> 0 <\/a><\/div><div class=\"jeg_meta_views\"><a href=\"https:\/\/herzogtum-direkt.de\/index.php\/2026\/09\/04\/rund-8-000-besucher-feiern-75-jahre-bundespolizei-in-ratzeburg\/\" ><i class=\"fa fa-eye\"><\/i> 149 <\/a><\/div><\/div>\n                                <div class=\"jeg_post_excerpt\">\n                                    <p>Ratzeburg (pm). Ein rundum gelungenes Jubil\u00e4um mit beeindruckender Resonanz: Zum 75-j\u00e4hrigen Bestehen der Bundespolizei \u00f6ffnete die Bundespolizeiabteilung Ratzeburg am vergangenen...<\/p>\n                                    <a href=\"https:\/\/herzogtum-direkt.de\/index.php\/2026\/09\/04\/rund-8-000-besucher-feiern-75-jahre-bundespolizei-in-ratzeburg\/\" class=\"jeg_readmore\">Mehr lesen<span class=\"screen-reader-text\">Details<\/span><\/a>\n                                <\/div>\n                        <\/div>\n                    <\/div>\n                <\/article><article class=\"jeg_post jeg_pl_lg_card format-standard\">\n                    <div class=\"jeg_inner_post\">\n                        <div class=\"jeg_thumb\">\n                            \n                            <a href=\"https:\/\/herzogtum-direkt.de\/index.php\/2026\/09\/03\/fahrbahnerneuerung-fuehrt-zu-einer-vollsperrung-der-strasse-demolierung\/\" aria-label=\"Read article: Fahrbahnerneuerung f\u00fchrt zu einer Vollsperrung der Stra\u00dfe &#8218;Demolierung&#8216;\"><div class=\"thumbnail-container animate-lazy  size-500 \"><img loading=\"lazy\" decoding=\"async\" width=\"1000\" height=\"563\" src=\"https:\/\/herzogtum-direkt.de\/wp-content\/themes\/jnews\/assets\/img\/jeg-empty.png\" class=\"attachment-jnews-1140x570 size-jnews-1140x570 lazyload wp-post-image\" alt=\"&#8218;Digital unabh\u00e4ngig: Datenschutzfreundliche Alternativen f\u00fcr den Alltag&#8216;\" sizes=\"auto, (max-width: 1000px) 100vw, 1000px\" data-full-width=\"1000\" data-full-height=\"563\" data-src=\"https:\/\/herzogtum-direkt.de\/wp-content\/uploads\/2023\/05\/Rathaus-Ratzeburg-2023-Th.-Biller-20230514_124629-1000x563.jpg\" data-srcset=\"https:\/\/herzogtum-direkt.de\/wp-content\/uploads\/2023\/05\/Rathaus-Ratzeburg-2023-Th.-Biller-20230514_124629.jpg 1000w, https:\/\/herzogtum-direkt.de\/wp-content\/uploads\/2023\/05\/Rathaus-Ratzeburg-2023-Th.-Biller-20230514_124629-300x169.jpg 300w, https:\/\/herzogtum-direkt.de\/wp-content\/uploads\/2023\/05\/Rathaus-Ratzeburg-2023-Th.-Biller-20230514_124629-768x432.jpg 768w, https:\/\/herzogtum-direkt.de\/wp-content\/uploads\/2023\/05\/Rathaus-Ratzeburg-2023-Th.-Biller-20230514_124629-750x422.jpg 750w\" data-sizes=\"auto\" data-expand=\"700\" \/><\/div><\/a>\n                        <\/div>\n                        <div class=\"jeg_postblock_content\">\n                            <div class=\"jeg_post_category\">\n                                <span>\n                                    <a href=\"https:\/\/herzogtum-direkt.de\/index.php\/category\/herzogtum-lauenburg\/ratzeburg\/\">Ratzeburg<\/a>\n                                <\/span>\n                            <\/div>\n                            <h3 class=\"jeg_post_title\">\n                                <a href=\"https:\/\/herzogtum-direkt.de\/index.php\/2026\/09\/03\/fahrbahnerneuerung-fuehrt-zu-einer-vollsperrung-der-strasse-demolierung\/\">Fahrbahnerneuerung f\u00fchrt zu einer Vollsperrung der Stra\u00dfe &#8218;Demolierung&#8216;<\/a>\n                            <\/h3>\n                            <div class=\"jeg_post_meta\"><div class=\"jeg_meta_author\"><span class=\"by\">von<\/span> <a href=\"https:\/\/herzogtum-direkt.de\/index.php\/author\/pressemitteilung\/\">Pressemitteilung<\/a><\/div><div class=\"jeg_meta_date\"><a href=\"https:\/\/herzogtum-direkt.de\/index.php\/2026\/09\/03\/fahrbahnerneuerung-fuehrt-zu-einer-vollsperrung-der-strasse-demolierung\/\"><i class=\"fa fa-clock-o\"><\/i> September 3, 2026<\/a><\/div><div class=\"jeg_meta_comment\"><a href=\"https:\/\/herzogtum-direkt.de\/index.php\/2026\/09\/03\/fahrbahnerneuerung-fuehrt-zu-einer-vollsperrung-der-strasse-demolierung\/#comments\" ><i class=\"fa fa-comment-o\"><\/i> 0 <\/a><\/div><div class=\"jeg_meta_views\"><a href=\"https:\/\/herzogtum-direkt.de\/index.php\/2026\/09\/03\/fahrbahnerneuerung-fuehrt-zu-einer-vollsperrung-der-strasse-demolierung\/\" ><i class=\"fa fa-eye\"><\/i> 3.7k <\/a><\/div><\/div>\n                                <div class=\"jeg_post_excerpt\">\n                                    <p>Ratzeburg (pm).\u00a0Wegen notwendiger Fahrbahnerneuerungen wird die Stra\u00dfe 'Demolierung' im Abschnitt zwischen T\u00f6pferstra\u00dfe und der Stra\u00dfe 'Reeperbahn' ab Montag, 7. September...<\/p>\n                                    <a href=\"https:\/\/herzogtum-direkt.de\/index.php\/2026\/09\/03\/fahrbahnerneuerung-fuehrt-zu-einer-vollsperrung-der-strasse-demolierung\/\" class=\"jeg_readmore\">Mehr lesen<span class=\"screen-reader-text\">Details<\/span><\/a>\n                                <\/div>\n                        <\/div>\n                    <\/div>\n                <\/article><article class=\"jeg_post jeg_pl_lg_card format-standard\">\n                    <div class=\"jeg_inner_post\">\n                        <div class=\"jeg_thumb\">\n                            \n                            <a href=\"https:\/\/herzogtum-direkt.de\/index.php\/2026\/09\/03\/evensong-in-st-petri-2\/\" aria-label=\"Read article: Evensong in St. Petri\"><div class=\"thumbnail-container animate-lazy  size-500 \"><img loading=\"lazy\" decoding=\"async\" width=\"1000\" height=\"570\" src=\"https:\/\/herzogtum-direkt.de\/wp-content\/themes\/jnews\/assets\/img\/jeg-empty.png\" class=\"attachment-jnews-1140x570 size-jnews-1140x570 lazyload wp-post-image\" alt=\"Licht aus f\u00fcr einen lebendigen Planeten\" data-full-width=\"1000\" data-full-height=\"816\" data-src=\"https:\/\/herzogtum-direkt.de\/wp-content\/uploads\/2022\/03\/Ratzeburg-Petrikirche-und-Barlachhaus-bei-Nacht_Martin_Vahlbruch-1000x570.jpg\" data-srcset=\"\" data-sizes=\"auto\" data-expand=\"700\" \/><\/div><\/a>\n                        <\/div>\n                        <div class=\"jeg_postblock_content\">\n                            <div class=\"jeg_post_category\">\n                                <span>\n                                    <a href=\"https:\/\/herzogtum-direkt.de\/index.php\/category\/ausflugstipp\/\">Ausflugstipp<\/a>\n                                <\/span>\n                            <\/div>\n                            <h3 class=\"jeg_post_title\">\n                                <a href=\"https:\/\/herzogtum-direkt.de\/index.php\/2026\/09\/03\/evensong-in-st-petri-2\/\">Evensong in St. Petri<\/a>\n                            <\/h3>\n                            <div class=\"jeg_post_meta\"><div class=\"jeg_meta_author\"><span class=\"by\">von<\/span> <a href=\"https:\/\/herzogtum-direkt.de\/index.php\/author\/pressemitteilung\/\">Pressemitteilung<\/a><\/div><div class=\"jeg_meta_date\"><a href=\"https:\/\/herzogtum-direkt.de\/index.php\/2026\/09\/03\/evensong-in-st-petri-2\/\"><i class=\"fa fa-clock-o\"><\/i> September 3, 2026<\/a><\/div><div class=\"jeg_meta_comment\"><a href=\"https:\/\/herzogtum-direkt.de\/index.php\/2026\/09\/03\/evensong-in-st-petri-2\/#comments\" ><i class=\"fa fa-comment-o\"><\/i> 0 <\/a><\/div><div class=\"jeg_meta_views\"><a href=\"https:\/\/herzogtum-direkt.de\/index.php\/2026\/09\/03\/evensong-in-st-petri-2\/\" ><i class=\"fa fa-eye\"><\/i> 43 <\/a><\/div><\/div>\n                                <div class=\"jeg_post_excerpt\">\n                                    <p>Ratzeburg (pm). Am Sonnabend, 5. September 2026 um findet der Evensong der Ratzeburger Kirchench\u00f6re in der St. Petrikirche zu Ratzeburg...<\/p>\n                                    <a href=\"https:\/\/herzogtum-direkt.de\/index.php\/2026\/09\/03\/evensong-in-st-petri-2\/\" class=\"jeg_readmore\">Mehr lesen<span class=\"screen-reader-text\">Details<\/span><\/a>\n                                <\/div>\n                        <\/div>\n                    <\/div>\n                <\/article><article class=\"jeg_post jeg_pl_lg_card format-standard\">\n                    <div class=\"jeg_inner_post\">\n                        <div class=\"jeg_thumb\">\n                            \n                            <a href=\"https:\/\/herzogtum-direkt.de\/index.php\/2026\/09\/02\/stadt-ratzeburg-praesentiert-sich-beim-tag-der-offenen-tuer-der-bundespolizeiabteilung-ratzeburg\/\" aria-label=\"Read article: Stadt Ratzeburg pr\u00e4sentiert sich beim &#8218;Tag der offenen T\u00fcr&#8216; der Bundespolizeiabteilung Ratzeburg\"><div class=\"thumbnail-container animate-lazy  size-500 \"><img loading=\"lazy\" decoding=\"async\" width=\"1000\" height=\"563\" src=\"https:\/\/herzogtum-direkt.de\/wp-content\/themes\/jnews\/assets\/img\/jeg-empty.png\" class=\"attachment-jnews-1140x570 size-jnews-1140x570 lazyload wp-post-image\" alt=\"Stadt Ratzeburg pr\u00e4sentiert sich beim &#8218;Tag der offenen T\u00fcr&#8216; der Bundespolizeiabteilung Ratzeburg\" sizes=\"auto, (max-width: 1000px) 100vw, 1000px\" data-full-width=\"1000\" data-full-height=\"563\" data-src=\"https:\/\/herzogtum-direkt.de\/wp-content\/uploads\/2026\/09\/Bundespolizei-Tag-der-offenen-Tuer-2026-hfr-1000x563.jpg\" data-srcset=\"https:\/\/herzogtum-direkt.de\/wp-content\/uploads\/2026\/09\/Bundespolizei-Tag-der-offenen-Tuer-2026-hfr.jpg 1000w, https:\/\/herzogtum-direkt.de\/wp-content\/uploads\/2026\/09\/Bundespolizei-Tag-der-offenen-Tuer-2026-hfr-600x338.jpg 600w, https:\/\/herzogtum-direkt.de\/wp-content\/uploads\/2026\/09\/Bundespolizei-Tag-der-offenen-Tuer-2026-hfr-768x432.jpg 768w\" data-sizes=\"auto\" data-expand=\"700\" \/><\/div><\/a>\n                        <\/div>\n                        <div class=\"jeg_postblock_content\">\n                            <div class=\"jeg_post_category\">\n                                <span>\n                                    <a href=\"https:\/\/herzogtum-direkt.de\/index.php\/category\/jugend-direkt\/\">Jugend direkt<\/a>\n                                <\/span>\n                            <\/div>\n                            <h3 class=\"jeg_post_title\">\n                                <a href=\"https:\/\/herzogtum-direkt.de\/index.php\/2026\/09\/02\/stadt-ratzeburg-praesentiert-sich-beim-tag-der-offenen-tuer-der-bundespolizeiabteilung-ratzeburg\/\">Stadt Ratzeburg pr\u00e4sentiert sich beim &#8218;Tag der offenen T\u00fcr&#8216; der Bundespolizeiabteilung Ratzeburg<\/a>\n                            <\/h3>\n                            <div class=\"jeg_post_meta\"><div class=\"jeg_meta_author\"><span class=\"by\">von<\/span> <a href=\"https:\/\/herzogtum-direkt.de\/index.php\/author\/pressemitteilung\/\">Pressemitteilung<\/a><\/div><div class=\"jeg_meta_date\"><a href=\"https:\/\/herzogtum-direkt.de\/index.php\/2026\/09\/02\/stadt-ratzeburg-praesentiert-sich-beim-tag-der-offenen-tuer-der-bundespolizeiabteilung-ratzeburg\/\"><i class=\"fa fa-clock-o\"><\/i> September 2, 2026<\/a><\/div><div class=\"jeg_meta_comment\"><a href=\"https:\/\/herzogtum-direkt.de\/index.php\/2026\/09\/02\/stadt-ratzeburg-praesentiert-sich-beim-tag-der-offenen-tuer-der-bundespolizeiabteilung-ratzeburg\/#comments\" ><i class=\"fa fa-comment-o\"><\/i> 0 <\/a><\/div><div class=\"jeg_meta_views\"><a href=\"https:\/\/herzogtum-direkt.de\/index.php\/2026\/09\/02\/stadt-ratzeburg-praesentiert-sich-beim-tag-der-offenen-tuer-der-bundespolizeiabteilung-ratzeburg\/\" ><i class=\"fa fa-eye\"><\/i> 104 <\/a><\/div><\/div>\n                                <div class=\"jeg_post_excerpt\">\n                                    <p>Ratzeburg (pm). Mit einem eigenen Stand hat sich die Stadt Ratzeburg am vergangenen Sonntag (30. August 2026 Anmerkung der Redaktion)...<\/p>\n                                    <a href=\"https:\/\/herzogtum-direkt.de\/index.php\/2026\/09\/02\/stadt-ratzeburg-praesentiert-sich-beim-tag-der-offenen-tuer-der-bundespolizeiabteilung-ratzeburg\/\" class=\"jeg_readmore\">Mehr lesen<span class=\"screen-reader-text\">Details<\/span><\/a>\n                                <\/div>\n                        <\/div>\n                    <\/div>\n                <\/article><\/div>\n                    <div class='module-overlay'>\n\t\t\t\t    <div class='preloader_type preloader_dot'>\n\t\t\t\t        <div class=\"module-preloader jeg_preloader dot\">\n\t\t\t\t            <span><\/span><span><\/span><span><\/span>\n\t\t\t\t        <\/div>\n\t\t\t\t        <div class=\"module-preloader jeg_preloader circle\">\n\t\t\t\t            <div class=\"jnews_preloader_circle_outer\">\n\t\t\t\t                <div class=\"jnews_preloader_circle_inner\"><\/div>\n\t\t\t\t            <\/div>\n\t\t\t\t        <\/div>\n\t\t\t\t        <div class=\"module-preloader jeg_preloader square\">\n\t\t\t\t            <div class=\"jeg_square\">\n\t\t\t\t                <div class=\"jeg_square_inner\"><\/div>\n\t\t\t\t            <\/div>\n\t\t\t\t        <\/div>\n\t\t\t\t    <\/div>\n\t\t\t\t<\/div>\n                <\/div>\n                <div class=\"jeg_block_navigation\">\n                    <div class='navigation_overlay'><div class='module-preloader jeg_preloader'><span><\/span><span><\/span><span><\/span><\/div><\/div>\n                    \n                    \n                <\/div>\n\t\t\t\t\t\n\t\t\t\t\t<script>var jnews_module__0_6a9c0b6f6b5c3 = {\"header_icon\":\"\",\"first_title\":\"\",\"second_title\":\"\",\"url\":\"\",\"header_type\":\"heading_6\",\"header_background\":\"\",\"header_secondary_background\":\"\",\"header_text_color\":\"\",\"header_line_color\":\"\",\"header_accent_color\":\"\",\"header_filter_category\":\"\",\"header_filter_author\":\"\",\"header_filter_tag\":\"\",\"header_filter_text\":\"All\",\"sticky_post\":false,\"sticky_post_filter\":false,\"post_type\":\"post\",\"content_type\":\"all\",\"sponsor\":false,\"number_post\":\"7\",\"post_offset\":\"0\",\"unique_content\":\"unique1\",\"include_post\":\"\",\"included_only\":false,\"exclude_post\":\"\",\"include_category\":\"64\",\"exclude_category\":\"\",\"include_author\":\"\",\"include_tag\":\"\",\"exclude_tag\":\"\",\"exclude_visited_post\":false,\"sort_by\":\"latest\",\"date_format\":\"default\",\"date_format_custom\":\"Y\\\/m\\\/d\",\"excerpt_length\":\"20\",\"excerpt_ellipsis\":\"...\",\"force_normal_image_load\":\"\",\"main_custom_image_size\":\"default\",\"pagination_mode\":\"disable\",\"pagination_nextprev_showtext\":\"\",\"pagination_number_post\":4,\"pagination_scroll_limit\":0,\"ads_type\":\"disable\",\"ads_position\":1,\"ads_random\":\"\",\"ads_image\":\"\",\"ads_image_tablet\":\"\",\"ads_image_phone\":\"\",\"ads_image_link\":\"\",\"ads_image_alt\":\"\",\"ads_image_new_tab\":\"\",\"google_publisher_id\":\"\",\"google_slot_id\":\"\",\"google_desktop\":\"auto\",\"google_tab\":\"auto\",\"google_phone\":\"auto\",\"content\":\"\",\"ads_bottom_text\":\"\",\"el_id\":\"\",\"el_class\":\"\",\"scheme\":\"\",\"column_width\":\"auto\",\"title_color\":\"\",\"accent_color\":\"\",\"alt_color\":\"\",\"excerpt_color\":\"\",\"block_background\":\"\",\"css\":\"\",\"compatible_column_notice\":\"\",\"paged\":1,\"column_class\":\"jeg_col_3o3\",\"class\":\"jnews_block_12\"};<\/script>\n\t\t\t\t<\/div>[vc_widget_sidebar sidebar_id=&#8220;herzogtum-lbg-seite-mobil&#8220;]<div  class=\"jeg_postblock_12 jeg_postblock jeg_module_hook jeg_pagination_disable jeg_col_3o3 jnews_module__1_6a9c0b6f74b38   \" data-unique=\"jnews_module__1_6a9c0b6f74b38\">\n\t\t\t\t\t\n\t\t\t\t\t<div class=\"jeg_block_container\">\n                    \n                    <div class=\"jeg_posts jeg_load_more_flag\"><article class=\"jeg_post jeg_pl_lg_card format-standard\">\n                    <div class=\"jeg_inner_post\">\n                        <div class=\"jeg_thumb\">\n                            \n                            <a href=\"https:\/\/herzogtum-direkt.de\/index.php\/2026\/09\/02\/neuwahl-des-ratzeburger-jugendbeirates-aufruf-zur-bewerbung\/\" aria-label=\"Read article: Neuwahl des Ratzeburger Jugendbeirates &#8211; Aufruf zur Bewerbung\"><div class=\"thumbnail-container animate-lazy  size-500 \"><img loading=\"lazy\" decoding=\"async\" width=\"1000\" height=\"570\" src=\"https:\/\/herzogtum-direkt.de\/wp-content\/themes\/jnews\/assets\/img\/jeg-empty.png\" class=\"attachment-jnews-1140x570 size-jnews-1140x570 lazyload wp-post-image\" alt=\"Neuwahl des Ratzeburger Jugendbeirates &#8211; Aufruf zur Bewerbung\" data-full-width=\"1000\" data-full-height=\"610\" data-src=\"https:\/\/herzogtum-direkt.de\/wp-content\/uploads\/2026\/09\/Buergermeister-Graf-Ratzeburg-Jugendbeitrat-hfr-1000x570.jpg\" data-srcset=\"\" data-sizes=\"auto\" data-expand=\"700\" \/><\/div><\/a>\n                        <\/div>\n                        <div class=\"jeg_postblock_content\">\n                            <div class=\"jeg_post_category\">\n                                <span>\n                                    <a href=\"https:\/\/herzogtum-direkt.de\/index.php\/category\/herzogtum-lauenburg\/\">Herzogtum Lauenburg<\/a>\n                                <\/span>\n                            <\/div>\n                            <h3 class=\"jeg_post_title\">\n                                <a href=\"https:\/\/herzogtum-direkt.de\/index.php\/2026\/09\/02\/neuwahl-des-ratzeburger-jugendbeirates-aufruf-zur-bewerbung\/\">Neuwahl des Ratzeburger Jugendbeirates &#8211; Aufruf zur Bewerbung<\/a>\n                            <\/h3>\n                            <div class=\"jeg_post_meta\"><div class=\"jeg_meta_author\"><span class=\"by\">von<\/span> <a href=\"https:\/\/herzogtum-direkt.de\/index.php\/author\/pressemitteilung\/\">Pressemitteilung<\/a><\/div><div class=\"jeg_meta_date\"><a href=\"https:\/\/herzogtum-direkt.de\/index.php\/2026\/09\/02\/neuwahl-des-ratzeburger-jugendbeirates-aufruf-zur-bewerbung\/\"><i class=\"fa fa-clock-o\"><\/i> September 2, 2026<\/a><\/div><div class=\"jeg_meta_comment\"><a href=\"https:\/\/herzogtum-direkt.de\/index.php\/2026\/09\/02\/neuwahl-des-ratzeburger-jugendbeirates-aufruf-zur-bewerbung\/#comments\" ><i class=\"fa fa-comment-o\"><\/i> 0 <\/a><\/div><div class=\"jeg_meta_views\"><a href=\"https:\/\/herzogtum-direkt.de\/index.php\/2026\/09\/02\/neuwahl-des-ratzeburger-jugendbeirates-aufruf-zur-bewerbung\/\" ><i class=\"fa fa-eye\"><\/i> 53 <\/a><\/div><\/div>\n                                <div class=\"jeg_post_excerpt\">\n                                    <p>Ratzeburg (pm). Der Ratzeburger Jugendbeirat wird in der ersten Dezemberwoche neu gew\u00e4hlt. Kinder- und Jugendlichen im Alter von 11 bis...<\/p>\n                                    <a href=\"https:\/\/herzogtum-direkt.de\/index.php\/2026\/09\/02\/neuwahl-des-ratzeburger-jugendbeirates-aufruf-zur-bewerbung\/\" class=\"jeg_readmore\">Mehr lesen<span class=\"screen-reader-text\">Details<\/span><\/a>\n                                <\/div>\n                        <\/div>\n                    <\/div>\n                <\/article><article class=\"jeg_post jeg_pl_lg_card format-standard\">\n                    <div class=\"jeg_inner_post\">\n                        <div class=\"jeg_thumb\">\n                            \n                            <a href=\"https:\/\/herzogtum-direkt.de\/index.php\/2026\/09\/02\/22-motivierte-lg-sportler-in-passendem-outfit\/\" aria-label=\"Read article: 22 motivierte LG-Sportler in passendem Outfit\"><div class=\"thumbnail-container animate-lazy  size-500 \"><img loading=\"lazy\" decoding=\"async\" width=\"1000\" height=\"543\" src=\"https:\/\/herzogtum-direkt.de\/wp-content\/themes\/jnews\/assets\/img\/jeg-empty.png\" class=\"attachment-jnews-1140x570 size-jnews-1140x570 lazyload wp-post-image\" alt=\"22 motivierte LG-Sportler in passendem Outfit\" data-full-width=\"1000\" data-full-height=\"453\" data-src=\"https:\/\/herzogtum-direkt.de\/wp-content\/uploads\/2026\/09\/LG-Ratzeburg-Berlin-JtfO-2026-Provinzial-1000x543.jpg\" data-srcset=\"\" data-sizes=\"auto\" data-expand=\"700\" \/><\/div><\/a>\n                        <\/div>\n                        <div class=\"jeg_postblock_content\">\n                            <div class=\"jeg_post_category\">\n                                <span>\n                                    <a href=\"https:\/\/herzogtum-direkt.de\/index.php\/category\/jugend-direkt\/\">Jugend direkt<\/a>\n                                <\/span>\n                            <\/div>\n                            <h3 class=\"jeg_post_title\">\n                                <a href=\"https:\/\/herzogtum-direkt.de\/index.php\/2026\/09\/02\/22-motivierte-lg-sportler-in-passendem-outfit\/\">22 motivierte LG-Sportler in passendem Outfit<\/a>\n                            <\/h3>\n                            <div class=\"jeg_post_meta\"><div class=\"jeg_meta_author\"><span class=\"by\">von<\/span> <a href=\"https:\/\/herzogtum-direkt.de\/index.php\/author\/pressemitteilung\/\">Pressemitteilung<\/a><\/div><div class=\"jeg_meta_date\"><a href=\"https:\/\/herzogtum-direkt.de\/index.php\/2026\/09\/02\/22-motivierte-lg-sportler-in-passendem-outfit\/\"><i class=\"fa fa-clock-o\"><\/i> September 2, 2026<\/a><\/div><div class=\"jeg_meta_comment\"><a href=\"https:\/\/herzogtum-direkt.de\/index.php\/2026\/09\/02\/22-motivierte-lg-sportler-in-passendem-outfit\/#comments\" ><i class=\"fa fa-comment-o\"><\/i> 0 <\/a><\/div><div class=\"jeg_meta_views\"><a href=\"https:\/\/herzogtum-direkt.de\/index.php\/2026\/09\/02\/22-motivierte-lg-sportler-in-passendem-outfit\/\" ><i class=\"fa fa-eye\"><\/i> 320 <\/a><\/div><\/div>\n                                <div class=\"jeg_post_excerpt\">\n                                    <p>Ratzeburg (pm). Diesen Termin wollte sich der ehemalige LG-Sch\u00fcler Max-Lennart Br\u00fcdersdorf von der Provinzial Ratzeburg nicht entgehen lassen: Vor seinem...<\/p>\n                                    <a href=\"https:\/\/herzogtum-direkt.de\/index.php\/2026\/09\/02\/22-motivierte-lg-sportler-in-passendem-outfit\/\" class=\"jeg_readmore\">Mehr lesen<span class=\"screen-reader-text\">Details<\/span><\/a>\n                                <\/div>\n                        <\/div>\n                    <\/div>\n                <\/article><article class=\"jeg_post jeg_pl_lg_card format-standard\">\n                    <div class=\"jeg_inner_post\">\n                        <div class=\"jeg_thumb\">\n                            \n                            <a href=\"https:\/\/herzogtum-direkt.de\/index.php\/2026\/09\/01\/buchbindeworkshop-fuer-eltern-und-kinder\/\" aria-label=\"Read article: Buchbindeworkshop f\u00fcr Eltern und Kinder\"><div class=\"thumbnail-container animate-lazy  size-500 \"><img loading=\"lazy\" decoding=\"async\" width=\"1000\" height=\"449\" src=\"https:\/\/herzogtum-direkt.de\/wp-content\/themes\/jnews\/assets\/img\/jeg-empty.png\" class=\"attachment-jnews-1140x570 size-jnews-1140x570 lazyload wp-post-image\" alt=\"Hoffnung f\u00fcr das traditionsreiche Bootshaus am Ratzeburger See\" sizes=\"auto, (max-width: 1000px) 100vw, 1000px\" data-full-width=\"1000\" data-full-height=\"449\" data-src=\"https:\/\/herzogtum-direkt.de\/wp-content\/uploads\/2026\/08\/Workshop-1000x449.jpg\" data-srcset=\"https:\/\/herzogtum-direkt.de\/wp-content\/uploads\/2026\/08\/Workshop.jpg 1000w, https:\/\/herzogtum-direkt.de\/wp-content\/uploads\/2026\/08\/Workshop-600x269.jpg 600w, https:\/\/herzogtum-direkt.de\/wp-content\/uploads\/2026\/08\/Workshop-768x345.jpg 768w\" data-sizes=\"auto\" data-expand=\"700\" \/><\/div><\/a>\n                        <\/div>\n                        <div class=\"jeg_postblock_content\">\n                            <div class=\"jeg_post_category\">\n                                <span>\n                                    <a href=\"https:\/\/herzogtum-direkt.de\/index.php\/category\/ausflugstipp\/\">Ausflugstipp<\/a>\n                                <\/span>\n                            <\/div>\n                            <h3 class=\"jeg_post_title\">\n                                <a href=\"https:\/\/herzogtum-direkt.de\/index.php\/2026\/09\/01\/buchbindeworkshop-fuer-eltern-und-kinder\/\">Buchbindeworkshop f\u00fcr Eltern und Kinder<\/a>\n                            <\/h3>\n                            <div class=\"jeg_post_meta\"><div class=\"jeg_meta_author\"><span class=\"by\">von<\/span> <a href=\"https:\/\/herzogtum-direkt.de\/index.php\/author\/pressemitteilung\/\">Pressemitteilung<\/a><\/div><div class=\"jeg_meta_date\"><a href=\"https:\/\/herzogtum-direkt.de\/index.php\/2026\/09\/01\/buchbindeworkshop-fuer-eltern-und-kinder\/\"><i class=\"fa fa-clock-o\"><\/i> September 1, 2026<\/a><\/div><div class=\"jeg_meta_comment\"><a href=\"https:\/\/herzogtum-direkt.de\/index.php\/2026\/09\/01\/buchbindeworkshop-fuer-eltern-und-kinder\/#comments\" ><i class=\"fa fa-comment-o\"><\/i> 0 <\/a><\/div><div class=\"jeg_meta_views\"><a href=\"https:\/\/herzogtum-direkt.de\/index.php\/2026\/09\/01\/buchbindeworkshop-fuer-eltern-und-kinder\/\" ><i class=\"fa fa-eye\"><\/i> 21 <\/a><\/div><\/div>\n                                <div class=\"jeg_post_excerpt\">\n                                    <p>Ratzeburg (pm). Die Evangelische Familienbildungsst\u00e4tte bietet einen Buchbinder-Workshop f\u00fcr Kinder mit ihren Eltern an. Wie entsteht eigentlich ein Buch?-Schritt f\u00fcr...<\/p>\n                                    <a href=\"https:\/\/herzogtum-direkt.de\/index.php\/2026\/09\/01\/buchbindeworkshop-fuer-eltern-und-kinder\/\" class=\"jeg_readmore\">Mehr lesen<span class=\"screen-reader-text\">Details<\/span><\/a>\n                                <\/div>\n                        <\/div>\n                    <\/div>\n                <\/article><article class=\"jeg_post jeg_pl_lg_card format-standard\">\n                    <div class=\"jeg_inner_post\">\n                        <div class=\"jeg_thumb\">\n                            \n                            <a href=\"https:\/\/herzogtum-direkt.de\/index.php\/2026\/08\/31\/erfolgreiche-adams-acht-weltpremiere\/\" aria-label=\"Read article: Erfolgreiche &#8218;Adams Acht&#8216; Weltpremiere\"><div class=\"thumbnail-container animate-lazy  size-500 \"><img loading=\"lazy\" decoding=\"async\" width=\"1000\" height=\"570\" src=\"https:\/\/herzogtum-direkt.de\/wp-content\/themes\/jnews\/assets\/img\/jeg-empty.png\" class=\"attachment-jnews-1140x570 size-jnews-1140x570 lazyload wp-post-image\" alt=\"Erfolgreiche &#8218;Adams Acht&#8216; Weltpremiere\" data-full-width=\"1000\" data-full-height=\"667\" data-src=\"https:\/\/herzogtum-direkt.de\/wp-content\/uploads\/2026\/08\/ADAMS-ACHT-Filmszene.-Foto-Majestic-Dujour-hfr-1000x570.jpg\" data-srcset=\"\" data-sizes=\"auto\" data-expand=\"700\" \/><\/div><\/a>\n                        <\/div>\n                        <div class=\"jeg_postblock_content\">\n                            <div class=\"jeg_post_category\">\n                                <span>\n                                    <a href=\"https:\/\/herzogtum-direkt.de\/index.php\/category\/herzogtum-lauenburg\/\">Herzogtum Lauenburg<\/a>\n                                <\/span>\n                            <\/div>\n                            <h3 class=\"jeg_post_title\">\n                                <a href=\"https:\/\/herzogtum-direkt.de\/index.php\/2026\/08\/31\/erfolgreiche-adams-acht-weltpremiere\/\">Erfolgreiche &#8218;Adams Acht&#8216; Weltpremiere<\/a>\n                            <\/h3>\n                            <div class=\"jeg_post_meta\"><div class=\"jeg_meta_author\"><span class=\"by\">von<\/span> <a href=\"https:\/\/herzogtum-direkt.de\/index.php\/author\/pressemitteilung\/\">Pressemitteilung<\/a><\/div><div class=\"jeg_meta_date\"><a href=\"https:\/\/herzogtum-direkt.de\/index.php\/2026\/08\/31\/erfolgreiche-adams-acht-weltpremiere\/\"><i class=\"fa fa-clock-o\"><\/i> August 31, 2026<\/a><\/div><div class=\"jeg_meta_comment\"><a href=\"https:\/\/herzogtum-direkt.de\/index.php\/2026\/08\/31\/erfolgreiche-adams-acht-weltpremiere\/#comments\" ><i class=\"fa fa-comment-o\"><\/i> 0 <\/a><\/div><div class=\"jeg_meta_views\"><a href=\"https:\/\/herzogtum-direkt.de\/index.php\/2026\/08\/31\/erfolgreiche-adams-acht-weltpremiere\/\" ><i class=\"fa fa-eye\"><\/i> 599 <\/a><\/div><\/div>\n                                <div class=\"jeg_post_excerpt\">\n                                    <p>Ratzeburg (pm). Ein besonderer Abend f\u00fcr Ratzeburg: Am Freitag, 21. August 2026, feierte der Kinofilm ADAMS ACHT seine Weltpremiere am...<\/p>\n                                    <a href=\"https:\/\/herzogtum-direkt.de\/index.php\/2026\/08\/31\/erfolgreiche-adams-acht-weltpremiere\/\" class=\"jeg_readmore\">Mehr lesen<span class=\"screen-reader-text\">Details<\/span><\/a>\n                                <\/div>\n                        <\/div>\n                    <\/div>\n                <\/article><article class=\"jeg_post jeg_pl_lg_card format-standard\">\n                    <div class=\"jeg_inner_post\">\n                        <div class=\"jeg_thumb\">\n                            \n                            <a href=\"https:\/\/herzogtum-direkt.de\/index.php\/2026\/08\/31\/abendbrot-mit-den-ratzeburger-landfrauen-2\/\" aria-label=\"Read article: Abendbrot mit den Ratzeburger LandFrauen\"><div class=\"thumbnail-container animate-lazy  size-500 \"><img loading=\"lazy\" decoding=\"async\" width=\"1000\" height=\"570\" src=\"https:\/\/herzogtum-direkt.de\/wp-content\/themes\/jnews\/assets\/img\/jeg-empty.png\" class=\"attachment-jnews-1140x570 size-jnews-1140x570 lazyload wp-post-image\" alt=\"Abendbrot mit den LandFrauen \u2013 gemeinsam schmeckt\u2019s am besten\" data-full-width=\"1000\" data-full-height=\"750\" data-src=\"https:\/\/herzogtum-direkt.de\/wp-content\/uploads\/2026\/02\/1-Abendessen-LandFrauen-Ratzeburg-Foto-Gesine-Biller-1000x570.jpg\" data-srcset=\"\" data-sizes=\"auto\" data-expand=\"700\" \/><\/div><\/a>\n                        <\/div>\n                        <div class=\"jeg_postblock_content\">\n                            <div class=\"jeg_post_category\">\n                                <span>\n                                    <a href=\"https:\/\/herzogtum-direkt.de\/index.php\/category\/ausflugstipp\/\">Ausflugstipp<\/a>\n                                <\/span>\n                            <\/div>\n                            <h3 class=\"jeg_post_title\">\n                                <a href=\"https:\/\/herzogtum-direkt.de\/index.php\/2026\/08\/31\/abendbrot-mit-den-ratzeburger-landfrauen-2\/\">Abendbrot mit den Ratzeburger LandFrauen<\/a>\n                            <\/h3>\n                            <div class=\"jeg_post_meta\"><div class=\"jeg_meta_author\"><span class=\"by\">von<\/span> <a href=\"https:\/\/herzogtum-direkt.de\/index.php\/author\/admin_gesine\/\">Gesine Biller<\/a><\/div><div class=\"jeg_meta_date\"><a href=\"https:\/\/herzogtum-direkt.de\/index.php\/2026\/08\/31\/abendbrot-mit-den-ratzeburger-landfrauen-2\/\"><i class=\"fa fa-clock-o\"><\/i> August 31, 2026<\/a><\/div><div class=\"jeg_meta_comment\"><a href=\"https:\/\/herzogtum-direkt.de\/index.php\/2026\/08\/31\/abendbrot-mit-den-ratzeburger-landfrauen-2\/#comments\" ><i class=\"fa fa-comment-o\"><\/i> 0 <\/a><\/div><div class=\"jeg_meta_views\"><a href=\"https:\/\/herzogtum-direkt.de\/index.php\/2026\/08\/31\/abendbrot-mit-den-ratzeburger-landfrauen-2\/\" ><i class=\"fa fa-eye\"><\/i> 393 <\/a><\/div><\/div>\n                                <div class=\"jeg_post_excerpt\">\n                                    <p>Ratzeburg (pm). Am Freitag, 18. September bitte der LandFrauenVerein Ratzeburg und Umgebung wieder zu Tisch. In netter Gesellschaft und froher...<\/p>\n                                    <a href=\"https:\/\/herzogtum-direkt.de\/index.php\/2026\/08\/31\/abendbrot-mit-den-ratzeburger-landfrauen-2\/\" class=\"jeg_readmore\">Mehr lesen<span class=\"screen-reader-text\">Details<\/span><\/a>\n                                <\/div>\n                        <\/div>\n                    <\/div>\n                <\/article><article class=\"jeg_post jeg_pl_lg_card format-standard\">\n                    <div class=\"jeg_inner_post\">\n                        <div class=\"jeg_thumb\">\n                            \n                            <a href=\"https:\/\/herzogtum-direkt.de\/index.php\/2026\/08\/30\/dokumentation-salz-und-wasser\/\" aria-label=\"Read article: \u00a0Dokumentation: &#8218;Salz und Wasser&#8216;\"><div class=\"thumbnail-container animate-lazy  size-500 \"><img loading=\"lazy\" decoding=\"async\" width=\"1000\" height=\"563\" src=\"https:\/\/herzogtum-direkt.de\/wp-content\/themes\/jnews\/assets\/img\/jeg-empty.png\" class=\"attachment-jnews-1140x570 size-jnews-1140x570 lazyload wp-post-image\" alt=\"\u00a0Dokumentation: &#8218;Salz und Wasser&#8216;\" sizes=\"auto, (max-width: 1000px) 100vw, 1000px\" data-full-width=\"1000\" data-full-height=\"563\" data-src=\"https:\/\/herzogtum-direkt.de\/wp-content\/uploads\/2026\/08\/Filmclub-Kino-LANDTEAM_c-ThurnFilm-GmbH_Fotografin-Ines-Reinisch-1000x563.jpg\" data-srcset=\"https:\/\/herzogtum-direkt.de\/wp-content\/uploads\/2026\/08\/Filmclub-Kino-LANDTEAM_c-ThurnFilm-GmbH_Fotografin-Ines-Reinisch.jpg 1000w, https:\/\/herzogtum-direkt.de\/wp-content\/uploads\/2026\/08\/Filmclub-Kino-LANDTEAM_c-ThurnFilm-GmbH_Fotografin-Ines-Reinisch-600x338.jpg 600w, https:\/\/herzogtum-direkt.de\/wp-content\/uploads\/2026\/08\/Filmclub-Kino-LANDTEAM_c-ThurnFilm-GmbH_Fotografin-Ines-Reinisch-768x432.jpg 768w\" data-sizes=\"auto\" data-expand=\"700\" \/><\/div><\/a>\n                        <\/div>\n                        <div class=\"jeg_postblock_content\">\n                            <div class=\"jeg_post_category\">\n                                <span>\n                                    <a href=\"https:\/\/herzogtum-direkt.de\/index.php\/category\/herzogtum-lauenburg\/\">Herzogtum Lauenburg<\/a>\n                                <\/span>\n                            <\/div>\n                            <h3 class=\"jeg_post_title\">\n                                <a href=\"https:\/\/herzogtum-direkt.de\/index.php\/2026\/08\/30\/dokumentation-salz-und-wasser\/\">\u00a0Dokumentation: &#8218;Salz und Wasser&#8216;<\/a>\n                            <\/h3>\n                            <div class=\"jeg_post_meta\"><div class=\"jeg_meta_author\"><span class=\"by\">von<\/span> <a href=\"https:\/\/herzogtum-direkt.de\/index.php\/author\/pressemitteilung\/\">Pressemitteilung<\/a><\/div><div class=\"jeg_meta_date\"><a href=\"https:\/\/herzogtum-direkt.de\/index.php\/2026\/08\/30\/dokumentation-salz-und-wasser\/\"><i class=\"fa fa-clock-o\"><\/i> August 30, 2026<\/a><\/div><div class=\"jeg_meta_comment\"><a href=\"https:\/\/herzogtum-direkt.de\/index.php\/2026\/08\/30\/dokumentation-salz-und-wasser\/#comments\" ><i class=\"fa fa-comment-o\"><\/i> 0 <\/a><\/div><div class=\"jeg_meta_views\"><a href=\"https:\/\/herzogtum-direkt.de\/index.php\/2026\/08\/30\/dokumentation-salz-und-wasser\/\" ><i class=\"fa fa-eye\"><\/i> 51 <\/a><\/div><\/div>\n                                <div class=\"jeg_post_excerpt\">\n                                    <p>Ratzeburg (pm). Im Filmclub des Burgtheater Ratzeburg wird am Dienstag, 1. September, der Dokumentarfilm \u201eSalz und Wasser - Mit der...<\/p>\n                                    <a href=\"https:\/\/herzogtum-direkt.de\/index.php\/2026\/08\/30\/dokumentation-salz-und-wasser\/\" class=\"jeg_readmore\">Mehr lesen<span class=\"screen-reader-text\">Details<\/span><\/a>\n                                <\/div>\n                        <\/div>\n                    <\/div>\n                <\/article><article class=\"jeg_post jeg_pl_lg_card format-standard\">\n                    <div class=\"jeg_inner_post\">\n                        <div class=\"jeg_thumb\">\n                            \n                            <a href=\"https:\/\/herzogtum-direkt.de\/index.php\/2026\/08\/30\/filmclub-classic-the-fast-and-the-furious\/\" aria-label=\"Read article: Filmclub-Classic:\u00a0&#8218;The Fast and the Furious&#8216;\"><div class=\"thumbnail-container animate-lazy  size-500 \"><img loading=\"lazy\" decoding=\"async\" width=\"1000\" height=\"570\" src=\"https:\/\/herzogtum-direkt.de\/wp-content\/themes\/jnews\/assets\/img\/jeg-empty.png\" class=\"attachment-jnews-1140x570 size-jnews-1140x570 lazyload wp-post-image\" alt=\"Filmclub-Classic:\u00a0&#8218;The Fast and the Furious&#8216;\" data-full-width=\"1000\" data-full-height=\"659\" data-src=\"https:\/\/herzogtum-direkt.de\/wp-content\/uploads\/2026\/08\/the-fast-and-the-furious_kino-Filmclub-hfr-1000x570.jpg\" data-srcset=\"\" data-sizes=\"auto\" data-expand=\"700\" \/><\/div><\/a>\n                        <\/div>\n                        <div class=\"jeg_postblock_content\">\n                            <div class=\"jeg_post_category\">\n                                <span>\n                                    <a href=\"https:\/\/herzogtum-direkt.de\/index.php\/category\/herzogtum-lauenburg\/\">Herzogtum Lauenburg<\/a>\n                                <\/span>\n                            <\/div>\n                            <h3 class=\"jeg_post_title\">\n                                <a href=\"https:\/\/herzogtum-direkt.de\/index.php\/2026\/08\/30\/filmclub-classic-the-fast-and-the-furious\/\">Filmclub-Classic:\u00a0&#8218;The Fast and the Furious&#8216;<\/a>\n                            <\/h3>\n                            <div class=\"jeg_post_meta\"><div class=\"jeg_meta_author\"><span class=\"by\">von<\/span> <a href=\"https:\/\/herzogtum-direkt.de\/index.php\/author\/pressemitteilung\/\">Pressemitteilung<\/a><\/div><div class=\"jeg_meta_date\"><a href=\"https:\/\/herzogtum-direkt.de\/index.php\/2026\/08\/30\/filmclub-classic-the-fast-and-the-furious\/\"><i class=\"fa fa-clock-o\"><\/i> August 30, 2026<\/a><\/div><div class=\"jeg_meta_comment\"><a href=\"https:\/\/herzogtum-direkt.de\/index.php\/2026\/08\/30\/filmclub-classic-the-fast-and-the-furious\/#comments\" ><i class=\"fa fa-comment-o\"><\/i> 0 <\/a><\/div><div class=\"jeg_meta_views\"><a href=\"https:\/\/herzogtum-direkt.de\/index.php\/2026\/08\/30\/filmclub-classic-the-fast-and-the-furious\/\" ><i class=\"fa fa-eye\"><\/i> 70 <\/a><\/div><\/div>\n                                <div class=\"jeg_post_excerpt\">\n                                    <p>Ratzeburg (pm). Im Filmclub des Burgtheater Ratzeburg wird am Dienstag, 1. September der US-Action-Thriller \u201eThe Fast and the Furious\u201c aus...<\/p>\n                                    <a href=\"https:\/\/herzogtum-direkt.de\/index.php\/2026\/08\/30\/filmclub-classic-the-fast-and-the-furious\/\" class=\"jeg_readmore\">Mehr lesen<span class=\"screen-reader-text\">Details<\/span><\/a>\n                                <\/div>\n                        <\/div>\n                    <\/div>\n                <\/article><\/div>\n                    <div class='module-overlay'>\n\t\t\t\t    <div class='preloader_type preloader_dot'>\n\t\t\t\t        <div class=\"module-preloader jeg_preloader dot\">\n\t\t\t\t            <span><\/span><span><\/span><span><\/span>\n\t\t\t\t        <\/div>\n\t\t\t\t        <div class=\"module-preloader jeg_preloader circle\">\n\t\t\t\t            <div class=\"jnews_preloader_circle_outer\">\n\t\t\t\t                <div class=\"jnews_preloader_circle_inner\"><\/div>\n\t\t\t\t            <\/div>\n\t\t\t\t        <\/div>\n\t\t\t\t        <div class=\"module-preloader jeg_preloader square\">\n\t\t\t\t            <div class=\"jeg_square\">\n\t\t\t\t                <div class=\"jeg_square_inner\"><\/div>\n\t\t\t\t            <\/div>\n\t\t\t\t        <\/div>\n\t\t\t\t    <\/div>\n\t\t\t\t<\/div>\n                <\/div>\n                <div class=\"jeg_block_navigation\">\n                    <div class='navigation_overlay'><div class='module-preloader jeg_preloader'><span><\/span><span><\/span><span><\/span><\/div><\/div>\n                    \n                    \n                <\/div>\n\t\t\t\t\t\n\t\t\t\t\t<script>var jnews_module__1_6a9c0b6f74b38 = {\"header_icon\":\"\",\"first_title\":\"\",\"second_title\":\"\",\"url\":\"\",\"header_type\":\"heading_6\",\"header_background\":\"\",\"header_secondary_background\":\"\",\"header_text_color\":\"\",\"header_line_color\":\"\",\"header_accent_color\":\"\",\"header_filter_category\":\"\",\"header_filter_author\":\"\",\"header_filter_tag\":\"\",\"header_filter_text\":\"All\",\"sticky_post\":false,\"sticky_post_filter\":false,\"post_type\":\"post\",\"content_type\":\"all\",\"sponsor\":false,\"number_post\":\"7\",\"post_offset\":\"0\",\"unique_content\":\"unique1\",\"include_post\":\"\",\"included_only\":false,\"exclude_post\":\"86501,86485,86504,86476,86460,86458,86415\",\"include_category\":\"64\",\"exclude_category\":\"\",\"include_author\":\"\",\"include_tag\":\"\",\"exclude_tag\":\"\",\"exclude_visited_post\":false,\"sort_by\":\"latest\",\"date_format\":\"default\",\"date_format_custom\":\"Y\\\/m\\\/d\",\"excerpt_length\":\"20\",\"excerpt_ellipsis\":\"...\",\"force_normal_image_load\":\"\",\"main_custom_image_size\":\"default\",\"pagination_mode\":\"disable\",\"pagination_nextprev_showtext\":\"\",\"pagination_number_post\":4,\"pagination_scroll_limit\":0,\"ads_type\":\"disable\",\"ads_position\":1,\"ads_random\":\"\",\"ads_image\":\"\",\"ads_image_tablet\":\"\",\"ads_image_phone\":\"\",\"ads_image_link\":\"\",\"ads_image_alt\":\"\",\"ads_image_new_tab\":\"\",\"google_publisher_id\":\"\",\"google_slot_id\":\"\",\"google_desktop\":\"auto\",\"google_tab\":\"auto\",\"google_phone\":\"auto\",\"content\":\"\",\"ads_bottom_text\":\"\",\"el_id\":\"\",\"el_class\":\"\",\"scheme\":\"\",\"column_width\":\"auto\",\"title_color\":\"\",\"accent_color\":\"\",\"alt_color\":\"\",\"excerpt_color\":\"\",\"block_background\":\"\",\"css\":\"\",\"compatible_column_notice\":\"\",\"paged\":1,\"column_class\":\"jeg_col_3o3\",\"class\":\"jnews_block_12\"};<\/script>\n\t\t\t\t<\/div>[vc_widget_sidebar sidebar_id=&#8220;herzogtum-lbg-seite-mobil&#8220;][\/vc_column][\/vc_row][vc_row][vc_column][vc_widget_sidebar sidebar_id=&#8220;rz-top&#8220;][\/vc_column][vc_column width=&#8220;2\/3&#8243;]<div  class=\"jeg_postblock_12 jeg_postblock jeg_module_hook jeg_pagination_loadmore jeg_col_3o3 jnews_module__2_6a9c0b6f7fcda   \" data-unique=\"jnews_module__2_6a9c0b6f7fcda\">\n\t\t\t\t\t\n\t\t\t\t\t<div class=\"jeg_block_container\">\n                    \n                    <div class=\"jeg_posts jeg_load_more_flag\"><article class=\"jeg_post jeg_pl_lg_card format-standard\">\n                    <div class=\"jeg_inner_post\">\n                        <div class=\"jeg_thumb\">\n                            \n                            <a href=\"https:\/\/herzogtum-direkt.de\/index.php\/2026\/09\/05\/montagskino-fruehstueck-bei-audrey\/\" aria-label=\"Read article: Montagskino: &#8218;Fr\u00fchst\u00fcck bei Audrey&#8216;\"><div class=\"thumbnail-container animate-lazy  size-500 \"><img loading=\"lazy\" decoding=\"async\" width=\"1000\" height=\"570\" src=\"https:\/\/herzogtum-direkt.de\/wp-content\/themes\/jnews\/assets\/img\/jeg-empty.png\" class=\"attachment-jnews-1140x570 size-jnews-1140x570 lazyload wp-post-image\" alt=\"Montagskino: &#8218;Fr\u00fchst\u00fcck bei Audrey&#8216;\" data-full-width=\"1000\" data-full-height=\"667\" data-src=\"https:\/\/herzogtum-direkt.de\/wp-content\/uploads\/2026\/09\/Fruehstueck-bei-Audrey-Kino-Filmclub-hfr-1000x570.jpg\" data-srcset=\"\" data-sizes=\"auto\" data-expand=\"700\" \/><\/div><\/a>\n                        <\/div>\n                        <div class=\"jeg_postblock_content\">\n                            <div class=\"jeg_post_category\">\n                                <span>\n                                    <a href=\"https:\/\/herzogtum-direkt.de\/index.php\/category\/kultur\/\">Kultur<\/a>\n                                <\/span>\n                            <\/div>\n                            <h3 class=\"jeg_post_title\">\n                                <a href=\"https:\/\/herzogtum-direkt.de\/index.php\/2026\/09\/05\/montagskino-fruehstueck-bei-audrey\/\">Montagskino: &#8218;Fr\u00fchst\u00fcck bei Audrey&#8216;<\/a>\n                            <\/h3>\n                            <div class=\"jeg_post_meta\"><div class=\"jeg_meta_author\"><span class=\"by\">von<\/span> <a href=\"https:\/\/herzogtum-direkt.de\/index.php\/author\/pressemitteilung\/\">Pressemitteilung<\/a><\/div><div class=\"jeg_meta_date\"><a href=\"https:\/\/herzogtum-direkt.de\/index.php\/2026\/09\/05\/montagskino-fruehstueck-bei-audrey\/\"><i class=\"fa fa-clock-o\"><\/i> September 5, 2026<\/a><\/div><div class=\"jeg_meta_comment\"><a href=\"https:\/\/herzogtum-direkt.de\/index.php\/2026\/09\/05\/montagskino-fruehstueck-bei-audrey\/#comments\" ><i class=\"fa fa-comment-o\"><\/i> 0 <\/a><\/div><div class=\"jeg_meta_views\"><a href=\"https:\/\/herzogtum-direkt.de\/index.php\/2026\/09\/05\/montagskino-fruehstueck-bei-audrey\/\" ><i class=\"fa fa-eye\"><\/i> 8 <\/a><\/div><\/div>\n                                <div class=\"jeg_post_excerpt\">\n                                    <p>Ratzeburg (pm). Im Filmclub des Burgtheater Ratzeburg wird am Montag, 7.\u00a0September die Vorpremiere von \u201eFr\u00fchst\u00fcck bei Audrey\u201c gezeigt, eine geistreiche...<\/p>\n                                    <a href=\"https:\/\/herzogtum-direkt.de\/index.php\/2026\/09\/05\/montagskino-fruehstueck-bei-audrey\/\" class=\"jeg_readmore\">Mehr lesen<span class=\"screen-reader-text\">Details<\/span><\/a>\n                                <\/div>\n                        <\/div>\n                    <\/div>\n                <\/article><article class=\"jeg_post jeg_pl_lg_card format-standard\">\n                    <div class=\"jeg_inner_post\">\n                        <div class=\"jeg_thumb\">\n                            \n                            <a href=\"https:\/\/herzogtum-direkt.de\/index.php\/2026\/09\/05\/apfeltag-auf-der-streuobstwiese-ratzeburg\/\" aria-label=\"Read article: Apfeltag auf der Streuobstwiese Ratzeburg\"><div class=\"thumbnail-container animate-lazy  size-500 \"><img loading=\"lazy\" decoding=\"async\" width=\"1000\" height=\"570\" src=\"https:\/\/herzogtum-direkt.de\/wp-content\/themes\/jnews\/assets\/img\/jeg-empty.png\" class=\"attachment-jnews-1140x570 size-jnews-1140x570 lazyload wp-post-image\" alt=\"Apfeltag auf der Streuobstwiese Ratzeburg\" data-full-width=\"1000\" data-full-height=\"664\" data-src=\"https:\/\/herzogtum-direkt.de\/wp-content\/uploads\/2026\/09\/Apfeltag-2025-Foto-Sabine-Riege--1000x570.jpg\" data-srcset=\"\" data-sizes=\"auto\" data-expand=\"700\" \/><\/div><\/a>\n                        <\/div>\n                        <div class=\"jeg_postblock_content\">\n                            <div class=\"jeg_post_category\">\n                                <span>\n                                    <a href=\"https:\/\/herzogtum-direkt.de\/index.php\/category\/ausflugstipp\/\">Ausflugstipp<\/a>\n                                <\/span>\n                            <\/div>\n                            <h3 class=\"jeg_post_title\">\n                                <a href=\"https:\/\/herzogtum-direkt.de\/index.php\/2026\/09\/05\/apfeltag-auf-der-streuobstwiese-ratzeburg\/\">Apfeltag auf der Streuobstwiese Ratzeburg<\/a>\n                            <\/h3>\n                            <div class=\"jeg_post_meta\"><div class=\"jeg_meta_author\"><span class=\"by\">von<\/span> <a href=\"https:\/\/herzogtum-direkt.de\/index.php\/author\/pressemitteilung\/\">Pressemitteilung<\/a><\/div><div class=\"jeg_meta_date\"><a href=\"https:\/\/herzogtum-direkt.de\/index.php\/2026\/09\/05\/apfeltag-auf-der-streuobstwiese-ratzeburg\/\"><i class=\"fa fa-clock-o\"><\/i> September 5, 2026<\/a><\/div><div class=\"jeg_meta_comment\"><a href=\"https:\/\/herzogtum-direkt.de\/index.php\/2026\/09\/05\/apfeltag-auf-der-streuobstwiese-ratzeburg\/#comments\" ><i class=\"fa fa-comment-o\"><\/i> 0 <\/a><\/div><div class=\"jeg_meta_views\"><a href=\"https:\/\/herzogtum-direkt.de\/index.php\/2026\/09\/05\/apfeltag-auf-der-streuobstwiese-ratzeburg\/\" ><i class=\"fa fa-eye\"><\/i> 35 <\/a><\/div><\/div>\n                                <div class=\"jeg_post_excerpt\">\n                                    <p>Ratzeburg\/Einhaus (pm). Die Stiftung Herzogtum Lauenburg und ihre Kooperationspartner \u2013 die Stadt Ratzeburg, die Gemeinde Einhaus und die vielen Baumpatinnen...<\/p>\n                                    <a href=\"https:\/\/herzogtum-direkt.de\/index.php\/2026\/09\/05\/apfeltag-auf-der-streuobstwiese-ratzeburg\/\" class=\"jeg_readmore\">Mehr lesen<span class=\"screen-reader-text\">Details<\/span><\/a>\n                                <\/div>\n                        <\/div>\n                    <\/div>\n                <\/article><article class=\"jeg_post jeg_pl_lg_card format-standard\">\n                    <div class=\"jeg_inner_post\">\n                        <div class=\"jeg_thumb\">\n                            \n                            <a href=\"https:\/\/herzogtum-direkt.de\/index.php\/2026\/09\/04\/schleswig-holstein-ein-land-geht-ins-kino-adams-acht\/\" aria-label=\"Read article: Schleswig-Holstein &#8211; Ein Land geht ins Kino: &#8218;Adams Acht&#8216;\"><div class=\"thumbnail-container animate-lazy  size-500 \"><img loading=\"lazy\" decoding=\"async\" width=\"1000\" height=\"570\" src=\"https:\/\/herzogtum-direkt.de\/wp-content\/themes\/jnews\/assets\/img\/jeg-empty.png\" class=\"attachment-jnews-1140x570 size-jnews-1140x570 lazyload wp-post-image\" alt=\"Norddeutsches Freiluftkino \u2013 Weltpremieren-Wochenende\" data-full-width=\"1000\" data-full-height=\"665\" data-src=\"https:\/\/herzogtum-direkt.de\/wp-content\/uploads\/2026\/08\/Adams-Acht-Kino-Majestic-TomSalt-1000x570.jpg\" data-srcset=\"\" data-sizes=\"auto\" data-expand=\"700\" \/><\/div><\/a>\n                        <\/div>\n                        <div class=\"jeg_postblock_content\">\n                            <div class=\"jeg_post_category\">\n                                <span>\n                                    <a href=\"https:\/\/herzogtum-direkt.de\/index.php\/category\/herzogtum-lauenburg\/\">Herzogtum Lauenburg<\/a>\n                                <\/span>\n                            <\/div>\n                            <h3 class=\"jeg_post_title\">\n                                <a href=\"https:\/\/herzogtum-direkt.de\/index.php\/2026\/09\/04\/schleswig-holstein-ein-land-geht-ins-kino-adams-acht\/\">Schleswig-Holstein &#8211; Ein Land geht ins Kino: &#8218;Adams Acht&#8216;<\/a>\n                            <\/h3>\n                            <div class=\"jeg_post_meta\"><div class=\"jeg_meta_author\"><span class=\"by\">von<\/span> <a href=\"https:\/\/herzogtum-direkt.de\/index.php\/author\/pressemitteilung\/\">Pressemitteilung<\/a><\/div><div class=\"jeg_meta_date\"><a href=\"https:\/\/herzogtum-direkt.de\/index.php\/2026\/09\/04\/schleswig-holstein-ein-land-geht-ins-kino-adams-acht\/\"><i class=\"fa fa-clock-o\"><\/i> September 4, 2026<\/a><\/div><div class=\"jeg_meta_comment\"><a href=\"https:\/\/herzogtum-direkt.de\/index.php\/2026\/09\/04\/schleswig-holstein-ein-land-geht-ins-kino-adams-acht\/#comments\" ><i class=\"fa fa-comment-o\"><\/i> 0 <\/a><\/div><div class=\"jeg_meta_views\"><a href=\"https:\/\/herzogtum-direkt.de\/index.php\/2026\/09\/04\/schleswig-holstein-ein-land-geht-ins-kino-adams-acht\/\" ><i class=\"fa fa-eye\"><\/i> 78 <\/a><\/div><\/div>\n                                <div class=\"jeg_post_excerpt\">\n                                    <p>Ratzeburg (pm). Im Filmclub des Burgtheater Ratzeburg wird am Sonntag, 6. September, im Rahmen der Aktion \u201eSchleswig-Holstein. Ein Land geht...<\/p>\n                                    <a href=\"https:\/\/herzogtum-direkt.de\/index.php\/2026\/09\/04\/schleswig-holstein-ein-land-geht-ins-kino-adams-acht\/\" class=\"jeg_readmore\">Mehr lesen<span class=\"screen-reader-text\">Details<\/span><\/a>\n                                <\/div>\n                        <\/div>\n                    <\/div>\n                <\/article><article class=\"jeg_post jeg_pl_lg_card format-standard\">\n                    <div class=\"jeg_inner_post\">\n                        <div class=\"jeg_thumb\">\n                            \n                            <a href=\"https:\/\/herzogtum-direkt.de\/index.php\/2026\/09\/04\/rund-8-000-besucher-feiern-75-jahre-bundespolizei-in-ratzeburg\/\" aria-label=\"Read article: Rund 8.000 Besucher feiern 75 Jahre Bundespolizei in Ratzeburg\"><div class=\"thumbnail-container animate-lazy  size-500 \"><img loading=\"lazy\" decoding=\"async\" width=\"1100\" height=\"570\" src=\"https:\/\/herzogtum-direkt.de\/wp-content\/themes\/jnews\/assets\/img\/jeg-empty.png\" class=\"attachment-jnews-1140x570 size-jnews-1140x570 lazyload wp-post-image\" alt=\"Rund 8.000 Besucher feiern 75 Jahre Bundespolizei in Ratzeburg\" data-full-width=\"1100\" data-full-height=\"733\" data-src=\"https:\/\/herzogtum-direkt.de\/wp-content\/uploads\/2026\/09\/TdoT-BuPo-02-1100x570.jpg\" data-srcset=\"\" data-sizes=\"auto\" data-expand=\"700\" \/><\/div><\/a>\n                        <\/div>\n                        <div class=\"jeg_postblock_content\">\n                            <div class=\"jeg_post_category\">\n                                <span>\n                                    <a href=\"https:\/\/herzogtum-direkt.de\/index.php\/category\/feature\/\">Feature<\/a>\n                                <\/span>\n                            <\/div>\n                            <h3 class=\"jeg_post_title\">\n                                <a href=\"https:\/\/herzogtum-direkt.de\/index.php\/2026\/09\/04\/rund-8-000-besucher-feiern-75-jahre-bundespolizei-in-ratzeburg\/\">Rund 8.000 Besucher feiern 75 Jahre Bundespolizei in Ratzeburg<\/a>\n                            <\/h3>\n                            <div class=\"jeg_post_meta\"><div class=\"jeg_meta_author\"><span class=\"by\">von<\/span> <a href=\"https:\/\/herzogtum-direkt.de\/index.php\/author\/pressemitteilung\/\">Pressemitteilung<\/a><\/div><div class=\"jeg_meta_date\"><a href=\"https:\/\/herzogtum-direkt.de\/index.php\/2026\/09\/04\/rund-8-000-besucher-feiern-75-jahre-bundespolizei-in-ratzeburg\/\"><i class=\"fa fa-clock-o\"><\/i> September 4, 2026<\/a><\/div><div class=\"jeg_meta_comment\"><a href=\"https:\/\/herzogtum-direkt.de\/index.php\/2026\/09\/04\/rund-8-000-besucher-feiern-75-jahre-bundespolizei-in-ratzeburg\/#comments\" ><i class=\"fa fa-comment-o\"><\/i> 0 <\/a><\/div><div class=\"jeg_meta_views\"><a href=\"https:\/\/herzogtum-direkt.de\/index.php\/2026\/09\/04\/rund-8-000-besucher-feiern-75-jahre-bundespolizei-in-ratzeburg\/\" ><i class=\"fa fa-eye\"><\/i> 149 <\/a><\/div><\/div>\n                                <div class=\"jeg_post_excerpt\">\n                                    <p>Ratzeburg (pm). Ein rundum gelungenes Jubil\u00e4um mit beeindruckender Resonanz: Zum 75-j\u00e4hrigen Bestehen der Bundespolizei \u00f6ffnete die Bundespolizeiabteilung Ratzeburg am vergangenen...<\/p>\n                                    <a href=\"https:\/\/herzogtum-direkt.de\/index.php\/2026\/09\/04\/rund-8-000-besucher-feiern-75-jahre-bundespolizei-in-ratzeburg\/\" class=\"jeg_readmore\">Mehr lesen<span class=\"screen-reader-text\">Details<\/span><\/a>\n                                <\/div>\n                        <\/div>\n                    <\/div>\n                <\/article><article class=\"jeg_post jeg_pl_lg_card format-standard\">\n                    <div class=\"jeg_inner_post\">\n                        <div class=\"jeg_thumb\">\n                            \n                            <a href=\"https:\/\/herzogtum-direkt.de\/index.php\/2026\/09\/03\/fahrbahnerneuerung-fuehrt-zu-einer-vollsperrung-der-strasse-demolierung\/\" aria-label=\"Read article: Fahrbahnerneuerung f\u00fchrt zu einer Vollsperrung der Stra\u00dfe &#8218;Demolierung&#8216;\"><div class=\"thumbnail-container animate-lazy  size-500 \"><img loading=\"lazy\" decoding=\"async\" width=\"1000\" height=\"563\" src=\"https:\/\/herzogtum-direkt.de\/wp-content\/themes\/jnews\/assets\/img\/jeg-empty.png\" class=\"attachment-jnews-1140x570 size-jnews-1140x570 lazyload wp-post-image\" alt=\"&#8218;Digital unabh\u00e4ngig: Datenschutzfreundliche Alternativen f\u00fcr den Alltag&#8216;\" sizes=\"auto, (max-width: 1000px) 100vw, 1000px\" data-full-width=\"1000\" data-full-height=\"563\" data-src=\"https:\/\/herzogtum-direkt.de\/wp-content\/uploads\/2023\/05\/Rathaus-Ratzeburg-2023-Th.-Biller-20230514_124629-1000x563.jpg\" data-srcset=\"https:\/\/herzogtum-direkt.de\/wp-content\/uploads\/2023\/05\/Rathaus-Ratzeburg-2023-Th.-Biller-20230514_124629.jpg 1000w, https:\/\/herzogtum-direkt.de\/wp-content\/uploads\/2023\/05\/Rathaus-Ratzeburg-2023-Th.-Biller-20230514_124629-300x169.jpg 300w, https:\/\/herzogtum-direkt.de\/wp-content\/uploads\/2023\/05\/Rathaus-Ratzeburg-2023-Th.-Biller-20230514_124629-768x432.jpg 768w, https:\/\/herzogtum-direkt.de\/wp-content\/uploads\/2023\/05\/Rathaus-Ratzeburg-2023-Th.-Biller-20230514_124629-750x422.jpg 750w\" data-sizes=\"auto\" data-expand=\"700\" \/><\/div><\/a>\n                        <\/div>\n                        <div class=\"jeg_postblock_content\">\n                            <div class=\"jeg_post_category\">\n                                <span>\n                                    <a href=\"https:\/\/herzogtum-direkt.de\/index.php\/category\/herzogtum-lauenburg\/ratzeburg\/\">Ratzeburg<\/a>\n                                <\/span>\n                            <\/div>\n                            <h3 class=\"jeg_post_title\">\n                                <a href=\"https:\/\/herzogtum-direkt.de\/index.php\/2026\/09\/03\/fahrbahnerneuerung-fuehrt-zu-einer-vollsperrung-der-strasse-demolierung\/\">Fahrbahnerneuerung f\u00fchrt zu einer Vollsperrung der Stra\u00dfe &#8218;Demolierung&#8216;<\/a>\n                            <\/h3>\n                            <div class=\"jeg_post_meta\"><div class=\"jeg_meta_author\"><span class=\"by\">von<\/span> <a href=\"https:\/\/herzogtum-direkt.de\/index.php\/author\/pressemitteilung\/\">Pressemitteilung<\/a><\/div><div class=\"jeg_meta_date\"><a href=\"https:\/\/herzogtum-direkt.de\/index.php\/2026\/09\/03\/fahrbahnerneuerung-fuehrt-zu-einer-vollsperrung-der-strasse-demolierung\/\"><i class=\"fa fa-clock-o\"><\/i> September 3, 2026<\/a><\/div><div class=\"jeg_meta_comment\"><a href=\"https:\/\/herzogtum-direkt.de\/index.php\/2026\/09\/03\/fahrbahnerneuerung-fuehrt-zu-einer-vollsperrung-der-strasse-demolierung\/#comments\" ><i class=\"fa fa-comment-o\"><\/i> 0 <\/a><\/div><div class=\"jeg_meta_views\"><a href=\"https:\/\/herzogtum-direkt.de\/index.php\/2026\/09\/03\/fahrbahnerneuerung-fuehrt-zu-einer-vollsperrung-der-strasse-demolierung\/\" ><i class=\"fa fa-eye\"><\/i> 3.7k <\/a><\/div><\/div>\n                                <div class=\"jeg_post_excerpt\">\n                                    <p>Ratzeburg (pm).\u00a0Wegen notwendiger Fahrbahnerneuerungen wird die Stra\u00dfe 'Demolierung' im Abschnitt zwischen T\u00f6pferstra\u00dfe und der Stra\u00dfe 'Reeperbahn' ab Montag, 7. September...<\/p>\n                                    <a href=\"https:\/\/herzogtum-direkt.de\/index.php\/2026\/09\/03\/fahrbahnerneuerung-fuehrt-zu-einer-vollsperrung-der-strasse-demolierung\/\" class=\"jeg_readmore\">Mehr lesen<span class=\"screen-reader-text\">Details<\/span><\/a>\n                                <\/div>\n                        <\/div>\n                    <\/div>\n                <\/article><article class=\"jeg_post jeg_pl_lg_card format-standard\">\n                    <div class=\"jeg_inner_post\">\n                        <div class=\"jeg_thumb\">\n                            \n                            <a href=\"https:\/\/herzogtum-direkt.de\/index.php\/2026\/09\/03\/evensong-in-st-petri-2\/\" aria-label=\"Read article: Evensong in St. Petri\"><div class=\"thumbnail-container animate-lazy  size-500 \"><img loading=\"lazy\" decoding=\"async\" width=\"1000\" height=\"570\" src=\"https:\/\/herzogtum-direkt.de\/wp-content\/themes\/jnews\/assets\/img\/jeg-empty.png\" class=\"attachment-jnews-1140x570 size-jnews-1140x570 lazyload wp-post-image\" alt=\"Licht aus f\u00fcr einen lebendigen Planeten\" data-full-width=\"1000\" data-full-height=\"816\" data-src=\"https:\/\/herzogtum-direkt.de\/wp-content\/uploads\/2022\/03\/Ratzeburg-Petrikirche-und-Barlachhaus-bei-Nacht_Martin_Vahlbruch-1000x570.jpg\" data-srcset=\"\" data-sizes=\"auto\" data-expand=\"700\" \/><\/div><\/a>\n                        <\/div>\n                        <div class=\"jeg_postblock_content\">\n                            <div class=\"jeg_post_category\">\n                                <span>\n                                    <a href=\"https:\/\/herzogtum-direkt.de\/index.php\/category\/ausflugstipp\/\">Ausflugstipp<\/a>\n                                <\/span>\n                            <\/div>\n                            <h3 class=\"jeg_post_title\">\n                                <a href=\"https:\/\/herzogtum-direkt.de\/index.php\/2026\/09\/03\/evensong-in-st-petri-2\/\">Evensong in St. Petri<\/a>\n                            <\/h3>\n                            <div class=\"jeg_post_meta\"><div class=\"jeg_meta_author\"><span class=\"by\">von<\/span> <a href=\"https:\/\/herzogtum-direkt.de\/index.php\/author\/pressemitteilung\/\">Pressemitteilung<\/a><\/div><div class=\"jeg_meta_date\"><a href=\"https:\/\/herzogtum-direkt.de\/index.php\/2026\/09\/03\/evensong-in-st-petri-2\/\"><i class=\"fa fa-clock-o\"><\/i> September 3, 2026<\/a><\/div><div class=\"jeg_meta_comment\"><a href=\"https:\/\/herzogtum-direkt.de\/index.php\/2026\/09\/03\/evensong-in-st-petri-2\/#comments\" ><i class=\"fa fa-comment-o\"><\/i> 0 <\/a><\/div><div class=\"jeg_meta_views\"><a href=\"https:\/\/herzogtum-direkt.de\/index.php\/2026\/09\/03\/evensong-in-st-petri-2\/\" ><i class=\"fa fa-eye\"><\/i> 43 <\/a><\/div><\/div>\n                                <div class=\"jeg_post_excerpt\">\n                                    <p>Ratzeburg (pm). Am Sonnabend, 5. September 2026 um findet der Evensong der Ratzeburger Kirchench\u00f6re in der St. Petrikirche zu Ratzeburg...<\/p>\n                                    <a href=\"https:\/\/herzogtum-direkt.de\/index.php\/2026\/09\/03\/evensong-in-st-petri-2\/\" class=\"jeg_readmore\">Mehr lesen<span class=\"screen-reader-text\">Details<\/span><\/a>\n                                <\/div>\n                        <\/div>\n                    <\/div>\n                <\/article><article class=\"jeg_post jeg_pl_lg_card format-standard\">\n                    <div class=\"jeg_inner_post\">\n                        <div class=\"jeg_thumb\">\n                            \n                            <a href=\"https:\/\/herzogtum-direkt.de\/index.php\/2026\/09\/02\/stadt-ratzeburg-praesentiert-sich-beim-tag-der-offenen-tuer-der-bundespolizeiabteilung-ratzeburg\/\" aria-label=\"Read article: Stadt Ratzeburg pr\u00e4sentiert sich beim &#8218;Tag der offenen T\u00fcr&#8216; der Bundespolizeiabteilung Ratzeburg\"><div class=\"thumbnail-container animate-lazy  size-500 \"><img loading=\"lazy\" decoding=\"async\" width=\"1000\" height=\"563\" src=\"https:\/\/herzogtum-direkt.de\/wp-content\/themes\/jnews\/assets\/img\/jeg-empty.png\" class=\"attachment-jnews-1140x570 size-jnews-1140x570 lazyload wp-post-image\" alt=\"Stadt Ratzeburg pr\u00e4sentiert sich beim &#8218;Tag der offenen T\u00fcr&#8216; der Bundespolizeiabteilung Ratzeburg\" sizes=\"auto, (max-width: 1000px) 100vw, 1000px\" data-full-width=\"1000\" data-full-height=\"563\" data-src=\"https:\/\/herzogtum-direkt.de\/wp-content\/uploads\/2026\/09\/Bundespolizei-Tag-der-offenen-Tuer-2026-hfr-1000x563.jpg\" data-srcset=\"https:\/\/herzogtum-direkt.de\/wp-content\/uploads\/2026\/09\/Bundespolizei-Tag-der-offenen-Tuer-2026-hfr.jpg 1000w, https:\/\/herzogtum-direkt.de\/wp-content\/uploads\/2026\/09\/Bundespolizei-Tag-der-offenen-Tuer-2026-hfr-600x338.jpg 600w, https:\/\/herzogtum-direkt.de\/wp-content\/uploads\/2026\/09\/Bundespolizei-Tag-der-offenen-Tuer-2026-hfr-768x432.jpg 768w\" data-sizes=\"auto\" data-expand=\"700\" \/><\/div><\/a>\n                        <\/div>\n                        <div class=\"jeg_postblock_content\">\n                            <div class=\"jeg_post_category\">\n                                <span>\n                                    <a href=\"https:\/\/herzogtum-direkt.de\/index.php\/category\/jugend-direkt\/\">Jugend direkt<\/a>\n                                <\/span>\n                            <\/div>\n                            <h3 class=\"jeg_post_title\">\n                                <a href=\"https:\/\/herzogtum-direkt.de\/index.php\/2026\/09\/02\/stadt-ratzeburg-praesentiert-sich-beim-tag-der-offenen-tuer-der-bundespolizeiabteilung-ratzeburg\/\">Stadt Ratzeburg pr\u00e4sentiert sich beim &#8218;Tag der offenen T\u00fcr&#8216; der Bundespolizeiabteilung Ratzeburg<\/a>\n                            <\/h3>\n                            <div class=\"jeg_post_meta\"><div class=\"jeg_meta_author\"><span class=\"by\">von<\/span> <a href=\"https:\/\/herzogtum-direkt.de\/index.php\/author\/pressemitteilung\/\">Pressemitteilung<\/a><\/div><div class=\"jeg_meta_date\"><a href=\"https:\/\/herzogtum-direkt.de\/index.php\/2026\/09\/02\/stadt-ratzeburg-praesentiert-sich-beim-tag-der-offenen-tuer-der-bundespolizeiabteilung-ratzeburg\/\"><i class=\"fa fa-clock-o\"><\/i> September 2, 2026<\/a><\/div><div class=\"jeg_meta_comment\"><a href=\"https:\/\/herzogtum-direkt.de\/index.php\/2026\/09\/02\/stadt-ratzeburg-praesentiert-sich-beim-tag-der-offenen-tuer-der-bundespolizeiabteilung-ratzeburg\/#comments\" ><i class=\"fa fa-comment-o\"><\/i> 0 <\/a><\/div><div class=\"jeg_meta_views\"><a href=\"https:\/\/herzogtum-direkt.de\/index.php\/2026\/09\/02\/stadt-ratzeburg-praesentiert-sich-beim-tag-der-offenen-tuer-der-bundespolizeiabteilung-ratzeburg\/\" ><i class=\"fa fa-eye\"><\/i> 104 <\/a><\/div><\/div>\n                                <div class=\"jeg_post_excerpt\">\n                                    <p>Ratzeburg (pm). Mit einem eigenen Stand hat sich die Stadt Ratzeburg am vergangenen Sonntag (30. August 2026 Anmerkung der Redaktion)...<\/p>\n                                    <a href=\"https:\/\/herzogtum-direkt.de\/index.php\/2026\/09\/02\/stadt-ratzeburg-praesentiert-sich-beim-tag-der-offenen-tuer-der-bundespolizeiabteilung-ratzeburg\/\" class=\"jeg_readmore\">Mehr lesen<span class=\"screen-reader-text\">Details<\/span><\/a>\n                                <\/div>\n                        <\/div>\n                    <\/div>\n                <\/article><article class=\"jeg_post jeg_pl_lg_card format-standard\">\n                    <div class=\"jeg_inner_post\">\n                        <div class=\"jeg_thumb\">\n                            \n                            <a href=\"https:\/\/herzogtum-direkt.de\/index.php\/2026\/09\/02\/neuwahl-des-ratzeburger-jugendbeirates-aufruf-zur-bewerbung\/\" aria-label=\"Read article: Neuwahl des Ratzeburger Jugendbeirates &#8211; Aufruf zur Bewerbung\"><div class=\"thumbnail-container animate-lazy  size-500 \"><img loading=\"lazy\" decoding=\"async\" width=\"1000\" height=\"570\" src=\"https:\/\/herzogtum-direkt.de\/wp-content\/themes\/jnews\/assets\/img\/jeg-empty.png\" class=\"attachment-jnews-1140x570 size-jnews-1140x570 lazyload wp-post-image\" alt=\"Neuwahl des Ratzeburger Jugendbeirates &#8211; Aufruf zur Bewerbung\" data-full-width=\"1000\" data-full-height=\"610\" data-src=\"https:\/\/herzogtum-direkt.de\/wp-content\/uploads\/2026\/09\/Buergermeister-Graf-Ratzeburg-Jugendbeitrat-hfr-1000x570.jpg\" data-srcset=\"\" data-sizes=\"auto\" data-expand=\"700\" \/><\/div><\/a>\n                        <\/div>\n                        <div class=\"jeg_postblock_content\">\n                            <div class=\"jeg_post_category\">\n                                <span>\n                                    <a href=\"https:\/\/herzogtum-direkt.de\/index.php\/category\/herzogtum-lauenburg\/\">Herzogtum Lauenburg<\/a>\n                                <\/span>\n                            <\/div>\n                            <h3 class=\"jeg_post_title\">\n                                <a href=\"https:\/\/herzogtum-direkt.de\/index.php\/2026\/09\/02\/neuwahl-des-ratzeburger-jugendbeirates-aufruf-zur-bewerbung\/\">Neuwahl des Ratzeburger Jugendbeirates &#8211; Aufruf zur Bewerbung<\/a>\n                            <\/h3>\n                            <div class=\"jeg_post_meta\"><div class=\"jeg_meta_author\"><span class=\"by\">von<\/span> <a href=\"https:\/\/herzogtum-direkt.de\/index.php\/author\/pressemitteilung\/\">Pressemitteilung<\/a><\/div><div class=\"jeg_meta_date\"><a href=\"https:\/\/herzogtum-direkt.de\/index.php\/2026\/09\/02\/neuwahl-des-ratzeburger-jugendbeirates-aufruf-zur-bewerbung\/\"><i class=\"fa fa-clock-o\"><\/i> September 2, 2026<\/a><\/div><div class=\"jeg_meta_comment\"><a href=\"https:\/\/herzogtum-direkt.de\/index.php\/2026\/09\/02\/neuwahl-des-ratzeburger-jugendbeirates-aufruf-zur-bewerbung\/#comments\" ><i class=\"fa fa-comment-o\"><\/i> 0 <\/a><\/div><div class=\"jeg_meta_views\"><a href=\"https:\/\/herzogtum-direkt.de\/index.php\/2026\/09\/02\/neuwahl-des-ratzeburger-jugendbeirates-aufruf-zur-bewerbung\/\" ><i class=\"fa fa-eye\"><\/i> 53 <\/a><\/div><\/div>\n                                <div class=\"jeg_post_excerpt\">\n                                    <p>Ratzeburg (pm). Der Ratzeburger Jugendbeirat wird in der ersten Dezemberwoche neu gew\u00e4hlt. Kinder- und Jugendlichen im Alter von 11 bis...<\/p>\n                                    <a href=\"https:\/\/herzogtum-direkt.de\/index.php\/2026\/09\/02\/neuwahl-des-ratzeburger-jugendbeirates-aufruf-zur-bewerbung\/\" class=\"jeg_readmore\">Mehr lesen<span class=\"screen-reader-text\">Details<\/span><\/a>\n                                <\/div>\n                        <\/div>\n                    <\/div>\n                <\/article><article class=\"jeg_post jeg_pl_lg_card format-standard\">\n                    <div class=\"jeg_inner_post\">\n                        <div class=\"jeg_thumb\">\n                            \n                            <a href=\"https:\/\/herzogtum-direkt.de\/index.php\/2026\/09\/02\/22-motivierte-lg-sportler-in-passendem-outfit\/\" aria-label=\"Read article: 22 motivierte LG-Sportler in passendem Outfit\"><div class=\"thumbnail-container animate-lazy  size-500 \"><img loading=\"lazy\" decoding=\"async\" width=\"1000\" height=\"543\" src=\"https:\/\/herzogtum-direkt.de\/wp-content\/themes\/jnews\/assets\/img\/jeg-empty.png\" class=\"attachment-jnews-1140x570 size-jnews-1140x570 lazyload wp-post-image\" alt=\"22 motivierte LG-Sportler in passendem Outfit\" data-full-width=\"1000\" data-full-height=\"453\" data-src=\"https:\/\/herzogtum-direkt.de\/wp-content\/uploads\/2026\/09\/LG-Ratzeburg-Berlin-JtfO-2026-Provinzial-1000x543.jpg\" data-srcset=\"\" data-sizes=\"auto\" data-expand=\"700\" \/><\/div><\/a>\n                        <\/div>\n                        <div class=\"jeg_postblock_content\">\n                            <div class=\"jeg_post_category\">\n                                <span>\n                                    <a href=\"https:\/\/herzogtum-direkt.de\/index.php\/category\/jugend-direkt\/\">Jugend direkt<\/a>\n                                <\/span>\n                            <\/div>\n                            <h3 class=\"jeg_post_title\">\n                                <a href=\"https:\/\/herzogtum-direkt.de\/index.php\/2026\/09\/02\/22-motivierte-lg-sportler-in-passendem-outfit\/\">22 motivierte LG-Sportler in passendem Outfit<\/a>\n                            <\/h3>\n                            <div class=\"jeg_post_meta\"><div class=\"jeg_meta_author\"><span class=\"by\">von<\/span> <a href=\"https:\/\/herzogtum-direkt.de\/index.php\/author\/pressemitteilung\/\">Pressemitteilung<\/a><\/div><div class=\"jeg_meta_date\"><a href=\"https:\/\/herzogtum-direkt.de\/index.php\/2026\/09\/02\/22-motivierte-lg-sportler-in-passendem-outfit\/\"><i class=\"fa fa-clock-o\"><\/i> September 2, 2026<\/a><\/div><div class=\"jeg_meta_comment\"><a href=\"https:\/\/herzogtum-direkt.de\/index.php\/2026\/09\/02\/22-motivierte-lg-sportler-in-passendem-outfit\/#comments\" ><i class=\"fa fa-comment-o\"><\/i> 0 <\/a><\/div><div class=\"jeg_meta_views\"><a href=\"https:\/\/herzogtum-direkt.de\/index.php\/2026\/09\/02\/22-motivierte-lg-sportler-in-passendem-outfit\/\" ><i class=\"fa fa-eye\"><\/i> 320 <\/a><\/div><\/div>\n                                <div class=\"jeg_post_excerpt\">\n                                    <p>Ratzeburg (pm). Diesen Termin wollte sich der ehemalige LG-Sch\u00fcler Max-Lennart Br\u00fcdersdorf von der Provinzial Ratzeburg nicht entgehen lassen: Vor seinem...<\/p>\n                                    <a href=\"https:\/\/herzogtum-direkt.de\/index.php\/2026\/09\/02\/22-motivierte-lg-sportler-in-passendem-outfit\/\" class=\"jeg_readmore\">Mehr lesen<span class=\"screen-reader-text\">Details<\/span><\/a>\n                                <\/div>\n                        <\/div>\n                    <\/div>\n                <\/article><article class=\"jeg_post jeg_pl_lg_card format-standard\">\n                    <div class=\"jeg_inner_post\">\n                        <div class=\"jeg_thumb\">\n                            \n                            <a href=\"https:\/\/herzogtum-direkt.de\/index.php\/2026\/09\/01\/buchbindeworkshop-fuer-eltern-und-kinder\/\" aria-label=\"Read article: Buchbindeworkshop f\u00fcr Eltern und Kinder\"><div class=\"thumbnail-container animate-lazy  size-500 \"><img loading=\"lazy\" decoding=\"async\" width=\"1000\" height=\"449\" src=\"https:\/\/herzogtum-direkt.de\/wp-content\/themes\/jnews\/assets\/img\/jeg-empty.png\" class=\"attachment-jnews-1140x570 size-jnews-1140x570 lazyload wp-post-image\" alt=\"Hoffnung f\u00fcr das traditionsreiche Bootshaus am Ratzeburger See\" sizes=\"auto, (max-width: 1000px) 100vw, 1000px\" data-full-width=\"1000\" data-full-height=\"449\" data-src=\"https:\/\/herzogtum-direkt.de\/wp-content\/uploads\/2026\/08\/Workshop-1000x449.jpg\" data-srcset=\"https:\/\/herzogtum-direkt.de\/wp-content\/uploads\/2026\/08\/Workshop.jpg 1000w, https:\/\/herzogtum-direkt.de\/wp-content\/uploads\/2026\/08\/Workshop-600x269.jpg 600w, https:\/\/herzogtum-direkt.de\/wp-content\/uploads\/2026\/08\/Workshop-768x345.jpg 768w\" data-sizes=\"auto\" data-expand=\"700\" \/><\/div><\/a>\n                        <\/div>\n                        <div class=\"jeg_postblock_content\">\n                            <div class=\"jeg_post_category\">\n                                <span>\n                                    <a href=\"https:\/\/herzogtum-direkt.de\/index.php\/category\/ausflugstipp\/\">Ausflugstipp<\/a>\n                                <\/span>\n                            <\/div>\n                            <h3 class=\"jeg_post_title\">\n                                <a href=\"https:\/\/herzogtum-direkt.de\/index.php\/2026\/09\/01\/buchbindeworkshop-fuer-eltern-und-kinder\/\">Buchbindeworkshop f\u00fcr Eltern und Kinder<\/a>\n                            <\/h3>\n                            <div class=\"jeg_post_meta\"><div class=\"jeg_meta_author\"><span class=\"by\">von<\/span> <a href=\"https:\/\/herzogtum-direkt.de\/index.php\/author\/pressemitteilung\/\">Pressemitteilung<\/a><\/div><div class=\"jeg_meta_date\"><a href=\"https:\/\/herzogtum-direkt.de\/index.php\/2026\/09\/01\/buchbindeworkshop-fuer-eltern-und-kinder\/\"><i class=\"fa fa-clock-o\"><\/i> September 1, 2026<\/a><\/div><div class=\"jeg_meta_comment\"><a href=\"https:\/\/herzogtum-direkt.de\/index.php\/2026\/09\/01\/buchbindeworkshop-fuer-eltern-und-kinder\/#comments\" ><i class=\"fa fa-comment-o\"><\/i> 0 <\/a><\/div><div class=\"jeg_meta_views\"><a href=\"https:\/\/herzogtum-direkt.de\/index.php\/2026\/09\/01\/buchbindeworkshop-fuer-eltern-und-kinder\/\" ><i class=\"fa fa-eye\"><\/i> 21 <\/a><\/div><\/div>\n                                <div class=\"jeg_post_excerpt\">\n                                    <p>Ratzeburg (pm). Die Evangelische Familienbildungsst\u00e4tte bietet einen Buchbinder-Workshop f\u00fcr Kinder mit ihren Eltern an. Wie entsteht eigentlich ein Buch?-Schritt f\u00fcr...<\/p>\n                                    <a href=\"https:\/\/herzogtum-direkt.de\/index.php\/2026\/09\/01\/buchbindeworkshop-fuer-eltern-und-kinder\/\" class=\"jeg_readmore\">Mehr lesen<span class=\"screen-reader-text\">Details<\/span><\/a>\n                                <\/div>\n                        <\/div>\n                    <\/div>\n                <\/article><article class=\"jeg_post jeg_pl_lg_card format-standard\">\n                    <div class=\"jeg_inner_post\">\n                        <div class=\"jeg_thumb\">\n                            \n                            <a href=\"https:\/\/herzogtum-direkt.de\/index.php\/2026\/08\/31\/erfolgreiche-adams-acht-weltpremiere\/\" aria-label=\"Read article: Erfolgreiche &#8218;Adams Acht&#8216; Weltpremiere\"><div class=\"thumbnail-container animate-lazy  size-500 \"><img loading=\"lazy\" decoding=\"async\" width=\"1000\" height=\"570\" src=\"https:\/\/herzogtum-direkt.de\/wp-content\/themes\/jnews\/assets\/img\/jeg-empty.png\" class=\"attachment-jnews-1140x570 size-jnews-1140x570 lazyload wp-post-image\" alt=\"Erfolgreiche &#8218;Adams Acht&#8216; Weltpremiere\" data-full-width=\"1000\" data-full-height=\"667\" data-src=\"https:\/\/herzogtum-direkt.de\/wp-content\/uploads\/2026\/08\/ADAMS-ACHT-Filmszene.-Foto-Majestic-Dujour-hfr-1000x570.jpg\" data-srcset=\"\" data-sizes=\"auto\" data-expand=\"700\" \/><\/div><\/a>\n                        <\/div>\n                        <div class=\"jeg_postblock_content\">\n                            <div class=\"jeg_post_category\">\n                                <span>\n                                    <a href=\"https:\/\/herzogtum-direkt.de\/index.php\/category\/herzogtum-lauenburg\/\">Herzogtum Lauenburg<\/a>\n                                <\/span>\n                            <\/div>\n                            <h3 class=\"jeg_post_title\">\n                                <a href=\"https:\/\/herzogtum-direkt.de\/index.php\/2026\/08\/31\/erfolgreiche-adams-acht-weltpremiere\/\">Erfolgreiche &#8218;Adams Acht&#8216; Weltpremiere<\/a>\n                            <\/h3>\n                            <div class=\"jeg_post_meta\"><div class=\"jeg_meta_author\"><span class=\"by\">von<\/span> <a href=\"https:\/\/herzogtum-direkt.de\/index.php\/author\/pressemitteilung\/\">Pressemitteilung<\/a><\/div><div class=\"jeg_meta_date\"><a href=\"https:\/\/herzogtum-direkt.de\/index.php\/2026\/08\/31\/erfolgreiche-adams-acht-weltpremiere\/\"><i class=\"fa fa-clock-o\"><\/i> August 31, 2026<\/a><\/div><div class=\"jeg_meta_comment\"><a href=\"https:\/\/herzogtum-direkt.de\/index.php\/2026\/08\/31\/erfolgreiche-adams-acht-weltpremiere\/#comments\" ><i class=\"fa fa-comment-o\"><\/i> 0 <\/a><\/div><div class=\"jeg_meta_views\"><a href=\"https:\/\/herzogtum-direkt.de\/index.php\/2026\/08\/31\/erfolgreiche-adams-acht-weltpremiere\/\" ><i class=\"fa fa-eye\"><\/i> 599 <\/a><\/div><\/div>\n                                <div class=\"jeg_post_excerpt\">\n                                    <p>Ratzeburg (pm). Ein besonderer Abend f\u00fcr Ratzeburg: Am Freitag, 21. August 2026, feierte der Kinofilm ADAMS ACHT seine Weltpremiere am...<\/p>\n                                    <a href=\"https:\/\/herzogtum-direkt.de\/index.php\/2026\/08\/31\/erfolgreiche-adams-acht-weltpremiere\/\" class=\"jeg_readmore\">Mehr lesen<span class=\"screen-reader-text\">Details<\/span><\/a>\n                                <\/div>\n                        <\/div>\n                    <\/div>\n                <\/article><article class=\"jeg_post jeg_pl_lg_card format-standard\">\n                    <div class=\"jeg_inner_post\">\n                        <div class=\"jeg_thumb\">\n                            \n                            <a href=\"https:\/\/herzogtum-direkt.de\/index.php\/2026\/08\/31\/abendbrot-mit-den-ratzeburger-landfrauen-2\/\" aria-label=\"Read article: Abendbrot mit den Ratzeburger LandFrauen\"><div class=\"thumbnail-container animate-lazy  size-500 \"><img loading=\"lazy\" decoding=\"async\" width=\"1000\" height=\"570\" src=\"https:\/\/herzogtum-direkt.de\/wp-content\/themes\/jnews\/assets\/img\/jeg-empty.png\" class=\"attachment-jnews-1140x570 size-jnews-1140x570 lazyload wp-post-image\" alt=\"Abendbrot mit den LandFrauen \u2013 gemeinsam schmeckt\u2019s am besten\" data-full-width=\"1000\" data-full-height=\"750\" data-src=\"https:\/\/herzogtum-direkt.de\/wp-content\/uploads\/2026\/02\/1-Abendessen-LandFrauen-Ratzeburg-Foto-Gesine-Biller-1000x570.jpg\" data-srcset=\"\" data-sizes=\"auto\" data-expand=\"700\" \/><\/div><\/a>\n                        <\/div>\n                        <div class=\"jeg_postblock_content\">\n                            <div class=\"jeg_post_category\">\n                                <span>\n                                    <a href=\"https:\/\/herzogtum-direkt.de\/index.php\/category\/ausflugstipp\/\">Ausflugstipp<\/a>\n                                <\/span>\n                            <\/div>\n                            <h3 class=\"jeg_post_title\">\n                                <a href=\"https:\/\/herzogtum-direkt.de\/index.php\/2026\/08\/31\/abendbrot-mit-den-ratzeburger-landfrauen-2\/\">Abendbrot mit den Ratzeburger LandFrauen<\/a>\n                            <\/h3>\n                            <div class=\"jeg_post_meta\"><div class=\"jeg_meta_author\"><span class=\"by\">von<\/span> <a href=\"https:\/\/herzogtum-direkt.de\/index.php\/author\/admin_gesine\/\">Gesine Biller<\/a><\/div><div class=\"jeg_meta_date\"><a href=\"https:\/\/herzogtum-direkt.de\/index.php\/2026\/08\/31\/abendbrot-mit-den-ratzeburger-landfrauen-2\/\"><i class=\"fa fa-clock-o\"><\/i> August 31, 2026<\/a><\/div><div class=\"jeg_meta_comment\"><a href=\"https:\/\/herzogtum-direkt.de\/index.php\/2026\/08\/31\/abendbrot-mit-den-ratzeburger-landfrauen-2\/#comments\" ><i class=\"fa fa-comment-o\"><\/i> 0 <\/a><\/div><div class=\"jeg_meta_views\"><a href=\"https:\/\/herzogtum-direkt.de\/index.php\/2026\/08\/31\/abendbrot-mit-den-ratzeburger-landfrauen-2\/\" ><i class=\"fa fa-eye\"><\/i> 393 <\/a><\/div><\/div>\n                                <div class=\"jeg_post_excerpt\">\n                                    <p>Ratzeburg (pm). Am Freitag, 18. September bitte der LandFrauenVerein Ratzeburg und Umgebung wieder zu Tisch. In netter Gesellschaft und froher...<\/p>\n                                    <a href=\"https:\/\/herzogtum-direkt.de\/index.php\/2026\/08\/31\/abendbrot-mit-den-ratzeburger-landfrauen-2\/\" class=\"jeg_readmore\">Mehr lesen<span class=\"screen-reader-text\">Details<\/span><\/a>\n                                <\/div>\n                        <\/div>\n                    <\/div>\n                <\/article><article class=\"jeg_post jeg_pl_lg_card format-standard\">\n                    <div class=\"jeg_inner_post\">\n                        <div class=\"jeg_thumb\">\n                            \n                            <a href=\"https:\/\/herzogtum-direkt.de\/index.php\/2026\/08\/30\/dokumentation-salz-und-wasser\/\" aria-label=\"Read article: \u00a0Dokumentation: &#8218;Salz und Wasser&#8216;\"><div class=\"thumbnail-container animate-lazy  size-500 \"><img loading=\"lazy\" decoding=\"async\" width=\"1000\" height=\"563\" src=\"https:\/\/herzogtum-direkt.de\/wp-content\/themes\/jnews\/assets\/img\/jeg-empty.png\" class=\"attachment-jnews-1140x570 size-jnews-1140x570 lazyload wp-post-image\" alt=\"\u00a0Dokumentation: &#8218;Salz und Wasser&#8216;\" sizes=\"auto, (max-width: 1000px) 100vw, 1000px\" data-full-width=\"1000\" data-full-height=\"563\" data-src=\"https:\/\/herzogtum-direkt.de\/wp-content\/uploads\/2026\/08\/Filmclub-Kino-LANDTEAM_c-ThurnFilm-GmbH_Fotografin-Ines-Reinisch-1000x563.jpg\" data-srcset=\"https:\/\/herzogtum-direkt.de\/wp-content\/uploads\/2026\/08\/Filmclub-Kino-LANDTEAM_c-ThurnFilm-GmbH_Fotografin-Ines-Reinisch.jpg 1000w, https:\/\/herzogtum-direkt.de\/wp-content\/uploads\/2026\/08\/Filmclub-Kino-LANDTEAM_c-ThurnFilm-GmbH_Fotografin-Ines-Reinisch-600x338.jpg 600w, https:\/\/herzogtum-direkt.de\/wp-content\/uploads\/2026\/08\/Filmclub-Kino-LANDTEAM_c-ThurnFilm-GmbH_Fotografin-Ines-Reinisch-768x432.jpg 768w\" data-sizes=\"auto\" data-expand=\"700\" \/><\/div><\/a>\n                        <\/div>\n                        <div class=\"jeg_postblock_content\">\n                            <div class=\"jeg_post_category\">\n                                <span>\n                                    <a href=\"https:\/\/herzogtum-direkt.de\/index.php\/category\/herzogtum-lauenburg\/\">Herzogtum Lauenburg<\/a>\n                                <\/span>\n                            <\/div>\n                            <h3 class=\"jeg_post_title\">\n                                <a href=\"https:\/\/herzogtum-direkt.de\/index.php\/2026\/08\/30\/dokumentation-salz-und-wasser\/\">\u00a0Dokumentation: &#8218;Salz und Wasser&#8216;<\/a>\n                            <\/h3>\n                            <div class=\"jeg_post_meta\"><div class=\"jeg_meta_author\"><span class=\"by\">von<\/span> <a href=\"https:\/\/herzogtum-direkt.de\/index.php\/author\/pressemitteilung\/\">Pressemitteilung<\/a><\/div><div class=\"jeg_meta_date\"><a href=\"https:\/\/herzogtum-direkt.de\/index.php\/2026\/08\/30\/dokumentation-salz-und-wasser\/\"><i class=\"fa fa-clock-o\"><\/i> August 30, 2026<\/a><\/div><div class=\"jeg_meta_comment\"><a href=\"https:\/\/herzogtum-direkt.de\/index.php\/2026\/08\/30\/dokumentation-salz-und-wasser\/#comments\" ><i class=\"fa fa-comment-o\"><\/i> 0 <\/a><\/div><div class=\"jeg_meta_views\"><a href=\"https:\/\/herzogtum-direkt.de\/index.php\/2026\/08\/30\/dokumentation-salz-und-wasser\/\" ><i class=\"fa fa-eye\"><\/i> 51 <\/a><\/div><\/div>\n                                <div class=\"jeg_post_excerpt\">\n                                    <p>Ratzeburg (pm). Im Filmclub des Burgtheater Ratzeburg wird am Dienstag, 1. September, der Dokumentarfilm \u201eSalz und Wasser - Mit der...<\/p>\n                                    <a href=\"https:\/\/herzogtum-direkt.de\/index.php\/2026\/08\/30\/dokumentation-salz-und-wasser\/\" class=\"jeg_readmore\">Mehr lesen<span class=\"screen-reader-text\">Details<\/span><\/a>\n                                <\/div>\n                        <\/div>\n                    <\/div>\n                <\/article><article class=\"jeg_post jeg_pl_lg_card format-standard\">\n                    <div class=\"jeg_inner_post\">\n                        <div class=\"jeg_thumb\">\n                            \n                            <a href=\"https:\/\/herzogtum-direkt.de\/index.php\/2026\/08\/30\/filmclub-classic-the-fast-and-the-furious\/\" aria-label=\"Read article: Filmclub-Classic:\u00a0&#8218;The Fast and the Furious&#8216;\"><div class=\"thumbnail-container animate-lazy  size-500 \"><img loading=\"lazy\" decoding=\"async\" width=\"1000\" height=\"570\" src=\"https:\/\/herzogtum-direkt.de\/wp-content\/themes\/jnews\/assets\/img\/jeg-empty.png\" class=\"attachment-jnews-1140x570 size-jnews-1140x570 lazyload wp-post-image\" alt=\"Filmclub-Classic:\u00a0&#8218;The Fast and the Furious&#8216;\" data-full-width=\"1000\" data-full-height=\"659\" data-src=\"https:\/\/herzogtum-direkt.de\/wp-content\/uploads\/2026\/08\/the-fast-and-the-furious_kino-Filmclub-hfr-1000x570.jpg\" data-srcset=\"\" data-sizes=\"auto\" data-expand=\"700\" \/><\/div><\/a>\n                        <\/div>\n                        <div class=\"jeg_postblock_content\">\n                            <div class=\"jeg_post_category\">\n                                <span>\n                                    <a href=\"https:\/\/herzogtum-direkt.de\/index.php\/category\/herzogtum-lauenburg\/\">Herzogtum Lauenburg<\/a>\n                                <\/span>\n                            <\/div>\n                            <h3 class=\"jeg_post_title\">\n                                <a href=\"https:\/\/herzogtum-direkt.de\/index.php\/2026\/08\/30\/filmclub-classic-the-fast-and-the-furious\/\">Filmclub-Classic:\u00a0&#8218;The Fast and the Furious&#8216;<\/a>\n                            <\/h3>\n                            <div class=\"jeg_post_meta\"><div class=\"jeg_meta_author\"><span class=\"by\">von<\/span> <a href=\"https:\/\/herzogtum-direkt.de\/index.php\/author\/pressemitteilung\/\">Pressemitteilung<\/a><\/div><div class=\"jeg_meta_date\"><a href=\"https:\/\/herzogtum-direkt.de\/index.php\/2026\/08\/30\/filmclub-classic-the-fast-and-the-furious\/\"><i class=\"fa fa-clock-o\"><\/i> August 30, 2026<\/a><\/div><div class=\"jeg_meta_comment\"><a href=\"https:\/\/herzogtum-direkt.de\/index.php\/2026\/08\/30\/filmclub-classic-the-fast-and-the-furious\/#comments\" ><i class=\"fa fa-comment-o\"><\/i> 0 <\/a><\/div><div class=\"jeg_meta_views\"><a href=\"https:\/\/herzogtum-direkt.de\/index.php\/2026\/08\/30\/filmclub-classic-the-fast-and-the-furious\/\" ><i class=\"fa fa-eye\"><\/i> 70 <\/a><\/div><\/div>\n                                <div class=\"jeg_post_excerpt\">\n                                    <p>Ratzeburg (pm). Im Filmclub des Burgtheater Ratzeburg wird am Dienstag, 1. September der US-Action-Thriller \u201eThe Fast and the Furious\u201c aus...<\/p>\n                                    <a href=\"https:\/\/herzogtum-direkt.de\/index.php\/2026\/08\/30\/filmclub-classic-the-fast-and-the-furious\/\" class=\"jeg_readmore\">Mehr lesen<span class=\"screen-reader-text\">Details<\/span><\/a>\n                                <\/div>\n                        <\/div>\n                    <\/div>\n                <\/article><article class=\"jeg_post jeg_pl_lg_card format-standard\">\n                    <div class=\"jeg_inner_post\">\n                        <div class=\"jeg_thumb\">\n                            \n                            <a href=\"https:\/\/herzogtum-direkt.de\/index.php\/2026\/08\/30\/politische-bildungsreihe-selbstverstaendlich-politik-schaut-auf-80-jahre-demokratie-in-ratzeburg\/\" aria-label=\"Read article: Politische Bildungsreihe &#8222;SelbstVerst\u00e4ndlich Politik&#8220; schaut auf 80 Jahre Demokratie in Ratzeburg\"><div class=\"thumbnail-container animate-lazy  size-500 \"><img loading=\"lazy\" decoding=\"async\" width=\"1100\" height=\"519\" src=\"https:\/\/herzogtum-direkt.de\/wp-content\/themes\/jnews\/assets\/img\/jeg-empty.png\" class=\"attachment-jnews-1140x570 size-jnews-1140x570 lazyload wp-post-image\" alt=\"Politische Bildungsreihe &#8222;SelbstVerst\u00e4ndlich Politik&#8220; schaut auf 80 Jahre Demokratie in Ratzeburg\" sizes=\"auto, (max-width: 1100px) 100vw, 1100px\" data-full-width=\"1100\" data-full-height=\"519\" data-src=\"https:\/\/herzogtum-direkt.de\/wp-content\/uploads\/2026\/08\/Christian-Lopau-Martin-Muenke-1100x519.jpg\" data-srcset=\"https:\/\/herzogtum-direkt.de\/wp-content\/uploads\/2026\/08\/Christian-Lopau-Martin-Muenke.jpg 1100w, https:\/\/herzogtum-direkt.de\/wp-content\/uploads\/2026\/08\/Christian-Lopau-Martin-Muenke-600x283.jpg 600w, https:\/\/herzogtum-direkt.de\/wp-content\/uploads\/2026\/08\/Christian-Lopau-Martin-Muenke-1024x483.jpg 1024w, https:\/\/herzogtum-direkt.de\/wp-content\/uploads\/2026\/08\/Christian-Lopau-Martin-Muenke-768x362.jpg 768w\" data-sizes=\"auto\" data-expand=\"700\" \/><\/div><\/a>\n                        <\/div>\n                        <div class=\"jeg_postblock_content\">\n                            <div class=\"jeg_post_category\">\n                                <span>\n                                    <a href=\"https:\/\/herzogtum-direkt.de\/index.php\/category\/herzogtum-lauenburg\/\">Herzogtum Lauenburg<\/a>\n                                <\/span>\n                            <\/div>\n                            <h3 class=\"jeg_post_title\">\n                                <a href=\"https:\/\/herzogtum-direkt.de\/index.php\/2026\/08\/30\/politische-bildungsreihe-selbstverstaendlich-politik-schaut-auf-80-jahre-demokratie-in-ratzeburg\/\">Politische Bildungsreihe &#8222;SelbstVerst\u00e4ndlich Politik&#8220; schaut auf 80 Jahre Demokratie in Ratzeburg<\/a>\n                            <\/h3>\n                            <div class=\"jeg_post_meta\"><div class=\"jeg_meta_author\"><span class=\"by\">von<\/span> <a href=\"https:\/\/herzogtum-direkt.de\/index.php\/author\/pressemitteilung\/\">Pressemitteilung<\/a><\/div><div class=\"jeg_meta_date\"><a href=\"https:\/\/herzogtum-direkt.de\/index.php\/2026\/08\/30\/politische-bildungsreihe-selbstverstaendlich-politik-schaut-auf-80-jahre-demokratie-in-ratzeburg\/\"><i class=\"fa fa-clock-o\"><\/i> August 30, 2026<\/a><\/div><div class=\"jeg_meta_comment\"><a href=\"https:\/\/herzogtum-direkt.de\/index.php\/2026\/08\/30\/politische-bildungsreihe-selbstverstaendlich-politik-schaut-auf-80-jahre-demokratie-in-ratzeburg\/#comments\" ><i class=\"fa fa-comment-o\"><\/i> 0 <\/a><\/div><div class=\"jeg_meta_views\"><a href=\"https:\/\/herzogtum-direkt.de\/index.php\/2026\/08\/30\/politische-bildungsreihe-selbstverstaendlich-politik-schaut-auf-80-jahre-demokratie-in-ratzeburg\/\" ><i class=\"fa fa-eye\"><\/i> 95 <\/a><\/div><\/div>\n                                <div class=\"jeg_post_excerpt\">\n                                    <p>Ratzeburg (pm).\u00a0In der politischen Bildungsreihe \"SelbstVerst\u00e4ndlich Politik\" organisiert die Volkshochschule Ratzeburg und Umland am Dienstag, 15. September 2026, um 19...<\/p>\n                                    <a href=\"https:\/\/herzogtum-direkt.de\/index.php\/2026\/08\/30\/politische-bildungsreihe-selbstverstaendlich-politik-schaut-auf-80-jahre-demokratie-in-ratzeburg\/\" class=\"jeg_readmore\">Mehr lesen<span class=\"screen-reader-text\">Details<\/span><\/a>\n                                <\/div>\n                        <\/div>\n                    <\/div>\n                <\/article><article class=\"jeg_post jeg_pl_lg_card format-standard\">\n                    <div class=\"jeg_inner_post\">\n                        <div class=\"jeg_thumb\">\n                            \n                            <a href=\"https:\/\/herzogtum-direkt.de\/index.php\/2026\/08\/29\/filmclub-montagskino-the-piano-tuner\/\" aria-label=\"Read article: Filmclub-Montagskino: &#8218;The Piano Tuner&#8216;\"><div class=\"thumbnail-container animate-lazy  size-500 \"><img loading=\"lazy\" decoding=\"async\" width=\"1000\" height=\"563\" src=\"https:\/\/herzogtum-direkt.de\/wp-content\/themes\/jnews\/assets\/img\/jeg-empty.png\" class=\"attachment-jnews-1140x570 size-jnews-1140x570 lazyload wp-post-image\" alt=\"Filmclub-Montagskino: &#8218;The Piano Tuner&#8216;\" sizes=\"auto, (max-width: 1000px) 100vw, 1000px\" data-full-width=\"1000\" data-full-height=\"563\" data-src=\"https:\/\/herzogtum-direkt.de\/wp-content\/uploads\/2026\/08\/Filmclub-Kino-Dustin_Hoffmann_und_Leo_Woodall_c_BlackBear-1000x563.jpg\" data-srcset=\"https:\/\/herzogtum-direkt.de\/wp-content\/uploads\/2026\/08\/Filmclub-Kino-Dustin_Hoffmann_und_Leo_Woodall_c_BlackBear.jpg 1000w, https:\/\/herzogtum-direkt.de\/wp-content\/uploads\/2026\/08\/Filmclub-Kino-Dustin_Hoffmann_und_Leo_Woodall_c_BlackBear-600x338.jpg 600w, https:\/\/herzogtum-direkt.de\/wp-content\/uploads\/2026\/08\/Filmclub-Kino-Dustin_Hoffmann_und_Leo_Woodall_c_BlackBear-768x432.jpg 768w\" data-sizes=\"auto\" data-expand=\"700\" \/><\/div><\/a>\n                        <\/div>\n                        <div class=\"jeg_postblock_content\">\n                            <div class=\"jeg_post_category\">\n                                <span>\n                                    <a href=\"https:\/\/herzogtum-direkt.de\/index.php\/category\/herzogtum-lauenburg\/\">Herzogtum Lauenburg<\/a>\n                                <\/span>\n                            <\/div>\n                            <h3 class=\"jeg_post_title\">\n                                <a href=\"https:\/\/herzogtum-direkt.de\/index.php\/2026\/08\/29\/filmclub-montagskino-the-piano-tuner\/\">Filmclub-Montagskino: &#8218;The Piano Tuner&#8216;<\/a>\n                            <\/h3>\n                            <div class=\"jeg_post_meta\"><div class=\"jeg_meta_author\"><span class=\"by\">von<\/span> <a href=\"https:\/\/herzogtum-direkt.de\/index.php\/author\/pressemitteilung\/\">Pressemitteilung<\/a><\/div><div class=\"jeg_meta_date\"><a href=\"https:\/\/herzogtum-direkt.de\/index.php\/2026\/08\/29\/filmclub-montagskino-the-piano-tuner\/\"><i class=\"fa fa-clock-o\"><\/i> August 29, 2026<\/a><\/div><div class=\"jeg_meta_comment\"><a href=\"https:\/\/herzogtum-direkt.de\/index.php\/2026\/08\/29\/filmclub-montagskino-the-piano-tuner\/#comments\" ><i class=\"fa fa-comment-o\"><\/i> 0 <\/a><\/div><div class=\"jeg_meta_views\"><a href=\"https:\/\/herzogtum-direkt.de\/index.php\/2026\/08\/29\/filmclub-montagskino-the-piano-tuner\/\" ><i class=\"fa fa-eye\"><\/i> 44 <\/a><\/div><\/div>\n                                <div class=\"jeg_post_excerpt\">\n                                    <p>Ratzeburg (pm). Im Filmclub des Burgtheater Ratzeburg wird am Montag, 31. August der US-Theiller \u201eThe Piano Tuner\u201c \u00fcber die \u00fcberaus...<\/p>\n                                    <a href=\"https:\/\/herzogtum-direkt.de\/index.php\/2026\/08\/29\/filmclub-montagskino-the-piano-tuner\/\" class=\"jeg_readmore\">Mehr lesen<span class=\"screen-reader-text\">Details<\/span><\/a>\n                                <\/div>\n                        <\/div>\n                    <\/div>\n                <\/article><article class=\"jeg_post jeg_pl_lg_card format-standard\">\n                    <div class=\"jeg_inner_post\">\n                        <div class=\"jeg_thumb\">\n                            \n                            <a href=\"https:\/\/herzogtum-direkt.de\/index.php\/2026\/08\/29\/interkulturelle-wochen-foerdern-zusammenhalt-und-verstaendigung\/\" aria-label=\"Read article: \u201eInterkulturelle Wochen\u201c f\u00f6rdern Zusammenhalt und Verst\u00e4ndigung\"><div class=\"thumbnail-container animate-lazy  size-500 \"><img loading=\"lazy\" decoding=\"async\" width=\"1100\" height=\"511\" src=\"https:\/\/herzogtum-direkt.de\/wp-content\/themes\/jnews\/assets\/img\/jeg-empty.png\" class=\"attachment-jnews-1140x570 size-jnews-1140x570 lazyload wp-post-image\" alt=\"\u201eInterkulturelle Wochen\u201c f\u00f6rdern Zusammenhalt und Verst\u00e4ndigung\" sizes=\"auto, (max-width: 1100px) 100vw, 1100px\" data-full-width=\"1100\" data-full-height=\"511\" data-src=\"https:\/\/herzogtum-direkt.de\/wp-content\/uploads\/2026\/08\/InterkulturelleWochenGruppenbild2026-1100x511.jpg\" data-srcset=\"https:\/\/herzogtum-direkt.de\/wp-content\/uploads\/2026\/08\/InterkulturelleWochenGruppenbild2026.jpg 1100w, https:\/\/herzogtum-direkt.de\/wp-content\/uploads\/2026\/08\/InterkulturelleWochenGruppenbild2026-600x279.jpg 600w, https:\/\/herzogtum-direkt.de\/wp-content\/uploads\/2026\/08\/InterkulturelleWochenGruppenbild2026-1024x476.jpg 1024w, https:\/\/herzogtum-direkt.de\/wp-content\/uploads\/2026\/08\/InterkulturelleWochenGruppenbild2026-768x357.jpg 768w\" data-sizes=\"auto\" data-expand=\"700\" \/><\/div><\/a>\n                        <\/div>\n                        <div class=\"jeg_postblock_content\">\n                            <div class=\"jeg_post_category\">\n                                <span>\n                                    <a href=\"https:\/\/herzogtum-direkt.de\/index.php\/category\/herzogtum-lauenburg\/\">Herzogtum Lauenburg<\/a>\n                                <\/span>\n                            <\/div>\n                            <h3 class=\"jeg_post_title\">\n                                <a href=\"https:\/\/herzogtum-direkt.de\/index.php\/2026\/08\/29\/interkulturelle-wochen-foerdern-zusammenhalt-und-verstaendigung\/\">\u201eInterkulturelle Wochen\u201c f\u00f6rdern Zusammenhalt und Verst\u00e4ndigung<\/a>\n                            <\/h3>\n                            <div class=\"jeg_post_meta\"><div class=\"jeg_meta_author\"><span class=\"by\">von<\/span> <a href=\"https:\/\/herzogtum-direkt.de\/index.php\/author\/pressemitteilung\/\">Pressemitteilung<\/a><\/div><div class=\"jeg_meta_date\"><a href=\"https:\/\/herzogtum-direkt.de\/index.php\/2026\/08\/29\/interkulturelle-wochen-foerdern-zusammenhalt-und-verstaendigung\/\"><i class=\"fa fa-clock-o\"><\/i> August 29, 2026<\/a><\/div><div class=\"jeg_meta_comment\"><a href=\"https:\/\/herzogtum-direkt.de\/index.php\/2026\/08\/29\/interkulturelle-wochen-foerdern-zusammenhalt-und-verstaendigung\/#comments\" ><i class=\"fa fa-comment-o\"><\/i> 0 <\/a><\/div><div class=\"jeg_meta_views\"><a href=\"https:\/\/herzogtum-direkt.de\/index.php\/2026\/08\/29\/interkulturelle-wochen-foerdern-zusammenhalt-und-verstaendigung\/\" ><i class=\"fa fa-eye\"><\/i> 95 <\/a><\/div><\/div>\n                                <div class=\"jeg_post_excerpt\">\n                                    <p>Ratzeburg (pm). Vom 1. September bis zum 9. Oktober 2026 l\u00e4dt das Diakonische Werk Herzogtum Lauenburg mit zahlreichen Partnern wieder...<\/p>\n                                    <a href=\"https:\/\/herzogtum-direkt.de\/index.php\/2026\/08\/29\/interkulturelle-wochen-foerdern-zusammenhalt-und-verstaendigung\/\" class=\"jeg_readmore\">Mehr lesen<span class=\"screen-reader-text\">Details<\/span><\/a>\n                                <\/div>\n                        <\/div>\n                    <\/div>\n                <\/article><article class=\"jeg_post jeg_pl_lg_card format-standard\">\n                    <div class=\"jeg_inner_post\">\n                        <div class=\"jeg_thumb\">\n                            \n                            <a href=\"https:\/\/herzogtum-direkt.de\/index.php\/2026\/08\/28\/aktualisierung-kundgebung-gegen-afd-infostand-in-ratzeburg-abgesagt\/\" aria-label=\"Read article: Aktualisierung: Kundgebung gegen AfD-Infostand in Ratzeburg abgesagt\"><div class=\"thumbnail-container animate-lazy  size-500 \"><img loading=\"lazy\" decoding=\"async\" width=\"1077\" height=\"517\" src=\"https:\/\/herzogtum-direkt.de\/wp-content\/themes\/jnews\/assets\/img\/jeg-empty.png\" class=\"attachment-jnews-1140x570 size-jnews-1140x570 lazyload wp-post-image\" alt=\"Aktualisierung: Kundgebung gegen AfD-Infostand in Ratzeburg abgesagt\" sizes=\"auto, (max-width: 1077px) 100vw, 1077px\" data-full-width=\"1077\" data-full-height=\"517\" data-src=\"https:\/\/herzogtum-direkt.de\/wp-content\/uploads\/2026\/08\/Kein-Raum-fuer-AfD02-1077x517.jpeg\" data-srcset=\"https:\/\/herzogtum-direkt.de\/wp-content\/uploads\/2026\/08\/Kein-Raum-fuer-AfD02.jpeg 1077w, https:\/\/herzogtum-direkt.de\/wp-content\/uploads\/2026\/08\/Kein-Raum-fuer-AfD02-600x288.jpeg 600w, https:\/\/herzogtum-direkt.de\/wp-content\/uploads\/2026\/08\/Kein-Raum-fuer-AfD02-1024x492.jpeg 1024w, https:\/\/herzogtum-direkt.de\/wp-content\/uploads\/2026\/08\/Kein-Raum-fuer-AfD02-768x369.jpeg 768w\" data-sizes=\"auto\" data-expand=\"700\" \/><\/div><\/a>\n                        <\/div>\n                        <div class=\"jeg_postblock_content\">\n                            <div class=\"jeg_post_category\">\n                                <span>\n                                    <a href=\"https:\/\/herzogtum-direkt.de\/index.php\/category\/herzogtum-lauenburg\/\">Herzogtum Lauenburg<\/a>\n                                <\/span>\n                            <\/div>\n                            <h3 class=\"jeg_post_title\">\n                                <a href=\"https:\/\/herzogtum-direkt.de\/index.php\/2026\/08\/28\/aktualisierung-kundgebung-gegen-afd-infostand-in-ratzeburg-abgesagt\/\">Aktualisierung: Kundgebung gegen AfD-Infostand in Ratzeburg abgesagt<\/a>\n                            <\/h3>\n                            <div class=\"jeg_post_meta\"><div class=\"jeg_meta_author\"><span class=\"by\">von<\/span> <a href=\"https:\/\/herzogtum-direkt.de\/index.php\/author\/admin_ir2rtpca\/\">Andreas Anders<\/a><\/div><div class=\"jeg_meta_date\"><a href=\"https:\/\/herzogtum-direkt.de\/index.php\/2026\/08\/28\/aktualisierung-kundgebung-gegen-afd-infostand-in-ratzeburg-abgesagt\/\"><i class=\"fa fa-clock-o\"><\/i> August 28, 2026<\/a><\/div><div class=\"jeg_meta_comment\"><a href=\"https:\/\/herzogtum-direkt.de\/index.php\/2026\/08\/28\/aktualisierung-kundgebung-gegen-afd-infostand-in-ratzeburg-abgesagt\/#comments\" ><i class=\"fa fa-comment-o\"><\/i> 0 <\/a><\/div><div class=\"jeg_meta_views\"><a href=\"https:\/\/herzogtum-direkt.de\/index.php\/2026\/08\/28\/aktualisierung-kundgebung-gegen-afd-infostand-in-ratzeburg-abgesagt\/\" ><i class=\"fa fa-eye\"><\/i> 903 <\/a><\/div><\/div>\n                                <div class=\"jeg_post_excerpt\">\n                                    <p>Ratzeburg (aa). Die f\u00fcr den kommenden Sonnabend, 29. August 2026, geplante Kundgebung der Initiative \"Das Herzogtum bleibt nazifrei\" gegen einen...<\/p>\n                                    <a href=\"https:\/\/herzogtum-direkt.de\/index.php\/2026\/08\/28\/aktualisierung-kundgebung-gegen-afd-infostand-in-ratzeburg-abgesagt\/\" class=\"jeg_readmore\">Mehr lesen<span class=\"screen-reader-text\">Details<\/span><\/a>\n                                <\/div>\n                        <\/div>\n                    <\/div>\n                <\/article><article class=\"jeg_post jeg_pl_lg_card format-standard\">\n                    <div class=\"jeg_inner_post\">\n                        <div class=\"jeg_thumb\">\n                            \n                            <a href=\"https:\/\/herzogtum-direkt.de\/index.php\/2026\/08\/28\/im-kino-so-klingt-das-leben\/\" aria-label=\"Read article: Im Kino: &#8218;So klingt das Leben&#8216;\"><div class=\"thumbnail-container animate-lazy  size-500 \"><img loading=\"lazy\" decoding=\"async\" width=\"1000\" height=\"563\" src=\"https:\/\/herzogtum-direkt.de\/wp-content\/themes\/jnews\/assets\/img\/jeg-empty.png\" class=\"attachment-jnews-1140x570 size-jnews-1140x570 lazyload wp-post-image\" alt=\"Im Kino: &#8218;So klingt das Leben&#8216;\" sizes=\"auto, (max-width: 1000px) 100vw, 1000px\" data-full-width=\"1000\" data-full-height=\"563\" data-src=\"https:\/\/herzogtum-direkt.de\/wp-content\/uploads\/2026\/08\/Kino-Film-Club-so-klingt-das-Leben-Hfr-1000x563.jpg\" data-srcset=\"https:\/\/herzogtum-direkt.de\/wp-content\/uploads\/2026\/08\/Kino-Film-Club-so-klingt-das-Leben-Hfr.jpg 1000w, https:\/\/herzogtum-direkt.de\/wp-content\/uploads\/2026\/08\/Kino-Film-Club-so-klingt-das-Leben-Hfr-600x338.jpg 600w, https:\/\/herzogtum-direkt.de\/wp-content\/uploads\/2026\/08\/Kino-Film-Club-so-klingt-das-Leben-Hfr-768x432.jpg 768w\" data-sizes=\"auto\" data-expand=\"700\" \/><\/div><\/a>\n                        <\/div>\n                        <div class=\"jeg_postblock_content\">\n                            <div class=\"jeg_post_category\">\n                                <span>\n                                    <a href=\"https:\/\/herzogtum-direkt.de\/index.php\/category\/herzogtum-lauenburg\/\">Herzogtum Lauenburg<\/a>\n                                <\/span>\n                            <\/div>\n                            <h3 class=\"jeg_post_title\">\n                                <a href=\"https:\/\/herzogtum-direkt.de\/index.php\/2026\/08\/28\/im-kino-so-klingt-das-leben\/\">Im Kino: &#8218;So klingt das Leben&#8216;<\/a>\n                            <\/h3>\n                            <div class=\"jeg_post_meta\"><div class=\"jeg_meta_author\"><span class=\"by\">von<\/span> <a href=\"https:\/\/herzogtum-direkt.de\/index.php\/author\/pressemitteilung\/\">Pressemitteilung<\/a><\/div><div class=\"jeg_meta_date\"><a href=\"https:\/\/herzogtum-direkt.de\/index.php\/2026\/08\/28\/im-kino-so-klingt-das-leben\/\"><i class=\"fa fa-clock-o\"><\/i> August 28, 2026<\/a><\/div><div class=\"jeg_meta_comment\"><a href=\"https:\/\/herzogtum-direkt.de\/index.php\/2026\/08\/28\/im-kino-so-klingt-das-leben\/#comments\" ><i class=\"fa fa-comment-o\"><\/i> 0 <\/a><\/div><div class=\"jeg_meta_views\"><a href=\"https:\/\/herzogtum-direkt.de\/index.php\/2026\/08\/28\/im-kino-so-klingt-das-leben\/\" ><i class=\"fa fa-eye\"><\/i> 23 <\/a><\/div><\/div>\n                                <div class=\"jeg_post_excerpt\">\n                                    <p>Ratzeburg (pm). Im Filmclub des Burgtheater Ratzeburg wird am Sonntag, 30. August die spanische Dram\u00f6die \u201eSo klingt das Leben\u201c gezeigt,...<\/p>\n                                    <a href=\"https:\/\/herzogtum-direkt.de\/index.php\/2026\/08\/28\/im-kino-so-klingt-das-leben\/\" class=\"jeg_readmore\">Mehr lesen<span class=\"screen-reader-text\">Details<\/span><\/a>\n                                <\/div>\n                        <\/div>\n                    <\/div>\n                <\/article><article class=\"jeg_post jeg_pl_lg_card format-standard\">\n                    <div class=\"jeg_inner_post\">\n                        <div class=\"jeg_thumb\">\n                            \n                            <a href=\"https:\/\/herzogtum-direkt.de\/index.php\/2026\/08\/27\/kunst-in-bewegung-inbetriebnahme-der-kugelbahn-in-ratzeburg\/\" aria-label=\"Read article: Kunst in Bewegung: Inbetriebnahme der Kugelbahn in Ratzeburg\"><div class=\"thumbnail-container animate-lazy  size-500 \"><img loading=\"lazy\" decoding=\"async\" width=\"1000\" height=\"570\" src=\"https:\/\/herzogtum-direkt.de\/wp-content\/themes\/jnews\/assets\/img\/jeg-empty.png\" class=\"attachment-jnews-1140x570 size-jnews-1140x570 lazyload wp-post-image\" alt=\"Kunst in Bewegung: Inbetriebnahme der Kugelbahn in Ratzeburg\" data-full-width=\"1000\" data-full-height=\"1000\" data-src=\"https:\/\/herzogtum-direkt.de\/wp-content\/uploads\/2026\/08\/Inbetriebnahme-der-Kugelbahn-in-Ratzeburg-hfr-1000x570.jpg\" data-srcset=\"\" data-sizes=\"auto\" data-expand=\"700\" \/><\/div><\/a>\n                        <\/div>\n                        <div class=\"jeg_postblock_content\">\n                            <div class=\"jeg_post_category\">\n                                <span>\n                                    <a href=\"https:\/\/herzogtum-direkt.de\/index.php\/category\/kultur\/\">Kultur<\/a>\n                                <\/span>\n                            <\/div>\n                            <h3 class=\"jeg_post_title\">\n                                <a href=\"https:\/\/herzogtum-direkt.de\/index.php\/2026\/08\/27\/kunst-in-bewegung-inbetriebnahme-der-kugelbahn-in-ratzeburg\/\">Kunst in Bewegung: Inbetriebnahme der Kugelbahn in Ratzeburg<\/a>\n                            <\/h3>\n                            <div class=\"jeg_post_meta\"><div class=\"jeg_meta_author\"><span class=\"by\">von<\/span> <a href=\"https:\/\/herzogtum-direkt.de\/index.php\/author\/admin_gesine\/\">Gesine Biller<\/a><\/div><div class=\"jeg_meta_date\"><a href=\"https:\/\/herzogtum-direkt.de\/index.php\/2026\/08\/27\/kunst-in-bewegung-inbetriebnahme-der-kugelbahn-in-ratzeburg\/\"><i class=\"fa fa-clock-o\"><\/i> August 27, 2026<\/a><\/div><div class=\"jeg_meta_comment\"><a href=\"https:\/\/herzogtum-direkt.de\/index.php\/2026\/08\/27\/kunst-in-bewegung-inbetriebnahme-der-kugelbahn-in-ratzeburg\/#comments\" ><i class=\"fa fa-comment-o\"><\/i> 0 <\/a><\/div><div class=\"jeg_meta_views\"><a href=\"https:\/\/herzogtum-direkt.de\/index.php\/2026\/08\/27\/kunst-in-bewegung-inbetriebnahme-der-kugelbahn-in-ratzeburg\/\" ><i class=\"fa fa-eye\"><\/i> 318 <\/a><\/div><\/div>\n                                <div class=\"jeg_post_excerpt\">\n                                    <p>Ratzeburg (pm\/gb). Am Sonntag, 30. August 2026, um 15 Uhr erfolgt die feierliche Inbetriebnahme der Kugelbahn in Ratzeburg. Die Installation...<\/p>\n                                    <a href=\"https:\/\/herzogtum-direkt.de\/index.php\/2026\/08\/27\/kunst-in-bewegung-inbetriebnahme-der-kugelbahn-in-ratzeburg\/\" class=\"jeg_readmore\">Mehr lesen<span class=\"screen-reader-text\">Details<\/span><\/a>\n                                <\/div>\n                        <\/div>\n                    <\/div>\n                <\/article><\/div>\n                    <div class='module-overlay'>\n\t\t\t\t    <div class='preloader_type preloader_dot'>\n\t\t\t\t        <div class=\"module-preloader jeg_preloader dot\">\n\t\t\t\t            <span><\/span><span><\/span><span><\/span>\n\t\t\t\t        <\/div>\n\t\t\t\t        <div class=\"module-preloader jeg_preloader circle\">\n\t\t\t\t            <div class=\"jnews_preloader_circle_outer\">\n\t\t\t\t                <div class=\"jnews_preloader_circle_inner\"><\/div>\n\t\t\t\t            <\/div>\n\t\t\t\t        <\/div>\n\t\t\t\t        <div class=\"module-preloader jeg_preloader square\">\n\t\t\t\t            <div class=\"jeg_square\">\n\t\t\t\t                <div class=\"jeg_square_inner\"><\/div>\n\t\t\t\t            <\/div>\n\t\t\t\t        <\/div>\n\t\t\t\t    <\/div>\n\t\t\t\t<\/div>\n                <\/div>\n                <div class=\"jeg_block_navigation\">\n                    <div class='navigation_overlay'><div class='module-preloader jeg_preloader'><span><\/span><span><\/span><span><\/span><\/div><\/div>\n                    <div class=\"jeg_block_loadmore \">\n                    <a href=\"#\" class='' data-load='Mehr' data-loading='L\u00e4dt...'> Mehr<\/a>\n                <\/div>\n                    \n                <\/div>\n\t\t\t\t\t\n\t\t\t\t\t<script>var jnews_module__2_6a9c0b6f7fcda = {\"header_icon\":\"\",\"first_title\":\"\",\"second_title\":\"\",\"url\":\"\",\"header_type\":\"heading_6\",\"header_background\":\"\",\"header_secondary_background\":\"\",\"header_text_color\":\"\",\"header_line_color\":\"\",\"header_accent_color\":\"\",\"header_filter_category\":\"\",\"header_filter_author\":\"\",\"header_filter_tag\":\"\",\"header_filter_text\":\"All\",\"sticky_post\":false,\"sticky_post_filter\":false,\"post_type\":\"post\",\"content_type\":\"all\",\"sponsor\":false,\"number_post\":\"20\",\"post_offset\":\"0\",\"unique_content\":\"disable\",\"include_post\":\"\",\"included_only\":false,\"exclude_post\":\"\",\"include_category\":\"64\",\"exclude_category\":\"\",\"include_author\":\"\",\"include_tag\":\"\",\"exclude_tag\":\"\",\"exclude_visited_post\":false,\"sort_by\":\"latest\",\"date_format\":\"default\",\"date_format_custom\":\"Y\\\/m\\\/d\",\"excerpt_length\":\"20\",\"excerpt_ellipsis\":\"...\",\"force_normal_image_load\":\"\",\"main_custom_image_size\":\"default\",\"pagination_mode\":\"loadmore\",\"pagination_nextprev_showtext\":\"\",\"pagination_number_post\":\"15\",\"pagination_scroll_limit\":0,\"ads_type\":\"disable\",\"ads_position\":1,\"ads_random\":\"\",\"ads_image\":\"\",\"ads_image_tablet\":\"\",\"ads_image_phone\":\"\",\"ads_image_link\":\"\",\"ads_image_alt\":\"\",\"ads_image_new_tab\":\"\",\"google_publisher_id\":\"\",\"google_slot_id\":\"\",\"google_desktop\":\"auto\",\"google_tab\":\"auto\",\"google_phone\":\"auto\",\"content\":\"\",\"ads_bottom_text\":\"\",\"el_id\":\"\",\"el_class\":\"\",\"scheme\":\"\",\"column_width\":\"auto\",\"title_color\":\"\",\"accent_color\":\"\",\"alt_color\":\"\",\"excerpt_color\":\"\",\"block_background\":\"\",\"css\":\"\",\"compatible_column_notice\":\"\",\"paged\":1,\"column_class\":\"jeg_col_3o3\",\"class\":\"jnews_block_12\"};<\/script>\n\t\t\t\t<\/div>[\/vc_column][vc_column width=&#8220;1\/3&#8243; offset=&#8220;vc_hidden-sm vc_hidden-xs&#8220;][vc_widget_sidebar sidebar_id=&#8220;rz-seite&#8220;][\/vc_column][\/vc_row][vc_row][vc_column offset=&#8220;vc_hidden-lg vc_hidden-md&#8220;][vc_widget_sidebar sidebar_id=&#8220;td-ratzeburgmobil&#8220;][\/vc_column][\/vc_row][vc_row][vc_column offset=&#8220;vc_hidden-lg vc_hidden-md&#8220;][vc_widget_sidebar sidebar_id=&#8220;td-ratzeburgmobil&#8220;][\/vc_column][\/vc_row][vc_row][vc_column][vc_gallery interval=&#8220;3&#8243; images=&#8220;1083,1084,1086,22839,22840&#8243; img_size=&#8220;2000&#215;1000&#8243;][\/vc_column][\/vc_row][vc_row][vc_column offset=&#8220;vc_hidden-lg vc_hidden-md&#8220;][vc_widget_sidebar sidebar_id=&#8220;td-ratzeburgmobil&#8220;][\/vc_column][\/vc_row][vc_row][vc_column][vc_gmaps link=&#8220;#E-8_JTNDaWZyYW1lJTIwc3JjJTNEJTIyaHR0cHMlM0ElMkYlMkZ3d3cuZ29vZ2xlLmNvbSUyRm1hcHMlMkZlbWJlZCUzRnBiJTNEJTIxMW0xOCUyMTFtMTIlMjExbTMlMjExZDc1NTM3Ljg2NDY2NzQzODQ0JTIxMmQxMC43MDcxMzE0MTAzMzQ0MjYlMjEzZDUzLjcyNjEzMTEzMDcxNTE2JTIxMm0zJTIxMWYwJTIxMmYwJTIxM2YwJTIxM20yJTIxMWkxMDI0JTIxMmk3NjglMjE0ZjEzLjElMjEzbTMlMjExbTIlMjExczB4NDdhZGY4ZDA3N2UzNTMwMSUyNTNBMHhiYWZmOGMzZTFmY2U3ZGQzJTIxMnMyMzkwOSUyQlJhdHplYnVyZyUyMTVlMCUyMTNtMiUyMTFzZGUlMjEyc2RlJTIxNHYxNTE5MDUwNzQyMjcyJTIyJTIwd2lkdGglM0QlMjI2MDAlMjIlMjBoZWlnaHQlM0QlMjI0NTAlMjIlMjBmcmFtZWJvcmRlciUzRCUyMjAlMjIlMjBzdHlsZSUzRCUyMmJvcmRlciUzQTAlMjIlMjBhbGxvd2Z1bGxzY3JlZW4lM0UlM0MlMkZpZnJhbWUlM0U=&#8220; size=&#8220;&#8220;][\/vc_column][\/vc_row]<\/p>\n<\/div>","protected":false},"excerpt":{"rendered":"<p>[vc_row][vc_column offset=&#8220;vc_hidden-lg vc_hidden-md&#8220;][vc_widget_sidebar sidebar_id=&#8220;herzogtum-lauenburg-top&#8220;][vc_widget_sidebar sidebar_id=&#8220;herzogtum-lbg-seite-mobil&#8220;][vc_widget_sidebar sidebar_id=&#8220;herzogtum-lbg-seite-mobil&#8220;][\/vc_column][\/vc_row][vc_row][vc_column][vc_widget_sidebar sidebar_id=&#8220;rz-top&#8220;][\/vc_column][vc_column width=&#8220;2\/3&#8243;][\/vc_column][vc_column width=&#8220;1\/3&#8243; offset=&#8220;vc_hidden-sm vc_hidden-xs&#8220;][vc_widget_sidebar sidebar_id=&#8220;rz-seite&#8220;][\/vc_column][\/vc_row][vc_row][vc_column offset=&#8220;vc_hidden-lg vc_hidden-md&#8220;][vc_widget_sidebar sidebar_id=&#8220;td-ratzeburgmobil&#8220;][\/vc_column][\/vc_row][vc_row][vc_column offset=&#8220;vc_hidden-lg vc_hidden-md&#8220;][vc_widget_sidebar sidebar_id=&#8220;td-ratzeburgmobil&#8220;][\/vc_column][\/vc_row][vc_row][vc_column][vc_gallery interval=&#8220;3&#8243; images=&#8220;1083,1084,1086,22839,22840&#8243; img_size=&#8220;2000&#215;1000&#8243;][\/vc_column][\/vc_row][vc_row][vc_column offset=&#8220;vc_hidden-lg vc_hidden-md&#8220;][vc_widget_sidebar sidebar_id=&#8220;td-ratzeburgmobil&#8220;][\/vc_column][\/vc_row][vc_row][vc_column][vc_gmaps link=&#8220;#E-8_JTNDaWZyYW1lJTIwc3JjJTNEJTIyaHR0cHMlM0ElMkYlMkZ3d3cuZ29vZ2xlLmNvbSUyRm1hcHMlMkZlbWJlZCUzRnBiJTNEJTIxMW0xOCUyMTFtMTIlMjExbTMlMjExZDc1NTM3Ljg2NDY2NzQzODQ0JTIxMmQxMC43MDcxMzE0MTAzMzQ0MjYlMjEzZDUzLjcyNjEzMTEzMDcxNTE2JTIxMm0zJTIxMWYwJTIxMmYwJTIxM2YwJTIxM20yJTIxMWkxMDI0JTIxMmk3NjglMjE0ZjEzLjElMjEzbTMlMjExbTIlMjExczB4NDdhZGY4ZDA3N2UzNTMwMSUyNTNBMHhiYWZmOGMzZTFmY2U3ZGQzJTIxMnMyMzkwOSUyQlJhdHplYnVyZyUyMTVlMCUyMTNtMiUyMTFzZGUlMjEyc2RlJTIxNHYxNTE5MDUwNzQyMjcyJTIyJTIwd2lkdGglM0QlMjI2MDAlMjIlMjBoZWlnaHQlM0QlMjI0NTAlMjIlMjBmcmFtZWJvcmRlciUzRCUyMjAlMjIlMjBzdHlsZSUzRCUyMmJvcmRlciUzQTAlMjIlMjBhbGxvd2Z1bGxzY3JlZW4lM0UlM0MlMkZpZnJhbWUlM0U=&#8220; size=&#8220;&#8220;][\/vc_column][\/vc_row]<\/p>\n","protected":false},"author":1,"featured_media":0,"parent":700,"menu_order":0,"comment_status":"closed","ping_status":"closed","template":"","meta":{"jnews_page_loop":{"enable_page_loop":"0","first_title":"Latest Post","second_title":"","header_type":"heading_6","header_background":"","header_text_color":"","layout":"right-sidebar","sidebar":"default-sidebar","second_sidebar":"default-sidebar","sticky_sidebar":"1","module":"3","boxed":"0","boxed_shadow":"0","box_shadow":"0","excerpt_length":"20","content_date":"default","date_custom":"Y\/m\/d","content_pagination":"nav_1","pagination_align":"center","show_navtext":"0","show_pageinfo":"0","post_offset":"0","posts_per_page":"5","include_post":"","exclude_post":"","include_category":"","exclude_category":"","include_author":"","include_tag":"","exclude_tag":"","sort_by":"latest","main_custom_image_size":"default","second_custom_image_size":"default","post_sticky":"0"},"jnews_single_page":{"layout":"no-sidebar","sidebar":"default-sidebar","second_sidebar":"default-sidebar","sticky_sidebar":"1","show_post_featured":"1","show_post_meta":"0","share_position":"top","share_color":"share-monocrhome","show_post_title":"1","show_post_breadcrumbs":"1"},"jnews_social_meta":{"fb_title":"","fb_description":"","fb_image":"","twitter_title":"","twitter_description":"","twitter_image":""},"footnotes":""},"class_list":["post-737","page","type-page","status-publish","hentry"],"_links":{"self":[{"href":"https:\/\/herzogtum-direkt.de\/index.php\/wp-json\/wp\/v2\/pages\/737","targetHints":{"allow":["GET"]}}],"collection":[{"href":"https:\/\/herzogtum-direkt.de\/index.php\/wp-json\/wp\/v2\/pages"}],"about":[{"href":"https:\/\/herzogtum-direkt.de\/index.php\/wp-json\/wp\/v2\/types\/page"}],"author":[{"embeddable":true,"href":"https:\/\/herzogtum-direkt.de\/index.php\/wp-json\/wp\/v2\/users\/1"}],"replies":[{"embeddable":true,"href":"https:\/\/herzogtum-direkt.de\/index.php\/wp-json\/wp\/v2\/comments?post=737"}],"version-history":[{"count":18,"href":"https:\/\/herzogtum-direkt.de\/index.php\/wp-json\/wp\/v2\/pages\/737\/revisions"}],"predecessor-version":[{"id":40947,"href":"https:\/\/herzogtum-direkt.de\/index.php\/wp-json\/wp\/v2\/pages\/737\/revisions\/40947"}],"up":[{"embeddable":true,"href":"https:\/\/herzogtum-direkt.de\/index.php\/wp-json\/wp\/v2\/pages\/700"}],"wp:attachment":[{"href":"https:\/\/herzogtum-direkt.de\/index.php\/wp-json\/wp\/v2\/media?parent=737"}],"curies":[{"name":"wp","href":"https:\/\/api.w.org\/{rel}","templated":true}]}}