{"id":32942,"date":"2021-10-08T18:42:33","date_gmt":"2021-10-08T16:42:33","guid":{"rendered":"https:\/\/2021.herzogtum-direkt.de\/?page_id=32942"},"modified":"2021-10-08T18:42:33","modified_gmt":"2021-10-08T16:42:33","slug":"umwelt-natur","status":"publish","type":"page","link":"https:\/\/herzogtum-direkt.de\/index.php\/land-leute\/umwelt-natur\/","title":{"rendered":"Umwelt &#038; Natur"},"content":{"rendered":"<div class=\"wpb-content-wrapper\"><p>[vc_row][vc_column][vc_widget_sidebar sidebar_id=&#8220;herzogtum-lauenburg-top&#8220;]<div  class=\"jeg_postblock_12 jeg_postblock jeg_module_hook jeg_pagination_scrollload jeg_col_3o3 jnews_module__0_69f5c7c346847   \" data-unique=\"jnews_module__0_69f5c7c346847\">\n\t\t\t\t\t\n\t\t\t\t\t<div class=\"jeg_block_container\">\n                    \n                    <div class=\"jeg_posts jeg_load_more_flag\"><article class=\"jeg_post jeg_pl_lg_card format-standard\">\n                    <div class=\"jeg_inner_post\">\n                        <div class=\"jeg_thumb\">\n                            \n                            <a href=\"https:\/\/herzogtum-direkt.de\/index.php\/2026\/05\/02\/gemeinsam-fuer-den-schutz-von-rehkitzen-und-bodenbruetern\/\" aria-label=\"Read article: Gemeinsam f\u00fcr den Schutz von Rehkitzen und Bodenbr\u00fctern\"><div class=\"thumbnail-container animate-lazy  size-500 \"><img fetchpriority=\"high\" decoding=\"async\" width=\"1000\" height=\"489\" src=\"https:\/\/herzogtum-direkt.de\/wp-content\/themes\/jnews\/assets\/img\/jeg-empty.png\" class=\"attachment-jnews-1140x570 size-jnews-1140x570 lazyload wp-post-image\" alt=\"Gemeinsam f\u00fcr den Schutz von Rehkitzen und Bodenbr\u00fctern\" sizes=\"(max-width: 1000px) 100vw, 1000px\" data-full-width=\"1000\" data-full-height=\"489\" data-src=\"https:\/\/herzogtum-direkt.de\/wp-content\/uploads\/2026\/05\/Nach-der-Mahd-werden-die-geretteten-Rehkitze-wieder-freigelassen-Quelle-Grell-LJV-SH-1000x489.jpg\" data-srcset=\"https:\/\/herzogtum-direkt.de\/wp-content\/uploads\/2026\/05\/Nach-der-Mahd-werden-die-geretteten-Rehkitze-wieder-freigelassen-Quelle-Grell-LJV-SH.jpg 1000w, https:\/\/herzogtum-direkt.de\/wp-content\/uploads\/2026\/05\/Nach-der-Mahd-werden-die-geretteten-Rehkitze-wieder-freigelassen-Quelle-Grell-LJV-SH-600x293.jpg 600w, https:\/\/herzogtum-direkt.de\/wp-content\/uploads\/2026\/05\/Nach-der-Mahd-werden-die-geretteten-Rehkitze-wieder-freigelassen-Quelle-Grell-LJV-SH-768x376.jpg 768w\" data-sizes=\"auto\" data-expand=\"700\" \/><\/div><\/a>\n                        <\/div>\n                        <div class=\"jeg_postblock_content\">\n                            <div class=\"jeg_post_category\">\n                                <span>\n                                    <a href=\"https:\/\/herzogtum-direkt.de\/index.php\/category\/landleute\/\">Land&amp;Leute<\/a>\n                                <\/span>\n                            <\/div>\n                            <h3 class=\"jeg_post_title\">\n                                <a href=\"https:\/\/herzogtum-direkt.de\/index.php\/2026\/05\/02\/gemeinsam-fuer-den-schutz-von-rehkitzen-und-bodenbruetern\/\">Gemeinsam f\u00fcr den Schutz von Rehkitzen und Bodenbr\u00fctern<\/a>\n                            <\/h3>\n                            <div class=\"jeg_post_meta\"><div class=\"jeg_meta_author\"><span class=\"by\">von<\/span> <a href=\"https:\/\/herzogtum-direkt.de\/index.php\/author\/pressemitteilung\/\">Pressemitteilung<\/a><\/div><div class=\"jeg_meta_date\"><a href=\"https:\/\/herzogtum-direkt.de\/index.php\/2026\/05\/02\/gemeinsam-fuer-den-schutz-von-rehkitzen-und-bodenbruetern\/\"><i class=\"fa fa-clock-o\"><\/i> Mai 2, 2026<\/a><\/div><div class=\"jeg_meta_comment\"><a href=\"https:\/\/herzogtum-direkt.de\/index.php\/2026\/05\/02\/gemeinsam-fuer-den-schutz-von-rehkitzen-und-bodenbruetern\/#comments\" ><i class=\"fa fa-comment-o\"><\/i> 0 <\/a><\/div><div class=\"jeg_meta_views\"><a href=\"https:\/\/herzogtum-direkt.de\/index.php\/2026\/05\/02\/gemeinsam-fuer-den-schutz-von-rehkitzen-und-bodenbruetern\/\" ><i class=\"fa fa-eye\"><\/i> 7 <\/a><\/div><\/div>\n                                <div class=\"jeg_post_excerpt\">\n                                    <p>Herzogtum Lauenburg (pm).\u00a0Der bald anstehende erste Grasschnitt f\u00e4llt mit der Brut- und Setzzeit zahlreicher Wildtiere zusammen. Die Taktik \u201eDucken und...<\/p>\n                                    <a href=\"https:\/\/herzogtum-direkt.de\/index.php\/2026\/05\/02\/gemeinsam-fuer-den-schutz-von-rehkitzen-und-bodenbruetern\/\" class=\"jeg_readmore\">Mehr lesen<span class=\"screen-reader-text\">Details<\/span><\/a>\n                                <\/div>\n                        <\/div>\n                    <\/div>\n                <\/article><article class=\"jeg_post jeg_pl_lg_card format-standard\">\n                    <div class=\"jeg_inner_post\">\n                        <div class=\"jeg_thumb\">\n                            \n                            <a href=\"https:\/\/herzogtum-direkt.de\/index.php\/2026\/04\/30\/klaus-schlie-keine-einzige-windkraftanlage-im-naturpark\/\" aria-label=\"Read article: Klaus Schlie: \u201aKeine einzige Windkraftanlage im Naturpark\u2018\"><div class=\"thumbnail-container animate-lazy  size-500 \"><img decoding=\"async\" width=\"1000\" height=\"530\" src=\"https:\/\/herzogtum-direkt.de\/wp-content\/themes\/jnews\/assets\/img\/jeg-empty.png\" class=\"attachment-jnews-1140x570 size-jnews-1140x570 lazyload wp-post-image\" alt=\"Windkraft in Deutschland: Zwischen Fortschritt und Kritik \u2013 eine sachliche Bestandsaufnahme\" sizes=\"(max-width: 1000px) 100vw, 1000px\" data-full-width=\"1000\" data-full-height=\"530\" data-src=\"https:\/\/herzogtum-direkt.de\/wp-content\/uploads\/2026\/04\/Windkraft-1000x530.jpg\" data-srcset=\"https:\/\/herzogtum-direkt.de\/wp-content\/uploads\/2026\/04\/Windkraft.jpg 1000w, https:\/\/herzogtum-direkt.de\/wp-content\/uploads\/2026\/04\/Windkraft-600x318.jpg 600w, https:\/\/herzogtum-direkt.de\/wp-content\/uploads\/2026\/04\/Windkraft-768x407.jpg 768w\" data-sizes=\"auto\" data-expand=\"700\" \/><\/div><\/a>\n                        <\/div>\n                        <div class=\"jeg_postblock_content\">\n                            <div class=\"jeg_post_category\">\n                                <span>\n                                    <a href=\"https:\/\/herzogtum-direkt.de\/index.php\/category\/herzogtum-lauenburg\/\">Herzogtum Lauenburg<\/a>\n                                <\/span>\n                            <\/div>\n                            <h3 class=\"jeg_post_title\">\n                                <a href=\"https:\/\/herzogtum-direkt.de\/index.php\/2026\/04\/30\/klaus-schlie-keine-einzige-windkraftanlage-im-naturpark\/\">Klaus Schlie: \u201aKeine einzige Windkraftanlage im Naturpark\u2018<\/a>\n                            <\/h3>\n                            <div class=\"jeg_post_meta\"><div class=\"jeg_meta_author\"><span class=\"by\">von<\/span> <a href=\"https:\/\/herzogtum-direkt.de\/index.php\/author\/pressemitteilung\/\">Pressemitteilung<\/a><\/div><div class=\"jeg_meta_date\"><a href=\"https:\/\/herzogtum-direkt.de\/index.php\/2026\/04\/30\/klaus-schlie-keine-einzige-windkraftanlage-im-naturpark\/\"><i class=\"fa fa-clock-o\"><\/i> April 30, 2026<\/a><\/div><div class=\"jeg_meta_comment\"><a href=\"https:\/\/herzogtum-direkt.de\/index.php\/2026\/04\/30\/klaus-schlie-keine-einzige-windkraftanlage-im-naturpark\/#comments\" ><i class=\"fa fa-comment-o\"><\/i> 0 <\/a><\/div><div class=\"jeg_meta_views\"><a href=\"https:\/\/herzogtum-direkt.de\/index.php\/2026\/04\/30\/klaus-schlie-keine-einzige-windkraftanlage-im-naturpark\/\" ><i class=\"fa fa-eye\"><\/i> 208 <\/a><\/div><\/div>\n                                <div class=\"jeg_post_excerpt\">\n                                    <p>Herzogtum Lauenburg\/M\u00f6lln (pm). Als vor fast 50 Jahren die Stiftung Herzogtum Lauenburg gegr\u00fcndet wurde, wurden in der Satzung der Stiftung...<\/p>\n                                    <a href=\"https:\/\/herzogtum-direkt.de\/index.php\/2026\/04\/30\/klaus-schlie-keine-einzige-windkraftanlage-im-naturpark\/\" class=\"jeg_readmore\">Mehr lesen<span class=\"screen-reader-text\">Details<\/span><\/a>\n                                <\/div>\n                        <\/div>\n                    <\/div>\n                <\/article><article class=\"jeg_post jeg_pl_lg_card format-standard\">\n                    <div class=\"jeg_inner_post\">\n                        <div class=\"jeg_thumb\">\n                            \n                            <a href=\"https:\/\/herzogtum-direkt.de\/index.php\/2026\/04\/29\/naturpark-tour-waldspaziergang-mit-dem-ranger-ins-reich-der-baeume-und-straeucher\/\" aria-label=\"Read article: Naturpark-Tour: Waldspaziergang mit dem Ranger ins Reich der B\u00e4ume und Str\u00e4ucher\"><div class=\"thumbnail-container animate-lazy  size-500 \"><img decoding=\"async\" width=\"1000\" height=\"570\" src=\"https:\/\/herzogtum-direkt.de\/wp-content\/themes\/jnews\/assets\/img\/jeg-empty.png\" class=\"attachment-jnews-1140x570 size-jnews-1140x570 lazyload wp-post-image\" alt=\"Entf\u00e4llt: Naturpark-Tour am K\u00fcchensee\" data-full-width=\"1000\" data-full-height=\"750\" data-src=\"https:\/\/herzogtum-direkt.de\/wp-content\/uploads\/2024\/07\/Ranger-Hut-\u00a9Naturpark-1000x570.jpg\" data-srcset=\"\" data-sizes=\"auto\" data-expand=\"700\" \/><\/div><\/a>\n                        <\/div>\n                        <div class=\"jeg_postblock_content\">\n                            <div class=\"jeg_post_category\">\n                                <span>\n                                    <a href=\"https:\/\/herzogtum-direkt.de\/index.php\/category\/herzogtum-lauenburg\/\">Herzogtum Lauenburg<\/a>\n                                <\/span>\n                            <\/div>\n                            <h3 class=\"jeg_post_title\">\n                                <a href=\"https:\/\/herzogtum-direkt.de\/index.php\/2026\/04\/29\/naturpark-tour-waldspaziergang-mit-dem-ranger-ins-reich-der-baeume-und-straeucher\/\">Naturpark-Tour: Waldspaziergang mit dem Ranger ins Reich der B\u00e4ume und Str\u00e4ucher<\/a>\n                            <\/h3>\n                            <div class=\"jeg_post_meta\"><div class=\"jeg_meta_author\"><span class=\"by\">von<\/span> <a href=\"https:\/\/herzogtum-direkt.de\/index.php\/author\/pressemitteilung\/\">Pressemitteilung<\/a><\/div><div class=\"jeg_meta_date\"><a href=\"https:\/\/herzogtum-direkt.de\/index.php\/2026\/04\/29\/naturpark-tour-waldspaziergang-mit-dem-ranger-ins-reich-der-baeume-und-straeucher\/\"><i class=\"fa fa-clock-o\"><\/i> April 29, 2026<\/a><\/div><div class=\"jeg_meta_comment\"><a href=\"https:\/\/herzogtum-direkt.de\/index.php\/2026\/04\/29\/naturpark-tour-waldspaziergang-mit-dem-ranger-ins-reich-der-baeume-und-straeucher\/#comments\" ><i class=\"fa fa-comment-o\"><\/i> 0 <\/a><\/div><div class=\"jeg_meta_views\"><a href=\"https:\/\/herzogtum-direkt.de\/index.php\/2026\/04\/29\/naturpark-tour-waldspaziergang-mit-dem-ranger-ins-reich-der-baeume-und-straeucher\/\" ><i class=\"fa fa-eye\"><\/i> 11 <\/a><\/div><\/div>\n                                <div class=\"jeg_post_excerpt\">\n                                    <p>Farchau (pm). Am Sonntag, 17. Mai geht es ab 14 Uhr ins Reich der B\u00e4ume und Str\u00e4ucher. Ranger Ulf Lemmrich...<\/p>\n                                    <a href=\"https:\/\/herzogtum-direkt.de\/index.php\/2026\/04\/29\/naturpark-tour-waldspaziergang-mit-dem-ranger-ins-reich-der-baeume-und-straeucher\/\" class=\"jeg_readmore\">Mehr lesen<span class=\"screen-reader-text\">Details<\/span><\/a>\n                                <\/div>\n                        <\/div>\n                    <\/div>\n                <\/article><article class=\"jeg_post jeg_pl_lg_card format-standard\">\n                    <div class=\"jeg_inner_post\">\n                        <div class=\"jeg_thumb\">\n                            \n                            <a href=\"https:\/\/herzogtum-direkt.de\/index.php\/2026\/04\/28\/geesthacht-blueht-auf-fachdienst-umwelt-ruft-zum-maehfreien-mai-auf\/\" aria-label=\"Read article: Geesthacht bl\u00fcht auf: Fachdienst Umwelt ruft zum \u201aM\u00e4hfreien Mai\u2018 auf\"><div class=\"thumbnail-container animate-lazy  size-500 \"><img loading=\"lazy\" decoding=\"async\" width=\"1000\" height=\"570\" src=\"https:\/\/herzogtum-direkt.de\/wp-content\/themes\/jnews\/assets\/img\/jeg-empty.png\" class=\"attachment-jnews-1140x570 size-jnews-1140x570 lazyload wp-post-image\" alt=\"Mobile Augenuntersuchungen in B\u00fcchen\" data-full-width=\"1000\" data-full-height=\"666\" data-src=\"https:\/\/herzogtum-direkt.de\/wp-content\/uploads\/2024\/03\/Brille-Kind-Wiese-Sehtest-Auge-Pixabay-Ausblick-1000x570.jpg\" data-srcset=\"\" data-sizes=\"auto\" data-expand=\"700\" \/><\/div><\/a>\n                        <\/div>\n                        <div class=\"jeg_postblock_content\">\n                            <div class=\"jeg_post_category\">\n                                <span>\n                                    <a href=\"https:\/\/herzogtum-direkt.de\/index.php\/category\/herzogtum-lauenburg\/geesthacht\/\">Geesthacht<\/a>\n                                <\/span>\n                            <\/div>\n                            <h3 class=\"jeg_post_title\">\n                                <a href=\"https:\/\/herzogtum-direkt.de\/index.php\/2026\/04\/28\/geesthacht-blueht-auf-fachdienst-umwelt-ruft-zum-maehfreien-mai-auf\/\">Geesthacht bl\u00fcht auf: Fachdienst Umwelt ruft zum \u201aM\u00e4hfreien Mai\u2018 auf<\/a>\n                            <\/h3>\n                            <div class=\"jeg_post_meta\"><div class=\"jeg_meta_author\"><span class=\"by\">von<\/span> <a href=\"https:\/\/herzogtum-direkt.de\/index.php\/author\/pressemitteilung\/\">Pressemitteilung<\/a><\/div><div class=\"jeg_meta_date\"><a href=\"https:\/\/herzogtum-direkt.de\/index.php\/2026\/04\/28\/geesthacht-blueht-auf-fachdienst-umwelt-ruft-zum-maehfreien-mai-auf\/\"><i class=\"fa fa-clock-o\"><\/i> April 28, 2026<\/a><\/div><div class=\"jeg_meta_comment\"><a href=\"https:\/\/herzogtum-direkt.de\/index.php\/2026\/04\/28\/geesthacht-blueht-auf-fachdienst-umwelt-ruft-zum-maehfreien-mai-auf\/#comments\" ><i class=\"fa fa-comment-o\"><\/i> 0 <\/a><\/div><div class=\"jeg_meta_views\"><a href=\"https:\/\/herzogtum-direkt.de\/index.php\/2026\/04\/28\/geesthacht-blueht-auf-fachdienst-umwelt-ruft-zum-maehfreien-mai-auf\/\" ><i class=\"fa fa-eye\"><\/i> 80 <\/a><\/div><\/div>\n                                <div class=\"jeg_post_excerpt\">\n                                    <p>Geesthacht (pm). Im Mai bleiben die Rasenm\u00e4her in Geesthacht vielerorts im Schuppen \u2013 wenn es nach dem Fachdienst Umwelt der...<\/p>\n                                    <a href=\"https:\/\/herzogtum-direkt.de\/index.php\/2026\/04\/28\/geesthacht-blueht-auf-fachdienst-umwelt-ruft-zum-maehfreien-mai-auf\/\" class=\"jeg_readmore\">Mehr lesen<span class=\"screen-reader-text\">Details<\/span><\/a>\n                                <\/div>\n                        <\/div>\n                    <\/div>\n                <\/article><article class=\"jeg_post jeg_pl_lg_card format-standard\">\n                    <div class=\"jeg_inner_post\">\n                        <div class=\"jeg_thumb\">\n                            \n                            <a href=\"https:\/\/herzogtum-direkt.de\/index.php\/2026\/04\/28\/vogelkundliche-radtour-mit-reiner-schmahl-2\/\" aria-label=\"Read article: Vogelkundliche Radtour mit Reiner Schmahl\"><div class=\"thumbnail-container animate-lazy  size-500 \"><img loading=\"lazy\" decoding=\"async\" width=\"1000\" height=\"570\" src=\"https:\/\/herzogtum-direkt.de\/wp-content\/themes\/jnews\/assets\/img\/jeg-empty.png\" class=\"attachment-jnews-1140x570 size-jnews-1140x570 lazyload wp-post-image\" alt=\"Vogelkundliche Radtour mit Reiner Schmahl\" data-full-width=\"1000\" data-full-height=\"750\" data-src=\"https:\/\/herzogtum-direkt.de\/wp-content\/uploads\/2024\/04\/Ornitologie-Vogelkunde-Radtour-Zarrentin-2024vFuehrung_Radtour_Orni_S_Hoffmeister1-1000x570.jpg\" data-srcset=\"\" data-sizes=\"auto\" data-expand=\"700\" \/><\/div><\/a>\n                        <\/div>\n                        <div class=\"jeg_postblock_content\">\n                            <div class=\"jeg_post_category\">\n                                <span>\n                                    <a href=\"https:\/\/herzogtum-direkt.de\/index.php\/category\/ausflugstipp\/\">Ausflugstipp<\/a>\n                                <\/span>\n                            <\/div>\n                            <h3 class=\"jeg_post_title\">\n                                <a href=\"https:\/\/herzogtum-direkt.de\/index.php\/2026\/04\/28\/vogelkundliche-radtour-mit-reiner-schmahl-2\/\">Vogelkundliche Radtour mit Reiner Schmahl<\/a>\n                            <\/h3>\n                            <div class=\"jeg_post_meta\"><div class=\"jeg_meta_author\"><span class=\"by\">von<\/span> <a href=\"https:\/\/herzogtum-direkt.de\/index.php\/author\/pressemitteilung\/\">Pressemitteilung<\/a><\/div><div class=\"jeg_meta_date\"><a href=\"https:\/\/herzogtum-direkt.de\/index.php\/2026\/04\/28\/vogelkundliche-radtour-mit-reiner-schmahl-2\/\"><i class=\"fa fa-clock-o\"><\/i> April 28, 2026<\/a><\/div><div class=\"jeg_meta_comment\"><a href=\"https:\/\/herzogtum-direkt.de\/index.php\/2026\/04\/28\/vogelkundliche-radtour-mit-reiner-schmahl-2\/#comments\" ><i class=\"fa fa-comment-o\"><\/i> 0 <\/a><\/div><div class=\"jeg_meta_views\"><a href=\"https:\/\/herzogtum-direkt.de\/index.php\/2026\/04\/28\/vogelkundliche-radtour-mit-reiner-schmahl-2\/\" ><i class=\"fa fa-eye\"><\/i> 24 <\/a><\/div><\/div>\n                                <div class=\"jeg_post_excerpt\">\n                                    <p>Zarrentin (pm). Tausende von Zugv\u00f6geln wie G\u00e4nse und Kraniche rasten j\u00e4hrlich im UNESCO-Biosph\u00e4renreservat Schaalsee. 268 Vogelarten sind dort nachgewiesen, darunter...<\/p>\n                                    <a href=\"https:\/\/herzogtum-direkt.de\/index.php\/2026\/04\/28\/vogelkundliche-radtour-mit-reiner-schmahl-2\/\" class=\"jeg_readmore\">Mehr lesen<span class=\"screen-reader-text\">Details<\/span><\/a>\n                                <\/div>\n                        <\/div>\n                    <\/div>\n                <\/article><article class=\"jeg_post jeg_pl_lg_card format-standard\">\n                    <div class=\"jeg_inner_post\">\n                        <div class=\"jeg_thumb\">\n                            \n                            <a href=\"https:\/\/herzogtum-direkt.de\/index.php\/2026\/04\/26\/firma-abel-spendiert-neues-insektenhotel\/\" aria-label=\"Read article: Firma ABEL spendiert neues Insektenhotel\"><div class=\"thumbnail-container animate-lazy  size-500 \"><img loading=\"lazy\" decoding=\"async\" width=\"1000\" height=\"570\" src=\"https:\/\/herzogtum-direkt.de\/wp-content\/themes\/jnews\/assets\/img\/jeg-empty.png\" class=\"attachment-jnews-1140x570 size-jnews-1140x570 lazyload wp-post-image\" alt=\"Firma ABEL spendiert neues Insektenhotel\" data-full-width=\"1000\" data-full-height=\"667\" data-src=\"https:\/\/herzogtum-direkt.de\/wp-content\/uploads\/2026\/04\/Buechen-Neues-Insektenhotel-2026-hfr-1000x570.jpg\" data-srcset=\"\" data-sizes=\"auto\" data-expand=\"700\" \/><\/div><\/a>\n                        <\/div>\n                        <div class=\"jeg_postblock_content\">\n                            <div class=\"jeg_post_category\">\n                                <span>\n                                    <a href=\"https:\/\/herzogtum-direkt.de\/index.php\/category\/wirtschaft\/aus-der-region\/\">Aus der Region<\/a>\n                                <\/span>\n                            <\/div>\n                            <h3 class=\"jeg_post_title\">\n                                <a href=\"https:\/\/herzogtum-direkt.de\/index.php\/2026\/04\/26\/firma-abel-spendiert-neues-insektenhotel\/\">Firma ABEL spendiert neues Insektenhotel<\/a>\n                            <\/h3>\n                            <div class=\"jeg_post_meta\"><div class=\"jeg_meta_author\"><span class=\"by\">von<\/span> <a href=\"https:\/\/herzogtum-direkt.de\/index.php\/author\/pressemitteilung\/\">Pressemitteilung<\/a><\/div><div class=\"jeg_meta_date\"><a href=\"https:\/\/herzogtum-direkt.de\/index.php\/2026\/04\/26\/firma-abel-spendiert-neues-insektenhotel\/\"><i class=\"fa fa-clock-o\"><\/i> April 26, 2026<\/a><\/div><div class=\"jeg_meta_comment\"><a href=\"https:\/\/herzogtum-direkt.de\/index.php\/2026\/04\/26\/firma-abel-spendiert-neues-insektenhotel\/#comments\" ><i class=\"fa fa-comment-o\"><\/i> 0 <\/a><\/div><div class=\"jeg_meta_views\"><a href=\"https:\/\/herzogtum-direkt.de\/index.php\/2026\/04\/26\/firma-abel-spendiert-neues-insektenhotel\/\" ><i class=\"fa fa-eye\"><\/i> 52 <\/a><\/div><\/div>\n                                <div class=\"jeg_post_excerpt\">\n                                    <p>B\u00fcchen (pm).\u00a0Die Firma ABEL Pump Technologie engagiert sich seit Jahren in Sachen Umwelt in B\u00fcchen und hat vor allem im...<\/p>\n                                    <a href=\"https:\/\/herzogtum-direkt.de\/index.php\/2026\/04\/26\/firma-abel-spendiert-neues-insektenhotel\/\" class=\"jeg_readmore\">Mehr lesen<span class=\"screen-reader-text\">Details<\/span><\/a>\n                                <\/div>\n                        <\/div>\n                    <\/div>\n                <\/article><article class=\"jeg_post jeg_pl_lg_card format-standard\">\n                    <div class=\"jeg_inner_post\">\n                        <div class=\"jeg_thumb\">\n                            \n                            <a href=\"https:\/\/herzogtum-direkt.de\/index.php\/2026\/04\/25\/geopark-vom-lueneburger-meer-zu-den-steinen-skandinaviens\/\" aria-label=\"Read article: GeoPark: Vom L\u00fcneburger\u00a0Meer zu den Steinen Skandinaviens\"><div class=\"thumbnail-container animate-lazy  size-500 \"><img loading=\"lazy\" decoding=\"async\" width=\"1000\" height=\"570\" src=\"https:\/\/herzogtum-direkt.de\/wp-content\/themes\/jnews\/assets\/img\/jeg-empty.png\" class=\"attachment-jnews-1140x570 size-jnews-1140x570 lazyload wp-post-image\" alt=\"Das Ferienprogramm des GeoParks &#8211; Von H\u00fchnerg\u00f6ttern zur Erdgeschichte\" data-full-width=\"1000\" data-full-height=\"750\" data-src=\"https:\/\/herzogtum-direkt.de\/wp-content\/uploads\/2022\/06\/Ferienspass-fuer-die-ganze-FamilieQuelle-GeoPark-Nordisches-Steinreich-1000x570.jpg\" data-srcset=\"\" data-sizes=\"auto\" data-expand=\"700\" \/><\/div><\/a>\n                        <\/div>\n                        <div class=\"jeg_postblock_content\">\n                            <div class=\"jeg_post_category\">\n                                <span>\n                                    <a href=\"https:\/\/herzogtum-direkt.de\/index.php\/category\/ausflugstipp\/\">Ausflugstipp<\/a>\n                                <\/span>\n                            <\/div>\n                            <h3 class=\"jeg_post_title\">\n                                <a href=\"https:\/\/herzogtum-direkt.de\/index.php\/2026\/04\/25\/geopark-vom-lueneburger-meer-zu-den-steinen-skandinaviens\/\">GeoPark: Vom L\u00fcneburger\u00a0Meer zu den Steinen Skandinaviens<\/a>\n                            <\/h3>\n                            <div class=\"jeg_post_meta\"><div class=\"jeg_meta_author\"><span class=\"by\">von<\/span> <a href=\"https:\/\/herzogtum-direkt.de\/index.php\/author\/pressemitteilung\/\">Pressemitteilung<\/a><\/div><div class=\"jeg_meta_date\"><a href=\"https:\/\/herzogtum-direkt.de\/index.php\/2026\/04\/25\/geopark-vom-lueneburger-meer-zu-den-steinen-skandinaviens\/\"><i class=\"fa fa-clock-o\"><\/i> April 25, 2026<\/a><\/div><div class=\"jeg_meta_comment\"><a href=\"https:\/\/herzogtum-direkt.de\/index.php\/2026\/04\/25\/geopark-vom-lueneburger-meer-zu-den-steinen-skandinaviens\/#comments\" ><i class=\"fa fa-comment-o\"><\/i> 0 <\/a><\/div><div class=\"jeg_meta_views\"><a href=\"https:\/\/herzogtum-direkt.de\/index.php\/2026\/04\/25\/geopark-vom-lueneburger-meer-zu-den-steinen-skandinaviens\/\" ><i class=\"fa fa-eye\"><\/i> 19 <\/a><\/div><\/div>\n                                <div class=\"jeg_post_excerpt\">\n                                    <p>Herzogtum Lauenburg (pm).\u00a0Von den Geheimnissen des L\u00fcneburger Untergrunds bis hin zu denen der Ostsee reicht das Programm des GeoPark Nordisches...<\/p>\n                                    <a href=\"https:\/\/herzogtum-direkt.de\/index.php\/2026\/04\/25\/geopark-vom-lueneburger-meer-zu-den-steinen-skandinaviens\/\" class=\"jeg_readmore\">Mehr lesen<span class=\"screen-reader-text\">Details<\/span><\/a>\n                                <\/div>\n                        <\/div>\n                    <\/div>\n                <\/article><article class=\"jeg_post jeg_pl_lg_card format-standard\">\n                    <div class=\"jeg_inner_post\">\n                        <div class=\"jeg_thumb\">\n                            \n                            <a href=\"https:\/\/herzogtum-direkt.de\/index.php\/2026\/04\/22\/bewerbung-fuer-preis-der-stiftung-lebendige-stadt-noch-moeglich\/\" aria-label=\"Read article: Bewerbung f\u00fcr Preis der Stiftung \u201aLebendige Stadt\u2018 noch m\u00f6glich\"><div class=\"thumbnail-container animate-lazy  size-500 \"><img loading=\"lazy\" decoding=\"async\" width=\"1000\" height=\"570\" src=\"https:\/\/herzogtum-direkt.de\/wp-content\/themes\/jnews\/assets\/img\/jeg-empty.png\" class=\"attachment-jnews-1140x570 size-jnews-1140x570 lazyload wp-post-image\" alt=\"Sechs Wochen f\u00fcr den Klimaschutz\" data-full-width=\"1000\" data-full-height=\"667\" data-src=\"https:\/\/herzogtum-direkt.de\/wp-content\/uploads\/2025\/03\/Klimaschutz_Gerd-Altmann-Pixabay-1000x570.jpg\" data-srcset=\"\" data-sizes=\"auto\" data-expand=\"700\" \/><\/div><\/a>\n                        <\/div>\n                        <div class=\"jeg_postblock_content\">\n                            <div class=\"jeg_post_category\">\n                                <span>\n                                    <a href=\"https:\/\/herzogtum-direkt.de\/index.php\/category\/weltweit\/deutschland\/\">Deutschland<\/a>\n                                <\/span>\n                            <\/div>\n                            <h3 class=\"jeg_post_title\">\n                                <a href=\"https:\/\/herzogtum-direkt.de\/index.php\/2026\/04\/22\/bewerbung-fuer-preis-der-stiftung-lebendige-stadt-noch-moeglich\/\">Bewerbung f\u00fcr Preis der Stiftung \u201aLebendige Stadt\u2018 noch m\u00f6glich<\/a>\n                            <\/h3>\n                            <div class=\"jeg_post_meta\"><div class=\"jeg_meta_author\"><span class=\"by\">von<\/span> <a href=\"https:\/\/herzogtum-direkt.de\/index.php\/author\/pressemitteilung\/\">Pressemitteilung<\/a><\/div><div class=\"jeg_meta_date\"><a href=\"https:\/\/herzogtum-direkt.de\/index.php\/2026\/04\/22\/bewerbung-fuer-preis-der-stiftung-lebendige-stadt-noch-moeglich\/\"><i class=\"fa fa-clock-o\"><\/i> April 22, 2026<\/a><\/div><div class=\"jeg_meta_comment\"><a href=\"https:\/\/herzogtum-direkt.de\/index.php\/2026\/04\/22\/bewerbung-fuer-preis-der-stiftung-lebendige-stadt-noch-moeglich\/#comments\" ><i class=\"fa fa-comment-o\"><\/i> 0 <\/a><\/div><div class=\"jeg_meta_views\"><a href=\"https:\/\/herzogtum-direkt.de\/index.php\/2026\/04\/22\/bewerbung-fuer-preis-der-stiftung-lebendige-stadt-noch-moeglich\/\" ><i class=\"fa fa-eye\"><\/i> 20 <\/a><\/div><\/div>\n                                <div class=\"jeg_post_excerpt\">\n                                    <p>Herzogtum Lauenburg (pm). Anl\u00e4sslich der Ausschreibung zum am Stiftungspreis 2026 der Stiftung \u201eLebendige Stadt\" erkl\u00e4rt Konstantin von Notz, stellvertretender Fraktionsvorsitzender...<\/p>\n                                    <a href=\"https:\/\/herzogtum-direkt.de\/index.php\/2026\/04\/22\/bewerbung-fuer-preis-der-stiftung-lebendige-stadt-noch-moeglich\/\" class=\"jeg_readmore\">Mehr lesen<span class=\"screen-reader-text\">Details<\/span><\/a>\n                                <\/div>\n                        <\/div>\n                    <\/div>\n                <\/article><article class=\"jeg_post jeg_pl_lg_card format-standard\">\n                    <div class=\"jeg_inner_post\">\n                        <div class=\"jeg_thumb\">\n                            \n                            <a href=\"https:\/\/herzogtum-direkt.de\/index.php\/2026\/04\/21\/stunde-der-gartenvoegel-mit-vogelzaehlung-2\/\" aria-label=\"Read article: Stunde der Gartenv\u00f6gel mit Vogelz\u00e4hlung\u00a0\"><div class=\"thumbnail-container animate-lazy  size-500 \"><img loading=\"lazy\" decoding=\"async\" width=\"1000\" height=\"570\" src=\"https:\/\/herzogtum-direkt.de\/wp-content\/themes\/jnews\/assets\/img\/jeg-empty.png\" class=\"attachment-jnews-1140x570 size-jnews-1140x570 lazyload wp-post-image\" alt=\"Stunde der Gartenv\u00f6gel mit Vogelz\u00e4hlung\u00a0\" data-full-width=\"1000\" data-full-height=\"750\" data-src=\"https:\/\/herzogtum-direkt.de\/wp-content\/uploads\/2026\/04\/Stunde-der-Gartenvoegel.-Foto-Hoffmeister-hfr-1000x570.jpg\" data-srcset=\"\" data-sizes=\"auto\" data-expand=\"700\" \/><\/div><\/a>\n                        <\/div>\n                        <div class=\"jeg_postblock_content\">\n                            <div class=\"jeg_post_category\">\n                                <span>\n                                    <a href=\"https:\/\/herzogtum-direkt.de\/index.php\/category\/ausflugstipp\/\">Ausflugstipp<\/a>\n                                <\/span>\n                            <\/div>\n                            <h3 class=\"jeg_post_title\">\n                                <a href=\"https:\/\/herzogtum-direkt.de\/index.php\/2026\/04\/21\/stunde-der-gartenvoegel-mit-vogelzaehlung-2\/\">Stunde der Gartenv\u00f6gel mit Vogelz\u00e4hlung\u00a0<\/a>\n                            <\/h3>\n                            <div class=\"jeg_post_meta\"><div class=\"jeg_meta_author\"><span class=\"by\">von<\/span> <a href=\"https:\/\/herzogtum-direkt.de\/index.php\/author\/pressemitteilung\/\">Pressemitteilung<\/a><\/div><div class=\"jeg_meta_date\"><a href=\"https:\/\/herzogtum-direkt.de\/index.php\/2026\/04\/21\/stunde-der-gartenvoegel-mit-vogelzaehlung-2\/\"><i class=\"fa fa-clock-o\"><\/i> April 21, 2026<\/a><\/div><div class=\"jeg_meta_comment\"><a href=\"https:\/\/herzogtum-direkt.de\/index.php\/2026\/04\/21\/stunde-der-gartenvoegel-mit-vogelzaehlung-2\/#comments\" ><i class=\"fa fa-comment-o\"><\/i> 0 <\/a><\/div><div class=\"jeg_meta_views\"><a href=\"https:\/\/herzogtum-direkt.de\/index.php\/2026\/04\/21\/stunde-der-gartenvoegel-mit-vogelzaehlung-2\/\" ><i class=\"fa fa-eye\"><\/i> 31 <\/a><\/div><\/div>\n                                <div class=\"jeg_post_excerpt\">\n                                    <p>Zarrentin (pm). Auch in diesem Jahr ruft der F\u00f6rderverein Biosph\u00e4re Schaalsee e.V. wieder zum V\u00f6gel z\u00e4hlen auf. Vom 8. bis...<\/p>\n                                    <a href=\"https:\/\/herzogtum-direkt.de\/index.php\/2026\/04\/21\/stunde-der-gartenvoegel-mit-vogelzaehlung-2\/\" class=\"jeg_readmore\">Mehr lesen<span class=\"screen-reader-text\">Details<\/span><\/a>\n                                <\/div>\n                        <\/div>\n                    <\/div>\n                <\/article><article class=\"jeg_post jeg_pl_lg_card format-standard\">\n                    <div class=\"jeg_inner_post\">\n                        <div class=\"jeg_thumb\">\n                            \n                            <a href=\"https:\/\/herzogtum-direkt.de\/index.php\/2026\/04\/19\/exkursion-in-den-englischen-landschaftspark-dammereez-mit-botanischer-und-ornithologischer-fuehrung\/\" aria-label=\"Read article: Exkursion in den englischen Landschaftspark Dammereez mit botanischer und ornithologischer F\u00fchrung\"><div class=\"thumbnail-container animate-lazy  size-500 \"><img loading=\"lazy\" decoding=\"async\" width=\"1000\" height=\"570\" src=\"https:\/\/herzogtum-direkt.de\/wp-content\/themes\/jnews\/assets\/img\/jeg-empty.png\" class=\"attachment-jnews-1140x570 size-jnews-1140x570 lazyload wp-post-image\" alt=\"Wanderung mit Zeitzeugen um den Mechower See\" data-full-width=\"1000\" data-full-height=\"666\" data-src=\"https:\/\/herzogtum-direkt.de\/wp-content\/uploads\/2024\/09\/Wanderschuhe-1000x570.jpg\" data-srcset=\"\" data-sizes=\"auto\" data-expand=\"700\" \/><\/div><\/a>\n                        <\/div>\n                        <div class=\"jeg_postblock_content\">\n                            <div class=\"jeg_post_category\">\n                                <span>\n                                    <a href=\"https:\/\/herzogtum-direkt.de\/index.php\/category\/landleute\/\">Land&amp;Leute<\/a>\n                                <\/span>\n                            <\/div>\n                            <h3 class=\"jeg_post_title\">\n                                <a href=\"https:\/\/herzogtum-direkt.de\/index.php\/2026\/04\/19\/exkursion-in-den-englischen-landschaftspark-dammereez-mit-botanischer-und-ornithologischer-fuehrung\/\">Exkursion in den englischen Landschaftspark Dammereez mit botanischer und ornithologischer F\u00fchrung<\/a>\n                            <\/h3>\n                            <div class=\"jeg_post_meta\"><div class=\"jeg_meta_author\"><span class=\"by\">von<\/span> <a href=\"https:\/\/herzogtum-direkt.de\/index.php\/author\/pressemitteilung\/\">Pressemitteilung<\/a><\/div><div class=\"jeg_meta_date\"><a href=\"https:\/\/herzogtum-direkt.de\/index.php\/2026\/04\/19\/exkursion-in-den-englischen-landschaftspark-dammereez-mit-botanischer-und-ornithologischer-fuehrung\/\"><i class=\"fa fa-clock-o\"><\/i> April 19, 2026<\/a><\/div><div class=\"jeg_meta_comment\"><a href=\"https:\/\/herzogtum-direkt.de\/index.php\/2026\/04\/19\/exkursion-in-den-englischen-landschaftspark-dammereez-mit-botanischer-und-ornithologischer-fuehrung\/#comments\" ><i class=\"fa fa-comment-o\"><\/i> 0 <\/a><\/div><div class=\"jeg_meta_views\"><a href=\"https:\/\/herzogtum-direkt.de\/index.php\/2026\/04\/19\/exkursion-in-den-englischen-landschaftspark-dammereez-mit-botanischer-und-ornithologischer-fuehrung\/\" ><i class=\"fa fa-eye\"><\/i> 82 <\/a><\/div><\/div>\n                                <div class=\"jeg_post_excerpt\">\n                                    <p>Lauenburg (pm\/aa). Am Freitag, 24. April 2026, um 10 Uhr startet eine Exkursion in den historischen englischen Landschaftspark Dammereez, der...<\/p>\n                                    <a href=\"https:\/\/herzogtum-direkt.de\/index.php\/2026\/04\/19\/exkursion-in-den-englischen-landschaftspark-dammereez-mit-botanischer-und-ornithologischer-fuehrung\/\" class=\"jeg_readmore\">Mehr lesen<span class=\"screen-reader-text\">Details<\/span><\/a>\n                                <\/div>\n                        <\/div>\n                    <\/div>\n                <\/article><article class=\"jeg_post jeg_pl_lg_card format-standard\">\n                    <div class=\"jeg_inner_post\">\n                        <div class=\"jeg_thumb\">\n                            \n                            <a href=\"https:\/\/herzogtum-direkt.de\/index.php\/2026\/04\/17\/vogelwanderung-in-der-buchhorster-feldmark-mit-ornithologe-hans-dieter-zerbe\/\" aria-label=\"Read article: Vogelwanderung in der Buchhorster Feldmark mit Ornithologe Hans-Dieter Zerbe\"><div class=\"thumbnail-container animate-lazy  size-500 \"><img loading=\"lazy\" decoding=\"async\" width=\"1100\" height=\"350\" src=\"https:\/\/herzogtum-direkt.de\/wp-content\/themes\/jnews\/assets\/img\/jeg-empty.png\" class=\"attachment-jnews-1140x570 size-jnews-1140x570 lazyload wp-post-image\" alt=\"Vogelwanderung in der Buchhorster Feldmark mit Ornithologe Hans-Dieter Zerbe\" sizes=\"(max-width: 1100px) 100vw, 1100px\" data-full-width=\"1100\" data-full-height=\"350\" data-src=\"https:\/\/herzogtum-direkt.de\/wp-content\/uploads\/2026\/04\/Rotkehlchen-Singvoegel-1100x350.jpg\" data-srcset=\"https:\/\/herzogtum-direkt.de\/wp-content\/uploads\/2026\/04\/Rotkehlchen-Singvoegel.jpg 1100w, https:\/\/herzogtum-direkt.de\/wp-content\/uploads\/2026\/04\/Rotkehlchen-Singvoegel-600x191.jpg 600w, https:\/\/herzogtum-direkt.de\/wp-content\/uploads\/2026\/04\/Rotkehlchen-Singvoegel-1024x326.jpg 1024w, https:\/\/herzogtum-direkt.de\/wp-content\/uploads\/2026\/04\/Rotkehlchen-Singvoegel-768x244.jpg 768w\" data-sizes=\"auto\" data-expand=\"700\" \/><\/div><\/a>\n                        <\/div>\n                        <div class=\"jeg_postblock_content\">\n                            <div class=\"jeg_post_category\">\n                                <span>\n                                    <a href=\"https:\/\/herzogtum-direkt.de\/index.php\/category\/landleute\/\">Land&amp;Leute<\/a>\n                                <\/span>\n                            <\/div>\n                            <h3 class=\"jeg_post_title\">\n                                <a href=\"https:\/\/herzogtum-direkt.de\/index.php\/2026\/04\/17\/vogelwanderung-in-der-buchhorster-feldmark-mit-ornithologe-hans-dieter-zerbe\/\">Vogelwanderung in der Buchhorster Feldmark mit Ornithologe Hans-Dieter Zerbe<\/a>\n                            <\/h3>\n                            <div class=\"jeg_post_meta\"><div class=\"jeg_meta_author\"><span class=\"by\">von<\/span> <a href=\"https:\/\/herzogtum-direkt.de\/index.php\/author\/pressemitteilung\/\">Pressemitteilung<\/a><\/div><div class=\"jeg_meta_date\"><a href=\"https:\/\/herzogtum-direkt.de\/index.php\/2026\/04\/17\/vogelwanderung-in-der-buchhorster-feldmark-mit-ornithologe-hans-dieter-zerbe\/\"><i class=\"fa fa-clock-o\"><\/i> April 17, 2026<\/a><\/div><div class=\"jeg_meta_comment\"><a href=\"https:\/\/herzogtum-direkt.de\/index.php\/2026\/04\/17\/vogelwanderung-in-der-buchhorster-feldmark-mit-ornithologe-hans-dieter-zerbe\/#comments\" ><i class=\"fa fa-comment-o\"><\/i> 0 <\/a><\/div><div class=\"jeg_meta_views\"><a href=\"https:\/\/herzogtum-direkt.de\/index.php\/2026\/04\/17\/vogelwanderung-in-der-buchhorster-feldmark-mit-ornithologe-hans-dieter-zerbe\/\" ><i class=\"fa fa-eye\"><\/i> 28 <\/a><\/div><\/div>\n                                <div class=\"jeg_post_excerpt\">\n                                    <p>Buchhorst (pm\/aa). Ende April ist die Natur in der Buchhorster Feldmark erf\u00fcllt vom Balzgesang zahlreicher Singv\u00f6gel. Auch die ersten Zugv\u00f6gel...<\/p>\n                                    <a href=\"https:\/\/herzogtum-direkt.de\/index.php\/2026\/04\/17\/vogelwanderung-in-der-buchhorster-feldmark-mit-ornithologe-hans-dieter-zerbe\/\" class=\"jeg_readmore\">Mehr lesen<span class=\"screen-reader-text\">Details<\/span><\/a>\n                                <\/div>\n                        <\/div>\n                    <\/div>\n                <\/article><article class=\"jeg_post jeg_pl_lg_card format-standard\">\n                    <div class=\"jeg_inner_post\">\n                        <div class=\"jeg_thumb\">\n                            \n                            <a href=\"https:\/\/herzogtum-direkt.de\/index.php\/2026\/04\/15\/historische-gaerten-im-herzogtum-lauenburg\/\" aria-label=\"Read article: Historische G\u00e4rten im Herzogtum Lauenburg\"><div class=\"thumbnail-container animate-lazy  size-500 \"><img loading=\"lazy\" decoding=\"async\" width=\"1000\" height=\"570\" src=\"https:\/\/herzogtum-direkt.de\/wp-content\/themes\/jnews\/assets\/img\/jeg-empty.png\" class=\"attachment-jnews-1140x570 size-jnews-1140x570 lazyload wp-post-image\" alt=\"Historische G\u00e4rten im Herzogtum Lauenburg\" data-full-width=\"1000\" data-full-height=\"666\" data-src=\"https:\/\/herzogtum-direkt.de\/wp-content\/uploads\/2026\/04\/Aktuelles-Foto-vom-Gut-Kulpin-Michael-Frauenkron-1000x570.jpg\" data-srcset=\"\" data-sizes=\"auto\" data-expand=\"700\" \/><\/div><\/a>\n                        <\/div>\n                        <div class=\"jeg_postblock_content\">\n                            <div class=\"jeg_post_category\">\n                                <span>\n                                    <a href=\"https:\/\/herzogtum-direkt.de\/index.php\/category\/kultur\/\">Kultur<\/a>\n                                <\/span>\n                            <\/div>\n                            <h3 class=\"jeg_post_title\">\n                                <a href=\"https:\/\/herzogtum-direkt.de\/index.php\/2026\/04\/15\/historische-gaerten-im-herzogtum-lauenburg\/\">Historische G\u00e4rten im Herzogtum Lauenburg<\/a>\n                            <\/h3>\n                            <div class=\"jeg_post_meta\"><div class=\"jeg_meta_author\"><span class=\"by\">von<\/span> <a href=\"https:\/\/herzogtum-direkt.de\/index.php\/author\/pressemitteilung\/\">Pressemitteilung<\/a><\/div><div class=\"jeg_meta_date\"><a href=\"https:\/\/herzogtum-direkt.de\/index.php\/2026\/04\/15\/historische-gaerten-im-herzogtum-lauenburg\/\"><i class=\"fa fa-clock-o\"><\/i> April 15, 2026<\/a><\/div><div class=\"jeg_meta_comment\"><a href=\"https:\/\/herzogtum-direkt.de\/index.php\/2026\/04\/15\/historische-gaerten-im-herzogtum-lauenburg\/#comments\" ><i class=\"fa fa-comment-o\"><\/i> 0 <\/a><\/div><div class=\"jeg_meta_views\"><a href=\"https:\/\/herzogtum-direkt.de\/index.php\/2026\/04\/15\/historische-gaerten-im-herzogtum-lauenburg\/\" ><i class=\"fa fa-eye\"><\/i> 184 <\/a><\/div><\/div>\n                                <div class=\"jeg_post_excerpt\">\n                                    <p>M\u00f6lln\/Kulpin (pm). Dr.-Ing. Margita Meyer (Kiel) und Dr. Joachim Jacobs (Berlin) beleuchten in ihren Vortr\u00e4gen sowohl das Gartenkulturerbe des Kreises...<\/p>\n                                    <a href=\"https:\/\/herzogtum-direkt.de\/index.php\/2026\/04\/15\/historische-gaerten-im-herzogtum-lauenburg\/\" class=\"jeg_readmore\">Mehr lesen<span class=\"screen-reader-text\">Details<\/span><\/a>\n                                <\/div>\n                        <\/div>\n                    <\/div>\n                <\/article><article class=\"jeg_post jeg_pl_lg_card format-standard\">\n                    <div class=\"jeg_inner_post\">\n                        <div class=\"jeg_thumb\">\n                            \n                            <a href=\"https:\/\/herzogtum-direkt.de\/index.php\/2026\/04\/14\/hochexplosiven-vulkanismus-und-eindampfende-meere-erleben-2\/\" aria-label=\"Read article: Hochexplosiven Vulkanismus und eindampfende Meere erleben\"><div class=\"thumbnail-container animate-lazy  size-500 \"><img loading=\"lazy\" decoding=\"async\" width=\"1000\" height=\"570\" src=\"https:\/\/herzogtum-direkt.de\/wp-content\/themes\/jnews\/assets\/img\/jeg-empty.png\" class=\"attachment-jnews-1140x570 size-jnews-1140x570 lazyload wp-post-image\" alt=\"Hochexplosiven Vulkanismus und eindampfende Meere erleben\" data-full-width=\"1000\" data-full-height=\"750\" data-src=\"https:\/\/herzogtum-direkt.de\/wp-content\/uploads\/2024\/04\/Alabasterkugeln-im-Suedharz_Foto-GeoPark-Nordisches-Steinreich-1000x570.jpg\" data-srcset=\"\" data-sizes=\"auto\" data-expand=\"700\" \/><\/div><\/a>\n                        <\/div>\n                        <div class=\"jeg_postblock_content\">\n                            <div class=\"jeg_post_category\">\n                                <span>\n                                    <a href=\"https:\/\/herzogtum-direkt.de\/index.php\/category\/ausflugstipp\/\">Ausflugstipp<\/a>\n                                <\/span>\n                            <\/div>\n                            <h3 class=\"jeg_post_title\">\n                                <a href=\"https:\/\/herzogtum-direkt.de\/index.php\/2026\/04\/14\/hochexplosiven-vulkanismus-und-eindampfende-meere-erleben-2\/\">Hochexplosiven Vulkanismus und eindampfende Meere erleben<\/a>\n                            <\/h3>\n                            <div class=\"jeg_post_meta\"><div class=\"jeg_meta_author\"><span class=\"by\">von<\/span> <a href=\"https:\/\/herzogtum-direkt.de\/index.php\/author\/pressemitteilung\/\">Pressemitteilung<\/a><\/div><div class=\"jeg_meta_date\"><a href=\"https:\/\/herzogtum-direkt.de\/index.php\/2026\/04\/14\/hochexplosiven-vulkanismus-und-eindampfende-meere-erleben-2\/\"><i class=\"fa fa-clock-o\"><\/i> April 14, 2026<\/a><\/div><div class=\"jeg_meta_comment\"><a href=\"https:\/\/herzogtum-direkt.de\/index.php\/2026\/04\/14\/hochexplosiven-vulkanismus-und-eindampfende-meere-erleben-2\/#comments\" ><i class=\"fa fa-comment-o\"><\/i> 0 <\/a><\/div><div class=\"jeg_meta_views\"><a href=\"https:\/\/herzogtum-direkt.de\/index.php\/2026\/04\/14\/hochexplosiven-vulkanismus-und-eindampfende-meere-erleben-2\/\" ><i class=\"fa fa-eye\"><\/i> 24 <\/a><\/div><\/div>\n                                <div class=\"jeg_post_excerpt\">\n                                    <p>Herzogtum Lauenburg (pm). Hochexplosiver Vulkanismus, eindampfende Meere, sich auft\u00fcrmende Gebirge und der historische Bergbau nach Eisenerz, Kohle, Kupferschiefer, Anhydrit und...<\/p>\n                                    <a href=\"https:\/\/herzogtum-direkt.de\/index.php\/2026\/04\/14\/hochexplosiven-vulkanismus-und-eindampfende-meere-erleben-2\/\" class=\"jeg_readmore\">Mehr lesen<span class=\"screen-reader-text\">Details<\/span><\/a>\n                                <\/div>\n                        <\/div>\n                    <\/div>\n                <\/article><article class=\"jeg_post jeg_pl_lg_card format-standard\">\n                    <div class=\"jeg_inner_post\">\n                        <div class=\"jeg_thumb\">\n                            \n                            <a href=\"https:\/\/herzogtum-direkt.de\/index.php\/2026\/04\/14\/naturkundliche-fuehrung-um-den-kirchensee-2\/\" aria-label=\"Read article: Naturkundliche F\u00fchrung um den Kirchensee\"><div class=\"thumbnail-container animate-lazy  size-500 \"><img loading=\"lazy\" decoding=\"async\" width=\"1000\" height=\"570\" src=\"https:\/\/herzogtum-direkt.de\/wp-content\/themes\/jnews\/assets\/img\/jeg-empty.png\" class=\"attachment-jnews-1140x570 size-jnews-1140x570 lazyload wp-post-image\" alt=\"Naturkundliche F\u00fchrung um den Kirchensee\" data-full-width=\"1000\" data-full-height=\"735\" data-src=\"https:\/\/herzogtum-direkt.de\/wp-content\/uploads\/2026\/04\/FuehrungZiebarth.Foto-Peter-Reissig-1000x570.jpg\" data-srcset=\"\" data-sizes=\"auto\" data-expand=\"700\" \/><\/div><\/a>\n                        <\/div>\n                        <div class=\"jeg_postblock_content\">\n                            <div class=\"jeg_post_category\">\n                                <span>\n                                    <a href=\"https:\/\/herzogtum-direkt.de\/index.php\/category\/ausflugstipp\/\">Ausflugstipp<\/a>\n                                <\/span>\n                            <\/div>\n                            <h3 class=\"jeg_post_title\">\n                                <a href=\"https:\/\/herzogtum-direkt.de\/index.php\/2026\/04\/14\/naturkundliche-fuehrung-um-den-kirchensee-2\/\">Naturkundliche F\u00fchrung um den Kirchensee<\/a>\n                            <\/h3>\n                            <div class=\"jeg_post_meta\"><div class=\"jeg_meta_author\"><span class=\"by\">von<\/span> <a href=\"https:\/\/herzogtum-direkt.de\/index.php\/author\/pressemitteilung\/\">Pressemitteilung<\/a><\/div><div class=\"jeg_meta_date\"><a href=\"https:\/\/herzogtum-direkt.de\/index.php\/2026\/04\/14\/naturkundliche-fuehrung-um-den-kirchensee-2\/\"><i class=\"fa fa-clock-o\"><\/i> April 14, 2026<\/a><\/div><div class=\"jeg_meta_comment\"><a href=\"https:\/\/herzogtum-direkt.de\/index.php\/2026\/04\/14\/naturkundliche-fuehrung-um-den-kirchensee-2\/#comments\" ><i class=\"fa fa-comment-o\"><\/i> 0 <\/a><\/div><div class=\"jeg_meta_views\"><a href=\"https:\/\/herzogtum-direkt.de\/index.php\/2026\/04\/14\/naturkundliche-fuehrung-um-den-kirchensee-2\/\" ><i class=\"fa fa-eye\"><\/i> 46 <\/a><\/div><\/div>\n                                <div class=\"jeg_post_excerpt\">\n                                    <p>Zarrentin (pm). Der Fr\u00fchling ist da und der Gesang der Singv\u00f6gel erhellt Wald und Wiesen. \u00dcberall erwacht die Natur. Doch...<\/p>\n                                    <a href=\"https:\/\/herzogtum-direkt.de\/index.php\/2026\/04\/14\/naturkundliche-fuehrung-um-den-kirchensee-2\/\" class=\"jeg_readmore\">Mehr lesen<span class=\"screen-reader-text\">Details<\/span><\/a>\n                                <\/div>\n                        <\/div>\n                    <\/div>\n                <\/article><article class=\"jeg_post jeg_pl_lg_card format-standard\">\n                    <div class=\"jeg_inner_post\">\n                        <div class=\"jeg_thumb\">\n                            \n                            <a href=\"https:\/\/herzogtum-direkt.de\/index.php\/2026\/04\/12\/filmclub-dokumentation-das-fluestern-der-waelder\/\" aria-label=\"Read article: Filmclub Dokumentation: &#8218;Das Fl\u00fcstern der W\u00e4lder&#8216;\"><div class=\"thumbnail-container animate-lazy  size-500 \"><img loading=\"lazy\" decoding=\"async\" width=\"1000\" height=\"570\" src=\"https:\/\/herzogtum-direkt.de\/wp-content\/themes\/jnews\/assets\/img\/jeg-empty.png\" class=\"attachment-jnews-1140x570 size-jnews-1140x570 lazyload wp-post-image\" alt=\"Filmclub Dokumentation: &#8218;Das Fl\u00fcstern der W\u00e4lder&#8216;\" data-full-width=\"1000\" data-full-height=\"667\" data-src=\"https:\/\/herzogtum-direkt.de\/wp-content\/uploads\/2026\/04\/das-fluestern-der-waelder-Kino-Filmclub-hfr-1000x570.jpg\" data-srcset=\"\" data-sizes=\"auto\" data-expand=\"700\" \/><\/div><\/a>\n                        <\/div>\n                        <div class=\"jeg_postblock_content\">\n                            <div class=\"jeg_post_category\">\n                                <span>\n                                    <a href=\"https:\/\/herzogtum-direkt.de\/index.php\/category\/kultur\/\">Kultur<\/a>\n                                <\/span>\n                            <\/div>\n                            <h3 class=\"jeg_post_title\">\n                                <a href=\"https:\/\/herzogtum-direkt.de\/index.php\/2026\/04\/12\/filmclub-dokumentation-das-fluestern-der-waelder\/\">Filmclub Dokumentation: &#8218;Das Fl\u00fcstern der W\u00e4lder&#8216;<\/a>\n                            <\/h3>\n                            <div class=\"jeg_post_meta\"><div class=\"jeg_meta_author\"><span class=\"by\">von<\/span> <a href=\"https:\/\/herzogtum-direkt.de\/index.php\/author\/pressemitteilung\/\">Pressemitteilung<\/a><\/div><div class=\"jeg_meta_date\"><a href=\"https:\/\/herzogtum-direkt.de\/index.php\/2026\/04\/12\/filmclub-dokumentation-das-fluestern-der-waelder\/\"><i class=\"fa fa-clock-o\"><\/i> April 12, 2026<\/a><\/div><div class=\"jeg_meta_comment\"><a href=\"https:\/\/herzogtum-direkt.de\/index.php\/2026\/04\/12\/filmclub-dokumentation-das-fluestern-der-waelder\/#comments\" ><i class=\"fa fa-comment-o\"><\/i> 0 <\/a><\/div><div class=\"jeg_meta_views\"><a href=\"https:\/\/herzogtum-direkt.de\/index.php\/2026\/04\/12\/filmclub-dokumentation-das-fluestern-der-waelder\/\" ><i class=\"fa fa-eye\"><\/i> 35 <\/a><\/div><\/div>\n                                <div class=\"jeg_post_excerpt\">\n                                    <p>Ratzeburg (pm). Im Filmclub des Burgtheater Ratzeburg wird am Dienstag, 14. April der Dokumentarfilm \u201eDas Fl\u00fcstern der W\u00e4lder\u201c gezeigt, eine...<\/p>\n                                    <a href=\"https:\/\/herzogtum-direkt.de\/index.php\/2026\/04\/12\/filmclub-dokumentation-das-fluestern-der-waelder\/\" class=\"jeg_readmore\">Mehr lesen<span class=\"screen-reader-text\">Details<\/span><\/a>\n                                <\/div>\n                        <\/div>\n                    <\/div>\n                <\/article><article class=\"jeg_post jeg_pl_lg_card format-standard\">\n                    <div class=\"jeg_inner_post\">\n                        <div class=\"jeg_thumb\">\n                            \n                            <a href=\"https:\/\/herzogtum-direkt.de\/index.php\/2026\/04\/12\/deutschlands-paradiese-wildnis-im-wandel\/\" aria-label=\"Read article: Deutschlands Paradiese -Wildnis im Wandel\"><div class=\"thumbnail-container animate-lazy  size-500 \"><img loading=\"lazy\" decoding=\"async\" width=\"1000\" height=\"570\" src=\"https:\/\/herzogtum-direkt.de\/wp-content\/themes\/jnews\/assets\/img\/jeg-empty.png\" class=\"attachment-jnews-1140x570 size-jnews-1140x570 lazyload wp-post-image\" alt=\"Deutschlands Paradiese -Wildnis im Wandel\" data-full-width=\"1000\" data-full-height=\"625\" data-src=\"https:\/\/herzogtum-direkt.de\/wp-content\/uploads\/2026\/04\/Multivisionvortrag-Junge-Fuechse.-Foto-Sven-Meurs-hfr-1000x570.jpg\" data-srcset=\"\" data-sizes=\"auto\" data-expand=\"700\" \/><\/div><\/a>\n                        <\/div>\n                        <div class=\"jeg_postblock_content\">\n                            <div class=\"jeg_post_category\">\n                                <span>\n                                    <a href=\"https:\/\/herzogtum-direkt.de\/index.php\/category\/herzogtum-lauenburg\/\">Herzogtum Lauenburg<\/a>\n                                <\/span>\n                            <\/div>\n                            <h3 class=\"jeg_post_title\">\n                                <a href=\"https:\/\/herzogtum-direkt.de\/index.php\/2026\/04\/12\/deutschlands-paradiese-wildnis-im-wandel\/\">Deutschlands Paradiese -Wildnis im Wandel<\/a>\n                            <\/h3>\n                            <div class=\"jeg_post_meta\"><div class=\"jeg_meta_author\"><span class=\"by\">von<\/span> <a href=\"https:\/\/herzogtum-direkt.de\/index.php\/author\/pressemitteilung\/\">Pressemitteilung<\/a><\/div><div class=\"jeg_meta_date\"><a href=\"https:\/\/herzogtum-direkt.de\/index.php\/2026\/04\/12\/deutschlands-paradiese-wildnis-im-wandel\/\"><i class=\"fa fa-clock-o\"><\/i> April 12, 2026<\/a><\/div><div class=\"jeg_meta_comment\"><a href=\"https:\/\/herzogtum-direkt.de\/index.php\/2026\/04\/12\/deutschlands-paradiese-wildnis-im-wandel\/#comments\" ><i class=\"fa fa-comment-o\"><\/i> 0 <\/a><\/div><div class=\"jeg_meta_views\"><a href=\"https:\/\/herzogtum-direkt.de\/index.php\/2026\/04\/12\/deutschlands-paradiese-wildnis-im-wandel\/\" ><i class=\"fa fa-eye\"><\/i> 73 <\/a><\/div><\/div>\n                                <div class=\"jeg_post_excerpt\">\n                                    <p>M\u00f6lln (pm). Am Montag, 13. April 2026 findet im Theater des Augustinum M\u00f6lln ein Vortrag statt. Der Beginn der Veranstaltung...<\/p>\n                                    <a href=\"https:\/\/herzogtum-direkt.de\/index.php\/2026\/04\/12\/deutschlands-paradiese-wildnis-im-wandel\/\" class=\"jeg_readmore\">Mehr lesen<span class=\"screen-reader-text\">Details<\/span><\/a>\n                                <\/div>\n                        <\/div>\n                    <\/div>\n                <\/article><article class=\"jeg_post jeg_pl_lg_card format-standard\">\n                    <div class=\"jeg_inner_post\">\n                        <div class=\"jeg_thumb\">\n                            \n                            <a href=\"https:\/\/herzogtum-direkt.de\/index.php\/2026\/04\/11\/mehr-heimisches-saatgut-fuer-schleswig-holstein-erste-samenplantage-fuer-gebietseigene-straeucher-eroeffnet\/\" aria-label=\"Read article: Mehr heimisches Saatgut f\u00fcr Schleswig-Holstein: Erste Samenplantage f\u00fcr gebietseigene Str\u00e4ucher er\u00f6ffnet\"><div class=\"thumbnail-container animate-lazy  size-500 \"><img loading=\"lazy\" decoding=\"async\" width=\"1000\" height=\"570\" src=\"https:\/\/herzogtum-direkt.de\/wp-content\/themes\/jnews\/assets\/img\/jeg-empty.png\" class=\"attachment-jnews-1140x570 size-jnews-1140x570 lazyload wp-post-image\" alt=\"Mehr heimisches Saatgut f\u00fcr Schleswig-Holstein: Erste Samenplantage f\u00fcr gebietseigene Str\u00e4ucher er\u00f6ffnet\" data-full-width=\"1000\" data-full-height=\"667\" data-src=\"https:\/\/herzogtum-direkt.de\/wp-content\/uploads\/2026\/04\/MLLEV_Pressetermin-Samenplantage-HFR-1000x570.jpg\" data-srcset=\"\" data-sizes=\"auto\" data-expand=\"700\" \/><\/div><\/a>\n                        <\/div>\n                        <div class=\"jeg_postblock_content\">\n                            <div class=\"jeg_post_category\">\n                                <span>\n                                    <a href=\"https:\/\/herzogtum-direkt.de\/index.php\/category\/wirtschaft\/aus-der-region\/\">Aus der Region<\/a>\n                                <\/span>\n                            <\/div>\n                            <h3 class=\"jeg_post_title\">\n                                <a href=\"https:\/\/herzogtum-direkt.de\/index.php\/2026\/04\/11\/mehr-heimisches-saatgut-fuer-schleswig-holstein-erste-samenplantage-fuer-gebietseigene-straeucher-eroeffnet\/\">Mehr heimisches Saatgut f\u00fcr Schleswig-Holstein: Erste Samenplantage f\u00fcr gebietseigene Str\u00e4ucher er\u00f6ffnet<\/a>\n                            <\/h3>\n                            <div class=\"jeg_post_meta\"><div class=\"jeg_meta_author\"><span class=\"by\">von<\/span> <a href=\"https:\/\/herzogtum-direkt.de\/index.php\/author\/pressemitteilung\/\">Pressemitteilung<\/a><\/div><div class=\"jeg_meta_date\"><a href=\"https:\/\/herzogtum-direkt.de\/index.php\/2026\/04\/11\/mehr-heimisches-saatgut-fuer-schleswig-holstein-erste-samenplantage-fuer-gebietseigene-straeucher-eroeffnet\/\"><i class=\"fa fa-clock-o\"><\/i> April 11, 2026<\/a><\/div><div class=\"jeg_meta_comment\"><a href=\"https:\/\/herzogtum-direkt.de\/index.php\/2026\/04\/11\/mehr-heimisches-saatgut-fuer-schleswig-holstein-erste-samenplantage-fuer-gebietseigene-straeucher-eroeffnet\/#comments\" ><i class=\"fa fa-comment-o\"><\/i> 0 <\/a><\/div><div class=\"jeg_meta_views\"><a href=\"https:\/\/herzogtum-direkt.de\/index.php\/2026\/04\/11\/mehr-heimisches-saatgut-fuer-schleswig-holstein-erste-samenplantage-fuer-gebietseigene-straeucher-eroeffnet\/\" ><i class=\"fa fa-eye\"><\/i> 96 <\/a><\/div><\/div>\n                                <div class=\"jeg_post_excerpt\">\n                                    <p>Schleswig-Holstein (pm).\u00a0 Schleswig-Holstein st\u00e4rkt die Versorgung mit heimischem Saatgut f\u00fcr Baumschulen, den Waldumbau, Ausgleichsfl\u00e4chen und Renaturierungsprojekte. Heute er\u00f6ffnete Forstministerin Cornelia...<\/p>\n                                    <a href=\"https:\/\/herzogtum-direkt.de\/index.php\/2026\/04\/11\/mehr-heimisches-saatgut-fuer-schleswig-holstein-erste-samenplantage-fuer-gebietseigene-straeucher-eroeffnet\/\" class=\"jeg_readmore\">Mehr lesen<span class=\"screen-reader-text\">Details<\/span><\/a>\n                                <\/div>\n                        <\/div>\n                    <\/div>\n                <\/article><article class=\"jeg_post jeg_pl_lg_card format-standard\">\n                    <div class=\"jeg_inner_post\">\n                        <div class=\"jeg_thumb\">\n                            \n                            <a href=\"https:\/\/herzogtum-direkt.de\/index.php\/2026\/04\/08\/ranger-fuehrung-ueber-den-seedorfer-werder-am-schaalsee\/\" aria-label=\"Read article: Ranger-F\u00fchrung \u00fcber den Seedorfer Werder am Schaalsee\"><div class=\"thumbnail-container animate-lazy  size-500 \"><img loading=\"lazy\" decoding=\"async\" width=\"1000\" height=\"570\" src=\"https:\/\/herzogtum-direkt.de\/wp-content\/themes\/jnews\/assets\/img\/jeg-empty.png\" class=\"attachment-jnews-1140x570 size-jnews-1140x570 lazyload wp-post-image\" alt=\"Ranger-F\u00fchrung \u00fcber den Seedorfer Werder am Schaalsee\" data-full-width=\"1000\" data-full-height=\"750\" data-src=\"https:\/\/herzogtum-direkt.de\/wp-content\/uploads\/2026\/04\/Der-Seedorfer-Werder.-Foto-Naturpark-Lauenburgische-Seen-hfr-1000x570.jpg\" data-srcset=\"\" data-sizes=\"auto\" data-expand=\"700\" \/><\/div><\/a>\n                        <\/div>\n                        <div class=\"jeg_postblock_content\">\n                            <div class=\"jeg_post_category\">\n                                <span>\n                                    <a href=\"https:\/\/herzogtum-direkt.de\/index.php\/category\/ausflugstipp\/\">Ausflugstipp<\/a>\n                                <\/span>\n                            <\/div>\n                            <h3 class=\"jeg_post_title\">\n                                <a href=\"https:\/\/herzogtum-direkt.de\/index.php\/2026\/04\/08\/ranger-fuehrung-ueber-den-seedorfer-werder-am-schaalsee\/\">Ranger-F\u00fchrung \u00fcber den Seedorfer Werder am Schaalsee<\/a>\n                            <\/h3>\n                            <div class=\"jeg_post_meta\"><div class=\"jeg_meta_author\"><span class=\"by\">von<\/span> <a href=\"https:\/\/herzogtum-direkt.de\/index.php\/author\/pressemitteilung\/\">Pressemitteilung<\/a><\/div><div class=\"jeg_meta_date\"><a href=\"https:\/\/herzogtum-direkt.de\/index.php\/2026\/04\/08\/ranger-fuehrung-ueber-den-seedorfer-werder-am-schaalsee\/\"><i class=\"fa fa-clock-o\"><\/i> April 8, 2026<\/a><\/div><div class=\"jeg_meta_comment\"><a href=\"https:\/\/herzogtum-direkt.de\/index.php\/2026\/04\/08\/ranger-fuehrung-ueber-den-seedorfer-werder-am-schaalsee\/#comments\" ><i class=\"fa fa-comment-o\"><\/i> 0 <\/a><\/div><div class=\"jeg_meta_views\"><a href=\"https:\/\/herzogtum-direkt.de\/index.php\/2026\/04\/08\/ranger-fuehrung-ueber-den-seedorfer-werder-am-schaalsee\/\" ><i class=\"fa fa-eye\"><\/i> 79 <\/a><\/div><\/div>\n                                <div class=\"jeg_post_excerpt\">\n                                    <p>Seedorf (pm). Am Sonntag, 26. April bietet die Stiftung Herzogtum Lauenburg gemeinsam mit dem Naturpark Lauenburgische Seen eine F\u00fchrung \u00fcber...<\/p>\n                                    <a href=\"https:\/\/herzogtum-direkt.de\/index.php\/2026\/04\/08\/ranger-fuehrung-ueber-den-seedorfer-werder-am-schaalsee\/\" class=\"jeg_readmore\">Mehr lesen<span class=\"screen-reader-text\">Details<\/span><\/a>\n                                <\/div>\n                        <\/div>\n                    <\/div>\n                <\/article><article class=\"jeg_post jeg_pl_lg_card format-standard\">\n                    <div class=\"jeg_inner_post\">\n                        <div class=\"jeg_thumb\">\n                            \n                            <a href=\"https:\/\/herzogtum-direkt.de\/index.php\/2026\/04\/08\/windkraft-in-deutschland-zwischen-fortschritt-und-kritik-eine-sachliche-bestandsaufnahme\/\" aria-label=\"Read article: Windkraft in Deutschland: Zwischen Fortschritt und Kritik \u2013 eine sachliche Bestandsaufnahme\"><div class=\"thumbnail-container animate-lazy  size-500 \"><img decoding=\"async\" width=\"1000\" height=\"530\" src=\"https:\/\/herzogtum-direkt.de\/wp-content\/themes\/jnews\/assets\/img\/jeg-empty.png\" class=\"attachment-jnews-1140x570 size-jnews-1140x570 lazyload wp-post-image\" alt=\"Windkraft in Deutschland: Zwischen Fortschritt und Kritik \u2013 eine sachliche Bestandsaufnahme\" sizes=\"(max-width: 1000px) 100vw, 1000px\" data-full-width=\"1000\" data-full-height=\"530\" data-src=\"https:\/\/herzogtum-direkt.de\/wp-content\/uploads\/2026\/04\/Windkraft-1000x530.jpg\" data-srcset=\"https:\/\/herzogtum-direkt.de\/wp-content\/uploads\/2026\/04\/Windkraft.jpg 1000w, https:\/\/herzogtum-direkt.de\/wp-content\/uploads\/2026\/04\/Windkraft-600x318.jpg 600w, https:\/\/herzogtum-direkt.de\/wp-content\/uploads\/2026\/04\/Windkraft-768x407.jpg 768w\" data-sizes=\"auto\" data-expand=\"700\" \/><\/div><\/a>\n                        <\/div>\n                        <div class=\"jeg_postblock_content\">\n                            <div class=\"jeg_post_category\">\n                                <span>\n                                    <a href=\"https:\/\/herzogtum-direkt.de\/index.php\/category\/landleute\/\">Land&amp;Leute<\/a>\n                                <\/span>\n                            <\/div>\n                            <h3 class=\"jeg_post_title\">\n                                <a href=\"https:\/\/herzogtum-direkt.de\/index.php\/2026\/04\/08\/windkraft-in-deutschland-zwischen-fortschritt-und-kritik-eine-sachliche-bestandsaufnahme\/\">Windkraft in Deutschland: Zwischen Fortschritt und Kritik \u2013 eine sachliche Bestandsaufnahme<\/a>\n                            <\/h3>\n                            <div class=\"jeg_post_meta\"><div class=\"jeg_meta_author\"><span class=\"by\">von<\/span> <a href=\"https:\/\/herzogtum-direkt.de\/index.php\/author\/admin_ir2rtpca\/\">Andreas Anders<\/a><\/div><div class=\"jeg_meta_date\"><a href=\"https:\/\/herzogtum-direkt.de\/index.php\/2026\/04\/08\/windkraft-in-deutschland-zwischen-fortschritt-und-kritik-eine-sachliche-bestandsaufnahme\/\"><i class=\"fa fa-clock-o\"><\/i> April 8, 2026<\/a><\/div><div class=\"jeg_meta_comment\"><a href=\"https:\/\/herzogtum-direkt.de\/index.php\/2026\/04\/08\/windkraft-in-deutschland-zwischen-fortschritt-und-kritik-eine-sachliche-bestandsaufnahme\/#comments\" ><i class=\"fa fa-comment-o\"><\/i> 0 <\/a><\/div><div class=\"jeg_meta_views\"><a href=\"https:\/\/herzogtum-direkt.de\/index.php\/2026\/04\/08\/windkraft-in-deutschland-zwischen-fortschritt-und-kritik-eine-sachliche-bestandsaufnahme\/\" ><i class=\"fa fa-eye\"><\/i> 200 <\/a><\/div><\/div>\n                                <div class=\"jeg_post_excerpt\">\n                                    <p>Herzogtum Lauenburg (aa). Die Windkraft ist eine der tragenden S\u00e4ulen der deutschen Energiewende. Doch w\u00e4hrend die einen sie als unverzichtbaren...<\/p>\n                                    <a href=\"https:\/\/herzogtum-direkt.de\/index.php\/2026\/04\/08\/windkraft-in-deutschland-zwischen-fortschritt-und-kritik-eine-sachliche-bestandsaufnahme\/\" class=\"jeg_readmore\">Mehr lesen<span class=\"screen-reader-text\">Details<\/span><\/a>\n                                <\/div>\n                        <\/div>\n                    <\/div>\n                <\/article><article class=\"jeg_post jeg_pl_lg_card format-standard\">\n                    <div class=\"jeg_inner_post\">\n                        <div class=\"jeg_thumb\">\n                            \n                            <a href=\"https:\/\/herzogtum-direkt.de\/index.php\/2026\/04\/07\/repaircafe-moelln-trotz-bauarbeiten-erreichbar\/\" aria-label=\"Read article: Repaircaf\u00e9 M\u00f6lln trotz Bauarbeiten erreichbar\"><div class=\"thumbnail-container animate-lazy  size-500 \"><img loading=\"lazy\" decoding=\"async\" width=\"1000\" height=\"570\" src=\"https:\/\/herzogtum-direkt.de\/wp-content\/themes\/jnews\/assets\/img\/jeg-empty.png\" class=\"attachment-jnews-1140x570 size-jnews-1140x570 lazyload wp-post-image\" alt=\"Repaircafe in M\u00f6lln ge\u00f6ffnet\" data-full-width=\"1000\" data-full-height=\"667\" data-src=\"https:\/\/herzogtum-direkt.de\/wp-content\/uploads\/2024\/11\/Repaircafe-Moelln-hfr-1000x570.jpg\" data-srcset=\"\" data-sizes=\"auto\" data-expand=\"700\" \/><\/div><\/a>\n                        <\/div>\n                        <div class=\"jeg_postblock_content\">\n                            <div class=\"jeg_post_category\">\n                                <span>\n                                    <a href=\"https:\/\/herzogtum-direkt.de\/index.php\/category\/herzogtum-lauenburg\/\">Herzogtum Lauenburg<\/a>\n                                <\/span>\n                            <\/div>\n                            <h3 class=\"jeg_post_title\">\n                                <a href=\"https:\/\/herzogtum-direkt.de\/index.php\/2026\/04\/07\/repaircafe-moelln-trotz-bauarbeiten-erreichbar\/\">Repaircaf\u00e9 M\u00f6lln trotz Bauarbeiten erreichbar<\/a>\n                            <\/h3>\n                            <div class=\"jeg_post_meta\"><div class=\"jeg_meta_author\"><span class=\"by\">von<\/span> <a href=\"https:\/\/herzogtum-direkt.de\/index.php\/author\/pressemitteilung\/\">Pressemitteilung<\/a><\/div><div class=\"jeg_meta_date\"><a href=\"https:\/\/herzogtum-direkt.de\/index.php\/2026\/04\/07\/repaircafe-moelln-trotz-bauarbeiten-erreichbar\/\"><i class=\"fa fa-clock-o\"><\/i> April 7, 2026<\/a><\/div><div class=\"jeg_meta_comment\"><a href=\"https:\/\/herzogtum-direkt.de\/index.php\/2026\/04\/07\/repaircafe-moelln-trotz-bauarbeiten-erreichbar\/#comments\" ><i class=\"fa fa-comment-o\"><\/i> 0 <\/a><\/div><div class=\"jeg_meta_views\"><a href=\"https:\/\/herzogtum-direkt.de\/index.php\/2026\/04\/07\/repaircafe-moelln-trotz-bauarbeiten-erreichbar\/\" ><i class=\"fa fa-eye\"><\/i> 191 <\/a><\/div><\/div>\n                                <div class=\"jeg_post_excerpt\">\n                                    <p>M\u00f6lln (pm). Das Team des Repair Caf\u00e9s in M\u00f6lln \u00f6ffnet am Sonnabend,18. April zwischen 14 und 17 Uhr in der...<\/p>\n                                    <a href=\"https:\/\/herzogtum-direkt.de\/index.php\/2026\/04\/07\/repaircafe-moelln-trotz-bauarbeiten-erreichbar\/\" class=\"jeg_readmore\">Mehr lesen<span class=\"screen-reader-text\">Details<\/span><\/a>\n                                <\/div>\n                        <\/div>\n                    <\/div>\n                <\/article><\/div>\n                    <div class='module-overlay'>\n\t\t\t\t    <div class='preloader_type preloader_dot'>\n\t\t\t\t        <div class=\"module-preloader jeg_preloader dot\">\n\t\t\t\t            <span><\/span><span><\/span><span><\/span>\n\t\t\t\t        <\/div>\n\t\t\t\t        <div class=\"module-preloader jeg_preloader circle\">\n\t\t\t\t            <div class=\"jnews_preloader_circle_outer\">\n\t\t\t\t                <div class=\"jnews_preloader_circle_inner\"><\/div>\n\t\t\t\t            <\/div>\n\t\t\t\t        <\/div>\n\t\t\t\t        <div class=\"module-preloader jeg_preloader square\">\n\t\t\t\t            <div class=\"jeg_square\">\n\t\t\t\t                <div class=\"jeg_square_inner\"><\/div>\n\t\t\t\t            <\/div>\n\t\t\t\t        <\/div>\n\t\t\t\t    <\/div>\n\t\t\t\t<\/div>\n                <\/div>\n                <div class=\"jeg_block_navigation\">\n                    <div class='navigation_overlay'><div class='module-preloader jeg_preloader'><span><\/span><span><\/span><span><\/span><\/div><\/div>\n                    <div class=\"jeg_block_loadmore \">\n                    <a href=\"#\" class='' data-load='Mehr' data-loading='L\u00e4dt...'> Mehr<\/a>\n                <\/div>\n                    \n                <\/div>\n\t\t\t\t\t\n\t\t\t\t\t<script>var jnews_module__0_69f5c7c346847 = {\"header_icon\":\"\",\"first_title\":\"\",\"second_title\":\"\",\"url\":\"\",\"header_type\":\"heading_6\",\"header_background\":\"\",\"header_secondary_background\":\"\",\"header_text_color\":\"\",\"header_line_color\":\"\",\"header_accent_color\":\"\",\"header_filter_category\":\"\",\"header_filter_author\":\"\",\"header_filter_tag\":\"\",\"header_filter_text\":\"All\",\"sticky_post\":false,\"sticky_post_filter\":false,\"post_type\":\"post\",\"content_type\":\"all\",\"sponsor\":false,\"number_post\":\"20\",\"post_offset\":\"0\",\"unique_content\":\"disable\",\"include_post\":\"\",\"included_only\":false,\"exclude_post\":\"\",\"include_category\":\"1237\",\"exclude_category\":\"\",\"include_author\":\"\",\"include_tag\":\"\",\"exclude_tag\":\"\",\"exclude_visited_post\":false,\"sort_by\":\"latest\",\"date_format\":\"default\",\"date_format_custom\":\"Y\\\/m\\\/d\",\"excerpt_length\":\"20\",\"excerpt_ellipsis\":\"...\",\"force_normal_image_load\":\"\",\"main_custom_image_size\":\"default\",\"pagination_mode\":\"scrollload\",\"pagination_nextprev_showtext\":\"\",\"pagination_number_post\":\"4\",\"pagination_scroll_limit\":\"0\",\"ads_type\":\"disable\",\"ads_position\":1,\"ads_random\":\"\",\"ads_image\":\"\",\"ads_image_tablet\":\"\",\"ads_image_phone\":\"\",\"ads_image_link\":\"\",\"ads_image_alt\":\"\",\"ads_image_new_tab\":\"\",\"google_publisher_id\":\"\",\"google_slot_id\":\"\",\"google_desktop\":\"auto\",\"google_tab\":\"auto\",\"google_phone\":\"auto\",\"content\":\"\",\"ads_bottom_text\":\"\",\"el_id\":\"\",\"el_class\":\"\",\"scheme\":\"\",\"column_width\":\"auto\",\"title_color\":\"\",\"accent_color\":\"\",\"alt_color\":\"\",\"excerpt_color\":\"\",\"block_background\":\"\",\"css\":\"\",\"compatible_column_notice\":\"\",\"paged\":1,\"column_class\":\"jeg_col_3o3\",\"class\":\"jnews_block_12\"};<\/script>\n\t\t\t\t<\/div>[\/vc_column][\/vc_row]<\/p>\n<\/div>","protected":false},"excerpt":{"rendered":"<p>[vc_row][vc_column][vc_widget_sidebar sidebar_id=&#8220;herzogtum-lauenburg-top&#8220;][\/vc_column][\/vc_row]<\/p>\n","protected":false},"author":1,"featured_media":0,"parent":765,"menu_order":0,"comment_status":"closed","ping_status":"closed","template":"","meta":{"jnews_page_loop":{"enable_page_loop":"0","first_title":"Latest Post","second_title":"","header_type":"heading_6","header_background":"","header_text_color":"","layout":"right-sidebar","sidebar":"default-sidebar","second_sidebar":"default-sidebar","sticky_sidebar":"1","module":"3","boxed":"0","boxed_shadow":"0","box_shadow":"0","excerpt_length":"20","content_date":"default","date_custom":"Y\/m\/d","content_pagination":"nav_1","pagination_align":"center","show_navtext":"0","show_pageinfo":"0","post_offset":"0","posts_per_page":"5","include_post":"","exclude_post":"","include_category":"","exclude_category":"","include_author":"","include_tag":"","exclude_tag":"","sort_by":"latest"},"jnews_single_page":{"layout":"right-sidebar","sidebar":"herzogtum-lbg-seite","second_sidebar":"default-sidebar","sticky_sidebar":"1","show_post_featured":"1","show_post_meta":"0","share_position":"top","share_color":"share-monocrhome"},"jnews_social_meta":{"fb_title":"","fb_description":"","fb_image":"","twitter_title":"","twitter_description":"","twitter_image":""},"footnotes":""},"class_list":["post-32942","page","type-page","status-publish","hentry"],"_links":{"self":[{"href":"https:\/\/herzogtum-direkt.de\/index.php\/wp-json\/wp\/v2\/pages\/32942","targetHints":{"allow":["GET"]}}],"collection":[{"href":"https:\/\/herzogtum-direkt.de\/index.php\/wp-json\/wp\/v2\/pages"}],"about":[{"href":"https:\/\/herzogtum-direkt.de\/index.php\/wp-json\/wp\/v2\/types\/page"}],"author":[{"embeddable":true,"href":"https:\/\/herzogtum-direkt.de\/index.php\/wp-json\/wp\/v2\/users\/1"}],"replies":[{"embeddable":true,"href":"https:\/\/herzogtum-direkt.de\/index.php\/wp-json\/wp\/v2\/comments?post=32942"}],"version-history":[{"count":1,"href":"https:\/\/herzogtum-direkt.de\/index.php\/wp-json\/wp\/v2\/pages\/32942\/revisions"}],"predecessor-version":[{"id":32943,"href":"https:\/\/herzogtum-direkt.de\/index.php\/wp-json\/wp\/v2\/pages\/32942\/revisions\/32943"}],"up":[{"embeddable":true,"href":"https:\/\/herzogtum-direkt.de\/index.php\/wp-json\/wp\/v2\/pages\/765"}],"wp:attachment":[{"href":"https:\/\/herzogtum-direkt.de\/index.php\/wp-json\/wp\/v2\/media?parent=32942"}],"curies":[{"name":"wp","href":"https:\/\/api.w.org\/{rel}","templated":true}]}}